{"id":51763,"date":"2024-02-06T14:31:45","date_gmt":"2024-02-06T13:31:45","guid":{"rendered":"https:\/\/www.creilsudoise-tourisme.fr\/?page_id=51763"},"modified":"2024-02-19T13:35:58","modified_gmt":"2024-02-19T12:35:58","slug":"tournage-galerie-du-front-de-taille","status":"publish","type":"page","link":"https:\/\/www.creilsudoise-tourisme.fr\/en\/i-search\/shooting\/decors-batis\/tournage-galerie-du-front-de-taille\/","title":{"rendered":"The Size Front Gallery"},"content":{"rendered":"<p>A veritable contemporary temple, a tribute to stone and glass. The Galerie du Front de taille is a modern space that has preserved the identity of the site by magnifying the stone using ancestral techniques.<\/p>\n\n\n\n<figure class=\"is-layout-flex wp-block-gallery-1 wp-block-gallery has-nested-images columns-default is-cropped\">\n<figure class=\"wp-block-image size-large\"><img decoding=\"async\" loading=\"lazy\" width=\"1110\" height=\"740\" data-id=\"51830\"  data-src=\"https:\/\/www.creilsudoise-tourisme.fr\/wp-content\/uploads\/2024\/01\/Maison_Pierre-Saint_Maximin-Galerie_Front_Taille-Comdesimages_B_Teissedre_Oise_Tourisme-15.jpg\" alt=\"La galerie du Front de Taille cinema shooting south Oise paris film sets\" class=\"wp-image-51830\" data-srcset=\"https:\/\/www.creilsudoise-tourisme.fr\/wp-content\/uploads\/2024\/01\/Maison_Pierre-Saint_Maximin-Galerie_Front_Taille-Comdesimages_B_Teissedre_Oise_Tourisme-15.jpg 1110w, https:\/\/www.creilsudoise-tourisme.fr\/wp-content\/uploads\/2024\/01\/Maison_Pierre-Saint_Maximin-Galerie_Front_Taille-Comdesimages_B_Teissedre_Oise_Tourisme-15-600x400.jpg 600w, https:\/\/www.creilsudoise-tourisme.fr\/wp-content\/uploads\/2024\/01\/Maison_Pierre-Saint_Maximin-Galerie_Front_Taille-Comdesimages_B_Teissedre_Oise_Tourisme-15-900x600.jpg 900w, https:\/\/www.creilsudoise-tourisme.fr\/wp-content\/uploads\/2024\/01\/Maison_Pierre-Saint_Maximin-Galerie_Front_Taille-Comdesimages_B_Teissedre_Oise_Tourisme-15-18x12.jpg 18w, https:\/\/www.creilsudoise-tourisme.fr\/wp-content\/uploads\/2024\/01\/Maison_Pierre-Saint_Maximin-Galerie_Front_Taille-Comdesimages_B_Teissedre_Oise_Tourisme-15-200x133.jpg 200w, https:\/\/www.creilsudoise-tourisme.fr\/wp-content\/uploads\/2024\/01\/Maison_Pierre-Saint_Maximin-Galerie_Front_Taille-Comdesimages_B_Teissedre_Oise_Tourisme-15-650x433.jpg 650w, https:\/\/www.creilsudoise-tourisme.fr\/wp-content\/uploads\/2024\/01\/Maison_Pierre-Saint_Maximin-Galerie_Front_Taille-Comdesimages_B_Teissedre_Oise_Tourisme-15-387x258.jpg 387w\" sizes=\"(max-width: 1110px) 100vw, 1110px\" \/><figcaption class=\"wp-element-caption\">Creil Sud Oise Tourisme - Nouara Lebachiche<\/figcaption><\/figure>\n\n\n\n<figure class=\"wp-block-image size-large\"><img decoding=\"async\" loading=\"lazy\" width=\"1110\" height=\"740\" data-id=\"51832\"  data-src=\"https:\/\/www.creilsudoise-tourisme.fr\/wp-content\/uploads\/2024\/01\/Maison_Pierre-Saint_Maximin-Galerie_Front_Taille-Comdesimages_B_Teissedre_Oise_Tourisme-18.jpg\" alt=\"La galerie du Front de Taille cinema shooting south Oise paris film sets\" class=\"wp-image-51832\" data-srcset=\"https:\/\/www.creilsudoise-tourisme.fr\/wp-content\/uploads\/2024\/01\/Maison_Pierre-Saint_Maximin-Galerie_Front_Taille-Comdesimages_B_Teissedre_Oise_Tourisme-18.jpg 1110w, https:\/\/www.creilsudoise-tourisme.fr\/wp-content\/uploads\/2024\/01\/Maison_Pierre-Saint_Maximin-Galerie_Front_Taille-Comdesimages_B_Teissedre_Oise_Tourisme-18-600x400.jpg 600w, https:\/\/www.creilsudoise-tourisme.fr\/wp-content\/uploads\/2024\/01\/Maison_Pierre-Saint_Maximin-Galerie_Front_Taille-Comdesimages_B_Teissedre_Oise_Tourisme-18-900x600.jpg 900w, https:\/\/www.creilsudoise-tourisme.fr\/wp-content\/uploads\/2024\/01\/Maison_Pierre-Saint_Maximin-Galerie_Front_Taille-Comdesimages_B_Teissedre_Oise_Tourisme-18-18x12.jpg 18w, https:\/\/www.creilsudoise-tourisme.fr\/wp-content\/uploads\/2024\/01\/Maison_Pierre-Saint_Maximin-Galerie_Front_Taille-Comdesimages_B_Teissedre_Oise_Tourisme-18-200x133.jpg 200w, https:\/\/www.creilsudoise-tourisme.fr\/wp-content\/uploads\/2024\/01\/Maison_Pierre-Saint_Maximin-Galerie_Front_Taille-Comdesimages_B_Teissedre_Oise_Tourisme-18-650x433.jpg 650w, https:\/\/www.creilsudoise-tourisme.fr\/wp-content\/uploads\/2024\/01\/Maison_Pierre-Saint_Maximin-Galerie_Front_Taille-Comdesimages_B_Teissedre_Oise_Tourisme-18-387x258.jpg 387w\" sizes=\"(max-width: 1110px) 100vw, 1110px\" \/><figcaption class=\"wp-element-caption\">Creil Sud Oise Tourisme - Nouara Lebachiche<\/figcaption><\/figure>\n\n\n\n<figure class=\"wp-block-image size-medium\"><img decoding=\"async\" loading=\"lazy\" width=\"600\" height=\"400\" data-id=\"51831\"  data-src=\"https:\/\/www.creilsudoise-tourisme.fr\/wp-content\/uploads\/2024\/01\/Maison_Pierre-Saint_Maximin-Galerie_Front_Taille-Comdesimages_B_Teissedre_Oise_Tourisme-17-600x400.jpg\" alt=\"La galerie du Front de Taille cinema shooting south Oise paris film sets\" class=\"wp-image-51831\" data-srcset=\"https:\/\/www.creilsudoise-tourisme.fr\/wp-content\/uploads\/2024\/01\/Maison_Pierre-Saint_Maximin-Galerie_Front_Taille-Comdesimages_B_Teissedre_Oise_Tourisme-17-600x400.jpg 600w, https:\/\/www.creilsudoise-tourisme.fr\/wp-content\/uploads\/2024\/01\/Maison_Pierre-Saint_Maximin-Galerie_Front_Taille-Comdesimages_B_Teissedre_Oise_Tourisme-17-900x600.jpg 900w, https:\/\/www.creilsudoise-tourisme.fr\/wp-content\/uploads\/2024\/01\/Maison_Pierre-Saint_Maximin-Galerie_Front_Taille-Comdesimages_B_Teissedre_Oise_Tourisme-17-18x12.jpg 18w, https:\/\/www.creilsudoise-tourisme.fr\/wp-content\/uploads\/2024\/01\/Maison_Pierre-Saint_Maximin-Galerie_Front_Taille-Comdesimages_B_Teissedre_Oise_Tourisme-17-200x133.jpg 200w, https:\/\/www.creilsudoise-tourisme.fr\/wp-content\/uploads\/2024\/01\/Maison_Pierre-Saint_Maximin-Galerie_Front_Taille-Comdesimages_B_Teissedre_Oise_Tourisme-17-650x433.jpg 650w, https:\/\/www.creilsudoise-tourisme.fr\/wp-content\/uploads\/2024\/01\/Maison_Pierre-Saint_Maximin-Galerie_Front_Taille-Comdesimages_B_Teissedre_Oise_Tourisme-17-387x258.jpg 387w, https:\/\/www.creilsudoise-tourisme.fr\/wp-content\/uploads\/2024\/01\/Maison_Pierre-Saint_Maximin-Galerie_Front_Taille-Comdesimages_B_Teissedre_Oise_Tourisme-17.jpg 1110w\" sizes=\"(max-width: 600px) 100vw, 600px\" \/><figcaption class=\"wp-element-caption\">Creil Sud Oise Tourisme - Nouara Lebachiche<\/figcaption><\/figure>\n\n\n\n<figure class=\"wp-block-image size-large\"><img decoding=\"async\" loading=\"lazy\" width=\"1110\" height=\"740\" data-id=\"51898\"  data-src=\"https:\/\/www.creilsudoise-tourisme.fr\/wp-content\/uploads\/2024\/02\/Maison_Pierre-Saint_Maximin-Galerie_Front_Taille-Comdesimages_B_Teissedre_Oise_Tourisme-1.jpg\" alt=\"\" class=\"wp-image-51898\" data-srcset=\"https:\/\/www.creilsudoise-tourisme.fr\/wp-content\/uploads\/2024\/02\/Maison_Pierre-Saint_Maximin-Galerie_Front_Taille-Comdesimages_B_Teissedre_Oise_Tourisme-1.jpg 1110w, https:\/\/www.creilsudoise-tourisme.fr\/wp-content\/uploads\/2024\/02\/Maison_Pierre-Saint_Maximin-Galerie_Front_Taille-Comdesimages_B_Teissedre_Oise_Tourisme-1-600x400.jpg 600w, https:\/\/www.creilsudoise-tourisme.fr\/wp-content\/uploads\/2024\/02\/Maison_Pierre-Saint_Maximin-Galerie_Front_Taille-Comdesimages_B_Teissedre_Oise_Tourisme-1-900x600.jpg 900w, https:\/\/www.creilsudoise-tourisme.fr\/wp-content\/uploads\/2024\/02\/Maison_Pierre-Saint_Maximin-Galerie_Front_Taille-Comdesimages_B_Teissedre_Oise_Tourisme-1-18x12.jpg 18w, https:\/\/www.creilsudoise-tourisme.fr\/wp-content\/uploads\/2024\/02\/Maison_Pierre-Saint_Maximin-Galerie_Front_Taille-Comdesimages_B_Teissedre_Oise_Tourisme-1-200x133.jpg 200w, https:\/\/www.creilsudoise-tourisme.fr\/wp-content\/uploads\/2024\/02\/Maison_Pierre-Saint_Maximin-Galerie_Front_Taille-Comdesimages_B_Teissedre_Oise_Tourisme-1-650x433.jpg 650w, https:\/\/www.creilsudoise-tourisme.fr\/wp-content\/uploads\/2024\/02\/Maison_Pierre-Saint_Maximin-Galerie_Front_Taille-Comdesimages_B_Teissedre_Oise_Tourisme-1-387x258.jpg 387w\" sizes=\"(max-width: 1110px) 100vw, 1110px\" \/><\/figure>\n<\/figure>\n\n\n\n<h3>Type<\/h3>\n\n\n\n<p>ERP 5th Type : L<\/p>\n\n\n\n<p><\/p>\n\n\n\n<h3>Category<\/h3>\n\n\n<div class=\"wp-block wp-block-highlight\">\n            <h3 class=\"wp-block-highlight-item wp-block-highlight-title\">Situation<\/h3>\n                <p class=\"wp-block-highlight-item wp-block-highlight-excerpt\">City: 60740 Saint - Maximin <br>County : Oise<br>Region: Hauts-de-France<\/p>\n    <\/div>\n\n\n<h3>General presentation<\/h3>\n\n\n\n<p>A veritable contemporary temple, a tribute to stone and glass. The Galerie du Front de taille is a<br>a modern space that has preserved the identity of the site by magnifying the stone using traditional techniques.<br>ancestral traditions. The facades, for example, are a reminder of the spear work carried out by our ancestors. This room<br>is bathed in light thanks to an architectural balance between stone and glass.<\/p>\n\n\n\n<h4><strong>\u00c9<\/strong>Location <\/h4>\n\n\n\n<p>Very good condition.<\/p>\n\n\n\n<h4>History of the site <\/h4>\n\n\n\n<p>Built in 2008.<\/p>\n\n\n\n<h4>Construction period<\/h4>\n\n\n\n<p>21st century.<\/p>\n\n\n\n<h4>Dominant style<\/h4>\n\n\n\n<p>Modern architecture.<\/p>\n\n\n\n<h4>Particular styles <\/h4>\n\n\n\n<p>Covered. <\/p>\n\n\n\n<h4>Materials <\/h4>\n\n\n\n<p>Stone, brick, glass, wood, zinc.<\/p>\n\n\n\n<h4>Technical data <\/h4>\n\n\n\n<p>\u25a1 Power supply \u25a1 Parking \u25a1 HGV access X boxes&nbsp;&nbsp;&nbsp;&nbsp;&nbsp;&nbsp;&nbsp;&nbsp;&nbsp;&nbsp;&nbsp;&nbsp; &nbsp;<\/p>\n\n\n\n<p>X Toilets   <\/p>\n\n\n\n<p>Other: Exhibition\/showroom: 261m\u00b2.<\/p>\n\n\n\n<hr class=\"wp-block-separator has-alpha-channel-opacity\"\/>","protected":false},"excerpt":{"rendered":"<p>A veritable contemporary temple, a tribute to stone and glass. The Galerie du Front de taille is a modern space that has preserved the identity of the site by magnifying the stone using ancestral techniques. Type ERP 5eme Type : L Category General presentation A veritable contemporary temple, a tribute to stone and glass. The [...]<\/p>","protected":false},"author":12,"featured_media":51898,"parent":50622,"menu_order":1,"comment_status":"closed","ping_status":"closed","template":"","meta":{"_relevanssi_hide_post":"","_relevanssi_hide_content":"","_relevanssi_pin_for_all":"","_relevanssi_pin_keywords":"","_relevanssi_unpin_keywords":"","_relevanssi_related_keywords":"","_relevanssi_related_include_ids":"","_relevanssi_related_exclude_ids":"","_relevanssi_related_no_append":"","_relevanssi_related_not_related":"","_relevanssi_related_posts":"38921,40150,43606,39785,42107,39133","_relevanssi_noindex_reason":""},"yoast_head":"<!-- This site is optimized with the Yoast SEO plugin v20.2.1 - https:\/\/yoast.com\/wordpress\/plugins\/seo\/ -->\n<title>La Galerie du Front de Taille<\/title>\n<meta name=\"description\" content=\"Voici la fiche technique du d\u00e9cor b\u00e2ti de la Galerie du Front de Taille de la Maison de la Pierre. La Galerie du Front de Taille de Saint- Maximin \u00e0 60km de Paris.\" \/>\n<meta name=\"robots\" content=\"index, follow, max-snippet:-1, max-image-preview:large, max-video-preview:-1\" \/>\n<link rel=\"canonical\" href=\"https:\/\/www.creilsudoise-tourisme.fr\/en\/i-search\/shooting\/decors-batis\/tournage-galerie-du-front-de-taille\/\" \/>\n<meta property=\"og:locale\" content=\"en_GB\" \/>\n<meta property=\"og:type\" content=\"article\" \/>\n<meta property=\"og:title\" content=\"La Galerie du Front de Taille\" \/>\n<meta property=\"og:description\" content=\"Voici la fiche technique du d\u00e9cor b\u00e2ti de la Galerie du Front de Taille de la Maison de la Pierre. La Galerie du Front de Taille de Saint- Maximin \u00e0 60km de Paris.\" \/>\n<meta property=\"og:url\" content=\"https:\/\/www.creilsudoise-tourisme.fr\/en\/i-search\/shooting\/decors-batis\/tournage-galerie-du-front-de-taille\/\" \/>\n<meta property=\"og:site_name\" content=\"Office de Tourisme Creil Sud Oise\" \/>\n<meta property=\"article:publisher\" content=\"https:\/\/www.facebook.com\/creilsudoisetourisme\/\" \/>\n<meta property=\"article:modified_time\" content=\"2024-02-19T12:35:58+00:00\" \/>\n<meta property=\"og:image\" content=\"https:\/\/www.creilsudoise-tourisme.fr\/wp-content\/uploads\/2024\/02\/Maison_Pierre-Saint_Maximin-Galerie_Front_Taille-Comdesimages_B_Teissedre_Oise_Tourisme-1.jpg\" \/>\n\t<meta property=\"og:image:width\" content=\"1110\" \/>\n\t<meta property=\"og:image:height\" content=\"740\" \/>\n\t<meta property=\"og:image:type\" content=\"image\/jpeg\" \/>\n<meta name=\"twitter:card\" content=\"summary_large_image\" \/>\n<meta name=\"twitter:site\" content=\"@CreilSudOiseOT\" \/>\n<meta name=\"twitter:label1\" content=\"Estimated reading time\" \/>\n\t<meta name=\"twitter:data1\" content=\"1 minute\" \/>\n<script type=\"application\/ld+json\" class=\"yoast-schema-graph\">{\"@context\":\"https:\/\/schema.org\",\"@graph\":[{\"@type\":\"WebPage\",\"@id\":\"https:\/\/www.creilsudoise-tourisme.fr\/je-cherche\/tournage\/decors-batis\/tournage-galerie-du-front-de-taille\/\",\"url\":\"https:\/\/www.creilsudoise-tourisme.fr\/je-cherche\/tournage\/decors-batis\/tournage-galerie-du-front-de-taille\/\",\"name\":\"La Galerie du Front de Taille\",\"isPartOf\":{\"@id\":\"https:\/\/www.creilsudoise-tourisme.fr\/#website\"},\"datePublished\":\"2024-02-06T13:31:45+00:00\",\"dateModified\":\"2024-02-19T12:35:58+00:00\",\"description\":\"Voici la fiche technique du d\u00e9cor b\u00e2ti de la Galerie du Front de Taille de la Maison de la Pierre. La Galerie du Front de Taille de Saint- Maximin \u00e0 60km de Paris.\",\"breadcrumb\":{\"@id\":\"https:\/\/www.creilsudoise-tourisme.fr\/je-cherche\/tournage\/decors-batis\/tournage-galerie-du-front-de-taille\/#breadcrumb\"},\"inLanguage\":\"en-GB\",\"potentialAction\":[{\"@type\":\"ReadAction\",\"target\":[\"https:\/\/www.creilsudoise-tourisme.fr\/je-cherche\/tournage\/decors-batis\/tournage-galerie-du-front-de-taille\/\"]}]},{\"@type\":\"BreadcrumbList\",\"@id\":\"https:\/\/www.creilsudoise-tourisme.fr\/je-cherche\/tournage\/decors-batis\/tournage-galerie-du-front-de-taille\/#breadcrumb\",\"itemListElement\":[{\"@type\":\"ListItem\",\"position\":1,\"name\":\"Accueil\",\"item\":\"https:\/\/www.creilsudoise-tourisme.fr\/\"},{\"@type\":\"ListItem\",\"position\":2,\"name\":\"Je cherche\",\"item\":\"https:\/\/www.creilsudoise-tourisme.fr\/je-cherche\/\"},{\"@type\":\"ListItem\",\"position\":3,\"name\":\"Un lieu de tournage\",\"item\":\"https:\/\/www.creilsudoise-tourisme.fr\/je-cherche\/tournage\/\"},{\"@type\":\"ListItem\",\"position\":4,\"name\":\"D\u00e9cors b\u00e2tis\",\"item\":\"https:\/\/www.creilsudoise-tourisme.fr\/je-cherche\/tournage\/decors-batis\/\"},{\"@type\":\"ListItem\",\"position\":5,\"name\":\"La Galerie du Front de taille\"}]},{\"@type\":\"WebSite\",\"@id\":\"https:\/\/www.creilsudoise-tourisme.fr\/#website\",\"url\":\"https:\/\/www.creilsudoise-tourisme.fr\/\",\"name\":\"Office de Tourisme Creil Sud Oise\",\"description\":\"Creil Sud Oise Tourisme, un territoire \u00e0 explorer !\",\"publisher\":{\"@id\":\"https:\/\/www.creilsudoise-tourisme.fr\/#organization\"},\"potentialAction\":[{\"@type\":\"SearchAction\",\"target\":{\"@type\":\"EntryPoint\",\"urlTemplate\":\"https:\/\/www.creilsudoise-tourisme.fr\/?s={search_term_string}\"},\"query-input\":\"required name=search_term_string\"}],\"inLanguage\":\"en-GB\"},{\"@type\":\"Organization\",\"@id\":\"https:\/\/www.creilsudoise-tourisme.fr\/#organization\",\"name\":\"Creil Sud Oise Tourisme\",\"url\":\"https:\/\/www.creilsudoise-tourisme.fr\/\",\"logo\":{\"@type\":\"ImageObject\",\"inLanguage\":\"en-GB\",\"@id\":\"https:\/\/www.creilsudoise-tourisme.fr\/#\/schema\/logo\/image\/\",\"url\":\"https:\/\/www.creilsudoise-tourisme.fr\/wp-content\/uploads\/2021\/05\/logo-svg.png\",\"contentUrl\":\"https:\/\/www.creilsudoise-tourisme.fr\/wp-content\/uploads\/2021\/05\/logo-svg.png\",\"width\":182,\"height\":71,\"caption\":\"Creil Sud Oise Tourisme\"},\"image\":{\"@id\":\"https:\/\/www.creilsudoise-tourisme.fr\/#\/schema\/logo\/image\/\"},\"sameAs\":[\"https:\/\/www.facebook.com\/creilsudoisetourisme\/\",\"https:\/\/twitter.com\/CreilSudOiseOT\",\"https:\/\/www.instagram.com\/creilsudoisetourisme\/\",\"https:\/\/www.youtube.com\/channel\/UC8L_QD2wwyADW14zt9fY8kw\"]}]}<\/script>\n<!-- \/ Yoast SEO plugin. -->","yoast_head_json":{"title":"La Galerie du Front de Taille","description":"Voici la fiche technique du d\u00e9cor b\u00e2ti de la Galerie du Front de Taille de la Maison de la Pierre. La Galerie du Front de Taille de Saint- Maximin \u00e0 60km de Paris.","robots":{"index":"index","follow":"follow","max-snippet":"max-snippet:-1","max-image-preview":"max-image-preview:large","max-video-preview":"max-video-preview:-1"},"canonical":"https:\/\/www.creilsudoise-tourisme.fr\/en\/i-search\/shooting\/decors-batis\/tournage-galerie-du-front-de-taille\/","og_locale":"en_GB","og_type":"article","og_title":"La Galerie du Front de Taille","og_description":"Voici la fiche technique du d\u00e9cor b\u00e2ti de la Galerie du Front de Taille de la Maison de la Pierre. La Galerie du Front de Taille de Saint- Maximin \u00e0 60km de Paris.","og_url":"https:\/\/www.creilsudoise-tourisme.fr\/en\/i-search\/shooting\/decors-batis\/tournage-galerie-du-front-de-taille\/","og_site_name":"Office de Tourisme Creil Sud Oise","article_publisher":"https:\/\/www.facebook.com\/creilsudoisetourisme\/","article_modified_time":"2024-02-19T12:35:58+00:00","og_image":[{"width":1110,"height":740,"url":"https:\/\/www.creilsudoise-tourisme.fr\/wp-content\/uploads\/2024\/02\/Maison_Pierre-Saint_Maximin-Galerie_Front_Taille-Comdesimages_B_Teissedre_Oise_Tourisme-1.jpg","type":"image\/jpeg"}],"twitter_card":"summary_large_image","twitter_site":"@CreilSudOiseOT","twitter_misc":{"Estimated reading time":"1 minute"},"schema":{"@context":"https:\/\/schema.org","@graph":[{"@type":"WebPage","@id":"https:\/\/www.creilsudoise-tourisme.fr\/je-cherche\/tournage\/decors-batis\/tournage-galerie-du-front-de-taille\/","url":"https:\/\/www.creilsudoise-tourisme.fr\/je-cherche\/tournage\/decors-batis\/tournage-galerie-du-front-de-taille\/","name":"La Galerie du Front de Taille","isPartOf":{"@id":"https:\/\/www.creilsudoise-tourisme.fr\/#website"},"datePublished":"2024-02-06T13:31:45+00:00","dateModified":"2024-02-19T12:35:58+00:00","description":"Voici la fiche technique du d\u00e9cor b\u00e2ti de la Galerie du Front de Taille de la Maison de la Pierre. La Galerie du Front de Taille de Saint- Maximin \u00e0 60km de Paris.","breadcrumb":{"@id":"https:\/\/www.creilsudoise-tourisme.fr\/je-cherche\/tournage\/decors-batis\/tournage-galerie-du-front-de-taille\/#breadcrumb"},"inLanguage":"en-GB","potentialAction":[{"@type":"ReadAction","target":["https:\/\/www.creilsudoise-tourisme.fr\/je-cherche\/tournage\/decors-batis\/tournage-galerie-du-front-de-taille\/"]}]},{"@type":"BreadcrumbList","@id":"https:\/\/www.creilsudoise-tourisme.fr\/je-cherche\/tournage\/decors-batis\/tournage-galerie-du-front-de-taille\/#breadcrumb","itemListElement":[{"@type":"ListItem","position":1,"name":"Accueil","item":"https:\/\/www.creilsudoise-tourisme.fr\/"},{"@type":"ListItem","position":2,"name":"Je cherche","item":"https:\/\/www.creilsudoise-tourisme.fr\/je-cherche\/"},{"@type":"ListItem","position":3,"name":"Un lieu de tournage","item":"https:\/\/www.creilsudoise-tourisme.fr\/je-cherche\/tournage\/"},{"@type":"ListItem","position":4,"name":"D\u00e9cors b\u00e2tis","item":"https:\/\/www.creilsudoise-tourisme.fr\/je-cherche\/tournage\/decors-batis\/"},{"@type":"ListItem","position":5,"name":"La Galerie du Front de taille"}]},{"@type":"WebSite","@id":"https:\/\/www.creilsudoise-tourisme.fr\/#website","url":"https:\/\/www.creilsudoise-tourisme.fr\/","name":"Office de Tourisme Creil Sud Oise","description":"Creil Sud Oise Tourisme, un territoire \u00e0 explorer !","publisher":{"@id":"https:\/\/www.creilsudoise-tourisme.fr\/#organization"},"potentialAction":[{"@type":"SearchAction","target":{"@type":"EntryPoint","urlTemplate":"https:\/\/www.creilsudoise-tourisme.fr\/?s={search_term_string}"},"query-input":"required name=search_term_string"}],"inLanguage":"en-GB"},{"@type":"Organization","@id":"https:\/\/www.creilsudoise-tourisme.fr\/#organization","name":"Creil Sud Oise Tourisme","url":"https:\/\/www.creilsudoise-tourisme.fr\/","logo":{"@type":"ImageObject","inLanguage":"en-GB","@id":"https:\/\/www.creilsudoise-tourisme.fr\/#\/schema\/logo\/image\/","url":"https:\/\/www.creilsudoise-tourisme.fr\/wp-content\/uploads\/2021\/05\/logo-svg.png","contentUrl":"https:\/\/www.creilsudoise-tourisme.fr\/wp-content\/uploads\/2021\/05\/logo-svg.png","width":182,"height":71,"caption":"Creil Sud Oise Tourisme"},"image":{"@id":"https:\/\/www.creilsudoise-tourisme.fr\/#\/schema\/logo\/image\/"},"sameAs":["https:\/\/www.facebook.com\/creilsudoisetourisme\/","https:\/\/twitter.com\/CreilSudOiseOT","https:\/\/www.instagram.com\/creilsudoisetourisme\/","https:\/\/www.youtube.com\/channel\/UC8L_QD2wwyADW14zt9fY8kw"]}]}},"_links":{"self":[{"href":"https:\/\/www.creilsudoise-tourisme.fr\/en\/wp-json\/wp\/v2\/pages\/51763"}],"collection":[{"href":"https:\/\/www.creilsudoise-tourisme.fr\/en\/wp-json\/wp\/v2\/pages"}],"about":[{"href":"https:\/\/www.creilsudoise-tourisme.fr\/en\/wp-json\/wp\/v2\/types\/page"}],"author":[{"embeddable":true,"href":"https:\/\/www.creilsudoise-tourisme.fr\/en\/wp-json\/wp\/v2\/users\/12"}],"replies":[{"embeddable":true,"href":"https:\/\/www.creilsudoise-tourisme.fr\/en\/wp-json\/wp\/v2\/comments?post=51763"}],"version-history":[{"count":5,"href":"https:\/\/www.creilsudoise-tourisme.fr\/en\/wp-json\/wp\/v2\/pages\/51763\/revisions"}],"predecessor-version":[{"id":51906,"href":"https:\/\/www.creilsudoise-tourisme.fr\/en\/wp-json\/wp\/v2\/pages\/51763\/revisions\/51906"}],"up":[{"embeddable":true,"href":"https:\/\/www.creilsudoise-tourisme.fr\/en\/wp-json\/wp\/v2\/pages\/50622"}],"wp:featuredmedia":[{"embeddable":true,"href":"https:\/\/www.creilsudoise-tourisme.fr\/en\/wp-json\/wp\/v2\/media\/51898"}],"wp:attachment":[{"href":"https:\/\/www.creilsudoise-tourisme.fr\/en\/wp-json\/wp\/v2\/media?parent=51763"}],"curies":[{"name":"wp","href":"https:\/\/api.w.org\/{rel}","templated":true}]}}