{"id":51756,"date":"2024-02-06T14:31:34","date_gmt":"2024-02-06T13:31:34","guid":{"rendered":"https:\/\/www.creilsudoise-tourisme.fr\/?page_id=51756"},"modified":"2024-02-19T13:34:04","modified_gmt":"2024-02-19T12:34:04","slug":"tournage-maison-de-la-faience","status":"publish","type":"page","link":"https:\/\/www.creilsudoise-tourisme.fr\/en\/i-search\/shooting\/decors-batis\/tournage-maison-de-la-faience\/","title":{"rendered":"House of Earthenware"},"content":{"rendered":"<p><em>The Maison de la Fa\u00efence, built in the 19th<sup>e<\/sup> The new museum, which was built in the 19th century on the ruins of Creil's medieval castle, comprises 4 rooms devoted to displaying the town's collection of fine earthenware.<\/em><\/p>\n\n\n\n<h2> <\/h2>\n\n\n\n<figure class=\"is-layout-flex wp-block-gallery-1 wp-block-gallery has-nested-images columns-2 is-cropped\">\n<figure class=\"wp-block-image size-large\"><img decoding=\"async\" loading=\"lazy\" width=\"842\" height=\"631\" data-id=\"51565\"  data-src=\"https:\/\/www.creilsudoise-tourisme.fr\/wp-content\/uploads\/2024\/01\/2-1.jpg\" alt=\"Maison de la Fa\u00efence cinema tournage b\u00e2ti sud oise paris film decors\" class=\"wp-image-51565\" data-srcset=\"https:\/\/www.creilsudoise-tourisme.fr\/wp-content\/uploads\/2024\/01\/2-1.jpg 842w, https:\/\/www.creilsudoise-tourisme.fr\/wp-content\/uploads\/2024\/01\/2-1-600x450.jpg 600w, https:\/\/www.creilsudoise-tourisme.fr\/wp-content\/uploads\/2024\/01\/2-1-16x12.jpg 16w, https:\/\/www.creilsudoise-tourisme.fr\/wp-content\/uploads\/2024\/01\/2-1-200x150.jpg 200w, https:\/\/www.creilsudoise-tourisme.fr\/wp-content\/uploads\/2024\/01\/2-1-650x487.jpg 650w, https:\/\/www.creilsudoise-tourisme.fr\/wp-content\/uploads\/2024\/01\/2-1-387x290.jpg 387w\" sizes=\"(max-width: 842px) 100vw, 842px\" \/><figcaption class=\"wp-element-caption\">photo credit. Ex : \u00a9 Creil Sud Oise Tourisme - Nouara Lebachiche<\/figcaption><\/figure>\n\n\n\n<figure class=\"wp-block-image size-full\"><img decoding=\"async\" loading=\"lazy\" width=\"941\" height=\"625\" data-id=\"51567\"  data-src=\"https:\/\/www.creilsudoise-tourisme.fr\/wp-content\/uploads\/2024\/01\/3.jpg\" alt=\"\" class=\"wp-image-51567\" data-srcset=\"https:\/\/www.creilsudoise-tourisme.fr\/wp-content\/uploads\/2024\/01\/3.jpg 941w, https:\/\/www.creilsudoise-tourisme.fr\/wp-content\/uploads\/2024\/01\/3-600x399.jpg 600w, https:\/\/www.creilsudoise-tourisme.fr\/wp-content\/uploads\/2024\/01\/3-900x598.jpg 900w, https:\/\/www.creilsudoise-tourisme.fr\/wp-content\/uploads\/2024\/01\/3-18x12.jpg 18w, https:\/\/www.creilsudoise-tourisme.fr\/wp-content\/uploads\/2024\/01\/3-200x133.jpg 200w, https:\/\/www.creilsudoise-tourisme.fr\/wp-content\/uploads\/2024\/01\/3-650x432.jpg 650w, https:\/\/www.creilsudoise-tourisme.fr\/wp-content\/uploads\/2024\/01\/3-387x257.jpg 387w\" sizes=\"(max-width: 941px) 100vw, 941px\" \/><figcaption class=\"wp-element-caption\"> Creil Sud Oise Tourism<\/figcaption><\/figure>\n\n\n\n<figure class=\"wp-block-image size-full\"><img decoding=\"async\" loading=\"lazy\" width=\"834\" height=\"625\" data-id=\"51564\"  data-src=\"https:\/\/www.creilsudoise-tourisme.fr\/wp-content\/uploads\/2024\/01\/6.jpg\" alt=\"\" class=\"wp-image-51564\" data-srcset=\"https:\/\/www.creilsudoise-tourisme.fr\/wp-content\/uploads\/2024\/01\/6.jpg 834w, https:\/\/www.creilsudoise-tourisme.fr\/wp-content\/uploads\/2024\/01\/6-600x450.jpg 600w, https:\/\/www.creilsudoise-tourisme.fr\/wp-content\/uploads\/2024\/01\/6-16x12.jpg 16w, https:\/\/www.creilsudoise-tourisme.fr\/wp-content\/uploads\/2024\/01\/6-200x150.jpg 200w, https:\/\/www.creilsudoise-tourisme.fr\/wp-content\/uploads\/2024\/01\/6-650x487.jpg 650w, https:\/\/www.creilsudoise-tourisme.fr\/wp-content\/uploads\/2024\/01\/6-387x290.jpg 387w\" sizes=\"(max-width: 834px) 100vw, 834px\" \/><\/figure>\n<\/figure>\n\n\n\n<h3>Type<\/h3>\n\n\n\n<p>ERP Type Y  <\/p>\n\n\n\n<h3>Category<\/h3>\n\n\n\n<p>Category 5<\/p>\n\n\n\n<p>Museum.  <\/p>\n\n\n\n<h4>Environment <\/h4>\n\n\n\n<p>Private courtyard, gardens, town. <\/p>\n\n\n<div class=\"wp-block wp-block-highlight\">\n            <h3 class=\"wp-block-highlight-item wp-block-highlight-title\">Situation<\/h3>\n                <p class=\"wp-block-highlight-item wp-block-highlight-excerpt\">City: 60100 Creil <br>County : Oise<br>Region: Hauts-de-France<\/p>\n    <\/div>\n\n\n<h3>General presentation<\/h3>\n\n\n\n<p>19th century bourgeois house<sup>e<\/sup> Built on a medieval first floor, it is now a listed Mus\u00e9e de France, with exhibition rooms, display cases and a ceramics collection that has been in place since 2010.<\/p>\n\n\n\n<h4><strong>\u00c9<\/strong>Location <\/h4>\n\n\n\n<p>Good condition. <\/p>\n\n\n\n<h4>History of the site <\/h4>\n\n\n\n<p>House built on the first floor of the former royal castle of Creil, built by the Counts of Clermont at the end of the 12th century.<sup>e<\/sup> century, the birthplace of King Charles IV, then enlarged by Charles V at the end of the 14th century.<sup>e<\/sup> century and occupied by the kings of France until the 17th century.<sup>e<\/sup> century.<\/p>\n\n\n\n<p>Inhabited by the Gall\u00e9-Juillet family of notables from Creillon until 20<sup>e<\/sup> century.<\/p>\n\n\n\n<p>House and collections donated to the town of Creil by Berthe Gall\u00e9, following the death of her only son in the First World War, and then of her husband in 1928.<\/p>\n\n\n\n<h4>Construction period<\/h4>\n\n\n\n<p>Construction of the 19<sup>e<\/sup> century on a first level at the end of 12<sup>e<\/sup> - early 13<sup>e<\/sup> century.<\/p>\n\n\n\n<h4>Dominant style<\/h4>\n\n\n\n<p>19<sup>e<\/sup> century.<\/p>\n\n\n\n<h4>Particular styles <\/h4>\n\n\n\n<p>Covered. <\/p>\n\n\n\n<h4><strong>\u00c9<\/strong>outstanding architectural features <\/h4>\n\n\n\n<p>Balcony, shop windows, parquet flooring.<\/p>\n\n\n\n<h4>Materials <\/h4>\n\n\n\n<p>Stone, brick, glass, wood, zinc.<\/p>\n\n\n\n<h4>Technical data <\/h4>\n\n\n\n<p>X Power supply X Parking \u25a1 HGV access \u25a1 Dressing rooms&nbsp;&nbsp;&nbsp;&nbsp;&nbsp;&nbsp;&nbsp;&nbsp;&nbsp;&nbsp;&nbsp;&nbsp; &nbsp;<\/p>\n\n\n\n<p>X Other toilets: surface area of approximately 190 m\u00b2.<\/p>\n\n\n\n<h4>Special features<\/h4>\n\n\n\n<p>Garden, view of the Oise, private courtyard<\/p>\n\n\n\n<p>Numerous display cases and works of art (fragile)<\/p>\n\n\n\n<hr class=\"wp-block-separator has-alpha-channel-opacity\"\/>","protected":false},"excerpt":{"rendered":"<p>The Maison de la Fa\u00efence, built in the 19th century on the ruins of Creil's medieval castle, has 4 rooms devoted to exhibiting the town of Creil's collection of fine earthenware. Type ERP Type Y Category Category 5 Museum. Environment Private courtyard, gardens, town. General presentation A middle-class house dating from the [...]<\/p>","protected":false},"author":12,"featured_media":51565,"parent":50622,"menu_order":0,"comment_status":"closed","ping_status":"closed","template":"","meta":{"_relevanssi_hide_post":"","_relevanssi_hide_content":"","_relevanssi_pin_for_all":"","_relevanssi_pin_keywords":"","_relevanssi_unpin_keywords":"","_relevanssi_related_keywords":"","_relevanssi_related_include_ids":"","_relevanssi_related_exclude_ids":"","_relevanssi_related_no_append":"","_relevanssi_related_not_related":"","_relevanssi_related_posts":"38921,40150,43606,39785,42107,39133","_relevanssi_noindex_reason":""},"yoast_head":"<!-- This site is optimized with the Yoast SEO plugin v20.2.1 - https:\/\/yoast.com\/wordpress\/plugins\/seo\/ -->\n<title>Maison de la Fa\u00efence<\/title>\n<meta name=\"description\" content=\"Voici la fiche technique du d\u00e9cor b\u00e2ti de la Maison de la Fa\u00efenc\u00e9 du 19\u00e8me si\u00e8cle; la Maison de la Fa\u00efence de Creil \u00e0 60km de Paris.\" \/>\n<meta name=\"robots\" content=\"index, follow, max-snippet:-1, max-image-preview:large, max-video-preview:-1\" \/>\n<link rel=\"canonical\" href=\"https:\/\/www.creilsudoise-tourisme.fr\/en\/i-search\/shooting\/decors-batis\/tournage-maison-de-la-faience\/\" \/>\n<meta property=\"og:locale\" content=\"en_GB\" \/>\n<meta property=\"og:type\" content=\"article\" \/>\n<meta property=\"og:title\" content=\"Maison de la Fa\u00efence\" \/>\n<meta property=\"og:description\" content=\"Voici la fiche technique du d\u00e9cor b\u00e2ti de la Maison de la Fa\u00efenc\u00e9 du 19\u00e8me si\u00e8cle; la Maison de la Fa\u00efence de Creil \u00e0 60km de Paris.\" \/>\n<meta property=\"og:url\" content=\"https:\/\/www.creilsudoise-tourisme.fr\/en\/i-search\/shooting\/decors-batis\/tournage-maison-de-la-faience\/\" \/>\n<meta property=\"og:site_name\" content=\"Office de Tourisme Creil Sud Oise\" \/>\n<meta property=\"article:publisher\" content=\"https:\/\/www.facebook.com\/creilsudoisetourisme\/\" \/>\n<meta property=\"article:modified_time\" content=\"2024-02-19T12:34:04+00:00\" \/>\n<meta property=\"og:image\" content=\"https:\/\/www.creilsudoise-tourisme.fr\/wp-content\/uploads\/2024\/01\/2-1.jpg\" \/>\n\t<meta property=\"og:image:width\" content=\"842\" \/>\n\t<meta property=\"og:image:height\" content=\"631\" \/>\n\t<meta property=\"og:image:type\" content=\"image\/jpeg\" \/>\n<meta name=\"twitter:card\" content=\"summary_large_image\" \/>\n<meta name=\"twitter:site\" content=\"@CreilSudOiseOT\" \/>\n<meta name=\"twitter:label1\" content=\"Estimated reading time\" \/>\n\t<meta name=\"twitter:data1\" content=\"2 minutes\" \/>\n<script type=\"application\/ld+json\" class=\"yoast-schema-graph\">{\"@context\":\"https:\/\/schema.org\",\"@graph\":[{\"@type\":\"WebPage\",\"@id\":\"https:\/\/www.creilsudoise-tourisme.fr\/je-cherche\/tournage\/decors-batis\/tournage-maison-de-la-faience\/\",\"url\":\"https:\/\/www.creilsudoise-tourisme.fr\/je-cherche\/tournage\/decors-batis\/tournage-maison-de-la-faience\/\",\"name\":\"Maison de la Fa\u00efence\",\"isPartOf\":{\"@id\":\"https:\/\/www.creilsudoise-tourisme.fr\/#website\"},\"datePublished\":\"2024-02-06T13:31:34+00:00\",\"dateModified\":\"2024-02-19T12:34:04+00:00\",\"description\":\"Voici la fiche technique du d\u00e9cor b\u00e2ti de la Maison de la Fa\u00efenc\u00e9 du 19\u00e8me si\u00e8cle; la Maison de la Fa\u00efence de Creil \u00e0 60km de Paris.\",\"breadcrumb\":{\"@id\":\"https:\/\/www.creilsudoise-tourisme.fr\/je-cherche\/tournage\/decors-batis\/tournage-maison-de-la-faience\/#breadcrumb\"},\"inLanguage\":\"en-GB\",\"potentialAction\":[{\"@type\":\"ReadAction\",\"target\":[\"https:\/\/www.creilsudoise-tourisme.fr\/je-cherche\/tournage\/decors-batis\/tournage-maison-de-la-faience\/\"]}]},{\"@type\":\"BreadcrumbList\",\"@id\":\"https:\/\/www.creilsudoise-tourisme.fr\/je-cherche\/tournage\/decors-batis\/tournage-maison-de-la-faience\/#breadcrumb\",\"itemListElement\":[{\"@type\":\"ListItem\",\"position\":1,\"name\":\"Accueil\",\"item\":\"https:\/\/www.creilsudoise-tourisme.fr\/\"},{\"@type\":\"ListItem\",\"position\":2,\"name\":\"Je cherche\",\"item\":\"https:\/\/www.creilsudoise-tourisme.fr\/je-cherche\/\"},{\"@type\":\"ListItem\",\"position\":3,\"name\":\"Un lieu de tournage\",\"item\":\"https:\/\/www.creilsudoise-tourisme.fr\/je-cherche\/tournage\/\"},{\"@type\":\"ListItem\",\"position\":4,\"name\":\"D\u00e9cors b\u00e2tis\",\"item\":\"https:\/\/www.creilsudoise-tourisme.fr\/je-cherche\/tournage\/decors-batis\/\"},{\"@type\":\"ListItem\",\"position\":5,\"name\":\"Maison de la Fa\u00efence\"}]},{\"@type\":\"WebSite\",\"@id\":\"https:\/\/www.creilsudoise-tourisme.fr\/#website\",\"url\":\"https:\/\/www.creilsudoise-tourisme.fr\/\",\"name\":\"Office de Tourisme Creil Sud Oise\",\"description\":\"Creil Sud Oise Tourisme, un territoire \u00e0 explorer !\",\"publisher\":{\"@id\":\"https:\/\/www.creilsudoise-tourisme.fr\/#organization\"},\"potentialAction\":[{\"@type\":\"SearchAction\",\"target\":{\"@type\":\"EntryPoint\",\"urlTemplate\":\"https:\/\/www.creilsudoise-tourisme.fr\/?s={search_term_string}\"},\"query-input\":\"required name=search_term_string\"}],\"inLanguage\":\"en-GB\"},{\"@type\":\"Organization\",\"@id\":\"https:\/\/www.creilsudoise-tourisme.fr\/#organization\",\"name\":\"Creil Sud Oise Tourisme\",\"url\":\"https:\/\/www.creilsudoise-tourisme.fr\/\",\"logo\":{\"@type\":\"ImageObject\",\"inLanguage\":\"en-GB\",\"@id\":\"https:\/\/www.creilsudoise-tourisme.fr\/#\/schema\/logo\/image\/\",\"url\":\"https:\/\/www.creilsudoise-tourisme.fr\/wp-content\/uploads\/2021\/05\/logo-svg.png\",\"contentUrl\":\"https:\/\/www.creilsudoise-tourisme.fr\/wp-content\/uploads\/2021\/05\/logo-svg.png\",\"width\":182,\"height\":71,\"caption\":\"Creil Sud Oise Tourisme\"},\"image\":{\"@id\":\"https:\/\/www.creilsudoise-tourisme.fr\/#\/schema\/logo\/image\/\"},\"sameAs\":[\"https:\/\/www.facebook.com\/creilsudoisetourisme\/\",\"https:\/\/twitter.com\/CreilSudOiseOT\",\"https:\/\/www.instagram.com\/creilsudoisetourisme\/\",\"https:\/\/www.youtube.com\/channel\/UC8L_QD2wwyADW14zt9fY8kw\"]}]}<\/script>\n<!-- \/ Yoast SEO plugin. -->","yoast_head_json":{"title":"Maison de la Fa\u00efence","description":"Voici la fiche technique du d\u00e9cor b\u00e2ti de la Maison de la Fa\u00efenc\u00e9 du 19\u00e8me si\u00e8cle; la Maison de la Fa\u00efence de Creil \u00e0 60km de Paris.","robots":{"index":"index","follow":"follow","max-snippet":"max-snippet:-1","max-image-preview":"max-image-preview:large","max-video-preview":"max-video-preview:-1"},"canonical":"https:\/\/www.creilsudoise-tourisme.fr\/en\/i-search\/shooting\/decors-batis\/tournage-maison-de-la-faience\/","og_locale":"en_GB","og_type":"article","og_title":"Maison de la Fa\u00efence","og_description":"Voici la fiche technique du d\u00e9cor b\u00e2ti de la Maison de la Fa\u00efenc\u00e9 du 19\u00e8me si\u00e8cle; la Maison de la Fa\u00efence de Creil \u00e0 60km de Paris.","og_url":"https:\/\/www.creilsudoise-tourisme.fr\/en\/i-search\/shooting\/decors-batis\/tournage-maison-de-la-faience\/","og_site_name":"Office de Tourisme Creil Sud Oise","article_publisher":"https:\/\/www.facebook.com\/creilsudoisetourisme\/","article_modified_time":"2024-02-19T12:34:04+00:00","og_image":[{"width":842,"height":631,"url":"https:\/\/www.creilsudoise-tourisme.fr\/wp-content\/uploads\/2024\/01\/2-1.jpg","type":"image\/jpeg"}],"twitter_card":"summary_large_image","twitter_site":"@CreilSudOiseOT","twitter_misc":{"Estimated reading time":"2 minutes"},"schema":{"@context":"https:\/\/schema.org","@graph":[{"@type":"WebPage","@id":"https:\/\/www.creilsudoise-tourisme.fr\/je-cherche\/tournage\/decors-batis\/tournage-maison-de-la-faience\/","url":"https:\/\/www.creilsudoise-tourisme.fr\/je-cherche\/tournage\/decors-batis\/tournage-maison-de-la-faience\/","name":"Maison de la Fa\u00efence","isPartOf":{"@id":"https:\/\/www.creilsudoise-tourisme.fr\/#website"},"datePublished":"2024-02-06T13:31:34+00:00","dateModified":"2024-02-19T12:34:04+00:00","description":"Voici la fiche technique du d\u00e9cor b\u00e2ti de la Maison de la Fa\u00efenc\u00e9 du 19\u00e8me si\u00e8cle; la Maison de la Fa\u00efence de Creil \u00e0 60km de Paris.","breadcrumb":{"@id":"https:\/\/www.creilsudoise-tourisme.fr\/je-cherche\/tournage\/decors-batis\/tournage-maison-de-la-faience\/#breadcrumb"},"inLanguage":"en-GB","potentialAction":[{"@type":"ReadAction","target":["https:\/\/www.creilsudoise-tourisme.fr\/je-cherche\/tournage\/decors-batis\/tournage-maison-de-la-faience\/"]}]},{"@type":"BreadcrumbList","@id":"https:\/\/www.creilsudoise-tourisme.fr\/je-cherche\/tournage\/decors-batis\/tournage-maison-de-la-faience\/#breadcrumb","itemListElement":[{"@type":"ListItem","position":1,"name":"Accueil","item":"https:\/\/www.creilsudoise-tourisme.fr\/"},{"@type":"ListItem","position":2,"name":"Je cherche","item":"https:\/\/www.creilsudoise-tourisme.fr\/je-cherche\/"},{"@type":"ListItem","position":3,"name":"Un lieu de tournage","item":"https:\/\/www.creilsudoise-tourisme.fr\/je-cherche\/tournage\/"},{"@type":"ListItem","position":4,"name":"D\u00e9cors b\u00e2tis","item":"https:\/\/www.creilsudoise-tourisme.fr\/je-cherche\/tournage\/decors-batis\/"},{"@type":"ListItem","position":5,"name":"Maison de la Fa\u00efence"}]},{"@type":"WebSite","@id":"https:\/\/www.creilsudoise-tourisme.fr\/#website","url":"https:\/\/www.creilsudoise-tourisme.fr\/","name":"Office de Tourisme Creil Sud Oise","description":"Creil Sud Oise Tourisme, un territoire \u00e0 explorer !","publisher":{"@id":"https:\/\/www.creilsudoise-tourisme.fr\/#organization"},"potentialAction":[{"@type":"SearchAction","target":{"@type":"EntryPoint","urlTemplate":"https:\/\/www.creilsudoise-tourisme.fr\/?s={search_term_string}"},"query-input":"required name=search_term_string"}],"inLanguage":"en-GB"},{"@type":"Organization","@id":"https:\/\/www.creilsudoise-tourisme.fr\/#organization","name":"Creil Sud Oise Tourisme","url":"https:\/\/www.creilsudoise-tourisme.fr\/","logo":{"@type":"ImageObject","inLanguage":"en-GB","@id":"https:\/\/www.creilsudoise-tourisme.fr\/#\/schema\/logo\/image\/","url":"https:\/\/www.creilsudoise-tourisme.fr\/wp-content\/uploads\/2021\/05\/logo-svg.png","contentUrl":"https:\/\/www.creilsudoise-tourisme.fr\/wp-content\/uploads\/2021\/05\/logo-svg.png","width":182,"height":71,"caption":"Creil Sud Oise Tourisme"},"image":{"@id":"https:\/\/www.creilsudoise-tourisme.fr\/#\/schema\/logo\/image\/"},"sameAs":["https:\/\/www.facebook.com\/creilsudoisetourisme\/","https:\/\/twitter.com\/CreilSudOiseOT","https:\/\/www.instagram.com\/creilsudoisetourisme\/","https:\/\/www.youtube.com\/channel\/UC8L_QD2wwyADW14zt9fY8kw"]}]}},"_links":{"self":[{"href":"https:\/\/www.creilsudoise-tourisme.fr\/en\/wp-json\/wp\/v2\/pages\/51756"}],"collection":[{"href":"https:\/\/www.creilsudoise-tourisme.fr\/en\/wp-json\/wp\/v2\/pages"}],"about":[{"href":"https:\/\/www.creilsudoise-tourisme.fr\/en\/wp-json\/wp\/v2\/types\/page"}],"author":[{"embeddable":true,"href":"https:\/\/www.creilsudoise-tourisme.fr\/en\/wp-json\/wp\/v2\/users\/12"}],"replies":[{"embeddable":true,"href":"https:\/\/www.creilsudoise-tourisme.fr\/en\/wp-json\/wp\/v2\/comments?post=51756"}],"version-history":[{"count":5,"href":"https:\/\/www.creilsudoise-tourisme.fr\/en\/wp-json\/wp\/v2\/pages\/51756\/revisions"}],"predecessor-version":[{"id":51910,"href":"https:\/\/www.creilsudoise-tourisme.fr\/en\/wp-json\/wp\/v2\/pages\/51756\/revisions\/51910"}],"up":[{"embeddable":true,"href":"https:\/\/www.creilsudoise-tourisme.fr\/en\/wp-json\/wp\/v2\/pages\/50622"}],"wp:featuredmedia":[{"embeddable":true,"href":"https:\/\/www.creilsudoise-tourisme.fr\/en\/wp-json\/wp\/v2\/media\/51565"}],"wp:attachment":[{"href":"https:\/\/www.creilsudoise-tourisme.fr\/en\/wp-json\/wp\/v2\/media?parent=51756"}],"curies":[{"name":"wp","href":"https:\/\/api.w.org\/{rel}","templated":true}]}}