{"id":47202,"date":"2023-04-17T16:58:29","date_gmt":"2023-04-17T14:58:29","guid":{"rendered":"https:\/\/www.creilsudoise-tourisme.fr\/?page_id=47202"},"modified":"2025-09-15T09:43:27","modified_gmt":"2025-09-15T07:43:27","slug":"randonner","status":"publish","type":"page","link":"https:\/\/www.creilsudoise-tourisme.fr\/en\/jexplore\/must-haves\/hiking\/","title":{"rendered":"Walks &amp; hikes"},"content":{"rendered":"<p class=\"is-style-excerpt\">Between forests and stone quarries, dynamic towns and quaint villages of our area, the <strong>the Creil Sud Oise surroundings offers the ideal setting for hiking and walking.<\/strong><\/p>\n\n\n\n<div class=\"is-layout-flex wp-container-7 wp-block-columns\">\n<div class=\"is-layout-flow wp-block-column\">\n<div class=\"is-content-justification-center is-layout-flex wp-container-1 wp-block-buttons\">\n<div class=\"wp-block-button\"><a class=\"wp-block-button__link wp-element-button\" href=\"https:\/\/www.creilsudoise-tourisme.fr\/en\/i-search\/hike\/\" target=\"_blank\" rel=\"noreferrer noopener\">signposted paths<\/a><\/div>\n<\/div>\n<\/div>\n\n\n\n<div class=\"is-layout-flow wp-block-column\">\n<div class=\"is-content-justification-center is-layout-flex wp-container-3 wp-block-buttons\">\n<div class=\"wp-block-button\"><a class=\"wp-block-button__link wp-element-button\" href=\"#balade\" target=\"_blank\" rel=\"noreferrer noopener\">strolls in the parks<\/a><\/div>\n<\/div>\n<\/div>\n\n\n\n<div class=\"is-layout-flow wp-block-column\">\n<div class=\"is-content-justification-center is-layout-flex wp-container-5 wp-block-buttons\">\n<div class=\"wp-block-button\"><a class=\"wp-block-button__link wp-element-button\" href=\"#itineraires-departementaux\" target=\"_blank\" rel=\"noreferrer noopener\">major cycling routes<\/a><\/div>\n<\/div>\n<\/div>\n<\/div>\n\n\n\n<div class=\"is-layout-flex wp-container-12 wp-block-columns\">\n<div class=\"is-layout-flow wp-block-column\">\n<div class=\"is-content-justification-center is-layout-flex wp-container-8 wp-block-buttons\">\n<div class=\"wp-block-button\"><a class=\"wp-block-button__link wp-element-button\" href=\"https:\/\/www.creilsudoise-tourisme.fr\/en\/2022\/01\/24\/hike-2\/\" target=\"_blank\" rel=\"noreferrer noopener\">hiking clubs<\/a><\/div>\n<\/div>\n<\/div>\n\n\n\n<div class=\"is-layout-flow wp-block-column\">\n<div class=\"is-content-justification-center is-layout-flex wp-container-10 wp-block-buttons\">\n<div class=\"wp-block-button\"><a class=\"wp-block-button__link wp-element-button\" href=\"https:\/\/www.creilsudoise-tourisme.fr\/en\/practice\/brochures\/\" target=\"_blank\" rel=\"noreferrer noopener\">ORDER A GUIDEBOOK<\/a><\/div>\n<\/div>\n<\/div>\n<\/div>\n\n\n\n<div class=\"wp-block-strate-full alignfull\">\n\n    <div class=\"wp-block-strate-full-thumbnail\">\n        <img data-src=\"https:\/\/www.creilsudoise-tourisme.fr\/wp-content\/uploads\/2023\/04\/Itineraire-balise-de-randonnee-1600x900.jpg\" alt=\"Signposted walking route\">\n    <\/div>\n\n\t\n        <div class=\"wp-block-strate-full-content wp-block-strate-full-content-left\">\n\t\t\t\t\t\t                <p class=\"wp-block-strate-full-content-excerpt\"> Creil Sud Oise is full of<strong> unsuspected landscapes<\/strong>Discover it on a hike! <\/p>\n\t\t\t        <\/div>\n\n\t\n<\/div>\n\n\n\n<h2>Hiking on signposted paths<\/h2>\n\n\n\n<p><strong>Destination Creil Sud Oise offer numerous walking trails<\/strong>Several of these are signposted and listed in the Departmental Walking and Hiking Routes Plan (PDIPR in French) or on hiking maps and apps. <\/p>\n\n\n<div class=\"wp-block wp-block-highlight\">\n            <h3 class=\"wp-block-highlight-item wp-block-highlight-title\">Charter for good walkers<\/h3>\n                <p class=\"wp-block-highlight-item wp-block-highlight-excerpt\">Respect nature and safety: discover the hiker's charter.<br><strong><a href=\"https:\/\/www.creilsudoise-tourisme.fr\/wp-content\/uploads\/2025\/09\/charte-du-randonneur-bdef.pdf\" target=\"_blank\" rel=\"noreferrer noopener\">Read the charter<\/a><\/strong><\/p>\n    <\/div>\n\n\n<h3>A land of stone, water and nature<\/h3>\n\n\n\n<p><a href=\"https:\/\/www.creilsudoise-tourisme.fr\/en\/jexplore\/must-haves\/maison-de-la-pierre\/\" target=\"_blank\" rel=\"noreferrer noopener\">Land of stone<\/a>You'll discover throughout your walks a lot of <strong>abandoned or still active limestone quarries. <\/strong><\/p>\n\n\n\n<p>You will walk along <strong>rivers <\/strong>such as the river \"Th\u00e9rain\", where it is possible to practice <a href=\"https:\/\/www.creilsudoise-tourisme.fr\/en\/loisirs\/canoe-kayak-club-du-therain\/\" target=\"_blank\" rel=\"noreferrer noopener\">Canoeing and kayaking<\/a> or the river \"Oise\", a large river on which cruises are organised during summer (see our <a href=\"https:\/\/www.creilsudoise-tourisme.fr\/en\/agenda\/\" target=\"_blank\" rel=\"noreferrer noopener\">Calendar<\/a> !). During spring time and summer time <a href=\"https:\/\/www.youtube.com\/watch?v=NuNOli6iKDA\" target=\"_blank\" rel=\"noreferrer noopener\">Introduction to rowing<\/a> are also available in Creil. <\/p>\n\n\n\n<p><strong>You will walk through forests, fields and quaint villages with their unique stone-built houses, each one different than the following ones !<\/strong><\/p>\n\n\n\n<figure class=\"wp-block-embed is-type-video is-provider-youtube wp-block-embed-youtube wp-embed-aspect-4-3 wp-has-aspect-ratio\"><div class=\"wp-block-embed__wrapper\">\n<iframe loading=\"lazy\" title=\"[LES INCONTOURNABLES] The hike &quot;In the footsteps of the builders&quot; | Creil Sud Oise Tourisme\" width=\"500\" height=\"375\" data-src=\"https:\/\/www.youtube.com\/embed\/OhgD3hy0xqg?feature=oembed\" frameborder=\"0\" allow=\"accelerometer; autoplay; clipboard-write; encrypted-media; gyroscope; picture-in-picture; web-share\" referrerpolicy=\"strict-origin-when-cross-origin\" allowfullscreen><\/iframe>\n<\/div><figcaption class=\"wp-element-caption\">Anthony has tested for you the trail entitled <a href=\"https:\/\/www.creilsudoise-tourisme.fr\/en\/balade-randonnee\/sur-les-pas-des-batisseurs\/\" target=\"_blank\" rel=\"noreferrer noopener\">In the Footsteps of the Builders<\/a><\/figcaption><\/figure>\n\n\n\n<h3>On foot, by bike or on horseback<\/h3>\n\n\n\n<p>The hiking trails are for everyone level, ranging from <strong>from 6 km to 13 km<\/strong>. You can roam them <strong>on foot, by bike and even on horseback<\/strong> !<\/p>\n\n\n\n<p>Picnic <strong><a href=\"https:\/\/www.creilsudoise-tourisme.fr\/en\/i-search\/activity-nature\/#Pique-nique\" target=\"_blank\" rel=\"noreferrer noopener\">picnic areas<\/a> at your disposal alongside some of the trails<\/strong>Don't forget your box lunch!<\/p>\n\n\n\n<h3>Itineraries<\/h3>\n\n\n\n<p>Find out more below about <strong>the itineraries of these signposted walks<\/strong> all around Destination Creil Sud Oise!<\/p>\n\n\n\n<p>Good to know: you can <strong>combine the itineraries<\/strong> and discover Creil Sud Oise by cycling or walking <strong>a wide looping trails of almost 50 km!<\/strong><\/p>\n\n\n\n<div class=\"is-content-justification-center is-layout-flex wp-container-13 wp-block-buttons\">\n<div class=\"wp-block-button\"><a class=\"wp-block-button__link wp-element-button\" href=\"https:\/\/www.creilsudoise-tourisme.fr\/en\/i-search\/hike\/\" target=\"_blank\" rel=\"noreferrer noopener\">signposted paths<\/a><\/div>\n<\/div>\n\n\n\n<div class=\"is-layout-flex wp-container-16 wp-block-columns\">\n<div class=\"is-layout-flow wp-block-column\">\n<figure class=\"wp-block-image size-large\"><img decoding=\"async\" loading=\"lazy\" width=\"1200\" height=\"583\" data-src=\"https:\/\/www.creilsudoise-tourisme.fr\/wp-content\/uploads\/2023\/04\/MaRando-1200x583.jpg\" alt=\"signposted hiking route\" class=\"wp-image-47231\" data-srcset=\"https:\/\/www.creilsudoise-tourisme.fr\/wp-content\/uploads\/2023\/04\/MaRando-1200x583.jpg 1200w, https:\/\/www.creilsudoise-tourisme.fr\/wp-content\/uploads\/2023\/04\/MaRando-600x292.jpg 600w, https:\/\/www.creilsudoise-tourisme.fr\/wp-content\/uploads\/2023\/04\/MaRando-900x438.jpg 900w, https:\/\/www.creilsudoise-tourisme.fr\/wp-content\/uploads\/2023\/04\/MaRando-18x9.jpg 18w, https:\/\/www.creilsudoise-tourisme.fr\/wp-content\/uploads\/2023\/04\/MaRando-200x97.jpg 200w, https:\/\/www.creilsudoise-tourisme.fr\/wp-content\/uploads\/2023\/04\/MaRando-650x316.jpg 650w, https:\/\/www.creilsudoise-tourisme.fr\/wp-content\/uploads\/2023\/04\/MaRando-387x188.jpg 387w, https:\/\/www.creilsudoise-tourisme.fr\/wp-content\/uploads\/2023\/04\/MaRando.jpg 1440w\" sizes=\"(max-width: 1200px) 100vw, 1200px\" \/><\/figure>\n<\/div>\n\n\n\n<div class=\"is-layout-flow wp-block-column\">\n<p>You can also <strong>find itineraries on the app <a href=\"https:\/\/www.ffrandonnee.fr\/s-informer\/actualites\/marando-l-application-officielle-de-la-ffrandonnee\" target=\"_blank\" rel=\"noreferrer noopener\">MaRando<\/a><\/strong>directly on your phone, so you can serenely find your path!<\/p>\n<\/div>\n<\/div>\n\n\n\n<div class=\"is-layout-flex wp-container-19 wp-block-columns\">\n<div class=\"is-layout-flow wp-block-column\">\n<figure class=\"wp-block-image size-full\"><img decoding=\"async\" loading=\"lazy\" width=\"768\" height=\"564\" data-src=\"https:\/\/www.creilsudoise-tourisme.fr\/wp-content\/uploads\/2025\/09\/caroussel-plan1-768x1365-2.jpg\" alt=\"\" class=\"wp-image-65145\" data-srcset=\"https:\/\/www.creilsudoise-tourisme.fr\/wp-content\/uploads\/2025\/09\/caroussel-plan1-768x1365-2.jpg 768w, https:\/\/www.creilsudoise-tourisme.fr\/wp-content\/uploads\/2025\/09\/caroussel-plan1-768x1365-2-600x441.jpg 600w, https:\/\/www.creilsudoise-tourisme.fr\/wp-content\/uploads\/2025\/09\/caroussel-plan1-768x1365-2-16x12.jpg 16w, https:\/\/www.creilsudoise-tourisme.fr\/wp-content\/uploads\/2025\/09\/caroussel-plan1-768x1365-2-200x147.jpg 200w, https:\/\/www.creilsudoise-tourisme.fr\/wp-content\/uploads\/2025\/09\/caroussel-plan1-768x1365-2-650x477.jpg 650w, https:\/\/www.creilsudoise-tourisme.fr\/wp-content\/uploads\/2025\/09\/caroussel-plan1-768x1365-2-387x284.jpg 387w\" sizes=\"(max-width: 768px) 100vw, 768px\" \/><\/figure>\n<\/div>\n\n\n\n<div class=\"is-layout-flow wp-block-column\">\n<p>With <strong>the application <a href=\"https:\/\/www.oisetourisme.com\/oise-rando-lappli-de-vos-randos-a-pied-ou-a-velo\/\" target=\"_blank\" rel=\"noreferrer noopener\">Oise Rando<\/a><\/strong>Discover the department's walking and cycling routes!<\/p>\n<\/div>\n<\/div>\n\n\n\n<div class=\"is-layout-flex wp-container-22 wp-block-columns\">\n<div class=\"is-layout-flow wp-block-column\">\n<figure class=\"wp-block-image size-full\"><img decoding=\"async\" loading=\"lazy\" width=\"1200\" height=\"800\" data-src=\"https:\/\/www.creilsudoise-tourisme.fr\/wp-content\/uploads\/2025\/09\/Velo_013_HD_\u00a9_cyril_badet.jpg\" alt=\"\" class=\"wp-image-65144\" data-srcset=\"https:\/\/www.creilsudoise-tourisme.fr\/wp-content\/uploads\/2025\/09\/Velo_013_HD_\u00a9_cyril_badet.jpg 1200w, https:\/\/www.creilsudoise-tourisme.fr\/wp-content\/uploads\/2025\/09\/Velo_013_HD_\u00a9_cyril_badet-600x400.jpg 600w, https:\/\/www.creilsudoise-tourisme.fr\/wp-content\/uploads\/2025\/09\/Velo_013_HD_\u00a9_cyril_badet-900x600.jpg 900w, https:\/\/www.creilsudoise-tourisme.fr\/wp-content\/uploads\/2025\/09\/Velo_013_HD_\u00a9_cyril_badet-18x12.jpg 18w, https:\/\/www.creilsudoise-tourisme.fr\/wp-content\/uploads\/2025\/09\/Velo_013_HD_\u00a9_cyril_badet-200x133.jpg 200w, https:\/\/www.creilsudoise-tourisme.fr\/wp-content\/uploads\/2025\/09\/Velo_013_HD_\u00a9_cyril_badet-650x433.jpg 650w, https:\/\/www.creilsudoise-tourisme.fr\/wp-content\/uploads\/2025\/09\/Velo_013_HD_\u00a9_cyril_badet-387x258.jpg 387w\" sizes=\"(max-width: 1200px) 100vw, 1200px\" \/><\/figure>\n<\/div>\n\n\n\n<div class=\"is-layout-flow wp-block-column\">\n<p>The Oise Pays de France Regional Nature Park offers <strong>routes on its application <a href=\"https:\/\/destination.parc-oise-paysdefrance.fr\/sorganiser\/lapplication-rando\/\" target=\"_blank\" rel=\"noreferrer noopener\">Rando Parc<\/a> <\/strong>to download onto your smartphone!<\/p>\n<\/div>\n<\/div>\n\n\n\n<div class=\"wp-block-strate-full alignfull\">\n\n    <div class=\"wp-block-strate-full-thumbnail\">\n        <img data-src=\"https:\/\/www.creilsudoise-tourisme.fr\/wp-content\/uploads\/2023\/04\/Berges-de-lOise-1600x900.jpg\" alt=\"Banks of the Oise\">\n    <\/div>\n\n\t\n        <div class=\"wp-block-strate-full-content wp-block-strate-full-content-left\">\n\t\t\t\t\t\t                <p class=\"wp-block-strate-full-content-excerpt\"> <strong>Ponds, riverbanks, parks, protected natural areas<\/strong> take advantage of the diversity of the landscapes of the Creil Sud Oise area on your walks! <\/p>\n\t\t\t        <\/div>\n\n\t\n<\/div>\n\n\n\n<h2 id=\"balade\">Strolls in the parks and along the river banks<\/h2>\n\n\n\n<p>Take a stroll through the towns and villages of the Creil Sud Oise area and you'll discover <strong>varied and sometimes surprising landscapes<\/strong> ! An <a href=\"https:\/\/www.creilsudoise-tourisme.fr\/en\/espace-naturel\/etang-sainte-barbe\/\" target=\"_blank\" rel=\"noreferrer noopener\">azure pond,<\/a>, <a href=\"https:\/\/www.creilsudoise-tourisme.fr\/en\/loisirs\/les-glachoirs\/\" target=\"_blank\" rel=\"noreferrer noopener\">biodiversity from the south of France<\/a>walks alongside the banks of rapids <a href=\"https:\/\/www.creilsudoise-tourisme.fr\/en\/espace-naturel\/berges-du-therain-a-montataire\/\" target=\"_blank\" rel=\"noreferrer noopener\">fast <\/a>or a <a href=\"https:\/\/www.creilsudoise-tourisme.fr\/en\/espace-naturel\/marais-de-chantraine\/\" target=\"_blank\" rel=\"noreferrer noopener\">marsh<\/a>... there's even <a href=\"https:\/\/www.creilsudoise-tourisme.fr\/en\/espace-naturel\/square-japanese-phillippe-decourtray\/\" target=\"_blank\" rel=\"noreferrer noopener\">a park with a japanese setting<\/a> !<\/p>\n\n\n\n<figure class=\"wp-block-embed is-type-video is-provider-youtube wp-block-embed-youtube wp-embed-aspect-16-9 wp-has-aspect-ratio\"><div class=\"wp-block-embed__wrapper\">\n<iframe loading=\"lazy\" title=\"Stroll along the banks of Saint-Leu-d&#039;Esserent | Creil Sud Oise Tourisme\" width=\"500\" height=\"281\" data-src=\"https:\/\/www.youtube.com\/embed\/Lrdcfwg_4bY?feature=oembed\" frameborder=\"0\" allow=\"accelerometer; autoplay; clipboard-write; encrypted-media; gyroscope; picture-in-picture; web-share\" referrerpolicy=\"strict-origin-when-cross-origin\" allowfullscreen><\/iframe>\n<\/div><figcaption class=\"wp-element-caption\">Discover the banks of the river Oise in Saint-Leu-d'Esserent<\/figcaption><\/figure>\n\n\n\n\n\n<div class=\"wp-block-strate-full alignfull\">\n\n    <div class=\"wp-block-strate-full-thumbnail\">\n        <img data-src=\"https:\/\/www.creilsudoise-tourisme.fr\/wp-content\/uploads\/2023\/04\/Promenade-aux-Glachoirs.jpg\" alt=\"Walk to the Glachoirs\">\n    <\/div>\n\n\t\n        <div class=\"wp-block-strate-full-content wp-block-strate-full-content-left\">\n\t\t\t\t\t\t                <p class=\"wp-block-strate-full-content-excerpt\"> Picnic <strong>secured cycling paths<\/strong> crossing Creil Sud Oise area wich you can take to join<strong> major european cycling routes.<\/strong> <\/p>\n\t\t\t        <\/div>\n\n\t\n<\/div>\n\n\n\n<h2 id=\"itineraires-departementaux\">Major european cycling routes<\/h2>\n\n\n\n<p>Creil Sud Oise area is crossed by <strong>two major european cycling routes<\/strong> : <strong>The Trans'Oise <\/strong>and the cycling route named <strong>The \"Massif des Trois For\u00eats\" (meaning the three great forests)<\/strong>.<\/p>\n\n\n\n<h3>The Trans'Oise<\/h3>\n\n\n\n<p>In the Oise department, not far from Creil Sud Oise area, you can travel along the<a href=\"https:\/\/www.avenuevertelondonparis.com\/\" target=\"_blank\" rel=\"noreferrer noopener\">Avenue verte London-Paris<\/a> and the<a href=\"https:\/\/www.scandiberique.fr\/\" target=\"_blank\" rel=\"noreferrer noopener\">Euroveloroute n\u00b03 Scandib\u00e9rique<\/a>. Find these routes by following the <strong>Trans'Oise<\/strong>, <strong>a slow traffic route that can be used on foot, by bike or even on rollerblades!<\/strong><\/p>\n\n\n\n<p>Plan your slow trip with the help of the website&nbsp;<a href=\"https:\/\/www.oise-mobilite.fr\/\" target=\"_blank\" rel=\"noreferrer noopener\">Oise Mobility<\/a>&nbsp;(by choosing bicycle transport)!<\/p>\n\n\n\n<div class=\"is-content-justification-center is-layout-flex wp-container-23 wp-block-buttons\">\n<div class=\"wp-block-button\"><a class=\"wp-block-button__link wp-element-button\" href=\"https:\/\/www.oise-mobilite.fr\/fr\/part14\/transoise\/1014\" target=\"_blank\" rel=\"noreferrer noopener\">The Trans'Oise<\/a><\/div>\n<\/div>\n\n\n\n<h3>The \"Massif des Trois For\u00eats\" (meaning the three great forests)<\/h3>\n\n\n\n<p>Cycle to <strong>discover the three most beautiful forests in the Oise region<\/strong> ! Follow the departmental route <strong>The Massif des Trois For\u00eat<\/strong> and admire the natural domains of Chantilly, Ermenonville and Halatte from Saint-Maximin (where you can also visit the <a href=\"https:\/\/www.creilsudoise-tourisme.fr\/en\/jexplore\/must-haves\/maison-de-la-pierre\/\" target=\"_blank\" rel=\"noreferrer noopener\">Maison de la Pierre<\/a> to discover the history of the limestone quarries that have shaped the south of Oise). <\/p>\n\n\n\n<p>This route crosses the <a href=\"https:\/\/www.parc-oise-paysdefrance.fr\/\" target=\"_blank\" rel=\"noreferrer noopener\">Oise-Pays de France Regional Nature Park,<\/a>which offers<strong> many ideas for walks and hikes<\/strong> You really should follow their signposted itineraries! <\/p>\n\n\n\n<div class=\"is-content-justification-center is-layout-flex wp-container-24 wp-block-buttons\">\n<div class=\"wp-block-button\"><a class=\"wp-block-button__link wp-element-button\" href=\"https:\/\/www.oisetourisme.com\/itineraire\/le-massif-des-trois-forets\/\" target=\"_blank\" rel=\"noreferrer noopener\">The Three Forests Massif<\/a><\/div>\n<\/div>\n\n\n\n<div class=\"wp-block-strate-full alignfull\">\n\n    <div class=\"wp-block-strate-full-thumbnail\">\n        <img data-src=\"https:\/\/www.creilsudoise-tourisme.fr\/wp-content\/uploads\/2023\/04\/Randonnee-Entre-Champs-et-Vallee-1600x900.jpg\" alt=\"Walking between fields and valleys\">\n    <\/div>\n\n\t\n        <div class=\"wp-block-strate-full-content wp-block-strate-full-content-right\">\n\t\t\t\t\t\t                <p class=\"wp-block-strate-full-content-excerpt\"> Enjoy <strong>a guided hike organised by a Club to walk in group!<\/strong> <\/p>\n\t\t\t        <\/div>\n\n\t\n<\/div>\n\n\n\n<h2>Walking with a hiking club<\/h2>\n\n\n\n<p>Are you looking for a <strong><a href=\"https:\/\/www.creilsudoise-tourisme.fr\/en\/2022\/01\/24\/hike-2\/\" target=\"_blank\" rel=\"noreferrer noopener\">hiking club<\/a> to walk in a group <\/strong>or try some more sporty walking? Discover<strong> associations that regularly organise outings and walks <\/strong>in Creil Sud Oise area and the surroundings!<\/p>\n\n\n\n<p>Some offer only <strong>walking<\/strong>others also offer <strong>cycling outings<\/strong>.<\/p>\n\n\n\n<div class=\"is-content-justification-center is-layout-flex wp-container-25 wp-block-buttons\">\n<div class=\"wp-block-button\"><a class=\"wp-block-button__link wp-element-button\" href=\"https:\/\/www.creilsudoise-tourisme.fr\/en\/2022\/01\/24\/hike-2\/\" target=\"_blank\" rel=\"noreferrer noopener\">Hiking clubs<\/a><\/div>\n<\/div>\n\n\n<div data-related-sit=\"1\" data-block-type=\"related-sit-gt\" data-block-id=\"wpet-sit-18fnhwwa5hs\"><div class=\"wp-block wp-block-related-post wp-block-related-list-sit alignfull\">\n    \n    <div class=\"container\">\n\n                    <h2 class=\"wp-block-related-post-title\">Upcoming tours<\/h2>\n        \n                    <div id=\"wpiris-related-post-140\" data-id=\"wpiris-entity-slider\">\n                <div class=\"wp-block-related-post-list wp-block-related-post-list--3\" data-id=\"wpiris-entity-slider-wrapper\">\n\n                    \n<div class=\"entityItem\" data-trigger=\"wpiris-click\" data-id=\"wpiris-entity-slider-item\">\n    <p class=\"entityItemThumbnail\">\n        <a href=\"https:\/\/www.creilsudoise-tourisme.fr\/en\/agenda-animations\/60-kms-de-marche-de-loise-10th-edition\/\" nofancybox>\n            <img data-src=\"https:\/\/www.creilsudoise-tourisme.fr\/wp-content\/uploads\/wpetourisme\/Affiche-Les-60-km-marche-Rando-Sud-Oise-27-28-juin-2026-275x350.jpg\" alt=\"LES 60 KMS DE MARCHE DE L&#039;OISE 10th EDITION\">\n        <\/a>\n    <\/p>\n    <div class=\"entityItemContent\">\n        <h2 class=\"entityItemContentTitle\">\n            <a href=\"https:\/\/www.creilsudoise-tourisme.fr\/en\/agenda-animations\/60-kms-de-marche-de-loise-10th-edition\/\">LES 60 KMS DE MARCHE DE L'OISE 10th EDITION<\/a>\n        <\/h2>\n                    <p class=\"entityItemContentType\">Festivals and events<\/p>\n            <\/div>\n    <a href=\"https:\/\/www.creilsudoise-tourisme.fr\/en\/agenda-animations\/60-kms-de-marche-de-loise-10th-edition\/\" class=\"seeMore\"><span class=\"sr-only\">See more<\/span><\/a>\n<\/div>\n\n<div class=\"entityItem\" data-trigger=\"wpiris-click\" data-id=\"wpiris-entity-slider-item\">\n    <p class=\"entityItemThumbnail\">\n        <a href=\"https:\/\/www.creilsudoise-tourisme.fr\/en\/agenda-animations\/les-relais-de-lacso\/\" nofancybox>\n            <img data-src=\"https:\/\/www.creilsudoise-tourisme.fr\/wp-content\/uploads\/wpetourisme\/relais-de-l-ACSO-2026-700x700px-275x350.jpg\" alt=\"The ACSO Relays\">\n        <\/a>\n    <\/p>\n    <div class=\"entityItemContent\">\n        <h2 class=\"entityItemContentTitle\">\n            <a href=\"https:\/\/www.creilsudoise-tourisme.fr\/en\/agenda-animations\/les-relais-de-lacso\/\">The ACSO Relays<\/a>\n        <\/h2>\n                    <p class=\"entityItemContentType\">Festivals and events<\/p>\n            <\/div>\n    <a href=\"https:\/\/www.creilsudoise-tourisme.fr\/en\/agenda-animations\/les-relais-de-lacso\/\" class=\"seeMore\"><span class=\"sr-only\">See more<\/span><\/a>\n<\/div>\n\n<div class=\"entityItem\" data-trigger=\"wpiris-click\" data-id=\"wpiris-entity-slider-item\">\n    <p class=\"entityItemThumbnail\">\n        <a href=\"https:\/\/www.creilsudoise-tourisme.fr\/en\/agenda-animations\/hike-the-60kms-of-loise-walking\/\" nofancybox>\n            <img data-src=\"https:\/\/www.creilsudoise-tourisme.fr\/wp-content\/uploads\/wpetourisme\/Affiche-Les-60-km-marche-Rando-Sud-Oise-27-28-juin-2026-2-275x350.jpg\" alt=\"Hiking | The 60kms walk in the Oise region\">\n        <\/a>\n    <\/p>\n    <div class=\"entityItemContent\">\n        <h2 class=\"entityItemContentTitle\">\n            <a href=\"https:\/\/www.creilsudoise-tourisme.fr\/en\/agenda-animations\/hike-the-60kms-of-loise-walking\/\">Hiking | The 60kms walk in the Oise region<\/a>\n        <\/h2>\n                    <p class=\"entityItemContentType\">Festivals and events<\/p>\n            <\/div>\n    <a href=\"https:\/\/www.creilsudoise-tourisme.fr\/en\/agenda-animations\/hike-the-60kms-of-loise-walking\/\" class=\"seeMore\"><span class=\"sr-only\">See more<\/span><\/a>\n<\/div>\n                <\/div>\n\n                            <\/div>\n            <\/div>\n<\/div><\/div>\n\n\n<hr class=\"wp-block-separator has-alpha-channel-opacity\"\/>","protected":false},"excerpt":{"rendered":"<p>Between forests and stone quarries, dynamic towns and villages typical of the south of the Oise, the Destination Creil Sud Oise offers you an ideal setting for walking and hiking. Hiking on signposted trails Destination Creil Sud Oise is packed with hiking trails, many of which are signposted and included in the Departmental Walking Plan.<\/p>","protected":false},"author":3,"featured_media":47225,"parent":131,"menu_order":1,"comment_status":"closed","ping_status":"closed","template":"","meta":{"_relevanssi_hide_post":"","_relevanssi_hide_content":"","_relevanssi_pin_for_all":"","_relevanssi_pin_keywords":"","_relevanssi_unpin_keywords":"","_relevanssi_related_keywords":"","_relevanssi_related_include_ids":"","_relevanssi_related_exclude_ids":"","_relevanssi_related_no_append":"","_relevanssi_related_not_related":"","_relevanssi_related_posts":"37951,40454,36653,43630,37932,36660","_relevanssi_noindex_reason":""},"yoast_head":"<!-- This site is optimized with the Yoast SEO plugin v20.2.1 - https:\/\/yoast.com\/wordpress\/plugins\/seo\/ -->\n<title>Randonner \u00e0 Creil Sud Oise<\/title>\n<meta name=\"description\" content=\"Envie de partir en randonn\u00e9e ? D\u00e9couvrez des chemins de randonn\u00e9es et des itin\u00e9raires balis\u00e9s, pour des balades \u00e0 pied, en v\u00e9lo ou \u00e0 cheval !\" \/>\n<meta name=\"robots\" content=\"index, follow, max-snippet:-1, max-image-preview:large, max-video-preview:-1\" \/>\n<link rel=\"canonical\" href=\"https:\/\/www.creilsudoise-tourisme.fr\/en\/jexplore\/must-haves\/hiking\/\" \/>\n<meta property=\"og:locale\" content=\"en_GB\" \/>\n<meta property=\"og:type\" content=\"article\" \/>\n<meta property=\"og:title\" content=\"Randonner \u00e0 Creil Sud Oise\" \/>\n<meta property=\"og:description\" content=\"Envie de partir en randonn\u00e9e ? D\u00e9couvrez des chemins de randonn\u00e9es et des itin\u00e9raires balis\u00e9s, pour des balades \u00e0 pied, en v\u00e9lo ou \u00e0 cheval !\" \/>\n<meta property=\"og:url\" content=\"https:\/\/www.creilsudoise-tourisme.fr\/en\/jexplore\/must-haves\/hiking\/\" \/>\n<meta property=\"og:site_name\" content=\"Office de Tourisme Creil Sud Oise\" \/>\n<meta property=\"article:publisher\" content=\"https:\/\/www.facebook.com\/creilsudoisetourisme\/\" \/>\n<meta property=\"article:modified_time\" content=\"2025-09-15T07:43:27+00:00\" \/>\n<meta property=\"og:image\" content=\"https:\/\/www.creilsudoise-tourisme.fr\/wp-content\/uploads\/2023\/04\/Randonnee_Creil-Sud-Oise.jpg\" \/>\n\t<meta property=\"og:image:width\" content=\"1740\" \/>\n\t<meta property=\"og:image:height\" content=\"979\" \/>\n\t<meta property=\"og:image:type\" content=\"image\/jpeg\" \/>\n<meta name=\"twitter:card\" content=\"summary_large_image\" \/>\n<meta name=\"twitter:site\" content=\"@CreilSudOiseOT\" \/>\n<meta name=\"twitter:label1\" content=\"Estimated reading time\" \/>\n\t<meta name=\"twitter:data1\" content=\"4 minutes\" \/>\n<script type=\"application\/ld+json\" class=\"yoast-schema-graph\">{\"@context\":\"https:\/\/schema.org\",\"@graph\":[{\"@type\":\"WebPage\",\"@id\":\"https:\/\/www.creilsudoise-tourisme.fr\/jexplore\/incontournables\/randonner\/\",\"url\":\"https:\/\/www.creilsudoise-tourisme.fr\/jexplore\/incontournables\/randonner\/\",\"name\":\"Randonner \u00e0 Creil Sud Oise\",\"isPartOf\":{\"@id\":\"https:\/\/www.creilsudoise-tourisme.fr\/#website\"},\"datePublished\":\"2023-04-17T14:58:29+00:00\",\"dateModified\":\"2025-09-15T07:43:27+00:00\",\"description\":\"Envie de partir en randonn\u00e9e ? D\u00e9couvrez des chemins de randonn\u00e9es et des itin\u00e9raires balis\u00e9s, pour des balades \u00e0 pied, en v\u00e9lo ou \u00e0 cheval !\",\"breadcrumb\":{\"@id\":\"https:\/\/www.creilsudoise-tourisme.fr\/jexplore\/incontournables\/randonner\/#breadcrumb\"},\"inLanguage\":\"en-GB\",\"potentialAction\":[{\"@type\":\"ReadAction\",\"target\":[\"https:\/\/www.creilsudoise-tourisme.fr\/jexplore\/incontournables\/randonner\/\"]}]},{\"@type\":\"BreadcrumbList\",\"@id\":\"https:\/\/www.creilsudoise-tourisme.fr\/jexplore\/incontournables\/randonner\/#breadcrumb\",\"itemListElement\":[{\"@type\":\"ListItem\",\"position\":1,\"name\":\"Accueil\",\"item\":\"https:\/\/www.creilsudoise-tourisme.fr\/\"},{\"@type\":\"ListItem\",\"position\":2,\"name\":\"J&rsquo;explore\",\"item\":\"https:\/\/www.creilsudoise-tourisme.fr\/jexplore\/\"},{\"@type\":\"ListItem\",\"position\":3,\"name\":\"Les incontournables\",\"item\":\"https:\/\/www.creilsudoise-tourisme.fr\/jexplore\/incontournables\/\"},{\"@type\":\"ListItem\",\"position\":4,\"name\":\"Les balades &#038; randonn\u00e9es\"}]},{\"@type\":\"WebSite\",\"@id\":\"https:\/\/www.creilsudoise-tourisme.fr\/#website\",\"url\":\"https:\/\/www.creilsudoise-tourisme.fr\/\",\"name\":\"Office de Tourisme Creil Sud Oise\",\"description\":\"Creil Sud Oise Tourisme, un territoire \u00e0 explorer !\",\"publisher\":{\"@id\":\"https:\/\/www.creilsudoise-tourisme.fr\/#organization\"},\"potentialAction\":[{\"@type\":\"SearchAction\",\"target\":{\"@type\":\"EntryPoint\",\"urlTemplate\":\"https:\/\/www.creilsudoise-tourisme.fr\/?s={search_term_string}\"},\"query-input\":\"required name=search_term_string\"}],\"inLanguage\":\"en-GB\"},{\"@type\":\"Organization\",\"@id\":\"https:\/\/www.creilsudoise-tourisme.fr\/#organization\",\"name\":\"Creil Sud Oise Tourisme\",\"url\":\"https:\/\/www.creilsudoise-tourisme.fr\/\",\"logo\":{\"@type\":\"ImageObject\",\"inLanguage\":\"en-GB\",\"@id\":\"https:\/\/www.creilsudoise-tourisme.fr\/#\/schema\/logo\/image\/\",\"url\":\"https:\/\/www.creilsudoise-tourisme.fr\/wp-content\/uploads\/2021\/05\/logo-svg.png\",\"contentUrl\":\"https:\/\/www.creilsudoise-tourisme.fr\/wp-content\/uploads\/2021\/05\/logo-svg.png\",\"width\":182,\"height\":71,\"caption\":\"Creil Sud Oise Tourisme\"},\"image\":{\"@id\":\"https:\/\/www.creilsudoise-tourisme.fr\/#\/schema\/logo\/image\/\"},\"sameAs\":[\"https:\/\/www.facebook.com\/creilsudoisetourisme\/\",\"https:\/\/twitter.com\/CreilSudOiseOT\",\"https:\/\/www.instagram.com\/creilsudoisetourisme\/\",\"https:\/\/www.youtube.com\/channel\/UC8L_QD2wwyADW14zt9fY8kw\"]}]}<\/script>\n<!-- \/ Yoast SEO plugin. -->","yoast_head_json":{"title":"Randonner \u00e0 Creil Sud Oise","description":"Envie de partir en randonn\u00e9e ? D\u00e9couvrez des chemins de randonn\u00e9es et des itin\u00e9raires balis\u00e9s, pour des balades \u00e0 pied, en v\u00e9lo ou \u00e0 cheval !","robots":{"index":"index","follow":"follow","max-snippet":"max-snippet:-1","max-image-preview":"max-image-preview:large","max-video-preview":"max-video-preview:-1"},"canonical":"https:\/\/www.creilsudoise-tourisme.fr\/en\/jexplore\/must-haves\/hiking\/","og_locale":"en_GB","og_type":"article","og_title":"Randonner \u00e0 Creil Sud Oise","og_description":"Envie de partir en randonn\u00e9e ? D\u00e9couvrez des chemins de randonn\u00e9es et des itin\u00e9raires balis\u00e9s, pour des balades \u00e0 pied, en v\u00e9lo ou \u00e0 cheval !","og_url":"https:\/\/www.creilsudoise-tourisme.fr\/en\/jexplore\/must-haves\/hiking\/","og_site_name":"Office de Tourisme Creil Sud Oise","article_publisher":"https:\/\/www.facebook.com\/creilsudoisetourisme\/","article_modified_time":"2025-09-15T07:43:27+00:00","og_image":[{"width":1740,"height":979,"url":"https:\/\/www.creilsudoise-tourisme.fr\/wp-content\/uploads\/2023\/04\/Randonnee_Creil-Sud-Oise.jpg","type":"image\/jpeg"}],"twitter_card":"summary_large_image","twitter_site":"@CreilSudOiseOT","twitter_misc":{"Estimated reading time":"4 minutes"},"schema":{"@context":"https:\/\/schema.org","@graph":[{"@type":"WebPage","@id":"https:\/\/www.creilsudoise-tourisme.fr\/jexplore\/incontournables\/randonner\/","url":"https:\/\/www.creilsudoise-tourisme.fr\/jexplore\/incontournables\/randonner\/","name":"Randonner \u00e0 Creil Sud Oise","isPartOf":{"@id":"https:\/\/www.creilsudoise-tourisme.fr\/#website"},"datePublished":"2023-04-17T14:58:29+00:00","dateModified":"2025-09-15T07:43:27+00:00","description":"Envie de partir en randonn\u00e9e ? D\u00e9couvrez des chemins de randonn\u00e9es et des itin\u00e9raires balis\u00e9s, pour des balades \u00e0 pied, en v\u00e9lo ou \u00e0 cheval !","breadcrumb":{"@id":"https:\/\/www.creilsudoise-tourisme.fr\/jexplore\/incontournables\/randonner\/#breadcrumb"},"inLanguage":"en-GB","potentialAction":[{"@type":"ReadAction","target":["https:\/\/www.creilsudoise-tourisme.fr\/jexplore\/incontournables\/randonner\/"]}]},{"@type":"BreadcrumbList","@id":"https:\/\/www.creilsudoise-tourisme.fr\/jexplore\/incontournables\/randonner\/#breadcrumb","itemListElement":[{"@type":"ListItem","position":1,"name":"Accueil","item":"https:\/\/www.creilsudoise-tourisme.fr\/"},{"@type":"ListItem","position":2,"name":"J&rsquo;explore","item":"https:\/\/www.creilsudoise-tourisme.fr\/jexplore\/"},{"@type":"ListItem","position":3,"name":"Les incontournables","item":"https:\/\/www.creilsudoise-tourisme.fr\/jexplore\/incontournables\/"},{"@type":"ListItem","position":4,"name":"Les balades &#038; randonn\u00e9es"}]},{"@type":"WebSite","@id":"https:\/\/www.creilsudoise-tourisme.fr\/#website","url":"https:\/\/www.creilsudoise-tourisme.fr\/","name":"Office de Tourisme Creil Sud Oise","description":"Creil Sud Oise Tourisme, un territoire \u00e0 explorer !","publisher":{"@id":"https:\/\/www.creilsudoise-tourisme.fr\/#organization"},"potentialAction":[{"@type":"SearchAction","target":{"@type":"EntryPoint","urlTemplate":"https:\/\/www.creilsudoise-tourisme.fr\/?s={search_term_string}"},"query-input":"required name=search_term_string"}],"inLanguage":"en-GB"},{"@type":"Organization","@id":"https:\/\/www.creilsudoise-tourisme.fr\/#organization","name":"Creil Sud Oise Tourisme","url":"https:\/\/www.creilsudoise-tourisme.fr\/","logo":{"@type":"ImageObject","inLanguage":"en-GB","@id":"https:\/\/www.creilsudoise-tourisme.fr\/#\/schema\/logo\/image\/","url":"https:\/\/www.creilsudoise-tourisme.fr\/wp-content\/uploads\/2021\/05\/logo-svg.png","contentUrl":"https:\/\/www.creilsudoise-tourisme.fr\/wp-content\/uploads\/2021\/05\/logo-svg.png","width":182,"height":71,"caption":"Creil Sud Oise Tourisme"},"image":{"@id":"https:\/\/www.creilsudoise-tourisme.fr\/#\/schema\/logo\/image\/"},"sameAs":["https:\/\/www.facebook.com\/creilsudoisetourisme\/","https:\/\/twitter.com\/CreilSudOiseOT","https:\/\/www.instagram.com\/creilsudoisetourisme\/","https:\/\/www.youtube.com\/channel\/UC8L_QD2wwyADW14zt9fY8kw"]}]}},"_links":{"self":[{"href":"https:\/\/www.creilsudoise-tourisme.fr\/en\/wp-json\/wp\/v2\/pages\/47202"}],"collection":[{"href":"https:\/\/www.creilsudoise-tourisme.fr\/en\/wp-json\/wp\/v2\/pages"}],"about":[{"href":"https:\/\/www.creilsudoise-tourisme.fr\/en\/wp-json\/wp\/v2\/types\/page"}],"author":[{"embeddable":true,"href":"https:\/\/www.creilsudoise-tourisme.fr\/en\/wp-json\/wp\/v2\/users\/3"}],"replies":[{"embeddable":true,"href":"https:\/\/www.creilsudoise-tourisme.fr\/en\/wp-json\/wp\/v2\/comments?post=47202"}],"version-history":[{"count":26,"href":"https:\/\/www.creilsudoise-tourisme.fr\/en\/wp-json\/wp\/v2\/pages\/47202\/revisions"}],"predecessor-version":[{"id":65146,"href":"https:\/\/www.creilsudoise-tourisme.fr\/en\/wp-json\/wp\/v2\/pages\/47202\/revisions\/65146"}],"up":[{"embeddable":true,"href":"https:\/\/www.creilsudoise-tourisme.fr\/en\/wp-json\/wp\/v2\/pages\/131"}],"wp:featuredmedia":[{"embeddable":true,"href":"https:\/\/www.creilsudoise-tourisme.fr\/en\/wp-json\/wp\/v2\/media\/47225"}],"wp:attachment":[{"href":"https:\/\/www.creilsudoise-tourisme.fr\/en\/wp-json\/wp\/v2\/media?parent=47202"}],"curies":[{"name":"wp","href":"https:\/\/api.w.org\/{rel}","templated":true}]}}