{"id":33212,"date":"2021-04-07T18:06:44","date_gmt":"2021-04-07T16:06:09","guid":{"rendered":"https:\/\/www.creilsudoise-tourisme.fr\/espace-pro\/rencontres-des-explorateurs\/2-rencontre-des-explorateur-2020\/"},"modified":"2022-06-14T14:33:25","modified_gmt":"2022-06-14T12:33:25","slug":"rencontre-des-explorateurs-2022","status":"publish","type":"page","link":"https:\/\/www.creilsudoise-tourisme.fr\/en\/espace-pro\/rencontres-explorateurs\/rencontres-des-explorateurs-2022\/","title":{"rendered":"#3 Meeting of the Explorers (2022)"},"content":{"rendered":"<p class=\"is-style-excerpt\">The city of <strong>31 March 2022<\/strong>The third <strong>Explorers' Meeting<\/strong>a meeting organised by the Creil Sud Oise Tourist Office and <strong>dedicated to tourism professionals and ambassadors of the Destination<\/strong>.<\/p>\n\n\n\n<div class=\"is-layout-flex wp-container-3 wp-block-columns\">\n<div class=\"is-layout-flow wp-block-column\" style=\"flex-basis:33.33%\">\n<figure class=\"wp-block-image size-large is-resized\"><img decoding=\"async\" loading=\"lazy\" data-src=\"https:\/\/www.creilsudoise-tourisme.fr\/wp-content\/uploads\/2022\/02\/3eme-Rencontre-des-Explorateurs-1200x798.jpg\" alt=\"3rd Explorers&#039; Meeting\" class=\"wp-image-40121\" width=\"472\" height=\"312\" data-srcset=\"https:\/\/www.creilsudoise-tourisme.fr\/wp-content\/uploads\/2022\/02\/3eme-Rencontre-des-Explorateurs-200x133.jpg 200w, https:\/\/www.creilsudoise-tourisme.fr\/wp-content\/uploads\/2022\/02\/3eme-Rencontre-des-Explorateurs-387x257.jpg 387w\" sizes=\"(max-width: 472px) 100vw, 472px\" \/><\/figure>\n<\/div>\n\n\n\n<div class=\"is-layout-flow wp-block-column\" style=\"flex-basis:66.66%\">\n<p class=\"is-style-default\">See the <strong>Assessment of the third Explorers' Meeting<\/strong> and find out more about the day's programme, including a conference on <strong>Tourist Development Contract<\/strong> bringing together the Creil Sud Oise and Pays d'Oise et d'Halatte Tourist Offices, as well as the <strong>visit to the <a href=\"https:\/\/www.creilsudoise-tourisme.fr\/en\/jexplore\/must-haves\/maison-de-la-pierre\/\" target=\"_blank\" rel=\"noreferrer noopener\">Maison de la Pierre<\/a> and <a href=\"https:\/\/www.creilsudoise-tourisme.fr\/en\/jexplore\/must-haves\/museum-bombing\/\" target=\"_blank\" rel=\"noreferrer noopener\">Bombing Museum <\/a>in Saint-Maximin<\/strong> ! This beautiful day brought together 34 participants! <\/p>\n\n\n\n<p><a href=\"https:\/\/www.creilsudoise-tourisme.fr\/wp-content\/uploads\/2022\/06\/BILAN-de-la-3eme-Rencontre-des-explorateurs.pdf\" target=\"_blank\" rel=\"noreferrer noopener\">Review of the 3<sup>th<\/sup> Explorers' Meeting<\/a><\/p>\n<\/div>\n<\/div>\n\n\n\n<div class=\"wp-block wp-block-accordion\" id=\"accordion\">\n    \n                    <div class=\"wp-block-accordion-item\">\n            <div id=\"heading9822\">\n                <h3 class=\"wp-block-accordion-item-title\" data-toggle=\"collapse\" data-target=\"#collapse9822\">\n                    See the programme                <\/h3>\n            <\/div>\n            <div class=\"wp-block-accordion-item-content collapse\" id=\"collapse9822\" data-parent=\"#accordion\">\n                <p><strong>&gt; 9h00<\/strong>\u00a0Coffee reception<\/p><p><strong>&gt; 9h20\u00a0<\/strong>Welcome address<\/p><p><strong>&gt; 9h40\u00a0<\/strong>Introduction and presentation of the day<\/p><p><strong>&gt; 9.50 am Group activities to get to know each other better<\/strong><\/p><p><strong>&gt; 10h20<\/strong>\u00a0Presentation of the <strong>Oise and Stone Valley Tourist Development Contract<\/strong>\u00a0supported by the Agglom\u00e9ration Creil Sud Oise, the Communaut\u00e9 de communes Pays d'Oise et d'Halatte and Creil Sud Oise Tourisme. Together, we're on the road to shared tourism development!<\/p><p><strong>&gt; 11h30<\/strong>\u00a0<strong>Quiz Do you know the Creil Sud Oise area?<\/strong><\/p><p>><strong> 12.30pm Lunch at the Buvette<\/strong>restaurant in Saint-Maximin<\/p><p>><strong> 14:30 Tour of Saint-Maximin,\u00a0<\/strong>choice of guided tour (registration required) :<\/p><p><strong>Carri\u00e8re Parrain at the Maison de la Pierre<\/strong> <em>and\/or<\/em> <strong>Museum of bombing<\/strong><\/p><p>><strong> 15h30\u00a0<\/strong>End of the day (or <strong>17h<\/strong>\u00a0if visiting both sites)<\/p>            <\/div>\n        <\/div>\n    \n<\/div>","protected":false},"excerpt":{"rendered":"<p>The third Rencontre des Explorateurs took place on 31 March 2022, organised by the Office de Tourisme Creil Sud Oise and dedicated to tourism professionals and ambassadors for the Destination. Take a look at the results of the third Explorers' Meeting and find out about the day's programme, which included a conference on the Tourism Contract [...].<\/p>","protected":false},"author":1,"featured_media":41631,"parent":211,"menu_order":3,"comment_status":"closed","ping_status":"closed","template":"","meta":{"_relevanssi_hide_post":"","_relevanssi_hide_content":"","_relevanssi_pin_for_all":"","_relevanssi_pin_keywords":"","_relevanssi_unpin_keywords":"","_relevanssi_related_keywords":"","_relevanssi_related_include_ids":"","_relevanssi_related_exclude_ids":"","_relevanssi_related_no_append":"","_relevanssi_related_not_related":"","_relevanssi_related_posts":"275,271,267,273","_relevanssi_noindex_reason":""},"yoast_head":"<!-- This site is optimized with the Yoast SEO plugin v20.2.1 - https:\/\/yoast.com\/wordpress\/plugins\/seo\/ -->\n<title>3\u00e8me Rencontre des Explorateurs a eu lieu \u00e0 la Maison de la Pierre<\/title>\n<meta name=\"description\" content=\"D\u00e9couvrez la troisi\u00e8me Rencontre des Explorateurs qui a eu lieu \u00e0 la Maison de la Pierre \u00e0 Saint-Maximin le 31 mars 2022.\" \/>\n<meta name=\"robots\" content=\"index, follow, max-snippet:-1, max-image-preview:large, max-video-preview:-1\" \/>\n<link rel=\"canonical\" href=\"https:\/\/www.creilsudoise-tourisme.fr\/en\/espace-pro\/rencontres-explorateurs\/rencontre-des-explorateurs-2022\/\" \/>\n<meta property=\"og:locale\" content=\"en_GB\" \/>\n<meta property=\"og:type\" content=\"article\" \/>\n<meta property=\"og:title\" content=\"3\u00e8me Rencontre des Explorateurs a eu lieu \u00e0 la Maison de la Pierre\" \/>\n<meta property=\"og:description\" content=\"D\u00e9couvrez la troisi\u00e8me Rencontre des Explorateurs qui a eu lieu \u00e0 la Maison de la Pierre \u00e0 Saint-Maximin le 31 mars 2022.\" \/>\n<meta property=\"og:url\" content=\"https:\/\/www.creilsudoise-tourisme.fr\/en\/espace-pro\/rencontres-explorateurs\/rencontre-des-explorateurs-2022\/\" \/>\n<meta property=\"og:site_name\" content=\"Office de Tourisme Creil Sud Oise\" \/>\n<meta property=\"article:publisher\" content=\"https:\/\/www.facebook.com\/creilsudoisetourisme\/\" \/>\n<meta property=\"article:modified_time\" content=\"2022-06-14T12:33:25+00:00\" \/>\n<meta property=\"og:image\" content=\"https:\/\/www.creilsudoise-tourisme.fr\/wp-content\/uploads\/2022\/06\/Rencontre-des-Explorateurs-3eme.jpg\" \/>\n\t<meta property=\"og:image:width\" content=\"905\" \/>\n\t<meta property=\"og:image:height\" content=\"987\" \/>\n\t<meta property=\"og:image:type\" content=\"image\/jpeg\" \/>\n<meta name=\"twitter:card\" content=\"summary_large_image\" \/>\n<meta name=\"twitter:site\" content=\"@CreilSudOiseOT\" \/>\n<meta name=\"twitter:label1\" content=\"Estimated reading time\" \/>\n\t<meta name=\"twitter:data1\" content=\"1 minute\" \/>\n<script type=\"application\/ld+json\" class=\"yoast-schema-graph\">{\"@context\":\"https:\/\/schema.org\",\"@graph\":[{\"@type\":\"WebPage\",\"@id\":\"https:\/\/www.creilsudoise-tourisme.fr\/es\/espace-pro\/rencontres-explorateurs\/rencontre-des-explorateurs-2022\/\",\"url\":\"https:\/\/www.creilsudoise-tourisme.fr\/es\/espace-pro\/rencontres-explorateurs\/rencontre-des-explorateurs-2022\/\",\"name\":\"3\u00e8me Rencontre des Explorateurs a eu lieu \u00e0 la Maison de la Pierre\",\"isPartOf\":{\"@id\":\"https:\/\/www.creilsudoise-tourisme.fr\/#website\"},\"datePublished\":\"2021-04-07T16:06:09+00:00\",\"dateModified\":\"2022-06-14T12:33:25+00:00\",\"description\":\"D\u00e9couvrez la troisi\u00e8me Rencontre des Explorateurs qui a eu lieu \u00e0 la Maison de la Pierre \u00e0 Saint-Maximin le 31 mars 2022.\",\"breadcrumb\":{\"@id\":\"https:\/\/www.creilsudoise-tourisme.fr\/es\/espace-pro\/rencontres-explorateurs\/rencontre-des-explorateurs-2022\/#breadcrumb\"},\"inLanguage\":\"en-GB\",\"potentialAction\":[{\"@type\":\"ReadAction\",\"target\":[\"https:\/\/www.creilsudoise-tourisme.fr\/es\/espace-pro\/rencontres-explorateurs\/rencontre-des-explorateurs-2022\/\"]}]},{\"@type\":\"BreadcrumbList\",\"@id\":\"https:\/\/www.creilsudoise-tourisme.fr\/es\/espace-pro\/rencontres-explorateurs\/rencontre-des-explorateurs-2022\/#breadcrumb\",\"itemListElement\":[{\"@type\":\"ListItem\",\"position\":1,\"name\":\"Accueil\",\"item\":\"https:\/\/www.creilsudoise-tourisme.fr\/\"},{\"@type\":\"ListItem\",\"position\":2,\"name\":\"Espace pro\",\"item\":\"https:\/\/www.creilsudoise-tourisme.fr\/espace-pro\/\"},{\"@type\":\"ListItem\",\"position\":3,\"name\":\"Rencontres des explorateurs\",\"item\":\"https:\/\/www.creilsudoise-tourisme.fr\/espace-pro\/rencontres-explorateurs\/\"},{\"@type\":\"ListItem\",\"position\":4,\"name\":\"#3 Rencontre des Explorateurs (2022)\"}]},{\"@type\":\"WebSite\",\"@id\":\"https:\/\/www.creilsudoise-tourisme.fr\/#website\",\"url\":\"https:\/\/www.creilsudoise-tourisme.fr\/\",\"name\":\"Office de Tourisme Creil Sud Oise\",\"description\":\"Creil Sud Oise Tourisme, un territoire \u00e0 explorer !\",\"publisher\":{\"@id\":\"https:\/\/www.creilsudoise-tourisme.fr\/#organization\"},\"potentialAction\":[{\"@type\":\"SearchAction\",\"target\":{\"@type\":\"EntryPoint\",\"urlTemplate\":\"https:\/\/www.creilsudoise-tourisme.fr\/?s={search_term_string}\"},\"query-input\":\"required name=search_term_string\"}],\"inLanguage\":\"en-GB\"},{\"@type\":\"Organization\",\"@id\":\"https:\/\/www.creilsudoise-tourisme.fr\/#organization\",\"name\":\"Creil Sud Oise Tourisme\",\"url\":\"https:\/\/www.creilsudoise-tourisme.fr\/\",\"logo\":{\"@type\":\"ImageObject\",\"inLanguage\":\"en-GB\",\"@id\":\"https:\/\/www.creilsudoise-tourisme.fr\/#\/schema\/logo\/image\/\",\"url\":\"https:\/\/www.creilsudoise-tourisme.fr\/wp-content\/uploads\/2021\/05\/logo-svg.png\",\"contentUrl\":\"https:\/\/www.creilsudoise-tourisme.fr\/wp-content\/uploads\/2021\/05\/logo-svg.png\",\"width\":182,\"height\":71,\"caption\":\"Creil Sud Oise Tourisme\"},\"image\":{\"@id\":\"https:\/\/www.creilsudoise-tourisme.fr\/#\/schema\/logo\/image\/\"},\"sameAs\":[\"https:\/\/www.facebook.com\/creilsudoisetourisme\/\",\"https:\/\/twitter.com\/CreilSudOiseOT\",\"https:\/\/www.instagram.com\/creilsudoisetourisme\/\",\"https:\/\/www.youtube.com\/channel\/UC8L_QD2wwyADW14zt9fY8kw\"]}]}<\/script>\n<!-- \/ Yoast SEO plugin. -->","yoast_head_json":{"title":"3\u00e8me Rencontre des Explorateurs a eu lieu \u00e0 la Maison de la Pierre","description":"D\u00e9couvrez la troisi\u00e8me Rencontre des Explorateurs qui a eu lieu \u00e0 la Maison de la Pierre \u00e0 Saint-Maximin le 31 mars 2022.","robots":{"index":"index","follow":"follow","max-snippet":"max-snippet:-1","max-image-preview":"max-image-preview:large","max-video-preview":"max-video-preview:-1"},"canonical":"https:\/\/www.creilsudoise-tourisme.fr\/en\/espace-pro\/rencontres-explorateurs\/rencontre-des-explorateurs-2022\/","og_locale":"en_GB","og_type":"article","og_title":"3\u00e8me Rencontre des Explorateurs a eu lieu \u00e0 la Maison de la Pierre","og_description":"D\u00e9couvrez la troisi\u00e8me Rencontre des Explorateurs qui a eu lieu \u00e0 la Maison de la Pierre \u00e0 Saint-Maximin le 31 mars 2022.","og_url":"https:\/\/www.creilsudoise-tourisme.fr\/en\/espace-pro\/rencontres-explorateurs\/rencontre-des-explorateurs-2022\/","og_site_name":"Office de Tourisme Creil Sud Oise","article_publisher":"https:\/\/www.facebook.com\/creilsudoisetourisme\/","article_modified_time":"2022-06-14T12:33:25+00:00","og_image":[{"width":905,"height":987,"url":"https:\/\/www.creilsudoise-tourisme.fr\/wp-content\/uploads\/2022\/06\/Rencontre-des-Explorateurs-3eme.jpg","type":"image\/jpeg"}],"twitter_card":"summary_large_image","twitter_site":"@CreilSudOiseOT","twitter_misc":{"Estimated reading time":"1 minute"},"schema":{"@context":"https:\/\/schema.org","@graph":[{"@type":"WebPage","@id":"https:\/\/www.creilsudoise-tourisme.fr\/es\/espace-pro\/rencontres-explorateurs\/rencontre-des-explorateurs-2022\/","url":"https:\/\/www.creilsudoise-tourisme.fr\/es\/espace-pro\/rencontres-explorateurs\/rencontre-des-explorateurs-2022\/","name":"3\u00e8me Rencontre des Explorateurs a eu lieu \u00e0 la Maison de la Pierre","isPartOf":{"@id":"https:\/\/www.creilsudoise-tourisme.fr\/#website"},"datePublished":"2021-04-07T16:06:09+00:00","dateModified":"2022-06-14T12:33:25+00:00","description":"D\u00e9couvrez la troisi\u00e8me Rencontre des Explorateurs qui a eu lieu \u00e0 la Maison de la Pierre \u00e0 Saint-Maximin le 31 mars 2022.","breadcrumb":{"@id":"https:\/\/www.creilsudoise-tourisme.fr\/es\/espace-pro\/rencontres-explorateurs\/rencontre-des-explorateurs-2022\/#breadcrumb"},"inLanguage":"en-GB","potentialAction":[{"@type":"ReadAction","target":["https:\/\/www.creilsudoise-tourisme.fr\/es\/espace-pro\/rencontres-explorateurs\/rencontre-des-explorateurs-2022\/"]}]},{"@type":"BreadcrumbList","@id":"https:\/\/www.creilsudoise-tourisme.fr\/es\/espace-pro\/rencontres-explorateurs\/rencontre-des-explorateurs-2022\/#breadcrumb","itemListElement":[{"@type":"ListItem","position":1,"name":"Accueil","item":"https:\/\/www.creilsudoise-tourisme.fr\/"},{"@type":"ListItem","position":2,"name":"Espace pro","item":"https:\/\/www.creilsudoise-tourisme.fr\/espace-pro\/"},{"@type":"ListItem","position":3,"name":"Rencontres des explorateurs","item":"https:\/\/www.creilsudoise-tourisme.fr\/espace-pro\/rencontres-explorateurs\/"},{"@type":"ListItem","position":4,"name":"#3 Rencontre des Explorateurs (2022)"}]},{"@type":"WebSite","@id":"https:\/\/www.creilsudoise-tourisme.fr\/#website","url":"https:\/\/www.creilsudoise-tourisme.fr\/","name":"Office de Tourisme Creil Sud Oise","description":"Creil Sud Oise Tourisme, un territoire \u00e0 explorer !","publisher":{"@id":"https:\/\/www.creilsudoise-tourisme.fr\/#organization"},"potentialAction":[{"@type":"SearchAction","target":{"@type":"EntryPoint","urlTemplate":"https:\/\/www.creilsudoise-tourisme.fr\/?s={search_term_string}"},"query-input":"required name=search_term_string"}],"inLanguage":"en-GB"},{"@type":"Organization","@id":"https:\/\/www.creilsudoise-tourisme.fr\/#organization","name":"Creil Sud Oise Tourisme","url":"https:\/\/www.creilsudoise-tourisme.fr\/","logo":{"@type":"ImageObject","inLanguage":"en-GB","@id":"https:\/\/www.creilsudoise-tourisme.fr\/#\/schema\/logo\/image\/","url":"https:\/\/www.creilsudoise-tourisme.fr\/wp-content\/uploads\/2021\/05\/logo-svg.png","contentUrl":"https:\/\/www.creilsudoise-tourisme.fr\/wp-content\/uploads\/2021\/05\/logo-svg.png","width":182,"height":71,"caption":"Creil Sud Oise Tourisme"},"image":{"@id":"https:\/\/www.creilsudoise-tourisme.fr\/#\/schema\/logo\/image\/"},"sameAs":["https:\/\/www.facebook.com\/creilsudoisetourisme\/","https:\/\/twitter.com\/CreilSudOiseOT","https:\/\/www.instagram.com\/creilsudoisetourisme\/","https:\/\/www.youtube.com\/channel\/UC8L_QD2wwyADW14zt9fY8kw"]}]}},"_links":{"self":[{"href":"https:\/\/www.creilsudoise-tourisme.fr\/en\/wp-json\/wp\/v2\/pages\/33212"}],"collection":[{"href":"https:\/\/www.creilsudoise-tourisme.fr\/en\/wp-json\/wp\/v2\/pages"}],"about":[{"href":"https:\/\/www.creilsudoise-tourisme.fr\/en\/wp-json\/wp\/v2\/types\/page"}],"author":[{"embeddable":true,"href":"https:\/\/www.creilsudoise-tourisme.fr\/en\/wp-json\/wp\/v2\/users\/1"}],"replies":[{"embeddable":true,"href":"https:\/\/www.creilsudoise-tourisme.fr\/en\/wp-json\/wp\/v2\/comments?post=33212"}],"version-history":[{"count":18,"href":"https:\/\/www.creilsudoise-tourisme.fr\/en\/wp-json\/wp\/v2\/pages\/33212\/revisions"}],"predecessor-version":[{"id":41639,"href":"https:\/\/www.creilsudoise-tourisme.fr\/en\/wp-json\/wp\/v2\/pages\/33212\/revisions\/41639"}],"up":[{"embeddable":true,"href":"https:\/\/www.creilsudoise-tourisme.fr\/en\/wp-json\/wp\/v2\/pages\/211"}],"wp:featuredmedia":[{"embeddable":true,"href":"https:\/\/www.creilsudoise-tourisme.fr\/en\/wp-json\/wp\/v2\/media\/41631"}],"wp:attachment":[{"href":"https:\/\/www.creilsudoise-tourisme.fr\/en\/wp-json\/wp\/v2\/media?parent=33212"}],"curies":[{"name":"wp","href":"https:\/\/api.w.org\/{rel}","templated":true}]}}