{"id":219,"date":"2021-02-17T10:03:47","date_gmt":"2021-02-17T09:03:47","guid":{"rendered":"https:\/\/www.creilsudoise-tourisme.fr\/les-deliberations\/"},"modified":"2025-11-13T14:33:46","modified_gmt":"2025-11-13T13:33:46","slug":"deliberations","status":"publish","type":"page","link":"https:\/\/www.creilsudoise-tourisme.fr\/en\/espace-pro\/deliberations\/","title":{"rendered":"The deliberations"},"content":{"rendered":"<p class=\"is-style-excerpt\"><strong>Professional partners of Creil Sud Oise Tourisme<\/strong> (Office de Tourisme Creil Sud Oise + Maison de la Pierre du Sud de l'Oise), consult the <strong>decisions taken by the executive committee<\/strong>Simply click on the document of your choice.<\/p>\n\n\n\n<h3>2025<\/h3>\n\n\n\n<p><a href=\"https:\/\/www.creilsudoise-tourisme.fr\/wp-content\/uploads\/2025\/11\/Deliberation-n\u00b018-2025-Conditions-de-vente-billetterie-en-ligne-et-sur-place-CL.pdf\" target=\"_blank\" rel=\"noreferrer noopener\">Deliberation-n\u00b018 Conditions of sale for online and on-the-spot ticket sales<\/a><\/p>\n\n\n\n<p><a href=\"https:\/\/www.creilsudoise-tourisme.fr\/wp-content\/uploads\/2025\/11\/Deliberation-n\u00b018-2025-Annexe-Conditions-de-vente-billetterie-en-ligne-et-sur-place-CL.pdf\">Appendix-Ticket sales conditions for online and on-site ticketing<\/a><br><a href=\"https:\/\/www.creilsudoise-tourisme.fr\/wp-content\/uploads\/2025\/04\/Deliberation-n\u00b09-2025-Tarif-accueil-de-tournages-sur-le-site-des-glachoirs-CL.pdf\" target=\"_blank\" rel=\"noreferrer noopener\">Deliberation No. 9 Tariff for film shoots at Les Glachoirs<\/a><\/p>\n\n\n\n<p><a href=\"https:\/\/www.creilsudoise-tourisme.fr\/wp-content\/uploads\/2025\/04\/Deliberation-n\u00b08-2025-Budget-primitif-2025-CL.pdf\" target=\"_blank\" rel=\"noreferrer noopener\">Deliberation no. 8 Budget 2025<\/a><\/p>\n\n\n\n<p><a href=\"https:\/\/www.creilsudoise-tourisme.fr\/wp-content\/uploads\/2025\/04\/Deliberation-n\u00b07-2025-Affectation-du-resultat-CL.pdf\" target=\"_blank\" rel=\"noreferrer noopener\">Deliberation no. 7 Appropriation of net income<\/a><\/p>\n\n\n\n<p><a href=\"https:\/\/www.creilsudoise-tourisme.fr\/wp-content\/uploads\/2025\/04\/Deliberation-n\u00b06-2025-Examen-du-compte-de-Gestion-exercice-2024-CL.pdf\" target=\"_blank\" rel=\"noreferrer noopener\">Deliberation no. 6 Examination of the 2024 income statement<\/a><\/p>\n\n\n\n<p><a href=\"https:\/\/www.creilsudoise-tourisme.fr\/wp-content\/uploads\/2025\/04\/Deliberation-n\u00b05-2025-Examen-du-compte-administratif-CL.pdf\" target=\"_blank\" rel=\"noreferrer noopener\">Deliberation No. 5 Examination of the administrative account<\/a><\/p>\n\n\n\n<p><a href=\"https:\/\/www.creilsudoise-tourisme.fr\/wp-content\/uploads\/2025\/02\/Deliberation-n\u00b04-2025-Mise-a-jour-des-tarifs-de-lactivite-de-la-Maison-de-la-Pierre-2025-CL.pdf\" target=\"_blank\" rel=\"noreferrer noopener\">Deliberation no. 4 Updating of activity fees at the Maison de la Pierre<\/a><\/p>\n\n\n\n<p><a href=\"https:\/\/www.creilsudoise-tourisme.fr\/wp-content\/uploads\/2025\/02\/Deliberation-n\u00b03-2025-convention-dautorisation-provisoire-dusage-de-terrain-BPE-Lecieux-CL.pdf\" target=\"_blank\" rel=\"noreferrer noopener\">Deliberation no. 3 Provisional authorisation agreement for the use of BPE Lecieux land<\/a><\/p>\n\n\n\n<p><a href=\"https:\/\/www.creilsudoise-tourisme.fr\/wp-content\/uploads\/2025\/02\/Deliberation-n\u00b02-2025-nouvelles-modalites-tickets-restaurant-CL.pdf\" target=\"_blank\" rel=\"noreferrer noopener\">Deliberation no. 2 Luncheon vouchers<\/a><\/p>\n\n\n\n<p><a href=\"https:\/\/www.creilsudoise-tourisme.fr\/wp-content\/uploads\/2025\/02\/Deliberation-n\u00b01-2025-DOB-2025.pdf\" target=\"_blank\" rel=\"noreferrer noopener\">Deliberation n\u00b01 DOB 2025<\/a><\/p>\n\n\n\n<h3>2024<\/h3>\n\n\n\n<p><a href=\"https:\/\/www.creilsudoise-tourisme.fr\/wp-content\/uploads\/2025\/01\/Rapport_activites-2024-CSOT.pdf\" target=\"_blank\" rel=\"noreferrer noopener\">2024 Activity Report<\/a><\/p>\n\n\n\n<p><a href=\"https:\/\/www.creilsudoise-tourisme.fr\/wp-content\/uploads\/2025\/01\/Deliberation-N\u00b020_24_CONVENTION-ACSO-CSOT.pdf\" target=\"_blank\" rel=\"noreferrer noopener\">Deliberation no. 20 ACSO-CSOT agreement<\/a><\/p>\n\n\n\n<p><a href=\"https:\/\/www.creilsudoise-tourisme.fr\/wp-content\/uploads\/2025\/01\/Deliberation-N\u00b019_24_CDT-REGION-ASCO-CCPOH-CSOT-OT-CRT.pdf\" target=\"_blank\" rel=\"noreferrer noopener\">Deliberation No. 19 CDT<\/a><\/p>\n\n\n\n<p><a href=\"https:\/\/www.creilsudoise-tourisme.fr\/wp-content\/uploads\/2024\/06\/Deliberation-n\u00b015_24-REVALORISATION-DES-PLAFONDS-DE-REMBOURSEMENT-DES-FRAIS-DE-REPAS-ET-DHEBERGEMENT.pdf\" target=\"_blank\" rel=\"noreferrer noopener\">Deliberation no. 15 Revaluation of reimbursements<\/a><\/p>\n\n\n\n<p><a href=\"https:\/\/www.creilsudoise-tourisme.fr\/wp-content\/uploads\/2024\/06\/Deliberation-n\u00b012_24-VALIDATION-DE-LA-CONVENTION-ENTRE-LA-CC-DU-PAYS-DE-BRAY-ET-OT-CSO-ENGAGE-DANS-LE-CLUB-GROUPE-DE-LA-DESTINATION-OISE.pdf\" target=\"_blank\" rel=\"noreferrer noopener\">Deliberation 12 Club Groupe<\/a><\/p>\n\n\n\n<p><a href=\"https:\/\/www.creilsudoise-tourisme.fr\/wp-content\/uploads\/2024\/06\/Deliberation-n\u00b011_24-ADHESION-GROUPEMENT-DE-COMMANDES-ACSO-COMMUNES-CSOT-AUTOCAR.pdf\" target=\"_blank\" rel=\"noreferrer noopener\">Deliberation no. 11 Grouping of bus orders<\/a><\/p>\n\n\n\n<p><a href=\"https:\/\/www.creilsudoise-tourisme.fr\/wp-content\/uploads\/2024\/03\/Deliberation-n\u00b08_24-MAJ-STATUTS-CSOT_CL.pdf\" target=\"_blank\" rel=\"noreferrer noopener\">Deliberation no. 8 Updating the Articles of Association<\/a><\/p>\n\n\n\n<p><a href=\"https:\/\/www.creilsudoise-tourisme.fr\/wp-content\/uploads\/2025\/01\/Deliberation-n\u00b07_24-BP-CSOT2024_CL-.pdf\" target=\"_blank\" rel=\"noreferrer noopener\">Deliberation no. 7 Primitive budget<\/a><\/p>\n\n\n\n<p><a href=\"https:\/\/www.creilsudoise-tourisme.fr\/wp-content\/uploads\/2024\/03\/Deliberation-n\u00b06_24-AFFECTATION-DU-RESULTAT-CSOT2024_CL.pdf\" target=\"_blank\" rel=\"noreferrer noopener\">Deliberation n\u00b06 Allocation of the result<\/a><\/p>\n\n\n\n<p><a href=\"https:\/\/www.creilsudoise-tourisme.fr\/wp-content\/uploads\/2025\/01\/Deliberation-n\u00b05_24-EXAMEN-COMPTE-DE-GESTION-CSOT2023_CL-.pdf\" target=\"_blank\" rel=\"noreferrer noopener\">Deliberation no. 5 Examination of the management account<\/a><\/p>\n\n\n\n<p><a href=\"https:\/\/www.creilsudoise-tourisme.fr\/wp-content\/uploads\/2025\/01\/Deliberation-n\u00b04_24-EXAMEN-COMPTE-ADMINISTATIF-CSOT2023_CL-.pdf\" target=\"_blank\" rel=\"noreferrer noopener\">Deliberation No. 4 Examination of the administrative account<\/a><\/p>\n\n\n\n<p><a href=\"https:\/\/www.creilsudoise-tourisme.fr\/wp-content\/uploads\/2024\/02\/Deliberation-n\u00b03_24-visites-guidees-CSOT_CL.pdf\" target=\"_blank\" rel=\"noreferrer noopener\">Deliberation no. 2 Guided tours of the Tourist Office<\/a><\/p>\n\n\n\n<p><a href=\"https:\/\/www.creilsudoise-tourisme.fr\/wp-content\/uploads\/2024\/02\/Deliberation-n\u00b01_24-DOB_CL.pdf\" target=\"_blank\" rel=\"noreferrer noopener\">Deliberation n\u00b01 DOB 2024<\/a><\/p>\n\n\n\n<h3>2023<\/h3>\n\n\n\n<p><a href=\"https:\/\/www.creilsudoise-tourisme.fr\/wp-content\/uploads\/2024\/04\/Rapport_activites-2023.pdf\" target=\"_blank\" rel=\"noreferrer noopener\">2023 Activity Report<\/a><\/p>\n\n\n\n<p><a href=\"https:\/\/www.creilsudoise-tourisme.fr\/wp-content\/uploads\/2024\/01\/Deliberation-n\u00b027-2023-DELEGATIONS-DIRECTRICE-CSOT-CL.pdf\" target=\"_blank\" rel=\"noreferrer noopener\">Deliberation no. 27 Delegation of powers to the Director<\/a><\/p>\n\n\n\n<p><a href=\"https:\/\/www.creilsudoise-tourisme.fr\/wp-content\/uploads\/2024\/01\/Deliberation-n\u00b026-2023-NOUVELLE-NOMINATION-DOT-CL.pdf\" target=\"_blank\" rel=\"noreferrer noopener\">Deliberation no. 26 New director appointment<\/a><\/p>\n\n\n\n<p><a href=\"https:\/\/www.creilsudoise-tourisme.fr\/wp-content\/uploads\/2024\/01\/Deliberation-n\u00b021-2023-DM3-CL.pdf\" target=\"_blank\" rel=\"noreferrer noopener\">Deliberation no. 21 Modification 3 budget<\/a><\/p>\n\n\n\n<p><a href=\"https:\/\/www.creilsudoise-tourisme.fr\/wp-content\/uploads\/2023\/11\/Deliberation-n\u00b020-2023-SEMINAIRE-AVEC-OT-CHANTILLY-SENLIS-CL.pdf\" target=\"_blank\" rel=\"noreferrer noopener\">Deliberation no. 20 Sale of seminar with the OTCS<\/a><\/p>\n\n\n\n<p><a href=\"https:\/\/www.creilsudoise-tourisme.fr\/wp-content\/uploads\/2023\/11\/Deliberation-n\u00b019-2023-STAGE-PLUS-DE-2-MOIS-CL.pdf\" target=\"_blank\" rel=\"noreferrer noopener\">Deliberation no. 19 Work placement of more than 2 months<\/a><\/p>\n\n\n\n<p><a href=\"https:\/\/www.creilsudoise-tourisme.fr\/wp-content\/uploads\/2023\/11\/Deliberation-n\u00b018-2023-COMPLEMENT-N\u00b03-AMORTISSEMENT-CL.pdf\" target=\"_blank\" rel=\"noreferrer noopener\">Deliberation no. 18 Supplementary agreement no. 3<\/a><\/p>\n\n\n\n<p><a href=\"https:\/\/www.creilsudoise-tourisme.fr\/wp-content\/uploads\/2023\/11\/Deliberation-n\u00b017-2023-DM2-CSOT-CL.pdf\" target=\"_blank\" rel=\"noreferrer noopener\">Deliberation n\u00b017 Modification 2 budget<\/a><\/p>\n\n\n\n<p><a href=\"https:\/\/www.creilsudoise-tourisme.fr\/wp-content\/uploads\/2023\/11\/Deliberation-n\u00b016-2023-avenant-n\u00b06-convention-ACSO-CSOT-CL.pdf\" target=\"_blank\" rel=\"noreferrer noopener\">Deliberation no. 16 Amendment 6 to the ACSO CSTO agreement<\/a><\/p>\n\n\n\n<p><a href=\"https:\/\/www.creilsudoise-tourisme.fr\/wp-content\/uploads\/2023\/08\/Deliberation-n\u00b015-2023complement-N\u00b02-et-duree-damortissement-CL.pdf\" target=\"_blank\" rel=\"noreferrer noopener\">Deliberation n\u00b015 Completion n\u00b02<\/a><\/p>\n\n\n\n<p><a href=\"http:\/\/D\u00e9lib\u00e9ration n\u00b014-2023frais veto et nourriture animaux MDP-CL\" target=\"_blank\" rel=\"noreferrer noopener\">Deliberation 14 MDP animal expenses<\/a><\/p>\n\n\n\n<p><a href=\"http:\/\/D\u00e9lib\u00e9ration n\u00b013-2023MAJ trf prestations MDP-CL\" target=\"_blank\" rel=\"noreferrer noopener\">Deliberation no. 13 MDP service charges<\/a><\/p>\n\n\n\n<p><a href=\"http:\/\/D\u00e9lib\u00e9ration n\u00b012-2023 actions promo jeu et lots-CL\" target=\"_blank\" rel=\"noreferrer noopener\">Deliberation 12 Games and prizes<\/a><\/p>\n\n\n\n<p><a href=\"https:\/\/www.creilsudoise-tourisme.fr\/wp-content\/uploads\/2023\/08\/Deliberation-n\u00b011-2023-trf-htl-tournage-CL.pdf\" target=\"_blank\" rel=\"noreferrer noopener\">Deliberation no. 11 Rates for turning accommodation<\/a><\/p>\n\n\n\n<p><a href=\"http:\/\/D\u00e9lib\u00e9ration n\u00b08 DM1-2023 budget mouvement chap 11 vers chap 65-CL\" target=\"_blank\" rel=\"noreferrer noopener\">Deliberation No. 8 Budget<\/a><\/p>\n\n\n\n<p><a href=\"https:\/\/www.creilsudoise-tourisme.fr\/wp-content\/uploads\/2023\/04\/Deliberation-n\u00b07-2023-Convention-avenant-n\u00b02-MDP-ST-Max-et-CSOT-CL.pdf\" target=\"_blank\" rel=\"noreferrer noopener\">Deliberation n\u00b07 Amendment 2 Occupation of MDP premises<\/a><\/p>\n\n\n\n<p><a href=\"https:\/\/www.creilsudoise-tourisme.fr\/wp-content\/uploads\/2023\/04\/Deliberation-n\u00b05-2023-BP-2023-CL.pdf\" target=\"_blank\" rel=\"noreferrer noopener\">Deliberation No. 5 BP<\/a><\/p>\n\n\n\n<p><a href=\"https:\/\/www.creilsudoise-tourisme.fr\/wp-content\/uploads\/2023\/04\/Deliberation-n\u00b04-2023-affectation-du-resultat-CL.pdf\" target=\"_blank\" rel=\"noreferrer noopener\">Deliberation No. 4 Allocation of income<\/a><\/p>\n\n\n\n<p><a href=\"https:\/\/www.creilsudoise-tourisme.fr\/wp-content\/uploads\/2023\/04\/Deliberation-n\u00b03-2023-maquette-CG-CL.pdf\" target=\"_blank\" rel=\"noreferrer noopener\">Deliberation No. 3 CG model<\/a><\/p>\n\n\n\n<p><a href=\"https:\/\/www.creilsudoise-tourisme.fr\/wp-content\/uploads\/2023\/04\/Deliberation-n\u00b03-2023-CG-CL.pdf\" target=\"_blank\" rel=\"noreferrer noopener\">Deliberation No. 3 CG<\/a><\/p>\n\n\n\n<p><a href=\"https:\/\/www.creilsudoise-tourisme.fr\/wp-content\/uploads\/2023\/04\/Deliberation-n\u00b02-2023-maquette-CA-CL.pdf\" target=\"_blank\" rel=\"noreferrer noopener\">Deliberation No. 2 CA model<\/a><\/p>\n\n\n\n<p><a href=\"https:\/\/www.creilsudoise-tourisme.fr\/wp-content\/uploads\/2023\/04\/Deliberation-n\u00b02-2023-CA-CL.pdf\" target=\"_blank\" rel=\"noreferrer noopener\">Deliberation no. 2 CA<\/a><\/p>\n\n\n\n<p><a href=\"https:\/\/www.creilsudoise-tourisme.fr\/wp-content\/uploads\/2023\/04\/Deliberation-n\u00b01-2023-DOB_CL.pdf\" target=\"_blank\" rel=\"noreferrer noopener\">Deliberation n\u00b01 DOB 2023<\/a><\/p>\n\n\n\n<h3>2022<\/h3>\n\n\n\n<p><a href=\"https:\/\/www.creilsudoise-tourisme.fr\/wp-content\/uploads\/2023\/03\/Rapport-activites_2022.pdf\" target=\"_blank\" rel=\"noreferrer noopener\">2022 Activity Report<\/a><\/p>\n\n\n\n<p><a href=\"https:\/\/www.creilsudoise-tourisme.fr\/wp-content\/uploads\/2023\/01\/deliberation-n\u00b025-2022-mise-a-jour-du-tableau-des-effectifs-pemanents-et-non-permanents-CL.pdf\" target=\"_blank\" rel=\"noreferrer noopener\">Deliberation no. 25 Update of the workforce<\/a><\/p>\n\n\n\n<p><a href=\"https:\/\/www.creilsudoise-tourisme.fr\/wp-content\/uploads\/2023\/01\/deliberation-n\u00b021-2022-modification-des-remboursements-hebergements-et-restauration-CL.pdf\" target=\"_blank\" rel=\"noreferrer noopener\">Deliberation no. 21 Changes to catering and accommodation reimbursements<\/a><\/p>\n\n\n\n<p><a href=\"https:\/\/www.creilsudoise-tourisme.fr\/wp-content\/uploads\/2023\/01\/Deliberation-n\u00b020-2022-Avenant-N\u00b05-convention-dobjectif-ACSO-CSOT-CL.pdf\" target=\"_blank\" rel=\"noreferrer noopener\">Deliberation 20 Amendment 5 to the ACSO CSOT agreement<\/a><\/p>\n\n\n\n<p><a href=\"https:\/\/www.creilsudoise-tourisme.fr\/wp-content\/uploads\/2023\/01\/Deliberation-n\u00b019-2022-DM1-CL.pdf\" target=\"_blank\" rel=\"noreferrer noopener\">Deliberation no. 19 DM 1<\/a><\/p>\n\n\n\n<p><a href=\"https:\/\/www.creilsudoise-tourisme.fr\/wp-content\/uploads\/2023\/01\/Deliberation-n\u00b018-2022-ADHESION-CNAS-CL.pdf\" target=\"_blank\" rel=\"noreferrer noopener\">Deliberation no. 18 CNAS membership<\/a><\/p>\n\n\n\n<p><a href=\"https:\/\/www.creilsudoise-tourisme.fr\/wp-content\/uploads\/2023\/01\/Deliberation-n\u00b017-2022-OT-CHANTILLY-SENLIS-CL.pdf\" target=\"_blank\" rel=\"noreferrer noopener\">Deliberation n\u00b017 OT Chantilly-Senlis<\/a><\/p>\n\n\n\n<p><a href=\"https:\/\/www.creilsudoise-tourisme.fr\/wp-content\/uploads\/2023\/01\/Deliberation-n\u00b016-2022-AVENANT-4-COVENTION-D-OBJ-CSOT-ACSO-CL.pdf\" target=\"_blank\" rel=\"noreferrer noopener\">Deliberation no. 16 Amendment 4 to the ACSO CSOT agreement<\/a><\/p>\n\n\n\n<p><a href=\"https:\/\/www.creilsudoise-tourisme.fr\/wp-content\/uploads\/2023\/01\/Deliberation-n\u00b015-2022-ATTRIBUTION-MARCHE-MDPMDM-CL.pdf\" target=\"_blank\" rel=\"noreferrer noopener\">Deliberation no. 15 Award of CRT contract<\/a><\/p>\n\n\n\n<p><a href=\"https:\/\/www.creilsudoise-tourisme.fr\/wp-content\/uploads\/2022\/09\/Deliberation-n\u00b014-2022-ANIMATIONS-ESTIVALES-ET-ESCALES-BATEAU-CL.pdf\" target=\"_blank\" rel=\"noreferrer noopener\">Deliberation n\u00b014 Summer events and ports of call<\/a><\/p>\n\n\n\n<p><a href=\"https:\/\/www.creilsudoise-tourisme.fr\/wp-content\/uploads\/2022\/09\/Deliberation-n\u00b012-2022-AVENANT1-CONVENTION-OCCUPATION-LOCAUX-MDP-CL.pdf\" target=\"_blank\" rel=\"noreferrer noopener\">Deliberation no. 12 Amendment 1 Occupation of MDP premises<\/a><\/p>\n\n\n\n<p><a href=\"https:\/\/www.creilsudoise-tourisme.fr\/wp-content\/uploads\/2022\/09\/Deliberation-n\u00b011-2022-CONVENTION-ETUDE-PIERRE-MDP-MMM-CRT-CL.pdf\" target=\"_blank\" rel=\"noreferrer noopener\">Deliberation no. 11 CRT<\/a><\/p>\n\n\n\n<p><a href=\"https:\/\/www.creilsudoise-tourisme.fr\/wp-content\/uploads\/2022\/09\/Deliberation-n\u00b010-2022-CONVENTION-GRPMENT-COMMANDE-ASCO-COMMUNE-CSOT-TRANSPORT-CL.pdf\" target=\"_blank\" rel=\"noreferrer noopener\">Deliberation no. 10 Ordering group agreement ACSO CSOT<\/a><\/p>\n\n\n\n<p><a href=\"https:\/\/www.creilsudoise-tourisme.fr\/wp-content\/uploads\/2022\/09\/Deliberation-n\u00b07-2022-AVENANT-N\u00b03-ACSO-CSOT-CL.pdf\" target=\"_blank\" rel=\"noreferrer noopener\">Deliberation 7 Amendment 3 to the ACSO CSOT agreement<\/a><\/p>\n\n\n\n<p><a href=\"https:\/\/www.creilsudoise-tourisme.fr\/wp-content\/uploads\/2022\/09\/Deliberation-n\u00b06-2022-BUDGET-PRIMITIF-maquette-2022-CL.pdf\" target=\"_blank\" rel=\"noreferrer noopener\">Deliberation no. 6 2022 budget - 2<\/a><\/p>\n\n\n\n<p><a href=\"https:\/\/www.creilsudoise-tourisme.fr\/wp-content\/uploads\/2022\/09\/Deliberation-n\u00b06-2022-BUDGET-PRIMITIF-2022-CL.pdf\" target=\"_blank\" rel=\"noreferrer noopener\">Deliberation no. 6 Budget for 2022<\/a><\/p>\n\n\n\n<p><a href=\"https:\/\/www.creilsudoise-tourisme.fr\/wp-content\/uploads\/2022\/09\/Deliberation-n\u00b05-2022-AFFECTATION-DU-RESULTAT-CL.pdf\" target=\"_blank\" rel=\"noreferrer noopener\">Deliberation n\u00b05 Allocation of the result<\/a><\/p>\n\n\n\n<p><a href=\"https:\/\/www.creilsudoise-tourisme.fr\/wp-content\/uploads\/2022\/09\/Deliberation-n\u00b04-2022-CG2021-CL.pdf\" target=\"_blank\" rel=\"noreferrer noopener\">Deliberation No. 4 CG<\/a><\/p>\n\n\n\n<p><a href=\"https:\/\/www.creilsudoise-tourisme.fr\/wp-content\/uploads\/2022\/09\/Deliberation-n\u00b03-2022-CA201-CL.pdf\" target=\"_blank\" rel=\"noreferrer noopener\">Deliberation no. 3 CA<\/a><\/p>\n\n\n\n<p><a href=\"https:\/\/www.creilsudoise-tourisme.fr\/wp-content\/uploads\/2022\/09\/Deliberation-n\u00b02-2022-complement-et-dureedamortissement-CL.pdf\" target=\"_blank\" rel=\"noreferrer noopener\">Deliberation No. 2 Additional depreciation period<\/a><\/p>\n\n\n\n<p><a href=\"https:\/\/www.creilsudoise-tourisme.fr\/wp-content\/uploads\/2022\/09\/Deliberation-n\u00b01-2022-DOB-CL.pdf\" target=\"_blank\" rel=\"noreferrer noopener\">Deliberation n\u00b01 DOB 2022<\/a><\/p>\n\n\n\n<h3>2021<\/h3>\n\n\n\n<p><a href=\"https:\/\/www.creilsudoise-tourisme.fr\/wp-content\/uploads\/2022\/02\/Rapport-activites-2021.pdf\" target=\"_blank\" rel=\"noreferrer noopener\">2021 Activity Report<\/a> <\/p>\n\n\n\n<p>2021 projects in <a href=\"https:\/\/youtu.be\/1VQXhRuFzzY\" target=\"_blank\" rel=\"noreferrer noopener\">video<\/a><\/p>\n\n\n\n<p><a href=\"https:\/\/www.creilsudoise-tourisme.fr\/wp-content\/uploads\/2022\/02\/Deliberation-n\u00b021-2021-Reglement-conseil-scientifiqueMDP-CL.pdf\" target=\"_blank\" rel=\"noreferrer noopener\">Deliberation no. 21 MDP Scientific Advisory Board Rules<\/a><\/p>\n\n\n\n<p><a href=\"https:\/\/www.creilsudoise-tourisme.fr\/wp-content\/uploads\/2022\/02\/Deliberation-n\u00b019-2021-professionalisation-des-rh-avec-mise-en-place-dun-logiciel-CL.pdf\" target=\"_blank\" rel=\"noreferrer noopener\">Deliberation no. 19 Professionalisation of HR with the introduction of software<\/a><\/p>\n\n\n\n<p><a href=\"https:\/\/www.creilsudoise-tourisme.fr\/wp-content\/uploads\/2022\/02\/Deliberation-n\u00b018-2021-approbation-et-demande-de-subventionPNRenjeu1-Pierre-CL.pdf\" target=\"_blank\" rel=\"noreferrer noopener\">Deliberation no. 18 approval and application for a PNR grant<\/a><\/p>\n\n\n\n<p><a href=\"https:\/\/www.creilsudoise-tourisme.fr\/wp-content\/uploads\/2022\/02\/Deliberation-n\u00b017-2021-approbation-et-demande-de-subventionCRT-enjeu-1-2-CL.pdf\" target=\"_blank\" rel=\"noreferrer noopener\">Deliberation no. 17 approval and CRT grant application<\/a><\/p>\n\n\n\n<p><a href=\"https:\/\/www.creilsudoise-tourisme.fr\/wp-content\/uploads\/2022\/02\/Deliberation-n\u00b015-2021-MiseenplaceChartedeteletravail-CL.pdf\" target=\"_blank\" rel=\"noreferrer noopener\">Deliberation no. 15 Implementation of a teleworking charter<\/a><\/p>\n\n\n\n<p><a href=\"https:\/\/www.creilsudoise-tourisme.fr\/wp-content\/uploads\/2022\/02\/Deliberation-n\u00b014-2021-Creation-conseil_scientifiqueMDP.pdf\" target=\"_blank\" rel=\"noreferrer noopener\">Deliberation no. 14 Creation of MDP scientific council<\/a><\/p>\n\n\n\n<p><a href=\"https:\/\/www.creilsudoise-tourisme.fr\/wp-content\/uploads\/2022\/02\/Deliberation-n\u00b013-2021-CTR-CSOT-CL.pdf\" target=\"_blank\" rel=\"noreferrer noopener\">Deliberation no. 13 CTR CSOT<\/a><\/p>\n\n\n\n<p><a href=\"https:\/\/www.creilsudoise-tourisme.fr\/wp-content\/uploads\/2022\/02\/Deliberation-n\u00b012-2021-avenant2conventionAcsoCSOT-cl.pdf\" target=\"_blank\" rel=\"noreferrer noopener\">Deliberation no. 12 Amendment 2 to the ACSO CSOT agreement<\/a><\/p>\n\n\n\n<p><a href=\"https:\/\/www.creilsudoise-tourisme.fr\/wp-content\/uploads\/2022\/02\/Deliberation-n\u00b011-2021-Examenducomptedegestion2020-cl.pdf\" target=\"_blank\" rel=\"noreferrer noopener\">Deliberation no. 11 Examination of the 2020 management account<\/a><\/p>\n\n\n\n<p><a href=\"https:\/\/www.creilsudoise-tourisme.fr\/wp-content\/uploads\/2022\/02\/Deliberation-n\u00b010-2021-Examenducompteadministratif2020-cl.pdf\" target=\"_blank\" rel=\"noreferrer noopener\">Deliberation no. 10 Examination of the 2020 administrative account<\/a><\/p>\n\n\n\n<p><a href=\"https:\/\/www.creilsudoise-tourisme.fr\/wp-content\/uploads\/2021\/06\/Deliberation-n\u00b09-2021-conventiondepartenariat-accompagnementoisetourismeMDP-museesergeramond.pdf\" target=\"_blank\" rel=\"noreferrer noopener\">Deliberation n\u00b09 Partnership agreement - Support for Oise Tourisme MDP \/ Serge Ramond Museum<\/a><\/p>\n\n\n\n<p><a href=\"https:\/\/www.creilsudoise-tourisme.fr\/wp-content\/uploads\/2021\/06\/Deliberation-n\u00b08-2021-MAJ-trf-MDP.pdf\" target=\"_blank\" rel=\"noreferrer noopener\">Deliberation no. 8 MDP tariff update<\/a><\/p>\n\n\n\n<p><a href=\"https:\/\/www.creilsudoise-tourisme.fr\/wp-content\/uploads\/2021\/06\/Deliberation-n\u00b07-2021-tarification-nouvellesprestationschateauMontataire.pdf\" target=\"_blank\" rel=\"noreferrer noopener\">Deliberation 7 Pricing - New services at Ch\u00e2teau Montataire<\/a><\/p>\n\n\n\n<p><a href=\"https:\/\/www.creilsudoise-tourisme.fr\/wp-content\/uploads\/2021\/06\/Deliberation-n\u00b06-2021-BP21.pdf\" target=\"_blank\" rel=\"noreferrer noopener\">Deliberation no. 6 BP 2021<\/a><\/p>\n\n\n\n<p><a href=\"https:\/\/www.creilsudoise-tourisme.fr\/wp-content\/uploads\/2021\/06\/Deliberation-n\u00b05-2021-Reprise-anticipeeetaffectationdu-resultat.pdf\" target=\"_blank\" rel=\"noreferrer noopener\">Deliberation no. 5 Early withdrawal and appropriation of net income<\/a><\/p>\n\n\n\n<p><a href=\"https:\/\/www.creilsudoise-tourisme.fr\/wp-content\/uploads\/2021\/06\/Deliberation-n\u00b04-2021-election-vicepresident.pdf\" target=\"_blank\" rel=\"noreferrer noopener\">Deliberation No. 4 Election of a vice-president<\/a><\/p>\n\n\n\n<p><a href=\"https:\/\/www.creilsudoise-tourisme.fr\/wp-content\/uploads\/2021\/06\/Deliberation-n\u00b03-2021-electionpresident.pdf\" target=\"_blank\" rel=\"noreferrer noopener\">Deliberation no. 3 Election of Chairman<\/a><\/p>\n\n\n\n<p><a href=\"https:\/\/www.creilsudoise-tourisme.fr\/wp-content\/uploads\/2021\/06\/Deliberation-n\u00b02-2021-Convention-Atelier-de-la-Pierre-dAngle.pdf\" target=\"_blank\" rel=\"noreferrer noopener\">Deliberation no. 2 Atelier de la Pierre d'Angle agreement<\/a><\/p>\n\n\n\n<p><a href=\"https:\/\/www.creilsudoise-tourisme.fr\/wp-content\/uploads\/2021\/06\/Deliberation-n\u00b01-2021-DOB21-CL.pdf\" target=\"_blank\" rel=\"noreferrer noopener\">Deliberation n\u00b01 DOB 2021<\/a><\/p>\n\n\n\n<h3>2020<\/h3>\n\n\n\n<p><a href=\"https:\/\/www.creilsudoise-tourisme.fr\/wp-content\/uploads\/2021\/06\/Rapport-dactivites-Creil-Sud-Oise-Tourisme-2020.pdf\" target=\"_blank\" rel=\"noreferrer noopener\">2020 Activity Report<\/a><\/p>\n\n\n\n<h3>2019<\/h3>\n\n\n\n<p><a href=\"https:\/\/www.creilsudoise-tourisme.fr\/wp-content\/uploads\/2021\/06\/Rapport-dactivites-Creil-Sud-Oise-Tourisme-2019.pdf\" target=\"_blank\" rel=\"noreferrer noopener\">Activity report 2019<\/a><\/p>\n\n\n\n<h3>2018<\/h3>\n\n\n\n<p><a href=\"https:\/\/www.creilsudoise-tourisme.fr\/wp-content\/uploads\/2021\/06\/Rapport-dactivites-Office-de-Tourisme-Creil-Sud-Oise-2018.pdf\" target=\"_blank\" rel=\"noreferrer noopener\">Activity report 2018<\/a><\/p>\n\n\n\n<div class=\"wp-block wp-block-accordion\" id=\"accordion\">\n    \n    \n<\/div>","protected":false},"excerpt":{"rendered":"<p>Partenaires professionnels de Creil Sud Oise Tourisme (Office de Tourisme Creil Sud Oise + Maison de la Pierre du Sud de l\u2019Oise), consultez les d\u00e9lib\u00e9rations prises par le comit\u00e9 de direction, en cliquant simplement sur le document de votre choix. 2025 Deliberation-n\u00b018 Conditions de vente billetterie en ligne et sur place Annexe-Conditions de vente billetterie [&hellip;]<\/p>","protected":false},"author":1,"featured_media":34941,"parent":209,"menu_order":5,"comment_status":"closed","ping_status":"closed","template":"","meta":{"_relevanssi_hide_post":"","_relevanssi_hide_content":"","_relevanssi_pin_for_all":"","_relevanssi_pin_keywords":"","_relevanssi_unpin_keywords":"","_relevanssi_related_keywords":"","_relevanssi_related_include_ids":"","_relevanssi_related_exclude_ids":"","_relevanssi_related_no_append":"","_relevanssi_related_not_related":"","_relevanssi_related_posts":"271,273,267,275","_relevanssi_noindex_reason":""},"yoast_head":"<!-- This site is optimized with the Yoast SEO plugin v20.2.1 - https:\/\/yoast.com\/wordpress\/plugins\/seo\/ -->\n<title>Espace r\u00e9serv\u00e9 aux partenaires de l\u2019Office de Tourisme Creil Sud Oise<\/title>\n<meta name=\"description\" content=\"Espace r\u00e9serv\u00e9 aux partenaires professionnels de l\u2019Office de Tourisme Creil Sud Oise : les d\u00e9lib\u00e9rations du comit\u00e9 de direction.\" \/>\n<meta name=\"robots\" content=\"index, follow, max-snippet:-1, max-image-preview:large, max-video-preview:-1\" \/>\n<link rel=\"canonical\" href=\"https:\/\/www.creilsudoise-tourisme.fr\/en\/espace-pro\/deliberations\/\" \/>\n<meta property=\"og:locale\" content=\"en_GB\" \/>\n<meta property=\"og:type\" content=\"article\" \/>\n<meta property=\"og:title\" content=\"Espace r\u00e9serv\u00e9 aux partenaires de l\u2019Office de Tourisme Creil Sud Oise\" \/>\n<meta property=\"og:description\" content=\"Espace r\u00e9serv\u00e9 aux partenaires professionnels de l\u2019Office de Tourisme Creil Sud Oise : les d\u00e9lib\u00e9rations du comit\u00e9 de direction.\" \/>\n<meta property=\"og:url\" content=\"https:\/\/www.creilsudoise-tourisme.fr\/en\/espace-pro\/deliberations\/\" \/>\n<meta property=\"og:site_name\" content=\"Office de Tourisme Creil Sud Oise\" \/>\n<meta property=\"article:publisher\" content=\"https:\/\/www.facebook.com\/creilsudoisetourisme\/\" \/>\n<meta property=\"article:modified_time\" content=\"2025-11-13T13:33:46+00:00\" \/>\n<meta property=\"og:image\" content=\"https:\/\/www.creilsudoise-tourisme.fr\/wp-content\/uploads\/2021\/05\/Comite-de-direction-de-lOffice-de-Tourisme-Creil-Sud-Oise.jpg\" \/>\n\t<meta property=\"og:image:width\" content=\"1600\" \/>\n\t<meta property=\"og:image:height\" content=\"764\" \/>\n\t<meta property=\"og:image:type\" content=\"image\/jpeg\" \/>\n<meta name=\"twitter:card\" content=\"summary_large_image\" \/>\n<meta name=\"twitter:site\" content=\"@CreilSudOiseOT\" \/>\n<meta name=\"twitter:label1\" content=\"Estimated reading time\" \/>\n\t<meta name=\"twitter:data1\" content=\"2 minutes\" \/>\n<script type=\"application\/ld+json\" class=\"yoast-schema-graph\">{\"@context\":\"https:\/\/schema.org\",\"@graph\":[{\"@type\":\"WebPage\",\"@id\":\"https:\/\/www.creilsudoise-tourisme.fr\/espace-pro\/deliberations\/\",\"url\":\"https:\/\/www.creilsudoise-tourisme.fr\/espace-pro\/deliberations\/\",\"name\":\"Espace r\u00e9serv\u00e9 aux partenaires de l\u2019Office de Tourisme Creil Sud Oise\",\"isPartOf\":{\"@id\":\"https:\/\/www.creilsudoise-tourisme.fr\/#website\"},\"datePublished\":\"2021-02-17T09:03:47+00:00\",\"dateModified\":\"2025-11-13T13:33:46+00:00\",\"description\":\"Espace r\u00e9serv\u00e9 aux partenaires professionnels de l\u2019Office de Tourisme Creil Sud Oise : les d\u00e9lib\u00e9rations du comit\u00e9 de direction.\",\"breadcrumb\":{\"@id\":\"https:\/\/www.creilsudoise-tourisme.fr\/espace-pro\/deliberations\/#breadcrumb\"},\"inLanguage\":\"en-GB\",\"potentialAction\":[{\"@type\":\"ReadAction\",\"target\":[\"https:\/\/www.creilsudoise-tourisme.fr\/espace-pro\/deliberations\/\"]}]},{\"@type\":\"BreadcrumbList\",\"@id\":\"https:\/\/www.creilsudoise-tourisme.fr\/espace-pro\/deliberations\/#breadcrumb\",\"itemListElement\":[{\"@type\":\"ListItem\",\"position\":1,\"name\":\"Accueil\",\"item\":\"https:\/\/www.creilsudoise-tourisme.fr\/\"},{\"@type\":\"ListItem\",\"position\":2,\"name\":\"Espace pro\",\"item\":\"https:\/\/www.creilsudoise-tourisme.fr\/espace-pro\/\"},{\"@type\":\"ListItem\",\"position\":3,\"name\":\"Les d\u00e9lib\u00e9rations\"}]},{\"@type\":\"WebSite\",\"@id\":\"https:\/\/www.creilsudoise-tourisme.fr\/#website\",\"url\":\"https:\/\/www.creilsudoise-tourisme.fr\/\",\"name\":\"Office de Tourisme Creil Sud Oise\",\"description\":\"Creil Sud Oise Tourisme, un territoire \u00e0 explorer !\",\"publisher\":{\"@id\":\"https:\/\/www.creilsudoise-tourisme.fr\/#organization\"},\"potentialAction\":[{\"@type\":\"SearchAction\",\"target\":{\"@type\":\"EntryPoint\",\"urlTemplate\":\"https:\/\/www.creilsudoise-tourisme.fr\/?s={search_term_string}\"},\"query-input\":\"required name=search_term_string\"}],\"inLanguage\":\"en-GB\"},{\"@type\":\"Organization\",\"@id\":\"https:\/\/www.creilsudoise-tourisme.fr\/#organization\",\"name\":\"Creil Sud Oise Tourisme\",\"url\":\"https:\/\/www.creilsudoise-tourisme.fr\/\",\"logo\":{\"@type\":\"ImageObject\",\"inLanguage\":\"en-GB\",\"@id\":\"https:\/\/www.creilsudoise-tourisme.fr\/#\/schema\/logo\/image\/\",\"url\":\"https:\/\/www.creilsudoise-tourisme.fr\/wp-content\/uploads\/2021\/05\/logo-svg.png\",\"contentUrl\":\"https:\/\/www.creilsudoise-tourisme.fr\/wp-content\/uploads\/2021\/05\/logo-svg.png\",\"width\":182,\"height\":71,\"caption\":\"Creil Sud Oise Tourisme\"},\"image\":{\"@id\":\"https:\/\/www.creilsudoise-tourisme.fr\/#\/schema\/logo\/image\/\"},\"sameAs\":[\"https:\/\/www.facebook.com\/creilsudoisetourisme\/\",\"https:\/\/twitter.com\/CreilSudOiseOT\",\"https:\/\/www.instagram.com\/creilsudoisetourisme\/\",\"https:\/\/www.youtube.com\/channel\/UC8L_QD2wwyADW14zt9fY8kw\"]}]}<\/script>\n<!-- \/ Yoast SEO plugin. -->","yoast_head_json":{"title":"Espace r\u00e9serv\u00e9 aux partenaires de l\u2019Office de Tourisme Creil Sud Oise","description":"Espace r\u00e9serv\u00e9 aux partenaires professionnels de l\u2019Office de Tourisme Creil Sud Oise : les d\u00e9lib\u00e9rations du comit\u00e9 de direction.","robots":{"index":"index","follow":"follow","max-snippet":"max-snippet:-1","max-image-preview":"max-image-preview:large","max-video-preview":"max-video-preview:-1"},"canonical":"https:\/\/www.creilsudoise-tourisme.fr\/en\/espace-pro\/deliberations\/","og_locale":"en_GB","og_type":"article","og_title":"Espace r\u00e9serv\u00e9 aux partenaires de l\u2019Office de Tourisme Creil Sud Oise","og_description":"Espace r\u00e9serv\u00e9 aux partenaires professionnels de l\u2019Office de Tourisme Creil Sud Oise : les d\u00e9lib\u00e9rations du comit\u00e9 de direction.","og_url":"https:\/\/www.creilsudoise-tourisme.fr\/en\/espace-pro\/deliberations\/","og_site_name":"Office de Tourisme Creil Sud Oise","article_publisher":"https:\/\/www.facebook.com\/creilsudoisetourisme\/","article_modified_time":"2025-11-13T13:33:46+00:00","og_image":[{"width":1600,"height":764,"url":"https:\/\/www.creilsudoise-tourisme.fr\/wp-content\/uploads\/2021\/05\/Comite-de-direction-de-lOffice-de-Tourisme-Creil-Sud-Oise.jpg","type":"image\/jpeg"}],"twitter_card":"summary_large_image","twitter_site":"@CreilSudOiseOT","twitter_misc":{"Estimated reading time":"2 minutes"},"schema":{"@context":"https:\/\/schema.org","@graph":[{"@type":"WebPage","@id":"https:\/\/www.creilsudoise-tourisme.fr\/espace-pro\/deliberations\/","url":"https:\/\/www.creilsudoise-tourisme.fr\/espace-pro\/deliberations\/","name":"Espace r\u00e9serv\u00e9 aux partenaires de l\u2019Office de Tourisme Creil Sud Oise","isPartOf":{"@id":"https:\/\/www.creilsudoise-tourisme.fr\/#website"},"datePublished":"2021-02-17T09:03:47+00:00","dateModified":"2025-11-13T13:33:46+00:00","description":"Espace r\u00e9serv\u00e9 aux partenaires professionnels de l\u2019Office de Tourisme Creil Sud Oise : les d\u00e9lib\u00e9rations du comit\u00e9 de direction.","breadcrumb":{"@id":"https:\/\/www.creilsudoise-tourisme.fr\/espace-pro\/deliberations\/#breadcrumb"},"inLanguage":"en-GB","potentialAction":[{"@type":"ReadAction","target":["https:\/\/www.creilsudoise-tourisme.fr\/espace-pro\/deliberations\/"]}]},{"@type":"BreadcrumbList","@id":"https:\/\/www.creilsudoise-tourisme.fr\/espace-pro\/deliberations\/#breadcrumb","itemListElement":[{"@type":"ListItem","position":1,"name":"Accueil","item":"https:\/\/www.creilsudoise-tourisme.fr\/"},{"@type":"ListItem","position":2,"name":"Espace pro","item":"https:\/\/www.creilsudoise-tourisme.fr\/espace-pro\/"},{"@type":"ListItem","position":3,"name":"Les d\u00e9lib\u00e9rations"}]},{"@type":"WebSite","@id":"https:\/\/www.creilsudoise-tourisme.fr\/#website","url":"https:\/\/www.creilsudoise-tourisme.fr\/","name":"Office de Tourisme Creil Sud Oise","description":"Creil Sud Oise Tourisme, un territoire \u00e0 explorer !","publisher":{"@id":"https:\/\/www.creilsudoise-tourisme.fr\/#organization"},"potentialAction":[{"@type":"SearchAction","target":{"@type":"EntryPoint","urlTemplate":"https:\/\/www.creilsudoise-tourisme.fr\/?s={search_term_string}"},"query-input":"required name=search_term_string"}],"inLanguage":"en-GB"},{"@type":"Organization","@id":"https:\/\/www.creilsudoise-tourisme.fr\/#organization","name":"Creil Sud Oise Tourisme","url":"https:\/\/www.creilsudoise-tourisme.fr\/","logo":{"@type":"ImageObject","inLanguage":"en-GB","@id":"https:\/\/www.creilsudoise-tourisme.fr\/#\/schema\/logo\/image\/","url":"https:\/\/www.creilsudoise-tourisme.fr\/wp-content\/uploads\/2021\/05\/logo-svg.png","contentUrl":"https:\/\/www.creilsudoise-tourisme.fr\/wp-content\/uploads\/2021\/05\/logo-svg.png","width":182,"height":71,"caption":"Creil Sud Oise Tourisme"},"image":{"@id":"https:\/\/www.creilsudoise-tourisme.fr\/#\/schema\/logo\/image\/"},"sameAs":["https:\/\/www.facebook.com\/creilsudoisetourisme\/","https:\/\/twitter.com\/CreilSudOiseOT","https:\/\/www.instagram.com\/creilsudoisetourisme\/","https:\/\/www.youtube.com\/channel\/UC8L_QD2wwyADW14zt9fY8kw"]}]}},"_links":{"self":[{"href":"https:\/\/www.creilsudoise-tourisme.fr\/en\/wp-json\/wp\/v2\/pages\/219"}],"collection":[{"href":"https:\/\/www.creilsudoise-tourisme.fr\/en\/wp-json\/wp\/v2\/pages"}],"about":[{"href":"https:\/\/www.creilsudoise-tourisme.fr\/en\/wp-json\/wp\/v2\/types\/page"}],"author":[{"embeddable":true,"href":"https:\/\/www.creilsudoise-tourisme.fr\/en\/wp-json\/wp\/v2\/users\/1"}],"replies":[{"embeddable":true,"href":"https:\/\/www.creilsudoise-tourisme.fr\/en\/wp-json\/wp\/v2\/comments?post=219"}],"version-history":[{"count":35,"href":"https:\/\/www.creilsudoise-tourisme.fr\/en\/wp-json\/wp\/v2\/pages\/219\/revisions"}],"predecessor-version":[{"id":68573,"href":"https:\/\/www.creilsudoise-tourisme.fr\/en\/wp-json\/wp\/v2\/pages\/219\/revisions\/68573"}],"up":[{"embeddable":true,"href":"https:\/\/www.creilsudoise-tourisme.fr\/en\/wp-json\/wp\/v2\/pages\/209"}],"wp:featuredmedia":[{"embeddable":true,"href":"https:\/\/www.creilsudoise-tourisme.fr\/en\/wp-json\/wp\/v2\/media\/34941"}],"wp:attachment":[{"href":"https:\/\/www.creilsudoise-tourisme.fr\/en\/wp-json\/wp\/v2\/media?parent=219"}],"curies":[{"name":"wp","href":"https:\/\/api.w.org\/{rel}","templated":true}]}}