{"id":211,"date":"2021-02-17T10:03:34","date_gmt":"2021-02-17T09:03:39","guid":{"rendered":"https:\/\/www.creilsudoise-tourisme.fr\/rencontres-des-explorateurs\/"},"modified":"2025-05-16T10:52:24","modified_gmt":"2025-05-16T08:52:24","slug":"rencontres-explorateurs","status":"publish","type":"page","link":"https:\/\/www.creilsudoise-tourisme.fr\/en\/espace-pro\/rencontres-explorateurs\/","title":{"rendered":"Explorers' meetings"},"content":{"rendered":"<p class=\"is-style-excerpt\">Local players, <strong>elected representatives, tourism and cultural professionals, restaurateurs, accommodation providers, as well as ambassadors, local residents involved in the development of their region through associations or regular visitors to the Tourist Office.<\/strong>are invited each year to the<strong> Explorers' Meeting<\/strong>organised by Creil Sud Oise Tourisme<\/p>\n\n\n\n<p>The aim of these Meetings is to create synergy between all these players, and to place them at the heart of the region's tourism and economic development by <strong>leading a supportive and proactive network of partners.<\/strong><\/p>\n\n\n\n<h2>Discover the Rencontres des Explorateurs<\/h2>\n\n\n<div class=\"wp-block wp-block-child-post alignwide\">\n    <div class=\"entityList clear\">\n        \n<div class=\"entityItem\" data-trigger=\"wpiris-click\" data-id=\"wpiris-entity-slider-item\">\n    <p class=\"entityItemThumbnail\">\n        <a href=\"https:\/\/www.creilsudoise-tourisme.fr\/en\/espace-pro\/rencontres-explorateurs\/meeting-of-explorers-2023\/\" nofancybox>\n            <img data-src=\"https:\/\/www.creilsudoise-tourisme.fr\/wp-content\/uploads\/2025\/04\/image00024-275x350.jpg\" alt=\"#6 Meeting of the Explorers (2025)\">\n        <\/a>\n    <\/p>\n    <div class=\"entityItemContent\">\n        <h2 class=\"entityItemContentTitle\">\n            <a href=\"https:\/\/www.creilsudoise-tourisme.fr\/en\/espace-pro\/rencontres-explorateurs\/meeting-of-explorers-2023\/\">#6 Meeting of the Explorers (2025)<\/a>\n        <\/h2>\n            <\/div>\n    <a href=\"https:\/\/www.creilsudoise-tourisme.fr\/en\/espace-pro\/rencontres-explorateurs\/meeting-of-explorers-2023\/\" class=\"seeMore\"><span class=\"sr-only\">See more<\/span><\/a>\n<\/div>\n        \n<div class=\"entityItem\" data-trigger=\"wpiris-click\" data-id=\"wpiris-entity-slider-item\">\n    <p class=\"entityItemThumbnail\">\n        <a href=\"https:\/\/www.creilsudoise-tourisme.fr\/en\/espace-pro\/rencontres-explorateurs\/meeting-of-explorers-2023\/\" nofancybox>\n            <img data-src=\"https:\/\/www.creilsudoise-tourisme.fr\/wp-content\/uploads\/2024\/06\/5eme-Rencontre-des-Explorateurs-2024-275x350.jpg\" alt=\"#5 Meeting of the Explorers (2024)\">\n        <\/a>\n    <\/p>\n    <div class=\"entityItemContent\">\n        <h2 class=\"entityItemContentTitle\">\n            <a href=\"https:\/\/www.creilsudoise-tourisme.fr\/en\/espace-pro\/rencontres-explorateurs\/meeting-of-explorers-2023\/\">#5 Meeting of the Explorers (2024)<\/a>\n        <\/h2>\n            <\/div>\n    <a href=\"https:\/\/www.creilsudoise-tourisme.fr\/en\/espace-pro\/rencontres-explorateurs\/meeting-of-explorers-2023\/\" class=\"seeMore\"><span class=\"sr-only\">See more<\/span><\/a>\n<\/div>\n        \n<div class=\"entityItem\" data-trigger=\"wpiris-click\" data-id=\"wpiris-entity-slider-item\">\n    <p class=\"entityItemThumbnail\">\n        <a href=\"https:\/\/www.creilsudoise-tourisme.fr\/en\/espace-pro\/rencontres-explorateurs\/meeting-of-explorers-2023\/\" nofancybox>\n            <img data-src=\"https:\/\/www.creilsudoise-tourisme.fr\/wp-content\/uploads\/2023\/03\/4eme-Rencontre-des-Explorateurs-275x350.jpg\" alt=\"#4 Meeting of the Explorers (2023)\">\n        <\/a>\n    <\/p>\n    <div class=\"entityItemContent\">\n        <h2 class=\"entityItemContentTitle\">\n            <a href=\"https:\/\/www.creilsudoise-tourisme.fr\/en\/espace-pro\/rencontres-explorateurs\/meeting-of-explorers-2023\/\">#4 Meeting of the Explorers (2023)<\/a>\n        <\/h2>\n            <\/div>\n    <a href=\"https:\/\/www.creilsudoise-tourisme.fr\/en\/espace-pro\/rencontres-explorateurs\/meeting-of-explorers-2023\/\" class=\"seeMore\"><span class=\"sr-only\">See more<\/span><\/a>\n<\/div>\n        \n<div class=\"entityItem\" data-trigger=\"wpiris-click\" data-id=\"wpiris-entity-slider-item\">\n    <p class=\"entityItemThumbnail\">\n        <a href=\"https:\/\/www.creilsudoise-tourisme.fr\/en\/espace-pro\/rencontres-explorateurs\/rencontres-des-explorateurs-2022\/\" nofancybox>\n            <img data-src=\"https:\/\/www.creilsudoise-tourisme.fr\/wp-content\/uploads\/2022\/06\/Rencontre-des-Explorateurs-3eme-275x350.jpg\" alt=\"#3 Meeting of the Explorers (2022)\">\n        <\/a>\n    <\/p>\n    <div class=\"entityItemContent\">\n        <h2 class=\"entityItemContentTitle\">\n            <a href=\"https:\/\/www.creilsudoise-tourisme.fr\/en\/espace-pro\/rencontres-explorateurs\/rencontres-des-explorateurs-2022\/\">#3 Meeting of the Explorers (2022)<\/a>\n        <\/h2>\n            <\/div>\n    <a href=\"https:\/\/www.creilsudoise-tourisme.fr\/en\/espace-pro\/rencontres-explorateurs\/rencontres-des-explorateurs-2022\/\" class=\"seeMore\"><span class=\"sr-only\">See more<\/span><\/a>\n<\/div>\n        \n<div class=\"entityItem\" data-trigger=\"wpiris-click\" data-id=\"wpiris-entity-slider-item\">\n    <p class=\"entityItemThumbnail\">\n        <a href=\"https:\/\/www.creilsudoise-tourisme.fr\/en\/espace-pro\/rencontres-explorateurs\/rencontre-des-explorateurs-2020-2\/\" nofancybox>\n            <img data-src=\"https:\/\/www.creilsudoise-tourisme.fr\/wp-content\/uploads\/2021\/04\/Rencontre-des-explorateurs-2-en-2020-275x350.png\" alt=\"#2 Explorers&#039; Meeting (2020)\">\n        <\/a>\n    <\/p>\n    <div class=\"entityItemContent\">\n        <h2 class=\"entityItemContentTitle\">\n            <a href=\"https:\/\/www.creilsudoise-tourisme.fr\/en\/espace-pro\/rencontres-explorateurs\/rencontre-des-explorateurs-2020-2\/\">#2 Explorers' Meeting (2020)<\/a>\n        <\/h2>\n            <\/div>\n    <a href=\"https:\/\/www.creilsudoise-tourisme.fr\/en\/espace-pro\/rencontres-explorateurs\/rencontre-des-explorateurs-2020-2\/\" class=\"seeMore\"><span class=\"sr-only\">See more<\/span><\/a>\n<\/div>\n        \n<div class=\"entityItem\" data-trigger=\"wpiris-click\" data-id=\"wpiris-entity-slider-item\">\n    <p class=\"entityItemThumbnail\">\n        <a href=\"https:\/\/www.creilsudoise-tourisme.fr\/en\/espace-pro\/rencontres-explorateurs\/rencontres-des-explorateurs-2019\/\" nofancybox>\n            <img data-src=\"https:\/\/www.creilsudoise-tourisme.fr\/wp-content\/uploads\/2021\/04\/Rencontre-des-explorateurs-1-en-2019-275x350.png\" alt=\"#1 Explorers&#039; Meeting (2019)\">\n        <\/a>\n    <\/p>\n    <div class=\"entityItemContent\">\n        <h2 class=\"entityItemContentTitle\">\n            <a href=\"https:\/\/www.creilsudoise-tourisme.fr\/en\/espace-pro\/rencontres-explorateurs\/rencontres-des-explorateurs-2019\/\">#1 Explorers' Meeting (2019)<\/a>\n        <\/h2>\n            <\/div>\n    <a href=\"https:\/\/www.creilsudoise-tourisme.fr\/en\/espace-pro\/rencontres-explorateurs\/rencontres-des-explorateurs-2019\/\" class=\"seeMore\"><span class=\"sr-only\">See more<\/span><\/a>\n<\/div>\n            <\/div>\n<\/div>\n\n\n<h2>Contact us!<\/h2>\n\n\n\n<p><strong>Floriane<\/strong> is the point of contact for all those wishing to take part in the Rencontres des Explorateurs network. Don't hesitate to contact her!<\/p>\n\n\n\n<div class=\"is-layout-flex wp-container-4 wp-block-columns\">\n<div class=\"is-layout-flow wp-block-column is-vertically-aligned-center\"><div class=\"wp-block-image\">\n<figure class=\"aligncenter size-large\"><img decoding=\"async\" loading=\"lazy\" width=\"1200\" height=\"1200\" data-src=\"https:\/\/www.creilsudoise-tourisme.fr\/wp-content\/uploads\/2025\/05\/Floriane-R-1200x1200.jpg\" alt=\"\" class=\"wp-image-62288\" data-srcset=\"https:\/\/www.creilsudoise-tourisme.fr\/wp-content\/uploads\/2025\/05\/Floriane-R-1200x1200.jpg 1200w, https:\/\/www.creilsudoise-tourisme.fr\/wp-content\/uploads\/2025\/05\/Floriane-R-600x600.jpg 600w, https:\/\/www.creilsudoise-tourisme.fr\/wp-content\/uploads\/2025\/05\/Floriane-R-300x300.jpg 300w, https:\/\/www.creilsudoise-tourisme.fr\/wp-content\/uploads\/2025\/05\/Floriane-R-900x900.jpg 900w, https:\/\/www.creilsudoise-tourisme.fr\/wp-content\/uploads\/2025\/05\/Floriane-R-1536x1536.jpg 1536w, https:\/\/www.creilsudoise-tourisme.fr\/wp-content\/uploads\/2025\/05\/Floriane-R-12x12.jpg 12w, https:\/\/www.creilsudoise-tourisme.fr\/wp-content\/uploads\/2025\/05\/Floriane-R-200x200.jpg 200w, https:\/\/www.creilsudoise-tourisme.fr\/wp-content\/uploads\/2025\/05\/Floriane-R-650x650.jpg 650w, https:\/\/www.creilsudoise-tourisme.fr\/wp-content\/uploads\/2025\/05\/Floriane-R-387x387.jpg 387w, https:\/\/www.creilsudoise-tourisme.fr\/wp-content\/uploads\/2025\/05\/Floriane-R.jpg 1920w\" sizes=\"(max-width: 1200px) 100vw, 1200px\" \/><\/figure><\/div><\/div>\n\n\n\n<div class=\"is-layout-flow wp-block-column is-vertically-aligned-center\"><div class=\"wp-block wp-block-highlight\">\n                <p class=\"wp-block-highlight-item wp-block-highlight-excerpt\"><strong>Floriane Riaudel,<\/strong> partner network coordinator<br><br><a href=\"tel:0375190171\">03 75 19 01 71<\/a><\/p>\n    <\/div>\n\n\n<div class=\"is-layout-flex wp-block-buttons\">\n<div class=\"wp-block-button\"><a class=\"wp-block-button__link wp-element-button\" href=\"mailto:&#102;l&#111;riane&#64;cr&#101;il&#115;ud&#111;&#105;&#115;e-to&#117;r&#105;sm&#101;.&#102;r\" target=\"_blank\" rel=\"noreferrer noopener\">Contact<\/a><\/div>\n<\/div>\n<\/div>\n<\/div>","protected":false},"excerpt":{"rendered":"<p>Every year, local players - elected representatives, tourism and cultural professionals, restaurateurs, accommodation providers - as well as ambassadors, local people involved in the development of their region through associations or regular visitors to the Tourist Office, are invited to the Explorers' Meeting, organised by Creil Sud Oise Tourisme. The aim of the [...]<\/p>","protected":false},"author":1,"featured_media":61330,"parent":209,"menu_order":0,"comment_status":"closed","ping_status":"closed","template":"","meta":{"_relevanssi_hide_post":"","_relevanssi_hide_content":"","_relevanssi_pin_for_all":"","_relevanssi_pin_keywords":"","_relevanssi_unpin_keywords":"","_relevanssi_related_keywords":"","_relevanssi_related_include_ids":"","_relevanssi_related_exclude_ids":"","_relevanssi_related_no_append":"","_relevanssi_related_not_related":"","_relevanssi_related_posts":"271,267,273,275","_relevanssi_noindex_reason":""},"yoast_head":"<!-- This site is optimized with the Yoast SEO plugin v20.2.1 - https:\/\/yoast.com\/wordpress\/plugins\/seo\/ -->\n<title>Partenaires, rejoignez le r\u00e9seau des Rencontres des Explorateurs !<\/title>\n<meta name=\"description\" content=\"Les Rencontres des Explorateurs ont pour objectif d\u2019animer un r\u00e9seau proactif de partenaires investis dans le d\u00e9veloppement du tourisme \u00e0 Creil Sud Oise.\" \/>\n<meta name=\"robots\" content=\"index, follow, max-snippet:-1, max-image-preview:large, max-video-preview:-1\" \/>\n<link rel=\"canonical\" href=\"https:\/\/www.creilsudoise-tourisme.fr\/en\/espace-pro\/rencontres-explorateurs\/\" \/>\n<meta property=\"og:locale\" content=\"en_GB\" \/>\n<meta property=\"og:type\" content=\"article\" \/>\n<meta property=\"og:title\" content=\"Partenaires, rejoignez le r\u00e9seau des Rencontres des Explorateurs !\" \/>\n<meta property=\"og:description\" content=\"Les Rencontres des Explorateurs ont pour objectif d\u2019animer un r\u00e9seau proactif de partenaires investis dans le d\u00e9veloppement du tourisme \u00e0 Creil Sud Oise.\" \/>\n<meta property=\"og:url\" content=\"https:\/\/www.creilsudoise-tourisme.fr\/en\/espace-pro\/rencontres-explorateurs\/\" \/>\n<meta property=\"og:site_name\" content=\"Office de Tourisme Creil Sud Oise\" \/>\n<meta property=\"article:publisher\" content=\"https:\/\/www.facebook.com\/creilsudoisetourisme\/\" \/>\n<meta property=\"article:modified_time\" content=\"2025-05-16T08:52:24+00:00\" \/>\n<meta property=\"og:image\" content=\"https:\/\/www.creilsudoise-tourisme.fr\/wp-content\/uploads\/2025\/04\/Rencontre-explorateurs-6-tournages_creil-sud-oise-tourisme-366.jpg\" \/>\n\t<meta property=\"og:image:width\" content=\"1780\" \/>\n\t<meta property=\"og:image:height\" content=\"1002\" \/>\n\t<meta property=\"og:image:type\" content=\"image\/jpeg\" \/>\n<meta name=\"twitter:card\" content=\"summary_large_image\" \/>\n<meta name=\"twitter:site\" content=\"@CreilSudOiseOT\" \/>\n<meta name=\"twitter:label1\" content=\"Estimated reading time\" \/>\n\t<meta name=\"twitter:data1\" content=\"2 minutes\" \/>\n<script type=\"application\/ld+json\" class=\"yoast-schema-graph\">{\"@context\":\"https:\/\/schema.org\",\"@graph\":[{\"@type\":\"WebPage\",\"@id\":\"https:\/\/www.creilsudoise-tourisme.fr\/espace-pro\/rencontres-explorateurs\/\",\"url\":\"https:\/\/www.creilsudoise-tourisme.fr\/espace-pro\/rencontres-explorateurs\/\",\"name\":\"Partenaires, rejoignez le r\u00e9seau des Rencontres des Explorateurs !\",\"isPartOf\":{\"@id\":\"https:\/\/www.creilsudoise-tourisme.fr\/#website\"},\"datePublished\":\"2021-02-17T09:03:39+00:00\",\"dateModified\":\"2025-05-16T08:52:24+00:00\",\"description\":\"Les Rencontres des Explorateurs ont pour objectif d\u2019animer un r\u00e9seau proactif de partenaires investis dans le d\u00e9veloppement du tourisme \u00e0 Creil Sud Oise.\",\"breadcrumb\":{\"@id\":\"https:\/\/www.creilsudoise-tourisme.fr\/espace-pro\/rencontres-explorateurs\/#breadcrumb\"},\"inLanguage\":\"en-GB\",\"potentialAction\":[{\"@type\":\"ReadAction\",\"target\":[\"https:\/\/www.creilsudoise-tourisme.fr\/espace-pro\/rencontres-explorateurs\/\"]}]},{\"@type\":\"BreadcrumbList\",\"@id\":\"https:\/\/www.creilsudoise-tourisme.fr\/espace-pro\/rencontres-explorateurs\/#breadcrumb\",\"itemListElement\":[{\"@type\":\"ListItem\",\"position\":1,\"name\":\"Accueil\",\"item\":\"https:\/\/www.creilsudoise-tourisme.fr\/\"},{\"@type\":\"ListItem\",\"position\":2,\"name\":\"Espace pro\",\"item\":\"https:\/\/www.creilsudoise-tourisme.fr\/espace-pro\/\"},{\"@type\":\"ListItem\",\"position\":3,\"name\":\"Rencontres des explorateurs\"}]},{\"@type\":\"WebSite\",\"@id\":\"https:\/\/www.creilsudoise-tourisme.fr\/#website\",\"url\":\"https:\/\/www.creilsudoise-tourisme.fr\/\",\"name\":\"Office de Tourisme Creil Sud Oise\",\"description\":\"Creil Sud Oise Tourisme, un territoire \u00e0 explorer !\",\"publisher\":{\"@id\":\"https:\/\/www.creilsudoise-tourisme.fr\/#organization\"},\"potentialAction\":[{\"@type\":\"SearchAction\",\"target\":{\"@type\":\"EntryPoint\",\"urlTemplate\":\"https:\/\/www.creilsudoise-tourisme.fr\/?s={search_term_string}\"},\"query-input\":\"required name=search_term_string\"}],\"inLanguage\":\"en-GB\"},{\"@type\":\"Organization\",\"@id\":\"https:\/\/www.creilsudoise-tourisme.fr\/#organization\",\"name\":\"Creil Sud Oise Tourisme\",\"url\":\"https:\/\/www.creilsudoise-tourisme.fr\/\",\"logo\":{\"@type\":\"ImageObject\",\"inLanguage\":\"en-GB\",\"@id\":\"https:\/\/www.creilsudoise-tourisme.fr\/#\/schema\/logo\/image\/\",\"url\":\"https:\/\/www.creilsudoise-tourisme.fr\/wp-content\/uploads\/2021\/05\/logo-svg.png\",\"contentUrl\":\"https:\/\/www.creilsudoise-tourisme.fr\/wp-content\/uploads\/2021\/05\/logo-svg.png\",\"width\":182,\"height\":71,\"caption\":\"Creil Sud Oise Tourisme\"},\"image\":{\"@id\":\"https:\/\/www.creilsudoise-tourisme.fr\/#\/schema\/logo\/image\/\"},\"sameAs\":[\"https:\/\/www.facebook.com\/creilsudoisetourisme\/\",\"https:\/\/twitter.com\/CreilSudOiseOT\",\"https:\/\/www.instagram.com\/creilsudoisetourisme\/\",\"https:\/\/www.youtube.com\/channel\/UC8L_QD2wwyADW14zt9fY8kw\"]}]}<\/script>\n<!-- \/ Yoast SEO plugin. -->","yoast_head_json":{"title":"Partenaires, rejoignez le r\u00e9seau des Rencontres des Explorateurs !","description":"Les Rencontres des Explorateurs ont pour objectif d\u2019animer un r\u00e9seau proactif de partenaires investis dans le d\u00e9veloppement du tourisme \u00e0 Creil Sud Oise.","robots":{"index":"index","follow":"follow","max-snippet":"max-snippet:-1","max-image-preview":"max-image-preview:large","max-video-preview":"max-video-preview:-1"},"canonical":"https:\/\/www.creilsudoise-tourisme.fr\/en\/espace-pro\/rencontres-explorateurs\/","og_locale":"en_GB","og_type":"article","og_title":"Partenaires, rejoignez le r\u00e9seau des Rencontres des Explorateurs !","og_description":"Les Rencontres des Explorateurs ont pour objectif d\u2019animer un r\u00e9seau proactif de partenaires investis dans le d\u00e9veloppement du tourisme \u00e0 Creil Sud Oise.","og_url":"https:\/\/www.creilsudoise-tourisme.fr\/en\/espace-pro\/rencontres-explorateurs\/","og_site_name":"Office de Tourisme Creil Sud Oise","article_publisher":"https:\/\/www.facebook.com\/creilsudoisetourisme\/","article_modified_time":"2025-05-16T08:52:24+00:00","og_image":[{"width":1780,"height":1002,"url":"https:\/\/www.creilsudoise-tourisme.fr\/wp-content\/uploads\/2025\/04\/Rencontre-explorateurs-6-tournages_creil-sud-oise-tourisme-366.jpg","type":"image\/jpeg"}],"twitter_card":"summary_large_image","twitter_site":"@CreilSudOiseOT","twitter_misc":{"Estimated reading time":"2 minutes"},"schema":{"@context":"https:\/\/schema.org","@graph":[{"@type":"WebPage","@id":"https:\/\/www.creilsudoise-tourisme.fr\/espace-pro\/rencontres-explorateurs\/","url":"https:\/\/www.creilsudoise-tourisme.fr\/espace-pro\/rencontres-explorateurs\/","name":"Partenaires, rejoignez le r\u00e9seau des Rencontres des Explorateurs !","isPartOf":{"@id":"https:\/\/www.creilsudoise-tourisme.fr\/#website"},"datePublished":"2021-02-17T09:03:39+00:00","dateModified":"2025-05-16T08:52:24+00:00","description":"Les Rencontres des Explorateurs ont pour objectif d\u2019animer un r\u00e9seau proactif de partenaires investis dans le d\u00e9veloppement du tourisme \u00e0 Creil Sud Oise.","breadcrumb":{"@id":"https:\/\/www.creilsudoise-tourisme.fr\/espace-pro\/rencontres-explorateurs\/#breadcrumb"},"inLanguage":"en-GB","potentialAction":[{"@type":"ReadAction","target":["https:\/\/www.creilsudoise-tourisme.fr\/espace-pro\/rencontres-explorateurs\/"]}]},{"@type":"BreadcrumbList","@id":"https:\/\/www.creilsudoise-tourisme.fr\/espace-pro\/rencontres-explorateurs\/#breadcrumb","itemListElement":[{"@type":"ListItem","position":1,"name":"Accueil","item":"https:\/\/www.creilsudoise-tourisme.fr\/"},{"@type":"ListItem","position":2,"name":"Espace pro","item":"https:\/\/www.creilsudoise-tourisme.fr\/espace-pro\/"},{"@type":"ListItem","position":3,"name":"Rencontres des explorateurs"}]},{"@type":"WebSite","@id":"https:\/\/www.creilsudoise-tourisme.fr\/#website","url":"https:\/\/www.creilsudoise-tourisme.fr\/","name":"Office de Tourisme Creil Sud Oise","description":"Creil Sud Oise Tourisme, un territoire \u00e0 explorer !","publisher":{"@id":"https:\/\/www.creilsudoise-tourisme.fr\/#organization"},"potentialAction":[{"@type":"SearchAction","target":{"@type":"EntryPoint","urlTemplate":"https:\/\/www.creilsudoise-tourisme.fr\/?s={search_term_string}"},"query-input":"required name=search_term_string"}],"inLanguage":"en-GB"},{"@type":"Organization","@id":"https:\/\/www.creilsudoise-tourisme.fr\/#organization","name":"Creil Sud Oise Tourisme","url":"https:\/\/www.creilsudoise-tourisme.fr\/","logo":{"@type":"ImageObject","inLanguage":"en-GB","@id":"https:\/\/www.creilsudoise-tourisme.fr\/#\/schema\/logo\/image\/","url":"https:\/\/www.creilsudoise-tourisme.fr\/wp-content\/uploads\/2021\/05\/logo-svg.png","contentUrl":"https:\/\/www.creilsudoise-tourisme.fr\/wp-content\/uploads\/2021\/05\/logo-svg.png","width":182,"height":71,"caption":"Creil Sud Oise Tourisme"},"image":{"@id":"https:\/\/www.creilsudoise-tourisme.fr\/#\/schema\/logo\/image\/"},"sameAs":["https:\/\/www.facebook.com\/creilsudoisetourisme\/","https:\/\/twitter.com\/CreilSudOiseOT","https:\/\/www.instagram.com\/creilsudoisetourisme\/","https:\/\/www.youtube.com\/channel\/UC8L_QD2wwyADW14zt9fY8kw"]}]}},"_links":{"self":[{"href":"https:\/\/www.creilsudoise-tourisme.fr\/en\/wp-json\/wp\/v2\/pages\/211"}],"collection":[{"href":"https:\/\/www.creilsudoise-tourisme.fr\/en\/wp-json\/wp\/v2\/pages"}],"about":[{"href":"https:\/\/www.creilsudoise-tourisme.fr\/en\/wp-json\/wp\/v2\/types\/page"}],"author":[{"embeddable":true,"href":"https:\/\/www.creilsudoise-tourisme.fr\/en\/wp-json\/wp\/v2\/users\/1"}],"replies":[{"embeddable":true,"href":"https:\/\/www.creilsudoise-tourisme.fr\/en\/wp-json\/wp\/v2\/comments?post=211"}],"version-history":[{"count":20,"href":"https:\/\/www.creilsudoise-tourisme.fr\/en\/wp-json\/wp\/v2\/pages\/211\/revisions"}],"predecessor-version":[{"id":62297,"href":"https:\/\/www.creilsudoise-tourisme.fr\/en\/wp-json\/wp\/v2\/pages\/211\/revisions\/62297"}],"up":[{"embeddable":true,"href":"https:\/\/www.creilsudoise-tourisme.fr\/en\/wp-json\/wp\/v2\/pages\/209"}],"wp:featuredmedia":[{"embeddable":true,"href":"https:\/\/www.creilsudoise-tourisme.fr\/en\/wp-json\/wp\/v2\/media\/61330"}],"wp:attachment":[{"href":"https:\/\/www.creilsudoise-tourisme.fr\/en\/wp-json\/wp\/v2\/media?parent=211"}],"curies":[{"name":"wp","href":"https:\/\/api.w.org\/{rel}","templated":true}]}}