{"id":203,"date":"2021-02-17T10:03:33","date_gmt":"2021-02-17T09:03:33","guid":{"rendered":"https:\/\/www.creilsudoise-tourisme.fr\/loffice-de-tourisme\/"},"modified":"2024-04-19T09:56:59","modified_gmt":"2024-04-19T07:56:59","slug":"office-de-tourisme","status":"publish","type":"page","link":"https:\/\/www.creilsudoise-tourisme.fr\/en\/practice\/tourism-office\/","title":{"rendered":"The Tourist Office"},"content":{"rendered":"<p class=\"is-style-excerpt\"><strong>The Creil Sud Oise Tourist Office welcomes you to Creil<\/strong>At 6 avenue Jules Uhry, in the shopping street opposite the SNCF train station and close to Place Carnot, you can easily park (remember the parking disc!).<\/p>\n\n\n<div class=\"wp-block wp-block-child-post alignwide\">\n    <div class=\"entityList clear\">\n        \n<div class=\"entityItem\" data-trigger=\"wpiris-click\" data-id=\"wpiris-entity-slider-item\">\n    <p class=\"entityItemThumbnail\">\n        <a href=\"https:\/\/www.creilsudoise-tourisme.fr\/en\/practice\/tourism-office\/team\/\" nofancybox>\n            <img data-src=\"https:\/\/www.creilsudoise-tourisme.fr\/wp-content\/uploads\/2024\/10\/Equipe-de-Creil-Sud-Oise-Tourisme-275x350.jpg\" alt=\"The team\">\n        <\/a>\n    <\/p>\n    <div class=\"entityItemContent\">\n        <h2 class=\"entityItemContentTitle\">\n            <a href=\"https:\/\/www.creilsudoise-tourisme.fr\/en\/practice\/tourism-office\/team\/\">The team<\/a>\n        <\/h2>\n            <\/div>\n    <a href=\"https:\/\/www.creilsudoise-tourisme.fr\/en\/practice\/tourism-office\/team\/\" class=\"seeMore\"><span class=\"sr-only\">See more<\/span><\/a>\n<\/div>\n        \n<div class=\"entityItem\" data-trigger=\"wpiris-click\" data-id=\"wpiris-entity-slider-item\">\n    <p class=\"entityItemThumbnail\">\n        <a href=\"https:\/\/www.creilsudoise-tourisme.fr\/en\/practice\/tourism-office\/shop\/\" nofancybox>\n            <img data-src=\"https:\/\/www.creilsudoise-tourisme.fr\/wp-content\/uploads\/2023\/11\/Boutique-de-lOffice-de-Tourisme-Creil-Sud-Oise-1-275x350.jpg\" alt=\"The shop\">\n        <\/a>\n    <\/p>\n    <div class=\"entityItemContent\">\n        <h2 class=\"entityItemContentTitle\">\n            <a href=\"https:\/\/www.creilsudoise-tourisme.fr\/en\/practice\/tourism-office\/shop\/\">The shop<\/a>\n        <\/h2>\n            <\/div>\n    <a href=\"https:\/\/www.creilsudoise-tourisme.fr\/en\/practice\/tourism-office\/shop\/\" class=\"seeMore\"><span class=\"sr-only\">See more<\/span><\/a>\n<\/div>\n        \n<div class=\"entityItem\" data-trigger=\"wpiris-click\" data-id=\"wpiris-entity-slider-item\">\n    <p class=\"entityItemThumbnail\">\n        <a href=\"https:\/\/www.creilsudoise-tourisme.fr\/en\/practice\/tourism-office\/recruitment\/\" nofancybox>\n            <img data-src=\"https:\/\/www.creilsudoise-tourisme.fr\/wp-content\/uploads\/2022\/02\/Creil-Sud-Oise-recrute-275x350.jpg\" alt=\"Recruitment\">\n        <\/a>\n    <\/p>\n    <div class=\"entityItemContent\">\n        <h2 class=\"entityItemContentTitle\">\n            <a href=\"https:\/\/www.creilsudoise-tourisme.fr\/en\/practice\/tourism-office\/recruitment\/\">Recruitment<\/a>\n        <\/h2>\n            <\/div>\n    <a href=\"https:\/\/www.creilsudoise-tourisme.fr\/en\/practice\/tourism-office\/recruitment\/\" class=\"seeMore\"><span class=\"sr-only\">See more<\/span><\/a>\n<\/div>\n            <\/div>\n<\/div>\n\n\n<h2>Presentation of the Tourist Office<\/h2>\n\n\n\n<p>The Creil Sud Oise Tourist Office, a Public Establishment of Industrial and Commercial Interest (EPIC), has been&nbsp;<strong>created in January 2018,<\/strong> following the merger of two communities of communes and their Tourist Office: the Communaut\u00e9 d'Agglom\u00e9ration Creilloise (CAC) and the Communaut\u00e9 de communes Pierre Sud Oise (PSO).&nbsp;<\/p>\n\n\n\n<p><strong>In October 2019<\/strong>The tourist facilities of the&nbsp;<strong><a href=\"https:\/\/www.creilsudoise-tourisme.fr\/en\/jexplore\/les-incontournables\/maison-de-la-pierre\/\" target=\"_blank\" rel=\"noreferrer noopener\">House of Stone of the South of the Oise<\/a><\/strong>located in Saint-Maximin, joined the EPIC.  <\/p>\n\n\n\n<p>The Creil Sud Oise Tourist Office and the Maison de la Pierre du Sud de l'Oise now form <strong>Creil Sud Oise Tourism<\/strong> (EPIC).<\/p>\n\n\n\n<p>Creil Sud Oise Tourisme is administered by a Management Committee composed of two colleges (the college of elected representatives and the college of socio-professionals) with a President and two Vice-Presidents. <\/p>\n\n\n\n<p>The EPIC Creil Sud Oise Tourisme is administered by a management committee and managed by a director. The governance of the EPIC Creil Sud Oise Tourisme is made up of 23 full members and 23 deputy members. The committee deliberates on all matters concerning the operation and activity of Creil Sud Oise Tourisme.<\/p>\n\n\n\n<p>The President of Creil Sud Oise Tourisme (EPIC) is Michel BLARY, 7<sup>th<\/sup> Vice-President of ACSO, Mayor of Thiverny. The two Vice-Chairmen are Herv\u00e9 LEFEZ, 10<sup>th<\/sup> Vice-President of ACSO, Mayor of Maysel from the college of elected representatives and Marion KALT, Director of the Gall\u00e9-Juillet Museum Heritage Department and Municipal Archives from the college of socio-professionals.<\/p>\n\n\n\n<p>Creil Sud Oise Tourisme is managed by a director and has a staff of <a href=\"https:\/\/www.creilsudoise-tourisme.fr\/en\/pratique\/loffice-de-tourisme\/equipe\/\" target=\"_blank\" rel=\"noreferrer noopener\">team of 9 people<\/a>.<\/p>\n\n\n\n<p><strong>To promote the richness and identity of the territory of the community of<a href=\"https:\/\/www.creilsudoise-tourisme.fr\/en\/espace-pro\/acso\/\" target=\"_blank\" rel=\"noreferrer noopener\">Agglomeration Creil Sud Oise<\/a><\/strong> (ACSO) and <strong>develop attendance<\/strong> are the <strong>objectives of Creil Sud Oise Tourism<\/strong>. The Tourist Office works in conjunction with the Department of Economic Development, Employment and Training (DDEEF), particularly with the ACSO Tourism Department. The Tourism, Heritage and Leisure department implements the territory's tourism development strategy in consultation with Creil Sud Oise Tourisme.<\/p>\n\n\n\n<figure class=\"wp-block-image size-large\"><img decoding=\"async\" loading=\"lazy\" width=\"1200\" height=\"675\" data-src=\"https:\/\/www.creilsudoise-tourisme.fr\/wp-content\/uploads\/2021\/04\/Coin-de\u0301tente-de-l_Office-de-Tourisme-Creil-Sud-Oise-1200x675.jpg\" alt=\"\" class=\"wp-image-33246\" data-srcset=\"https:\/\/www.creilsudoise-tourisme.fr\/wp-content\/uploads\/2021\/04\/Coin-de\u0301tente-de-l_Office-de-Tourisme-Creil-Sud-Oise-1200x675.jpg 1200w, https:\/\/www.creilsudoise-tourisme.fr\/wp-content\/uploads\/2021\/04\/Coin-de\u0301tente-de-l_Office-de-Tourisme-Creil-Sud-Oise-600x338.jpg 600w, https:\/\/www.creilsudoise-tourisme.fr\/wp-content\/uploads\/2021\/04\/Coin-de\u0301tente-de-l_Office-de-Tourisme-Creil-Sud-Oise-900x506.jpg 900w, https:\/\/www.creilsudoise-tourisme.fr\/wp-content\/uploads\/2021\/04\/Coin-de\u0301tente-de-l_Office-de-Tourisme-Creil-Sud-Oise-1536x864.jpg 1536w, https:\/\/www.creilsudoise-tourisme.fr\/wp-content\/uploads\/2021\/04\/Coin-de\u0301tente-de-l_Office-de-Tourisme-Creil-Sud-Oise-200x113.jpg 200w, https:\/\/www.creilsudoise-tourisme.fr\/wp-content\/uploads\/2021\/04\/Coin-de\u0301tente-de-l_Office-de-Tourisme-Creil-Sud-Oise-650x366.jpg 650w, https:\/\/www.creilsudoise-tourisme.fr\/wp-content\/uploads\/2021\/04\/Coin-de\u0301tente-de-l_Office-de-Tourisme-Creil-Sud-Oise-387x218.jpg 387w, https:\/\/www.creilsudoise-tourisme.fr\/wp-content\/uploads\/2021\/04\/Coin-de\u0301tente-de-l_Office-de-Tourisme-Creil-Sud-Oise-275x155.jpg 275w, https:\/\/www.creilsudoise-tourisme.fr\/wp-content\/uploads\/2021\/04\/Coin-de\u0301tente-de-l_Office-de-Tourisme-Creil-Sud-Oise.jpg 1600w\" sizes=\"(max-width: 1200px) 100vw, 1200px\" \/><figcaption class=\"wp-element-caption\">Creil Sud Oise Tourisme<\/figcaption><\/figure>\n\n\n\n<h2><strong>The Tourist Office, the director of the territory<\/strong><\/h2>\n\n\n\n<p><strong>Gateway and showcase of the territory<\/strong>The Tourist Office is a genuine <strong>territorial director<\/strong> in the midst of several actors: visitors, partner service providers, inhabitants, elected officials and technicians of the ACSO community. &nbsp;<\/p>\n\n\n\n<p>Its varied tasks are as follows:<\/p>\n\n\n\n<ul>\n<li><strong>Welcome and promote the assets <\/strong>of the Creil Sud Oise destination<\/li>\n\n\n\n<li><strong>Coordinate <\/strong>the interventions of the various <strong>partners in local tourism development<\/strong><\/li>\n\n\n\n<li><strong>Marketing<\/strong>create new tourism products and boost the economic impact&nbsp;<\/li>\n\n\n\n<li><strong>Developing and structuring the offer<\/strong> with participation in the development and implementation of local tourism policy in conjunction with ACSO's tourism department<\/li>\n\n\n\n<li><strong>Offer occasional leisure activities<\/strong> or the organisation of festivals or cultural events, and \/ or assisting in the realisation of events aimed at raising awareness<\/li>\n<\/ul>\n\n\n\n<p>The Tourist Office has a <strong>complementary mission with the operation of a tourist site the <a href=\"http:\/\/www.maisondelapierre-oise.fr\" target=\"_blank\" rel=\"noreferrer noopener\">House of Stone of the South of the Oise<\/a>.<\/strong> This tourist facility promotes and enhances for tourism, economic, cultural and educational purposes,<strong> stone and quarry heritage in all its forms<\/strong>. <\/p>\n\n\n\n<h2>A new office in Creil<\/h2>\n\n\n\n<p>In September 2020, the team of the Creil Sud Oise Tourist Office moved into its<strong> new premises<\/strong> ! After 1 year of renovation, we welcome you in a space conceived and designed to be the <strong>reflection of the territory<\/strong> and an<strong> pleasant and functional place<\/strong>.<\/p>\n\n\n\n<p>Come and discover this brand new reception area designed to take you on a journey with your senses, right from the door:<\/p>\n\n\n\n<figure class=\"wp-block-embed is-type-video is-provider-youtube wp-block-embed-youtube wp-embed-aspect-16-9 wp-has-aspect-ratio\"><div class=\"wp-block-embed__wrapper\">\n<iframe loading=\"lazy\" title=\"Discover the XKUZ fresco in the new premises of the Creil Sud Oise tourist office\" width=\"500\" height=\"281\" data-src=\"https:\/\/www.youtube.com\/embed\/JU3AEXzfUnk?feature=oembed\" frameborder=\"0\" allow=\"accelerometer; autoplay; clipboard-write; encrypted-media; gyroscope; picture-in-picture\" allowfullscreen><\/iframe>\n<\/div><\/figure>\n\n\n\n<p>Thanks to a <strong>graffiti made by <a href=\"http:\/\/xkuz.net\/\" target=\"_blank\" rel=\"noreferrer noopener\">XKUZ<\/a><\/strong> and presenting the riches of Creil Sud Oise, you will see life in <strong>blue <\/strong>and your mind will wander to our <strong>rivers<\/strong>you will see life in <strong>green <\/strong>and your mind will wander through our beautiful <strong>forests<\/strong>.<\/p>\n\n\n\n<p>Thanks to the <strong>magnetic wall tourist map<\/strong> of almost 2m, specially designed to be always up to date by means of magnets that can be repositioned at will, you'll know everything about our territory!<\/p>\n\n\n\n<p>Thanks to the<strong> educational stone wall<\/strong>produced by the<strong>'<\/strong><a href=\"https:\/\/hautsdefrance.apprentis-auteuil.org\/editorial\/nos-formations\/atelier-pierre-dangle\/\" target=\"_blank\" rel=\"noreferrer noopener\"><strong>Workshop of the Corner Stone<\/strong><\/a>In the course of the year, you will be able to learn about the following <strong>the Saint-Maximin stone, the real DNA of Creil Sud Oise <\/strong>and learn a lot about this noble material. A great discovery to complement the <a href=\"http:\/\/maisondelapierre-oise.fr\/\">Maison de la Pierre <\/a>!<\/p>\n\n\n\n<figure class=\"wp-block-image size-large\"><img decoding=\"async\" loading=\"lazy\" width=\"1200\" height=\"675\" data-src=\"https:\/\/www.creilsudoise-tourisme.fr\/wp-content\/uploads\/2021\/04\/Fre\u0301de\u0301ric-de-l_Atelier-de-la-Pierre-d_Angle-1200x675.jpg\" alt=\"\" class=\"wp-image-33244\" data-srcset=\"https:\/\/www.creilsudoise-tourisme.fr\/wp-content\/uploads\/2021\/04\/Fre\u0301de\u0301ric-de-l_Atelier-de-la-Pierre-d_Angle-1200x675.jpg 1200w, https:\/\/www.creilsudoise-tourisme.fr\/wp-content\/uploads\/2021\/04\/Fre\u0301de\u0301ric-de-l_Atelier-de-la-Pierre-d_Angle-600x338.jpg 600w, https:\/\/www.creilsudoise-tourisme.fr\/wp-content\/uploads\/2021\/04\/Fre\u0301de\u0301ric-de-l_Atelier-de-la-Pierre-d_Angle-900x506.jpg 900w, https:\/\/www.creilsudoise-tourisme.fr\/wp-content\/uploads\/2021\/04\/Fre\u0301de\u0301ric-de-l_Atelier-de-la-Pierre-d_Angle-1536x864.jpg 1536w, https:\/\/www.creilsudoise-tourisme.fr\/wp-content\/uploads\/2021\/04\/Fre\u0301de\u0301ric-de-l_Atelier-de-la-Pierre-d_Angle-200x113.jpg 200w, https:\/\/www.creilsudoise-tourisme.fr\/wp-content\/uploads\/2021\/04\/Fre\u0301de\u0301ric-de-l_Atelier-de-la-Pierre-d_Angle-650x366.jpg 650w, https:\/\/www.creilsudoise-tourisme.fr\/wp-content\/uploads\/2021\/04\/Fre\u0301de\u0301ric-de-l_Atelier-de-la-Pierre-d_Angle-387x218.jpg 387w, https:\/\/www.creilsudoise-tourisme.fr\/wp-content\/uploads\/2021\/04\/Fre\u0301de\u0301ric-de-l_Atelier-de-la-Pierre-d_Angle-275x155.jpg 275w, https:\/\/www.creilsudoise-tourisme.fr\/wp-content\/uploads\/2021\/04\/Fre\u0301de\u0301ric-de-l_Atelier-de-la-Pierre-d_Angle.jpg 1600w\" sizes=\"(max-width: 1200px) 100vw, 1200px\" \/><figcaption class=\"wp-element-caption\">Creil Sud Oise Tourisme<\/figcaption><\/figure>\n\n\n\n<p>Thanks to the <strong>Louis XVI medallion style seats<\/strong>You will be able to touch the upholstery nails, which are reminiscent of the <a href=\"https:\/\/www.creilsudoise-tourisme.fr\/en\/jexplore\/les-incontournables\/clouterie-rivierre\/\" target=\"_blank\" rel=\"noreferrer noopener\">Rivierre nail factory<\/a>This is the only one of its kind in France and is located in Creil.<\/p>\n\n\n\n<p>Thanks to a <strong>HDTV screen and <\/strong><a href=\"https:\/\/www.creilsudoise-tourisme.fr\/en\/jexplore\/videos\/\"><strong>videos<\/strong> <\/a>presenting the richness of our territory, you will hear the latest tourist news.<\/p>\n\n\n\n<p>Thanks to the <strong><a href=\"https:\/\/www.creilsudoise-tourisme.fr\/en\/practice\/tourism-office\/shop\/\">shop<\/a><\/strong>You will enjoy local products!<\/p>\n\n\n\n<figure class=\"wp-block-image size-large\"><img decoding=\"async\" loading=\"lazy\" width=\"1200\" height=\"675\" data-src=\"https:\/\/www.creilsudoise-tourisme.fr\/wp-content\/uploads\/2021\/04\/Mur-pierre-de-l_Office-de-Tourisme-Creil-Sud-Oise-1200x675.jpg\" alt=\"\" class=\"wp-image-33247\" data-srcset=\"https:\/\/www.creilsudoise-tourisme.fr\/wp-content\/uploads\/2021\/04\/Mur-pierre-de-l_Office-de-Tourisme-Creil-Sud-Oise-1200x675.jpg 1200w, https:\/\/www.creilsudoise-tourisme.fr\/wp-content\/uploads\/2021\/04\/Mur-pierre-de-l_Office-de-Tourisme-Creil-Sud-Oise-600x338.jpg 600w, https:\/\/www.creilsudoise-tourisme.fr\/wp-content\/uploads\/2021\/04\/Mur-pierre-de-l_Office-de-Tourisme-Creil-Sud-Oise-900x506.jpg 900w, https:\/\/www.creilsudoise-tourisme.fr\/wp-content\/uploads\/2021\/04\/Mur-pierre-de-l_Office-de-Tourisme-Creil-Sud-Oise-1536x864.jpg 1536w, https:\/\/www.creilsudoise-tourisme.fr\/wp-content\/uploads\/2021\/04\/Mur-pierre-de-l_Office-de-Tourisme-Creil-Sud-Oise-200x113.jpg 200w, https:\/\/www.creilsudoise-tourisme.fr\/wp-content\/uploads\/2021\/04\/Mur-pierre-de-l_Office-de-Tourisme-Creil-Sud-Oise-650x366.jpg 650w, https:\/\/www.creilsudoise-tourisme.fr\/wp-content\/uploads\/2021\/04\/Mur-pierre-de-l_Office-de-Tourisme-Creil-Sud-Oise-387x218.jpg 387w, https:\/\/www.creilsudoise-tourisme.fr\/wp-content\/uploads\/2021\/04\/Mur-pierre-de-l_Office-de-Tourisme-Creil-Sud-Oise-275x155.jpg 275w, https:\/\/www.creilsudoise-tourisme.fr\/wp-content\/uploads\/2021\/04\/Mur-pierre-de-l_Office-de-Tourisme-Creil-Sud-Oise.jpg 1600w\" sizes=\"(max-width: 1200px) 100vw, 1200px\" \/><figcaption class=\"wp-element-caption\">Creil Sud Oise Tourisme<\/figcaption><\/figure>\n\n\n\n<p class=\"has-text-align-center is-style-blockquote\"><strong>The Tourist Office is an invitation to discover the Destination Creil Sud Oise!<\/strong><\/p>","protected":false},"excerpt":{"rendered":"<p>The Creil Sud Oise Tourist Office welcomes you to Creil, at 6 avenue Jules Uhry, in the shopping street opposite the SNCF station and close to Place Carnot, where you can park easily (remember to bring your parking disc!). Presentation of the Tourist Office The Office de Tourisme Creil Sud Oise is an [...]<\/p>","protected":false},"author":1,"featured_media":33245,"parent":191,"menu_order":4,"comment_status":"closed","ping_status":"closed","template":"","meta":{"_relevanssi_hide_post":"","_relevanssi_hide_content":"","_relevanssi_pin_for_all":"","_relevanssi_pin_keywords":"","_relevanssi_unpin_keywords":"","_relevanssi_related_keywords":"","_relevanssi_related_include_ids":"","_relevanssi_related_exclude_ids":"","_relevanssi_related_no_append":"","_relevanssi_related_not_related":"","_relevanssi_related_posts":"275,273,271,267","_relevanssi_noindex_reason":""},"yoast_head":"<!-- This site is optimized with the Yoast SEO plugin v20.2.1 - https:\/\/yoast.com\/wordpress\/plugins\/seo\/ -->\n<title>D\u00e9couvrez l\u2019Office de Tourisme - Creil Sud Oise<\/title>\n<meta name=\"description\" content=\"L\u2019Office de Tourisme Creil Sud Oise vous accueille dans ses nouveaux locaux situ\u00e9s \u00e0 Creil dans un espace chaleureux et fonctionnel !\" \/>\n<meta name=\"robots\" content=\"index, follow, max-snippet:-1, max-image-preview:large, max-video-preview:-1\" \/>\n<link rel=\"canonical\" href=\"https:\/\/www.creilsudoise-tourisme.fr\/en\/practice\/tourism-office\/\" \/>\n<meta property=\"og:locale\" content=\"en_GB\" \/>\n<meta property=\"og:type\" content=\"article\" \/>\n<meta property=\"og:title\" content=\"D\u00e9couvrez l\u2019Office de Tourisme - Creil Sud Oise\" \/>\n<meta property=\"og:description\" content=\"L\u2019Office de Tourisme Creil Sud Oise vous accueille dans ses nouveaux locaux situ\u00e9s \u00e0 Creil dans un espace chaleureux et fonctionnel !\" \/>\n<meta property=\"og:url\" content=\"https:\/\/www.creilsudoise-tourisme.fr\/en\/practice\/tourism-office\/\" \/>\n<meta property=\"og:site_name\" content=\"Office de Tourisme Creil Sud Oise\" \/>\n<meta property=\"article:publisher\" content=\"https:\/\/www.facebook.com\/creilsudoisetourisme\/\" \/>\n<meta property=\"article:modified_time\" content=\"2024-04-19T07:56:59+00:00\" \/>\n<meta property=\"og:image\" content=\"https:\/\/www.creilsudoise-tourisme.fr\/wp-content\/uploads\/2021\/04\/Boutique-et-graff-de-l_Office-de-Tourisme-Creil-Sud-Oise.jpg\" \/>\n\t<meta property=\"og:image:width\" content=\"1600\" \/>\n\t<meta property=\"og:image:height\" content=\"900\" \/>\n\t<meta property=\"og:image:type\" content=\"image\/jpeg\" \/>\n<meta name=\"twitter:card\" content=\"summary_large_image\" \/>\n<meta name=\"twitter:site\" content=\"@CreilSudOiseOT\" \/>\n<meta name=\"twitter:label1\" content=\"Estimated reading time\" \/>\n\t<meta name=\"twitter:data1\" content=\"5 minutes\" \/>\n<script type=\"application\/ld+json\" class=\"yoast-schema-graph\">{\"@context\":\"https:\/\/schema.org\",\"@graph\":[{\"@type\":\"WebPage\",\"@id\":\"https:\/\/www.creilsudoise-tourisme.fr\/pratique\/office-de-tourisme\/\",\"url\":\"https:\/\/www.creilsudoise-tourisme.fr\/pratique\/office-de-tourisme\/\",\"name\":\"D\u00e9couvrez l\u2019Office de Tourisme - Creil Sud Oise\",\"isPartOf\":{\"@id\":\"https:\/\/www.creilsudoise-tourisme.fr\/#website\"},\"datePublished\":\"2021-02-17T09:03:33+00:00\",\"dateModified\":\"2024-04-19T07:56:59+00:00\",\"description\":\"L\u2019Office de Tourisme Creil Sud Oise vous accueille dans ses nouveaux locaux situ\u00e9s \u00e0 Creil dans un espace chaleureux et fonctionnel !\",\"breadcrumb\":{\"@id\":\"https:\/\/www.creilsudoise-tourisme.fr\/pratique\/office-de-tourisme\/#breadcrumb\"},\"inLanguage\":\"en-GB\",\"potentialAction\":[{\"@type\":\"ReadAction\",\"target\":[\"https:\/\/www.creilsudoise-tourisme.fr\/pratique\/office-de-tourisme\/\"]}]},{\"@type\":\"BreadcrumbList\",\"@id\":\"https:\/\/www.creilsudoise-tourisme.fr\/pratique\/office-de-tourisme\/#breadcrumb\",\"itemListElement\":[{\"@type\":\"ListItem\",\"position\":1,\"name\":\"Accueil\",\"item\":\"https:\/\/www.creilsudoise-tourisme.fr\/\"},{\"@type\":\"ListItem\",\"position\":2,\"name\":\"Pratique\",\"item\":\"https:\/\/www.creilsudoise-tourisme.fr\/pratique\/\"},{\"@type\":\"ListItem\",\"position\":3,\"name\":\"L&rsquo;Office de Tourisme\"}]},{\"@type\":\"WebSite\",\"@id\":\"https:\/\/www.creilsudoise-tourisme.fr\/#website\",\"url\":\"https:\/\/www.creilsudoise-tourisme.fr\/\",\"name\":\"Office de Tourisme Creil Sud Oise\",\"description\":\"Creil Sud Oise Tourisme, un territoire \u00e0 explorer !\",\"publisher\":{\"@id\":\"https:\/\/www.creilsudoise-tourisme.fr\/#organization\"},\"potentialAction\":[{\"@type\":\"SearchAction\",\"target\":{\"@type\":\"EntryPoint\",\"urlTemplate\":\"https:\/\/www.creilsudoise-tourisme.fr\/?s={search_term_string}\"},\"query-input\":\"required name=search_term_string\"}],\"inLanguage\":\"en-GB\"},{\"@type\":\"Organization\",\"@id\":\"https:\/\/www.creilsudoise-tourisme.fr\/#organization\",\"name\":\"Creil Sud Oise Tourisme\",\"url\":\"https:\/\/www.creilsudoise-tourisme.fr\/\",\"logo\":{\"@type\":\"ImageObject\",\"inLanguage\":\"en-GB\",\"@id\":\"https:\/\/www.creilsudoise-tourisme.fr\/#\/schema\/logo\/image\/\",\"url\":\"https:\/\/www.creilsudoise-tourisme.fr\/wp-content\/uploads\/2021\/05\/logo-svg.png\",\"contentUrl\":\"https:\/\/www.creilsudoise-tourisme.fr\/wp-content\/uploads\/2021\/05\/logo-svg.png\",\"width\":182,\"height\":71,\"caption\":\"Creil Sud Oise Tourisme\"},\"image\":{\"@id\":\"https:\/\/www.creilsudoise-tourisme.fr\/#\/schema\/logo\/image\/\"},\"sameAs\":[\"https:\/\/www.facebook.com\/creilsudoisetourisme\/\",\"https:\/\/twitter.com\/CreilSudOiseOT\",\"https:\/\/www.instagram.com\/creilsudoisetourisme\/\",\"https:\/\/www.youtube.com\/channel\/UC8L_QD2wwyADW14zt9fY8kw\"]}]}<\/script>\n<!-- \/ Yoast SEO plugin. -->","yoast_head_json":{"title":"D\u00e9couvrez l\u2019Office de Tourisme - Creil Sud Oise","description":"L\u2019Office de Tourisme Creil Sud Oise vous accueille dans ses nouveaux locaux situ\u00e9s \u00e0 Creil dans un espace chaleureux et fonctionnel !","robots":{"index":"index","follow":"follow","max-snippet":"max-snippet:-1","max-image-preview":"max-image-preview:large","max-video-preview":"max-video-preview:-1"},"canonical":"https:\/\/www.creilsudoise-tourisme.fr\/en\/practice\/tourism-office\/","og_locale":"en_GB","og_type":"article","og_title":"D\u00e9couvrez l\u2019Office de Tourisme - Creil Sud Oise","og_description":"L\u2019Office de Tourisme Creil Sud Oise vous accueille dans ses nouveaux locaux situ\u00e9s \u00e0 Creil dans un espace chaleureux et fonctionnel !","og_url":"https:\/\/www.creilsudoise-tourisme.fr\/en\/practice\/tourism-office\/","og_site_name":"Office de Tourisme Creil Sud Oise","article_publisher":"https:\/\/www.facebook.com\/creilsudoisetourisme\/","article_modified_time":"2024-04-19T07:56:59+00:00","og_image":[{"width":1600,"height":900,"url":"https:\/\/www.creilsudoise-tourisme.fr\/wp-content\/uploads\/2021\/04\/Boutique-et-graff-de-l_Office-de-Tourisme-Creil-Sud-Oise.jpg","type":"image\/jpeg"}],"twitter_card":"summary_large_image","twitter_site":"@CreilSudOiseOT","twitter_misc":{"Estimated reading time":"5 minutes"},"schema":{"@context":"https:\/\/schema.org","@graph":[{"@type":"WebPage","@id":"https:\/\/www.creilsudoise-tourisme.fr\/pratique\/office-de-tourisme\/","url":"https:\/\/www.creilsudoise-tourisme.fr\/pratique\/office-de-tourisme\/","name":"D\u00e9couvrez l\u2019Office de Tourisme - Creil Sud Oise","isPartOf":{"@id":"https:\/\/www.creilsudoise-tourisme.fr\/#website"},"datePublished":"2021-02-17T09:03:33+00:00","dateModified":"2024-04-19T07:56:59+00:00","description":"L\u2019Office de Tourisme Creil Sud Oise vous accueille dans ses nouveaux locaux situ\u00e9s \u00e0 Creil dans un espace chaleureux et fonctionnel !","breadcrumb":{"@id":"https:\/\/www.creilsudoise-tourisme.fr\/pratique\/office-de-tourisme\/#breadcrumb"},"inLanguage":"en-GB","potentialAction":[{"@type":"ReadAction","target":["https:\/\/www.creilsudoise-tourisme.fr\/pratique\/office-de-tourisme\/"]}]},{"@type":"BreadcrumbList","@id":"https:\/\/www.creilsudoise-tourisme.fr\/pratique\/office-de-tourisme\/#breadcrumb","itemListElement":[{"@type":"ListItem","position":1,"name":"Accueil","item":"https:\/\/www.creilsudoise-tourisme.fr\/"},{"@type":"ListItem","position":2,"name":"Pratique","item":"https:\/\/www.creilsudoise-tourisme.fr\/pratique\/"},{"@type":"ListItem","position":3,"name":"L&rsquo;Office de Tourisme"}]},{"@type":"WebSite","@id":"https:\/\/www.creilsudoise-tourisme.fr\/#website","url":"https:\/\/www.creilsudoise-tourisme.fr\/","name":"Office de Tourisme Creil Sud Oise","description":"Creil Sud Oise Tourisme, un territoire \u00e0 explorer !","publisher":{"@id":"https:\/\/www.creilsudoise-tourisme.fr\/#organization"},"potentialAction":[{"@type":"SearchAction","target":{"@type":"EntryPoint","urlTemplate":"https:\/\/www.creilsudoise-tourisme.fr\/?s={search_term_string}"},"query-input":"required name=search_term_string"}],"inLanguage":"en-GB"},{"@type":"Organization","@id":"https:\/\/www.creilsudoise-tourisme.fr\/#organization","name":"Creil Sud Oise Tourisme","url":"https:\/\/www.creilsudoise-tourisme.fr\/","logo":{"@type":"ImageObject","inLanguage":"en-GB","@id":"https:\/\/www.creilsudoise-tourisme.fr\/#\/schema\/logo\/image\/","url":"https:\/\/www.creilsudoise-tourisme.fr\/wp-content\/uploads\/2021\/05\/logo-svg.png","contentUrl":"https:\/\/www.creilsudoise-tourisme.fr\/wp-content\/uploads\/2021\/05\/logo-svg.png","width":182,"height":71,"caption":"Creil Sud Oise Tourisme"},"image":{"@id":"https:\/\/www.creilsudoise-tourisme.fr\/#\/schema\/logo\/image\/"},"sameAs":["https:\/\/www.facebook.com\/creilsudoisetourisme\/","https:\/\/twitter.com\/CreilSudOiseOT","https:\/\/www.instagram.com\/creilsudoisetourisme\/","https:\/\/www.youtube.com\/channel\/UC8L_QD2wwyADW14zt9fY8kw"]}]}},"_links":{"self":[{"href":"https:\/\/www.creilsudoise-tourisme.fr\/en\/wp-json\/wp\/v2\/pages\/203"}],"collection":[{"href":"https:\/\/www.creilsudoise-tourisme.fr\/en\/wp-json\/wp\/v2\/pages"}],"about":[{"href":"https:\/\/www.creilsudoise-tourisme.fr\/en\/wp-json\/wp\/v2\/types\/page"}],"author":[{"embeddable":true,"href":"https:\/\/www.creilsudoise-tourisme.fr\/en\/wp-json\/wp\/v2\/users\/1"}],"replies":[{"embeddable":true,"href":"https:\/\/www.creilsudoise-tourisme.fr\/en\/wp-json\/wp\/v2\/comments?post=203"}],"version-history":[{"count":16,"href":"https:\/\/www.creilsudoise-tourisme.fr\/en\/wp-json\/wp\/v2\/pages\/203\/revisions"}],"predecessor-version":[{"id":53446,"href":"https:\/\/www.creilsudoise-tourisme.fr\/en\/wp-json\/wp\/v2\/pages\/203\/revisions\/53446"}],"up":[{"embeddable":true,"href":"https:\/\/www.creilsudoise-tourisme.fr\/en\/wp-json\/wp\/v2\/pages\/191"}],"wp:featuredmedia":[{"embeddable":true,"href":"https:\/\/www.creilsudoise-tourisme.fr\/en\/wp-json\/wp\/v2\/media\/33245"}],"wp:attachment":[{"href":"https:\/\/www.creilsudoise-tourisme.fr\/en\/wp-json\/wp\/v2\/media?parent=203"}],"curies":[{"name":"wp","href":"https:\/\/api.w.org\/{rel}","templated":true}]}}