{"id":201,"date":"2021-02-17T10:03:31","date_gmt":"2021-02-17T09:03:31","guid":{"rendered":"https:\/\/www.creilsudoise-tourisme.fr\/comment-venir\/"},"modified":"2025-05-12T15:39:45","modified_gmt":"2025-05-12T13:39:45","slug":"comment-venir","status":"publish","type":"page","link":"https:\/\/www.creilsudoise-tourisme.fr\/en\/practice\/how-to-become\/","title":{"rendered":"How to get there?"},"content":{"rendered":"<p class=\"is-style-excerpt\">Located in the Hauts-de-France region, in the Oise department, 30 min from Paris, 1h15 from Amiens, 40 min from Compi\u00e8gne or Pierrefonds, 40 min from Beauvais, and 15 min from Chantilly or Senlis, <strong>Destination Creil Sud Oise is easily accessible by car, coach and public transport.<\/strong><\/p>\n\n\n\n<div class=\"is-layout-flex wp-container-11 wp-block-columns\">\n<div class=\"is-layout-flow wp-block-column\">\n<div class=\"is-horizontal is-content-justification-right is-layout-flex wp-container-1 wp-block-buttons\">\n<div class=\"wp-block-button\"><a class=\"wp-block-button__link wp-element-button\" href=\"#train\">by train<\/a><\/div>\n<\/div>\n\n\n\n<div class=\"is-horizontal is-content-justification-right is-layout-flex wp-container-2 wp-block-buttons\">\n<div class=\"wp-block-button\"><a class=\"wp-block-button__link wp-element-button\" href=\"#covoiturage\">by carpooling<\/a><\/div>\n<\/div>\n<\/div>\n\n\n\n<div class=\"is-layout-flow wp-block-column\">\n<div class=\"is-horizontal is-content-justification-center is-layout-flex wp-container-4 wp-block-buttons\">\n<div class=\"wp-block-button\"><a class=\"wp-block-button__link wp-element-button\" href=\"#bus\">by bus<\/a><\/div>\n<\/div>\n\n\n\n<div class=\"is-horizontal is-content-justification-center is-layout-flex wp-container-5 wp-block-buttons\">\n<div class=\"wp-block-button\"><a class=\"wp-block-button__link wp-element-button\" href=\"#pied\">On foot By bike<\/a><\/div>\n<\/div>\n\n\n\n<div class=\"is-horizontal is-content-justification-center is-layout-flex wp-container-6 wp-block-buttons\">\n<div class=\"wp-block-button\"><a class=\"wp-block-button__link wp-element-button\" href=\"#bateau\">by boat<\/a><\/div>\n<\/div>\n<\/div>\n\n\n\n<div class=\"is-layout-flow wp-block-column\">\n<div class=\"is-layout-flex wp-block-buttons\">\n<div class=\"wp-block-button\"><a class=\"wp-block-button__link wp-element-button\" href=\"#voiture\">by car<\/a><\/div>\n<\/div>\n\n\n\n<div class=\"is-layout-flex wp-block-buttons\">\n<div class=\"wp-block-button\"><a class=\"wp-block-button__link wp-element-button\" href=\"#avion\">by plane<\/a><\/div>\n<\/div>\n<\/div>\n<\/div>\n\n\n\n<h2>By train<\/h2>\n\n\n\n<p><strong>Creil has a railway station<\/strong> It is a very busy and regularly serviced area that is easy to reach from many major cities in the North of France, including Paris which is only 25 minutes away (50 journeys per day)!<\/p>\n\n\n\n<p>Creil station is regularly served by TER trains from Paris-Gare du Nord, Chantilly, Amiens, Abbeville, Boulogne-sur-Mer, Calais, Beauvais (as far as Abancourt), Compi\u00e8gne, Noyon and Saint-Quentin. It is also served by RER trains from Pontoise and Corbeil-Essonnes, Transilien H trains from Pontoise and RER D trains from Melun and Corbeil-Essonnes.<\/p>\n\n\n\n<p>Once on site, the <strong>Montataire station<\/strong> is accessible by train in 4 minutes from Creil station, in the direction of Beauvais (TER). The <strong>Villers-Saint-Paul station<\/strong> is accessible by train in 3 minutes from Creil station, in the direction of Compi\u00e8gne (TER). The <strong>Saint-Leu-d'Esserent station<\/strong> is accessible by train in 6 minutes from Creil station, in the direction of Pontoise (RER).<\/p>\n\n\n<div class=\"wp-block wp-block-highlight\">\n                <p class=\"wp-block-highlight-item wp-block-highlight-excerpt\">You can buy your tickets on the <a href=\"https:\/\/www.sncf.com\/fr\" target=\"_blank\" rel=\"noreferrer noopener\">SNCF<\/a> or the <a href=\"https:\/\/www.transilien.com\/\" target=\"_blank\" rel=\"noreferrer noopener\">Transilien<\/a><\/p>\n    <\/div>\n\n\n<h3 id=\"bus\">By bus<\/h3>\n\n\n\n<p><strong>Creil has a central bus station<\/strong> very well served by the Regional Transport Network (Amiens, Saint-Quentin, Beauvais and Roissy via Senlis) as well as by the Oise Interurban Network (Chantilly, Clermont, Pont-Sainte-Maxence). All public transport services can be consulted on the website of <a href=\"https:\/\/www.oise-mobilite.fr\/fr\/plan-interactif-des-lignes\/5\/LinesMap\/FilterByLocality?KeywordsLocality=60100+CREIL&amp;LocalityId=60175\" target=\"_blank\" rel=\"noreferrer noopener\">Oise Mobility<\/a>.<\/p>\n\n\n\n<p>Once on site, the <strong>Destination Creil Sud Oise benefits from a <\/strong><a href=\"https:\/\/www.creilsudoise.fr\/services-aux-habitants\/mobilites#alerte\" target=\"_blank\" rel=\"noreferrer noopener\"><strong>bus network<\/strong> <\/a>which serves all towns and villages, thanks to a complete network. Bus routes and timetables are available on the <a href=\"https:\/\/www.oise-mobilite.fr\/fr\/part8\/a-propos-de-nous\/154\">AXO website<\/a>.<\/p>\n\n\n\n<h3 id=\"voiture\">By car<\/h3>\n\n\n\n<p><strong>Close to major roads<\/strong> like the A1 motorway (Exit n\u00b08 at Senlis, 25 min from Creil), the A16 motorway (Exit n\u00b014 at Beauvais, 45 min from Creil), access by car is then facilitated by major roads such as the D1016 and D200.<\/p>\n\n\n\n<p>Once there, although it is easy to park in the villages (Cramoisy, Maysel, Rousseloy, Saint-Vaast-l\u00e8s-Mello) and certain towns (Saint-Leu-d'Esserent, Saint-Maximin, Thiverny or Villers-Saint-Paul), which offer several free car parks, it should be noted that Creil, Montataire and Nogent-sur-Oise offer time-limited parking solutions (1.5 hours in the blue zone): take a parking disc with you.<\/p>\n\n\n\n<h3 id=\"covoiturage\">By carpooling<\/h3>\n\n\n\n<p class=\"is-style-blockquote\">Travel together and save money!<\/p>\n\n\n\n<p>Go to <a href=\"https:\/\/www.covoiturage-oise.fr\/\" target=\"_blank\" rel=\"noreferrer noopener\">Covoitur'Oise <\/a>or <a href=\"https:\/\/www.blablacar.fr\/\" target=\"_blank\" rel=\"noreferrer noopener\">Blablacar <\/a>to organise your visit to <strong>carpooling<\/strong>.<\/p>\n\n\n\n<p>Once there, take advantage of the <a href=\"https:\/\/www.rezopouce.fr\/territoire\/Creil_Sud_Oise\" target=\"_blank\" rel=\"noreferrer noopener\">Rezo pouce<\/a> to discover the Creil Sud Oise destination by making<strong> Hitchhiking!<\/strong><\/p>\n\n\n\n<h3 id=\"pied\">On foot or by bike<\/h3>\n\n\n\n<p><strong>The Destination Creil Sud Oise is crossed by the GR11.<\/strong><\/p>\n\n\n\n<p>Once on site, a network of <a href=\"https:\/\/www.creilsudoise-tourisme.fr\/en\/i-search\/hike\/\" target=\"_blank\" rel=\"noreferrer noopener\">hiking trails<\/a> allows the villages of Saint-Maximin, Saint-Leu-d'Esserent, Thiverny, Cramoisy, Maysel, Saint-Vaast-l\u00e8s-Mello and Rousseloy to be linked.<\/p>\n\n\n\n<p>Greenways for the use of <a href=\"https:\/\/www.creilsudoise-tourisme.fr\/en\/jexplore\/les-incontournables\/balades-parcs\/\" target=\"_blank\" rel=\"noreferrer noopener\">soft traffic<\/a> connect Thiverny and Saint-Leu-d'Esserent, Maysel to Creil via Saint-Vaast-l\u00e8s-Mello and Cramoisy as well as a route that connects Saint-Maximin to Creil via the banks of the Oise near Saint-Leu-d'Esserent.<\/p>\n\n\n\n<h3 id=\"avion\">By air<\/h3>\n\n\n\n<p><strong>Ideally located near the international airports of <a href=\"https:\/\/www.parisaeroport.fr\/\" target=\"_blank\" rel=\"noreferrer noopener\">Paris-Charles de Gaulle<\/a> in Roissy and <a href=\"https:\/\/www.aeroportparisbeauvais.com\/passagers\/\" target=\"_blank\" rel=\"noreferrer noopener\">Paris-Beauvais<\/a> in Till\u00e9,<\/strong> Creil Sud Oise is accessible from all over the world!<\/p>\n\n\n\n<p>From Charles-de-Gaulle airport, the Picardie-Roissy line offers regular shuttles of about 50 minutes between Roissy-P\u00f4le Gare Routi\u00e8re (then direct access to the terminals) and Creil SNCF station.<\/p>\n\n\n\n<p>By car, Charles-de-Gaulle airport is only 40 km from Creil Sud Oise, a 35 minute journey.<\/p>\n\n\n<div class=\"wp-block wp-block-highlight\">\n                <p class=\"wp-block-highlight-item wp-block-highlight-excerpt\"><strong>Please note: <\/strong>The bus stop is in Rue Georges Stephenson, near the Eiffia car park.<\/p>\n    <\/div>\n\n\n<p>From Paris-Beauvais airport, the <a href=\"https:\/\/www.oise-mobilite.fr\/fr\/itineraires\/4\/JourneyPlanner\/result?Date=16%2F02%2F2021&amp;TypeDate=68&amp;Hour=16&amp;Minute=35&amp;Algorithm=Fastest&amp;TypeTrip=PlanTrip&amp;ListModes=Bus%7CCoach%7CTrain%7CTod%7CTer%7CBus_Access%7CMetro%7CTram%7CTgv&amp;ListPartners=14%7C6%7C9%7C8%7C7%7C10%7C3%7C18%7C17%7C4%7C12%7C11%7C5%7C2%7C50%7C44%7C52%7C51%7C48%7C43%7C49%7C41%7C45%7C47%7C55%7C54%7C53%7C22%7C39%7C38%7C29%7C20%7C42%7C40%7C46%7C30%7C21%7C23%7C19&amp;CarDistance=20&amp;CarLeave=0&amp;BikeDistance=10&amp;BikeLeave=0&amp;BikeSpeed=15&amp;WalkDistance=2000&amp;WalkSpeed=4&amp;DurationVia=30&amp;PointDep=425_4&amp;LatDep=49.4597918384&amp;LngDep=2.11283865656&amp;PointArr=64_4&amp;LatArr=49.4266630852625&amp;LngArr=2.0878110762125\" target=\"_blank\" rel=\"noreferrer noopener\">Corolis network<\/a> will take you to Beauvais SNCF station where you can catch a train to Creil SNCF station or a bus to Creil bus station.<\/p>\n\n\n\n<p>By car, the Paris-Beauvais airport is only 50 km from Creil Sud Oise, a 50 minute journey.<\/p>\n\n\n\n<h3>Tictactrip<\/h3>\n\n\n\n<p>Discover the best way to come and visit Creil Sud Oise! With <strong>Tictactrip<\/strong>You will be able to book your intermodal journey in one click: train, bus, plane...<\/p>\n\n\n\n<a href=\"https:\/\/www.tictactrip.eu\" data-iframe-src=\"https:\/\/widgetsearch.tictactrip.eu\" data-iframe-width=\"100%\" id=\"ttt-widget\" data-iframe-lang=\"fr\" data-iframe-cstmbg=\"http:\/\/www.tictactrip.eu\/blog\/wp-content\/uploads\/widget_backgrounds\/IMG-Creil.jpg\" data-iframe-blackfilter=\"0,9\" data-iframe-header=\"true\" data-iframe-headerlogo=\"false\" data-iframe-title=\"Rendez-nous visite\" data-iframe-customtitle=\"true\" data-iframe-headercolor=\"black\" data-iframe-presetorigin=\"\" data-iframe-presetdestination=\"Creil\" data-iframe-lockorigin=\"false\" data-iframe-lockdestination=\"false\" data-iframe-oneway=\"false\" data-iframe-customcolor=\"22E4AA\" data-iframe-bottomlogo=\"true\" data-iframe-newpartnerid=\"FR-OT-CREIL\"> . <\/a>\n<script async=\"\" type=\"text\/javascript\" src=\"https:\/\/widgetsearch.tictactrip.eu\/embed.js\"><\/script>\n\n\n\n<h3 id=\"bateau\">By boat<\/h3>\n\n\n\n<p>The <strong>Destination Creil Sud Oise is crossed by the river Oise<\/strong> on the edge of which several water sports facilities are available:<\/p>\n\n\n\n<ul>\n<li>A nautical stop in Creil, in the immediate vicinity of the town centre (accessible on foot).<\/li>\n\n\n\n<li>A water sports centre in Saint-Leu-d'Esserent, also in the immediate vicinity of the town centre (accessible on foot).<\/li>\n<\/ul>\n\n\n<div class=\"wp-block wp-block-highlight\">\n                <p class=\"wp-block-highlight-item wp-block-highlight-excerpt\">For more information you can contact the Town Halls of <a href=\"https:\/\/www.creil.fr\/\" target=\"_blank\" rel=\"noreferrer noopener\">Creil <\/a>: <a href=\"tel:0344295000\">03 44 29 50 00<\/a> and <a href=\"https:\/\/www.saintleudesserent.fr\/ville-d-eau_fr.html\" target=\"_blank\" rel=\"noreferrer noopener\">Saint-Leu-d'Esserent<\/a> : <a href=\"tel:0344568700\">03 44 56 87 00<\/a><\/p>\n    <\/div>","protected":false},"excerpt":{"rendered":"<p>Located in the Hauts-de-France region, in the Oise department, 30 minutes from Paris, 1h15 from Amiens, 40 minutes from Compi\u00e8gne or Pierrefonds, 40 minutes from Beauvais, and 15 minutes from Chantilly or Senlis, Destination Creil Sud Oise is easily accessible by car, coach and public transport. By train, Creil is equipped with a [...]<\/p>","protected":false},"author":1,"featured_media":32264,"parent":191,"menu_order":2,"comment_status":"closed","ping_status":"closed","template":"","meta":{"_relevanssi_hide_post":"","_relevanssi_hide_content":"","_relevanssi_pin_for_all":"","_relevanssi_pin_keywords":"","_relevanssi_unpin_keywords":"","_relevanssi_related_keywords":"","_relevanssi_related_include_ids":"","_relevanssi_related_exclude_ids":"","_relevanssi_related_no_append":"","_relevanssi_related_not_related":"","_relevanssi_related_posts":"267,275,271,273","_relevanssi_noindex_reason":""},"yoast_head":"<!-- This site is optimized with the Yoast SEO plugin v20.2.1 - https:\/\/yoast.com\/wordpress\/plugins\/seo\/ -->\n<title>Destination Creil Sud Oise : y venir et s\u2019y d\u00e9placer<\/title>\n<meta name=\"description\" content=\"La destination Creil Sud Oise est accessible gr\u00e2ce aux nombreux transports en commun qui la desservent et \u00e0 sa proximit\u00e9 avec de grands axes routiers.\" \/>\n<meta name=\"robots\" content=\"index, follow, max-snippet:-1, max-image-preview:large, max-video-preview:-1\" \/>\n<link rel=\"canonical\" href=\"https:\/\/www.creilsudoise-tourisme.fr\/en\/practice\/how-to-become\/\" \/>\n<meta property=\"og:locale\" content=\"en_GB\" \/>\n<meta property=\"og:type\" content=\"article\" \/>\n<meta property=\"og:title\" content=\"Destination Creil Sud Oise : y venir et s\u2019y d\u00e9placer\" \/>\n<meta property=\"og:description\" content=\"La destination Creil Sud Oise est accessible gr\u00e2ce aux nombreux transports en commun qui la desservent et \u00e0 sa proximit\u00e9 avec de grands axes routiers.\" \/>\n<meta property=\"og:url\" content=\"https:\/\/www.creilsudoise-tourisme.fr\/en\/practice\/how-to-become\/\" \/>\n<meta property=\"og:site_name\" content=\"Office de Tourisme Creil Sud Oise\" \/>\n<meta property=\"article:publisher\" content=\"https:\/\/www.facebook.com\/creilsudoisetourisme\/\" \/>\n<meta property=\"article:modified_time\" content=\"2025-05-12T13:39:45+00:00\" \/>\n<meta property=\"og:image\" content=\"https:\/\/www.creilsudoise-tourisme.fr\/wp-content\/uploads\/2021\/03\/transports-en-commun-de-la-destination-creil-sud-oise.jpg\" \/>\n\t<meta property=\"og:image:width\" content=\"1884\" \/>\n\t<meta property=\"og:image:height\" content=\"1060\" \/>\n\t<meta property=\"og:image:type\" content=\"image\/jpeg\" \/>\n<meta name=\"twitter:card\" content=\"summary_large_image\" \/>\n<meta name=\"twitter:site\" content=\"@CreilSudOiseOT\" \/>\n<meta name=\"twitter:label1\" content=\"Estimated reading time\" \/>\n\t<meta name=\"twitter:data1\" content=\"4 minutes\" \/>\n<script type=\"application\/ld+json\" class=\"yoast-schema-graph\">{\"@context\":\"https:\/\/schema.org\",\"@graph\":[{\"@type\":\"WebPage\",\"@id\":\"https:\/\/www.creilsudoise-tourisme.fr\/pratique\/comment-venir\/\",\"url\":\"https:\/\/www.creilsudoise-tourisme.fr\/pratique\/comment-venir\/\",\"name\":\"Destination Creil Sud Oise : y venir et s\u2019y d\u00e9placer\",\"isPartOf\":{\"@id\":\"https:\/\/www.creilsudoise-tourisme.fr\/#website\"},\"datePublished\":\"2021-02-17T09:03:31+00:00\",\"dateModified\":\"2025-05-12T13:39:45+00:00\",\"description\":\"La destination Creil Sud Oise est accessible gr\u00e2ce aux nombreux transports en commun qui la desservent et \u00e0 sa proximit\u00e9 avec de grands axes routiers.\",\"breadcrumb\":{\"@id\":\"https:\/\/www.creilsudoise-tourisme.fr\/pratique\/comment-venir\/#breadcrumb\"},\"inLanguage\":\"en-GB\",\"potentialAction\":[{\"@type\":\"ReadAction\",\"target\":[\"https:\/\/www.creilsudoise-tourisme.fr\/pratique\/comment-venir\/\"]}]},{\"@type\":\"BreadcrumbList\",\"@id\":\"https:\/\/www.creilsudoise-tourisme.fr\/pratique\/comment-venir\/#breadcrumb\",\"itemListElement\":[{\"@type\":\"ListItem\",\"position\":1,\"name\":\"Accueil\",\"item\":\"https:\/\/www.creilsudoise-tourisme.fr\/\"},{\"@type\":\"ListItem\",\"position\":2,\"name\":\"Pratique\",\"item\":\"https:\/\/www.creilsudoise-tourisme.fr\/pratique\/\"},{\"@type\":\"ListItem\",\"position\":3,\"name\":\"Comment venir ?\"}]},{\"@type\":\"WebSite\",\"@id\":\"https:\/\/www.creilsudoise-tourisme.fr\/#website\",\"url\":\"https:\/\/www.creilsudoise-tourisme.fr\/\",\"name\":\"Office de Tourisme Creil Sud Oise\",\"description\":\"Creil Sud Oise Tourisme, un territoire \u00e0 explorer !\",\"publisher\":{\"@id\":\"https:\/\/www.creilsudoise-tourisme.fr\/#organization\"},\"potentialAction\":[{\"@type\":\"SearchAction\",\"target\":{\"@type\":\"EntryPoint\",\"urlTemplate\":\"https:\/\/www.creilsudoise-tourisme.fr\/?s={search_term_string}\"},\"query-input\":\"required name=search_term_string\"}],\"inLanguage\":\"en-GB\"},{\"@type\":\"Organization\",\"@id\":\"https:\/\/www.creilsudoise-tourisme.fr\/#organization\",\"name\":\"Creil Sud Oise Tourisme\",\"url\":\"https:\/\/www.creilsudoise-tourisme.fr\/\",\"logo\":{\"@type\":\"ImageObject\",\"inLanguage\":\"en-GB\",\"@id\":\"https:\/\/www.creilsudoise-tourisme.fr\/#\/schema\/logo\/image\/\",\"url\":\"https:\/\/www.creilsudoise-tourisme.fr\/wp-content\/uploads\/2021\/05\/logo-svg.png\",\"contentUrl\":\"https:\/\/www.creilsudoise-tourisme.fr\/wp-content\/uploads\/2021\/05\/logo-svg.png\",\"width\":182,\"height\":71,\"caption\":\"Creil Sud Oise Tourisme\"},\"image\":{\"@id\":\"https:\/\/www.creilsudoise-tourisme.fr\/#\/schema\/logo\/image\/\"},\"sameAs\":[\"https:\/\/www.facebook.com\/creilsudoisetourisme\/\",\"https:\/\/twitter.com\/CreilSudOiseOT\",\"https:\/\/www.instagram.com\/creilsudoisetourisme\/\",\"https:\/\/www.youtube.com\/channel\/UC8L_QD2wwyADW14zt9fY8kw\"]}]}<\/script>\n<!-- \/ Yoast SEO plugin. -->","yoast_head_json":{"title":"Destination Creil Sud Oise : y venir et s\u2019y d\u00e9placer","description":"La destination Creil Sud Oise est accessible gr\u00e2ce aux nombreux transports en commun qui la desservent et \u00e0 sa proximit\u00e9 avec de grands axes routiers.","robots":{"index":"index","follow":"follow","max-snippet":"max-snippet:-1","max-image-preview":"max-image-preview:large","max-video-preview":"max-video-preview:-1"},"canonical":"https:\/\/www.creilsudoise-tourisme.fr\/en\/practice\/how-to-become\/","og_locale":"en_GB","og_type":"article","og_title":"Destination Creil Sud Oise : y venir et s\u2019y d\u00e9placer","og_description":"La destination Creil Sud Oise est accessible gr\u00e2ce aux nombreux transports en commun qui la desservent et \u00e0 sa proximit\u00e9 avec de grands axes routiers.","og_url":"https:\/\/www.creilsudoise-tourisme.fr\/en\/practice\/how-to-become\/","og_site_name":"Office de Tourisme Creil Sud Oise","article_publisher":"https:\/\/www.facebook.com\/creilsudoisetourisme\/","article_modified_time":"2025-05-12T13:39:45+00:00","og_image":[{"width":1884,"height":1060,"url":"https:\/\/www.creilsudoise-tourisme.fr\/wp-content\/uploads\/2021\/03\/transports-en-commun-de-la-destination-creil-sud-oise.jpg","type":"image\/jpeg"}],"twitter_card":"summary_large_image","twitter_site":"@CreilSudOiseOT","twitter_misc":{"Estimated reading time":"4 minutes"},"schema":{"@context":"https:\/\/schema.org","@graph":[{"@type":"WebPage","@id":"https:\/\/www.creilsudoise-tourisme.fr\/pratique\/comment-venir\/","url":"https:\/\/www.creilsudoise-tourisme.fr\/pratique\/comment-venir\/","name":"Destination Creil Sud Oise : y venir et s\u2019y d\u00e9placer","isPartOf":{"@id":"https:\/\/www.creilsudoise-tourisme.fr\/#website"},"datePublished":"2021-02-17T09:03:31+00:00","dateModified":"2025-05-12T13:39:45+00:00","description":"La destination Creil Sud Oise est accessible gr\u00e2ce aux nombreux transports en commun qui la desservent et \u00e0 sa proximit\u00e9 avec de grands axes routiers.","breadcrumb":{"@id":"https:\/\/www.creilsudoise-tourisme.fr\/pratique\/comment-venir\/#breadcrumb"},"inLanguage":"en-GB","potentialAction":[{"@type":"ReadAction","target":["https:\/\/www.creilsudoise-tourisme.fr\/pratique\/comment-venir\/"]}]},{"@type":"BreadcrumbList","@id":"https:\/\/www.creilsudoise-tourisme.fr\/pratique\/comment-venir\/#breadcrumb","itemListElement":[{"@type":"ListItem","position":1,"name":"Accueil","item":"https:\/\/www.creilsudoise-tourisme.fr\/"},{"@type":"ListItem","position":2,"name":"Pratique","item":"https:\/\/www.creilsudoise-tourisme.fr\/pratique\/"},{"@type":"ListItem","position":3,"name":"Comment venir ?"}]},{"@type":"WebSite","@id":"https:\/\/www.creilsudoise-tourisme.fr\/#website","url":"https:\/\/www.creilsudoise-tourisme.fr\/","name":"Office de Tourisme Creil Sud Oise","description":"Creil Sud Oise Tourisme, un territoire \u00e0 explorer !","publisher":{"@id":"https:\/\/www.creilsudoise-tourisme.fr\/#organization"},"potentialAction":[{"@type":"SearchAction","target":{"@type":"EntryPoint","urlTemplate":"https:\/\/www.creilsudoise-tourisme.fr\/?s={search_term_string}"},"query-input":"required name=search_term_string"}],"inLanguage":"en-GB"},{"@type":"Organization","@id":"https:\/\/www.creilsudoise-tourisme.fr\/#organization","name":"Creil Sud Oise Tourisme","url":"https:\/\/www.creilsudoise-tourisme.fr\/","logo":{"@type":"ImageObject","inLanguage":"en-GB","@id":"https:\/\/www.creilsudoise-tourisme.fr\/#\/schema\/logo\/image\/","url":"https:\/\/www.creilsudoise-tourisme.fr\/wp-content\/uploads\/2021\/05\/logo-svg.png","contentUrl":"https:\/\/www.creilsudoise-tourisme.fr\/wp-content\/uploads\/2021\/05\/logo-svg.png","width":182,"height":71,"caption":"Creil Sud Oise Tourisme"},"image":{"@id":"https:\/\/www.creilsudoise-tourisme.fr\/#\/schema\/logo\/image\/"},"sameAs":["https:\/\/www.facebook.com\/creilsudoisetourisme\/","https:\/\/twitter.com\/CreilSudOiseOT","https:\/\/www.instagram.com\/creilsudoisetourisme\/","https:\/\/www.youtube.com\/channel\/UC8L_QD2wwyADW14zt9fY8kw"]}]}},"_links":{"self":[{"href":"https:\/\/www.creilsudoise-tourisme.fr\/en\/wp-json\/wp\/v2\/pages\/201"}],"collection":[{"href":"https:\/\/www.creilsudoise-tourisme.fr\/en\/wp-json\/wp\/v2\/pages"}],"about":[{"href":"https:\/\/www.creilsudoise-tourisme.fr\/en\/wp-json\/wp\/v2\/types\/page"}],"author":[{"embeddable":true,"href":"https:\/\/www.creilsudoise-tourisme.fr\/en\/wp-json\/wp\/v2\/users\/1"}],"replies":[{"embeddable":true,"href":"https:\/\/www.creilsudoise-tourisme.fr\/en\/wp-json\/wp\/v2\/comments?post=201"}],"version-history":[{"count":29,"href":"https:\/\/www.creilsudoise-tourisme.fr\/en\/wp-json\/wp\/v2\/pages\/201\/revisions"}],"predecessor-version":[{"id":62098,"href":"https:\/\/www.creilsudoise-tourisme.fr\/en\/wp-json\/wp\/v2\/pages\/201\/revisions\/62098"}],"up":[{"embeddable":true,"href":"https:\/\/www.creilsudoise-tourisme.fr\/en\/wp-json\/wp\/v2\/pages\/191"}],"wp:featuredmedia":[{"embeddable":true,"href":"https:\/\/www.creilsudoise-tourisme.fr\/en\/wp-json\/wp\/v2\/media\/32264"}],"wp:attachment":[{"href":"https:\/\/www.creilsudoise-tourisme.fr\/en\/wp-json\/wp\/v2\/media?parent=201"}],"curies":[{"name":"wp","href":"https:\/\/api.w.org\/{rel}","templated":true}]}}