{"id":114,"date":"2021-02-17T10:02:12","date_gmt":"2021-02-17T09:02:12","guid":{"rendered":"https:\/\/www.creilsudoise-tourisme.fr\/le-chateau-de-montataire\/"},"modified":"2026-03-05T16:17:56","modified_gmt":"2026-03-05T15:17:56","slug":"chateau-montataire","status":"publish","type":"page","link":"https:\/\/www.creilsudoise-tourisme.fr\/en\/explore-groups\/must-haves-groups\/chateau-montataire\/","title":{"rendered":"The Castle of Montataire"},"content":{"rendered":"<p class=\"is-style-excerpt\">Montataire\u2019s castle overlooks the town, about ten kilometers from the Chantilly and  Pierrefonds castles.<strong> The Bernet family, father and daughter, owners of the property <\/strong>which they are renovating, welcome you for<strong> a guided tour, a family meal or a business lunch<\/strong>.&nbsp;<\/p>\n\n\n\n<figure class=\"wp-block-embed is-type-video is-provider-youtube wp-block-embed-youtube wp-embed-aspect-16-9 wp-has-aspect-ratio\"><div class=\"wp-block-embed__wrapper\">\n<iframe loading=\"lazy\" title=\"[LES INCONTOURNABLES] The Ch\u00e2teau of Montataire | Creil Sud Oise Tourisme\" width=\"500\" height=\"281\" data-src=\"https:\/\/www.youtube.com\/embed\/J9OC7bhbpyk?feature=oembed\" frameborder=\"0\" allow=\"accelerometer; autoplay; clipboard-write; encrypted-media; gyroscope; picture-in-picture; web-share\" referrerpolicy=\"strict-origin-when-cross-origin\" allowfullscreen><\/iframe>\n<\/div><\/figure>\n\n\n\n<p>Discover, accompanied by the<strong> owners Fran\u00e7ois-Xavier and Marie-Astrid<\/strong>father and daughter, this superb <strong>11th century castle<\/strong> which dominates the valley of Montataire.&nbsp;<\/p>\n\n\n\n<p>Through a guided tour full of humour and good humour, rich <strong>historical exchanges and anecdotes<\/strong>You will learn about this emblematic castle of the region which will not leave you indifferent.<\/p>\n\n\n\n<figure class=\"is-layout-flex wp-block-gallery-1 wp-block-gallery alignwide has-nested-images columns-2 is-cropped\">\n<figure class=\"wp-block-image size-full\"><a href=\"https:\/\/www.creilsudoise-tourisme.fr\/wp-content\/uploads\/2021\/04\/Exposition-au-Cha\u0302teau-de-Montataire.jpg\"><img decoding=\"async\" loading=\"lazy\" width=\"1200\" height=\"677\" data-id=\"33216\"  data-src=\"https:\/\/www.creilsudoise-tourisme.fr\/wp-content\/uploads\/2021\/04\/Exposition-au-Cha\u0302teau-de-Montataire.jpg\" alt=\"\" class=\"wp-image-33216\" data-srcset=\"https:\/\/www.creilsudoise-tourisme.fr\/wp-content\/uploads\/2021\/04\/Exposition-au-Cha\u0302teau-de-Montataire.jpg 1200w, https:\/\/www.creilsudoise-tourisme.fr\/wp-content\/uploads\/2021\/04\/Exposition-au-Cha\u0302teau-de-Montataire-600x339.jpg 600w, https:\/\/www.creilsudoise-tourisme.fr\/wp-content\/uploads\/2021\/04\/Exposition-au-Cha\u0302teau-de-Montataire-900x508.jpg 900w, https:\/\/www.creilsudoise-tourisme.fr\/wp-content\/uploads\/2021\/04\/Exposition-au-Cha\u0302teau-de-Montataire-200x113.jpg 200w, https:\/\/www.creilsudoise-tourisme.fr\/wp-content\/uploads\/2021\/04\/Exposition-au-Cha\u0302teau-de-Montataire-650x367.jpg 650w, https:\/\/www.creilsudoise-tourisme.fr\/wp-content\/uploads\/2021\/04\/Exposition-au-Cha\u0302teau-de-Montataire-387x218.jpg 387w, https:\/\/www.creilsudoise-tourisme.fr\/wp-content\/uploads\/2021\/04\/Exposition-au-Cha\u0302teau-de-Montataire-275x155.jpg 275w\" sizes=\"(max-width: 1200px) 100vw, 1200px\" \/><\/a><figcaption class=\"wp-element-caption\">Creil Sud Oise Tourisme<\/figcaption><\/figure>\n\n\n\n<figure class=\"wp-block-image size-full\"><a href=\"https:\/\/www.creilsudoise-tourisme.fr\/wp-content\/uploads\/2021\/04\/Le-Cha\u0302teau-de-Montataire-se-visite.jpg\"><img decoding=\"async\" loading=\"lazy\" width=\"907\" height=\"600\" data-id=\"33218\"  data-src=\"https:\/\/www.creilsudoise-tourisme.fr\/wp-content\/uploads\/2021\/04\/Le-Cha\u0302teau-de-Montataire-se-visite.jpg\" alt=\"\" class=\"wp-image-33218\" data-srcset=\"https:\/\/www.creilsudoise-tourisme.fr\/wp-content\/uploads\/2021\/04\/Le-Cha\u0302teau-de-Montataire-se-visite.jpg 907w, https:\/\/www.creilsudoise-tourisme.fr\/wp-content\/uploads\/2021\/04\/Le-Cha\u0302teau-de-Montataire-se-visite-600x397.jpg 600w, https:\/\/www.creilsudoise-tourisme.fr\/wp-content\/uploads\/2021\/04\/Le-Cha\u0302teau-de-Montataire-se-visite-900x595.jpg 900w, https:\/\/www.creilsudoise-tourisme.fr\/wp-content\/uploads\/2021\/04\/Le-Cha\u0302teau-de-Montataire-se-visite-200x132.jpg 200w, https:\/\/www.creilsudoise-tourisme.fr\/wp-content\/uploads\/2021\/04\/Le-Cha\u0302teau-de-Montataire-se-visite-650x430.jpg 650w, https:\/\/www.creilsudoise-tourisme.fr\/wp-content\/uploads\/2021\/04\/Le-Cha\u0302teau-de-Montataire-se-visite-387x256.jpg 387w, https:\/\/www.creilsudoise-tourisme.fr\/wp-content\/uploads\/2021\/04\/Le-Cha\u0302teau-de-Montataire-se-visite-275x182.jpg 275w\" sizes=\"(max-width: 907px) 100vw, 907px\" \/><\/a><figcaption class=\"wp-element-caption\">M. Bernet<\/figcaption><\/figure>\n\n\n\n<figure class=\"wp-block-image size-full\"><a href=\"https:\/\/www.creilsudoise-tourisme.fr\/wp-content\/uploads\/2021\/04\/Visite-guide\u0301e-en-groupes-du-Cha\u0302teau-de-Montataire.jpg\"><img decoding=\"async\" loading=\"lazy\" width=\"1200\" height=\"675\" data-id=\"33219\"  data-src=\"https:\/\/www.creilsudoise-tourisme.fr\/wp-content\/uploads\/2021\/04\/Visite-guide\u0301e-en-groupes-du-Cha\u0302teau-de-Montataire.jpg\" alt=\"\" class=\"wp-image-33219\" data-srcset=\"https:\/\/www.creilsudoise-tourisme.fr\/wp-content\/uploads\/2021\/04\/Visite-guide\u0301e-en-groupes-du-Cha\u0302teau-de-Montataire.jpg 1200w, https:\/\/www.creilsudoise-tourisme.fr\/wp-content\/uploads\/2021\/04\/Visite-guide\u0301e-en-groupes-du-Cha\u0302teau-de-Montataire-600x338.jpg 600w, https:\/\/www.creilsudoise-tourisme.fr\/wp-content\/uploads\/2021\/04\/Visite-guide\u0301e-en-groupes-du-Cha\u0302teau-de-Montataire-900x506.jpg 900w, https:\/\/www.creilsudoise-tourisme.fr\/wp-content\/uploads\/2021\/04\/Visite-guide\u0301e-en-groupes-du-Cha\u0302teau-de-Montataire-200x113.jpg 200w, https:\/\/www.creilsudoise-tourisme.fr\/wp-content\/uploads\/2021\/04\/Visite-guide\u0301e-en-groupes-du-Cha\u0302teau-de-Montataire-650x366.jpg 650w, https:\/\/www.creilsudoise-tourisme.fr\/wp-content\/uploads\/2021\/04\/Visite-guide\u0301e-en-groupes-du-Cha\u0302teau-de-Montataire-387x218.jpg 387w, https:\/\/www.creilsudoise-tourisme.fr\/wp-content\/uploads\/2021\/04\/Visite-guide\u0301e-en-groupes-du-Cha\u0302teau-de-Montataire-275x155.jpg 275w\" sizes=\"(max-width: 1200px) 100vw, 1200px\" \/><\/a><figcaption class=\"wp-element-caption\">Guided tour of the Ch\u00e2teau de Montataire and its gardens \u00a9 Creil Sud Oise Tourisme<\/figcaption><\/figure>\n\n\n\n<figure class=\"wp-block-image size-full\"><a href=\"https:\/\/www.creilsudoise-tourisme.fr\/wp-content\/uploads\/2021\/04\/La-fac\u0327ade-me\u0301die\u0301vale-du-Cha\u0302teau-de-Montataire.jpg\"><img decoding=\"async\" loading=\"lazy\" width=\"800\" height=\"533\" data-id=\"33217\"  data-src=\"https:\/\/www.creilsudoise-tourisme.fr\/wp-content\/uploads\/2021\/04\/La-fac\u0327ade-me\u0301die\u0301vale-du-Cha\u0302teau-de-Montataire.jpg\" alt=\"\" class=\"wp-image-33217\" data-srcset=\"https:\/\/www.creilsudoise-tourisme.fr\/wp-content\/uploads\/2021\/04\/La-fac\u0327ade-me\u0301die\u0301vale-du-Cha\u0302teau-de-Montataire.jpg 800w, https:\/\/www.creilsudoise-tourisme.fr\/wp-content\/uploads\/2021\/04\/La-fac\u0327ade-me\u0301die\u0301vale-du-Cha\u0302teau-de-Montataire-600x400.jpg 600w, https:\/\/www.creilsudoise-tourisme.fr\/wp-content\/uploads\/2021\/04\/La-fac\u0327ade-me\u0301die\u0301vale-du-Cha\u0302teau-de-Montataire-200x133.jpg 200w, https:\/\/www.creilsudoise-tourisme.fr\/wp-content\/uploads\/2021\/04\/La-fac\u0327ade-me\u0301die\u0301vale-du-Cha\u0302teau-de-Montataire-650x433.jpg 650w, https:\/\/www.creilsudoise-tourisme.fr\/wp-content\/uploads\/2021\/04\/La-fac\u0327ade-me\u0301die\u0301vale-du-Cha\u0302teau-de-Montataire-387x258.jpg 387w, https:\/\/www.creilsudoise-tourisme.fr\/wp-content\/uploads\/2021\/04\/La-fac\u0327ade-me\u0301die\u0301vale-du-Cha\u0302teau-de-Montataire-275x183.jpg 275w\" sizes=\"(max-width: 800px) 100vw, 800px\" \/><\/a><figcaption class=\"wp-element-caption\">J. Tartaglionne<\/figcaption><\/figure>\n<\/figure>\n\n\n\n<h2>The Bernets: a family renovation &nbsp;<\/h2>\n\n\n\n<p>In 2012,<strong> Fran\u00e7ois-Xavier and Marie-Astrid, father and daughter, made their dream come true:<\/strong> These two history buffs decided to acquire<strong>Montataire\u2019s castle as a family and renovate it.<\/strong>The project involved a colossal amount of work (renovation of the castle's framework and stables, and the wooden floors of the upper floors), as well as hours of research into historical archives, anecdotes and period objects such as dishes and furniture. The result: Fran\u00e7ois-Xavier and Marie-Astrid welcome you and tell you all about the history of this place during fascinating guided tours, conducted with happiness and lots of humor!<\/p>\n\n\n\n<p>Marie-Astrid's partner recently joined the adventure, offering <strong>on-site catering for groups and receptions.<\/strong><\/p>\n\n\n\n<figure class=\"wp-block-image size-large\"><img decoding=\"async\" loading=\"lazy\" width=\"1000\" height=\"667\" data-src=\"https:\/\/www.creilsudoise-tourisme.fr\/wp-content\/uploads\/2021\/04\/Franc\u0327ois-Xavier-et-Marie-Astrid-Bernet-proprie\u0301taires-du-Cha\u0302teau-de-Montataire.png\" alt=\"\" class=\"wp-image-33220\" data-srcset=\"https:\/\/www.creilsudoise-tourisme.fr\/wp-content\/uploads\/2021\/04\/Franc\u0327ois-Xavier-et-Marie-Astrid-Bernet-proprie\u0301taires-du-Cha\u0302teau-de-Montataire.png 1000w, https:\/\/www.creilsudoise-tourisme.fr\/wp-content\/uploads\/2021\/04\/Franc\u0327ois-Xavier-et-Marie-Astrid-Bernet-proprie\u0301taires-du-Cha\u0302teau-de-Montataire-600x400.png 600w, https:\/\/www.creilsudoise-tourisme.fr\/wp-content\/uploads\/2021\/04\/Franc\u0327ois-Xavier-et-Marie-Astrid-Bernet-proprie\u0301taires-du-Cha\u0302teau-de-Montataire-900x600.png 900w, https:\/\/www.creilsudoise-tourisme.fr\/wp-content\/uploads\/2021\/04\/Franc\u0327ois-Xavier-et-Marie-Astrid-Bernet-proprie\u0301taires-du-Cha\u0302teau-de-Montataire-200x133.png 200w, https:\/\/www.creilsudoise-tourisme.fr\/wp-content\/uploads\/2021\/04\/Franc\u0327ois-Xavier-et-Marie-Astrid-Bernet-proprie\u0301taires-du-Cha\u0302teau-de-Montataire-650x434.png 650w, https:\/\/www.creilsudoise-tourisme.fr\/wp-content\/uploads\/2021\/04\/Franc\u0327ois-Xavier-et-Marie-Astrid-Bernet-proprie\u0301taires-du-Cha\u0302teau-de-Montataire-387x258.png 387w, https:\/\/www.creilsudoise-tourisme.fr\/wp-content\/uploads\/2021\/04\/Franc\u0327ois-Xavier-et-Marie-Astrid-Bernet-proprie\u0301taires-du-Cha\u0302teau-de-Montataire-275x183.png 275w\" sizes=\"(max-width: 1000px) 100vw, 1000px\" \/><\/figure>\n\n\n\n<h2>Complete your day<\/h2>\n\n\n\n<p>To complete your day, check out our <a href=\"https:\/\/www.creilsudoise-tourisme.fr\/en\/en-groupe-seminaires\/brochure-groupes\/\" target=\"_blank\" rel=\"noreferrer noopener\">group brochure<\/a> !&nbsp;<\/p>\n\n\n\n<p>You like to discover the<strong>history<\/strong> ? Continue the day by visiting<strong> the Gall\u00e9-Juillet Museum and the Maison de la Fa\u00efencerie in Creil<\/strong> (RDV p. 10 Treat yourself to the life of a castle) and for the <strong>greedy<\/strong>Discover our winter offer:<strong> Gourmet Christmas at the castle<\/strong> (see page 20).<\/p>\n\n\n\n<figure class=\"wp-block-image size-large\"><img decoding=\"async\" loading=\"lazy\" width=\"1200\" height=\"675\" data-src=\"https:\/\/www.creilsudoise-tourisme.fr\/wp-content\/uploads\/2021\/04\/Le-Cha\u0302teau-de-Montataire-sous-la-neige.jpg\" alt=\"\" class=\"wp-image-33223\" data-srcset=\"https:\/\/www.creilsudoise-tourisme.fr\/wp-content\/uploads\/2021\/04\/Le-Cha\u0302teau-de-Montataire-sous-la-neige.jpg 1200w, https:\/\/www.creilsudoise-tourisme.fr\/wp-content\/uploads\/2021\/04\/Le-Cha\u0302teau-de-Montataire-sous-la-neige-600x338.jpg 600w, https:\/\/www.creilsudoise-tourisme.fr\/wp-content\/uploads\/2021\/04\/Le-Cha\u0302teau-de-Montataire-sous-la-neige-900x506.jpg 900w, https:\/\/www.creilsudoise-tourisme.fr\/wp-content\/uploads\/2021\/04\/Le-Cha\u0302teau-de-Montataire-sous-la-neige-200x113.jpg 200w, https:\/\/www.creilsudoise-tourisme.fr\/wp-content\/uploads\/2021\/04\/Le-Cha\u0302teau-de-Montataire-sous-la-neige-650x366.jpg 650w, https:\/\/www.creilsudoise-tourisme.fr\/wp-content\/uploads\/2021\/04\/Le-Cha\u0302teau-de-Montataire-sous-la-neige-387x218.jpg 387w, https:\/\/www.creilsudoise-tourisme.fr\/wp-content\/uploads\/2021\/04\/Le-Cha\u0302teau-de-Montataire-sous-la-neige-275x155.jpg 275w\" sizes=\"(max-width: 1200px) 100vw, 1200px\" \/><figcaption class=\"wp-element-caption\">Creil Sud Oise Tourisme<\/figcaption><\/figure>\n\n\n\n<h2>Contact us!<\/h2>\n\n\n\n<div class=\"is-layout-flex wp-container-6 wp-block-columns are-vertically-aligned-center\">\n<div class=\"is-layout-flow wp-block-column is-vertically-aligned-center\" style=\"flex-basis:50%\"><div class=\"wp-block-image\">\n<figure class=\"alignleft size-large\"><img decoding=\"async\" loading=\"lazy\" width=\"1200\" height=\"1200\" data-src=\"https:\/\/www.creilsudoise-tourisme.fr\/wp-content\/uploads\/2025\/05\/Brigitte-P-1200x1200.jpg\" alt=\"\" class=\"wp-image-62291\" data-srcset=\"https:\/\/www.creilsudoise-tourisme.fr\/wp-content\/uploads\/2025\/05\/Brigitte-P-1200x1200.jpg 1200w, https:\/\/www.creilsudoise-tourisme.fr\/wp-content\/uploads\/2025\/05\/Brigitte-P-600x600.jpg 600w, https:\/\/www.creilsudoise-tourisme.fr\/wp-content\/uploads\/2025\/05\/Brigitte-P-300x300.jpg 300w, https:\/\/www.creilsudoise-tourisme.fr\/wp-content\/uploads\/2025\/05\/Brigitte-P-900x900.jpg 900w, https:\/\/www.creilsudoise-tourisme.fr\/wp-content\/uploads\/2025\/05\/Brigitte-P-1536x1536.jpg 1536w, https:\/\/www.creilsudoise-tourisme.fr\/wp-content\/uploads\/2025\/05\/Brigitte-P-12x12.jpg 12w, https:\/\/www.creilsudoise-tourisme.fr\/wp-content\/uploads\/2025\/05\/Brigitte-P-200x200.jpg 200w, https:\/\/www.creilsudoise-tourisme.fr\/wp-content\/uploads\/2025\/05\/Brigitte-P-650x650.jpg 650w, https:\/\/www.creilsudoise-tourisme.fr\/wp-content\/uploads\/2025\/05\/Brigitte-P-387x387.jpg 387w, https:\/\/www.creilsudoise-tourisme.fr\/wp-content\/uploads\/2025\/05\/Brigitte-P.jpg 1920w\" sizes=\"(max-width: 1200px) 100vw, 1200px\" \/><figcaption class=\"wp-element-caption\">Brigitte Pawly<\/figcaption><\/figure><\/div><\/div>\n\n\n\n<div class=\"is-layout-flow wp-block-column is-vertically-aligned-center\" style=\"flex-basis:50%\"><div class=\"wp-block wp-block-highlight\">\n                <p class=\"wp-block-highlight-item wp-block-highlight-excerpt\"><strong>Brigitte Pawly, <\/strong>creator of tailor-made group stays<br><a href=\"tel:0375190175\">03 75 19 01 75<\/a><\/p>\n    <\/div>\n\n\n<div class=\"is-layout-flex wp-block-buttons\">\n<div class=\"wp-block-button\"><a class=\"wp-block-button__link wp-element-button\" href=\"mailto:&#103;&#114;o&#117;p&#101;s&#64;cre&#105;l&#115;&#117;&#100;&#111;i&#115;&#101;-&#116;our&#105;s&#109;e.&#102;&#114;\" target=\"_blank\" rel=\"noreferrer noopener\">Contact<\/a><\/div>\n<\/div>\n<\/div>\n<\/div>\n\n\n\n<p>Do not hesitate to contact <strong>Brigitte<\/strong>,<strong> expert on the territory<\/strong>which will bring you its good <strong>advice <\/strong>according to your wishes and your budget for a <strong>fully customized program<\/strong>. A <strong>single point of contact<\/strong> for an all-inclusive offer.<\/p>\n\n\n\n<hr class=\"wp-block-separator has-css-opacity\"\/>\n\n\n\n<h2>Testimonial<\/h2>\n\n\n\n<div class=\"wp-block wp-block-testimonial\">\n    <div class=\"wp-block-testimonial-excerpt\">\n        Very beautiful castle with passionate owners, moreover very good meal we made there the meal of the GA of our Association.    <\/div>\n    <div class=\"wp-block-testimonial-details\">\n                <div class=\"wp-block-testimonial-content\">\n            <p class=\"wp-block-testimonial-content-author\">\n                <strong>Marilyse G.<\/strong>\n\n                                <span class=\"wp-block-testimonial-content-job\"> - Facebook page of the Ch\u00e2teau de Montataire<\/span>\n                            <\/p>\n        <\/div>\n    <\/div>\n<\/div>\n\n\n<h2>For your association meals or meetings, think of the Ch\u00e2teau de Montataire!<\/h2>\n\n\n\n<div class=\"is-layout-flex wp-container-9 wp-block-columns\">\n<div class=\"is-layout-flow wp-block-column\" style=\"flex-basis:50%\">\n<figure class=\"wp-block-image size-medium\"><img decoding=\"async\" loading=\"lazy\" width=\"600\" height=\"398\" data-src=\"https:\/\/www.creilsudoise-tourisme.fr\/wp-content\/uploads\/2021\/04\/Location-de-salles-de-re\u0301ception-et-se\u0301minaire-au-Cha\u0302teau-de-Montataire-600x398.jpg\" alt=\"\" class=\"wp-image-33224\" data-srcset=\"https:\/\/www.creilsudoise-tourisme.fr\/wp-content\/uploads\/2021\/04\/Location-de-salles-de-re\u0301ception-et-se\u0301minaire-au-Cha\u0302teau-de-Montataire-600x398.jpg 600w, https:\/\/www.creilsudoise-tourisme.fr\/wp-content\/uploads\/2021\/04\/Location-de-salles-de-re\u0301ception-et-se\u0301minaire-au-Cha\u0302teau-de-Montataire-200x133.jpg 200w, https:\/\/www.creilsudoise-tourisme.fr\/wp-content\/uploads\/2021\/04\/Location-de-salles-de-re\u0301ception-et-se\u0301minaire-au-Cha\u0302teau-de-Montataire-650x431.jpg 650w, https:\/\/www.creilsudoise-tourisme.fr\/wp-content\/uploads\/2021\/04\/Location-de-salles-de-re\u0301ception-et-se\u0301minaire-au-Cha\u0302teau-de-Montataire-387x256.jpg 387w, https:\/\/www.creilsudoise-tourisme.fr\/wp-content\/uploads\/2021\/04\/Location-de-salles-de-re\u0301ception-et-se\u0301minaire-au-Cha\u0302teau-de-Montataire-275x182.jpg 275w, https:\/\/www.creilsudoise-tourisme.fr\/wp-content\/uploads\/2021\/04\/Location-de-salles-de-re\u0301ception-et-se\u0301minaire-au-Cha\u0302teau-de-Montataire.jpg 880w\" sizes=\"(max-width: 600px) 100vw, 600px\" \/><\/figure>\n<\/div>\n\n\n\n<div class=\"is-layout-flow wp-block-column\" style=\"flex-basis:50%\">\n<p><strong>You can rent one or more rooms of the Ch\u00e2teau de Montataire for your receptions in a historical atmosphere <\/strong>(imposing fireplace, wood panelling, ceiling decorations, ans so on!). The little extra: the Bernet family offers you a <strong>an already to use service: rental of the room, tables and cutlery, and on-site catering!<\/strong><\/p>\n<\/div>\n<\/div>","protected":false},"excerpt":{"rendered":"<p>Ch\u00e2teau de Montataire overlooks the town, some ten kilometres from Ch\u00e2teau de Chantilly and Pierrefonds. The Bernet family, father and daughter, owners of the property they are renovating, welcome you for a guided tour, a family meal or a business lunch.  Accompanied by the owners Fran\u00e7ois-Xavier and Marie-Astrid, discover the [...]<\/p>","protected":false},"author":1,"featured_media":32353,"parent":102,"menu_order":5,"comment_status":"closed","ping_status":"closed","template":"","meta":{"_relevanssi_hide_post":"","_relevanssi_hide_content":"","_relevanssi_pin_for_all":"","_relevanssi_pin_keywords":"","_relevanssi_unpin_keywords":"","_relevanssi_related_keywords":"","_relevanssi_related_include_ids":"","_relevanssi_related_exclude_ids":"","_relevanssi_related_no_append":"","_relevanssi_related_not_related":"","_relevanssi_related_posts":"275,271,267,273","_relevanssi_noindex_reason":""},"yoast_head":"<!-- This site is optimized with the Yoast SEO plugin v20.2.1 - https:\/\/yoast.com\/wordpress\/plugins\/seo\/ -->\n<title>Visite guid\u00e9e du Ch\u00e2teau qui domine Montataire - Office de Tourisme Creil Sud Oise<\/title>\n<meta name=\"description\" content=\"Visitez le Ch\u00e2teau de Montataire avec ses propri\u00e9taires : les Bernet p\u00e8re et fille ! Vous pouvez \u00e9galement le louer pour vos r\u00e9ceptions ou s\u00e9minaires.\" \/>\n<meta name=\"robots\" content=\"index, follow, max-snippet:-1, max-image-preview:large, max-video-preview:-1\" \/>\n<link rel=\"canonical\" href=\"https:\/\/www.creilsudoise-tourisme.fr\/en\/explore-groups\/must-haves-groups\/chateau-montataire\/\" \/>\n<meta property=\"og:locale\" content=\"en_GB\" \/>\n<meta property=\"og:type\" content=\"article\" \/>\n<meta property=\"og:title\" content=\"Visite guid\u00e9e du Ch\u00e2teau qui domine Montataire - Office de Tourisme Creil Sud Oise\" \/>\n<meta property=\"og:description\" content=\"Visitez le Ch\u00e2teau de Montataire avec ses propri\u00e9taires : les Bernet p\u00e8re et fille ! Vous pouvez \u00e9galement le louer pour vos r\u00e9ceptions ou s\u00e9minaires.\" \/>\n<meta property=\"og:url\" content=\"https:\/\/www.creilsudoise-tourisme.fr\/en\/explore-groups\/must-haves-groups\/chateau-montataire\/\" \/>\n<meta property=\"og:site_name\" content=\"Office de Tourisme Creil Sud Oise\" \/>\n<meta property=\"article:publisher\" content=\"https:\/\/www.facebook.com\/creilsudoisetourisme\/\" \/>\n<meta property=\"article:modified_time\" content=\"2026-03-05T15:17:56+00:00\" \/>\n<meta property=\"og:image\" content=\"https:\/\/www.creilsudoise-tourisme.fr\/wp-content\/uploads\/2021\/03\/Le-Cha\u0302teau-de-Montataire-en-groupes.jpg\" \/>\n\t<meta property=\"og:image:width\" content=\"1600\" \/>\n\t<meta property=\"og:image:height\" content=\"1067\" \/>\n\t<meta property=\"og:image:type\" content=\"image\/jpeg\" \/>\n<meta name=\"twitter:card\" content=\"summary_large_image\" \/>\n<meta name=\"twitter:site\" content=\"@CreilSudOiseOT\" \/>\n<meta name=\"twitter:label1\" content=\"Estimated reading time\" \/>\n\t<meta name=\"twitter:data1\" content=\"4 minutes\" \/>\n<script type=\"application\/ld+json\" class=\"yoast-schema-graph\">{\"@context\":\"https:\/\/schema.org\",\"@graph\":[{\"@type\":\"WebPage\",\"@id\":\"https:\/\/www.creilsudoise-tourisme.fr\/explorez-groupes\/incontournables-groupes\/chateau-montataire\/\",\"url\":\"https:\/\/www.creilsudoise-tourisme.fr\/explorez-groupes\/incontournables-groupes\/chateau-montataire\/\",\"name\":\"Visite guid\u00e9e du Ch\u00e2teau qui domine Montataire - Office de Tourisme Creil Sud Oise\",\"isPartOf\":{\"@id\":\"https:\/\/www.creilsudoise-tourisme.fr\/#website\"},\"datePublished\":\"2021-02-17T09:02:12+00:00\",\"dateModified\":\"2026-03-05T15:17:56+00:00\",\"description\":\"Visitez le Ch\u00e2teau de Montataire avec ses propri\u00e9taires : les Bernet p\u00e8re et fille ! Vous pouvez \u00e9galement le louer pour vos r\u00e9ceptions ou s\u00e9minaires.\",\"breadcrumb\":{\"@id\":\"https:\/\/www.creilsudoise-tourisme.fr\/explorez-groupes\/incontournables-groupes\/chateau-montataire\/#breadcrumb\"},\"inLanguage\":\"en-GB\",\"potentialAction\":[{\"@type\":\"ReadAction\",\"target\":[\"https:\/\/www.creilsudoise-tourisme.fr\/explorez-groupes\/incontournables-groupes\/chateau-montataire\/\"]}]},{\"@type\":\"BreadcrumbList\",\"@id\":\"https:\/\/www.creilsudoise-tourisme.fr\/explorez-groupes\/incontournables-groupes\/chateau-montataire\/#breadcrumb\",\"itemListElement\":[{\"@type\":\"ListItem\",\"position\":1,\"name\":\"Accueil\",\"item\":\"https:\/\/www.creilsudoise-tourisme.fr\/\"},{\"@type\":\"ListItem\",\"position\":2,\"name\":\"En groupe &amp; S\u00e9minaires\",\"item\":\"https:\/\/www.creilsudoise-tourisme.fr\/explorez-groupes\/\"},{\"@type\":\"ListItem\",\"position\":3,\"name\":\"Les incontournables \u00e0 explorer en groupes\",\"item\":\"https:\/\/www.creilsudoise-tourisme.fr\/explorez-groupes\/incontournables-groupes\/\"},{\"@type\":\"ListItem\",\"position\":4,\"name\":\"Le Ch\u00e2teau de Montataire\"}]},{\"@type\":\"WebSite\",\"@id\":\"https:\/\/www.creilsudoise-tourisme.fr\/#website\",\"url\":\"https:\/\/www.creilsudoise-tourisme.fr\/\",\"name\":\"Office de Tourisme Creil Sud Oise\",\"description\":\"Creil Sud Oise Tourisme, un territoire \u00e0 explorer !\",\"publisher\":{\"@id\":\"https:\/\/www.creilsudoise-tourisme.fr\/#organization\"},\"potentialAction\":[{\"@type\":\"SearchAction\",\"target\":{\"@type\":\"EntryPoint\",\"urlTemplate\":\"https:\/\/www.creilsudoise-tourisme.fr\/?s={search_term_string}\"},\"query-input\":\"required name=search_term_string\"}],\"inLanguage\":\"en-GB\"},{\"@type\":\"Organization\",\"@id\":\"https:\/\/www.creilsudoise-tourisme.fr\/#organization\",\"name\":\"Creil Sud Oise Tourisme\",\"url\":\"https:\/\/www.creilsudoise-tourisme.fr\/\",\"logo\":{\"@type\":\"ImageObject\",\"inLanguage\":\"en-GB\",\"@id\":\"https:\/\/www.creilsudoise-tourisme.fr\/#\/schema\/logo\/image\/\",\"url\":\"https:\/\/www.creilsudoise-tourisme.fr\/wp-content\/uploads\/2021\/05\/logo-svg.png\",\"contentUrl\":\"https:\/\/www.creilsudoise-tourisme.fr\/wp-content\/uploads\/2021\/05\/logo-svg.png\",\"width\":182,\"height\":71,\"caption\":\"Creil Sud Oise Tourisme\"},\"image\":{\"@id\":\"https:\/\/www.creilsudoise-tourisme.fr\/#\/schema\/logo\/image\/\"},\"sameAs\":[\"https:\/\/www.facebook.com\/creilsudoisetourisme\/\",\"https:\/\/twitter.com\/CreilSudOiseOT\",\"https:\/\/www.instagram.com\/creilsudoisetourisme\/\",\"https:\/\/www.youtube.com\/channel\/UC8L_QD2wwyADW14zt9fY8kw\"]}]}<\/script>\n<!-- \/ Yoast SEO plugin. -->","yoast_head_json":{"title":"Visite guid\u00e9e du Ch\u00e2teau qui domine Montataire - Office de Tourisme Creil Sud Oise","description":"Visitez le Ch\u00e2teau de Montataire avec ses propri\u00e9taires : les Bernet p\u00e8re et fille ! Vous pouvez \u00e9galement le louer pour vos r\u00e9ceptions ou s\u00e9minaires.","robots":{"index":"index","follow":"follow","max-snippet":"max-snippet:-1","max-image-preview":"max-image-preview:large","max-video-preview":"max-video-preview:-1"},"canonical":"https:\/\/www.creilsudoise-tourisme.fr\/en\/explore-groups\/must-haves-groups\/chateau-montataire\/","og_locale":"en_GB","og_type":"article","og_title":"Visite guid\u00e9e du Ch\u00e2teau qui domine Montataire - Office de Tourisme Creil Sud Oise","og_description":"Visitez le Ch\u00e2teau de Montataire avec ses propri\u00e9taires : les Bernet p\u00e8re et fille ! Vous pouvez \u00e9galement le louer pour vos r\u00e9ceptions ou s\u00e9minaires.","og_url":"https:\/\/www.creilsudoise-tourisme.fr\/en\/explore-groups\/must-haves-groups\/chateau-montataire\/","og_site_name":"Office de Tourisme Creil Sud Oise","article_publisher":"https:\/\/www.facebook.com\/creilsudoisetourisme\/","article_modified_time":"2026-03-05T15:17:56+00:00","og_image":[{"width":1600,"height":1067,"url":"https:\/\/www.creilsudoise-tourisme.fr\/wp-content\/uploads\/2021\/03\/Le-Cha\u0302teau-de-Montataire-en-groupes.jpg","type":"image\/jpeg"}],"twitter_card":"summary_large_image","twitter_site":"@CreilSudOiseOT","twitter_misc":{"Estimated reading time":"4 minutes"},"schema":{"@context":"https:\/\/schema.org","@graph":[{"@type":"WebPage","@id":"https:\/\/www.creilsudoise-tourisme.fr\/explorez-groupes\/incontournables-groupes\/chateau-montataire\/","url":"https:\/\/www.creilsudoise-tourisme.fr\/explorez-groupes\/incontournables-groupes\/chateau-montataire\/","name":"Visite guid\u00e9e du Ch\u00e2teau qui domine Montataire - Office de Tourisme Creil Sud Oise","isPartOf":{"@id":"https:\/\/www.creilsudoise-tourisme.fr\/#website"},"datePublished":"2021-02-17T09:02:12+00:00","dateModified":"2026-03-05T15:17:56+00:00","description":"Visitez le Ch\u00e2teau de Montataire avec ses propri\u00e9taires : les Bernet p\u00e8re et fille ! Vous pouvez \u00e9galement le louer pour vos r\u00e9ceptions ou s\u00e9minaires.","breadcrumb":{"@id":"https:\/\/www.creilsudoise-tourisme.fr\/explorez-groupes\/incontournables-groupes\/chateau-montataire\/#breadcrumb"},"inLanguage":"en-GB","potentialAction":[{"@type":"ReadAction","target":["https:\/\/www.creilsudoise-tourisme.fr\/explorez-groupes\/incontournables-groupes\/chateau-montataire\/"]}]},{"@type":"BreadcrumbList","@id":"https:\/\/www.creilsudoise-tourisme.fr\/explorez-groupes\/incontournables-groupes\/chateau-montataire\/#breadcrumb","itemListElement":[{"@type":"ListItem","position":1,"name":"Accueil","item":"https:\/\/www.creilsudoise-tourisme.fr\/"},{"@type":"ListItem","position":2,"name":"En groupe &amp; S\u00e9minaires","item":"https:\/\/www.creilsudoise-tourisme.fr\/explorez-groupes\/"},{"@type":"ListItem","position":3,"name":"Les incontournables \u00e0 explorer en groupes","item":"https:\/\/www.creilsudoise-tourisme.fr\/explorez-groupes\/incontournables-groupes\/"},{"@type":"ListItem","position":4,"name":"Le Ch\u00e2teau de Montataire"}]},{"@type":"WebSite","@id":"https:\/\/www.creilsudoise-tourisme.fr\/#website","url":"https:\/\/www.creilsudoise-tourisme.fr\/","name":"Office de Tourisme Creil Sud Oise","description":"Creil Sud Oise Tourisme, un territoire \u00e0 explorer !","publisher":{"@id":"https:\/\/www.creilsudoise-tourisme.fr\/#organization"},"potentialAction":[{"@type":"SearchAction","target":{"@type":"EntryPoint","urlTemplate":"https:\/\/www.creilsudoise-tourisme.fr\/?s={search_term_string}"},"query-input":"required name=search_term_string"}],"inLanguage":"en-GB"},{"@type":"Organization","@id":"https:\/\/www.creilsudoise-tourisme.fr\/#organization","name":"Creil Sud Oise Tourisme","url":"https:\/\/www.creilsudoise-tourisme.fr\/","logo":{"@type":"ImageObject","inLanguage":"en-GB","@id":"https:\/\/www.creilsudoise-tourisme.fr\/#\/schema\/logo\/image\/","url":"https:\/\/www.creilsudoise-tourisme.fr\/wp-content\/uploads\/2021\/05\/logo-svg.png","contentUrl":"https:\/\/www.creilsudoise-tourisme.fr\/wp-content\/uploads\/2021\/05\/logo-svg.png","width":182,"height":71,"caption":"Creil Sud Oise Tourisme"},"image":{"@id":"https:\/\/www.creilsudoise-tourisme.fr\/#\/schema\/logo\/image\/"},"sameAs":["https:\/\/www.facebook.com\/creilsudoisetourisme\/","https:\/\/twitter.com\/CreilSudOiseOT","https:\/\/www.instagram.com\/creilsudoisetourisme\/","https:\/\/www.youtube.com\/channel\/UC8L_QD2wwyADW14zt9fY8kw"]}]}},"_links":{"self":[{"href":"https:\/\/www.creilsudoise-tourisme.fr\/en\/wp-json\/wp\/v2\/pages\/114"}],"collection":[{"href":"https:\/\/www.creilsudoise-tourisme.fr\/en\/wp-json\/wp\/v2\/pages"}],"about":[{"href":"https:\/\/www.creilsudoise-tourisme.fr\/en\/wp-json\/wp\/v2\/types\/page"}],"author":[{"embeddable":true,"href":"https:\/\/www.creilsudoise-tourisme.fr\/en\/wp-json\/wp\/v2\/users\/1"}],"replies":[{"embeddable":true,"href":"https:\/\/www.creilsudoise-tourisme.fr\/en\/wp-json\/wp\/v2\/comments?post=114"}],"version-history":[{"count":12,"href":"https:\/\/www.creilsudoise-tourisme.fr\/en\/wp-json\/wp\/v2\/pages\/114\/revisions"}],"predecessor-version":[{"id":68172,"href":"https:\/\/www.creilsudoise-tourisme.fr\/en\/wp-json\/wp\/v2\/pages\/114\/revisions\/68172"}],"up":[{"embeddable":true,"href":"https:\/\/www.creilsudoise-tourisme.fr\/en\/wp-json\/wp\/v2\/pages\/102"}],"wp:featuredmedia":[{"embeddable":true,"href":"https:\/\/www.creilsudoise-tourisme.fr\/en\/wp-json\/wp\/v2\/media\/32353"}],"wp:attachment":[{"href":"https:\/\/www.creilsudoise-tourisme.fr\/en\/wp-json\/wp\/v2\/media?parent=114"}],"curies":[{"name":"wp","href":"https:\/\/api.w.org\/{rel}","templated":true}]}}