{"id":112,"date":"2021-02-17T10:02:11","date_gmt":"2021-02-17T09:02:11","guid":{"rendered":"https:\/\/www.creilsudoise-tourisme.fr\/le-musee-galle-juillet-et-la-maison-de-la-faience\/"},"modified":"2026-03-05T16:17:01","modified_gmt":"2026-03-05T15:17:01","slug":"musee-galle-juillet","status":"publish","type":"page","link":"https:\/\/www.creilsudoise-tourisme.fr\/en\/explore-groups\/must-haves-groups\/musee-galle-juillet-3\/","title":{"rendered":"The Gall\u00e9-Juillet Museum and the Maison de la Fa\u00efence"},"content":{"rendered":"<p class=\"is-style-excerpt\">Creil, in the south of the Oise and near Chantilly and Senlis, is the place to find <strong>the Mus\u00e9e Gall\u00e9-Juillet, labelled Mus\u00e9e de France<\/strong> and offers us two places to visit, the <strong>Maison Gall\u00e9-Juillet and the Maison de la Fa\u00efence<\/strong>dedicated to <strong>the history of the Gall\u00e9-Juillet family from Creillon<\/strong>and the <strong>fa\u00efencerie<\/strong> which was produced for a long time in Creil.<\/p>\n\n\n\n<figure class=\"wp-block-embed is-type-video is-provider-youtube wp-block-embed-youtube wp-embed-aspect-16-9 wp-has-aspect-ratio\"><div class=\"wp-block-embed__wrapper\">\n<iframe loading=\"lazy\" title=\"[LES INCONTOURNABLES] Le Mus\u00e9e Gall\u00e9-Juillet \u00e0 Creil | Creil Sud Oise Tourisme\" width=\"500\" height=\"281\" data-src=\"https:\/\/www.youtube.com\/embed\/wY9wGoow8Vo?feature=oembed\" frameborder=\"0\" allow=\"accelerometer; autoplay; clipboard-write; encrypted-media; gyroscope; picture-in-picture; web-share\" referrerpolicy=\"strict-origin-when-cross-origin\" allowfullscreen><\/iframe>\n<\/div><\/figure>\n\n\n\n<p>Follow your guide as he takes you through the history of the <strong>Fa\u00efencerie de Creil<\/strong> which developed in the 19th century and acquired a reputation equivalent to that of Gien or Sarreguemines.&nbsp;<\/p>\n\n\n\n<div class=\"is-layout-flex wp-container-3 wp-block-columns\">\n<div class=\"is-layout-flow wp-block-column\" style=\"flex-basis:80%\">\n<p>You continue your immersion in Creillois heritage by discovering the <strong>home of the illustrious Gall\u00e9-Juillet family<\/strong>The house is still adorned with some 5,000 decorative and fine art objects, furniture and personal souvenirs.&nbsp;<\/p>\n<\/div>\n\n\n\n<div class=\"is-layout-flow wp-block-column\" style=\"flex-basis:20%\">\n<figure class=\"wp-block-image size-thumbnail is-resized\"><img decoding=\"async\" loading=\"lazy\" data-src=\"https:\/\/www.creilsudoise-tourisme.fr\/wp-content\/uploads\/2021\/04\/Logo_MuseeDeFrance_BN-1-300x300.jpg\" alt=\"\" class=\"wp-image-33104\" width=\"116\" height=\"116\" data-srcset=\"https:\/\/www.creilsudoise-tourisme.fr\/wp-content\/uploads\/2021\/04\/Logo_MuseeDeFrance_BN-1-300x300.jpg 300w, https:\/\/www.creilsudoise-tourisme.fr\/wp-content\/uploads\/2021\/04\/Logo_MuseeDeFrance_BN-1-600x600.jpg 600w, https:\/\/www.creilsudoise-tourisme.fr\/wp-content\/uploads\/2021\/04\/Logo_MuseeDeFrance_BN-1-1200x1200.jpg 1200w, https:\/\/www.creilsudoise-tourisme.fr\/wp-content\/uploads\/2021\/04\/Logo_MuseeDeFrance_BN-1-900x900.jpg 900w, https:\/\/www.creilsudoise-tourisme.fr\/wp-content\/uploads\/2021\/04\/Logo_MuseeDeFrance_BN-1-1536x1536.jpg 1536w, https:\/\/www.creilsudoise-tourisme.fr\/wp-content\/uploads\/2021\/04\/Logo_MuseeDeFrance_BN-1-200x200.jpg 200w, https:\/\/www.creilsudoise-tourisme.fr\/wp-content\/uploads\/2021\/04\/Logo_MuseeDeFrance_BN-1-650x650.jpg 650w, https:\/\/www.creilsudoise-tourisme.fr\/wp-content\/uploads\/2021\/04\/Logo_MuseeDeFrance_BN-1-387x387.jpg 387w, https:\/\/www.creilsudoise-tourisme.fr\/wp-content\/uploads\/2021\/04\/Logo_MuseeDeFrance_BN-1-275x275.jpg 275w, https:\/\/www.creilsudoise-tourisme.fr\/wp-content\/uploads\/2021\/04\/Logo_MuseeDeFrance_BN-1.jpg 1879w\" sizes=\"(max-width: 116px) 100vw, 116px\" \/><\/figure>\n<\/div>\n<\/div>\n\n\n\n<p class=\"is-style-blockquote\">A journey through time: back to 19<sup>th<\/sup> century!<\/p>\n\n\n\n<figure class=\"is-layout-flex wp-block-gallery-4 wp-block-gallery alignwide has-nested-images columns-default is-cropped\">\n<figure class=\"wp-block-image size-full\"><a href=\"https:\/\/www.creilsudoise-tourisme.fr\/wp-content\/uploads\/2021\/04\/Collection-de-fai\u0308ences-a\u0300-la-Maison-de-la-Fai\u0308ence.jpg\"><img decoding=\"async\" loading=\"lazy\" width=\"1600\" height=\"1067\" data-id=\"33099\"  data-src=\"https:\/\/www.creilsudoise-tourisme.fr\/wp-content\/uploads\/2021\/04\/Collection-de-fai\u0308ences-a\u0300-la-Maison-de-la-Fai\u0308ence.jpg\" alt=\"\" class=\"wp-image-33099\" data-srcset=\"https:\/\/www.creilsudoise-tourisme.fr\/wp-content\/uploads\/2021\/04\/Collection-de-fai\u0308ences-a\u0300-la-Maison-de-la-Fai\u0308ence.jpg 1600w, https:\/\/www.creilsudoise-tourisme.fr\/wp-content\/uploads\/2021\/04\/Collection-de-fai\u0308ences-a\u0300-la-Maison-de-la-Fai\u0308ence-600x400.jpg 600w, https:\/\/www.creilsudoise-tourisme.fr\/wp-content\/uploads\/2021\/04\/Collection-de-fai\u0308ences-a\u0300-la-Maison-de-la-Fai\u0308ence-1200x800.jpg 1200w, https:\/\/www.creilsudoise-tourisme.fr\/wp-content\/uploads\/2021\/04\/Collection-de-fai\u0308ences-a\u0300-la-Maison-de-la-Fai\u0308ence-900x600.jpg 900w, https:\/\/www.creilsudoise-tourisme.fr\/wp-content\/uploads\/2021\/04\/Collection-de-fai\u0308ences-a\u0300-la-Maison-de-la-Fai\u0308ence-1536x1024.jpg 1536w, https:\/\/www.creilsudoise-tourisme.fr\/wp-content\/uploads\/2021\/04\/Collection-de-fai\u0308ences-a\u0300-la-Maison-de-la-Fai\u0308ence-200x133.jpg 200w, https:\/\/www.creilsudoise-tourisme.fr\/wp-content\/uploads\/2021\/04\/Collection-de-fai\u0308ences-a\u0300-la-Maison-de-la-Fai\u0308ence-650x433.jpg 650w, https:\/\/www.creilsudoise-tourisme.fr\/wp-content\/uploads\/2021\/04\/Collection-de-fai\u0308ences-a\u0300-la-Maison-de-la-Fai\u0308ence-387x258.jpg 387w, https:\/\/www.creilsudoise-tourisme.fr\/wp-content\/uploads\/2021\/04\/Collection-de-fai\u0308ences-a\u0300-la-Maison-de-la-Fai\u0308ence-275x183.jpg 275w\" sizes=\"(max-width: 1600px) 100vw, 1600px\" \/><\/a><figcaption class=\"wp-element-caption\">More than 1,000 earthenware objects on display<br>Anne-Sophie Flament - City of Creil<\/figcaption><\/figure>\n\n\n\n<figure class=\"wp-block-image size-full\"><a href=\"https:\/\/www.creilsudoise-tourisme.fr\/wp-content\/uploads\/2021\/04\/Peinture-sur-fai\u0308ence-une-animation-adultes-au-Muse\u0301e-Galle\u0301-Juillet.jpg\"><img decoding=\"async\" loading=\"lazy\" width=\"1600\" height=\"1067\" data-id=\"33100\"  data-src=\"https:\/\/www.creilsudoise-tourisme.fr\/wp-content\/uploads\/2021\/04\/Peinture-sur-fai\u0308ence-une-animation-adultes-au-Muse\u0301e-Galle\u0301-Juillet.jpg\" alt=\"Workshop for adults at the Mus\u00e9e Gall\u00e9-Juillet\" class=\"wp-image-33100\" data-srcset=\"https:\/\/www.creilsudoise-tourisme.fr\/wp-content\/uploads\/2021\/04\/Peinture-sur-fai\u0308ence-une-animation-adultes-au-Muse\u0301e-Galle\u0301-Juillet.jpg 1600w, https:\/\/www.creilsudoise-tourisme.fr\/wp-content\/uploads\/2021\/04\/Peinture-sur-fai\u0308ence-une-animation-adultes-au-Muse\u0301e-Galle\u0301-Juillet-600x400.jpg 600w, https:\/\/www.creilsudoise-tourisme.fr\/wp-content\/uploads\/2021\/04\/Peinture-sur-fai\u0308ence-une-animation-adultes-au-Muse\u0301e-Galle\u0301-Juillet-1200x800.jpg 1200w, https:\/\/www.creilsudoise-tourisme.fr\/wp-content\/uploads\/2021\/04\/Peinture-sur-fai\u0308ence-une-animation-adultes-au-Muse\u0301e-Galle\u0301-Juillet-900x600.jpg 900w, https:\/\/www.creilsudoise-tourisme.fr\/wp-content\/uploads\/2021\/04\/Peinture-sur-fai\u0308ence-une-animation-adultes-au-Muse\u0301e-Galle\u0301-Juillet-1536x1024.jpg 1536w, https:\/\/www.creilsudoise-tourisme.fr\/wp-content\/uploads\/2021\/04\/Peinture-sur-fai\u0308ence-une-animation-adultes-au-Muse\u0301e-Galle\u0301-Juillet-200x133.jpg 200w, https:\/\/www.creilsudoise-tourisme.fr\/wp-content\/uploads\/2021\/04\/Peinture-sur-fai\u0308ence-une-animation-adultes-au-Muse\u0301e-Galle\u0301-Juillet-650x433.jpg 650w, https:\/\/www.creilsudoise-tourisme.fr\/wp-content\/uploads\/2021\/04\/Peinture-sur-fai\u0308ence-une-animation-adultes-au-Muse\u0301e-Galle\u0301-Juillet-387x258.jpg 387w, https:\/\/www.creilsudoise-tourisme.fr\/wp-content\/uploads\/2021\/04\/Peinture-sur-fai\u0308ence-une-animation-adultes-au-Muse\u0301e-Galle\u0301-Juillet-275x183.jpg 275w\" sizes=\"(max-width: 1600px) 100vw, 1600px\" \/><\/a><figcaption class=\"wp-element-caption\">There are also activities for adults.<br>Anne-Sophie Flament - City of Creil<\/figcaption><\/figure>\n\n\n\n<figure class=\"wp-block-image size-full\"><a href=\"https:\/\/www.creilsudoise-tourisme.fr\/wp-content\/uploads\/2021\/04\/Visite-guide\u0301e-des-appartements-prive\u0301s-a\u0300-la-Maison-Galle\u0301-Juillet.jpg\"><img decoding=\"async\" loading=\"lazy\" width=\"1600\" height=\"1067\" data-id=\"33102\"  data-src=\"https:\/\/www.creilsudoise-tourisme.fr\/wp-content\/uploads\/2021\/04\/Visite-guide\u0301e-des-appartements-prive\u0301s-a\u0300-la-Maison-Galle\u0301-Juillet.jpg\" alt=\"Guided tour of the Maison Gall\u00e9-Juillet\" class=\"wp-image-33102\" data-srcset=\"https:\/\/www.creilsudoise-tourisme.fr\/wp-content\/uploads\/2021\/04\/Visite-guide\u0301e-des-appartements-prive\u0301s-a\u0300-la-Maison-Galle\u0301-Juillet.jpg 1600w, https:\/\/www.creilsudoise-tourisme.fr\/wp-content\/uploads\/2021\/04\/Visite-guide\u0301e-des-appartements-prive\u0301s-a\u0300-la-Maison-Galle\u0301-Juillet-600x400.jpg 600w, https:\/\/www.creilsudoise-tourisme.fr\/wp-content\/uploads\/2021\/04\/Visite-guide\u0301e-des-appartements-prive\u0301s-a\u0300-la-Maison-Galle\u0301-Juillet-1200x800.jpg 1200w, https:\/\/www.creilsudoise-tourisme.fr\/wp-content\/uploads\/2021\/04\/Visite-guide\u0301e-des-appartements-prive\u0301s-a\u0300-la-Maison-Galle\u0301-Juillet-900x600.jpg 900w, https:\/\/www.creilsudoise-tourisme.fr\/wp-content\/uploads\/2021\/04\/Visite-guide\u0301e-des-appartements-prive\u0301s-a\u0300-la-Maison-Galle\u0301-Juillet-1536x1024.jpg 1536w, https:\/\/www.creilsudoise-tourisme.fr\/wp-content\/uploads\/2021\/04\/Visite-guide\u0301e-des-appartements-prive\u0301s-a\u0300-la-Maison-Galle\u0301-Juillet-200x133.jpg 200w, https:\/\/www.creilsudoise-tourisme.fr\/wp-content\/uploads\/2021\/04\/Visite-guide\u0301e-des-appartements-prive\u0301s-a\u0300-la-Maison-Galle\u0301-Juillet-650x433.jpg 650w, https:\/\/www.creilsudoise-tourisme.fr\/wp-content\/uploads\/2021\/04\/Visite-guide\u0301e-des-appartements-prive\u0301s-a\u0300-la-Maison-Galle\u0301-Juillet-387x258.jpg 387w, https:\/\/www.creilsudoise-tourisme.fr\/wp-content\/uploads\/2021\/04\/Visite-guide\u0301e-des-appartements-prive\u0301s-a\u0300-la-Maison-Galle\u0301-Juillet-275x183.jpg 275w\" sizes=\"(max-width: 1600px) 100vw, 1600px\" \/><\/a><figcaption class=\"wp-element-caption\">Anne-Sophie Flament - City of Creil<\/figcaption><\/figure>\n\n\n\n<figure class=\"wp-block-image size-full\"><a href=\"https:\/\/www.creilsudoise-tourisme.fr\/wp-content\/uploads\/2021\/04\/Visite-costume\u0301e-a\u0300-la-Maison-Galle\u0301-Juillet-a\u0300-Creil.jpg\"><img decoding=\"async\" loading=\"lazy\" width=\"1600\" height=\"900\" data-id=\"33101\"  data-src=\"https:\/\/www.creilsudoise-tourisme.fr\/wp-content\/uploads\/2021\/04\/Visite-costume\u0301e-a\u0300-la-Maison-Galle\u0301-Juillet-a\u0300-Creil.jpg\" alt=\"Theatrical visit to the Mus\u00e9e Gall\u00e9-Juillet\" class=\"wp-image-33101\" data-srcset=\"https:\/\/www.creilsudoise-tourisme.fr\/wp-content\/uploads\/2021\/04\/Visite-costume\u0301e-a\u0300-la-Maison-Galle\u0301-Juillet-a\u0300-Creil.jpg 1600w, https:\/\/www.creilsudoise-tourisme.fr\/wp-content\/uploads\/2021\/04\/Visite-costume\u0301e-a\u0300-la-Maison-Galle\u0301-Juillet-a\u0300-Creil-600x338.jpg 600w, https:\/\/www.creilsudoise-tourisme.fr\/wp-content\/uploads\/2021\/04\/Visite-costume\u0301e-a\u0300-la-Maison-Galle\u0301-Juillet-a\u0300-Creil-1200x675.jpg 1200w, https:\/\/www.creilsudoise-tourisme.fr\/wp-content\/uploads\/2021\/04\/Visite-costume\u0301e-a\u0300-la-Maison-Galle\u0301-Juillet-a\u0300-Creil-900x506.jpg 900w, https:\/\/www.creilsudoise-tourisme.fr\/wp-content\/uploads\/2021\/04\/Visite-costume\u0301e-a\u0300-la-Maison-Galle\u0301-Juillet-a\u0300-Creil-1536x864.jpg 1536w, https:\/\/www.creilsudoise-tourisme.fr\/wp-content\/uploads\/2021\/04\/Visite-costume\u0301e-a\u0300-la-Maison-Galle\u0301-Juillet-a\u0300-Creil-200x113.jpg 200w, https:\/\/www.creilsudoise-tourisme.fr\/wp-content\/uploads\/2021\/04\/Visite-costume\u0301e-a\u0300-la-Maison-Galle\u0301-Juillet-a\u0300-Creil-650x366.jpg 650w, https:\/\/www.creilsudoise-tourisme.fr\/wp-content\/uploads\/2021\/04\/Visite-costume\u0301e-a\u0300-la-Maison-Galle\u0301-Juillet-a\u0300-Creil-387x218.jpg 387w, https:\/\/www.creilsudoise-tourisme.fr\/wp-content\/uploads\/2021\/04\/Visite-costume\u0301e-a\u0300-la-Maison-Galle\u0301-Juillet-a\u0300-Creil-275x155.jpg 275w\" sizes=\"(max-width: 1600px) 100vw, 1600px\" \/><\/a><figcaption class=\"wp-element-caption\">Immerse yourself in a 19th century atmosphere!<br>Creil Sud Oise Tourisme<\/figcaption><\/figure>\n<\/figure>\n\n\n\n<h2>Good to know :<\/h2>\n\n\n\n<p>In Creil, the thin earthenware did not remain uniformly white: it received a <strong>painted or printed decor <\/strong>and some of them have experienced a <strong>great commercial success<\/strong> as the <strong>Flora decor<\/strong> (blue flowers and leaves of bindweed, lily of the valley, holly or rose) which was presented at the Paris World Fair in 1855. Or the <strong>Rousseau service<\/strong> The production was such that it is not uncommon to find plates, cups, tureens, various tableware and toiletries in antique shops or on the stalls of garage sales. <strong>stamped \"Creil and Montereau\".<\/strong> Treasures that we like to hunt and collect as testimonies of a bygone era.<\/p>\n\n\n\n<h2>Testimonial<\/h2>\n\n\n\n<div class=\"wp-block wp-block-testimonial\">\n    <div class=\"wp-block-testimonial-excerpt\">\n        A place full of stories where you feel close to the former inhabitants. Beautiful and authentic rooms, a change from reconstructions! Add to that the great guides and you have a great visit.    <\/div>\n    <div class=\"wp-block-testimonial-details\">\n                <div class=\"wp-block-testimonial-content\">\n            <p class=\"wp-block-testimonial-content-author\">\n                <strong>\"Reach Out<\/strong>\n\n                                <span class=\"wp-block-testimonial-content-job\"> - Google reviews<\/span>\n                            <\/p>\n        <\/div>\n    <\/div>\n<\/div>\n\n\n<h2>Complete your day<\/h2>\n\n\n\n<p>To complete your day, check out our <a href=\"https:\/\/www.creilsudoise-tourisme.fr\/en\/en-groupe-seminaires\/brochure-groupes\/\" target=\"_blank\" rel=\"noreferrer noopener\">group brochure<\/a> !<br>Do you like to discover history? Continue the day with a visit to the Ch\u00e2teau de Montataire (RDV p. 10 Treat yourself to the life of a castle) and for those with a sweet tooth, discover our winter offer: Gourmet Christmas at the Ch\u00e2teau (RDV p. 20).<br>You can also enjoy the Gall\u00e9-Juillet Museum during a 2-day, 1-night stay in a Destination Creil Sud Oise hotel, see p. 22 and 23 Two days to discover Creil Sud Oise.<\/p>\n\n\n\n<h2>Contact us!<\/h2>\n\n\n\n<div class=\"is-layout-flex wp-container-9 wp-block-columns are-vertically-aligned-center\">\n<div class=\"is-layout-flow wp-block-column is-vertically-aligned-center\" style=\"flex-basis:50%\"><div class=\"wp-block-image\">\n<figure class=\"alignleft size-large\"><img decoding=\"async\" loading=\"lazy\" width=\"1200\" height=\"1200\" data-src=\"https:\/\/www.creilsudoise-tourisme.fr\/wp-content\/uploads\/2025\/05\/Brigitte-P-1200x1200.jpg\" alt=\"\" class=\"wp-image-62291\" data-srcset=\"https:\/\/www.creilsudoise-tourisme.fr\/wp-content\/uploads\/2025\/05\/Brigitte-P-1200x1200.jpg 1200w, https:\/\/www.creilsudoise-tourisme.fr\/wp-content\/uploads\/2025\/05\/Brigitte-P-600x600.jpg 600w, https:\/\/www.creilsudoise-tourisme.fr\/wp-content\/uploads\/2025\/05\/Brigitte-P-300x300.jpg 300w, https:\/\/www.creilsudoise-tourisme.fr\/wp-content\/uploads\/2025\/05\/Brigitte-P-900x900.jpg 900w, https:\/\/www.creilsudoise-tourisme.fr\/wp-content\/uploads\/2025\/05\/Brigitte-P-1536x1536.jpg 1536w, https:\/\/www.creilsudoise-tourisme.fr\/wp-content\/uploads\/2025\/05\/Brigitte-P-12x12.jpg 12w, https:\/\/www.creilsudoise-tourisme.fr\/wp-content\/uploads\/2025\/05\/Brigitte-P-200x200.jpg 200w, https:\/\/www.creilsudoise-tourisme.fr\/wp-content\/uploads\/2025\/05\/Brigitte-P-650x650.jpg 650w, https:\/\/www.creilsudoise-tourisme.fr\/wp-content\/uploads\/2025\/05\/Brigitte-P-387x387.jpg 387w, https:\/\/www.creilsudoise-tourisme.fr\/wp-content\/uploads\/2025\/05\/Brigitte-P.jpg 1920w\" sizes=\"(max-width: 1200px) 100vw, 1200px\" \/><figcaption class=\"wp-element-caption\">Brigitte Pawly<\/figcaption><\/figure><\/div><\/div>\n\n\n\n<div class=\"is-layout-flow wp-block-column is-vertically-aligned-center\" style=\"flex-basis:50%\"><div class=\"wp-block wp-block-highlight\">\n                <p class=\"wp-block-highlight-item wp-block-highlight-excerpt\"><strong>Brigitte Pawly, <\/strong>creator of tailor-made group stays<br><a href=\"tel:0375190175\">03 75 19 01 75<\/a><\/p>\n    <\/div>\n\n\n<div class=\"is-layout-flex wp-block-buttons\">\n<div class=\"wp-block-button\"><a class=\"wp-block-button__link wp-element-button\" href=\"mailto:&#103;r&#111;u&#112;es&#64;&#99;r&#101;il&#115;ud&#111;&#105;s&#101;&#45;&#116;&#111;u&#114;&#105;&#115;&#109;e.&#102;&#114;\" target=\"_blank\" rel=\"noreferrer noopener\">Contact<\/a><\/div>\n<\/div>\n<\/div>\n<\/div>","protected":false},"excerpt":{"rendered":"<p>Creil, in the south of the Oise department near Chantilly and Senlis, is home to the Mus\u00e9e Gall\u00e9-Juillet, which has been awarded the \"Mus\u00e9e de France\" label and offers two places to visit: the Maison Gall\u00e9-Juillet and the Maison de la Fa\u00efence, devoted to the history of the Gall\u00e9-Juillet family from Creil, as well as the earthenware factory that was [...].<\/p>","protected":false},"author":1,"featured_media":32346,"parent":102,"menu_order":4,"comment_status":"closed","ping_status":"closed","template":"","meta":{"_relevanssi_hide_post":"","_relevanssi_hide_content":"","_relevanssi_pin_for_all":"","_relevanssi_pin_keywords":"","_relevanssi_unpin_keywords":"","_relevanssi_related_keywords":"","_relevanssi_related_include_ids":"","_relevanssi_related_exclude_ids":"","_relevanssi_related_no_append":"","_relevanssi_related_not_related":"","_relevanssi_related_posts":"275,271,267,273","_relevanssi_noindex_reason":""},"yoast_head":"<!-- This site is optimized with the Yoast SEO plugin v20.2.1 - https:\/\/yoast.com\/wordpress\/plugins\/seo\/ -->\n<title>L\u2019histoire de Creil et de la fa\u00efence au Mus\u00e9e Gall\u00e9-Juillet - Office de Tourisme Creil Sud Oise<\/title>\n<meta name=\"description\" content=\"Pr\u00e8s de Chantilly, \u00e0 Creil, d\u00e9couvrez avec votre groupe une impressionnante collection de fa\u00efences et une maison o\u00f9 le temps s\u2019est arr\u00eat\u00e9 au d\u00e9but du 20\u00e8me si\u00e8cle\" \/>\n<meta name=\"robots\" content=\"index, follow, max-snippet:-1, max-image-preview:large, max-video-preview:-1\" \/>\n<link rel=\"canonical\" href=\"https:\/\/www.creilsudoise-tourisme.fr\/en\/explore-groups\/must-haves-groups\/musee-galle-juillet-3\/\" \/>\n<meta property=\"og:locale\" content=\"en_GB\" \/>\n<meta property=\"og:type\" content=\"article\" \/>\n<meta property=\"og:title\" content=\"L\u2019histoire de Creil et de la fa\u00efence au Mus\u00e9e Gall\u00e9-Juillet - Office de Tourisme Creil Sud Oise\" \/>\n<meta property=\"og:description\" content=\"Pr\u00e8s de Chantilly, \u00e0 Creil, d\u00e9couvrez avec votre groupe une impressionnante collection de fa\u00efences et une maison o\u00f9 le temps s\u2019est arr\u00eat\u00e9 au d\u00e9but du 20\u00e8me si\u00e8cle\" \/>\n<meta property=\"og:url\" content=\"https:\/\/www.creilsudoise-tourisme.fr\/en\/explore-groups\/must-haves-groups\/musee-galle-juillet-3\/\" \/>\n<meta property=\"og:site_name\" content=\"Office de Tourisme Creil Sud Oise\" \/>\n<meta property=\"article:publisher\" content=\"https:\/\/www.facebook.com\/creilsudoisetourisme\/\" \/>\n<meta property=\"article:modified_time\" content=\"2026-03-05T15:17:01+00:00\" \/>\n<meta property=\"og:image\" content=\"https:\/\/www.creilsudoise-tourisme.fr\/wp-content\/uploads\/2021\/03\/La-Maison-de-la-Fai\u0308ence-a\u0300-Creil-en-groupes.jpg\" \/>\n\t<meta property=\"og:image:width\" content=\"1600\" \/>\n\t<meta property=\"og:image:height\" content=\"1067\" \/>\n\t<meta property=\"og:image:type\" content=\"image\/jpeg\" \/>\n<meta name=\"twitter:card\" content=\"summary_large_image\" \/>\n<meta name=\"twitter:site\" content=\"@CreilSudOiseOT\" \/>\n<meta name=\"twitter:label1\" content=\"Estimated reading time\" \/>\n\t<meta name=\"twitter:data1\" content=\"4 minutes\" \/>\n<script type=\"application\/ld+json\" class=\"yoast-schema-graph\">{\"@context\":\"https:\/\/schema.org\",\"@graph\":[{\"@type\":\"WebPage\",\"@id\":\"https:\/\/www.creilsudoise-tourisme.fr\/explorez-groupes\/incontournables-groupes\/musee-galle-juillet\/\",\"url\":\"https:\/\/www.creilsudoise-tourisme.fr\/explorez-groupes\/incontournables-groupes\/musee-galle-juillet\/\",\"name\":\"L\u2019histoire de Creil et de la fa\u00efence au Mus\u00e9e Gall\u00e9-Juillet - Office de Tourisme Creil Sud Oise\",\"isPartOf\":{\"@id\":\"https:\/\/www.creilsudoise-tourisme.fr\/#website\"},\"datePublished\":\"2021-02-17T09:02:11+00:00\",\"dateModified\":\"2026-03-05T15:17:01+00:00\",\"description\":\"Pr\u00e8s de Chantilly, \u00e0 Creil, d\u00e9couvrez avec votre groupe une impressionnante collection de fa\u00efences et une maison o\u00f9 le temps s\u2019est arr\u00eat\u00e9 au d\u00e9but du 20\u00e8me si\u00e8cle\",\"breadcrumb\":{\"@id\":\"https:\/\/www.creilsudoise-tourisme.fr\/explorez-groupes\/incontournables-groupes\/musee-galle-juillet\/#breadcrumb\"},\"inLanguage\":\"en-GB\",\"potentialAction\":[{\"@type\":\"ReadAction\",\"target\":[\"https:\/\/www.creilsudoise-tourisme.fr\/explorez-groupes\/incontournables-groupes\/musee-galle-juillet\/\"]}]},{\"@type\":\"BreadcrumbList\",\"@id\":\"https:\/\/www.creilsudoise-tourisme.fr\/explorez-groupes\/incontournables-groupes\/musee-galle-juillet\/#breadcrumb\",\"itemListElement\":[{\"@type\":\"ListItem\",\"position\":1,\"name\":\"Accueil\",\"item\":\"https:\/\/www.creilsudoise-tourisme.fr\/\"},{\"@type\":\"ListItem\",\"position\":2,\"name\":\"En groupe &amp; S\u00e9minaires\",\"item\":\"https:\/\/www.creilsudoise-tourisme.fr\/explorez-groupes\/\"},{\"@type\":\"ListItem\",\"position\":3,\"name\":\"Les incontournables \u00e0 explorer en groupes\",\"item\":\"https:\/\/www.creilsudoise-tourisme.fr\/explorez-groupes\/incontournables-groupes\/\"},{\"@type\":\"ListItem\",\"position\":4,\"name\":\"Le Mus\u00e9e Gall\u00e9-Juillet et la Maison de la Fa\u00efence\"}]},{\"@type\":\"WebSite\",\"@id\":\"https:\/\/www.creilsudoise-tourisme.fr\/#website\",\"url\":\"https:\/\/www.creilsudoise-tourisme.fr\/\",\"name\":\"Office de Tourisme Creil Sud Oise\",\"description\":\"Creil Sud Oise Tourisme, un territoire \u00e0 explorer !\",\"publisher\":{\"@id\":\"https:\/\/www.creilsudoise-tourisme.fr\/#organization\"},\"potentialAction\":[{\"@type\":\"SearchAction\",\"target\":{\"@type\":\"EntryPoint\",\"urlTemplate\":\"https:\/\/www.creilsudoise-tourisme.fr\/?s={search_term_string}\"},\"query-input\":\"required name=search_term_string\"}],\"inLanguage\":\"en-GB\"},{\"@type\":\"Organization\",\"@id\":\"https:\/\/www.creilsudoise-tourisme.fr\/#organization\",\"name\":\"Creil Sud Oise Tourisme\",\"url\":\"https:\/\/www.creilsudoise-tourisme.fr\/\",\"logo\":{\"@type\":\"ImageObject\",\"inLanguage\":\"en-GB\",\"@id\":\"https:\/\/www.creilsudoise-tourisme.fr\/#\/schema\/logo\/image\/\",\"url\":\"https:\/\/www.creilsudoise-tourisme.fr\/wp-content\/uploads\/2021\/05\/logo-svg.png\",\"contentUrl\":\"https:\/\/www.creilsudoise-tourisme.fr\/wp-content\/uploads\/2021\/05\/logo-svg.png\",\"width\":182,\"height\":71,\"caption\":\"Creil Sud Oise Tourisme\"},\"image\":{\"@id\":\"https:\/\/www.creilsudoise-tourisme.fr\/#\/schema\/logo\/image\/\"},\"sameAs\":[\"https:\/\/www.facebook.com\/creilsudoisetourisme\/\",\"https:\/\/twitter.com\/CreilSudOiseOT\",\"https:\/\/www.instagram.com\/creilsudoisetourisme\/\",\"https:\/\/www.youtube.com\/channel\/UC8L_QD2wwyADW14zt9fY8kw\"]}]}<\/script>\n<!-- \/ Yoast SEO plugin. -->","yoast_head_json":{"title":"L\u2019histoire de Creil et de la fa\u00efence au Mus\u00e9e Gall\u00e9-Juillet - Office de Tourisme Creil Sud Oise","description":"Pr\u00e8s de Chantilly, \u00e0 Creil, d\u00e9couvrez avec votre groupe une impressionnante collection de fa\u00efences et une maison o\u00f9 le temps s\u2019est arr\u00eat\u00e9 au d\u00e9but du 20\u00e8me si\u00e8cle","robots":{"index":"index","follow":"follow","max-snippet":"max-snippet:-1","max-image-preview":"max-image-preview:large","max-video-preview":"max-video-preview:-1"},"canonical":"https:\/\/www.creilsudoise-tourisme.fr\/en\/explore-groups\/must-haves-groups\/musee-galle-juillet-3\/","og_locale":"en_GB","og_type":"article","og_title":"L\u2019histoire de Creil et de la fa\u00efence au Mus\u00e9e Gall\u00e9-Juillet - Office de Tourisme Creil Sud Oise","og_description":"Pr\u00e8s de Chantilly, \u00e0 Creil, d\u00e9couvrez avec votre groupe une impressionnante collection de fa\u00efences et une maison o\u00f9 le temps s\u2019est arr\u00eat\u00e9 au d\u00e9but du 20\u00e8me si\u00e8cle","og_url":"https:\/\/www.creilsudoise-tourisme.fr\/en\/explore-groups\/must-haves-groups\/musee-galle-juillet-3\/","og_site_name":"Office de Tourisme Creil Sud Oise","article_publisher":"https:\/\/www.facebook.com\/creilsudoisetourisme\/","article_modified_time":"2026-03-05T15:17:01+00:00","og_image":[{"width":1600,"height":1067,"url":"https:\/\/www.creilsudoise-tourisme.fr\/wp-content\/uploads\/2021\/03\/La-Maison-de-la-Fai\u0308ence-a\u0300-Creil-en-groupes.jpg","type":"image\/jpeg"}],"twitter_card":"summary_large_image","twitter_site":"@CreilSudOiseOT","twitter_misc":{"Estimated reading time":"4 minutes"},"schema":{"@context":"https:\/\/schema.org","@graph":[{"@type":"WebPage","@id":"https:\/\/www.creilsudoise-tourisme.fr\/explorez-groupes\/incontournables-groupes\/musee-galle-juillet\/","url":"https:\/\/www.creilsudoise-tourisme.fr\/explorez-groupes\/incontournables-groupes\/musee-galle-juillet\/","name":"L\u2019histoire de Creil et de la fa\u00efence au Mus\u00e9e Gall\u00e9-Juillet - Office de Tourisme Creil Sud Oise","isPartOf":{"@id":"https:\/\/www.creilsudoise-tourisme.fr\/#website"},"datePublished":"2021-02-17T09:02:11+00:00","dateModified":"2026-03-05T15:17:01+00:00","description":"Pr\u00e8s de Chantilly, \u00e0 Creil, d\u00e9couvrez avec votre groupe une impressionnante collection de fa\u00efences et une maison o\u00f9 le temps s\u2019est arr\u00eat\u00e9 au d\u00e9but du 20\u00e8me si\u00e8cle","breadcrumb":{"@id":"https:\/\/www.creilsudoise-tourisme.fr\/explorez-groupes\/incontournables-groupes\/musee-galle-juillet\/#breadcrumb"},"inLanguage":"en-GB","potentialAction":[{"@type":"ReadAction","target":["https:\/\/www.creilsudoise-tourisme.fr\/explorez-groupes\/incontournables-groupes\/musee-galle-juillet\/"]}]},{"@type":"BreadcrumbList","@id":"https:\/\/www.creilsudoise-tourisme.fr\/explorez-groupes\/incontournables-groupes\/musee-galle-juillet\/#breadcrumb","itemListElement":[{"@type":"ListItem","position":1,"name":"Accueil","item":"https:\/\/www.creilsudoise-tourisme.fr\/"},{"@type":"ListItem","position":2,"name":"En groupe &amp; S\u00e9minaires","item":"https:\/\/www.creilsudoise-tourisme.fr\/explorez-groupes\/"},{"@type":"ListItem","position":3,"name":"Les incontournables \u00e0 explorer en groupes","item":"https:\/\/www.creilsudoise-tourisme.fr\/explorez-groupes\/incontournables-groupes\/"},{"@type":"ListItem","position":4,"name":"Le Mus\u00e9e Gall\u00e9-Juillet et la Maison de la Fa\u00efence"}]},{"@type":"WebSite","@id":"https:\/\/www.creilsudoise-tourisme.fr\/#website","url":"https:\/\/www.creilsudoise-tourisme.fr\/","name":"Office de Tourisme Creil Sud Oise","description":"Creil Sud Oise Tourisme, un territoire \u00e0 explorer !","publisher":{"@id":"https:\/\/www.creilsudoise-tourisme.fr\/#organization"},"potentialAction":[{"@type":"SearchAction","target":{"@type":"EntryPoint","urlTemplate":"https:\/\/www.creilsudoise-tourisme.fr\/?s={search_term_string}"},"query-input":"required name=search_term_string"}],"inLanguage":"en-GB"},{"@type":"Organization","@id":"https:\/\/www.creilsudoise-tourisme.fr\/#organization","name":"Creil Sud Oise Tourisme","url":"https:\/\/www.creilsudoise-tourisme.fr\/","logo":{"@type":"ImageObject","inLanguage":"en-GB","@id":"https:\/\/www.creilsudoise-tourisme.fr\/#\/schema\/logo\/image\/","url":"https:\/\/www.creilsudoise-tourisme.fr\/wp-content\/uploads\/2021\/05\/logo-svg.png","contentUrl":"https:\/\/www.creilsudoise-tourisme.fr\/wp-content\/uploads\/2021\/05\/logo-svg.png","width":182,"height":71,"caption":"Creil Sud Oise Tourisme"},"image":{"@id":"https:\/\/www.creilsudoise-tourisme.fr\/#\/schema\/logo\/image\/"},"sameAs":["https:\/\/www.facebook.com\/creilsudoisetourisme\/","https:\/\/twitter.com\/CreilSudOiseOT","https:\/\/www.instagram.com\/creilsudoisetourisme\/","https:\/\/www.youtube.com\/channel\/UC8L_QD2wwyADW14zt9fY8kw"]}]}},"_links":{"self":[{"href":"https:\/\/www.creilsudoise-tourisme.fr\/en\/wp-json\/wp\/v2\/pages\/112"}],"collection":[{"href":"https:\/\/www.creilsudoise-tourisme.fr\/en\/wp-json\/wp\/v2\/pages"}],"about":[{"href":"https:\/\/www.creilsudoise-tourisme.fr\/en\/wp-json\/wp\/v2\/types\/page"}],"author":[{"embeddable":true,"href":"https:\/\/www.creilsudoise-tourisme.fr\/en\/wp-json\/wp\/v2\/users\/1"}],"replies":[{"embeddable":true,"href":"https:\/\/www.creilsudoise-tourisme.fr\/en\/wp-json\/wp\/v2\/comments?post=112"}],"version-history":[{"count":26,"href":"https:\/\/www.creilsudoise-tourisme.fr\/en\/wp-json\/wp\/v2\/pages\/112\/revisions"}],"predecessor-version":[{"id":68171,"href":"https:\/\/www.creilsudoise-tourisme.fr\/en\/wp-json\/wp\/v2\/pages\/112\/revisions\/68171"}],"up":[{"embeddable":true,"href":"https:\/\/www.creilsudoise-tourisme.fr\/en\/wp-json\/wp\/v2\/pages\/102"}],"wp:featuredmedia":[{"embeddable":true,"href":"https:\/\/www.creilsudoise-tourisme.fr\/en\/wp-json\/wp\/v2\/media\/32346"}],"wp:attachment":[{"href":"https:\/\/www.creilsudoise-tourisme.fr\/en\/wp-json\/wp\/v2\/media?parent=112"}],"curies":[{"name":"wp","href":"https:\/\/api.w.org\/{rel}","templated":true}]}}