{"id":106,"date":"2021-02-17T10:02:06","date_gmt":"2021-02-17T09:02:06","guid":{"rendered":"https:\/\/www.creilsudoise-tourisme.fr\/la-maison-de-la-pierre\/"},"modified":"2025-05-16T10:57:40","modified_gmt":"2025-05-16T08:57:40","slug":"maison-de-la-pierre","status":"publish","type":"page","link":"https:\/\/www.creilsudoise-tourisme.fr\/en\/explore-groups\/must-haves-groups\/maison-de-la-pierre-2\/","title":{"rendered":"The Stone House"},"content":{"rendered":"<p class=\"is-style-excerpt\">Close to Chantilly and Senlis, <strong>the Maison de la Pierre is a museum located underground in an old stone quarry<\/strong> ! It is one of the rare places of memory of the life of the quarrymen of Northern France, which pays tribute to the<strong>The DNA of Destination Creil Sud Oise: stone<\/strong>.<\/p>\n\n\n\n<p><strong>Where do all the stones that make up our castles, churches and buildings come from?<\/strong> A large part of the Oise and <strong>Saint-Maximin quarries<\/strong> in particular, which, since the 16th century, have become essential for the construction of major monuments such as the<strong>The Op\u00e9ra Garnier, the Pont Neuf, Haussmann buildings and the H\u00f4tel des Invalides...&nbsp;<\/strong><\/p>\n\n\n\n<figure class=\"is-layout-flex wp-block-gallery-1 wp-block-gallery alignwide has-nested-images columns-2 is-cropped\">\n<figure class=\"wp-block-image size-full\"><a href=\"https:\/\/www.creilsudoise-tourisme.fr\/wp-content\/uploads\/2021\/04\/Fossiles-a\u0300-la-Maison-de-la-Pierre-a\u0300-Saint-Maximin.jpg\"><img decoding=\"async\" loading=\"lazy\" width=\"1600\" height=\"1064\" data-id=\"33119\"  data-src=\"https:\/\/www.creilsudoise-tourisme.fr\/wp-content\/uploads\/2021\/04\/Fossiles-a\u0300-la-Maison-de-la-Pierre-a\u0300-Saint-Maximin.jpg\" alt=\"\" class=\"wp-image-33119\" data-srcset=\"https:\/\/www.creilsudoise-tourisme.fr\/wp-content\/uploads\/2021\/04\/Fossiles-a\u0300-la-Maison-de-la-Pierre-a\u0300-Saint-Maximin.jpg 1600w, https:\/\/www.creilsudoise-tourisme.fr\/wp-content\/uploads\/2021\/04\/Fossiles-a\u0300-la-Maison-de-la-Pierre-a\u0300-Saint-Maximin-600x399.jpg 600w, https:\/\/www.creilsudoise-tourisme.fr\/wp-content\/uploads\/2021\/04\/Fossiles-a\u0300-la-Maison-de-la-Pierre-a\u0300-Saint-Maximin-1200x798.jpg 1200w, https:\/\/www.creilsudoise-tourisme.fr\/wp-content\/uploads\/2021\/04\/Fossiles-a\u0300-la-Maison-de-la-Pierre-a\u0300-Saint-Maximin-900x599.jpg 900w, https:\/\/www.creilsudoise-tourisme.fr\/wp-content\/uploads\/2021\/04\/Fossiles-a\u0300-la-Maison-de-la-Pierre-a\u0300-Saint-Maximin-1536x1021.jpg 1536w, https:\/\/www.creilsudoise-tourisme.fr\/wp-content\/uploads\/2021\/04\/Fossiles-a\u0300-la-Maison-de-la-Pierre-a\u0300-Saint-Maximin-200x133.jpg 200w, https:\/\/www.creilsudoise-tourisme.fr\/wp-content\/uploads\/2021\/04\/Fossiles-a\u0300-la-Maison-de-la-Pierre-a\u0300-Saint-Maximin-650x432.jpg 650w, https:\/\/www.creilsudoise-tourisme.fr\/wp-content\/uploads\/2021\/04\/Fossiles-a\u0300-la-Maison-de-la-Pierre-a\u0300-Saint-Maximin-387x257.jpg 387w, https:\/\/www.creilsudoise-tourisme.fr\/wp-content\/uploads\/2021\/04\/Fossiles-a\u0300-la-Maison-de-la-Pierre-a\u0300-Saint-Maximin-275x183.jpg 275w\" sizes=\"(max-width: 1600px) 100vw, 1600px\" \/><\/a><figcaption class=\"wp-element-caption\">Can you spot the tiny fossils embedded in the rock?<br>L'Ardoise<\/figcaption><\/figure>\n\n\n\n<figure class=\"wp-block-image size-full\"><a href=\"https:\/\/www.creilsudoise-tourisme.fr\/wp-content\/uploads\/2021\/04\/Les-outils-des-carriers-a\u0300-la-Maison-de-la-Pierre-a\u0300-Saint-Maximin.jpg\"><img decoding=\"async\" loading=\"lazy\" width=\"1600\" height=\"1067\" data-id=\"33120\"  data-src=\"https:\/\/www.creilsudoise-tourisme.fr\/wp-content\/uploads\/2021\/04\/Les-outils-des-carriers-a\u0300-la-Maison-de-la-Pierre-a\u0300-Saint-Maximin.jpg\" alt=\"\" class=\"wp-image-33120\" data-srcset=\"https:\/\/www.creilsudoise-tourisme.fr\/wp-content\/uploads\/2021\/04\/Les-outils-des-carriers-a\u0300-la-Maison-de-la-Pierre-a\u0300-Saint-Maximin.jpg 1600w, https:\/\/www.creilsudoise-tourisme.fr\/wp-content\/uploads\/2021\/04\/Les-outils-des-carriers-a\u0300-la-Maison-de-la-Pierre-a\u0300-Saint-Maximin-600x400.jpg 600w, https:\/\/www.creilsudoise-tourisme.fr\/wp-content\/uploads\/2021\/04\/Les-outils-des-carriers-a\u0300-la-Maison-de-la-Pierre-a\u0300-Saint-Maximin-1200x800.jpg 1200w, https:\/\/www.creilsudoise-tourisme.fr\/wp-content\/uploads\/2021\/04\/Les-outils-des-carriers-a\u0300-la-Maison-de-la-Pierre-a\u0300-Saint-Maximin-900x600.jpg 900w, https:\/\/www.creilsudoise-tourisme.fr\/wp-content\/uploads\/2021\/04\/Les-outils-des-carriers-a\u0300-la-Maison-de-la-Pierre-a\u0300-Saint-Maximin-1536x1024.jpg 1536w, https:\/\/www.creilsudoise-tourisme.fr\/wp-content\/uploads\/2021\/04\/Les-outils-des-carriers-a\u0300-la-Maison-de-la-Pierre-a\u0300-Saint-Maximin-200x133.jpg 200w, https:\/\/www.creilsudoise-tourisme.fr\/wp-content\/uploads\/2021\/04\/Les-outils-des-carriers-a\u0300-la-Maison-de-la-Pierre-a\u0300-Saint-Maximin-650x433.jpg 650w, https:\/\/www.creilsudoise-tourisme.fr\/wp-content\/uploads\/2021\/04\/Les-outils-des-carriers-a\u0300-la-Maison-de-la-Pierre-a\u0300-Saint-Maximin-387x258.jpg 387w, https:\/\/www.creilsudoise-tourisme.fr\/wp-content\/uploads\/2021\/04\/Les-outils-des-carriers-a\u0300-la-Maison-de-la-Pierre-a\u0300-Saint-Maximin-275x183.jpg 275w\" sizes=\"(max-width: 1600px) 100vw, 1600px\" \/><\/a><figcaption class=\"wp-element-caption\">The profession of quarryman will be presented to you<br>Comdesimages B. Teissedre ADRTOise<\/figcaption><\/figure>\n\n\n\n<figure class=\"wp-block-image size-full\"><a href=\"https:\/\/www.creilsudoise-tourisme.fr\/wp-content\/uploads\/2021\/04\/Maison-de-la-Pierre-a\u0300-Saint-Maximin.jpg\"><img decoding=\"async\" loading=\"lazy\" width=\"1600\" height=\"1067\" data-id=\"33121\"  data-src=\"https:\/\/www.creilsudoise-tourisme.fr\/wp-content\/uploads\/2021\/04\/Maison-de-la-Pierre-a\u0300-Saint-Maximin.jpg\" alt=\"\" class=\"wp-image-33121\" data-srcset=\"https:\/\/www.creilsudoise-tourisme.fr\/wp-content\/uploads\/2021\/04\/Maison-de-la-Pierre-a\u0300-Saint-Maximin.jpg 1600w, https:\/\/www.creilsudoise-tourisme.fr\/wp-content\/uploads\/2021\/04\/Maison-de-la-Pierre-a\u0300-Saint-Maximin-600x400.jpg 600w, https:\/\/www.creilsudoise-tourisme.fr\/wp-content\/uploads\/2021\/04\/Maison-de-la-Pierre-a\u0300-Saint-Maximin-1200x800.jpg 1200w, https:\/\/www.creilsudoise-tourisme.fr\/wp-content\/uploads\/2021\/04\/Maison-de-la-Pierre-a\u0300-Saint-Maximin-900x600.jpg 900w, https:\/\/www.creilsudoise-tourisme.fr\/wp-content\/uploads\/2021\/04\/Maison-de-la-Pierre-a\u0300-Saint-Maximin-1536x1024.jpg 1536w, https:\/\/www.creilsudoise-tourisme.fr\/wp-content\/uploads\/2021\/04\/Maison-de-la-Pierre-a\u0300-Saint-Maximin-200x133.jpg 200w, https:\/\/www.creilsudoise-tourisme.fr\/wp-content\/uploads\/2021\/04\/Maison-de-la-Pierre-a\u0300-Saint-Maximin-650x433.jpg 650w, https:\/\/www.creilsudoise-tourisme.fr\/wp-content\/uploads\/2021\/04\/Maison-de-la-Pierre-a\u0300-Saint-Maximin-387x258.jpg 387w, https:\/\/www.creilsudoise-tourisme.fr\/wp-content\/uploads\/2021\/04\/Maison-de-la-Pierre-a\u0300-Saint-Maximin-275x183.jpg 275w\" sizes=\"(max-width: 1600px) 100vw, 1600px\" \/><\/a><\/figure>\n\n\n\n<figure class=\"wp-block-image size-full\"><a href=\"https:\/\/www.creilsudoise-tourisme.fr\/wp-content\/uploads\/2021\/04\/Visite-de-la-Galerie-du-Front-de-Taille-a\u0300-la-Maison-de-la-Pierre-a\u0300-Saint-Maximin.jpg\"><img decoding=\"async\" loading=\"lazy\" width=\"1600\" height=\"1067\" data-id=\"33122\"  data-src=\"https:\/\/www.creilsudoise-tourisme.fr\/wp-content\/uploads\/2021\/04\/Visite-de-la-Galerie-du-Front-de-Taille-a\u0300-la-Maison-de-la-Pierre-a\u0300-Saint-Maximin.jpg\" alt=\"\" class=\"wp-image-33122\" data-srcset=\"https:\/\/www.creilsudoise-tourisme.fr\/wp-content\/uploads\/2021\/04\/Visite-de-la-Galerie-du-Front-de-Taille-a\u0300-la-Maison-de-la-Pierre-a\u0300-Saint-Maximin.jpg 1600w, https:\/\/www.creilsudoise-tourisme.fr\/wp-content\/uploads\/2021\/04\/Visite-de-la-Galerie-du-Front-de-Taille-a\u0300-la-Maison-de-la-Pierre-a\u0300-Saint-Maximin-600x400.jpg 600w, https:\/\/www.creilsudoise-tourisme.fr\/wp-content\/uploads\/2021\/04\/Visite-de-la-Galerie-du-Front-de-Taille-a\u0300-la-Maison-de-la-Pierre-a\u0300-Saint-Maximin-1200x800.jpg 1200w, https:\/\/www.creilsudoise-tourisme.fr\/wp-content\/uploads\/2021\/04\/Visite-de-la-Galerie-du-Front-de-Taille-a\u0300-la-Maison-de-la-Pierre-a\u0300-Saint-Maximin-900x600.jpg 900w, https:\/\/www.creilsudoise-tourisme.fr\/wp-content\/uploads\/2021\/04\/Visite-de-la-Galerie-du-Front-de-Taille-a\u0300-la-Maison-de-la-Pierre-a\u0300-Saint-Maximin-1536x1024.jpg 1536w, https:\/\/www.creilsudoise-tourisme.fr\/wp-content\/uploads\/2021\/04\/Visite-de-la-Galerie-du-Front-de-Taille-a\u0300-la-Maison-de-la-Pierre-a\u0300-Saint-Maximin-200x133.jpg 200w, https:\/\/www.creilsudoise-tourisme.fr\/wp-content\/uploads\/2021\/04\/Visite-de-la-Galerie-du-Front-de-Taille-a\u0300-la-Maison-de-la-Pierre-a\u0300-Saint-Maximin-650x433.jpg 650w, https:\/\/www.creilsudoise-tourisme.fr\/wp-content\/uploads\/2021\/04\/Visite-de-la-Galerie-du-Front-de-Taille-a\u0300-la-Maison-de-la-Pierre-a\u0300-Saint-Maximin-387x258.jpg 387w, https:\/\/www.creilsudoise-tourisme.fr\/wp-content\/uploads\/2021\/04\/Visite-de-la-Galerie-du-Front-de-Taille-a\u0300-la-Maison-de-la-Pierre-a\u0300-Saint-Maximin-275x183.jpg 275w\" sizes=\"(max-width: 1600px) 100vw, 1600px\" \/><\/a><figcaption class=\"wp-element-caption\">Extend your visit by discovering the current temporary exhibition at the Galerie du Front de Taille<br>Comdesimages B. Teissedre ADRTOise<\/figcaption><\/figure>\n<\/figure>\n\n\n\n<p>Let the exploration of the Maison de la Pierre du sud de l'Oise begin! Your guide will take you into the underground quarry and tell you the story of these stone-cutters: their life 15 metres underground and the technical stages of their hard work.<\/p>\n\n\n\n<h2>Did you know? Stone, the DNA of Creil Sud Oise<\/h2>\n\n\n\n<div class=\"is-layout-flex wp-container-5 wp-block-columns\">\n<div class=\"is-layout-flow wp-block-column\" style=\"flex-basis:50%\">\n<figure class=\"wp-block-image size-large\"><img decoding=\"async\" loading=\"lazy\" width=\"1200\" height=\"798\" data-src=\"https:\/\/www.creilsudoise-tourisme.fr\/wp-content\/uploads\/2021\/04\/Visitez-la-Maison-de-la-Pierre-a\u0300-Saint-Maximin-1200x798.jpg\" alt=\"\" class=\"wp-image-33125\" data-srcset=\"https:\/\/www.creilsudoise-tourisme.fr\/wp-content\/uploads\/2021\/04\/Visitez-la-Maison-de-la-Pierre-a\u0300-Saint-Maximin-1200x798.jpg 1200w, https:\/\/www.creilsudoise-tourisme.fr\/wp-content\/uploads\/2021\/04\/Visitez-la-Maison-de-la-Pierre-a\u0300-Saint-Maximin-600x399.jpg 600w, https:\/\/www.creilsudoise-tourisme.fr\/wp-content\/uploads\/2021\/04\/Visitez-la-Maison-de-la-Pierre-a\u0300-Saint-Maximin-900x599.jpg 900w, https:\/\/www.creilsudoise-tourisme.fr\/wp-content\/uploads\/2021\/04\/Visitez-la-Maison-de-la-Pierre-a\u0300-Saint-Maximin-1536x1021.jpg 1536w, https:\/\/www.creilsudoise-tourisme.fr\/wp-content\/uploads\/2021\/04\/Visitez-la-Maison-de-la-Pierre-a\u0300-Saint-Maximin-200x133.jpg 200w, https:\/\/www.creilsudoise-tourisme.fr\/wp-content\/uploads\/2021\/04\/Visitez-la-Maison-de-la-Pierre-a\u0300-Saint-Maximin-650x432.jpg 650w, https:\/\/www.creilsudoise-tourisme.fr\/wp-content\/uploads\/2021\/04\/Visitez-la-Maison-de-la-Pierre-a\u0300-Saint-Maximin-387x257.jpg 387w, https:\/\/www.creilsudoise-tourisme.fr\/wp-content\/uploads\/2021\/04\/Visitez-la-Maison-de-la-Pierre-a\u0300-Saint-Maximin-275x183.jpg 275w, https:\/\/www.creilsudoise-tourisme.fr\/wp-content\/uploads\/2021\/04\/Visitez-la-Maison-de-la-Pierre-a\u0300-Saint-Maximin.jpg 1600w\" sizes=\"(max-width: 1200px) 100vw, 1200px\" \/><figcaption class=\"wp-element-caption\">Extend your visit by discovering the current temporary exhibition at the Galerie du Front de Taille<br>Comdesimages B. Teissedre ADRTOise<\/figcaption><\/figure>\n<\/div>\n\n\n\n<div class=\"is-layout-flow wp-block-column is-vertically-aligned-center\" style=\"flex-basis:50%\">\n<p>Did you know that all<strong> The Creillois basin is full of quarries<\/strong> ? More than one hundred underground, open air, former quarry faces and troglodytic sites have already been inventoried!<\/p>\n<\/div>\n<\/div>\n\n\n\n<h3>Initiations to stone sculpture and the art of stained glass<\/h3>\n\n\n\n<p>The Maison de la Pierre team offers <strong>initiations<\/strong> <strong>stone sculpture&nbsp; <\/strong>(1h30 led by a guide from the Maison de la Pierre or several hours, led by a professional sculptor) as well as the art of stained glass (led by a professional master glassmaker). Participants first learn how to use the tools (scissors, mallets, etc.) and then create their own work of art, which they can take home with them!<\/p>\n\n\n\n<p>Tools are loaned out and disinfected between users.<\/p>\n\n\n\n<figure class=\"is-layout-flex wp-block-gallery-6 wp-block-gallery alignwide has-nested-images columns-default is-cropped\">\n<figure class=\"wp-block-image size-full\"><a href=\"https:\/\/www.creilsudoise-tourisme.fr\/wp-content\/uploads\/2021\/04\/Un-stage-de-sculpture-sur-pierre-a\u0300-la-Maison-de-la-Pierre-a\u0300-Saint-Maximin.jpg\"><img decoding=\"async\" loading=\"lazy\" width=\"1600\" height=\"900\" data-id=\"33127\"  data-src=\"https:\/\/www.creilsudoise-tourisme.fr\/wp-content\/uploads\/2021\/04\/Un-stage-de-sculpture-sur-pierre-a\u0300-la-Maison-de-la-Pierre-a\u0300-Saint-Maximin.jpg\" alt=\"\" class=\"wp-image-33127\" data-srcset=\"https:\/\/www.creilsudoise-tourisme.fr\/wp-content\/uploads\/2021\/04\/Un-stage-de-sculpture-sur-pierre-a\u0300-la-Maison-de-la-Pierre-a\u0300-Saint-Maximin.jpg 1600w, https:\/\/www.creilsudoise-tourisme.fr\/wp-content\/uploads\/2021\/04\/Un-stage-de-sculpture-sur-pierre-a\u0300-la-Maison-de-la-Pierre-a\u0300-Saint-Maximin-600x338.jpg 600w, https:\/\/www.creilsudoise-tourisme.fr\/wp-content\/uploads\/2021\/04\/Un-stage-de-sculpture-sur-pierre-a\u0300-la-Maison-de-la-Pierre-a\u0300-Saint-Maximin-1200x675.jpg 1200w, https:\/\/www.creilsudoise-tourisme.fr\/wp-content\/uploads\/2021\/04\/Un-stage-de-sculpture-sur-pierre-a\u0300-la-Maison-de-la-Pierre-a\u0300-Saint-Maximin-900x506.jpg 900w, https:\/\/www.creilsudoise-tourisme.fr\/wp-content\/uploads\/2021\/04\/Un-stage-de-sculpture-sur-pierre-a\u0300-la-Maison-de-la-Pierre-a\u0300-Saint-Maximin-1536x864.jpg 1536w, https:\/\/www.creilsudoise-tourisme.fr\/wp-content\/uploads\/2021\/04\/Un-stage-de-sculpture-sur-pierre-a\u0300-la-Maison-de-la-Pierre-a\u0300-Saint-Maximin-200x113.jpg 200w, https:\/\/www.creilsudoise-tourisme.fr\/wp-content\/uploads\/2021\/04\/Un-stage-de-sculpture-sur-pierre-a\u0300-la-Maison-de-la-Pierre-a\u0300-Saint-Maximin-650x366.jpg 650w, https:\/\/www.creilsudoise-tourisme.fr\/wp-content\/uploads\/2021\/04\/Un-stage-de-sculpture-sur-pierre-a\u0300-la-Maison-de-la-Pierre-a\u0300-Saint-Maximin-387x218.jpg 387w, https:\/\/www.creilsudoise-tourisme.fr\/wp-content\/uploads\/2021\/04\/Un-stage-de-sculpture-sur-pierre-a\u0300-la-Maison-de-la-Pierre-a\u0300-Saint-Maximin-275x155.jpg 275w\" sizes=\"(max-width: 1600px) 100vw, 1600px\" \/><\/a><figcaption class=\"wp-element-caption\">Discover the pleasure of sculpting stone during a course at the Maison de la Pierre!<br>Creil Sud Oise Tourisme<\/figcaption><\/figure>\n\n\n\n<figure class=\"wp-block-image size-full\"><a href=\"https:\/\/www.creilsudoise-tourisme.fr\/wp-content\/uploads\/2021\/04\/Un-stage-de-vitrail-a\u0300-la-Maison-de-la-Pierre-a\u0300-Saint-Maximin.jpg.jpg\"><img decoding=\"async\" loading=\"lazy\" width=\"1600\" height=\"900\" data-id=\"33128\"  data-src=\"https:\/\/www.creilsudoise-tourisme.fr\/wp-content\/uploads\/2021\/04\/Un-stage-de-vitrail-a\u0300-la-Maison-de-la-Pierre-a\u0300-Saint-Maximin.jpg.jpg\" alt=\"\" class=\"wp-image-33128\" data-srcset=\"https:\/\/www.creilsudoise-tourisme.fr\/wp-content\/uploads\/2021\/04\/Un-stage-de-vitrail-a\u0300-la-Maison-de-la-Pierre-a\u0300-Saint-Maximin.jpg.jpg 1600w, https:\/\/www.creilsudoise-tourisme.fr\/wp-content\/uploads\/2021\/04\/Un-stage-de-vitrail-a\u0300-la-Maison-de-la-Pierre-a\u0300-Saint-Maximin.jpg-600x338.jpg 600w, https:\/\/www.creilsudoise-tourisme.fr\/wp-content\/uploads\/2021\/04\/Un-stage-de-vitrail-a\u0300-la-Maison-de-la-Pierre-a\u0300-Saint-Maximin.jpg-1200x675.jpg 1200w, https:\/\/www.creilsudoise-tourisme.fr\/wp-content\/uploads\/2021\/04\/Un-stage-de-vitrail-a\u0300-la-Maison-de-la-Pierre-a\u0300-Saint-Maximin.jpg-900x506.jpg 900w, https:\/\/www.creilsudoise-tourisme.fr\/wp-content\/uploads\/2021\/04\/Un-stage-de-vitrail-a\u0300-la-Maison-de-la-Pierre-a\u0300-Saint-Maximin.jpg-1536x864.jpg 1536w, https:\/\/www.creilsudoise-tourisme.fr\/wp-content\/uploads\/2021\/04\/Un-stage-de-vitrail-a\u0300-la-Maison-de-la-Pierre-a\u0300-Saint-Maximin.jpg-200x113.jpg 200w, https:\/\/www.creilsudoise-tourisme.fr\/wp-content\/uploads\/2021\/04\/Un-stage-de-vitrail-a\u0300-la-Maison-de-la-Pierre-a\u0300-Saint-Maximin.jpg-650x366.jpg 650w, https:\/\/www.creilsudoise-tourisme.fr\/wp-content\/uploads\/2021\/04\/Un-stage-de-vitrail-a\u0300-la-Maison-de-la-Pierre-a\u0300-Saint-Maximin.jpg-387x218.jpg 387w, https:\/\/www.creilsudoise-tourisme.fr\/wp-content\/uploads\/2021\/04\/Un-stage-de-vitrail-a\u0300-la-Maison-de-la-Pierre-a\u0300-Saint-Maximin.jpg-275x155.jpg 275w\" sizes=\"(max-width: 1600px) 100vw, 1600px\" \/><\/a><figcaption class=\"wp-element-caption\">Accompanied by a professional master glassmaker, learn how to create stained glass windows<br>Creil Sud Oise Tourisme<\/figcaption><\/figure>\n<\/figure>\n\n\n\n<h2>A souvenir shop<\/h2>\n\n\n\n<div class=\"is-layout-flex wp-container-10 wp-block-columns\">\n<div class=\"is-layout-flow wp-block-column\" style=\"flex-basis:50%\">\n<p>For those who wish to continue the experience, visit the <strong>Maison de la Pierre shop<\/strong> There's a sculpture kit for beginners to create their own sculptures, plus a range of original souvenirs (books, jewellery made from minerals and fossils, etc.).<\/p>\n<\/div>\n\n\n\n<div class=\"is-layout-flow wp-block-column\" style=\"flex-basis:50%\">\n<figure class=\"wp-block-image size-large\"><img decoding=\"async\" loading=\"lazy\" width=\"1200\" height=\"675\" data-src=\"https:\/\/www.creilsudoise-tourisme.fr\/wp-content\/uploads\/2021\/04\/Boutique-a\u0300-la-Maison-de-la-Pierre-a\u0300-Saint-Maximin-1200x675.jpg\" alt=\"\" class=\"wp-image-33129\" data-srcset=\"https:\/\/www.creilsudoise-tourisme.fr\/wp-content\/uploads\/2021\/04\/Boutique-a\u0300-la-Maison-de-la-Pierre-a\u0300-Saint-Maximin-1200x675.jpg 1200w, https:\/\/www.creilsudoise-tourisme.fr\/wp-content\/uploads\/2021\/04\/Boutique-a\u0300-la-Maison-de-la-Pierre-a\u0300-Saint-Maximin-600x338.jpg 600w, https:\/\/www.creilsudoise-tourisme.fr\/wp-content\/uploads\/2021\/04\/Boutique-a\u0300-la-Maison-de-la-Pierre-a\u0300-Saint-Maximin-900x506.jpg 900w, https:\/\/www.creilsudoise-tourisme.fr\/wp-content\/uploads\/2021\/04\/Boutique-a\u0300-la-Maison-de-la-Pierre-a\u0300-Saint-Maximin-1536x864.jpg 1536w, https:\/\/www.creilsudoise-tourisme.fr\/wp-content\/uploads\/2021\/04\/Boutique-a\u0300-la-Maison-de-la-Pierre-a\u0300-Saint-Maximin-200x113.jpg 200w, https:\/\/www.creilsudoise-tourisme.fr\/wp-content\/uploads\/2021\/04\/Boutique-a\u0300-la-Maison-de-la-Pierre-a\u0300-Saint-Maximin-650x366.jpg 650w, https:\/\/www.creilsudoise-tourisme.fr\/wp-content\/uploads\/2021\/04\/Boutique-a\u0300-la-Maison-de-la-Pierre-a\u0300-Saint-Maximin-387x218.jpg 387w, https:\/\/www.creilsudoise-tourisme.fr\/wp-content\/uploads\/2021\/04\/Boutique-a\u0300-la-Maison-de-la-Pierre-a\u0300-Saint-Maximin-275x155.jpg 275w, https:\/\/www.creilsudoise-tourisme.fr\/wp-content\/uploads\/2021\/04\/Boutique-a\u0300-la-Maison-de-la-Pierre-a\u0300-Saint-Maximin.jpg 1600w\" sizes=\"(max-width: 1200px) 100vw, 1200px\" \/><figcaption class=\"wp-element-caption\">You can go shopping in the Maison de la Pierre shop.<br>Creil Sud Oise Tourisme<\/figcaption><\/figure>\n<\/div>\n<\/div>\n\n\n\n<h2>Complete your day<\/h2>\n\n\n\n<p>To complete your day, check out our <a href=\"https:\/\/www.creilsudoise-tourisme.fr\/en\/en-groupe-seminaires\/brochure-groupes\/\" target=\"_blank\" rel=\"noreferrer noopener\">group brochure<\/a> !&nbsp;<\/p>\n\n\n\n<p>You like to discover the <strong>French heritage <\/strong>? Continue the day by visiting<strong> Royaumont Abbey in Asni\u00e8res-sur-Oise<\/strong> (For lovers of old stone, see p. 8). You can also visit the Maison de la Pierre on a guided tour. <strong>2 days and 1 night stay <\/strong>in a Destination Creil Sud Oise hotel, see p. 22 and 23 Two days to discover Creil Sud Oise and p. 24 and 25 The must-sees of Southern Oise.<\/p>\n\n\n\n<h2>Contact us!<\/h2>\n\n\n\n<div class=\"is-layout-flex wp-container-14 wp-block-columns are-vertically-aligned-center\">\n<div class=\"is-layout-flow wp-block-column is-vertically-aligned-center\" style=\"flex-basis:50%\"><div class=\"wp-block-image\">\n<figure class=\"alignleft size-large\"><img decoding=\"async\" loading=\"lazy\" width=\"1200\" height=\"1200\" data-src=\"https:\/\/www.creilsudoise-tourisme.fr\/wp-content\/uploads\/2025\/05\/Brigitte-P-1200x1200.jpg\" alt=\"\" class=\"wp-image-62291\" data-srcset=\"https:\/\/www.creilsudoise-tourisme.fr\/wp-content\/uploads\/2025\/05\/Brigitte-P-1200x1200.jpg 1200w, https:\/\/www.creilsudoise-tourisme.fr\/wp-content\/uploads\/2025\/05\/Brigitte-P-600x600.jpg 600w, https:\/\/www.creilsudoise-tourisme.fr\/wp-content\/uploads\/2025\/05\/Brigitte-P-300x300.jpg 300w, https:\/\/www.creilsudoise-tourisme.fr\/wp-content\/uploads\/2025\/05\/Brigitte-P-900x900.jpg 900w, https:\/\/www.creilsudoise-tourisme.fr\/wp-content\/uploads\/2025\/05\/Brigitte-P-1536x1536.jpg 1536w, https:\/\/www.creilsudoise-tourisme.fr\/wp-content\/uploads\/2025\/05\/Brigitte-P-12x12.jpg 12w, https:\/\/www.creilsudoise-tourisme.fr\/wp-content\/uploads\/2025\/05\/Brigitte-P-200x200.jpg 200w, https:\/\/www.creilsudoise-tourisme.fr\/wp-content\/uploads\/2025\/05\/Brigitte-P-650x650.jpg 650w, https:\/\/www.creilsudoise-tourisme.fr\/wp-content\/uploads\/2025\/05\/Brigitte-P-387x387.jpg 387w, https:\/\/www.creilsudoise-tourisme.fr\/wp-content\/uploads\/2025\/05\/Brigitte-P.jpg 1920w\" sizes=\"(max-width: 1200px) 100vw, 1200px\" \/><figcaption class=\"wp-element-caption\">Brigitte Pawly<\/figcaption><\/figure><\/div><\/div>\n\n\n\n<div class=\"is-layout-flow wp-block-column is-vertically-aligned-center\" style=\"flex-basis:50%\"><div class=\"wp-block wp-block-highlight\">\n                <p class=\"wp-block-highlight-item wp-block-highlight-excerpt\"><strong>Brigitte Pawly, <\/strong>creator of tailor-made group stays<br><a href=\"tel:0375190175\">03 75 19 01 75<\/a><br><\/p>\n    <\/div>\n\n\n<div class=\"is-layout-flex wp-block-buttons\">\n<div class=\"wp-block-button\"><a class=\"wp-block-button__link wp-element-button\" href=\"mailto:&#103;&#114;&#111;u&#112;es&#64;&#99;rei&#108;s&#117;&#100;ois&#101;-&#116;ou&#114;i&#115;&#109;e.f&#114;\" target=\"_blank\" rel=\"noreferrer noopener\">Contact<\/a><\/div>\n<\/div>\n<\/div>\n<\/div>\n\n\n\n<p>Do not hesitate to contact <strong>Brigitte<\/strong>,<strong> expert on the territory<\/strong>which will bring you its good <strong>advice <\/strong>according to your wishes and your budget for a <strong>fully customized program<\/strong>. A <strong>single point of contact<\/strong> for an all-inclusive offer.<\/p>\n\n\n\n<hr class=\"wp-block-separator has-css-opacity\"\/>\n\n\n\n<h2>Testimonial<\/h2>\n\n\n\n<div class=\"wp-block wp-block-testimonial\">\n    <div class=\"wp-block-testimonial-excerpt\">\n        The Maison de la Pierre in Saint-Maximin was a wonderful discovery, and had been warmly recommended to me! Our guide had a perfect command of her subject and was very attentive to our needs. We were even given a blanket to keep us warm!    <\/div>\n    <div class=\"wp-block-testimonial-details\">\n                <div class=\"wp-block-testimonial-content\">\n            <p class=\"wp-block-testimonial-content-author\">\n                <strong>Mrs Lupins<\/strong>\n\n                                <span class=\"wp-block-testimonial-content-job\"> - Works council in Val d'Oise<\/span>\n                            <\/p>\n        <\/div>\n    <\/div>\n<\/div>\n\n\n<h2>Recognised quality of welcome<\/h2>\n\n\n\n<p>The Maison de la Pierre has been awarded the <strong>Tourism Quality<\/strong> for its commitment to visitors, its services and its quality welcome.<\/p>\n\n\n\n<p>The Stone House is listed <strong>Tourism &amp; Handicap for motor, hearing and mental disabilities<\/strong>. The guides are trained to welcome people with disabilities and the tour route is adapted.<\/p>\n\n\n\n<div class=\"is-layout-flex wp-container-19 wp-block-columns\">\n<div class=\"is-layout-flow wp-block-column\" style=\"flex-basis:100%\">\n<div class=\"is-layout-flex wp-container-17 wp-block-columns\">\n<div class=\"is-layout-flow wp-block-column\"><div class=\"wp-block-image\">\n<figure class=\"alignright size-large is-resized\"><img decoding=\"async\" loading=\"lazy\" data-src=\"https:\/\/www.creilsudoise-tourisme.fr\/wp-content\/uploads\/2021\/04\/Logo_qualite\u0301-tourisme-1.jpg\" alt=\"\" class=\"wp-image-33137\" width=\"198\" height=\"180\" data-srcset=\"https:\/\/www.creilsudoise-tourisme.fr\/wp-content\/uploads\/2021\/04\/Logo_qualite\u0301-tourisme-1.jpg 791w, https:\/\/www.creilsudoise-tourisme.fr\/wp-content\/uploads\/2021\/04\/Logo_qualite\u0301-tourisme-1-600x545.jpg 600w, https:\/\/www.creilsudoise-tourisme.fr\/wp-content\/uploads\/2021\/04\/Logo_qualite\u0301-tourisme-1-200x182.jpg 200w, https:\/\/www.creilsudoise-tourisme.fr\/wp-content\/uploads\/2021\/04\/Logo_qualite\u0301-tourisme-1-650x591.jpg 650w, https:\/\/www.creilsudoise-tourisme.fr\/wp-content\/uploads\/2021\/04\/Logo_qualite\u0301-tourisme-1-387x352.jpg 387w, https:\/\/www.creilsudoise-tourisme.fr\/wp-content\/uploads\/2021\/04\/Logo_qualite\u0301-tourisme-1-275x250.jpg 275w\" sizes=\"(max-width: 198px) 100vw, 198px\" \/><\/figure><\/div><\/div>\n\n\n\n<div class=\"is-layout-flow wp-block-column\">\n<figure class=\"wp-block-image size-large is-resized\"><img decoding=\"async\" loading=\"lazy\" data-src=\"https:\/\/www.creilsudoise-tourisme.fr\/wp-content\/uploads\/2021\/04\/Logo_Tourisme_Handicap_mental_moteur_auditif-bleu-1.jpg\" alt=\"\" class=\"wp-image-33139\" width=\"219\" height=\"155\" data-srcset=\"https:\/\/www.creilsudoise-tourisme.fr\/wp-content\/uploads\/2021\/04\/Logo_Tourisme_Handicap_mental_moteur_auditif-bleu-1.jpg 876w, https:\/\/www.creilsudoise-tourisme.fr\/wp-content\/uploads\/2021\/04\/Logo_Tourisme_Handicap_mental_moteur_auditif-bleu-1-600x424.jpg 600w, https:\/\/www.creilsudoise-tourisme.fr\/wp-content\/uploads\/2021\/04\/Logo_Tourisme_Handicap_mental_moteur_auditif-bleu-1-200x141.jpg 200w, https:\/\/www.creilsudoise-tourisme.fr\/wp-content\/uploads\/2021\/04\/Logo_Tourisme_Handicap_mental_moteur_auditif-bleu-1-650x459.jpg 650w, https:\/\/www.creilsudoise-tourisme.fr\/wp-content\/uploads\/2021\/04\/Logo_Tourisme_Handicap_mental_moteur_auditif-bleu-1-387x273.jpg 387w, https:\/\/www.creilsudoise-tourisme.fr\/wp-content\/uploads\/2021\/04\/Logo_Tourisme_Handicap_mental_moteur_auditif-bleu-1-275x194.jpg 275w\" sizes=\"(max-width: 219px) 100vw, 219px\" \/><\/figure>\n<\/div>\n<\/div>\n<\/div>\n<\/div>\n\n\n\n<h2>Security measures<\/h2>\n\n\n\n<p>A word of advice: summer and winter alike, <strong>dress warmly<\/strong>The underground quarry has a constant ambient temperature of 11\u00b0C!&nbsp;<\/p>\n\n\n\n<p><strong>Wear closed shoes<\/strong> Even if the floor is flat, it's still beaten earth and little bits of limestone can be a nuisance!<\/p>","protected":false},"excerpt":{"rendered":"<p>Close to Chantilly and Senlis, the Maison de la Pierre is a museum located underground, in a former stone quarry! It's one of the few places where you can learn about the life of quarry workers in northern France, and it pays tribute to the DNA of Destination Creil Sud Oise: [...]<\/p>","protected":false},"author":1,"featured_media":32347,"parent":102,"menu_order":1,"comment_status":"closed","ping_status":"closed","template":"","meta":{"_relevanssi_hide_post":"","_relevanssi_hide_content":"","_relevanssi_pin_for_all":"","_relevanssi_pin_keywords":"","_relevanssi_unpin_keywords":"","_relevanssi_related_keywords":"","_relevanssi_related_include_ids":"","_relevanssi_related_exclude_ids":"","_relevanssi_related_no_append":"","_relevanssi_related_not_related":"","_relevanssi_related_posts":"275,267,273,271","_relevanssi_noindex_reason":""},"yoast_head":"<!-- This site is optimized with the Yoast SEO plugin v20.2.1 - https:\/\/yoast.com\/wordpress\/plugins\/seo\/ -->\n<title>La Maison de la Pierre, un mus\u00e9e dans une carri\u00e8re souterraine - Office de Tourisme Creil Sud Oise<\/title>\n<meta name=\"description\" content=\"La Maison de la Pierre organise pour les groupes des visites guid\u00e9es et th\u00e9matiques de la carri\u00e8re souterraine et des initiations \u00e0 la sculpture sur pierre ou vitrail\" \/>\n<meta name=\"robots\" content=\"index, follow, max-snippet:-1, max-image-preview:large, max-video-preview:-1\" \/>\n<link rel=\"canonical\" href=\"https:\/\/www.creilsudoise-tourisme.fr\/en\/explore-groups\/must-haves-groups\/maison-de-la-pierre-2\/\" \/>\n<meta property=\"og:locale\" content=\"en_GB\" \/>\n<meta property=\"og:type\" content=\"article\" \/>\n<meta property=\"og:title\" content=\"La Maison de la Pierre, un mus\u00e9e dans une carri\u00e8re souterraine - Office de Tourisme Creil Sud Oise\" \/>\n<meta property=\"og:description\" content=\"La Maison de la Pierre organise pour les groupes des visites guid\u00e9es et th\u00e9matiques de la carri\u00e8re souterraine et des initiations \u00e0 la sculpture sur pierre ou vitrail\" \/>\n<meta property=\"og:url\" content=\"https:\/\/www.creilsudoise-tourisme.fr\/en\/explore-groups\/must-haves-groups\/maison-de-la-pierre-2\/\" \/>\n<meta property=\"og:site_name\" content=\"Office de Tourisme Creil Sud Oise\" \/>\n<meta property=\"article:publisher\" content=\"https:\/\/www.facebook.com\/creilsudoisetourisme\/\" \/>\n<meta property=\"article:modified_time\" content=\"2025-05-16T08:57:40+00:00\" \/>\n<meta property=\"og:image\" content=\"https:\/\/www.creilsudoise-tourisme.fr\/wp-content\/uploads\/2021\/03\/Visite-a\u0300-la-Maison-de-la-Pierre-a\u0300-Saint-Maximin.jpg\" \/>\n\t<meta property=\"og:image:width\" content=\"1600\" \/>\n\t<meta property=\"og:image:height\" content=\"1064\" \/>\n\t<meta property=\"og:image:type\" content=\"image\/jpeg\" \/>\n<meta name=\"twitter:card\" content=\"summary_large_image\" \/>\n<meta name=\"twitter:site\" content=\"@CreilSudOiseOT\" \/>\n<meta name=\"twitter:label1\" content=\"Estimated reading time\" \/>\n\t<meta name=\"twitter:data1\" content=\"6 minutes\" \/>\n<script type=\"application\/ld+json\" class=\"yoast-schema-graph\">{\"@context\":\"https:\/\/schema.org\",\"@graph\":[{\"@type\":\"WebPage\",\"@id\":\"https:\/\/www.creilsudoise-tourisme.fr\/explorez-groupes\/incontournables-groupes\/maison-de-la-pierre\/\",\"url\":\"https:\/\/www.creilsudoise-tourisme.fr\/explorez-groupes\/incontournables-groupes\/maison-de-la-pierre\/\",\"name\":\"La Maison de la Pierre, un mus\u00e9e dans une carri\u00e8re souterraine - Office de Tourisme Creil Sud Oise\",\"isPartOf\":{\"@id\":\"https:\/\/www.creilsudoise-tourisme.fr\/#website\"},\"datePublished\":\"2021-02-17T09:02:06+00:00\",\"dateModified\":\"2025-05-16T08:57:40+00:00\",\"description\":\"La Maison de la Pierre organise pour les groupes des visites guid\u00e9es et th\u00e9matiques de la carri\u00e8re souterraine et des initiations \u00e0 la sculpture sur pierre ou vitrail\",\"breadcrumb\":{\"@id\":\"https:\/\/www.creilsudoise-tourisme.fr\/explorez-groupes\/incontournables-groupes\/maison-de-la-pierre\/#breadcrumb\"},\"inLanguage\":\"en-GB\",\"potentialAction\":[{\"@type\":\"ReadAction\",\"target\":[\"https:\/\/www.creilsudoise-tourisme.fr\/explorez-groupes\/incontournables-groupes\/maison-de-la-pierre\/\"]}]},{\"@type\":\"BreadcrumbList\",\"@id\":\"https:\/\/www.creilsudoise-tourisme.fr\/explorez-groupes\/incontournables-groupes\/maison-de-la-pierre\/#breadcrumb\",\"itemListElement\":[{\"@type\":\"ListItem\",\"position\":1,\"name\":\"Accueil\",\"item\":\"https:\/\/www.creilsudoise-tourisme.fr\/\"},{\"@type\":\"ListItem\",\"position\":2,\"name\":\"En groupe &amp; S\u00e9minaires\",\"item\":\"https:\/\/www.creilsudoise-tourisme.fr\/explorez-groupes\/\"},{\"@type\":\"ListItem\",\"position\":3,\"name\":\"Les incontournables \u00e0 explorer en groupes\",\"item\":\"https:\/\/www.creilsudoise-tourisme.fr\/explorez-groupes\/incontournables-groupes\/\"},{\"@type\":\"ListItem\",\"position\":4,\"name\":\"La Maison de la Pierre\"}]},{\"@type\":\"WebSite\",\"@id\":\"https:\/\/www.creilsudoise-tourisme.fr\/#website\",\"url\":\"https:\/\/www.creilsudoise-tourisme.fr\/\",\"name\":\"Office de Tourisme Creil Sud Oise\",\"description\":\"Creil Sud Oise Tourisme, un territoire \u00e0 explorer !\",\"publisher\":{\"@id\":\"https:\/\/www.creilsudoise-tourisme.fr\/#organization\"},\"potentialAction\":[{\"@type\":\"SearchAction\",\"target\":{\"@type\":\"EntryPoint\",\"urlTemplate\":\"https:\/\/www.creilsudoise-tourisme.fr\/?s={search_term_string}\"},\"query-input\":\"required name=search_term_string\"}],\"inLanguage\":\"en-GB\"},{\"@type\":\"Organization\",\"@id\":\"https:\/\/www.creilsudoise-tourisme.fr\/#organization\",\"name\":\"Creil Sud Oise Tourisme\",\"url\":\"https:\/\/www.creilsudoise-tourisme.fr\/\",\"logo\":{\"@type\":\"ImageObject\",\"inLanguage\":\"en-GB\",\"@id\":\"https:\/\/www.creilsudoise-tourisme.fr\/#\/schema\/logo\/image\/\",\"url\":\"https:\/\/www.creilsudoise-tourisme.fr\/wp-content\/uploads\/2021\/05\/logo-svg.png\",\"contentUrl\":\"https:\/\/www.creilsudoise-tourisme.fr\/wp-content\/uploads\/2021\/05\/logo-svg.png\",\"width\":182,\"height\":71,\"caption\":\"Creil Sud Oise Tourisme\"},\"image\":{\"@id\":\"https:\/\/www.creilsudoise-tourisme.fr\/#\/schema\/logo\/image\/\"},\"sameAs\":[\"https:\/\/www.facebook.com\/creilsudoisetourisme\/\",\"https:\/\/twitter.com\/CreilSudOiseOT\",\"https:\/\/www.instagram.com\/creilsudoisetourisme\/\",\"https:\/\/www.youtube.com\/channel\/UC8L_QD2wwyADW14zt9fY8kw\"]}]}<\/script>\n<!-- \/ Yoast SEO plugin. -->","yoast_head_json":{"title":"La Maison de la Pierre, un mus\u00e9e dans une carri\u00e8re souterraine - Office de Tourisme Creil Sud Oise","description":"La Maison de la Pierre organise pour les groupes des visites guid\u00e9es et th\u00e9matiques de la carri\u00e8re souterraine et des initiations \u00e0 la sculpture sur pierre ou vitrail","robots":{"index":"index","follow":"follow","max-snippet":"max-snippet:-1","max-image-preview":"max-image-preview:large","max-video-preview":"max-video-preview:-1"},"canonical":"https:\/\/www.creilsudoise-tourisme.fr\/en\/explore-groups\/must-haves-groups\/maison-de-la-pierre-2\/","og_locale":"en_GB","og_type":"article","og_title":"La Maison de la Pierre, un mus\u00e9e dans une carri\u00e8re souterraine - Office de Tourisme Creil Sud Oise","og_description":"La Maison de la Pierre organise pour les groupes des visites guid\u00e9es et th\u00e9matiques de la carri\u00e8re souterraine et des initiations \u00e0 la sculpture sur pierre ou vitrail","og_url":"https:\/\/www.creilsudoise-tourisme.fr\/en\/explore-groups\/must-haves-groups\/maison-de-la-pierre-2\/","og_site_name":"Office de Tourisme Creil Sud Oise","article_publisher":"https:\/\/www.facebook.com\/creilsudoisetourisme\/","article_modified_time":"2025-05-16T08:57:40+00:00","og_image":[{"width":1600,"height":1064,"url":"https:\/\/www.creilsudoise-tourisme.fr\/wp-content\/uploads\/2021\/03\/Visite-a\u0300-la-Maison-de-la-Pierre-a\u0300-Saint-Maximin.jpg","type":"image\/jpeg"}],"twitter_card":"summary_large_image","twitter_site":"@CreilSudOiseOT","twitter_misc":{"Estimated reading time":"6 minutes"},"schema":{"@context":"https:\/\/schema.org","@graph":[{"@type":"WebPage","@id":"https:\/\/www.creilsudoise-tourisme.fr\/explorez-groupes\/incontournables-groupes\/maison-de-la-pierre\/","url":"https:\/\/www.creilsudoise-tourisme.fr\/explorez-groupes\/incontournables-groupes\/maison-de-la-pierre\/","name":"La Maison de la Pierre, un mus\u00e9e dans une carri\u00e8re souterraine - Office de Tourisme Creil Sud Oise","isPartOf":{"@id":"https:\/\/www.creilsudoise-tourisme.fr\/#website"},"datePublished":"2021-02-17T09:02:06+00:00","dateModified":"2025-05-16T08:57:40+00:00","description":"La Maison de la Pierre organise pour les groupes des visites guid\u00e9es et th\u00e9matiques de la carri\u00e8re souterraine et des initiations \u00e0 la sculpture sur pierre ou vitrail","breadcrumb":{"@id":"https:\/\/www.creilsudoise-tourisme.fr\/explorez-groupes\/incontournables-groupes\/maison-de-la-pierre\/#breadcrumb"},"inLanguage":"en-GB","potentialAction":[{"@type":"ReadAction","target":["https:\/\/www.creilsudoise-tourisme.fr\/explorez-groupes\/incontournables-groupes\/maison-de-la-pierre\/"]}]},{"@type":"BreadcrumbList","@id":"https:\/\/www.creilsudoise-tourisme.fr\/explorez-groupes\/incontournables-groupes\/maison-de-la-pierre\/#breadcrumb","itemListElement":[{"@type":"ListItem","position":1,"name":"Accueil","item":"https:\/\/www.creilsudoise-tourisme.fr\/"},{"@type":"ListItem","position":2,"name":"En groupe &amp; S\u00e9minaires","item":"https:\/\/www.creilsudoise-tourisme.fr\/explorez-groupes\/"},{"@type":"ListItem","position":3,"name":"Les incontournables \u00e0 explorer en groupes","item":"https:\/\/www.creilsudoise-tourisme.fr\/explorez-groupes\/incontournables-groupes\/"},{"@type":"ListItem","position":4,"name":"La Maison de la Pierre"}]},{"@type":"WebSite","@id":"https:\/\/www.creilsudoise-tourisme.fr\/#website","url":"https:\/\/www.creilsudoise-tourisme.fr\/","name":"Office de Tourisme Creil Sud Oise","description":"Creil Sud Oise Tourisme, un territoire \u00e0 explorer !","publisher":{"@id":"https:\/\/www.creilsudoise-tourisme.fr\/#organization"},"potentialAction":[{"@type":"SearchAction","target":{"@type":"EntryPoint","urlTemplate":"https:\/\/www.creilsudoise-tourisme.fr\/?s={search_term_string}"},"query-input":"required name=search_term_string"}],"inLanguage":"en-GB"},{"@type":"Organization","@id":"https:\/\/www.creilsudoise-tourisme.fr\/#organization","name":"Creil Sud Oise Tourisme","url":"https:\/\/www.creilsudoise-tourisme.fr\/","logo":{"@type":"ImageObject","inLanguage":"en-GB","@id":"https:\/\/www.creilsudoise-tourisme.fr\/#\/schema\/logo\/image\/","url":"https:\/\/www.creilsudoise-tourisme.fr\/wp-content\/uploads\/2021\/05\/logo-svg.png","contentUrl":"https:\/\/www.creilsudoise-tourisme.fr\/wp-content\/uploads\/2021\/05\/logo-svg.png","width":182,"height":71,"caption":"Creil Sud Oise Tourisme"},"image":{"@id":"https:\/\/www.creilsudoise-tourisme.fr\/#\/schema\/logo\/image\/"},"sameAs":["https:\/\/www.facebook.com\/creilsudoisetourisme\/","https:\/\/twitter.com\/CreilSudOiseOT","https:\/\/www.instagram.com\/creilsudoisetourisme\/","https:\/\/www.youtube.com\/channel\/UC8L_QD2wwyADW14zt9fY8kw"]}]}},"_links":{"self":[{"href":"https:\/\/www.creilsudoise-tourisme.fr\/en\/wp-json\/wp\/v2\/pages\/106"}],"collection":[{"href":"https:\/\/www.creilsudoise-tourisme.fr\/en\/wp-json\/wp\/v2\/pages"}],"about":[{"href":"https:\/\/www.creilsudoise-tourisme.fr\/en\/wp-json\/wp\/v2\/types\/page"}],"author":[{"embeddable":true,"href":"https:\/\/www.creilsudoise-tourisme.fr\/en\/wp-json\/wp\/v2\/users\/1"}],"replies":[{"embeddable":true,"href":"https:\/\/www.creilsudoise-tourisme.fr\/en\/wp-json\/wp\/v2\/comments?post=106"}],"version-history":[{"count":22,"href":"https:\/\/www.creilsudoise-tourisme.fr\/en\/wp-json\/wp\/v2\/pages\/106\/revisions"}],"predecessor-version":[{"id":62302,"href":"https:\/\/www.creilsudoise-tourisme.fr\/en\/wp-json\/wp\/v2\/pages\/106\/revisions\/62302"}],"up":[{"embeddable":true,"href":"https:\/\/www.creilsudoise-tourisme.fr\/en\/wp-json\/wp\/v2\/pages\/102"}],"wp:featuredmedia":[{"embeddable":true,"href":"https:\/\/www.creilsudoise-tourisme.fr\/en\/wp-json\/wp\/v2\/media\/32347"}],"wp:attachment":[{"href":"https:\/\/www.creilsudoise-tourisme.fr\/en\/wp-json\/wp\/v2\/media?parent=106"}],"curies":[{"name":"wp","href":"https:\/\/api.w.org\/{rel}","templated":true}]}}