{"id":96,"date":"2021-02-17T10:01:55","date_gmt":"2021-02-17T09:01:55","guid":{"rendered":"https:\/\/www.creilsudoise-tourisme.fr\/les-hebergements-entre-amis\/"},"modified":"2025-03-19T15:28:29","modified_gmt":"2025-03-19T14:28:29","slug":"hebergements-entre-amis","status":"publish","type":"page","link":"https:\/\/www.creilsudoise-tourisme.fr\/de\/entre-amis\/unter-freunden-unterkunfte\/","title":{"rendered":"Unterk\u00fcnfte unter Freunden"},"content":{"rendered":"<p class=\"is-style-excerpt\">Sie brauchen Platz und <strong>mehrere Zimmer<\/strong> oder Sie suchen einen <strong>Low-Budget-, aber komfortable Unterkunft<\/strong> um Ihren <strong>Aufenthalt mit Freunden<\/strong> ? Entdecken Sie unsere Auswahl an Unterk\u00fcnften, die f\u00fcr die Aufnahme von Gruppen von Freunden in Creil Sud Oise, in der N\u00e4he von Chantilly und in der N\u00e4he des Val d'Oise geeignet sind!<\/p>\n\n\n\n<div class=\"is-layout-flex wp-container-7 wp-block-columns\">\n<div class=\"is-layout-flow wp-block-column\">\n<div class=\"is-horizontal is-content-justification-right is-layout-flex wp-container-1 wp-block-buttons\">\n<div class=\"wp-block-button\"><a class=\"wp-block-button__link wp-element-button\" href=\"https:\/\/www.creilsudoise-tourisme.fr\/de\/entre-amis\/aktivitaten-unter-freunden\/\" target=\"_blank\" rel=\"noreferrer noopener\">Aktivit\u00e4ten mit Freunden<\/a><\/div>\n<\/div>\n<\/div>\n\n\n\n<div class=\"is-layout-flow wp-block-column\">\n<div class=\"is-horizontal is-content-justification-center is-layout-flex wp-container-3 wp-block-buttons\">\n<div class=\"wp-block-button\"><a class=\"wp-block-button__link wp-element-button\" href=\"https:\/\/www.creilsudoise-tourisme.fr\/de\/ich-suche\/wandern\/\" target=\"_blank\" rel=\"noreferrer noopener\">Wanderungen<\/a><\/div>\n<\/div>\n<\/div>\n\n\n\n<div class=\"is-layout-flow wp-block-column\">\n<div class=\"is-layout-flex wp-block-buttons\">\n<div class=\"wp-block-button\"><a class=\"wp-block-button__link wp-element-button\" href=\"https:\/\/www.creilsudoise-tourisme.fr\/de\/entre-amis\/restaurants-unter-freunden\/\" target=\"_blank\" rel=\"noreferrer noopener\">Restaurants mit Freunden<\/a><\/div>\n<\/div>\n<\/div>\n<\/div>","protected":false},"excerpt":{"rendered":"<p>Ben\u00f6tigen Sie Platz und mehrere Zimmer oder suchen Sie eine Unterkunft mit kleinem Budget, die dennoch komfortabel ist, um Ihren Aufenthalt mit Freunden zu genie\u00dfen? Entdecken Sie unsere Auswahl an Unterk\u00fcnften, die f\u00fcr die Aufnahme von Gruppen von Freunden in Creil Sud Oise, in der N\u00e4he von Chantilly und in der N\u00e4he des Val d'Oise geeignet sind!<\/p>","protected":false},"author":1,"featured_media":60847,"parent":92,"menu_order":1,"comment_status":"closed","ping_status":"closed","template":"page-templates\/sit-aside.php","meta":{"_relevanssi_hide_post":"","_relevanssi_hide_content":"","_relevanssi_pin_for_all":"","_relevanssi_pin_keywords":"","_relevanssi_unpin_keywords":"","_relevanssi_related_keywords":"","_relevanssi_related_include_ids":"","_relevanssi_related_exclude_ids":"","_relevanssi_related_no_append":"","_relevanssi_related_not_related":"","_relevanssi_related_posts":"275,271,267,273","_relevanssi_noindex_reason":""},"yoast_head":"<!-- This site is optimized with the Yoast SEO plugin v20.2.1 - https:\/\/yoast.com\/wordpress\/plugins\/seo\/ -->\n<title>Partagez un h\u00e9bergement id\u00e9al avec vos amis \u00e0 Creil Sud Oise !<\/title>\n<meta name=\"description\" content=\"Nous avons s\u00e9lectionn\u00e9 des h\u00e9bergements spacieux ou \u00e0 petit budget pour votre s\u00e9jour entre amis \u00e0 Creil Sud Oise, pr\u00e8s de Chantilly et aux fronti\u00e8res du Val d\u2019Oise !\" \/>\n<meta name=\"robots\" content=\"index, follow, max-snippet:-1, max-image-preview:large, max-video-preview:-1\" \/>\n<link rel=\"canonical\" href=\"https:\/\/www.creilsudoise-tourisme.fr\/de\/entre-amis\/unter-freunden-unterkunfte\/\" \/>\n<meta property=\"og:locale\" content=\"de_DE\" \/>\n<meta property=\"og:type\" content=\"article\" \/>\n<meta property=\"og:title\" content=\"Partagez un h\u00e9bergement id\u00e9al avec vos amis \u00e0 Creil Sud Oise !\" \/>\n<meta property=\"og:description\" content=\"Nous avons s\u00e9lectionn\u00e9 des h\u00e9bergements spacieux ou \u00e0 petit budget pour votre s\u00e9jour entre amis \u00e0 Creil Sud Oise, pr\u00e8s de Chantilly et aux fronti\u00e8res du Val d\u2019Oise !\" \/>\n<meta property=\"og:url\" content=\"https:\/\/www.creilsudoise-tourisme.fr\/de\/entre-amis\/unter-freunden-unterkunfte\/\" \/>\n<meta property=\"og:site_name\" content=\"Office de Tourisme Creil Sud Oise\" \/>\n<meta property=\"article:publisher\" content=\"https:\/\/www.facebook.com\/creilsudoisetourisme\/\" \/>\n<meta property=\"article:modified_time\" content=\"2025-03-19T14:28:29+00:00\" \/>\n<meta property=\"og:image\" content=\"https:\/\/www.creilsudoise-tourisme.fr\/wp-content\/uploads\/2025\/03\/Hebergement-entre-amis-a-Creil-Sud-Oise-1.jpg\" \/>\n\t<meta property=\"og:image:width\" content=\"1480\" \/>\n\t<meta property=\"og:image:height\" content=\"681\" \/>\n\t<meta property=\"og:image:type\" content=\"image\/jpeg\" \/>\n<meta name=\"twitter:card\" content=\"summary_large_image\" \/>\n<meta name=\"twitter:site\" content=\"@CreilSudOiseOT\" \/>\n<meta name=\"twitter:label1\" content=\"Gesch\u00e4tzte Lesezeit\" \/>\n\t<meta name=\"twitter:data1\" content=\"1\u00a0Minute\" \/>\n<script type=\"application\/ld+json\" class=\"yoast-schema-graph\">{\"@context\":\"https:\/\/schema.org\",\"@graph\":[{\"@type\":\"WebPage\",\"@id\":\"https:\/\/www.creilsudoise-tourisme.fr\/entre-amis\/hebergements-entre-amis\/\",\"url\":\"https:\/\/www.creilsudoise-tourisme.fr\/entre-amis\/hebergements-entre-amis\/\",\"name\":\"Partagez un h\u00e9bergement id\u00e9al avec vos amis \u00e0 Creil Sud Oise !\",\"isPartOf\":{\"@id\":\"https:\/\/www.creilsudoise-tourisme.fr\/#website\"},\"datePublished\":\"2021-02-17T09:01:55+00:00\",\"dateModified\":\"2025-03-19T14:28:29+00:00\",\"description\":\"Nous avons s\u00e9lectionn\u00e9 des h\u00e9bergements spacieux ou \u00e0 petit budget pour votre s\u00e9jour entre amis \u00e0 Creil Sud Oise, pr\u00e8s de Chantilly et aux fronti\u00e8res du Val d\u2019Oise !\",\"breadcrumb\":{\"@id\":\"https:\/\/www.creilsudoise-tourisme.fr\/entre-amis\/hebergements-entre-amis\/#breadcrumb\"},\"inLanguage\":\"de\",\"potentialAction\":[{\"@type\":\"ReadAction\",\"target\":[\"https:\/\/www.creilsudoise-tourisme.fr\/entre-amis\/hebergements-entre-amis\/\"]}]},{\"@type\":\"BreadcrumbList\",\"@id\":\"https:\/\/www.creilsudoise-tourisme.fr\/entre-amis\/hebergements-entre-amis\/#breadcrumb\",\"itemListElement\":[{\"@type\":\"ListItem\",\"position\":1,\"name\":\"Accueil\",\"item\":\"https:\/\/www.creilsudoise-tourisme.fr\/\"},{\"@type\":\"ListItem\",\"position\":2,\"name\":\"Entre amis\",\"item\":\"https:\/\/www.creilsudoise-tourisme.fr\/entre-amis\/\"},{\"@type\":\"ListItem\",\"position\":3,\"name\":\"Les h\u00e9bergements entre amis\"}]},{\"@type\":\"WebSite\",\"@id\":\"https:\/\/www.creilsudoise-tourisme.fr\/#website\",\"url\":\"https:\/\/www.creilsudoise-tourisme.fr\/\",\"name\":\"Office de Tourisme Creil Sud Oise\",\"description\":\"Creil Sud Oise Tourisme, un territoire \u00e0 explorer !\",\"publisher\":{\"@id\":\"https:\/\/www.creilsudoise-tourisme.fr\/#organization\"},\"potentialAction\":[{\"@type\":\"SearchAction\",\"target\":{\"@type\":\"EntryPoint\",\"urlTemplate\":\"https:\/\/www.creilsudoise-tourisme.fr\/?s={search_term_string}\"},\"query-input\":\"required name=search_term_string\"}],\"inLanguage\":\"de\"},{\"@type\":\"Organization\",\"@id\":\"https:\/\/www.creilsudoise-tourisme.fr\/#organization\",\"name\":\"Creil Sud Oise Tourisme\",\"url\":\"https:\/\/www.creilsudoise-tourisme.fr\/\",\"logo\":{\"@type\":\"ImageObject\",\"inLanguage\":\"de\",\"@id\":\"https:\/\/www.creilsudoise-tourisme.fr\/#\/schema\/logo\/image\/\",\"url\":\"https:\/\/www.creilsudoise-tourisme.fr\/wp-content\/uploads\/2021\/05\/logo-svg.png\",\"contentUrl\":\"https:\/\/www.creilsudoise-tourisme.fr\/wp-content\/uploads\/2021\/05\/logo-svg.png\",\"width\":182,\"height\":71,\"caption\":\"Creil Sud Oise Tourisme\"},\"image\":{\"@id\":\"https:\/\/www.creilsudoise-tourisme.fr\/#\/schema\/logo\/image\/\"},\"sameAs\":[\"https:\/\/www.facebook.com\/creilsudoisetourisme\/\",\"https:\/\/twitter.com\/CreilSudOiseOT\",\"https:\/\/www.instagram.com\/creilsudoisetourisme\/\",\"https:\/\/www.youtube.com\/channel\/UC8L_QD2wwyADW14zt9fY8kw\"]}]}<\/script>\n<!-- \/ Yoast SEO plugin. -->","yoast_head_json":{"title":"Partagez un h\u00e9bergement id\u00e9al avec vos amis \u00e0 Creil Sud Oise !","description":"Nous avons s\u00e9lectionn\u00e9 des h\u00e9bergements spacieux ou \u00e0 petit budget pour votre s\u00e9jour entre amis \u00e0 Creil Sud Oise, pr\u00e8s de Chantilly et aux fronti\u00e8res du Val d\u2019Oise !","robots":{"index":"index","follow":"follow","max-snippet":"max-snippet:-1","max-image-preview":"max-image-preview:large","max-video-preview":"max-video-preview:-1"},"canonical":"https:\/\/www.creilsudoise-tourisme.fr\/de\/entre-amis\/unter-freunden-unterkunfte\/","og_locale":"de_DE","og_type":"article","og_title":"Partagez un h\u00e9bergement id\u00e9al avec vos amis \u00e0 Creil Sud Oise !","og_description":"Nous avons s\u00e9lectionn\u00e9 des h\u00e9bergements spacieux ou \u00e0 petit budget pour votre s\u00e9jour entre amis \u00e0 Creil Sud Oise, pr\u00e8s de Chantilly et aux fronti\u00e8res du Val d\u2019Oise !","og_url":"https:\/\/www.creilsudoise-tourisme.fr\/de\/entre-amis\/unter-freunden-unterkunfte\/","og_site_name":"Office de Tourisme Creil Sud Oise","article_publisher":"https:\/\/www.facebook.com\/creilsudoisetourisme\/","article_modified_time":"2025-03-19T14:28:29+00:00","og_image":[{"width":1480,"height":681,"url":"https:\/\/www.creilsudoise-tourisme.fr\/wp-content\/uploads\/2025\/03\/Hebergement-entre-amis-a-Creil-Sud-Oise-1.jpg","type":"image\/jpeg"}],"twitter_card":"summary_large_image","twitter_site":"@CreilSudOiseOT","twitter_misc":{"Gesch\u00e4tzte Lesezeit":"1\u00a0Minute"},"schema":{"@context":"https:\/\/schema.org","@graph":[{"@type":"WebPage","@id":"https:\/\/www.creilsudoise-tourisme.fr\/entre-amis\/hebergements-entre-amis\/","url":"https:\/\/www.creilsudoise-tourisme.fr\/entre-amis\/hebergements-entre-amis\/","name":"Partagez un h\u00e9bergement id\u00e9al avec vos amis \u00e0 Creil Sud Oise !","isPartOf":{"@id":"https:\/\/www.creilsudoise-tourisme.fr\/#website"},"datePublished":"2021-02-17T09:01:55+00:00","dateModified":"2025-03-19T14:28:29+00:00","description":"Nous avons s\u00e9lectionn\u00e9 des h\u00e9bergements spacieux ou \u00e0 petit budget pour votre s\u00e9jour entre amis \u00e0 Creil Sud Oise, pr\u00e8s de Chantilly et aux fronti\u00e8res du Val d\u2019Oise !","breadcrumb":{"@id":"https:\/\/www.creilsudoise-tourisme.fr\/entre-amis\/hebergements-entre-amis\/#breadcrumb"},"inLanguage":"de","potentialAction":[{"@type":"ReadAction","target":["https:\/\/www.creilsudoise-tourisme.fr\/entre-amis\/hebergements-entre-amis\/"]}]},{"@type":"BreadcrumbList","@id":"https:\/\/www.creilsudoise-tourisme.fr\/entre-amis\/hebergements-entre-amis\/#breadcrumb","itemListElement":[{"@type":"ListItem","position":1,"name":"Accueil","item":"https:\/\/www.creilsudoise-tourisme.fr\/"},{"@type":"ListItem","position":2,"name":"Entre amis","item":"https:\/\/www.creilsudoise-tourisme.fr\/entre-amis\/"},{"@type":"ListItem","position":3,"name":"Les h\u00e9bergements entre amis"}]},{"@type":"WebSite","@id":"https:\/\/www.creilsudoise-tourisme.fr\/#website","url":"https:\/\/www.creilsudoise-tourisme.fr\/","name":"Office de Tourisme Creil Sud Oise","description":"Creil Sud Oise Tourisme, un territoire \u00e0 explorer !","publisher":{"@id":"https:\/\/www.creilsudoise-tourisme.fr\/#organization"},"potentialAction":[{"@type":"SearchAction","target":{"@type":"EntryPoint","urlTemplate":"https:\/\/www.creilsudoise-tourisme.fr\/?s={search_term_string}"},"query-input":"required name=search_term_string"}],"inLanguage":"de"},{"@type":"Organization","@id":"https:\/\/www.creilsudoise-tourisme.fr\/#organization","name":"Creil Sud Oise Tourisme","url":"https:\/\/www.creilsudoise-tourisme.fr\/","logo":{"@type":"ImageObject","inLanguage":"de","@id":"https:\/\/www.creilsudoise-tourisme.fr\/#\/schema\/logo\/image\/","url":"https:\/\/www.creilsudoise-tourisme.fr\/wp-content\/uploads\/2021\/05\/logo-svg.png","contentUrl":"https:\/\/www.creilsudoise-tourisme.fr\/wp-content\/uploads\/2021\/05\/logo-svg.png","width":182,"height":71,"caption":"Creil Sud Oise Tourisme"},"image":{"@id":"https:\/\/www.creilsudoise-tourisme.fr\/#\/schema\/logo\/image\/"},"sameAs":["https:\/\/www.facebook.com\/creilsudoisetourisme\/","https:\/\/twitter.com\/CreilSudOiseOT","https:\/\/www.instagram.com\/creilsudoisetourisme\/","https:\/\/www.youtube.com\/channel\/UC8L_QD2wwyADW14zt9fY8kw"]}]}},"_links":{"self":[{"href":"https:\/\/www.creilsudoise-tourisme.fr\/de\/wp-json\/wp\/v2\/pages\/96"}],"collection":[{"href":"https:\/\/www.creilsudoise-tourisme.fr\/de\/wp-json\/wp\/v2\/pages"}],"about":[{"href":"https:\/\/www.creilsudoise-tourisme.fr\/de\/wp-json\/wp\/v2\/types\/page"}],"author":[{"embeddable":true,"href":"https:\/\/www.creilsudoise-tourisme.fr\/de\/wp-json\/wp\/v2\/users\/1"}],"replies":[{"embeddable":true,"href":"https:\/\/www.creilsudoise-tourisme.fr\/de\/wp-json\/wp\/v2\/comments?post=96"}],"version-history":[{"count":8,"href":"https:\/\/www.creilsudoise-tourisme.fr\/de\/wp-json\/wp\/v2\/pages\/96\/revisions"}],"predecessor-version":[{"id":60848,"href":"https:\/\/www.creilsudoise-tourisme.fr\/de\/wp-json\/wp\/v2\/pages\/96\/revisions\/60848"}],"up":[{"embeddable":true,"href":"https:\/\/www.creilsudoise-tourisme.fr\/de\/wp-json\/wp\/v2\/pages\/92"}],"wp:featuredmedia":[{"embeddable":true,"href":"https:\/\/www.creilsudoise-tourisme.fr\/de\/wp-json\/wp\/v2\/media\/60847"}],"wp:attachment":[{"href":"https:\/\/www.creilsudoise-tourisme.fr\/de\/wp-json\/wp\/v2\/media?parent=96"}],"curies":[{"name":"wp","href":"https:\/\/api.w.org\/{rel}","templated":true}]}}