{"id":64155,"date":"2025-07-25T12:49:44","date_gmt":"2025-07-25T10:49:13","guid":{"rendered":"https:\/\/www.creilsudoise-tourisme.fr\/?page_id=64155"},"modified":"2025-07-25T15:03:36","modified_gmt":"2025-07-25T13:03:36","slug":"votre-actu","status":"publish","type":"page","link":"https:\/\/www.creilsudoise-tourisme.fr\/de\/espace-pro\/projektaufruf\/ihre-aktuell\/","title":{"rendered":"Tourismusprofi: Wir bringen Sie ins Gespr\u00e4ch!"},"content":{"rendered":"<p class=\"is-style-excerpt\">Wir im Office de Tourisme Creil Sud Oise, <strong>wir lieben gut gef\u00fcllte Terminkalender! <\/strong>Damit Ihre Veranstaltungen, Workshops, Angebote und Neuheiten nicht unbemerkt bleiben, helfen Sie uns, sie dem richtigen Publikum zur richtigen Zeit schmackhaft zu machen. Wir versuchen, so viele Informationen wie m\u00f6glich zu sammeln, um Sie besser zur Geltung zu bringen.<\/p>\n\n\n\n<div class=\"wp-block-cover alignfull\"><span aria-hidden=\"true\" class=\"wp-block-cover__background has-background-dim\"><\/span><img decoding=\"async\" loading=\"lazy\" width=\"1200\" height=\"800\" class=\"wp-block-cover__image-background wp-image-64169\" alt=\"\" data-src=\"https:\/\/www.creilsudoise-tourisme.fr\/wp-content\/uploads\/2025\/07\/Musee_Galle_Juillet-Creil-Escape_Game-Anne_Sophie_Flament_Ville_Creil-120-1200x800.jpg\" data-object-fit=\"cover\" data-srcset=\"https:\/\/www.creilsudoise-tourisme.fr\/wp-content\/uploads\/2025\/07\/Musee_Galle_Juillet-Creil-Escape_Game-Anne_Sophie_Flament_Ville_Creil-120-1200x800.jpg 1200w, https:\/\/www.creilsudoise-tourisme.fr\/wp-content\/uploads\/2025\/07\/Musee_Galle_Juillet-Creil-Escape_Game-Anne_Sophie_Flament_Ville_Creil-120-600x400.jpg 600w, https:\/\/www.creilsudoise-tourisme.fr\/wp-content\/uploads\/2025\/07\/Musee_Galle_Juillet-Creil-Escape_Game-Anne_Sophie_Flament_Ville_Creil-120-900x600.jpg 900w, https:\/\/www.creilsudoise-tourisme.fr\/wp-content\/uploads\/2025\/07\/Musee_Galle_Juillet-Creil-Escape_Game-Anne_Sophie_Flament_Ville_Creil-120-1536x1024.jpg 1536w, https:\/\/www.creilsudoise-tourisme.fr\/wp-content\/uploads\/2025\/07\/Musee_Galle_Juillet-Creil-Escape_Game-Anne_Sophie_Flament_Ville_Creil-120-18x12.jpg 18w, https:\/\/www.creilsudoise-tourisme.fr\/wp-content\/uploads\/2025\/07\/Musee_Galle_Juillet-Creil-Escape_Game-Anne_Sophie_Flament_Ville_Creil-120-200x133.jpg 200w, https:\/\/www.creilsudoise-tourisme.fr\/wp-content\/uploads\/2025\/07\/Musee_Galle_Juillet-Creil-Escape_Game-Anne_Sophie_Flament_Ville_Creil-120-650x433.jpg 650w, https:\/\/www.creilsudoise-tourisme.fr\/wp-content\/uploads\/2025\/07\/Musee_Galle_Juillet-Creil-Escape_Game-Anne_Sophie_Flament_Ville_Creil-120-387x258.jpg 387w, https:\/\/www.creilsudoise-tourisme.fr\/wp-content\/uploads\/2025\/07\/Musee_Galle_Juillet-Creil-Escape_Game-Anne_Sophie_Flament_Ville_Creil-120.jpg 1920w\" sizes=\"(max-width: 1200px) 100vw, 1200px\" \/><div class=\"wp-block-cover__inner-container\">\n<p class=\"has-text-align-center has-large-font-size\">Sind Sie also bereit, f\u00fcr Gespr\u00e4chsstoff zu sorgen?<\/p>\n<\/div><\/div>\n\n\n\n<h2><strong>Themen, die wir beleuchten <\/strong><\/h2>\n\n\n\n<h3><strong>Lokale und nationale Nachrichten: Wir halten Schritt mit dem Tempo!<\/strong><\/h3>\n\n\n\n<p><strong>Jeden Monat wird ein Thema gew\u00e4hlt, das zu den aktuellen Nachrichten passt.<\/strong> Man erstellt ma\u00dfgeschneiderte Inhalte... vorausgesetzt, man hat genug Ereignisse, die man hineinpacken kann! <\/p>\n\n\n\n<p>Dies sind die Themen, die wir verfolgen werden: (vorbehaltlich \u00c4nderungen im Zeitplan)<\/p>\n\n\n\n<ul>\n<li><strong>Februar<\/strong> : Winterferien und Valentinstag (Geschenkideen, spezielle Men\u00fcs...)<\/li>\n\n\n\n<li><strong>M\u00e4rz<\/strong> : Europ\u00e4ische Tage des Kunsthandwerks, Lesenacht und Gro\u00dfm\u00fcttertag (Geschenkideen, gemeinsame Ausfl\u00fcge und Besichtigungen...)<\/li>\n\n\n\n<li><strong>April<\/strong> : Fr\u00fchlingsferien, Osterfeierlichkeiten, Nacht des Wassers, Gemeindefeste und 1<sup>\u00e8res<\/sup> Flohm\u00e4rkte des Jahres<\/li>\n\n\n\n<li><strong>Mai<\/strong> Nacht der Museen und Muttertag (Geschenkideen, Ausfl\u00fcge und Besuche, die man gemeinsam unternehmen kann...)<\/li>\n\n\n\n<li><strong>Juni<\/strong> : F\u00eate de la musique, Journ\u00e9e de l'arch\u00e9ologie, Pr\u00e9sentation de saisons (oder im September\/Oktober nach Ihrem eigenen Kalender), Vatertag und Ende des Schuljahres (Geschenkideen, Ausfl\u00fcge und Besuche, die Sie gemeinsam unternehmen k\u00f6nnen...)<\/li>\n\n\n\n<li><strong>Juli<\/strong> : Gro\u00dfe Ferien und was tun, wenn es zu hei\u00df ist? <\/li>\n\n\n\n<li><strong>August<\/strong> : Nacht der Fledermaus<\/li>\n\n\n\n<li><strong>September<\/strong> : Europ\u00e4ische Tage des Kulturerbes<\/li>\n\n\n\n<li><strong>Oktober<\/strong> Allerheiligenferien, Halloween, Tag der Wissenschaft und Tag der Architektur<\/li>\n\n\n\n<li><strong>Dezember<\/strong> : Weihnachtsferien, Weihnachtsfeierlichkeiten (Weihnachtsm\u00e4rkte, Kreativworkshops, spezielle Weihnachtsmen\u00fcs, lokale Geschenkideen...)<\/li>\n<\/ul>\n\n\n\n<hr class=\"wp-block-separator has-alpha-channel-opacity\"\/>\n\n\n\n<h3><strong>Partner-News: Was sich bei Ihnen bewegt, dar\u00fcber wird gesprochen<\/strong><\/h3>\n\n\n\n<h4><strong>Neuheiten: Denken Sie daran, Ihre Infos zu aktualisieren, wir werten sie auf!<\/strong><\/h4>\n\n\n\n<p>Ein neues touristisches Angebot? Ein neues Gericht auf der Speisekarte? Ein renovierter Saal? Ein abgeholtes (oder zur\u00fcckgegebenes, das kommt vor) G\u00fctesiegel? <strong>Benachrichtigen Sie uns!<\/strong><\/p>\n\n\n\n<p>Wir aktualisieren unsere Website regelm\u00e4\u00dfig, aber es kann sein, dass uns Informationen entgehen (und ja, wir lesen noch nicht in Kristallkugeln). \u00dcberpr\u00fcfen Sie, ob auf Ihren Seiten alles korrekt ist :<\/p>\n\n\n\n<ul>\n<li>Klicken Sie auf die Lupe \ud83d\udd0d und geben Sie den Namen Ihres Angebots ein.<\/li>\n\n\n\n<li>F\u00fcr ein Angebot k\u00f6nnen mehrere Seiten existieren: \u00dcberpr\u00fcfen Sie sie alle!<\/li>\n<\/ul>\n\n\n\n<p>Und wenn Sie de <strong>neue Fotos<\/strong>Wir nehmen auch. Es gibt nichts Besseres als ein frisches Bild, das die Blicke auf sich zieht!<\/p>\n\n\n\n<h4><strong>Familiennachrichten: Die Kleinen bekommen ihre Sternstunde<\/strong><\/h4>\n\n\n\n<p>In den letzten Jahren hat sich die Zahl der Familien, die sich f\u00fcr die Schule interessieren, stark erh\u00f6ht:<\/p>\n\n\n\n<p>\ud83d\udc49 Entdecken Sie unsere spezielle Seite f\u00fcr Familien, <strong>die am h\u00e4ufigsten aufgerufene Seite der gesamten Website<\/strong> :<br><a class=\"\" href=\"https:\/\/www.creilsudoise-tourisme.fr\/de\/in-familie\/\">https:\/\/www.creilsudoise-tourisme.fr\/en-famille\/<\/a><\/p>\n\n\n\n<p>Schicken Sie uns Ihre Ideen, wir werden ihnen eine gute Sichtbarkeit verschaffen!<\/p>\n\n\n\n<h4><strong>Lokale Anekdoten: Bringen Sie uns zum L\u00e4cheln, \u00fcberraschen Sie uns!<\/strong><\/h4>\n\n\n\n<p>Eine ungew\u00f6hnliche Geschichte? Eine Ber\u00fchmtheit, die bei Ihnen \u00fcbernachtet hat? Eine wenig bekannte historische Tatsache? Erz\u00e4hlen Sie es uns!<br>Sie liefern die Quellen (Fotos, Artikel, Dokumente ...), <strong>wir k\u00fcmmern uns um den Rest<\/strong> : Artikel, Video, Dia... Und wenn Sie wollen <strong>vor die Kamera treten<\/strong>Das ist noch besser!<\/p>\n\n\n\n<hr class=\"wp-block-separator has-alpha-channel-opacity\"\/>\n\n\n\n<h3><strong>Was ist mit allen themenfremden Veranstaltungen? Die nehmen wir auch mit!<\/strong><\/h3>\n\n\n\n<p><strong>Nicht in den K\u00e4stchen? Kein Problem. <\/strong>Ihre M\u00e4rkte, Flohm\u00e4rkte, Praktika, Tage der offenen T\u00fcr, Workshops, Ausstellungen... Wir wollen alles wissen, auch das, was nicht in unser monatliches Redaktionsraster passt. Es gibt keine kleinen Nachrichten!<\/p>\n\n\n\n<hr class=\"wp-block-separator has-alpha-channel-opacity\"\/>\n\n\n\n<figure class=\"wp-block-image size-large\"><img decoding=\"async\" loading=\"lazy\" width=\"1200\" height=\"675\" data-src=\"https:\/\/www.creilsudoise-tourisme.fr\/wp-content\/uploads\/2025\/07\/Visite-guidee-de-la-carriere-souterraine-\u00a9-Smellinckx-Oise-Tourisme-41-1200x675.jpg\" alt=\"F\u00fchrung maison de la pierre oise saint maximin familie partner agenda kommunikation\" class=\"wp-image-64172\" data-srcset=\"https:\/\/www.creilsudoise-tourisme.fr\/wp-content\/uploads\/2025\/07\/Visite-guidee-de-la-carriere-souterraine-\u00a9-Smellinckx-Oise-Tourisme-41-1200x675.jpg 1200w, https:\/\/www.creilsudoise-tourisme.fr\/wp-content\/uploads\/2025\/07\/Visite-guidee-de-la-carriere-souterraine-\u00a9-Smellinckx-Oise-Tourisme-41-600x338.jpg 600w, https:\/\/www.creilsudoise-tourisme.fr\/wp-content\/uploads\/2025\/07\/Visite-guidee-de-la-carriere-souterraine-\u00a9-Smellinckx-Oise-Tourisme-41-900x506.jpg 900w, https:\/\/www.creilsudoise-tourisme.fr\/wp-content\/uploads\/2025\/07\/Visite-guidee-de-la-carriere-souterraine-\u00a9-Smellinckx-Oise-Tourisme-41-1536x864.jpg 1536w, https:\/\/www.creilsudoise-tourisme.fr\/wp-content\/uploads\/2025\/07\/Visite-guidee-de-la-carriere-souterraine-\u00a9-Smellinckx-Oise-Tourisme-41-18x10.jpg 18w, https:\/\/www.creilsudoise-tourisme.fr\/wp-content\/uploads\/2025\/07\/Visite-guidee-de-la-carriere-souterraine-\u00a9-Smellinckx-Oise-Tourisme-41-200x113.jpg 200w, https:\/\/www.creilsudoise-tourisme.fr\/wp-content\/uploads\/2025\/07\/Visite-guidee-de-la-carriere-souterraine-\u00a9-Smellinckx-Oise-Tourisme-41-1600x900.jpg 1600w, https:\/\/www.creilsudoise-tourisme.fr\/wp-content\/uploads\/2025\/07\/Visite-guidee-de-la-carriere-souterraine-\u00a9-Smellinckx-Oise-Tourisme-41-650x366.jpg 650w, https:\/\/www.creilsudoise-tourisme.fr\/wp-content\/uploads\/2025\/07\/Visite-guidee-de-la-carriere-souterraine-\u00a9-Smellinckx-Oise-Tourisme-41-387x218.jpg 387w, https:\/\/www.creilsudoise-tourisme.fr\/wp-content\/uploads\/2025\/07\/Visite-guidee-de-la-carriere-souterraine-\u00a9-Smellinckx-Oise-Tourisme-41.jpg 1920w\" sizes=\"(max-width: 1200px) 100vw, 1200px\" \/><figcaption class=\"wp-element-caption\">Smellincks - Oise Tourisme<\/figcaption><\/figure>\n\n\n\n<h2><strong>Wie \u00fcbermitteln Sie Ihre Informationen?<\/strong><\/h2>\n\n\n\n<p><strong>1. Ihre datierten Ereignisse?<\/strong><br>F\u00fcllen Sie unser Online-Formular aus, um in unseren offiziellen Terminkalender aufgenommen zu werden :<br>\ud83d\udc49 <a class=\"\" href=\"https:\/\/www.creilsudoise-tourisme.fr\/de\/agenda\/\">www.creilsudoise-tourisme.fr\/agenda<\/a><\/p>\n\n\n\n<div class=\"is-layout-flex wp-block-buttons\">\n<div class=\"wp-block-button\"><a class=\"wp-block-button__link wp-element-button\" href=\"http:\/\/oise.tourinsoft.com\/questionnaire-web\/2f591c16-b52e-4dfc-8106-ffe735dad39e\/eef450e0-413e-4799-b603-660b1bec7447\/add.aspx\" target=\"_blank\" rel=\"noreferrer noopener\">Online-Formular<\/a><\/div>\n<\/div>\n\n\n\n<p><strong>2. Ihre undatierten Angebote (Neuheiten, Geschenkideen, Anekdoten...)?<\/strong><br>Schreiben Sie uns direkt an: bienvenue [at] creilsudoise-tourisme.fr<\/p>\n\n\n\n<p><strong>3. Erhalten Sie unsere Erinnerungsmails nicht?<\/strong><br>Melden Sie sich an, um jeden Monat unsere E-Mail \"Special Partners\" mit den anstehenden Themen zu erhalten :<br>\ud83d\udc49 Schreiben Sie uns auch unter: bienvenue [at] creilsudoise-tourisme.fr<\/p>\n\n\n\n<figure class=\"wp-block-image size-large\"><img decoding=\"async\" loading=\"lazy\" width=\"1200\" height=\"675\" data-src=\"https:\/\/www.creilsudoise-tourisme.fr\/wp-content\/uploads\/2025\/07\/CRAMOISY-Usine_Parville-Creil_Sud_Oise_Tourisme-23-1200x675.jpg\" alt=\"\" class=\"wp-image-64162\" data-srcset=\"https:\/\/www.creilsudoise-tourisme.fr\/wp-content\/uploads\/2025\/07\/CRAMOISY-Usine_Parville-Creil_Sud_Oise_Tourisme-23-1200x675.jpg 1200w, https:\/\/www.creilsudoise-tourisme.fr\/wp-content\/uploads\/2025\/07\/CRAMOISY-Usine_Parville-Creil_Sud_Oise_Tourisme-23-600x338.jpg 600w, https:\/\/www.creilsudoise-tourisme.fr\/wp-content\/uploads\/2025\/07\/CRAMOISY-Usine_Parville-Creil_Sud_Oise_Tourisme-23-900x506.jpg 900w, https:\/\/www.creilsudoise-tourisme.fr\/wp-content\/uploads\/2025\/07\/CRAMOISY-Usine_Parville-Creil_Sud_Oise_Tourisme-23-1536x864.jpg 1536w, https:\/\/www.creilsudoise-tourisme.fr\/wp-content\/uploads\/2025\/07\/CRAMOISY-Usine_Parville-Creil_Sud_Oise_Tourisme-23-18x10.jpg 18w, https:\/\/www.creilsudoise-tourisme.fr\/wp-content\/uploads\/2025\/07\/CRAMOISY-Usine_Parville-Creil_Sud_Oise_Tourisme-23-200x113.jpg 200w, https:\/\/www.creilsudoise-tourisme.fr\/wp-content\/uploads\/2025\/07\/CRAMOISY-Usine_Parville-Creil_Sud_Oise_Tourisme-23-1600x900.jpg 1600w, https:\/\/www.creilsudoise-tourisme.fr\/wp-content\/uploads\/2025\/07\/CRAMOISY-Usine_Parville-Creil_Sud_Oise_Tourisme-23-650x366.jpg 650w, https:\/\/www.creilsudoise-tourisme.fr\/wp-content\/uploads\/2025\/07\/CRAMOISY-Usine_Parville-Creil_Sud_Oise_Tourisme-23-387x218.jpg 387w, https:\/\/www.creilsudoise-tourisme.fr\/wp-content\/uploads\/2025\/07\/CRAMOISY-Usine_Parville-Creil_Sud_Oise_Tourisme-23.jpg 1920w\" sizes=\"(max-width: 1200px) 100vw, 1200px\" \/><figcaption class=\"wp-element-caption\">Creil Sud Oise Tourisme<\/figcaption><\/figure>\n\n\n\n<hr class=\"wp-block-separator has-alpha-channel-opacity\"\/>\n\n\n\n<h2><strong>Wo (und wie) werden Ihre Informationen verbreitet?<\/strong><\/h2>\n\n\n\n<h3><strong>Unsere Ziele: je nach Jahreszeit nicht dieselben!<\/strong><\/h3>\n\n\n\n<ul>\n<li><strong>Das ganze Jahr \u00fcber<\/strong> :\n<ul>\n<li>Familien aus ACSO und nahegelegenen Gemeinden, sogar 2 Stunden Fahrt im Umkreis<\/li>\n\n\n\n<li>Aktive Paare oder neugierige junge Rentner<\/li>\n<\/ul>\n<\/li>\n\n\n\n<li><strong>Sommer (und manchmal auch fr\u00fcher)<\/strong> :\n<ul>\n<li>Touristen im \u00dcbergang (zwischen zwei Reisezielen)<\/li>\n\n\n\n<li>Touristen, die von den Nachbarn angezogen werden (Senlis, Chantilly, Compi\u00e8gne, Pierrefonds...)<\/li>\n<\/ul>\n<\/li>\n<\/ul>\n\n\n\n<h3><strong>Unsere Verbreitungskan\u00e4le: medien\u00fcbergreifend, maximale Anzahl an Aufrufen<\/strong><\/h3>\n\n\n\n<ul>\n<li><strong>Soziale Netzwerke<\/strong> : <a href=\"https:\/\/www.facebook.com\/creilsudoisetourisme\" target=\"_blank\" rel=\"noreferrer noopener\">Facebook <\/a>&amp; <a href=\"https:\/\/www.instagram.com\/creilsudoisetourisme\/\" target=\"_blank\" rel=\"noreferrer noopener\">Instagram<\/a><\/li>\n\n\n\n<li><strong>Website<\/strong> : <a href=\"https:\/\/www.creilsudoise-tourisme.fr\/de\/agenda\/\" target=\"_blank\" rel=\"noreferrer noopener\">Online-Agenda<\/a> + <a href=\"https:\/\/www.creilsudoise-tourisme.fr\/de\/jexplore\/actus-bons-plans\/\" target=\"_blank\" rel=\"noreferrer noopener\">Blog<\/a><\/li>\n\n\n\n<li><strong>Newsletter f\u00fcr die breite \u00d6ffentlichkeit<\/strong> (Schulferien und Tage des offenen Denkmals)<\/li>\n\n\n\n<li><strong><strong>Gedruckte Agenda<\/strong> am Empfang des Amtes verteilt<\/strong><\/li>\n\n\n\n<li><strong><a href=\"https:\/\/www.creilsudoise-tourisme.fr\/de\/presse\/pressemitteilungen\/\" target=\"_blank\" rel=\"noreferrer noopener\">Pressemitteilungen<\/a><\/strong><\/li>\n\n\n\n<li><strong>Regionale Tourismusdatenbank<\/strong><\/li>\n<\/ul>\n\n\n\n<p><strong>Und nicht nur das:<\/strong><br>Wir ermutigen Sie <strong>unsere Inhalte weiterleiten<\/strong> in Ihren eigenen Netzwerken, an Ihren Veranstaltungsorten, bei Ihren Kunden.<\/p>\n\n\n\n<p>\ud83d\udc49 Abonnieren Sie unseren <strong><a href=\"https:\/\/www.creilsudoise-tourisme.fr\/de\/newsletter\/\" target=\"_blank\" rel=\"noreferrer noopener\">Newsletter f\u00fcr die breite \u00d6ffentlichkeit<\/a><\/strong><br>\ud83d\udc49 Folge uns auf <strong><a class=\"\" href=\"https:\/\/www.facebook.com\/CreilSudOiseTourisme\/\">Facebook<\/a><\/strong> und <strong><a class=\"\" href=\"https:\/\/www.instagram.com\/creilsudoisetourisme\/\">Instagram<\/a><\/strong><\/p>\n\n\n\n<figure class=\"wp-block-image size-large\"><img decoding=\"async\" loading=\"lazy\" width=\"1200\" height=\"800\" data-src=\"https:\/\/www.creilsudoise-tourisme.fr\/wp-content\/uploads\/2025\/07\/Sculpture-sur-pierre-\u00a9-Smellinckx-Oise-Tourisme-18-1200x800.jpg\" alt=\"\" class=\"wp-image-64170\" data-srcset=\"https:\/\/www.creilsudoise-tourisme.fr\/wp-content\/uploads\/2025\/07\/Sculpture-sur-pierre-\u00a9-Smellinckx-Oise-Tourisme-18-1200x800.jpg 1200w, https:\/\/www.creilsudoise-tourisme.fr\/wp-content\/uploads\/2025\/07\/Sculpture-sur-pierre-\u00a9-Smellinckx-Oise-Tourisme-18-600x400.jpg 600w, https:\/\/www.creilsudoise-tourisme.fr\/wp-content\/uploads\/2025\/07\/Sculpture-sur-pierre-\u00a9-Smellinckx-Oise-Tourisme-18-900x600.jpg 900w, https:\/\/www.creilsudoise-tourisme.fr\/wp-content\/uploads\/2025\/07\/Sculpture-sur-pierre-\u00a9-Smellinckx-Oise-Tourisme-18-1536x1024.jpg 1536w, https:\/\/www.creilsudoise-tourisme.fr\/wp-content\/uploads\/2025\/07\/Sculpture-sur-pierre-\u00a9-Smellinckx-Oise-Tourisme-18-18x12.jpg 18w, https:\/\/www.creilsudoise-tourisme.fr\/wp-content\/uploads\/2025\/07\/Sculpture-sur-pierre-\u00a9-Smellinckx-Oise-Tourisme-18-200x133.jpg 200w, https:\/\/www.creilsudoise-tourisme.fr\/wp-content\/uploads\/2025\/07\/Sculpture-sur-pierre-\u00a9-Smellinckx-Oise-Tourisme-18-650x433.jpg 650w, https:\/\/www.creilsudoise-tourisme.fr\/wp-content\/uploads\/2025\/07\/Sculpture-sur-pierre-\u00a9-Smellinckx-Oise-Tourisme-18-387x258.jpg 387w, https:\/\/www.creilsudoise-tourisme.fr\/wp-content\/uploads\/2025\/07\/Sculpture-sur-pierre-\u00a9-Smellinckx-Oise-Tourisme-18.jpg 1920w\" sizes=\"(max-width: 1200px) 100vw, 1200px\" \/><figcaption class=\"wp-element-caption\">Smellincks - Oise Tourisme<\/figcaption><\/figure>\n\n\n\n<hr class=\"wp-block-separator has-alpha-channel-opacity\"\/>\n\n\n\n<h2><strong>Brauchst du Hilfe? Wir sind da (und ziemlich nett)<\/strong><\/h2>\n\n\n\n<p>Zwei Personen, die Sie je nach Bedarf kontaktieren k\u00f6nnen:<\/p>\n\n\n\n<div class=\"is-layout-flex wp-container-5 wp-block-columns\">\n<div class=\"is-layout-flow wp-block-column is-vertically-aligned-center\" style=\"flex-basis:33.33%\">\n<figure class=\"wp-block-image size-large\"><img decoding=\"async\" loading=\"lazy\" width=\"1200\" height=\"1200\" data-src=\"https:\/\/www.creilsudoise-tourisme.fr\/wp-content\/uploads\/2025\/05\/Emilie-L-1200x1200.jpg\" alt=\"\" class=\"wp-image-62287\" data-srcset=\"https:\/\/www.creilsudoise-tourisme.fr\/wp-content\/uploads\/2025\/05\/Emilie-L-1200x1200.jpg 1200w, https:\/\/www.creilsudoise-tourisme.fr\/wp-content\/uploads\/2025\/05\/Emilie-L-600x600.jpg 600w, https:\/\/www.creilsudoise-tourisme.fr\/wp-content\/uploads\/2025\/05\/Emilie-L-300x300.jpg 300w, https:\/\/www.creilsudoise-tourisme.fr\/wp-content\/uploads\/2025\/05\/Emilie-L-900x900.jpg 900w, https:\/\/www.creilsudoise-tourisme.fr\/wp-content\/uploads\/2025\/05\/Emilie-L-1536x1536.jpg 1536w, https:\/\/www.creilsudoise-tourisme.fr\/wp-content\/uploads\/2025\/05\/Emilie-L-12x12.jpg 12w, https:\/\/www.creilsudoise-tourisme.fr\/wp-content\/uploads\/2025\/05\/Emilie-L-200x200.jpg 200w, https:\/\/www.creilsudoise-tourisme.fr\/wp-content\/uploads\/2025\/05\/Emilie-L-650x650.jpg 650w, https:\/\/www.creilsudoise-tourisme.fr\/wp-content\/uploads\/2025\/05\/Emilie-L-387x387.jpg 387w, https:\/\/www.creilsudoise-tourisme.fr\/wp-content\/uploads\/2025\/05\/Emilie-L.jpg 1920w\" sizes=\"(max-width: 1200px) 100vw, 1200px\" \/><\/figure>\n<\/div>\n\n\n\n<div class=\"is-layout-flow wp-block-column\" style=\"flex-basis:66.66%\">\n<h3>Emilie Laurentie<\/h3>\n\n\n\n<p><strong>Beauftragte f\u00fcr Kommunikation<\/strong><\/p>\n\n\n\n<p><strong>Emilie <\/strong>ist zust\u00e4ndig f\u00fcr <strong>soziale Netzwerke<\/strong>der Schaffung von <strong>Inhalte <\/strong>(redaktionelle Beitr\u00e4ge, Fotos und Videos) und der <strong>Newsletter f\u00fcr Einzelpersonen.<\/strong><\/p>\n\n\n\n<p>03 75 19 01 72<\/p>\n\n\n\n<div class=\"is-layout-flex wp-block-buttons\">\n<div class=\"wp-block-button\"><a class=\"wp-block-button__link wp-element-button\" href=\"mailto:fr&#101;d&#101;&#114;i&#113;&#117;e&#64;&#99;reil&#115;&#117;d&#111;i&#115;&#101;-&#116;&#111;ur&#105;sme.fr\" target=\"_blank\" rel=\"noreferrer noopener\">Per E-Mail kontaktieren<\/a><\/div>\n<\/div>\n<\/div>\n<\/div>\n\n\n\n<div class=\"is-layout-flex wp-container-9 wp-block-columns\">\n<div class=\"is-layout-flow wp-block-column is-vertically-aligned-center\" style=\"flex-basis:33.33%\">\n<figure class=\"wp-block-image size-large\"><img decoding=\"async\" loading=\"lazy\" width=\"1200\" height=\"1200\" data-src=\"https:\/\/www.creilsudoise-tourisme.fr\/wp-content\/uploads\/2025\/05\/Floriane-R-1200x1200.jpg\" alt=\"\" class=\"wp-image-62288\" data-srcset=\"https:\/\/www.creilsudoise-tourisme.fr\/wp-content\/uploads\/2025\/05\/Floriane-R-1200x1200.jpg 1200w, https:\/\/www.creilsudoise-tourisme.fr\/wp-content\/uploads\/2025\/05\/Floriane-R-600x600.jpg 600w, https:\/\/www.creilsudoise-tourisme.fr\/wp-content\/uploads\/2025\/05\/Floriane-R-300x300.jpg 300w, https:\/\/www.creilsudoise-tourisme.fr\/wp-content\/uploads\/2025\/05\/Floriane-R-900x900.jpg 900w, https:\/\/www.creilsudoise-tourisme.fr\/wp-content\/uploads\/2025\/05\/Floriane-R-1536x1536.jpg 1536w, https:\/\/www.creilsudoise-tourisme.fr\/wp-content\/uploads\/2025\/05\/Floriane-R-12x12.jpg 12w, https:\/\/www.creilsudoise-tourisme.fr\/wp-content\/uploads\/2025\/05\/Floriane-R-200x200.jpg 200w, https:\/\/www.creilsudoise-tourisme.fr\/wp-content\/uploads\/2025\/05\/Floriane-R-650x650.jpg 650w, https:\/\/www.creilsudoise-tourisme.fr\/wp-content\/uploads\/2025\/05\/Floriane-R-387x387.jpg 387w, https:\/\/www.creilsudoise-tourisme.fr\/wp-content\/uploads\/2025\/05\/Floriane-R.jpg 1920w\" sizes=\"(max-width: 1200px) 100vw, 1200px\" \/><\/figure>\n<\/div>\n\n\n\n<div class=\"is-layout-flow wp-block-column\" style=\"flex-basis:66.66%\">\n<h3>Floriane Riaudel<\/h3>\n\n\n\n<p><strong>Beauftragte f\u00fcr die Animation des Partnernetzwerks<\/strong><\/p>\n\n\n\n<p><strong>Floriane <\/strong>ist f\u00fcr die Verwaltung des<strong> Marketing-Informationssystem (MIS)<\/strong>Eine Datenbank, in der die folgenden Informationen gesammelt werden <strong>Animationen und Veranstaltungen <\/strong>die in der Region Creil Sud Oise (und im weiteren Sinne im D\u00e9partement Oise) stattfinden.<\/p>\n\n\n\n<p>03 75 19 01 71<\/p>\n\n\n\n<div class=\"is-layout-flex wp-block-buttons\">\n<div class=\"wp-block-button\"><a class=\"wp-block-button__link wp-element-button\" href=\"mailto:&#102;&#108;&#111;&#114;i&#97;ne&#64;c&#114;&#101;ils&#117;d&#111;&#105;se-&#116;o&#117;risme.f&#114;\" target=\"_blank\" rel=\"noreferrer noopener\">Per E-Mail kontaktieren<\/a><\/div>\n<\/div>\n<\/div>\n<\/div>\n\n\n\n<hr class=\"wp-block-separator has-alpha-channel-opacity\"\/>","protected":false},"excerpt":{"rendered":"<p>Nous, \u00e0 l\u2019Office de Tourisme Creil Sud Oise, on adore les agendas bien remplis ! Pour que vos \u00e9v\u00e9nements, ateliers, offres et nouveaut\u00e9s ne passent pas inaper\u00e7us, aidez-nous \u00e0 les faire rayonner aupr\u00e8s du bon public, au bon moment. On cherche \u00e0 collecter un maximum d&rsquo;infos pour mieux vous valoriser. Les sujets qu\u2019on met en [&hellip;]<\/p>","protected":false},"author":3,"featured_media":0,"parent":38425,"menu_order":0,"comment_status":"closed","ping_status":"closed","template":"","meta":{"_relevanssi_hide_post":"","_relevanssi_hide_content":"","_relevanssi_pin_for_all":"","_relevanssi_pin_keywords":"","_relevanssi_unpin_keywords":"","_relevanssi_related_keywords":"","_relevanssi_related_include_ids":"","_relevanssi_related_exclude_ids":"","_relevanssi_related_no_append":"","_relevanssi_related_not_related":"","_relevanssi_related_posts":"41664,41684,41280,42153,40900,50806","_relevanssi_noindex_reason":""},"yoast_head":"<!-- This site is optimized with the Yoast SEO plugin v20.2.1 - https:\/\/yoast.com\/wordpress\/plugins\/seo\/ -->\n<title>Partenaires Tourisme \u2013 Diffusez vos \u00e9v\u00e9nements<\/title>\n<meta name=\"description\" content=\"Pro du tourisme \u00e0 Creil Sud Oise : diffusez vos offres, nouveaut\u00e9s, anecdotes. L&#039;Office de Tourisme vous aide \u00e0 gagner en visibilit\u00e9 !\" \/>\n<meta name=\"robots\" content=\"index, follow, max-snippet:-1, max-image-preview:large, max-video-preview:-1\" \/>\n<link rel=\"canonical\" href=\"https:\/\/www.creilsudoise-tourisme.fr\/de\/espace-pro\/projektaufruf\/ihre-aktuell\/\" \/>\n<meta property=\"og:locale\" content=\"de_DE\" \/>\n<meta property=\"og:type\" content=\"article\" \/>\n<meta property=\"og:title\" content=\"Partenaires Tourisme \u2013 Diffusez vos \u00e9v\u00e9nements\" \/>\n<meta property=\"og:description\" content=\"Pro du tourisme \u00e0 Creil Sud Oise : diffusez vos offres, nouveaut\u00e9s, anecdotes. L&#039;Office de Tourisme vous aide \u00e0 gagner en visibilit\u00e9 !\" \/>\n<meta property=\"og:url\" content=\"https:\/\/www.creilsudoise-tourisme.fr\/de\/espace-pro\/projektaufruf\/ihre-aktuell\/\" \/>\n<meta property=\"og:site_name\" content=\"Office de Tourisme Creil Sud Oise\" \/>\n<meta property=\"article:publisher\" content=\"https:\/\/www.facebook.com\/creilsudoisetourisme\/\" \/>\n<meta property=\"article:modified_time\" content=\"2025-07-25T13:03:36+00:00\" \/>\n<meta property=\"og:image\" content=\"https:\/\/www.creilsudoise-tourisme.fr\/wp-content\/uploads\/2025\/07\/Musee_Galle_Juillet-Creil-Escape_Game-Anne_Sophie_Flament_Ville_Creil-120-1200x800.jpg\" \/>\n<meta name=\"twitter:card\" content=\"summary_large_image\" \/>\n<meta name=\"twitter:site\" content=\"@CreilSudOiseOT\" \/>\n<meta name=\"twitter:label1\" content=\"Gesch\u00e4tzte Lesezeit\" \/>\n\t<meta name=\"twitter:data1\" content=\"5\u00a0Minuten\" \/>\n<script type=\"application\/ld+json\" class=\"yoast-schema-graph\">{\"@context\":\"https:\/\/schema.org\",\"@graph\":[{\"@type\":\"WebPage\",\"@id\":\"https:\/\/www.creilsudoise-tourisme.fr\/espace-pro\/appel-projet\/votre-actu\/\",\"url\":\"https:\/\/www.creilsudoise-tourisme.fr\/espace-pro\/appel-projet\/votre-actu\/\",\"name\":\"Partenaires Tourisme \u2013 Diffusez vos \u00e9v\u00e9nements\",\"isPartOf\":{\"@id\":\"https:\/\/www.creilsudoise-tourisme.fr\/#website\"},\"datePublished\":\"2025-07-25T10:49:13+00:00\",\"dateModified\":\"2025-07-25T13:03:36+00:00\",\"description\":\"Pro du tourisme \u00e0 Creil Sud Oise : diffusez vos offres, nouveaut\u00e9s, anecdotes. L'Office de Tourisme vous aide \u00e0 gagner en visibilit\u00e9 !\",\"breadcrumb\":{\"@id\":\"https:\/\/www.creilsudoise-tourisme.fr\/espace-pro\/appel-projet\/votre-actu\/#breadcrumb\"},\"inLanguage\":\"de\",\"potentialAction\":[{\"@type\":\"ReadAction\",\"target\":[\"https:\/\/www.creilsudoise-tourisme.fr\/espace-pro\/appel-projet\/votre-actu\/\"]}]},{\"@type\":\"BreadcrumbList\",\"@id\":\"https:\/\/www.creilsudoise-tourisme.fr\/espace-pro\/appel-projet\/votre-actu\/#breadcrumb\",\"itemListElement\":[{\"@type\":\"ListItem\",\"position\":1,\"name\":\"Accueil\",\"item\":\"https:\/\/www.creilsudoise-tourisme.fr\/\"},{\"@type\":\"ListItem\",\"position\":2,\"name\":\"Espace pro\",\"item\":\"https:\/\/www.creilsudoise-tourisme.fr\/espace-pro\/\"},{\"@type\":\"ListItem\",\"position\":3,\"name\":\"Appels \u00e0 projets\",\"item\":\"https:\/\/www.creilsudoise-tourisme.fr\/espace-pro\/appel-projet\/\"},{\"@type\":\"ListItem\",\"position\":4,\"name\":\"Pro du tourisme : on vous met \u00e0 l&rsquo;affiche !\"}]},{\"@type\":\"WebSite\",\"@id\":\"https:\/\/www.creilsudoise-tourisme.fr\/#website\",\"url\":\"https:\/\/www.creilsudoise-tourisme.fr\/\",\"name\":\"Office de Tourisme Creil Sud Oise\",\"description\":\"Creil Sud Oise Tourisme, un territoire \u00e0 explorer !\",\"publisher\":{\"@id\":\"https:\/\/www.creilsudoise-tourisme.fr\/#organization\"},\"potentialAction\":[{\"@type\":\"SearchAction\",\"target\":{\"@type\":\"EntryPoint\",\"urlTemplate\":\"https:\/\/www.creilsudoise-tourisme.fr\/?s={search_term_string}\"},\"query-input\":\"required name=search_term_string\"}],\"inLanguage\":\"de\"},{\"@type\":\"Organization\",\"@id\":\"https:\/\/www.creilsudoise-tourisme.fr\/#organization\",\"name\":\"Creil Sud Oise Tourisme\",\"url\":\"https:\/\/www.creilsudoise-tourisme.fr\/\",\"logo\":{\"@type\":\"ImageObject\",\"inLanguage\":\"de\",\"@id\":\"https:\/\/www.creilsudoise-tourisme.fr\/#\/schema\/logo\/image\/\",\"url\":\"https:\/\/www.creilsudoise-tourisme.fr\/wp-content\/uploads\/2021\/05\/logo-svg.png\",\"contentUrl\":\"https:\/\/www.creilsudoise-tourisme.fr\/wp-content\/uploads\/2021\/05\/logo-svg.png\",\"width\":182,\"height\":71,\"caption\":\"Creil Sud Oise Tourisme\"},\"image\":{\"@id\":\"https:\/\/www.creilsudoise-tourisme.fr\/#\/schema\/logo\/image\/\"},\"sameAs\":[\"https:\/\/www.facebook.com\/creilsudoisetourisme\/\",\"https:\/\/twitter.com\/CreilSudOiseOT\",\"https:\/\/www.instagram.com\/creilsudoisetourisme\/\",\"https:\/\/www.youtube.com\/channel\/UC8L_QD2wwyADW14zt9fY8kw\"]}]}<\/script>\n<!-- \/ Yoast SEO plugin. -->","yoast_head_json":{"title":"Partenaires Tourisme \u2013 Diffusez vos \u00e9v\u00e9nements","description":"Pro du tourisme \u00e0 Creil Sud Oise : diffusez vos offres, nouveaut\u00e9s, anecdotes. L'Office de Tourisme vous aide \u00e0 gagner en visibilit\u00e9 !","robots":{"index":"index","follow":"follow","max-snippet":"max-snippet:-1","max-image-preview":"max-image-preview:large","max-video-preview":"max-video-preview:-1"},"canonical":"https:\/\/www.creilsudoise-tourisme.fr\/de\/espace-pro\/projektaufruf\/ihre-aktuell\/","og_locale":"de_DE","og_type":"article","og_title":"Partenaires Tourisme \u2013 Diffusez vos \u00e9v\u00e9nements","og_description":"Pro du tourisme \u00e0 Creil Sud Oise : diffusez vos offres, nouveaut\u00e9s, anecdotes. L'Office de Tourisme vous aide \u00e0 gagner en visibilit\u00e9 !","og_url":"https:\/\/www.creilsudoise-tourisme.fr\/de\/espace-pro\/projektaufruf\/ihre-aktuell\/","og_site_name":"Office de Tourisme Creil Sud Oise","article_publisher":"https:\/\/www.facebook.com\/creilsudoisetourisme\/","article_modified_time":"2025-07-25T13:03:36+00:00","og_image":[{"url":"https:\/\/www.creilsudoise-tourisme.fr\/wp-content\/uploads\/2025\/07\/Musee_Galle_Juillet-Creil-Escape_Game-Anne_Sophie_Flament_Ville_Creil-120-1200x800.jpg"}],"twitter_card":"summary_large_image","twitter_site":"@CreilSudOiseOT","twitter_misc":{"Gesch\u00e4tzte Lesezeit":"5\u00a0Minuten"},"schema":{"@context":"https:\/\/schema.org","@graph":[{"@type":"WebPage","@id":"https:\/\/www.creilsudoise-tourisme.fr\/espace-pro\/appel-projet\/votre-actu\/","url":"https:\/\/www.creilsudoise-tourisme.fr\/espace-pro\/appel-projet\/votre-actu\/","name":"Partenaires Tourisme \u2013 Diffusez vos \u00e9v\u00e9nements","isPartOf":{"@id":"https:\/\/www.creilsudoise-tourisme.fr\/#website"},"datePublished":"2025-07-25T10:49:13+00:00","dateModified":"2025-07-25T13:03:36+00:00","description":"Pro du tourisme \u00e0 Creil Sud Oise : diffusez vos offres, nouveaut\u00e9s, anecdotes. L'Office de Tourisme vous aide \u00e0 gagner en visibilit\u00e9 !","breadcrumb":{"@id":"https:\/\/www.creilsudoise-tourisme.fr\/espace-pro\/appel-projet\/votre-actu\/#breadcrumb"},"inLanguage":"de","potentialAction":[{"@type":"ReadAction","target":["https:\/\/www.creilsudoise-tourisme.fr\/espace-pro\/appel-projet\/votre-actu\/"]}]},{"@type":"BreadcrumbList","@id":"https:\/\/www.creilsudoise-tourisme.fr\/espace-pro\/appel-projet\/votre-actu\/#breadcrumb","itemListElement":[{"@type":"ListItem","position":1,"name":"Accueil","item":"https:\/\/www.creilsudoise-tourisme.fr\/"},{"@type":"ListItem","position":2,"name":"Espace pro","item":"https:\/\/www.creilsudoise-tourisme.fr\/espace-pro\/"},{"@type":"ListItem","position":3,"name":"Appels \u00e0 projets","item":"https:\/\/www.creilsudoise-tourisme.fr\/espace-pro\/appel-projet\/"},{"@type":"ListItem","position":4,"name":"Pro du tourisme : on vous met \u00e0 l&rsquo;affiche !"}]},{"@type":"WebSite","@id":"https:\/\/www.creilsudoise-tourisme.fr\/#website","url":"https:\/\/www.creilsudoise-tourisme.fr\/","name":"Office de Tourisme Creil Sud Oise","description":"Creil Sud Oise Tourisme, un territoire \u00e0 explorer !","publisher":{"@id":"https:\/\/www.creilsudoise-tourisme.fr\/#organization"},"potentialAction":[{"@type":"SearchAction","target":{"@type":"EntryPoint","urlTemplate":"https:\/\/www.creilsudoise-tourisme.fr\/?s={search_term_string}"},"query-input":"required name=search_term_string"}],"inLanguage":"de"},{"@type":"Organization","@id":"https:\/\/www.creilsudoise-tourisme.fr\/#organization","name":"Creil Sud Oise Tourisme","url":"https:\/\/www.creilsudoise-tourisme.fr\/","logo":{"@type":"ImageObject","inLanguage":"de","@id":"https:\/\/www.creilsudoise-tourisme.fr\/#\/schema\/logo\/image\/","url":"https:\/\/www.creilsudoise-tourisme.fr\/wp-content\/uploads\/2021\/05\/logo-svg.png","contentUrl":"https:\/\/www.creilsudoise-tourisme.fr\/wp-content\/uploads\/2021\/05\/logo-svg.png","width":182,"height":71,"caption":"Creil Sud Oise Tourisme"},"image":{"@id":"https:\/\/www.creilsudoise-tourisme.fr\/#\/schema\/logo\/image\/"},"sameAs":["https:\/\/www.facebook.com\/creilsudoisetourisme\/","https:\/\/twitter.com\/CreilSudOiseOT","https:\/\/www.instagram.com\/creilsudoisetourisme\/","https:\/\/www.youtube.com\/channel\/UC8L_QD2wwyADW14zt9fY8kw"]}]}},"_links":{"self":[{"href":"https:\/\/www.creilsudoise-tourisme.fr\/de\/wp-json\/wp\/v2\/pages\/64155"}],"collection":[{"href":"https:\/\/www.creilsudoise-tourisme.fr\/de\/wp-json\/wp\/v2\/pages"}],"about":[{"href":"https:\/\/www.creilsudoise-tourisme.fr\/de\/wp-json\/wp\/v2\/types\/page"}],"author":[{"embeddable":true,"href":"https:\/\/www.creilsudoise-tourisme.fr\/de\/wp-json\/wp\/v2\/users\/3"}],"replies":[{"embeddable":true,"href":"https:\/\/www.creilsudoise-tourisme.fr\/de\/wp-json\/wp\/v2\/comments?post=64155"}],"version-history":[{"count":7,"href":"https:\/\/www.creilsudoise-tourisme.fr\/de\/wp-json\/wp\/v2\/pages\/64155\/revisions"}],"predecessor-version":[{"id":64181,"href":"https:\/\/www.creilsudoise-tourisme.fr\/de\/wp-json\/wp\/v2\/pages\/64155\/revisions\/64181"}],"up":[{"embeddable":true,"href":"https:\/\/www.creilsudoise-tourisme.fr\/de\/wp-json\/wp\/v2\/pages\/38425"}],"wp:attachment":[{"href":"https:\/\/www.creilsudoise-tourisme.fr\/de\/wp-json\/wp\/v2\/media?parent=64155"}],"curies":[{"name":"wp","href":"https:\/\/api.w.org\/{rel}","templated":true}]}}