{"id":51756,"date":"2024-02-06T14:31:34","date_gmt":"2024-02-06T13:31:34","guid":{"rendered":"https:\/\/www.creilsudoise-tourisme.fr\/?page_id=51756"},"modified":"2024-02-19T13:34:04","modified_gmt":"2024-02-19T12:34:04","slug":"tournage-maison-de-la-faience","status":"publish","type":"page","link":"https:\/\/www.creilsudoise-tourisme.fr\/de\/ich-suche\/dreharbeiten\/decors-batis\/drechsel-haus-der-faience\/","title":{"rendered":"Maison de la Fa\u00efence (Haus der Fayence)"},"content":{"rendered":"<p><em>Das Haus der Fayence, erbaut im 19.<sup>e<\/sup> Jahrhundert auf den Ruinen des mittelalterlichen Schlosses von Creil errichtet wurde, pr\u00e4sentiert einen Komplex von vier R\u00e4umen, die der Ausstellung der Sammlung feiner Fayencen der Stadt Creil gewidmet sind.<\/em><\/p>\n\n\n\n<h2> <\/h2>\n\n\n\n<figure class=\"is-layout-flex wp-block-gallery-1 wp-block-gallery has-nested-images columns-2 is-cropped\">\n<figure class=\"wp-block-image size-large\"><img decoding=\"async\" loading=\"lazy\" width=\"842\" height=\"631\" data-id=\"51565\"  data-src=\"https:\/\/www.creilsudoise-tourisme.fr\/wp-content\/uploads\/2024\/01\/2-1.jpg\" alt=\"Maison de la Fa\u00efence Kino Dreharbeiten Gestell s\u00fcd oise paris film Kulissen\" class=\"wp-image-51565\" data-srcset=\"https:\/\/www.creilsudoise-tourisme.fr\/wp-content\/uploads\/2024\/01\/2-1.jpg 842w, https:\/\/www.creilsudoise-tourisme.fr\/wp-content\/uploads\/2024\/01\/2-1-600x450.jpg 600w, https:\/\/www.creilsudoise-tourisme.fr\/wp-content\/uploads\/2024\/01\/2-1-16x12.jpg 16w, https:\/\/www.creilsudoise-tourisme.fr\/wp-content\/uploads\/2024\/01\/2-1-200x150.jpg 200w, https:\/\/www.creilsudoise-tourisme.fr\/wp-content\/uploads\/2024\/01\/2-1-650x487.jpg 650w, https:\/\/www.creilsudoise-tourisme.fr\/wp-content\/uploads\/2024\/01\/2-1-387x290.jpg 387w\" sizes=\"(max-width: 842px) 100vw, 842px\" \/><figcaption class=\"wp-element-caption\">Bildnachweis. Ex: \u00a9 Creil Sud Oise Tourisme - Nouara Lebachiche<\/figcaption><\/figure>\n\n\n\n<figure class=\"wp-block-image size-full\"><img decoding=\"async\" loading=\"lazy\" width=\"941\" height=\"625\" data-id=\"51567\"  data-src=\"https:\/\/www.creilsudoise-tourisme.fr\/wp-content\/uploads\/2024\/01\/3.jpg\" alt=\"\" class=\"wp-image-51567\" data-srcset=\"https:\/\/www.creilsudoise-tourisme.fr\/wp-content\/uploads\/2024\/01\/3.jpg 941w, https:\/\/www.creilsudoise-tourisme.fr\/wp-content\/uploads\/2024\/01\/3-600x399.jpg 600w, https:\/\/www.creilsudoise-tourisme.fr\/wp-content\/uploads\/2024\/01\/3-900x598.jpg 900w, https:\/\/www.creilsudoise-tourisme.fr\/wp-content\/uploads\/2024\/01\/3-18x12.jpg 18w, https:\/\/www.creilsudoise-tourisme.fr\/wp-content\/uploads\/2024\/01\/3-200x133.jpg 200w, https:\/\/www.creilsudoise-tourisme.fr\/wp-content\/uploads\/2024\/01\/3-650x432.jpg 650w, https:\/\/www.creilsudoise-tourisme.fr\/wp-content\/uploads\/2024\/01\/3-387x257.jpg 387w\" sizes=\"(max-width: 941px) 100vw, 941px\" \/><figcaption class=\"wp-element-caption\"> Creil Sud Oise Tourismus<\/figcaption><\/figure>\n\n\n\n<figure class=\"wp-block-image size-full\"><img decoding=\"async\" loading=\"lazy\" width=\"834\" height=\"625\" data-id=\"51564\"  data-src=\"https:\/\/www.creilsudoise-tourisme.fr\/wp-content\/uploads\/2024\/01\/6.jpg\" alt=\"\" class=\"wp-image-51564\" data-srcset=\"https:\/\/www.creilsudoise-tourisme.fr\/wp-content\/uploads\/2024\/01\/6.jpg 834w, https:\/\/www.creilsudoise-tourisme.fr\/wp-content\/uploads\/2024\/01\/6-600x450.jpg 600w, https:\/\/www.creilsudoise-tourisme.fr\/wp-content\/uploads\/2024\/01\/6-16x12.jpg 16w, https:\/\/www.creilsudoise-tourisme.fr\/wp-content\/uploads\/2024\/01\/6-200x150.jpg 200w, https:\/\/www.creilsudoise-tourisme.fr\/wp-content\/uploads\/2024\/01\/6-650x487.jpg 650w, https:\/\/www.creilsudoise-tourisme.fr\/wp-content\/uploads\/2024\/01\/6-387x290.jpg 387w\" sizes=\"(max-width: 834px) 100vw, 834px\" \/><\/figure>\n<\/figure>\n\n\n\n<h3>Typ<\/h3>\n\n\n\n<p>ERP Typ Y  <\/p>\n\n\n\n<h3>Kategorie<\/h3>\n\n\n\n<p>Kategorie 5<\/p>\n\n\n\n<p>Museum.  <\/p>\n\n\n\n<h4>Umgebung <\/h4>\n\n\n\n<p>Privater Hof, G\u00e4rten, Stadt. <\/p>\n\n\n<div class=\"wp-block wp-block-highlight\">\n            <h3 class=\"wp-block-highlight-item wp-block-highlight-title\">Lage<\/h3>\n                <p class=\"wp-block-highlight-item wp-block-highlight-excerpt\">Stadt: 60100 Creil <br>Bundesland: Oise<br>Region: Hauts-de-France<\/p>\n    <\/div>\n\n\n<h3>Allgemeine Darstellung<\/h3>\n\n\n\n<p>B\u00fcrgerhaus aus dem 19.<sup>e<\/sup> Jahrhundert, erbaut auf einer ersten mittelalterlichen Ebene, als Mus\u00e9e de France klassifiziert, Ausstellungsr\u00e4ume mit Vitrinen und Keramiksammlungen seit 2010 eingerichtet.<\/p>\n\n\n\n<h4><strong>\u00c9<\/strong>Staat des Ortes <\/h4>\n\n\n\n<p>Guter Zustand. <\/p>\n\n\n\n<h4>Geschichte des Ortes <\/h4>\n\n\n\n<p>Haus auf der ersten Ebene des ehemaligen k\u00f6niglichen Schlosses von Creil, das von den Grafen von Clermont am Ende des 12. Jahrhunderts errichtet wurde.<sup>e<\/sup> Jahrhundert, Geburtsort von K\u00f6nig Karl IV., dann von Karl V. Ende des 14.<sup>e<\/sup> Jahrhundert und von den franz\u00f6sischen K\u00f6nigen bis zum 17.<sup>e<\/sup> Jahrhundert.<\/p>\n\n\n\n<p>Die Familie Gall\u00e9-Juillet aus Creille bewohnte den Ort bis zum 20. Juni.<sup>e<\/sup> Jahrhundert.<\/p>\n\n\n\n<p>Haus und Sammlungen, die der Stadt Creil von Berthe Gall\u00e9 nach dem Tod ihres einzigen Sohnes im Ersten Weltkrieg und ihres Mannes 1928 geschenkt wurden.<\/p>\n\n\n\n<h4>Bauzeit<\/h4>\n\n\n\n<p>Bau des 19<sup>e<\/sup> Jahrhundert auf einer ersten Ebene Ende 12<sup>e<\/sup> - Anfang 13<sup>e<\/sup> Jahrhundert.<\/p>\n\n\n\n<h4>Dominanter Stil<\/h4>\n\n\n\n<p>19<sup>e<\/sup> Jahrhundert.<\/p>\n\n\n\n<h4>Besondere Stile <\/h4>\n\n\n\n<p>Gedeckt. <\/p>\n\n\n\n<h4><strong>\u00c9<\/strong>Bemerkenswerte architektonische Elemente <\/h4>\n\n\n\n<p>Balkon, Schaufenster, Parkettboden.<\/p>\n\n\n\n<h4>Materialien <\/h4>\n\n\n\n<p>Stein, Ziegel, Glas, Holz, Zink.<\/p>\n\n\n\n<h4>Datenblatt <\/h4>\n\n\n\n<p>X Stromversorgung X Parken \u25a1 LKW-Zugang \u25a1 Logen&nbsp;&nbsp;&nbsp;&nbsp;&nbsp;&nbsp;&nbsp;&nbsp;&nbsp;&nbsp;&nbsp;&nbsp; &nbsp;<\/p>\n\n\n\n<p>X Toiletten Sonstige: Fl\u00e4che ca. 190 m\u00b2.<\/p>\n\n\n\n<h4>Besonderheiten<\/h4>\n\n\n\n<p>Garten, Blick auf die Oise, privater Hof<\/p>\n\n\n\n<p>Zahlreiche Vitrinen und Kunstwerke (zerbrechlich)<\/p>\n\n\n\n<hr class=\"wp-block-separator has-alpha-channel-opacity\"\/>","protected":false},"excerpt":{"rendered":"<p>Das Maison de la fa\u00efence wurde im 19. Jahrhundert auf den Ruinen der mittelalterlichen Burg von Creil errichtet und besteht aus vier R\u00e4umen, die der Ausstellung der Sammlung feiner Fayencen der Stadt Creil gewidmet sind. Typ ERP Typ Y Kategorie Kategorie 5 Museum. Umgebung Privater Hof, G\u00e4rten, Stadt. Allgemeine Vorstellung B\u00fcrgerliches Haus aus dem [...].<\/p>","protected":false},"author":12,"featured_media":51565,"parent":50622,"menu_order":0,"comment_status":"closed","ping_status":"closed","template":"","meta":{"_relevanssi_hide_post":"","_relevanssi_hide_content":"","_relevanssi_pin_for_all":"","_relevanssi_pin_keywords":"","_relevanssi_unpin_keywords":"","_relevanssi_related_keywords":"","_relevanssi_related_include_ids":"","_relevanssi_related_exclude_ids":"","_relevanssi_related_no_append":"","_relevanssi_related_not_related":"","_relevanssi_related_posts":"38921,40150,43606,39785,42107,39133","_relevanssi_noindex_reason":""},"yoast_head":"<!-- This site is optimized with the Yoast SEO plugin v20.2.1 - https:\/\/yoast.com\/wordpress\/plugins\/seo\/ -->\n<title>Maison de la Fa\u00efence<\/title>\n<meta name=\"description\" content=\"Voici la fiche technique du d\u00e9cor b\u00e2ti de la Maison de la Fa\u00efenc\u00e9 du 19\u00e8me si\u00e8cle; la Maison de la Fa\u00efence de Creil \u00e0 60km de Paris.\" \/>\n<meta name=\"robots\" content=\"index, follow, max-snippet:-1, max-image-preview:large, max-video-preview:-1\" \/>\n<link rel=\"canonical\" href=\"https:\/\/www.creilsudoise-tourisme.fr\/de\/ich-suche\/dreharbeiten\/decors-batis\/drechsel-haus-der-faience\/\" \/>\n<meta property=\"og:locale\" content=\"de_DE\" \/>\n<meta property=\"og:type\" content=\"article\" \/>\n<meta property=\"og:title\" content=\"Maison de la Fa\u00efence\" \/>\n<meta property=\"og:description\" content=\"Voici la fiche technique du d\u00e9cor b\u00e2ti de la Maison de la Fa\u00efenc\u00e9 du 19\u00e8me si\u00e8cle; la Maison de la Fa\u00efence de Creil \u00e0 60km de Paris.\" \/>\n<meta property=\"og:url\" content=\"https:\/\/www.creilsudoise-tourisme.fr\/de\/ich-suche\/dreharbeiten\/decors-batis\/drechsel-haus-der-faience\/\" \/>\n<meta property=\"og:site_name\" content=\"Office de Tourisme Creil Sud Oise\" \/>\n<meta property=\"article:publisher\" content=\"https:\/\/www.facebook.com\/creilsudoisetourisme\/\" \/>\n<meta property=\"article:modified_time\" content=\"2024-02-19T12:34:04+00:00\" \/>\n<meta property=\"og:image\" content=\"https:\/\/www.creilsudoise-tourisme.fr\/wp-content\/uploads\/2024\/01\/2-1.jpg\" \/>\n\t<meta property=\"og:image:width\" content=\"842\" \/>\n\t<meta property=\"og:image:height\" content=\"631\" \/>\n\t<meta property=\"og:image:type\" content=\"image\/jpeg\" \/>\n<meta name=\"twitter:card\" content=\"summary_large_image\" \/>\n<meta name=\"twitter:site\" content=\"@CreilSudOiseOT\" \/>\n<meta name=\"twitter:label1\" content=\"Gesch\u00e4tzte Lesezeit\" \/>\n\t<meta name=\"twitter:data1\" content=\"2\u00a0Minuten\" \/>\n<script type=\"application\/ld+json\" class=\"yoast-schema-graph\">{\"@context\":\"https:\/\/schema.org\",\"@graph\":[{\"@type\":\"WebPage\",\"@id\":\"https:\/\/www.creilsudoise-tourisme.fr\/je-cherche\/tournage\/decors-batis\/tournage-maison-de-la-faience\/\",\"url\":\"https:\/\/www.creilsudoise-tourisme.fr\/je-cherche\/tournage\/decors-batis\/tournage-maison-de-la-faience\/\",\"name\":\"Maison de la Fa\u00efence\",\"isPartOf\":{\"@id\":\"https:\/\/www.creilsudoise-tourisme.fr\/#website\"},\"datePublished\":\"2024-02-06T13:31:34+00:00\",\"dateModified\":\"2024-02-19T12:34:04+00:00\",\"description\":\"Voici la fiche technique du d\u00e9cor b\u00e2ti de la Maison de la Fa\u00efenc\u00e9 du 19\u00e8me si\u00e8cle; la Maison de la Fa\u00efence de Creil \u00e0 60km de Paris.\",\"breadcrumb\":{\"@id\":\"https:\/\/www.creilsudoise-tourisme.fr\/je-cherche\/tournage\/decors-batis\/tournage-maison-de-la-faience\/#breadcrumb\"},\"inLanguage\":\"de\",\"potentialAction\":[{\"@type\":\"ReadAction\",\"target\":[\"https:\/\/www.creilsudoise-tourisme.fr\/je-cherche\/tournage\/decors-batis\/tournage-maison-de-la-faience\/\"]}]},{\"@type\":\"BreadcrumbList\",\"@id\":\"https:\/\/www.creilsudoise-tourisme.fr\/je-cherche\/tournage\/decors-batis\/tournage-maison-de-la-faience\/#breadcrumb\",\"itemListElement\":[{\"@type\":\"ListItem\",\"position\":1,\"name\":\"Accueil\",\"item\":\"https:\/\/www.creilsudoise-tourisme.fr\/\"},{\"@type\":\"ListItem\",\"position\":2,\"name\":\"Je cherche\",\"item\":\"https:\/\/www.creilsudoise-tourisme.fr\/je-cherche\/\"},{\"@type\":\"ListItem\",\"position\":3,\"name\":\"Un lieu de tournage\",\"item\":\"https:\/\/www.creilsudoise-tourisme.fr\/je-cherche\/tournage\/\"},{\"@type\":\"ListItem\",\"position\":4,\"name\":\"D\u00e9cors b\u00e2tis\",\"item\":\"https:\/\/www.creilsudoise-tourisme.fr\/je-cherche\/tournage\/decors-batis\/\"},{\"@type\":\"ListItem\",\"position\":5,\"name\":\"Maison de la Fa\u00efence\"}]},{\"@type\":\"WebSite\",\"@id\":\"https:\/\/www.creilsudoise-tourisme.fr\/#website\",\"url\":\"https:\/\/www.creilsudoise-tourisme.fr\/\",\"name\":\"Office de Tourisme Creil Sud Oise\",\"description\":\"Creil Sud Oise Tourisme, un territoire \u00e0 explorer !\",\"publisher\":{\"@id\":\"https:\/\/www.creilsudoise-tourisme.fr\/#organization\"},\"potentialAction\":[{\"@type\":\"SearchAction\",\"target\":{\"@type\":\"EntryPoint\",\"urlTemplate\":\"https:\/\/www.creilsudoise-tourisme.fr\/?s={search_term_string}\"},\"query-input\":\"required name=search_term_string\"}],\"inLanguage\":\"de\"},{\"@type\":\"Organization\",\"@id\":\"https:\/\/www.creilsudoise-tourisme.fr\/#organization\",\"name\":\"Creil Sud Oise Tourisme\",\"url\":\"https:\/\/www.creilsudoise-tourisme.fr\/\",\"logo\":{\"@type\":\"ImageObject\",\"inLanguage\":\"de\",\"@id\":\"https:\/\/www.creilsudoise-tourisme.fr\/#\/schema\/logo\/image\/\",\"url\":\"https:\/\/www.creilsudoise-tourisme.fr\/wp-content\/uploads\/2021\/05\/logo-svg.png\",\"contentUrl\":\"https:\/\/www.creilsudoise-tourisme.fr\/wp-content\/uploads\/2021\/05\/logo-svg.png\",\"width\":182,\"height\":71,\"caption\":\"Creil Sud Oise Tourisme\"},\"image\":{\"@id\":\"https:\/\/www.creilsudoise-tourisme.fr\/#\/schema\/logo\/image\/\"},\"sameAs\":[\"https:\/\/www.facebook.com\/creilsudoisetourisme\/\",\"https:\/\/twitter.com\/CreilSudOiseOT\",\"https:\/\/www.instagram.com\/creilsudoisetourisme\/\",\"https:\/\/www.youtube.com\/channel\/UC8L_QD2wwyADW14zt9fY8kw\"]}]}<\/script>\n<!-- \/ Yoast SEO plugin. -->","yoast_head_json":{"title":"Maison de la Fa\u00efence","description":"Voici la fiche technique du d\u00e9cor b\u00e2ti de la Maison de la Fa\u00efenc\u00e9 du 19\u00e8me si\u00e8cle; la Maison de la Fa\u00efence de Creil \u00e0 60km de Paris.","robots":{"index":"index","follow":"follow","max-snippet":"max-snippet:-1","max-image-preview":"max-image-preview:large","max-video-preview":"max-video-preview:-1"},"canonical":"https:\/\/www.creilsudoise-tourisme.fr\/de\/ich-suche\/dreharbeiten\/decors-batis\/drechsel-haus-der-faience\/","og_locale":"de_DE","og_type":"article","og_title":"Maison de la Fa\u00efence","og_description":"Voici la fiche technique du d\u00e9cor b\u00e2ti de la Maison de la Fa\u00efenc\u00e9 du 19\u00e8me si\u00e8cle; la Maison de la Fa\u00efence de Creil \u00e0 60km de Paris.","og_url":"https:\/\/www.creilsudoise-tourisme.fr\/de\/ich-suche\/dreharbeiten\/decors-batis\/drechsel-haus-der-faience\/","og_site_name":"Office de Tourisme Creil Sud Oise","article_publisher":"https:\/\/www.facebook.com\/creilsudoisetourisme\/","article_modified_time":"2024-02-19T12:34:04+00:00","og_image":[{"width":842,"height":631,"url":"https:\/\/www.creilsudoise-tourisme.fr\/wp-content\/uploads\/2024\/01\/2-1.jpg","type":"image\/jpeg"}],"twitter_card":"summary_large_image","twitter_site":"@CreilSudOiseOT","twitter_misc":{"Gesch\u00e4tzte Lesezeit":"2\u00a0Minuten"},"schema":{"@context":"https:\/\/schema.org","@graph":[{"@type":"WebPage","@id":"https:\/\/www.creilsudoise-tourisme.fr\/je-cherche\/tournage\/decors-batis\/tournage-maison-de-la-faience\/","url":"https:\/\/www.creilsudoise-tourisme.fr\/je-cherche\/tournage\/decors-batis\/tournage-maison-de-la-faience\/","name":"Maison de la Fa\u00efence","isPartOf":{"@id":"https:\/\/www.creilsudoise-tourisme.fr\/#website"},"datePublished":"2024-02-06T13:31:34+00:00","dateModified":"2024-02-19T12:34:04+00:00","description":"Voici la fiche technique du d\u00e9cor b\u00e2ti de la Maison de la Fa\u00efenc\u00e9 du 19\u00e8me si\u00e8cle; la Maison de la Fa\u00efence de Creil \u00e0 60km de Paris.","breadcrumb":{"@id":"https:\/\/www.creilsudoise-tourisme.fr\/je-cherche\/tournage\/decors-batis\/tournage-maison-de-la-faience\/#breadcrumb"},"inLanguage":"de","potentialAction":[{"@type":"ReadAction","target":["https:\/\/www.creilsudoise-tourisme.fr\/je-cherche\/tournage\/decors-batis\/tournage-maison-de-la-faience\/"]}]},{"@type":"BreadcrumbList","@id":"https:\/\/www.creilsudoise-tourisme.fr\/je-cherche\/tournage\/decors-batis\/tournage-maison-de-la-faience\/#breadcrumb","itemListElement":[{"@type":"ListItem","position":1,"name":"Accueil","item":"https:\/\/www.creilsudoise-tourisme.fr\/"},{"@type":"ListItem","position":2,"name":"Je cherche","item":"https:\/\/www.creilsudoise-tourisme.fr\/je-cherche\/"},{"@type":"ListItem","position":3,"name":"Un lieu de tournage","item":"https:\/\/www.creilsudoise-tourisme.fr\/je-cherche\/tournage\/"},{"@type":"ListItem","position":4,"name":"D\u00e9cors b\u00e2tis","item":"https:\/\/www.creilsudoise-tourisme.fr\/je-cherche\/tournage\/decors-batis\/"},{"@type":"ListItem","position":5,"name":"Maison de la Fa\u00efence"}]},{"@type":"WebSite","@id":"https:\/\/www.creilsudoise-tourisme.fr\/#website","url":"https:\/\/www.creilsudoise-tourisme.fr\/","name":"Office de Tourisme Creil Sud Oise","description":"Creil Sud Oise Tourisme, un territoire \u00e0 explorer !","publisher":{"@id":"https:\/\/www.creilsudoise-tourisme.fr\/#organization"},"potentialAction":[{"@type":"SearchAction","target":{"@type":"EntryPoint","urlTemplate":"https:\/\/www.creilsudoise-tourisme.fr\/?s={search_term_string}"},"query-input":"required name=search_term_string"}],"inLanguage":"de"},{"@type":"Organization","@id":"https:\/\/www.creilsudoise-tourisme.fr\/#organization","name":"Creil Sud Oise Tourisme","url":"https:\/\/www.creilsudoise-tourisme.fr\/","logo":{"@type":"ImageObject","inLanguage":"de","@id":"https:\/\/www.creilsudoise-tourisme.fr\/#\/schema\/logo\/image\/","url":"https:\/\/www.creilsudoise-tourisme.fr\/wp-content\/uploads\/2021\/05\/logo-svg.png","contentUrl":"https:\/\/www.creilsudoise-tourisme.fr\/wp-content\/uploads\/2021\/05\/logo-svg.png","width":182,"height":71,"caption":"Creil Sud Oise Tourisme"},"image":{"@id":"https:\/\/www.creilsudoise-tourisme.fr\/#\/schema\/logo\/image\/"},"sameAs":["https:\/\/www.facebook.com\/creilsudoisetourisme\/","https:\/\/twitter.com\/CreilSudOiseOT","https:\/\/www.instagram.com\/creilsudoisetourisme\/","https:\/\/www.youtube.com\/channel\/UC8L_QD2wwyADW14zt9fY8kw"]}]}},"_links":{"self":[{"href":"https:\/\/www.creilsudoise-tourisme.fr\/de\/wp-json\/wp\/v2\/pages\/51756"}],"collection":[{"href":"https:\/\/www.creilsudoise-tourisme.fr\/de\/wp-json\/wp\/v2\/pages"}],"about":[{"href":"https:\/\/www.creilsudoise-tourisme.fr\/de\/wp-json\/wp\/v2\/types\/page"}],"author":[{"embeddable":true,"href":"https:\/\/www.creilsudoise-tourisme.fr\/de\/wp-json\/wp\/v2\/users\/12"}],"replies":[{"embeddable":true,"href":"https:\/\/www.creilsudoise-tourisme.fr\/de\/wp-json\/wp\/v2\/comments?post=51756"}],"version-history":[{"count":5,"href":"https:\/\/www.creilsudoise-tourisme.fr\/de\/wp-json\/wp\/v2\/pages\/51756\/revisions"}],"predecessor-version":[{"id":51910,"href":"https:\/\/www.creilsudoise-tourisme.fr\/de\/wp-json\/wp\/v2\/pages\/51756\/revisions\/51910"}],"up":[{"embeddable":true,"href":"https:\/\/www.creilsudoise-tourisme.fr\/de\/wp-json\/wp\/v2\/pages\/50622"}],"wp:featuredmedia":[{"embeddable":true,"href":"https:\/\/www.creilsudoise-tourisme.fr\/de\/wp-json\/wp\/v2\/media\/51565"}],"wp:attachment":[{"href":"https:\/\/www.creilsudoise-tourisme.fr\/de\/wp-json\/wp\/v2\/media?parent=51756"}],"curies":[{"name":"wp","href":"https:\/\/api.w.org\/{rel}","templated":true}]}}