{"id":51570,"date":"2024-02-06T14:36:23","date_gmt":"2024-02-06T13:36:23","guid":{"rendered":"https:\/\/www.creilsudoise-tourisme.fr\/?page_id=51570"},"modified":"2024-02-19T16:24:08","modified_gmt":"2024-02-19T15:24:08","slug":"decor-jardin-de-la-maion-gallet-juillet-2","status":"publish","type":"page","link":"https:\/\/www.creilsudoise-tourisme.fr\/de\/ich-suche\/dreharbeiten\/naturdekorationen\/decor-garden-of-the-maion-gallet-julyt-2\/","title":{"rendered":"Der Garten des Hauses Gallet Juli"},"content":{"rendered":"<p class=\"is-style-excerpt\">Das Gall\u00e9-Juillet Haus, das w\u00e4hrend des gesamten 19.<sup>e<\/sup> Jahrhundert von einer Notablenfamilie aus Creille errichtet wurde, ist ein historisches Herrenhaus, das im Stil der Belle \u00c9poque eingerichtet ist. Die G\u00e4rten des Anwesens sind von Mauern umgeben und bestehen aus einem regelm\u00e4\u00dfigen Garten, dem sogenannten franz\u00f6sischen Garten, und einem unregelm\u00e4\u00dfigen Garten, dem sogenannten englischen Garten. \u00a0<\/p>\n\n\n\n<h2><strong><em>GARTEN DES GALL\u00c9-MUSEUMS-JULI<\/em><\/strong><\/h2>\n\n\n\n<figure class=\"is-layout-flex wp-block-gallery-1 wp-block-gallery has-nested-images columns-default is-cropped\">\n<figure class=\"wp-block-image size-large\"><img decoding=\"async\" loading=\"lazy\" width=\"647\" height=\"485\" data-id=\"51589\"  data-src=\"https:\/\/www.creilsudoise-tourisme.fr\/wp-content\/uploads\/2024\/01\/12.jpg\" alt=\"Der Garten des Gall\u00e9-Museums-Juillet Kino Dreharbeiten bebaut s\u00fcdlich oise paris\" class=\"wp-image-51589\" data-srcset=\"https:\/\/www.creilsudoise-tourisme.fr\/wp-content\/uploads\/2024\/01\/12.jpg 647w, https:\/\/www.creilsudoise-tourisme.fr\/wp-content\/uploads\/2024\/01\/12-600x450.jpg 600w, https:\/\/www.creilsudoise-tourisme.fr\/wp-content\/uploads\/2024\/01\/12-16x12.jpg 16w, https:\/\/www.creilsudoise-tourisme.fr\/wp-content\/uploads\/2024\/01\/12-200x150.jpg 200w, https:\/\/www.creilsudoise-tourisme.fr\/wp-content\/uploads\/2024\/01\/12-387x290.jpg 387w\" sizes=\"(max-width: 647px) 100vw, 647px\" \/><figcaption class=\"wp-element-caption\">Creil Sud Oise Tourisme - Nouara Lebachiche<\/figcaption><\/figure>\n\n\n\n<figure class=\"wp-block-image size-large\"><img decoding=\"async\" loading=\"lazy\" width=\"660\" height=\"440\" data-id=\"51592\"  data-src=\"https:\/\/www.creilsudoise-tourisme.fr\/wp-content\/uploads\/2024\/01\/jar2.jpg\" alt=\"Der Garten des Gall\u00e9-Museums-Juillet Kino Dreharbeiten bebaut s\u00fcdlich oise paris\" class=\"wp-image-51592\" data-srcset=\"https:\/\/www.creilsudoise-tourisme.fr\/wp-content\/uploads\/2024\/01\/jar2.jpg 660w, https:\/\/www.creilsudoise-tourisme.fr\/wp-content\/uploads\/2024\/01\/jar2-600x400.jpg 600w, https:\/\/www.creilsudoise-tourisme.fr\/wp-content\/uploads\/2024\/01\/jar2-18x12.jpg 18w, https:\/\/www.creilsudoise-tourisme.fr\/wp-content\/uploads\/2024\/01\/jar2-200x133.jpg 200w, https:\/\/www.creilsudoise-tourisme.fr\/wp-content\/uploads\/2024\/01\/jar2-650x433.jpg 650w, https:\/\/www.creilsudoise-tourisme.fr\/wp-content\/uploads\/2024\/01\/jar2-387x258.jpg 387w\" sizes=\"(max-width: 660px) 100vw, 660px\" \/><figcaption class=\"wp-element-caption\">Creil Sud Oise Tourisme - Nouara Lebachiche<\/figcaption><\/figure>\n\n\n\n<figure class=\"wp-block-image size-large\"><img decoding=\"async\" loading=\"lazy\" width=\"605\" height=\"437\" data-id=\"51591\"  data-src=\"https:\/\/www.creilsudoise-tourisme.fr\/wp-content\/uploads\/2024\/01\/65.jpg\" alt=\"Der Garten des Gall\u00e9-Museums-Juillet Kino Dreharbeiten bebaut s\u00fcdlich oise paris\" class=\"wp-image-51591\" data-srcset=\"https:\/\/www.creilsudoise-tourisme.fr\/wp-content\/uploads\/2024\/01\/65.jpg 605w, https:\/\/www.creilsudoise-tourisme.fr\/wp-content\/uploads\/2024\/01\/65-600x433.jpg 600w, https:\/\/www.creilsudoise-tourisme.fr\/wp-content\/uploads\/2024\/01\/65-18x12.jpg 18w, https:\/\/www.creilsudoise-tourisme.fr\/wp-content\/uploads\/2024\/01\/65-200x144.jpg 200w, https:\/\/www.creilsudoise-tourisme.fr\/wp-content\/uploads\/2024\/01\/65-387x280.jpg 387w\" sizes=\"(max-width: 605px) 100vw, 605px\" \/><figcaption class=\"wp-element-caption\">Creil Sud Oise Tourisme - Nouara Lebachiche<\/figcaption><\/figure>\n\n\n\n<figure class=\"wp-block-image size-large\"><img decoding=\"async\" loading=\"lazy\" width=\"318\" height=\"479\" data-id=\"51590\"  data-src=\"https:\/\/www.creilsudoise-tourisme.fr\/wp-content\/uploads\/2024\/01\/62.jpg\" alt=\"Der Garten des Gall\u00e9-Museums-Juillet Kino Dreharbeiten bebaut s\u00fcdlich oise paris\" class=\"wp-image-51590\" data-srcset=\"https:\/\/www.creilsudoise-tourisme.fr\/wp-content\/uploads\/2024\/01\/62.jpg 318w, https:\/\/www.creilsudoise-tourisme.fr\/wp-content\/uploads\/2024\/01\/62-8x12.jpg 8w, https:\/\/www.creilsudoise-tourisme.fr\/wp-content\/uploads\/2024\/01\/62-200x301.jpg 200w, https:\/\/www.creilsudoise-tourisme.fr\/wp-content\/uploads\/2024\/01\/62-282x424.jpg 282w\" sizes=\"(max-width: 318px) 100vw, 318px\" \/><figcaption class=\"wp-element-caption\">Creil Sud Oise Tourisme - Nouara Lebachiche<\/figcaption><\/figure>\n\n\n\n<figure class=\"wp-block-image size-large\"><img decoding=\"async\" loading=\"lazy\" width=\"360\" height=\"480\" data-id=\"51588\"  data-src=\"https:\/\/www.creilsudoise-tourisme.fr\/wp-content\/uploads\/2024\/01\/3-1.jpg\" alt=\"Der Garten des Gall\u00e9-Museums-Juillet Kino Dreharbeiten bebaut s\u00fcdlich oise paris\" class=\"wp-image-51588\" data-srcset=\"https:\/\/www.creilsudoise-tourisme.fr\/wp-content\/uploads\/2024\/01\/3-1.jpg 360w, https:\/\/www.creilsudoise-tourisme.fr\/wp-content\/uploads\/2024\/01\/3-1-9x12.jpg 9w, https:\/\/www.creilsudoise-tourisme.fr\/wp-content\/uploads\/2024\/01\/3-1-200x267.jpg 200w\" sizes=\"(max-width: 360px) 100vw, 360px\" \/><figcaption class=\"wp-element-caption\">Creil Sud Oise Tourisme - Nouara Lebachiche<\/figcaption><\/figure>\n<\/figure>\n\n\n\n<h3>Art des Ortes<\/h3>\n\n\n\n<p>ERP Typ: Y &nbsp;&nbsp;<\/p>\n\n\n\n<h3>Kategorie<\/h3>\n\n\n\n<p>&nbsp;Kategorie: 5<\/p>\n\n\n\n<p>Garten.<\/p>\n\n\n\n<h4>Umgebung <\/h4>\n\n\n\n<p>Privathof, Gall\u00e9-Juillet-Museum, Fayence-Haus, Nordfl\u00fcgel des mittelalterlichen Schlosses von Creil.<\/p>\n\n\n<div class=\"wp-block wp-block-highlight\">\n            <h3 class=\"wp-block-highlight-item wp-block-highlight-title\">Lage<\/h3>\n                <p class=\"wp-block-highlight-item wp-block-highlight-excerpt\">Stadt: 60100 Creil <br>Bundesland: Oise<br>Region: Hauts-de-France<\/p>\n    <\/div>\n\n\n<h3>Allgemeine Darstellung<\/h3>\n\n\n\n<p>Der s\u00fcdwestliche Teil des Gartens wurde im englischen Stil gestaltet. Ein kleines T\u00fcrmchen, das fr\u00fcher wahrscheinlich als Taubenschlag diente, wurde auf der Spitze eines H\u00fcgels platziert. Eine von Gossin Fr\u00e8res signierte Rundplastik stellt wahrscheinlich Ceres dar.<\/p>\n\n\n\n<p><\/p>\n\n\n\n<p>Vor der Begrenzungsmauer des Gartens wurde von der Avantgarde Saint-M\u00e9dard ein Kenotaph zum Gedenken an Maurice Gall\u00e9 errichtet, der im Ersten Weltkrieg gefallen war.<\/p>\n\n\n\n<p><\/p>\n\n\n\n<p>Im Gegensatz zum englischen Garten vermittelt der franz\u00f6sische Garten das Bild einer vom Menschen beherrschten Natur. Er befindet sich im Nordosten und besteht aus symmetrisch angelegten Beeten und blumengeschm\u00fcckten Medici-Formschalen. Der in der Mitte des Gartens platzierte Brunnen war ein wesentliches Element und lieferte das Wasser, das f\u00fcr die K\u00f6rperhygiene, die Sauberkeit des Hauses und die Ern\u00e4hrung ben\u00f6tigt wurde.<\/p>\n\n\n\n<h4>Zustand des Ortes<\/h4>\n\n\n\n<p>Guter Zustand.<\/p>\n\n\n\n<h4>Geschichte des Ortes<\/h4>\n\n\n\n<p>Im Laufe der Jahrhunderte umgestalteter Garten, der haupts\u00e4chlich in seinem Zustand aus dem 19.<sup>e<\/sup> Jahrhundert.<\/p>\n\n\n\n<h4>Bauzeit<\/h4>\n\n\n\n<p>19<sup>e<\/sup> Jahrhundert.<\/p>\n\n\n\n<h4>Dominanter Stil<\/h4>\n\n\n\n<p>19<sup>e<\/sup> Jahrhundert bis Belle \u00e9poque.<\/p>\n\n\n\n<h4>Besondere Stile <\/h4>\n\n\n\n<p>Im Freien. <\/p>\n\n\n\n<h4>Bemerkenswerte architektonische Elemente<\/h4>\n\n\n\n<p>Franz\u00f6sischer Garten, englischer Garten, Brunnen, Taubenschlag.<\/p>\n\n\n\n<h4>Datenblatt<\/h4>\n\n\n\n<p>&nbsp;&nbsp; \u25a1 Stromversorgung X Parken \u25a1 LKW-Zugang \u25a1 Logen&nbsp;&nbsp;&nbsp;&nbsp;&nbsp;&nbsp;&nbsp;&nbsp;&nbsp;&nbsp;&nbsp;&nbsp; &nbsp;<\/p>\n\n\n\n<p>X Toilette<\/p>\n\n\n\n<p>Sonstiges: Fl\u00e4che von ca. 6.500 m\u00b2.<\/p>\n\n\n\n<h4>Besonderheiten<\/h4>\n\n\n\n<p>Garten, Blick auf die Oise, privater Hof. <\/p>\n\n\n\n<hr class=\"wp-block-separator has-alpha-channel-opacity\"\/>\n\n\n\n<hr class=\"wp-block-separator has-alpha-channel-opacity\"\/>","protected":false},"excerpt":{"rendered":"<p>Das Haus Gall\u00e9-Juillet, das w\u00e4hrend des gesamten 19. Jahrhunderts von einer Familie von Honoratioren aus Creille bewohnt wurde, ist ein historisches Wohnhaus, das wie in der Belle \u00c9poque eingerichtet ist. Die von Mauern umgebenen G\u00e4rten des Anwesens bestehen aus einem regelm\u00e4\u00dfigen Garten, dem sogenannten franz\u00f6sischen Garten, und einem unregelm\u00e4\u00dfigen Garten, dem sogenannten englischen Garten.   GARTEN DES MUSEE GALL\u00c9-JUILLET [...].<\/p>","protected":false},"author":12,"featured_media":51589,"parent":50605,"menu_order":0,"comment_status":"closed","ping_status":"closed","template":"","meta":{"_relevanssi_hide_post":"","_relevanssi_hide_content":"","_relevanssi_pin_for_all":"","_relevanssi_pin_keywords":"","_relevanssi_unpin_keywords":"","_relevanssi_related_keywords":"","_relevanssi_related_include_ids":"","_relevanssi_related_exclude_ids":"","_relevanssi_related_no_append":"","_relevanssi_related_not_related":"","_relevanssi_related_posts":"38921,40150,43606,39785,42107,39133","_relevanssi_noindex_reason":""},"yoast_head":"<!-- This site is optimized with the Yoast SEO plugin v20.2.1 - https:\/\/yoast.com\/wordpress\/plugins\/seo\/ -->\n<title>D\u00e9cor de tournage : le Jardin du la Maison Gall\u00e9 Juillet.<\/title>\n<meta name=\"description\" content=\"La maison Gall\u00e9-Juillet, habit\u00e9e tout au long du XIXe si\u00e8cle par une famille de notables creillois, est une demeure historique meubl\u00e9e comme \u00e0 la Belle Voici la fiche technique du d\u00e9cor naturel dans le Jardin de la Maison Gallet-Juillet. Le jardin de la Maison Gallet -Juillet de Creil \u00e0 60km de Paris.\" \/>\n<meta name=\"robots\" content=\"index, follow, max-snippet:-1, max-image-preview:large, max-video-preview:-1\" \/>\n<link rel=\"canonical\" href=\"https:\/\/www.creilsudoise-tourisme.fr\/de\/ich-suche\/dreharbeiten\/naturdekorationen\/decor-garden-of-the-maion-gallet-julyt-2\/\" \/>\n<meta property=\"og:locale\" content=\"de_DE\" \/>\n<meta property=\"og:type\" content=\"article\" \/>\n<meta property=\"og:title\" content=\"D\u00e9cor de tournage : le Jardin du la Maison Gall\u00e9 Juillet.\" \/>\n<meta property=\"og:description\" content=\"La maison Gall\u00e9-Juillet, habit\u00e9e tout au long du XIXe si\u00e8cle par une famille de notables creillois, est une demeure historique meubl\u00e9e comme \u00e0 la Belle Voici la fiche technique du d\u00e9cor naturel dans le Jardin de la Maison Gallet-Juillet. Le jardin de la Maison Gallet -Juillet de Creil \u00e0 60km de Paris.\" \/>\n<meta property=\"og:url\" content=\"https:\/\/www.creilsudoise-tourisme.fr\/de\/ich-suche\/dreharbeiten\/naturdekorationen\/decor-garden-of-the-maion-gallet-julyt-2\/\" \/>\n<meta property=\"og:site_name\" content=\"Office de Tourisme Creil Sud Oise\" \/>\n<meta property=\"article:publisher\" content=\"https:\/\/www.facebook.com\/creilsudoisetourisme\/\" \/>\n<meta property=\"article:modified_time\" content=\"2024-02-19T15:24:08+00:00\" \/>\n<meta property=\"og:image\" content=\"https:\/\/www.creilsudoise-tourisme.fr\/wp-content\/uploads\/2024\/01\/12.jpg\" \/>\n\t<meta property=\"og:image:width\" content=\"647\" \/>\n\t<meta property=\"og:image:height\" content=\"485\" \/>\n\t<meta property=\"og:image:type\" content=\"image\/jpeg\" \/>\n<meta name=\"twitter:card\" content=\"summary_large_image\" \/>\n<meta name=\"twitter:site\" content=\"@CreilSudOiseOT\" \/>\n<meta name=\"twitter:label1\" content=\"Gesch\u00e4tzte Lesezeit\" \/>\n\t<meta name=\"twitter:data1\" content=\"2\u00a0Minuten\" \/>\n<script type=\"application\/ld+json\" class=\"yoast-schema-graph\">{\"@context\":\"https:\/\/schema.org\",\"@graph\":[{\"@type\":\"WebPage\",\"@id\":\"https:\/\/www.creilsudoise-tourisme.fr\/je-cherche\/tournage\/decors-naturels\/decor-jardin-de-la-maion-gallet-juillet-2\/\",\"url\":\"https:\/\/www.creilsudoise-tourisme.fr\/je-cherche\/tournage\/decors-naturels\/decor-jardin-de-la-maion-gallet-juillet-2\/\",\"name\":\"D\u00e9cor de tournage : le Jardin du la Maison Gall\u00e9 Juillet.\",\"isPartOf\":{\"@id\":\"https:\/\/www.creilsudoise-tourisme.fr\/#website\"},\"datePublished\":\"2024-02-06T13:36:23+00:00\",\"dateModified\":\"2024-02-19T15:24:08+00:00\",\"description\":\"La maison Gall\u00e9-Juillet, habit\u00e9e tout au long du XIXe si\u00e8cle par une famille de notables creillois, est une demeure historique meubl\u00e9e comme \u00e0 la Belle Voici la fiche technique du d\u00e9cor naturel dans le Jardin de la Maison Gallet-Juillet. Le jardin de la Maison Gallet -Juillet de Creil \u00e0 60km de Paris.\",\"breadcrumb\":{\"@id\":\"https:\/\/www.creilsudoise-tourisme.fr\/je-cherche\/tournage\/decors-naturels\/decor-jardin-de-la-maion-gallet-juillet-2\/#breadcrumb\"},\"inLanguage\":\"de\",\"potentialAction\":[{\"@type\":\"ReadAction\",\"target\":[\"https:\/\/www.creilsudoise-tourisme.fr\/je-cherche\/tournage\/decors-naturels\/decor-jardin-de-la-maion-gallet-juillet-2\/\"]}]},{\"@type\":\"BreadcrumbList\",\"@id\":\"https:\/\/www.creilsudoise-tourisme.fr\/je-cherche\/tournage\/decors-naturels\/decor-jardin-de-la-maion-gallet-juillet-2\/#breadcrumb\",\"itemListElement\":[{\"@type\":\"ListItem\",\"position\":1,\"name\":\"Accueil\",\"item\":\"https:\/\/www.creilsudoise-tourisme.fr\/\"},{\"@type\":\"ListItem\",\"position\":2,\"name\":\"Je cherche\",\"item\":\"https:\/\/www.creilsudoise-tourisme.fr\/je-cherche\/\"},{\"@type\":\"ListItem\",\"position\":3,\"name\":\"Un lieu de tournage\",\"item\":\"https:\/\/www.creilsudoise-tourisme.fr\/je-cherche\/tournage\/\"},{\"@type\":\"ListItem\",\"position\":4,\"name\":\"D\u00e9cors naturels\",\"item\":\"https:\/\/www.creilsudoise-tourisme.fr\/je-cherche\/tournage\/decors-naturels\/\"},{\"@type\":\"ListItem\",\"position\":5,\"name\":\"Le Jardin de la Maison Gallet Juillet\"}]},{\"@type\":\"WebSite\",\"@id\":\"https:\/\/www.creilsudoise-tourisme.fr\/#website\",\"url\":\"https:\/\/www.creilsudoise-tourisme.fr\/\",\"name\":\"Office de Tourisme Creil Sud Oise\",\"description\":\"Creil Sud Oise Tourisme, un territoire \u00e0 explorer !\",\"publisher\":{\"@id\":\"https:\/\/www.creilsudoise-tourisme.fr\/#organization\"},\"potentialAction\":[{\"@type\":\"SearchAction\",\"target\":{\"@type\":\"EntryPoint\",\"urlTemplate\":\"https:\/\/www.creilsudoise-tourisme.fr\/?s={search_term_string}\"},\"query-input\":\"required name=search_term_string\"}],\"inLanguage\":\"de\"},{\"@type\":\"Organization\",\"@id\":\"https:\/\/www.creilsudoise-tourisme.fr\/#organization\",\"name\":\"Creil Sud Oise Tourisme\",\"url\":\"https:\/\/www.creilsudoise-tourisme.fr\/\",\"logo\":{\"@type\":\"ImageObject\",\"inLanguage\":\"de\",\"@id\":\"https:\/\/www.creilsudoise-tourisme.fr\/#\/schema\/logo\/image\/\",\"url\":\"https:\/\/www.creilsudoise-tourisme.fr\/wp-content\/uploads\/2021\/05\/logo-svg.png\",\"contentUrl\":\"https:\/\/www.creilsudoise-tourisme.fr\/wp-content\/uploads\/2021\/05\/logo-svg.png\",\"width\":182,\"height\":71,\"caption\":\"Creil Sud Oise Tourisme\"},\"image\":{\"@id\":\"https:\/\/www.creilsudoise-tourisme.fr\/#\/schema\/logo\/image\/\"},\"sameAs\":[\"https:\/\/www.facebook.com\/creilsudoisetourisme\/\",\"https:\/\/twitter.com\/CreilSudOiseOT\",\"https:\/\/www.instagram.com\/creilsudoisetourisme\/\",\"https:\/\/www.youtube.com\/channel\/UC8L_QD2wwyADW14zt9fY8kw\"]}]}<\/script>\n<!-- \/ Yoast SEO plugin. -->","yoast_head_json":{"title":"D\u00e9cor de tournage : le Jardin du la Maison Gall\u00e9 Juillet.","description":"La maison Gall\u00e9-Juillet, habit\u00e9e tout au long du XIXe si\u00e8cle par une famille de notables creillois, est une demeure historique meubl\u00e9e comme \u00e0 la Belle Voici la fiche technique du d\u00e9cor naturel dans le Jardin de la Maison Gallet-Juillet. Le jardin de la Maison Gallet -Juillet de Creil \u00e0 60km de Paris.","robots":{"index":"index","follow":"follow","max-snippet":"max-snippet:-1","max-image-preview":"max-image-preview:large","max-video-preview":"max-video-preview:-1"},"canonical":"https:\/\/www.creilsudoise-tourisme.fr\/de\/ich-suche\/dreharbeiten\/naturdekorationen\/decor-garden-of-the-maion-gallet-julyt-2\/","og_locale":"de_DE","og_type":"article","og_title":"D\u00e9cor de tournage : le Jardin du la Maison Gall\u00e9 Juillet.","og_description":"La maison Gall\u00e9-Juillet, habit\u00e9e tout au long du XIXe si\u00e8cle par une famille de notables creillois, est une demeure historique meubl\u00e9e comme \u00e0 la Belle Voici la fiche technique du d\u00e9cor naturel dans le Jardin de la Maison Gallet-Juillet. Le jardin de la Maison Gallet -Juillet de Creil \u00e0 60km de Paris.","og_url":"https:\/\/www.creilsudoise-tourisme.fr\/de\/ich-suche\/dreharbeiten\/naturdekorationen\/decor-garden-of-the-maion-gallet-julyt-2\/","og_site_name":"Office de Tourisme Creil Sud Oise","article_publisher":"https:\/\/www.facebook.com\/creilsudoisetourisme\/","article_modified_time":"2024-02-19T15:24:08+00:00","og_image":[{"width":647,"height":485,"url":"https:\/\/www.creilsudoise-tourisme.fr\/wp-content\/uploads\/2024\/01\/12.jpg","type":"image\/jpeg"}],"twitter_card":"summary_large_image","twitter_site":"@CreilSudOiseOT","twitter_misc":{"Gesch\u00e4tzte Lesezeit":"2\u00a0Minuten"},"schema":{"@context":"https:\/\/schema.org","@graph":[{"@type":"WebPage","@id":"https:\/\/www.creilsudoise-tourisme.fr\/je-cherche\/tournage\/decors-naturels\/decor-jardin-de-la-maion-gallet-juillet-2\/","url":"https:\/\/www.creilsudoise-tourisme.fr\/je-cherche\/tournage\/decors-naturels\/decor-jardin-de-la-maion-gallet-juillet-2\/","name":"D\u00e9cor de tournage : le Jardin du la Maison Gall\u00e9 Juillet.","isPartOf":{"@id":"https:\/\/www.creilsudoise-tourisme.fr\/#website"},"datePublished":"2024-02-06T13:36:23+00:00","dateModified":"2024-02-19T15:24:08+00:00","description":"La maison Gall\u00e9-Juillet, habit\u00e9e tout au long du XIXe si\u00e8cle par une famille de notables creillois, est une demeure historique meubl\u00e9e comme \u00e0 la Belle Voici la fiche technique du d\u00e9cor naturel dans le Jardin de la Maison Gallet-Juillet. Le jardin de la Maison Gallet -Juillet de Creil \u00e0 60km de Paris.","breadcrumb":{"@id":"https:\/\/www.creilsudoise-tourisme.fr\/je-cherche\/tournage\/decors-naturels\/decor-jardin-de-la-maion-gallet-juillet-2\/#breadcrumb"},"inLanguage":"de","potentialAction":[{"@type":"ReadAction","target":["https:\/\/www.creilsudoise-tourisme.fr\/je-cherche\/tournage\/decors-naturels\/decor-jardin-de-la-maion-gallet-juillet-2\/"]}]},{"@type":"BreadcrumbList","@id":"https:\/\/www.creilsudoise-tourisme.fr\/je-cherche\/tournage\/decors-naturels\/decor-jardin-de-la-maion-gallet-juillet-2\/#breadcrumb","itemListElement":[{"@type":"ListItem","position":1,"name":"Accueil","item":"https:\/\/www.creilsudoise-tourisme.fr\/"},{"@type":"ListItem","position":2,"name":"Je cherche","item":"https:\/\/www.creilsudoise-tourisme.fr\/je-cherche\/"},{"@type":"ListItem","position":3,"name":"Un lieu de tournage","item":"https:\/\/www.creilsudoise-tourisme.fr\/je-cherche\/tournage\/"},{"@type":"ListItem","position":4,"name":"D\u00e9cors naturels","item":"https:\/\/www.creilsudoise-tourisme.fr\/je-cherche\/tournage\/decors-naturels\/"},{"@type":"ListItem","position":5,"name":"Le Jardin de la Maison Gallet Juillet"}]},{"@type":"WebSite","@id":"https:\/\/www.creilsudoise-tourisme.fr\/#website","url":"https:\/\/www.creilsudoise-tourisme.fr\/","name":"Office de Tourisme Creil Sud Oise","description":"Creil Sud Oise Tourisme, un territoire \u00e0 explorer !","publisher":{"@id":"https:\/\/www.creilsudoise-tourisme.fr\/#organization"},"potentialAction":[{"@type":"SearchAction","target":{"@type":"EntryPoint","urlTemplate":"https:\/\/www.creilsudoise-tourisme.fr\/?s={search_term_string}"},"query-input":"required name=search_term_string"}],"inLanguage":"de"},{"@type":"Organization","@id":"https:\/\/www.creilsudoise-tourisme.fr\/#organization","name":"Creil Sud Oise Tourisme","url":"https:\/\/www.creilsudoise-tourisme.fr\/","logo":{"@type":"ImageObject","inLanguage":"de","@id":"https:\/\/www.creilsudoise-tourisme.fr\/#\/schema\/logo\/image\/","url":"https:\/\/www.creilsudoise-tourisme.fr\/wp-content\/uploads\/2021\/05\/logo-svg.png","contentUrl":"https:\/\/www.creilsudoise-tourisme.fr\/wp-content\/uploads\/2021\/05\/logo-svg.png","width":182,"height":71,"caption":"Creil Sud Oise Tourisme"},"image":{"@id":"https:\/\/www.creilsudoise-tourisme.fr\/#\/schema\/logo\/image\/"},"sameAs":["https:\/\/www.facebook.com\/creilsudoisetourisme\/","https:\/\/twitter.com\/CreilSudOiseOT","https:\/\/www.instagram.com\/creilsudoisetourisme\/","https:\/\/www.youtube.com\/channel\/UC8L_QD2wwyADW14zt9fY8kw"]}]}},"_links":{"self":[{"href":"https:\/\/www.creilsudoise-tourisme.fr\/de\/wp-json\/wp\/v2\/pages\/51570"}],"collection":[{"href":"https:\/\/www.creilsudoise-tourisme.fr\/de\/wp-json\/wp\/v2\/pages"}],"about":[{"href":"https:\/\/www.creilsudoise-tourisme.fr\/de\/wp-json\/wp\/v2\/types\/page"}],"author":[{"embeddable":true,"href":"https:\/\/www.creilsudoise-tourisme.fr\/de\/wp-json\/wp\/v2\/users\/12"}],"replies":[{"embeddable":true,"href":"https:\/\/www.creilsudoise-tourisme.fr\/de\/wp-json\/wp\/v2\/comments?post=51570"}],"version-history":[{"count":10,"href":"https:\/\/www.creilsudoise-tourisme.fr\/de\/wp-json\/wp\/v2\/pages\/51570\/revisions"}],"predecessor-version":[{"id":52241,"href":"https:\/\/www.creilsudoise-tourisme.fr\/de\/wp-json\/wp\/v2\/pages\/51570\/revisions\/52241"}],"up":[{"embeddable":true,"href":"https:\/\/www.creilsudoise-tourisme.fr\/de\/wp-json\/wp\/v2\/pages\/50605"}],"wp:featuredmedia":[{"embeddable":true,"href":"https:\/\/www.creilsudoise-tourisme.fr\/de\/wp-json\/wp\/v2\/media\/51589"}],"wp:attachment":[{"href":"https:\/\/www.creilsudoise-tourisme.fr\/de\/wp-json\/wp\/v2\/media?parent=51570"}],"curies":[{"name":"wp","href":"https:\/\/api.w.org\/{rel}","templated":true}]}}