{"id":47202,"date":"2023-04-17T16:58:29","date_gmt":"2023-04-17T14:58:29","guid":{"rendered":"https:\/\/www.creilsudoise-tourisme.fr\/?page_id=47202"},"modified":"2025-09-15T09:43:27","modified_gmt":"2025-09-15T07:43:27","slug":"randonner","status":"publish","type":"page","link":"https:\/\/www.creilsudoise-tourisme.fr\/de\/jexplore\/unumganglich\/wandern-3\/","title":{"rendered":"Die Spazierg\u00e4nge &amp; Wanderungen"},"content":{"rendered":"<p class=\"is-style-excerpt\">Zwischen W\u00e4ldern und Steinbr\u00fcchen, dynamischen St\u00e4dten und typischen D\u00f6rfern im S\u00fcden des Departements Oise ist die <strong>Destination Creil Sud Oise bietet Ihnen eine ideale Umgebung zum Wandern und Spazierengehen.<\/strong><\/p>\n\n\n\n<div class=\"is-layout-flex wp-container-7 wp-block-columns\">\n<div class=\"is-layout-flow wp-block-column\">\n<div class=\"is-content-justification-center is-layout-flex wp-container-1 wp-block-buttons\">\n<div class=\"wp-block-button\"><a class=\"wp-block-button__link wp-element-button\" href=\"https:\/\/www.creilsudoise-tourisme.fr\/de\/ich-suche\/wandern\/\" target=\"_blank\" rel=\"noreferrer noopener\">markierte Wege<\/a><\/div>\n<\/div>\n<\/div>\n\n\n\n<div class=\"is-layout-flow wp-block-column\">\n<div class=\"is-content-justification-center is-layout-flex wp-container-3 wp-block-buttons\">\n<div class=\"wp-block-button\"><a class=\"wp-block-button__link wp-element-button\" href=\"#balade\" target=\"_blank\" rel=\"noreferrer noopener\">Spaziergang in den Parks<\/a><\/div>\n<\/div>\n<\/div>\n\n\n\n<div class=\"is-layout-flow wp-block-column\">\n<div class=\"is-content-justification-center is-layout-flex wp-container-5 wp-block-buttons\">\n<div class=\"wp-block-button\"><a class=\"wp-block-button__link wp-element-button\" href=\"#itineraires-departementaux\" target=\"_blank\" rel=\"noreferrer noopener\">gro\u00dfe Departementsrouten<\/a><\/div>\n<\/div>\n<\/div>\n<\/div>\n\n\n\n<div class=\"is-layout-flex wp-container-12 wp-block-columns\">\n<div class=\"is-layout-flow wp-block-column\">\n<div class=\"is-content-justification-center is-layout-flex wp-container-8 wp-block-buttons\">\n<div class=\"wp-block-button\"><a class=\"wp-block-button__link wp-element-button\" href=\"https:\/\/www.creilsudoise-tourisme.fr\/de\/2022\/01\/24\/wandern-2\/\" target=\"_blank\" rel=\"noreferrer noopener\">die Wandervereine<\/a><\/div>\n<\/div>\n<\/div>\n\n\n\n<div class=\"is-layout-flow wp-block-column\">\n<div class=\"is-content-justification-center is-layout-flex wp-container-10 wp-block-buttons\">\n<div class=\"wp-block-button\"><a class=\"wp-block-button__link wp-element-button\" href=\"https:\/\/www.creilsudoise-tourisme.fr\/de\/praxis\/broschuren\/\" target=\"_blank\" rel=\"noreferrer noopener\">EINEN TOPOGUIDE BESTELLEN<\/a><\/div>\n<\/div>\n<\/div>\n<\/div>\n\n\n\n<div class=\"wp-block-strate-full alignfull\">\n\n    <div class=\"wp-block-strate-full-thumbnail\">\n        <img data-src=\"https:\/\/www.creilsudoise-tourisme.fr\/wp-content\/uploads\/2023\/04\/Itineraire-balise-de-randonnee-1600x900.jpg\" alt=\"Markierte Wanderroute\">\n    <\/div>\n\n\t\n        <div class=\"wp-block-strate-full-content wp-block-strate-full-content-left\">\n\t\t\t\t\t\t                <p class=\"wp-block-strate-full-content-excerpt\"> Creil Sud Oise ist reich an<strong> ungeahnte Landschaften<\/strong>Entdecken Sie auf einer Wanderung die sch\u00f6nsten Landschaften der Welt! <\/p>\n\t\t\t        <\/div>\n\n\t\n<\/div>\n\n\n\n<h2>Auf markierten Wegen wandern<\/h2>\n\n\n\n<p><strong>Die Destination Creil Sud Oise ist reich an Wanderwegen<\/strong>Viele davon sind markiert und im Plan D\u00e9partemental des Itineraires de Promenade et de Randonn\u00e9e (PDIPR) eingetragen. <\/p>\n\n\n<div class=\"wp-block wp-block-highlight\">\n            <h3 class=\"wp-block-highlight-item wp-block-highlight-title\">Charta des guten Wanderers<\/h3>\n                <p class=\"wp-block-highlight-item wp-block-highlight-excerpt\">Respektieren Sie Natur und Sicherheit: Entdecken Sie die Charta f\u00fcr Wanderer.<br><strong><a href=\"https:\/\/www.creilsudoise-tourisme.fr\/wp-content\/uploads\/2025\/09\/charte-du-randonneur-bdef.pdf\" target=\"_blank\" rel=\"noreferrer noopener\">Charta lesen<\/a><\/strong><\/p>\n    <\/div>\n\n\n<h3>Land aus Stein, Wasser und Natur<\/h3>\n\n\n\n<p><a href=\"https:\/\/www.creilsudoise-tourisme.fr\/de\/jexplore\/unumganglich\/steinhaus\/\" target=\"_blank\" rel=\"noreferrer noopener\">Land aus Stein<\/a>Auf Ihren Spazierg\u00e4ngen werden Sie Folgendes entdecken <strong>verlassene oder noch aktive Steinbr\u00fcche. <\/strong><\/p>\n\n\n\n<p>Sie werden entlang <strong>der Wasserl\u00e4ufe <\/strong>wie der Th\u00e9rain, wo es m\u00f6glich ist, einen <a href=\"https:\/\/www.creilsudoise-tourisme.fr\/de\/loisirs\/canoe-kayak-club-du-therain\/\" target=\"_blank\" rel=\"noreferrer noopener\">Kanu-Kajak<\/a> oder die Oise, ein Fluss, auf dem im Sommer Kreuzfahrten veranstaltet werden (siehe unseren <a href=\"https:\/\/www.creilsudoise-tourisme.fr\/de\/agenda\/\" target=\"_blank\" rel=\"noreferrer noopener\">Agenda<\/a> !). Im Fr\u00fchling und Sommer werden <a href=\"https:\/\/www.youtube.com\/watch?v=NuNOli6iKDA\" target=\"_blank\" rel=\"noreferrer noopener\">Einf\u00fchrungen ins Rudern<\/a> werden auch in Creil angeboten. <\/p>\n\n\n\n<p><strong>W\u00e4lder, Felder und typische D\u00f6rfer aus Bruchsteinh\u00e4usern im S\u00fcden der Oise wechseln sich ab - und sehen doch nicht gleich aus!<\/strong><\/p>\n\n\n\n<figure class=\"wp-block-embed is-type-video is-provider-youtube wp-block-embed-youtube wp-embed-aspect-4-3 wp-has-aspect-ratio\"><div class=\"wp-block-embed__wrapper\">\n<iframe loading=\"lazy\" title=\"[LES INCONTOURNABLES] Die Wanderung &quot;Sur les pas des b\u00e2tisseurs&quot; (Auf den Spuren der Baumeister) | Creil Sud Oise Tourisme\" width=\"500\" height=\"375\" data-src=\"https:\/\/www.youtube.com\/embed\/OhgD3hy0xqg?feature=oembed\" frameborder=\"0\" allow=\"accelerometer; autoplay; clipboard-write; encrypted-media; gyroscope; picture-in-picture; web-share\" referrerpolicy=\"strict-origin-when-cross-origin\" allowfullscreen><\/iframe>\n<\/div><figcaption class=\"wp-element-caption\">Anthony hat f\u00fcr Sie die Wanderroute getestet <a href=\"https:\/\/www.creilsudoise-tourisme.fr\/de\/balade-randonnee\/auf-den-schultern-liegen\/\" target=\"_blank\" rel=\"noreferrer noopener\">Auf den Spuren der Baumeister<\/a><\/figcaption><\/figure>\n\n\n\n<h3>Zu Fu\u00df, mit dem Fahrrad oder auf dem Pferd<\/h3>\n\n\n\n<p>Die Routen sind je nach Ihrem Niveau f\u00fcr alle zug\u00e4nglich und reichen von <strong>von 6 km bis 13 km<\/strong>. Sie k\u00f6nnen sie durchsuchen <strong>zu Fu\u00df, mit dem Fahrrad und sogar auf dem Pferd<\/strong> !<\/p>\n\n\n\n<p>Von <strong><a href=\"https:\/\/www.creilsudoise-tourisme.fr\/de\/ich-suche\/aktivitat-natur\/#Pique-nique\" target=\"_blank\" rel=\"noreferrer noopener\">Picknickpl\u00e4tze<\/a> punktieren die Wege<\/strong>Denken Sie an Ihre Brotzeit!<\/p>\n\n\n\n<h3>Die Reiserouten<\/h3>\n\n\n\n<p>Entdecken Sie unten <strong>die Routen dieser markierten Wanderungen<\/strong> \u00fcber die Destination Creil Sud Oise!<\/p>\n\n\n\n<p>Gut zu wissen: Sie k\u00f6nnen <strong>kumulieren von Routen<\/strong> und entdecken Creil Sud Oise bei einer <strong>Rundwanderung von fast 50 km!<\/strong><\/p>\n\n\n\n<div class=\"is-content-justification-center is-layout-flex wp-container-13 wp-block-buttons\">\n<div class=\"wp-block-button\"><a class=\"wp-block-button__link wp-element-button\" href=\"https:\/\/www.creilsudoise-tourisme.fr\/de\/ich-suche\/wandern\/\" target=\"_blank\" rel=\"noreferrer noopener\">markierte Wege<\/a><\/div>\n<\/div>\n\n\n\n<div class=\"is-layout-flex wp-container-16 wp-block-columns\">\n<div class=\"is-layout-flow wp-block-column\">\n<figure class=\"wp-block-image size-large\"><img decoding=\"async\" loading=\"lazy\" width=\"1200\" height=\"583\" data-src=\"https:\/\/www.creilsudoise-tourisme.fr\/wp-content\/uploads\/2023\/04\/MaRando-1200x583.jpg\" alt=\"markierte Wanderung Route Weg\" class=\"wp-image-47231\" data-srcset=\"https:\/\/www.creilsudoise-tourisme.fr\/wp-content\/uploads\/2023\/04\/MaRando-1200x583.jpg 1200w, https:\/\/www.creilsudoise-tourisme.fr\/wp-content\/uploads\/2023\/04\/MaRando-600x292.jpg 600w, https:\/\/www.creilsudoise-tourisme.fr\/wp-content\/uploads\/2023\/04\/MaRando-900x438.jpg 900w, https:\/\/www.creilsudoise-tourisme.fr\/wp-content\/uploads\/2023\/04\/MaRando-18x9.jpg 18w, https:\/\/www.creilsudoise-tourisme.fr\/wp-content\/uploads\/2023\/04\/MaRando-200x97.jpg 200w, https:\/\/www.creilsudoise-tourisme.fr\/wp-content\/uploads\/2023\/04\/MaRando-650x316.jpg 650w, https:\/\/www.creilsudoise-tourisme.fr\/wp-content\/uploads\/2023\/04\/MaRando-387x188.jpg 387w, https:\/\/www.creilsudoise-tourisme.fr\/wp-content\/uploads\/2023\/04\/MaRando.jpg 1440w\" sizes=\"(max-width: 1200px) 100vw, 1200px\" \/><\/figure>\n<\/div>\n\n\n\n<div class=\"is-layout-flow wp-block-column\">\n<p>Sie k\u00f6nnen auch <strong>die Routen in der App wiederfinden <a href=\"https:\/\/www.ffrandonnee.fr\/s-informer\/actualites\/marando-l-application-officielle-de-la-ffrandonnee\" target=\"_blank\" rel=\"noreferrer noopener\">MaRando<\/a><\/strong>Das ist superpraktisch, um sich in aller Ruhe zu orientieren!<\/p>\n<\/div>\n<\/div>\n\n\n\n<div class=\"is-layout-flex wp-container-19 wp-block-columns\">\n<div class=\"is-layout-flow wp-block-column\">\n<figure class=\"wp-block-image size-full\"><img decoding=\"async\" loading=\"lazy\" width=\"768\" height=\"564\" data-src=\"https:\/\/www.creilsudoise-tourisme.fr\/wp-content\/uploads\/2025\/09\/caroussel-plan1-768x1365-2.jpg\" alt=\"\" class=\"wp-image-65145\" data-srcset=\"https:\/\/www.creilsudoise-tourisme.fr\/wp-content\/uploads\/2025\/09\/caroussel-plan1-768x1365-2.jpg 768w, https:\/\/www.creilsudoise-tourisme.fr\/wp-content\/uploads\/2025\/09\/caroussel-plan1-768x1365-2-600x441.jpg 600w, https:\/\/www.creilsudoise-tourisme.fr\/wp-content\/uploads\/2025\/09\/caroussel-plan1-768x1365-2-16x12.jpg 16w, https:\/\/www.creilsudoise-tourisme.fr\/wp-content\/uploads\/2025\/09\/caroussel-plan1-768x1365-2-200x147.jpg 200w, https:\/\/www.creilsudoise-tourisme.fr\/wp-content\/uploads\/2025\/09\/caroussel-plan1-768x1365-2-650x477.jpg 650w, https:\/\/www.creilsudoise-tourisme.fr\/wp-content\/uploads\/2025\/09\/caroussel-plan1-768x1365-2-387x284.jpg 387w\" sizes=\"(max-width: 768px) 100vw, 768px\" \/><\/figure>\n<\/div>\n\n\n\n<div class=\"is-layout-flow wp-block-column\">\n<p>Mit <strong>die Anwendung <a href=\"https:\/\/www.oisetourisme.com\/oise-rando-lappli-de-vos-randos-a-pied-ou-a-velo\/\" target=\"_blank\" rel=\"noreferrer noopener\">Oise Rando<\/a><\/strong>Entdecken Sie die Wander- und Radwege des Departements!<\/p>\n<\/div>\n<\/div>\n\n\n\n<div class=\"is-layout-flex wp-container-22 wp-block-columns\">\n<div class=\"is-layout-flow wp-block-column\">\n<figure class=\"wp-block-image size-full\"><img decoding=\"async\" loading=\"lazy\" width=\"1200\" height=\"800\" data-src=\"https:\/\/www.creilsudoise-tourisme.fr\/wp-content\/uploads\/2025\/09\/Velo_013_HD_\u00a9_cyril_badet.jpg\" alt=\"\" class=\"wp-image-65144\" data-srcset=\"https:\/\/www.creilsudoise-tourisme.fr\/wp-content\/uploads\/2025\/09\/Velo_013_HD_\u00a9_cyril_badet.jpg 1200w, https:\/\/www.creilsudoise-tourisme.fr\/wp-content\/uploads\/2025\/09\/Velo_013_HD_\u00a9_cyril_badet-600x400.jpg 600w, https:\/\/www.creilsudoise-tourisme.fr\/wp-content\/uploads\/2025\/09\/Velo_013_HD_\u00a9_cyril_badet-900x600.jpg 900w, https:\/\/www.creilsudoise-tourisme.fr\/wp-content\/uploads\/2025\/09\/Velo_013_HD_\u00a9_cyril_badet-18x12.jpg 18w, https:\/\/www.creilsudoise-tourisme.fr\/wp-content\/uploads\/2025\/09\/Velo_013_HD_\u00a9_cyril_badet-200x133.jpg 200w, https:\/\/www.creilsudoise-tourisme.fr\/wp-content\/uploads\/2025\/09\/Velo_013_HD_\u00a9_cyril_badet-650x433.jpg 650w, https:\/\/www.creilsudoise-tourisme.fr\/wp-content\/uploads\/2025\/09\/Velo_013_HD_\u00a9_cyril_badet-387x258.jpg 387w\" sizes=\"(max-width: 1200px) 100vw, 1200px\" \/><\/figure>\n<\/div>\n\n\n\n<div class=\"is-layout-flow wp-block-column\">\n<p>Der regionale Naturpark Oise Pays de France bietet <strong>routen auf seiner App <a href=\"https:\/\/destination.parc-oise-paysdefrance.fr\/sorganiser\/lapplication-rando\/\" target=\"_blank\" rel=\"noreferrer noopener\">Rando Parc<\/a> <\/strong>zum Herunterladen auf Ihr Smartphone!<\/p>\n<\/div>\n<\/div>\n\n\n\n<div class=\"wp-block-strate-full alignfull\">\n\n    <div class=\"wp-block-strate-full-thumbnail\">\n        <img data-src=\"https:\/\/www.creilsudoise-tourisme.fr\/wp-content\/uploads\/2023\/04\/Berges-de-lOise-1600x900.jpg\" alt=\"Ufer der Oise\">\n    <\/div>\n\n\t\n        <div class=\"wp-block-strate-full-content wp-block-strate-full-content-left\">\n\t\t\t\t\t\t                <p class=\"wp-block-strate-full-content-excerpt\"> <strong>Teiche, Flussufer, Parks, Naturschutzgebiete<\/strong> : Genie\u00dfen Sie bei Ihren Spazierg\u00e4ngen die Vielfalt von Creil Sud Oise! <\/p>\n\t\t\t        <\/div>\n\n\t\n<\/div>\n\n\n\n<h2 id=\"balade\">Spazierg\u00e4nge in Parks und an Flussufern<\/h2>\n\n\n\n<p>Bei einem Spaziergang durch die St\u00e4dte und D\u00f6rfer der Destination Creil Sud Oise entdecken Sie <strong>vielf\u00e4ltige und manchmal erstaunliche Landschaften<\/strong> ! Ein <a href=\"https:\/\/www.creilsudoise-tourisme.fr\/de\/espace-naturel\/etang-sainte-barbe\/\" target=\"_blank\" rel=\"noreferrer noopener\">azurblauer teich<\/a>eine <a href=\"https:\/\/www.creilsudoise-tourisme.fr\/de\/loisirs\/les-glachoirs\/\" target=\"_blank\" rel=\"noreferrer noopener\">biodiversit\u00e4t aus dem s\u00fcden<\/a>die Ufer entlang der <a href=\"https:\/\/www.creilsudoise-tourisme.fr\/de\/espace-naturel\/berges-du-therain-a-montataire\/\" target=\"_blank\" rel=\"noreferrer noopener\">schnell <\/a>oder eines <a href=\"https:\/\/www.creilsudoise-tourisme.fr\/de\/espace-naturel\/chantraine-sumpf\/\" target=\"_blank\" rel=\"noreferrer noopener\">S\u00fcmpfe<\/a>... es gibt sogar <a href=\"https:\/\/www.creilsudoise-tourisme.fr\/de\/espace-naturel\/square-japanese-phillippe-decourtray\/\" target=\"_blank\" rel=\"noreferrer noopener\">ein Park mit japanischem Flair<\/a> !<\/p>\n\n\n\n<figure class=\"wp-block-embed is-type-video is-provider-youtube wp-block-embed-youtube wp-embed-aspect-16-9 wp-has-aspect-ratio\"><div class=\"wp-block-embed__wrapper\">\n<iframe loading=\"lazy\" title=\"Spaziergang an den Ufern von Saint-Leu-d&#039;Esserent | Creil Sud Oise Tourisme\" width=\"500\" height=\"281\" data-src=\"https:\/\/www.youtube.com\/embed\/Lrdcfwg_4bY?feature=oembed\" frameborder=\"0\" allow=\"accelerometer; autoplay; clipboard-write; encrypted-media; gyroscope; picture-in-picture; web-share\" referrerpolicy=\"strict-origin-when-cross-origin\" allowfullscreen><\/iframe>\n<\/div><figcaption class=\"wp-element-caption\">Entdecken Sie die Berges de l'Oise in Saint-Leu-d'Esserent<\/figcaption><\/figure>\n\n\n\n\n\n<div class=\"wp-block-strate-full alignfull\">\n\n    <div class=\"wp-block-strate-full-thumbnail\">\n        <img data-src=\"https:\/\/www.creilsudoise-tourisme.fr\/wp-content\/uploads\/2023\/04\/Promenade-aux-Glachoirs.jpg\" alt=\"Spaziergang zu den Glachoirs\">\n    <\/div>\n\n\t\n        <div class=\"wp-block-strate-full-content wp-block-strate-full-content-left\">\n\t\t\t\t\t\t                <p class=\"wp-block-strate-full-content-excerpt\"> Von <strong>sanfte Wege<\/strong> durchqueren die Destination Creil Sud Oise und erreichen<strong> Departementsrouten.<\/strong> <\/p>\n\t\t\t        <\/div>\n\n\t\n<\/div>\n\n\n\n<h2 id=\"itineraires-departementaux\">Gro\u00dfe Departementsrouten<\/h2>\n\n\n\n<p>Die Destination Creil Sud Oise wird durchquert von <strong>zwei gro\u00dfe Departementsrouten<\/strong> : <strong>Die Trans'Oise <\/strong>und die Radtouristikroute <strong>Das Massif des Trois For\u00eats<\/strong>.<\/p>\n\n\n\n<h3>Die Trans'Oise<\/h3>\n\n\n\n<p>Nicht weit von der Destination Creil Sud Oise entfernt, verlaufen die<a href=\"https:\/\/www.avenuevertelondonparis.com\/\" target=\"_blank\" rel=\"noreferrer noopener\">Gr\u00fcne Allee London-Paris<\/a> und die<a href=\"https:\/\/www.scandiberique.fr\/\" target=\"_blank\" rel=\"noreferrer noopener\">Euroveloroute Nr. 3 Scandiberica<\/a>. Schlie\u00dfen Sie sich diesen Routen an, indem Sie die <strong>Trans'Oise<\/strong>eine <strong>Sanfter Verkehrsweg, der zu Fu\u00df, mit dem Fahrrad oder sogar mit Inline-Skates befahren werden kann!<\/strong><\/p>\n\n\n\n<p>Planen Sie Ihre sanfte Route mit&nbsp;<a href=\"https:\/\/www.oise-mobilite.fr\/\" target=\"_blank\" rel=\"noreferrer noopener\">Oise Mobility<\/a>&nbsp;(indem Sie sich f\u00fcr den Transport mit dem Fahrrad entscheiden)!<\/p>\n\n\n\n<div class=\"is-content-justification-center is-layout-flex wp-container-23 wp-block-buttons\">\n<div class=\"wp-block-button\"><a class=\"wp-block-button__link wp-element-button\" href=\"https:\/\/www.oise-mobilite.fr\/fr\/part14\/transoise\/1014\" target=\"_blank\" rel=\"noreferrer noopener\">Die Trans'Oise<\/a><\/div>\n<\/div>\n\n\n\n<h3>Das Massif des Trois For\u00eats<\/h3>\n\n\n\n<p>Fahren Sie mit dem Fahrrad nach <strong>die Entdeckung der drei sch\u00f6nsten W\u00e4lder des Departements Oise<\/strong> ! Fahren Sie auf der Route D\u00e9partementale <strong>Das Massiv der Drei W\u00e4lder<\/strong> und bewundern Sie die Naturgebiete von Chantilly, Ermenonville und Halatte von Saint-Maximin aus (dort k\u00f6nnen Sie auch die <a href=\"https:\/\/www.creilsudoise-tourisme.fr\/de\/jexplore\/unumganglich\/steinhaus\/\" target=\"_blank\" rel=\"noreferrer noopener\">Steinhaus<\/a> um die Geschichte der Steinbr\u00fcche zu entdecken, die den S\u00fcden der Oise geformt haben). <\/p>\n\n\n\n<p>Diese Route f\u00fchrt durch den <a href=\"https:\/\/www.parc-oise-paysdefrance.fr\/\" target=\"_blank\" rel=\"noreferrer noopener\">Regionaler Naturpark Oise-Pays de France<\/a>in der vorgeschlagen wird<strong> zahlreiche Ideen f\u00fcr Spazierg\u00e4nge und Wanderungen<\/strong> : Z\u00f6gern Sie nicht, auf ihren markierten Routen zu wandern! <\/p>\n\n\n\n<div class=\"is-content-justification-center is-layout-flex wp-container-24 wp-block-buttons\">\n<div class=\"wp-block-button\"><a class=\"wp-block-button__link wp-element-button\" href=\"https:\/\/www.oisetourisme.com\/itineraire\/le-massif-des-trois-forets\/\" target=\"_blank\" rel=\"noreferrer noopener\">Das Massiv der drei W\u00e4lder<\/a><\/div>\n<\/div>\n\n\n\n<div class=\"wp-block-strate-full alignfull\">\n\n    <div class=\"wp-block-strate-full-thumbnail\">\n        <img data-src=\"https:\/\/www.creilsudoise-tourisme.fr\/wp-content\/uploads\/2023\/04\/Randonnee-Entre-Champs-et-Vallee-1600x900.jpg\" alt=\"Wanderung Entre Champs et Vall\u00e9es\">\n    <\/div>\n\n\t\n        <div class=\"wp-block-strate-full-content wp-block-strate-full-content-right\">\n\t\t\t\t\t\t                <p class=\"wp-block-strate-full-content-excerpt\"> Genie\u00dfen Sie eine <strong>von einem Club organisierte Wanderung, um in der Gruppe zu wandern!<\/strong> <\/p>\n\t\t\t        <\/div>\n\n\t\n<\/div>\n\n\n\n<h2>Wandern mit einem Wanderverein<\/h2>\n\n\n\n<p>Sie suchen einen <strong><a href=\"https:\/\/www.creilsudoise-tourisme.fr\/de\/2022\/01\/24\/wandern-2\/\" target=\"_blank\" rel=\"noreferrer noopener\">Wanderverein<\/a> um in einer Gruppe zu gehen <\/strong>oder sich an sportlicheren Gehpraktiken versuchen? Entdecken Sie<strong> Vereine, die regelm\u00e4\u00dfig Ausfl\u00fcge und Spazierg\u00e4nge organisieren <\/strong>in Creil Sud Oise und Umgebung!<\/p>\n\n\n\n<p>Einige bieten nur <strong>Fu\u00dfmarsch<\/strong>Andere kombinieren auch den <strong>Fahrrad<\/strong>.<\/p>\n\n\n\n<div class=\"is-content-justification-center is-layout-flex wp-container-25 wp-block-buttons\">\n<div class=\"wp-block-button\"><a class=\"wp-block-button__link wp-element-button\" href=\"https:\/\/www.creilsudoise-tourisme.fr\/de\/2022\/01\/24\/wandern-2\/\" target=\"_blank\" rel=\"noreferrer noopener\">Die Vereine<\/a><\/div>\n<\/div>\n\n\n<div data-related-sit=\"1\" data-block-type=\"related-sit-gt\" data-block-id=\"wpet-sit-18fnhwwa5hs\"><div class=\"wp-block wp-block-related-post wp-block-related-list-sit alignfull\">\n    \n    <div class=\"container\">\n\n                    <h2 class=\"wp-block-related-post-title\">Die n\u00e4chsten Wanderungen<\/h2>\n        \n                    <div id=\"wpiris-related-post-140\" data-id=\"wpiris-entity-slider\">\n                <div class=\"wp-block-related-post-list wp-block-related-post-list--3\" data-id=\"wpiris-entity-slider-wrapper\">\n\n                    \n<div class=\"entityItem\" data-trigger=\"wpiris-click\" data-id=\"wpiris-entity-slider-item\">\n    <p class=\"entityItemThumbnail\">\n        <a href=\"https:\/\/www.creilsudoise-tourisme.fr\/de\/agenda-animations\/les-60-kms-de-marche-de-loise-10eme-edition\/\" nofancybox>\n            <img data-src=\"https:\/\/www.creilsudoise-tourisme.fr\/wp-content\/uploads\/wpetourisme\/Affiche-Les-60-km-marche-Rando-Sud-Oise-27-28-juin-2026-275x350.jpg\" alt=\"LES 60 KMS DE MARCHE DE L&#039;OISE 10. EDITION\">\n        <\/a>\n    <\/p>\n    <div class=\"entityItemContent\">\n        <h2 class=\"entityItemContentTitle\">\n            <a href=\"https:\/\/www.creilsudoise-tourisme.fr\/de\/agenda-animations\/les-60-kms-de-marche-de-loise-10eme-edition\/\">LES 60 KMS DE MARCHE DE L'OISE 10. EDITION<\/a>\n        <\/h2>\n                    <p class=\"entityItemContentType\">Feste und Veranstaltungen<\/p>\n            <\/div>\n    <a href=\"https:\/\/www.creilsudoise-tourisme.fr\/de\/agenda-animations\/les-60-kms-de-marche-de-loise-10eme-edition\/\" class=\"seeMore\"><span class=\"sr-only\">Mehr sehen<\/span><\/a>\n<\/div>\n\n<div class=\"entityItem\" data-trigger=\"wpiris-click\" data-id=\"wpiris-entity-slider-item\">\n    <p class=\"entityItemThumbnail\">\n        <a href=\"https:\/\/www.creilsudoise-tourisme.fr\/de\/agenda-animations\/wandere-die-60-kms-von-der-loisesche-wanderung\/\" nofancybox>\n            <img data-src=\"https:\/\/www.creilsudoise-tourisme.fr\/wp-content\/uploads\/wpetourisme\/Affiche-Les-60-km-marche-Rando-Sud-Oise-27-28-juin-2026-2-275x350.jpg\" alt=\"Wandern | Die 60km-Wanderung in der Oise\">\n        <\/a>\n    <\/p>\n    <div class=\"entityItemContent\">\n        <h2 class=\"entityItemContentTitle\">\n            <a href=\"https:\/\/www.creilsudoise-tourisme.fr\/de\/agenda-animations\/wandere-die-60-kms-von-der-loisesche-wanderung\/\">Wandern | Die 60km-Wanderung in der Oise<\/a>\n        <\/h2>\n                    <p class=\"entityItemContentType\">Feste und Veranstaltungen<\/p>\n            <\/div>\n    <a href=\"https:\/\/www.creilsudoise-tourisme.fr\/de\/agenda-animations\/wandere-die-60-kms-von-der-loisesche-wanderung\/\" class=\"seeMore\"><span class=\"sr-only\">Mehr sehen<\/span><\/a>\n<\/div>\n\n<div class=\"entityItem\" data-trigger=\"wpiris-click\" data-id=\"wpiris-entity-slider-item\">\n    <p class=\"entityItemThumbnail\">\n        <a href=\"https:\/\/www.creilsudoise-tourisme.fr\/de\/agenda-animations\/les-relais-de-lacso\/\" nofancybox>\n            <img data-src=\"https:\/\/www.creilsudoise-tourisme.fr\/wp-content\/uploads\/wpetourisme\/relais-de-l-ACSO-2026-700x700px-275x350.jpg\" alt=\"Die ACSO-Stafetten\">\n        <\/a>\n    <\/p>\n    <div class=\"entityItemContent\">\n        <h2 class=\"entityItemContentTitle\">\n            <a href=\"https:\/\/www.creilsudoise-tourisme.fr\/de\/agenda-animations\/les-relais-de-lacso\/\">Die ACSO-Stafetten<\/a>\n        <\/h2>\n                    <p class=\"entityItemContentType\">Feste und Veranstaltungen<\/p>\n            <\/div>\n    <a href=\"https:\/\/www.creilsudoise-tourisme.fr\/de\/agenda-animations\/les-relais-de-lacso\/\" class=\"seeMore\"><span class=\"sr-only\">Mehr sehen<\/span><\/a>\n<\/div>\n                <\/div>\n\n                            <\/div>\n            <\/div>\n<\/div><\/div>\n\n\n<hr class=\"wp-block-separator has-alpha-channel-opacity\"\/>","protected":false},"excerpt":{"rendered":"<p>Zwischen W\u00e4ldern und Steinbr\u00fcchen, dynamischen St\u00e4dten und typischen D\u00f6rfern im S\u00fcden der Oise bietet Ihnen die Destination Creil Sud Oise eine ideale Umgebung zum Wandern und Spazierengehen. Wandern auf markierten Wegen Die Destination Creil Sud Oise ist reich an Wanderwegen, von denen viele markiert und im Plan D\u00e9partemental des [...]] eingetragen sind.<\/p>","protected":false},"author":3,"featured_media":47225,"parent":131,"menu_order":1,"comment_status":"closed","ping_status":"closed","template":"","meta":{"_relevanssi_hide_post":"","_relevanssi_hide_content":"","_relevanssi_pin_for_all":"","_relevanssi_pin_keywords":"","_relevanssi_unpin_keywords":"","_relevanssi_related_keywords":"","_relevanssi_related_include_ids":"","_relevanssi_related_exclude_ids":"","_relevanssi_related_no_append":"","_relevanssi_related_not_related":"","_relevanssi_related_posts":"37951,40454,36653,43630,37932,36660","_relevanssi_noindex_reason":""},"yoast_head":"<!-- This site is optimized with the Yoast SEO plugin v20.2.1 - https:\/\/yoast.com\/wordpress\/plugins\/seo\/ -->\n<title>Randonner \u00e0 Creil Sud Oise<\/title>\n<meta name=\"description\" content=\"Envie de partir en randonn\u00e9e ? D\u00e9couvrez des chemins de randonn\u00e9es et des itin\u00e9raires balis\u00e9s, pour des balades \u00e0 pied, en v\u00e9lo ou \u00e0 cheval !\" \/>\n<meta name=\"robots\" content=\"index, follow, max-snippet:-1, max-image-preview:large, max-video-preview:-1\" \/>\n<link rel=\"canonical\" href=\"https:\/\/www.creilsudoise-tourisme.fr\/de\/jexplore\/unumganglich\/wandern-3\/\" \/>\n<meta property=\"og:locale\" content=\"de_DE\" \/>\n<meta property=\"og:type\" content=\"article\" \/>\n<meta property=\"og:title\" content=\"Randonner \u00e0 Creil Sud Oise\" \/>\n<meta property=\"og:description\" content=\"Envie de partir en randonn\u00e9e ? D\u00e9couvrez des chemins de randonn\u00e9es et des itin\u00e9raires balis\u00e9s, pour des balades \u00e0 pied, en v\u00e9lo ou \u00e0 cheval !\" \/>\n<meta property=\"og:url\" content=\"https:\/\/www.creilsudoise-tourisme.fr\/de\/jexplore\/unumganglich\/wandern-3\/\" \/>\n<meta property=\"og:site_name\" content=\"Office de Tourisme Creil Sud Oise\" \/>\n<meta property=\"article:publisher\" content=\"https:\/\/www.facebook.com\/creilsudoisetourisme\/\" \/>\n<meta property=\"article:modified_time\" content=\"2025-09-15T07:43:27+00:00\" \/>\n<meta property=\"og:image\" content=\"https:\/\/www.creilsudoise-tourisme.fr\/wp-content\/uploads\/2023\/04\/Randonnee_Creil-Sud-Oise.jpg\" \/>\n\t<meta property=\"og:image:width\" content=\"1740\" \/>\n\t<meta property=\"og:image:height\" content=\"979\" \/>\n\t<meta property=\"og:image:type\" content=\"image\/jpeg\" \/>\n<meta name=\"twitter:card\" content=\"summary_large_image\" \/>\n<meta name=\"twitter:site\" content=\"@CreilSudOiseOT\" \/>\n<meta name=\"twitter:label1\" content=\"Gesch\u00e4tzte Lesezeit\" \/>\n\t<meta name=\"twitter:data1\" content=\"4\u00a0Minuten\" \/>\n<script type=\"application\/ld+json\" class=\"yoast-schema-graph\">{\"@context\":\"https:\/\/schema.org\",\"@graph\":[{\"@type\":\"WebPage\",\"@id\":\"https:\/\/www.creilsudoise-tourisme.fr\/jexplore\/incontournables\/randonner\/\",\"url\":\"https:\/\/www.creilsudoise-tourisme.fr\/jexplore\/incontournables\/randonner\/\",\"name\":\"Randonner \u00e0 Creil Sud Oise\",\"isPartOf\":{\"@id\":\"https:\/\/www.creilsudoise-tourisme.fr\/#website\"},\"datePublished\":\"2023-04-17T14:58:29+00:00\",\"dateModified\":\"2025-09-15T07:43:27+00:00\",\"description\":\"Envie de partir en randonn\u00e9e ? D\u00e9couvrez des chemins de randonn\u00e9es et des itin\u00e9raires balis\u00e9s, pour des balades \u00e0 pied, en v\u00e9lo ou \u00e0 cheval !\",\"breadcrumb\":{\"@id\":\"https:\/\/www.creilsudoise-tourisme.fr\/jexplore\/incontournables\/randonner\/#breadcrumb\"},\"inLanguage\":\"de\",\"potentialAction\":[{\"@type\":\"ReadAction\",\"target\":[\"https:\/\/www.creilsudoise-tourisme.fr\/jexplore\/incontournables\/randonner\/\"]}]},{\"@type\":\"BreadcrumbList\",\"@id\":\"https:\/\/www.creilsudoise-tourisme.fr\/jexplore\/incontournables\/randonner\/#breadcrumb\",\"itemListElement\":[{\"@type\":\"ListItem\",\"position\":1,\"name\":\"Accueil\",\"item\":\"https:\/\/www.creilsudoise-tourisme.fr\/\"},{\"@type\":\"ListItem\",\"position\":2,\"name\":\"J&rsquo;explore\",\"item\":\"https:\/\/www.creilsudoise-tourisme.fr\/jexplore\/\"},{\"@type\":\"ListItem\",\"position\":3,\"name\":\"Les incontournables\",\"item\":\"https:\/\/www.creilsudoise-tourisme.fr\/jexplore\/incontournables\/\"},{\"@type\":\"ListItem\",\"position\":4,\"name\":\"Les balades &#038; randonn\u00e9es\"}]},{\"@type\":\"WebSite\",\"@id\":\"https:\/\/www.creilsudoise-tourisme.fr\/#website\",\"url\":\"https:\/\/www.creilsudoise-tourisme.fr\/\",\"name\":\"Office de Tourisme Creil Sud Oise\",\"description\":\"Creil Sud Oise Tourisme, un territoire \u00e0 explorer !\",\"publisher\":{\"@id\":\"https:\/\/www.creilsudoise-tourisme.fr\/#organization\"},\"potentialAction\":[{\"@type\":\"SearchAction\",\"target\":{\"@type\":\"EntryPoint\",\"urlTemplate\":\"https:\/\/www.creilsudoise-tourisme.fr\/?s={search_term_string}\"},\"query-input\":\"required name=search_term_string\"}],\"inLanguage\":\"de\"},{\"@type\":\"Organization\",\"@id\":\"https:\/\/www.creilsudoise-tourisme.fr\/#organization\",\"name\":\"Creil Sud Oise Tourisme\",\"url\":\"https:\/\/www.creilsudoise-tourisme.fr\/\",\"logo\":{\"@type\":\"ImageObject\",\"inLanguage\":\"de\",\"@id\":\"https:\/\/www.creilsudoise-tourisme.fr\/#\/schema\/logo\/image\/\",\"url\":\"https:\/\/www.creilsudoise-tourisme.fr\/wp-content\/uploads\/2021\/05\/logo-svg.png\",\"contentUrl\":\"https:\/\/www.creilsudoise-tourisme.fr\/wp-content\/uploads\/2021\/05\/logo-svg.png\",\"width\":182,\"height\":71,\"caption\":\"Creil Sud Oise Tourisme\"},\"image\":{\"@id\":\"https:\/\/www.creilsudoise-tourisme.fr\/#\/schema\/logo\/image\/\"},\"sameAs\":[\"https:\/\/www.facebook.com\/creilsudoisetourisme\/\",\"https:\/\/twitter.com\/CreilSudOiseOT\",\"https:\/\/www.instagram.com\/creilsudoisetourisme\/\",\"https:\/\/www.youtube.com\/channel\/UC8L_QD2wwyADW14zt9fY8kw\"]}]}<\/script>\n<!-- \/ Yoast SEO plugin. -->","yoast_head_json":{"title":"Randonner \u00e0 Creil Sud Oise","description":"Envie de partir en randonn\u00e9e ? D\u00e9couvrez des chemins de randonn\u00e9es et des itin\u00e9raires balis\u00e9s, pour des balades \u00e0 pied, en v\u00e9lo ou \u00e0 cheval !","robots":{"index":"index","follow":"follow","max-snippet":"max-snippet:-1","max-image-preview":"max-image-preview:large","max-video-preview":"max-video-preview:-1"},"canonical":"https:\/\/www.creilsudoise-tourisme.fr\/de\/jexplore\/unumganglich\/wandern-3\/","og_locale":"de_DE","og_type":"article","og_title":"Randonner \u00e0 Creil Sud Oise","og_description":"Envie de partir en randonn\u00e9e ? D\u00e9couvrez des chemins de randonn\u00e9es et des itin\u00e9raires balis\u00e9s, pour des balades \u00e0 pied, en v\u00e9lo ou \u00e0 cheval !","og_url":"https:\/\/www.creilsudoise-tourisme.fr\/de\/jexplore\/unumganglich\/wandern-3\/","og_site_name":"Office de Tourisme Creil Sud Oise","article_publisher":"https:\/\/www.facebook.com\/creilsudoisetourisme\/","article_modified_time":"2025-09-15T07:43:27+00:00","og_image":[{"width":1740,"height":979,"url":"https:\/\/www.creilsudoise-tourisme.fr\/wp-content\/uploads\/2023\/04\/Randonnee_Creil-Sud-Oise.jpg","type":"image\/jpeg"}],"twitter_card":"summary_large_image","twitter_site":"@CreilSudOiseOT","twitter_misc":{"Gesch\u00e4tzte Lesezeit":"4\u00a0Minuten"},"schema":{"@context":"https:\/\/schema.org","@graph":[{"@type":"WebPage","@id":"https:\/\/www.creilsudoise-tourisme.fr\/jexplore\/incontournables\/randonner\/","url":"https:\/\/www.creilsudoise-tourisme.fr\/jexplore\/incontournables\/randonner\/","name":"Randonner \u00e0 Creil Sud Oise","isPartOf":{"@id":"https:\/\/www.creilsudoise-tourisme.fr\/#website"},"datePublished":"2023-04-17T14:58:29+00:00","dateModified":"2025-09-15T07:43:27+00:00","description":"Envie de partir en randonn\u00e9e ? D\u00e9couvrez des chemins de randonn\u00e9es et des itin\u00e9raires balis\u00e9s, pour des balades \u00e0 pied, en v\u00e9lo ou \u00e0 cheval !","breadcrumb":{"@id":"https:\/\/www.creilsudoise-tourisme.fr\/jexplore\/incontournables\/randonner\/#breadcrumb"},"inLanguage":"de","potentialAction":[{"@type":"ReadAction","target":["https:\/\/www.creilsudoise-tourisme.fr\/jexplore\/incontournables\/randonner\/"]}]},{"@type":"BreadcrumbList","@id":"https:\/\/www.creilsudoise-tourisme.fr\/jexplore\/incontournables\/randonner\/#breadcrumb","itemListElement":[{"@type":"ListItem","position":1,"name":"Accueil","item":"https:\/\/www.creilsudoise-tourisme.fr\/"},{"@type":"ListItem","position":2,"name":"J&rsquo;explore","item":"https:\/\/www.creilsudoise-tourisme.fr\/jexplore\/"},{"@type":"ListItem","position":3,"name":"Les incontournables","item":"https:\/\/www.creilsudoise-tourisme.fr\/jexplore\/incontournables\/"},{"@type":"ListItem","position":4,"name":"Les balades &#038; randonn\u00e9es"}]},{"@type":"WebSite","@id":"https:\/\/www.creilsudoise-tourisme.fr\/#website","url":"https:\/\/www.creilsudoise-tourisme.fr\/","name":"Office de Tourisme Creil Sud Oise","description":"Creil Sud Oise Tourisme, un territoire \u00e0 explorer !","publisher":{"@id":"https:\/\/www.creilsudoise-tourisme.fr\/#organization"},"potentialAction":[{"@type":"SearchAction","target":{"@type":"EntryPoint","urlTemplate":"https:\/\/www.creilsudoise-tourisme.fr\/?s={search_term_string}"},"query-input":"required name=search_term_string"}],"inLanguage":"de"},{"@type":"Organization","@id":"https:\/\/www.creilsudoise-tourisme.fr\/#organization","name":"Creil Sud Oise Tourisme","url":"https:\/\/www.creilsudoise-tourisme.fr\/","logo":{"@type":"ImageObject","inLanguage":"de","@id":"https:\/\/www.creilsudoise-tourisme.fr\/#\/schema\/logo\/image\/","url":"https:\/\/www.creilsudoise-tourisme.fr\/wp-content\/uploads\/2021\/05\/logo-svg.png","contentUrl":"https:\/\/www.creilsudoise-tourisme.fr\/wp-content\/uploads\/2021\/05\/logo-svg.png","width":182,"height":71,"caption":"Creil Sud Oise Tourisme"},"image":{"@id":"https:\/\/www.creilsudoise-tourisme.fr\/#\/schema\/logo\/image\/"},"sameAs":["https:\/\/www.facebook.com\/creilsudoisetourisme\/","https:\/\/twitter.com\/CreilSudOiseOT","https:\/\/www.instagram.com\/creilsudoisetourisme\/","https:\/\/www.youtube.com\/channel\/UC8L_QD2wwyADW14zt9fY8kw"]}]}},"_links":{"self":[{"href":"https:\/\/www.creilsudoise-tourisme.fr\/de\/wp-json\/wp\/v2\/pages\/47202"}],"collection":[{"href":"https:\/\/www.creilsudoise-tourisme.fr\/de\/wp-json\/wp\/v2\/pages"}],"about":[{"href":"https:\/\/www.creilsudoise-tourisme.fr\/de\/wp-json\/wp\/v2\/types\/page"}],"author":[{"embeddable":true,"href":"https:\/\/www.creilsudoise-tourisme.fr\/de\/wp-json\/wp\/v2\/users\/3"}],"replies":[{"embeddable":true,"href":"https:\/\/www.creilsudoise-tourisme.fr\/de\/wp-json\/wp\/v2\/comments?post=47202"}],"version-history":[{"count":26,"href":"https:\/\/www.creilsudoise-tourisme.fr\/de\/wp-json\/wp\/v2\/pages\/47202\/revisions"}],"predecessor-version":[{"id":65146,"href":"https:\/\/www.creilsudoise-tourisme.fr\/de\/wp-json\/wp\/v2\/pages\/47202\/revisions\/65146"}],"up":[{"embeddable":true,"href":"https:\/\/www.creilsudoise-tourisme.fr\/de\/wp-json\/wp\/v2\/pages\/131"}],"wp:featuredmedia":[{"embeddable":true,"href":"https:\/\/www.creilsudoise-tourisme.fr\/de\/wp-json\/wp\/v2\/media\/47225"}],"wp:attachment":[{"href":"https:\/\/www.creilsudoise-tourisme.fr\/de\/wp-json\/wp\/v2\/media?parent=47202"}],"curies":[{"name":"wp","href":"https:\/\/api.w.org\/{rel}","templated":true}]}}