{"id":40118,"date":"2022-02-28T15:11:50","date_gmt":"2022-02-28T14:11:50","guid":{"rendered":"https:\/\/www.creilsudoise-tourisme.fr\/espace-pro\/rencontres-explorateurs\/rencontre-des-explorateurs-2020-2\/"},"modified":"2022-02-28T15:11:50","modified_gmt":"2022-02-28T14:11:50","slug":"rencontre-des-explorateurs-2020-2","status":"publish","type":"page","link":"https:\/\/www.creilsudoise-tourisme.fr\/de\/espace-pro\/dating-explorers\/treffen-der-forscher-2020-2\/","title":{"rendered":"#2 Treffen der Entdecker (2020)"},"content":{"rendered":"<p class=\"is-style-excerpt\">Die <strong>11. Februar 2020<\/strong>fand die zweite <strong>Treffen der Entdecker<\/strong>Ein Treffen, das vom Office de Tourisme Creil Sud Oise und von <strong>die Tourismusfachleuten und Botschaftern der Destination gewidmet ist<\/strong>.<\/p>\n\n\n\n<div class=\"is-layout-flex wp-container-3 wp-block-columns\">\n<div class=\"is-layout-flow wp-block-column\" style=\"flex-basis:33.33%\">\n<figure class=\"wp-block-image size-large is-resized\"><img decoding=\"async\" loading=\"lazy\" data-src=\"https:\/\/www.creilsudoise-tourisme.fr\/wp-content\/uploads\/2021\/04\/Bilan-de-la-2eme-Rencontre-des-Explorateurs.jpg\" alt=\"\" class=\"wp-image-33387\" width=\"255\" height=\"371\" data-srcset=\"https:\/\/www.creilsudoise-tourisme.fr\/wp-content\/uploads\/2021\/04\/Bilan-de-la-2eme-Rencontre-des-Explorateurs.jpg 418w, https:\/\/www.creilsudoise-tourisme.fr\/wp-content\/uploads\/2021\/04\/Bilan-de-la-2eme-Rencontre-des-Explorateurs-411x600.jpg 411w, https:\/\/www.creilsudoise-tourisme.fr\/wp-content\/uploads\/2021\/04\/Bilan-de-la-2eme-Rencontre-des-Explorateurs-200x292.jpg 200w, https:\/\/www.creilsudoise-tourisme.fr\/wp-content\/uploads\/2021\/04\/Bilan-de-la-2eme-Rencontre-des-Explorateurs-387x565.jpg 387w, https:\/\/www.creilsudoise-tourisme.fr\/wp-content\/uploads\/2021\/04\/Bilan-de-la-2eme-Rencontre-des-Explorateurs-275x401.jpg 275w\" sizes=\"(max-width: 255px) 100vw, 255px\" \/><\/figure>\n<\/div>\n\n\n\n<div class=\"is-layout-flow wp-block-column\" style=\"flex-basis:66.66%\">\n<p class=\"is-style-default\">Konsultieren Sie den <strong>Bilanz des zweiten Entdeckertreffens<\/strong> und entdecken Sie das Programm eines gemachten Tages <strong>von Workshops und einer F\u00fchrung durch das <a href=\"https:\/\/www.creilsudoise-tourisme.fr\/de\/patrimoine\/chateau-de-montataire-2\/\" target=\"_blank\" rel=\"noreferrer noopener\">Schloss von Montataire<\/a><\/strong> wo sich 35 Teilnehmer versammelten!<\/p>\n\n\n\n<p><a href=\"https:\/\/www.creilsudoise-tourisme.fr\/wp-content\/uploads\/2021\/04\/Bilan-de-la-2eme-rencontre-des-explorateurs.pdf\" target=\"_blank\" rel=\"noreferrer noopener\">Bilanz der 2<sup>\u00e8me<\/sup> Treffen der Entdecker<\/a><\/p>\n<\/div>\n<\/div>","protected":false},"excerpt":{"rendered":"<p>Am 11. Februar 2020 fand das zweite Treffen der Entdecker statt, ein vom Office de Tourisme Creil Sud Oise organisiertes Treffen f\u00fcr Tourismusfachleute und Botschafter der Destination. Lesen Sie die Bilanz des zweiten Treffens der Entdecker und entdecken Sie das Programm eines Tages voller Workshops und [...]].<\/p>","protected":false},"author":3,"featured_media":33203,"parent":211,"menu_order":4,"comment_status":"closed","ping_status":"closed","template":"","meta":{"_relevanssi_hide_post":"","_relevanssi_hide_content":"","_relevanssi_pin_for_all":"","_relevanssi_pin_keywords":"","_relevanssi_unpin_keywords":"","_relevanssi_related_keywords":"","_relevanssi_related_include_ids":"","_relevanssi_related_exclude_ids":"","_relevanssi_related_no_append":"","_relevanssi_related_not_related":"","_relevanssi_related_posts":"275,271,267,273","_relevanssi_noindex_reason":""},"yoast_head":"<!-- This site is optimized with the Yoast SEO plugin v20.2.1 - https:\/\/yoast.com\/wordpress\/plugins\/seo\/ -->\n<title>2\u00e8me Rencontre des Explorateurs a eu lieu au Ch\u00e2teau de Montataire<\/title>\n<meta name=\"description\" content=\"D\u00e9couvrez la deuxi\u00e8me Rencontre des Explorateurs qui a eu lieu en 2020 au Ch\u00e2teau de Montataire\" \/>\n<meta name=\"robots\" content=\"index, follow, max-snippet:-1, max-image-preview:large, max-video-preview:-1\" \/>\n<link rel=\"canonical\" href=\"https:\/\/www.creilsudoise-tourisme.fr\/de\/espace-pro\/dating-explorers\/treffen-der-forscher-2020-2\/\" \/>\n<meta property=\"og:locale\" content=\"de_DE\" \/>\n<meta property=\"og:type\" content=\"article\" \/>\n<meta property=\"og:title\" content=\"2\u00e8me Rencontre des Explorateurs a eu lieu au Ch\u00e2teau de Montataire\" \/>\n<meta property=\"og:description\" content=\"D\u00e9couvrez la deuxi\u00e8me Rencontre des Explorateurs qui a eu lieu en 2020 au Ch\u00e2teau de Montataire\" \/>\n<meta property=\"og:url\" content=\"https:\/\/www.creilsudoise-tourisme.fr\/de\/espace-pro\/dating-explorers\/treffen-der-forscher-2020-2\/\" \/>\n<meta property=\"og:site_name\" content=\"Office de Tourisme Creil Sud Oise\" \/>\n<meta property=\"article:publisher\" content=\"https:\/\/www.facebook.com\/creilsudoisetourisme\/\" \/>\n<meta property=\"og:image\" content=\"https:\/\/www.creilsudoise-tourisme.fr\/wp-content\/uploads\/2021\/04\/Rencontre-des-explorateurs-2-en-2020.png\" \/>\n\t<meta property=\"og:image:width\" content=\"900\" \/>\n\t<meta property=\"og:image:height\" content=\"600\" \/>\n\t<meta property=\"og:image:type\" content=\"image\/png\" \/>\n<meta name=\"twitter:card\" content=\"summary_large_image\" \/>\n<meta name=\"twitter:site\" content=\"@CreilSudOiseOT\" \/>\n<meta name=\"twitter:label1\" content=\"Gesch\u00e4tzte Lesezeit\" \/>\n\t<meta name=\"twitter:data1\" content=\"1\u00a0Minute\" \/>\n<script type=\"application\/ld+json\" class=\"yoast-schema-graph\">{\"@context\":\"https:\/\/schema.org\",\"@graph\":[{\"@type\":\"WebPage\",\"@id\":\"https:\/\/www.creilsudoise-tourisme.fr\/espace-pro\/rencontres-explorateurs\/rencontre-des-explorateurs-2020-2\/\",\"url\":\"https:\/\/www.creilsudoise-tourisme.fr\/espace-pro\/rencontres-explorateurs\/rencontre-des-explorateurs-2020-2\/\",\"name\":\"2\u00e8me Rencontre des Explorateurs a eu lieu au Ch\u00e2teau de Montataire\",\"isPartOf\":{\"@id\":\"https:\/\/www.creilsudoise-tourisme.fr\/#website\"},\"datePublished\":\"2022-02-28T14:11:50+00:00\",\"dateModified\":\"2022-02-28T14:11:50+00:00\",\"description\":\"D\u00e9couvrez la deuxi\u00e8me Rencontre des Explorateurs qui a eu lieu en 2020 au Ch\u00e2teau de Montataire\",\"breadcrumb\":{\"@id\":\"https:\/\/www.creilsudoise-tourisme.fr\/espace-pro\/rencontres-explorateurs\/rencontre-des-explorateurs-2020-2\/#breadcrumb\"},\"inLanguage\":\"de\",\"potentialAction\":[{\"@type\":\"ReadAction\",\"target\":[\"https:\/\/www.creilsudoise-tourisme.fr\/espace-pro\/rencontres-explorateurs\/rencontre-des-explorateurs-2020-2\/\"]}]},{\"@type\":\"BreadcrumbList\",\"@id\":\"https:\/\/www.creilsudoise-tourisme.fr\/espace-pro\/rencontres-explorateurs\/rencontre-des-explorateurs-2020-2\/#breadcrumb\",\"itemListElement\":[{\"@type\":\"ListItem\",\"position\":1,\"name\":\"Accueil\",\"item\":\"https:\/\/www.creilsudoise-tourisme.fr\/\"},{\"@type\":\"ListItem\",\"position\":2,\"name\":\"Espace pro\",\"item\":\"https:\/\/www.creilsudoise-tourisme.fr\/espace-pro\/\"},{\"@type\":\"ListItem\",\"position\":3,\"name\":\"Rencontres des explorateurs\",\"item\":\"https:\/\/www.creilsudoise-tourisme.fr\/espace-pro\/rencontres-explorateurs\/\"},{\"@type\":\"ListItem\",\"position\":4,\"name\":\"#2 Rencontre des Explorateurs (2020)\"}]},{\"@type\":\"WebSite\",\"@id\":\"https:\/\/www.creilsudoise-tourisme.fr\/#website\",\"url\":\"https:\/\/www.creilsudoise-tourisme.fr\/\",\"name\":\"Office de Tourisme Creil Sud Oise\",\"description\":\"Creil Sud Oise Tourisme, un territoire \u00e0 explorer !\",\"publisher\":{\"@id\":\"https:\/\/www.creilsudoise-tourisme.fr\/#organization\"},\"potentialAction\":[{\"@type\":\"SearchAction\",\"target\":{\"@type\":\"EntryPoint\",\"urlTemplate\":\"https:\/\/www.creilsudoise-tourisme.fr\/?s={search_term_string}\"},\"query-input\":\"required name=search_term_string\"}],\"inLanguage\":\"de\"},{\"@type\":\"Organization\",\"@id\":\"https:\/\/www.creilsudoise-tourisme.fr\/#organization\",\"name\":\"Creil Sud Oise Tourisme\",\"url\":\"https:\/\/www.creilsudoise-tourisme.fr\/\",\"logo\":{\"@type\":\"ImageObject\",\"inLanguage\":\"de\",\"@id\":\"https:\/\/www.creilsudoise-tourisme.fr\/#\/schema\/logo\/image\/\",\"url\":\"https:\/\/www.creilsudoise-tourisme.fr\/wp-content\/uploads\/2021\/05\/logo-svg.png\",\"contentUrl\":\"https:\/\/www.creilsudoise-tourisme.fr\/wp-content\/uploads\/2021\/05\/logo-svg.png\",\"width\":182,\"height\":71,\"caption\":\"Creil Sud Oise Tourisme\"},\"image\":{\"@id\":\"https:\/\/www.creilsudoise-tourisme.fr\/#\/schema\/logo\/image\/\"},\"sameAs\":[\"https:\/\/www.facebook.com\/creilsudoisetourisme\/\",\"https:\/\/twitter.com\/CreilSudOiseOT\",\"https:\/\/www.instagram.com\/creilsudoisetourisme\/\",\"https:\/\/www.youtube.com\/channel\/UC8L_QD2wwyADW14zt9fY8kw\"]}]}<\/script>\n<!-- \/ Yoast SEO plugin. -->","yoast_head_json":{"title":"2\u00e8me Rencontre des Explorateurs a eu lieu au Ch\u00e2teau de Montataire","description":"D\u00e9couvrez la deuxi\u00e8me Rencontre des Explorateurs qui a eu lieu en 2020 au Ch\u00e2teau de Montataire","robots":{"index":"index","follow":"follow","max-snippet":"max-snippet:-1","max-image-preview":"max-image-preview:large","max-video-preview":"max-video-preview:-1"},"canonical":"https:\/\/www.creilsudoise-tourisme.fr\/de\/espace-pro\/dating-explorers\/treffen-der-forscher-2020-2\/","og_locale":"de_DE","og_type":"article","og_title":"2\u00e8me Rencontre des Explorateurs a eu lieu au Ch\u00e2teau de Montataire","og_description":"D\u00e9couvrez la deuxi\u00e8me Rencontre des Explorateurs qui a eu lieu en 2020 au Ch\u00e2teau de Montataire","og_url":"https:\/\/www.creilsudoise-tourisme.fr\/de\/espace-pro\/dating-explorers\/treffen-der-forscher-2020-2\/","og_site_name":"Office de Tourisme Creil Sud Oise","article_publisher":"https:\/\/www.facebook.com\/creilsudoisetourisme\/","og_image":[{"width":900,"height":600,"url":"https:\/\/www.creilsudoise-tourisme.fr\/wp-content\/uploads\/2021\/04\/Rencontre-des-explorateurs-2-en-2020.png","type":"image\/png"}],"twitter_card":"summary_large_image","twitter_site":"@CreilSudOiseOT","twitter_misc":{"Gesch\u00e4tzte Lesezeit":"1\u00a0Minute"},"schema":{"@context":"https:\/\/schema.org","@graph":[{"@type":"WebPage","@id":"https:\/\/www.creilsudoise-tourisme.fr\/espace-pro\/rencontres-explorateurs\/rencontre-des-explorateurs-2020-2\/","url":"https:\/\/www.creilsudoise-tourisme.fr\/espace-pro\/rencontres-explorateurs\/rencontre-des-explorateurs-2020-2\/","name":"2\u00e8me Rencontre des Explorateurs a eu lieu au Ch\u00e2teau de Montataire","isPartOf":{"@id":"https:\/\/www.creilsudoise-tourisme.fr\/#website"},"datePublished":"2022-02-28T14:11:50+00:00","dateModified":"2022-02-28T14:11:50+00:00","description":"D\u00e9couvrez la deuxi\u00e8me Rencontre des Explorateurs qui a eu lieu en 2020 au Ch\u00e2teau de Montataire","breadcrumb":{"@id":"https:\/\/www.creilsudoise-tourisme.fr\/espace-pro\/rencontres-explorateurs\/rencontre-des-explorateurs-2020-2\/#breadcrumb"},"inLanguage":"de","potentialAction":[{"@type":"ReadAction","target":["https:\/\/www.creilsudoise-tourisme.fr\/espace-pro\/rencontres-explorateurs\/rencontre-des-explorateurs-2020-2\/"]}]},{"@type":"BreadcrumbList","@id":"https:\/\/www.creilsudoise-tourisme.fr\/espace-pro\/rencontres-explorateurs\/rencontre-des-explorateurs-2020-2\/#breadcrumb","itemListElement":[{"@type":"ListItem","position":1,"name":"Accueil","item":"https:\/\/www.creilsudoise-tourisme.fr\/"},{"@type":"ListItem","position":2,"name":"Espace pro","item":"https:\/\/www.creilsudoise-tourisme.fr\/espace-pro\/"},{"@type":"ListItem","position":3,"name":"Rencontres des explorateurs","item":"https:\/\/www.creilsudoise-tourisme.fr\/espace-pro\/rencontres-explorateurs\/"},{"@type":"ListItem","position":4,"name":"#2 Rencontre des Explorateurs (2020)"}]},{"@type":"WebSite","@id":"https:\/\/www.creilsudoise-tourisme.fr\/#website","url":"https:\/\/www.creilsudoise-tourisme.fr\/","name":"Office de Tourisme Creil Sud Oise","description":"Creil Sud Oise Tourisme, un territoire \u00e0 explorer !","publisher":{"@id":"https:\/\/www.creilsudoise-tourisme.fr\/#organization"},"potentialAction":[{"@type":"SearchAction","target":{"@type":"EntryPoint","urlTemplate":"https:\/\/www.creilsudoise-tourisme.fr\/?s={search_term_string}"},"query-input":"required name=search_term_string"}],"inLanguage":"de"},{"@type":"Organization","@id":"https:\/\/www.creilsudoise-tourisme.fr\/#organization","name":"Creil Sud Oise Tourisme","url":"https:\/\/www.creilsudoise-tourisme.fr\/","logo":{"@type":"ImageObject","inLanguage":"de","@id":"https:\/\/www.creilsudoise-tourisme.fr\/#\/schema\/logo\/image\/","url":"https:\/\/www.creilsudoise-tourisme.fr\/wp-content\/uploads\/2021\/05\/logo-svg.png","contentUrl":"https:\/\/www.creilsudoise-tourisme.fr\/wp-content\/uploads\/2021\/05\/logo-svg.png","width":182,"height":71,"caption":"Creil Sud Oise Tourisme"},"image":{"@id":"https:\/\/www.creilsudoise-tourisme.fr\/#\/schema\/logo\/image\/"},"sameAs":["https:\/\/www.facebook.com\/creilsudoisetourisme\/","https:\/\/twitter.com\/CreilSudOiseOT","https:\/\/www.instagram.com\/creilsudoisetourisme\/","https:\/\/www.youtube.com\/channel\/UC8L_QD2wwyADW14zt9fY8kw"]}]}},"_links":{"self":[{"href":"https:\/\/www.creilsudoise-tourisme.fr\/de\/wp-json\/wp\/v2\/pages\/40118"}],"collection":[{"href":"https:\/\/www.creilsudoise-tourisme.fr\/de\/wp-json\/wp\/v2\/pages"}],"about":[{"href":"https:\/\/www.creilsudoise-tourisme.fr\/de\/wp-json\/wp\/v2\/types\/page"}],"author":[{"embeddable":true,"href":"https:\/\/www.creilsudoise-tourisme.fr\/de\/wp-json\/wp\/v2\/users\/3"}],"replies":[{"embeddable":true,"href":"https:\/\/www.creilsudoise-tourisme.fr\/de\/wp-json\/wp\/v2\/comments?post=40118"}],"version-history":[{"count":0,"href":"https:\/\/www.creilsudoise-tourisme.fr\/de\/wp-json\/wp\/v2\/pages\/40118\/revisions"}],"up":[{"embeddable":true,"href":"https:\/\/www.creilsudoise-tourisme.fr\/de\/wp-json\/wp\/v2\/pages\/211"}],"wp:featuredmedia":[{"embeddable":true,"href":"https:\/\/www.creilsudoise-tourisme.fr\/de\/wp-json\/wp\/v2\/media\/33203"}],"wp:attachment":[{"href":"https:\/\/www.creilsudoise-tourisme.fr\/de\/wp-json\/wp\/v2\/media?parent=40118"}],"curies":[{"name":"wp","href":"https:\/\/api.w.org\/{rel}","templated":true}]}}