{"id":33212,"date":"2021-04-07T18:06:44","date_gmt":"2021-04-07T16:06:09","guid":{"rendered":"https:\/\/www.creilsudoise-tourisme.fr\/espace-pro\/rencontres-des-explorateurs\/2-rencontre-des-explorateur-2020\/"},"modified":"2022-06-14T14:33:25","modified_gmt":"2022-06-14T12:33:25","slug":"rencontre-des-explorateurs-2022","status":"publish","type":"page","link":"https:\/\/www.creilsudoise-tourisme.fr\/de\/espace-pro\/dating-explorers\/treffen-der-forscher-2022\/","title":{"rendered":"#3 Treffen der Entdecker (2022)"},"content":{"rendered":"<p class=\"is-style-excerpt\">Die <strong>31. M\u00e4rz 2022<\/strong>fand die dritte <strong>Treffen der Entdecker<\/strong>Ein Treffen, das vom Office de Tourisme Creil Sud Oise und von <strong>die Tourismusfachleuten und Botschaftern der Destination gewidmet ist<\/strong>.<\/p>\n\n\n\n<div class=\"is-layout-flex wp-container-3 wp-block-columns\">\n<div class=\"is-layout-flow wp-block-column\" style=\"flex-basis:33.33%\">\n<figure class=\"wp-block-image size-large is-resized\"><img decoding=\"async\" loading=\"lazy\" data-src=\"https:\/\/www.creilsudoise-tourisme.fr\/wp-content\/uploads\/2022\/02\/3eme-Rencontre-des-Explorateurs-1200x798.jpg\" alt=\"3. Treffen der Entdecker\" class=\"wp-image-40121\" width=\"472\" height=\"312\" data-srcset=\"https:\/\/www.creilsudoise-tourisme.fr\/wp-content\/uploads\/2022\/02\/3eme-Rencontre-des-Explorateurs-200x133.jpg 200w, https:\/\/www.creilsudoise-tourisme.fr\/wp-content\/uploads\/2022\/02\/3eme-Rencontre-des-Explorateurs-387x257.jpg 387w\" sizes=\"(max-width: 472px) 100vw, 472px\" \/><\/figure>\n<\/div>\n\n\n\n<div class=\"is-layout-flow wp-block-column\" style=\"flex-basis:66.66%\">\n<p class=\"is-style-default\">Konsultieren Sie den <strong>Bilanz des dritten Entdeckertreffens<\/strong> und entdecken Sie das Tagesprogramm mit einer Konferenz rund um den <strong>Vertrag \u00fcber die touristische Ausstrahlung (Contrat de Rayonnement Touristique)<\/strong> in dem die Fremdenverkehrs\u00e4mter von Creil Sud Oise und Pays d'Oise et d'Halatte zusammengeschlossen sind, sowie die <strong>Besuch der <a href=\"https:\/\/www.creilsudoise-tourisme.fr\/de\/jexplore\/unumganglich\/steinhaus\/\" target=\"_blank\" rel=\"noreferrer noopener\">Steinhaus<\/a> und des <a href=\"https:\/\/www.creilsudoise-tourisme.fr\/de\/jexplore\/unumganglich\/museum-bombardements\/\" target=\"_blank\" rel=\"noreferrer noopener\">Museum der Bombardierungen <\/a>in Saint-Maximin<\/strong> ! An diesem sch\u00f6nen Tag nahmen 34 Personen teil! <\/p>\n\n\n\n<p><a href=\"https:\/\/www.creilsudoise-tourisme.fr\/wp-content\/uploads\/2022\/06\/BILAN-de-la-3eme-Rencontre-des-explorateurs.pdf\" target=\"_blank\" rel=\"noreferrer noopener\">Bilanz der 3<sup>\u00e8me<\/sup> Treffen der Entdecker<\/a><\/p>\n<\/div>\n<\/div>\n\n\n\n<div class=\"wp-block wp-block-accordion\" id=\"accordion\">\n    \n                    <div class=\"wp-block-accordion-item\">\n            <div id=\"heading7551\">\n                <h3 class=\"wp-block-accordion-item-title\" data-toggle=\"collapse\" data-target=\"#collapse7551\">\n                    Programm ansehen                <\/h3>\n            <\/div>\n            <div class=\"wp-block-accordion-item-content collapse\" id=\"collapse7551\" data-parent=\"#accordion\">\n                <p><strong>&gt; 9h00<\/strong>\u00a0Startseite Kaffee<\/p><p><strong>&gt; 9h20\u00a0<\/strong>Gru\u00dfwort<\/p><p><strong>&gt; 9h40\u00a0<\/strong>Einf\u00fchrung und Vorstellung des Tages<\/p><p><strong>&gt; 9.50 Uhr Gruppenanimation zum besseren Kennenlernen<\/strong><\/p><p><strong>&gt; 10h20<\/strong>\u00a0Vorstellung des <strong>Vertrag \u00fcber die touristische Ausstrahlung 'Oise- und Steintal' (Contrat de Rayonnement Touristique 'Vall\u00e9e de l'Oise et de la pierre')<\/strong>\u00a0getragen von der Agglomeration Creil Sud Oise, der Communaut\u00e9 de communes Pays d'Oise et d'Halatte und Creil Sud Oise Tourisme. Gemeinsam auf dem Weg zu einer gemeinsamen Tourismusentwicklung!<\/p><p><strong>&gt; 11h30<\/strong>\u00a0<strong>Quiz Kennen Sie das Gebiet Creil Sud Oise?<\/strong><\/p><p>><strong> 12.30 Uhr Mittagessen an der Buvette<\/strong>Restaurant in Saint-Maximin<\/p><p>><strong> 14.30 Uhr Eduktour in Saint-Maximin,\u00a0<\/strong>gef\u00fchrte Besichtigung (mit Anmeldung) nach Wahl :<\/p><p><strong>Karriere Pate im Haus des Steins<\/strong> <em>und\/oder<\/em> <strong>Museum der Bombardierungen<\/strong><\/p><p>><strong> 15h30\u00a0<\/strong>Abschluss des Tages (oder <strong>17h<\/strong>\u00a0wenn beide Standorte besucht werden)<\/p>            <\/div>\n        <\/div>\n    \n<\/div>","protected":false},"excerpt":{"rendered":"<p>Am 31. M\u00e4rz 2022 fand das dritte Treffen der Entdecker statt, ein vom Office de Tourisme Creil Sud Oise organisiertes Treffen f\u00fcr Tourismusfachleute und Botschafter der Destination. Lesen Sie die Bilanz des dritten Treffens der Entdecker und entdecken Sie das Tagesprogramm, das aus einer Konferenz \u00fcber den Vertrag \u00fcber die [...]] besteht.<\/p>","protected":false},"author":1,"featured_media":41631,"parent":211,"menu_order":3,"comment_status":"closed","ping_status":"closed","template":"","meta":{"_relevanssi_hide_post":"","_relevanssi_hide_content":"","_relevanssi_pin_for_all":"","_relevanssi_pin_keywords":"","_relevanssi_unpin_keywords":"","_relevanssi_related_keywords":"","_relevanssi_related_include_ids":"","_relevanssi_related_exclude_ids":"","_relevanssi_related_no_append":"","_relevanssi_related_not_related":"","_relevanssi_related_posts":"275,271,267,273","_relevanssi_noindex_reason":""},"yoast_head":"<!-- This site is optimized with the Yoast SEO plugin v20.2.1 - https:\/\/yoast.com\/wordpress\/plugins\/seo\/ -->\n<title>3\u00e8me Rencontre des Explorateurs a eu lieu \u00e0 la Maison de la Pierre<\/title>\n<meta name=\"description\" content=\"D\u00e9couvrez la troisi\u00e8me Rencontre des Explorateurs qui a eu lieu \u00e0 la Maison de la Pierre \u00e0 Saint-Maximin le 31 mars 2022.\" \/>\n<meta name=\"robots\" content=\"index, follow, max-snippet:-1, max-image-preview:large, max-video-preview:-1\" \/>\n<link rel=\"canonical\" href=\"https:\/\/www.creilsudoise-tourisme.fr\/de\/espace-pro\/rencontres-explorateurs\/rencontre-des-explorateurs-2022\/\" \/>\n<meta property=\"og:locale\" content=\"de_DE\" \/>\n<meta property=\"og:type\" content=\"article\" \/>\n<meta property=\"og:title\" content=\"3\u00e8me Rencontre des Explorateurs a eu lieu \u00e0 la Maison de la Pierre\" \/>\n<meta property=\"og:description\" content=\"D\u00e9couvrez la troisi\u00e8me Rencontre des Explorateurs qui a eu lieu \u00e0 la Maison de la Pierre \u00e0 Saint-Maximin le 31 mars 2022.\" \/>\n<meta property=\"og:url\" content=\"https:\/\/www.creilsudoise-tourisme.fr\/de\/espace-pro\/rencontres-explorateurs\/rencontre-des-explorateurs-2022\/\" \/>\n<meta property=\"og:site_name\" content=\"Office de Tourisme Creil Sud Oise\" \/>\n<meta property=\"article:publisher\" content=\"https:\/\/www.facebook.com\/creilsudoisetourisme\/\" \/>\n<meta property=\"article:modified_time\" content=\"2022-06-14T12:33:25+00:00\" \/>\n<meta property=\"og:image\" content=\"https:\/\/www.creilsudoise-tourisme.fr\/wp-content\/uploads\/2022\/06\/Rencontre-des-Explorateurs-3eme.jpg\" \/>\n\t<meta property=\"og:image:width\" content=\"905\" \/>\n\t<meta property=\"og:image:height\" content=\"987\" \/>\n\t<meta property=\"og:image:type\" content=\"image\/jpeg\" \/>\n<meta name=\"twitter:card\" content=\"summary_large_image\" \/>\n<meta name=\"twitter:site\" content=\"@CreilSudOiseOT\" \/>\n<meta name=\"twitter:label1\" content=\"Gesch\u00e4tzte Lesezeit\" \/>\n\t<meta name=\"twitter:data1\" content=\"1\u00a0Minute\" \/>\n<script type=\"application\/ld+json\" class=\"yoast-schema-graph\">{\"@context\":\"https:\/\/schema.org\",\"@graph\":[{\"@type\":\"WebPage\",\"@id\":\"https:\/\/www.creilsudoise-tourisme.fr\/es\/espace-pro\/rencontres-explorateurs\/rencontre-des-explorateurs-2022\/\",\"url\":\"https:\/\/www.creilsudoise-tourisme.fr\/es\/espace-pro\/rencontres-explorateurs\/rencontre-des-explorateurs-2022\/\",\"name\":\"3\u00e8me Rencontre des Explorateurs a eu lieu \u00e0 la Maison de la Pierre\",\"isPartOf\":{\"@id\":\"https:\/\/www.creilsudoise-tourisme.fr\/#website\"},\"datePublished\":\"2021-04-07T16:06:09+00:00\",\"dateModified\":\"2022-06-14T12:33:25+00:00\",\"description\":\"D\u00e9couvrez la troisi\u00e8me Rencontre des Explorateurs qui a eu lieu \u00e0 la Maison de la Pierre \u00e0 Saint-Maximin le 31 mars 2022.\",\"breadcrumb\":{\"@id\":\"https:\/\/www.creilsudoise-tourisme.fr\/es\/espace-pro\/rencontres-explorateurs\/rencontre-des-explorateurs-2022\/#breadcrumb\"},\"inLanguage\":\"de\",\"potentialAction\":[{\"@type\":\"ReadAction\",\"target\":[\"https:\/\/www.creilsudoise-tourisme.fr\/es\/espace-pro\/rencontres-explorateurs\/rencontre-des-explorateurs-2022\/\"]}]},{\"@type\":\"BreadcrumbList\",\"@id\":\"https:\/\/www.creilsudoise-tourisme.fr\/es\/espace-pro\/rencontres-explorateurs\/rencontre-des-explorateurs-2022\/#breadcrumb\",\"itemListElement\":[{\"@type\":\"ListItem\",\"position\":1,\"name\":\"Accueil\",\"item\":\"https:\/\/www.creilsudoise-tourisme.fr\/\"},{\"@type\":\"ListItem\",\"position\":2,\"name\":\"Espace pro\",\"item\":\"https:\/\/www.creilsudoise-tourisme.fr\/espace-pro\/\"},{\"@type\":\"ListItem\",\"position\":3,\"name\":\"Rencontres des explorateurs\",\"item\":\"https:\/\/www.creilsudoise-tourisme.fr\/espace-pro\/rencontres-explorateurs\/\"},{\"@type\":\"ListItem\",\"position\":4,\"name\":\"#3 Rencontre des Explorateurs (2022)\"}]},{\"@type\":\"WebSite\",\"@id\":\"https:\/\/www.creilsudoise-tourisme.fr\/#website\",\"url\":\"https:\/\/www.creilsudoise-tourisme.fr\/\",\"name\":\"Office de Tourisme Creil Sud Oise\",\"description\":\"Creil Sud Oise Tourisme, un territoire \u00e0 explorer !\",\"publisher\":{\"@id\":\"https:\/\/www.creilsudoise-tourisme.fr\/#organization\"},\"potentialAction\":[{\"@type\":\"SearchAction\",\"target\":{\"@type\":\"EntryPoint\",\"urlTemplate\":\"https:\/\/www.creilsudoise-tourisme.fr\/?s={search_term_string}\"},\"query-input\":\"required name=search_term_string\"}],\"inLanguage\":\"de\"},{\"@type\":\"Organization\",\"@id\":\"https:\/\/www.creilsudoise-tourisme.fr\/#organization\",\"name\":\"Creil Sud Oise Tourisme\",\"url\":\"https:\/\/www.creilsudoise-tourisme.fr\/\",\"logo\":{\"@type\":\"ImageObject\",\"inLanguage\":\"de\",\"@id\":\"https:\/\/www.creilsudoise-tourisme.fr\/#\/schema\/logo\/image\/\",\"url\":\"https:\/\/www.creilsudoise-tourisme.fr\/wp-content\/uploads\/2021\/05\/logo-svg.png\",\"contentUrl\":\"https:\/\/www.creilsudoise-tourisme.fr\/wp-content\/uploads\/2021\/05\/logo-svg.png\",\"width\":182,\"height\":71,\"caption\":\"Creil Sud Oise Tourisme\"},\"image\":{\"@id\":\"https:\/\/www.creilsudoise-tourisme.fr\/#\/schema\/logo\/image\/\"},\"sameAs\":[\"https:\/\/www.facebook.com\/creilsudoisetourisme\/\",\"https:\/\/twitter.com\/CreilSudOiseOT\",\"https:\/\/www.instagram.com\/creilsudoisetourisme\/\",\"https:\/\/www.youtube.com\/channel\/UC8L_QD2wwyADW14zt9fY8kw\"]}]}<\/script>\n<!-- \/ Yoast SEO plugin. -->","yoast_head_json":{"title":"3\u00e8me Rencontre des Explorateurs a eu lieu \u00e0 la Maison de la Pierre","description":"D\u00e9couvrez la troisi\u00e8me Rencontre des Explorateurs qui a eu lieu \u00e0 la Maison de la Pierre \u00e0 Saint-Maximin le 31 mars 2022.","robots":{"index":"index","follow":"follow","max-snippet":"max-snippet:-1","max-image-preview":"max-image-preview:large","max-video-preview":"max-video-preview:-1"},"canonical":"https:\/\/www.creilsudoise-tourisme.fr\/de\/espace-pro\/rencontres-explorateurs\/rencontre-des-explorateurs-2022\/","og_locale":"de_DE","og_type":"article","og_title":"3\u00e8me Rencontre des Explorateurs a eu lieu \u00e0 la Maison de la Pierre","og_description":"D\u00e9couvrez la troisi\u00e8me Rencontre des Explorateurs qui a eu lieu \u00e0 la Maison de la Pierre \u00e0 Saint-Maximin le 31 mars 2022.","og_url":"https:\/\/www.creilsudoise-tourisme.fr\/de\/espace-pro\/rencontres-explorateurs\/rencontre-des-explorateurs-2022\/","og_site_name":"Office de Tourisme Creil Sud Oise","article_publisher":"https:\/\/www.facebook.com\/creilsudoisetourisme\/","article_modified_time":"2022-06-14T12:33:25+00:00","og_image":[{"width":905,"height":987,"url":"https:\/\/www.creilsudoise-tourisme.fr\/wp-content\/uploads\/2022\/06\/Rencontre-des-Explorateurs-3eme.jpg","type":"image\/jpeg"}],"twitter_card":"summary_large_image","twitter_site":"@CreilSudOiseOT","twitter_misc":{"Gesch\u00e4tzte Lesezeit":"1\u00a0Minute"},"schema":{"@context":"https:\/\/schema.org","@graph":[{"@type":"WebPage","@id":"https:\/\/www.creilsudoise-tourisme.fr\/es\/espace-pro\/rencontres-explorateurs\/rencontre-des-explorateurs-2022\/","url":"https:\/\/www.creilsudoise-tourisme.fr\/es\/espace-pro\/rencontres-explorateurs\/rencontre-des-explorateurs-2022\/","name":"3\u00e8me Rencontre des Explorateurs a eu lieu \u00e0 la Maison de la Pierre","isPartOf":{"@id":"https:\/\/www.creilsudoise-tourisme.fr\/#website"},"datePublished":"2021-04-07T16:06:09+00:00","dateModified":"2022-06-14T12:33:25+00:00","description":"D\u00e9couvrez la troisi\u00e8me Rencontre des Explorateurs qui a eu lieu \u00e0 la Maison de la Pierre \u00e0 Saint-Maximin le 31 mars 2022.","breadcrumb":{"@id":"https:\/\/www.creilsudoise-tourisme.fr\/es\/espace-pro\/rencontres-explorateurs\/rencontre-des-explorateurs-2022\/#breadcrumb"},"inLanguage":"de","potentialAction":[{"@type":"ReadAction","target":["https:\/\/www.creilsudoise-tourisme.fr\/es\/espace-pro\/rencontres-explorateurs\/rencontre-des-explorateurs-2022\/"]}]},{"@type":"BreadcrumbList","@id":"https:\/\/www.creilsudoise-tourisme.fr\/es\/espace-pro\/rencontres-explorateurs\/rencontre-des-explorateurs-2022\/#breadcrumb","itemListElement":[{"@type":"ListItem","position":1,"name":"Accueil","item":"https:\/\/www.creilsudoise-tourisme.fr\/"},{"@type":"ListItem","position":2,"name":"Espace pro","item":"https:\/\/www.creilsudoise-tourisme.fr\/espace-pro\/"},{"@type":"ListItem","position":3,"name":"Rencontres des explorateurs","item":"https:\/\/www.creilsudoise-tourisme.fr\/espace-pro\/rencontres-explorateurs\/"},{"@type":"ListItem","position":4,"name":"#3 Rencontre des Explorateurs (2022)"}]},{"@type":"WebSite","@id":"https:\/\/www.creilsudoise-tourisme.fr\/#website","url":"https:\/\/www.creilsudoise-tourisme.fr\/","name":"Office de Tourisme Creil Sud Oise","description":"Creil Sud Oise Tourisme, un territoire \u00e0 explorer !","publisher":{"@id":"https:\/\/www.creilsudoise-tourisme.fr\/#organization"},"potentialAction":[{"@type":"SearchAction","target":{"@type":"EntryPoint","urlTemplate":"https:\/\/www.creilsudoise-tourisme.fr\/?s={search_term_string}"},"query-input":"required name=search_term_string"}],"inLanguage":"de"},{"@type":"Organization","@id":"https:\/\/www.creilsudoise-tourisme.fr\/#organization","name":"Creil Sud Oise Tourisme","url":"https:\/\/www.creilsudoise-tourisme.fr\/","logo":{"@type":"ImageObject","inLanguage":"de","@id":"https:\/\/www.creilsudoise-tourisme.fr\/#\/schema\/logo\/image\/","url":"https:\/\/www.creilsudoise-tourisme.fr\/wp-content\/uploads\/2021\/05\/logo-svg.png","contentUrl":"https:\/\/www.creilsudoise-tourisme.fr\/wp-content\/uploads\/2021\/05\/logo-svg.png","width":182,"height":71,"caption":"Creil Sud Oise Tourisme"},"image":{"@id":"https:\/\/www.creilsudoise-tourisme.fr\/#\/schema\/logo\/image\/"},"sameAs":["https:\/\/www.facebook.com\/creilsudoisetourisme\/","https:\/\/twitter.com\/CreilSudOiseOT","https:\/\/www.instagram.com\/creilsudoisetourisme\/","https:\/\/www.youtube.com\/channel\/UC8L_QD2wwyADW14zt9fY8kw"]}]}},"_links":{"self":[{"href":"https:\/\/www.creilsudoise-tourisme.fr\/de\/wp-json\/wp\/v2\/pages\/33212"}],"collection":[{"href":"https:\/\/www.creilsudoise-tourisme.fr\/de\/wp-json\/wp\/v2\/pages"}],"about":[{"href":"https:\/\/www.creilsudoise-tourisme.fr\/de\/wp-json\/wp\/v2\/types\/page"}],"author":[{"embeddable":true,"href":"https:\/\/www.creilsudoise-tourisme.fr\/de\/wp-json\/wp\/v2\/users\/1"}],"replies":[{"embeddable":true,"href":"https:\/\/www.creilsudoise-tourisme.fr\/de\/wp-json\/wp\/v2\/comments?post=33212"}],"version-history":[{"count":18,"href":"https:\/\/www.creilsudoise-tourisme.fr\/de\/wp-json\/wp\/v2\/pages\/33212\/revisions"}],"predecessor-version":[{"id":41639,"href":"https:\/\/www.creilsudoise-tourisme.fr\/de\/wp-json\/wp\/v2\/pages\/33212\/revisions\/41639"}],"up":[{"embeddable":true,"href":"https:\/\/www.creilsudoise-tourisme.fr\/de\/wp-json\/wp\/v2\/pages\/211"}],"wp:featuredmedia":[{"embeddable":true,"href":"https:\/\/www.creilsudoise-tourisme.fr\/de\/wp-json\/wp\/v2\/media\/41631"}],"wp:attachment":[{"href":"https:\/\/www.creilsudoise-tourisme.fr\/de\/wp-json\/wp\/v2\/media?parent=33212"}],"curies":[{"name":"wp","href":"https:\/\/api.w.org\/{rel}","templated":true}]}}