{"id":215,"date":"2021-02-17T10:03:43","date_gmt":"2021-02-17T09:03:43","guid":{"rendered":"https:\/\/www.creilsudoise-tourisme.fr\/oise-tourisme\/"},"modified":"2022-01-07T09:53:53","modified_gmt":"2022-01-07T08:53:53","slug":"oise-tourisme","status":"publish","type":"page","link":"https:\/\/www.creilsudoise-tourisme.fr\/de\/espace-pro\/oise-tourisme\/","title":{"rendered":"Oise Tourismus"},"content":{"rendered":"<p class=\"is-style-excerpt\">Die Agentur f\u00fcr Tourismusentwicklung des Departements<strong> Oise Tourismus<\/strong>in Beauvais hat folgende Ziele <strong>Aufgabe, den Tourismus im Departement Oise zu beobachten und zu analysieren<\/strong>von <strong>das touristische Angebot ausbauen<\/strong> den Erwartungen der Kunden durch qualitative und nachhaltige Angebote gerecht werden.<\/p>\n\n\n\n<h2>Begleitung von Tourismusfachleuten<\/h2>\n\n\n\n<figure class=\"wp-block-image size-large\"><img decoding=\"async\" loading=\"lazy\" width=\"1200\" height=\"547\" data-src=\"https:\/\/www.creilsudoise-tourisme.fr\/wp-content\/uploads\/2021\/05\/Oise-Tourisme-pour-les-professionnels-1200x547.jpg\" alt=\"Oise Tourisme f\u00fcr Fachleute\" class=\"wp-image-35241\" data-srcset=\"https:\/\/www.creilsudoise-tourisme.fr\/wp-content\/uploads\/2021\/05\/Oise-Tourisme-pour-les-professionnels-1200x547.jpg 1200w, https:\/\/www.creilsudoise-tourisme.fr\/wp-content\/uploads\/2021\/05\/Oise-Tourisme-pour-les-professionnels-600x273.jpg 600w, https:\/\/www.creilsudoise-tourisme.fr\/wp-content\/uploads\/2021\/05\/Oise-Tourisme-pour-les-professionnels-900x410.jpg 900w, https:\/\/www.creilsudoise-tourisme.fr\/wp-content\/uploads\/2021\/05\/Oise-Tourisme-pour-les-professionnels-1536x700.jpg 1536w, https:\/\/www.creilsudoise-tourisme.fr\/wp-content\/uploads\/2021\/05\/Oise-Tourisme-pour-les-professionnels-200x91.jpg 200w, https:\/\/www.creilsudoise-tourisme.fr\/wp-content\/uploads\/2021\/05\/Oise-Tourisme-pour-les-professionnels-650x296.jpg 650w, https:\/\/www.creilsudoise-tourisme.fr\/wp-content\/uploads\/2021\/05\/Oise-Tourisme-pour-les-professionnels-387x176.jpg 387w, https:\/\/www.creilsudoise-tourisme.fr\/wp-content\/uploads\/2021\/05\/Oise-Tourisme-pour-les-professionnels.jpg 1878w\" sizes=\"(max-width: 1200px) 100vw, 1200px\" \/><\/figure>\n\n\n\n<p>Oise Tourisme hat auch die Aufgabe<strong>die Tourismusbranche begleiten<\/strong> (Gastgeber, Restaurantbesitzer, Teams von Sehensw\u00fcrdigkeiten oder Tourismusb\u00fcros...) oder Personen mit einem<strong> Projekt zur Entwicklung des Tourismus in der Region Oise.<\/strong><\/p>\n\n\n\n<div class=\"is-layout-flex wp-block-buttons is-content-justification-center\">\n<div class=\"wp-block-button\"><a class=\"wp-block-button__link\" href=\"https:\/\/www.oisetourisme-pro.com\/\" target=\"_blank\" rel=\"noreferrer noopener\">Entdecken Sie Oise Tourisme f\u00fcr Pro<\/a><\/div>\n<\/div>\n\n\n\n<hr class=\"wp-block-separator\"\/>\n\n\n\n<h2>Pr\u00fcfung und Ausbildung<\/h2>\n\n\n\n<p>Dank einer gro\u00dfen <strong>Expertise in Tourismus-Engineering<\/strong>Das Team von Oise Tourisme kann <strong>Ihre Struktur pr\u00fcfen<\/strong> f\u00fcr Sie <strong>bei ihrer Entwicklung begleiten<\/strong>t und bietet auch <strong>Web- und Marketingschulungen<\/strong> f\u00fcr seinen Aufschwung.<\/p>\n\n\n\n<div class=\"is-layout-flex wp-block-buttons is-content-justification-center\">\n<div class=\"wp-block-button\"><a class=\"wp-block-button__link\" href=\"https:\/\/fr.calameo.com\/read\/00190299400fea74ed97c?page=1\" target=\"_blank\" rel=\"noreferrer noopener\">Entdecken Sie die Ausbildungen von Oise Tourisme<\/a><\/div>\n<\/div>\n\n\n\n<hr class=\"wp-block-separator\"\/>\n\n\n\n<h2>Einstufung, Qualifizierung und Labelling<\/h2>\n\n\n\n<p>Oise Tourisme begleitet Sie bei der Erlangung der folgenden Klassifizierungen:<\/p>\n\n\n\n<ul><li><a href=\"https:\/\/www.gites-de-france.com\/fr\/nos-valeurs\" target=\"_blank\" rel=\"noreferrer noopener\">Gites de France<\/a><\/li><li><a href=\"https:\/\/www.clevacances.com\/fr\/adherer-au-label\" target=\"_blank\" rel=\"noreferrer noopener\">Cl\u00e9vacances<\/a><\/li><li>Tourismus &amp; Behinderung<\/li><li>Startseite Fahrrad<\/li><li>Qualit\u00e4t des Tourismus<\/li><li>Klassifizierung von Tourismusm\u00f6beln<\/li><\/ul>\n\n\n\n<h2>Bekanntheit des Departements Oise<\/h2>\n\n\n\n<p>Das Team von <a href=\"https:\/\/www.oisetourisme.com\/\" target=\"_blank\" rel=\"noreferrer noopener\">Oise Tourismus<\/a> hat au\u00dferdem die Aufgabe<strong> den Tourismus im Departement entwickeln<\/strong> indem sie anderswo in Frankreich und im Ausland f\u00fcr die Sehensw\u00fcrdigkeiten und Orte werben, die man in unserer sch\u00f6nen Oise besuchen kann!<\/p>\n\n\n\n<div class=\"wp-block-image is-style-default\"><figure class=\"aligncenter size-large is-resized\"><img decoding=\"async\" loading=\"lazy\" data-src=\"https:\/\/www.creilsudoise-tourisme.fr\/wp-content\/uploads\/2021\/04\/Logo-Oise-Tourisme.jpg\" alt=\"Logo von Oise Tourisme\" class=\"wp-image-33432\" width=\"223\" height=\"205\" data-srcset=\"https:\/\/www.creilsudoise-tourisme.fr\/wp-content\/uploads\/2021\/04\/Logo-Oise-Tourisme.jpg 600w, https:\/\/www.creilsudoise-tourisme.fr\/wp-content\/uploads\/2021\/04\/Logo-Oise-Tourisme-200x183.jpg 200w, https:\/\/www.creilsudoise-tourisme.fr\/wp-content\/uploads\/2021\/04\/Logo-Oise-Tourisme-387x355.jpg 387w, https:\/\/www.creilsudoise-tourisme.fr\/wp-content\/uploads\/2021\/04\/Logo-Oise-Tourisme-275x252.jpg 275w\" sizes=\"(max-width: 223px) 100vw, 223px\" \/><\/figure><\/div>\n\n\n<div class=\"wp-block wp-block-highlight\">\n            <h3 class=\"wp-block-highlight-item wp-block-highlight-title\">Kontaktieren Sie Oise Tourisme!<\/h3>\n                <p class=\"wp-block-highlight-item wp-block-highlight-excerpt\">Sein Expertenteam steht Ihnen zur Verf\u00fcgung, um Sie bei Ihren Schritten zu begleiten. Kontaktieren Sie sie!<br><a href=\"tel:0364606060\">03 64 60 60 60<\/a><\/p>\n    <\/div>\n\n\n<div class=\"is-layout-flex wp-block-buttons is-content-justification-center\">\n<div class=\"wp-block-button\"><a class=\"wp-block-button__link\" href=\"mailto:&#99;&#111;ntac&#116;&#64;&#111;is&#101;to&#117;ri&#115;&#109;&#101;.&#99;o&#109;\" target=\"_blank\" rel=\"noreferrer noopener\">KONTAKT<\/a><\/div>\n<\/div>","protected":false},"excerpt":{"rendered":"<p>Die Agentur f\u00fcr Tourismusentwicklung des Departements Oise Tourisme mit Sitz in Beauvais hat die Aufgabe, den Tourismus im Departement Oise zu beobachten und zu analysieren und das touristische Angebot entsprechend den Erwartungen der Kunden durch qualitative und nachhaltige Angebote zu entwickeln. Begleitung von Tourismusfachleuten Oise Tourisme hat auch die Aufgabe, Tourismusfachleute zu begleiten [...].<\/p>","protected":false},"author":1,"featured_media":33191,"parent":209,"menu_order":3,"comment_status":"closed","ping_status":"closed","template":"","meta":{"_relevanssi_hide_post":"","_relevanssi_hide_content":"","_relevanssi_pin_for_all":"","_relevanssi_pin_keywords":"","_relevanssi_unpin_keywords":"","_relevanssi_related_keywords":"","_relevanssi_related_include_ids":"","_relevanssi_related_exclude_ids":"","_relevanssi_related_no_append":"","_relevanssi_related_not_related":"","_relevanssi_related_posts":"275,267,273,271","_relevanssi_noindex_reason":""},"yoast_head":"<!-- This site is optimized with the Yoast SEO plugin v20.2.1 - https:\/\/yoast.com\/wordpress\/plugins\/seo\/ -->\n<title>Oise Tourisme : l\u2019agence de d\u00e9veloppement touristique de l\u2019Oise<\/title>\n<meta name=\"description\" content=\"D\u00e9couvrez les missions d\u2019observation, d\u2019accompagnement, de d\u00e9veloppement et de promotion touristique de l\u2019Agence Oise Tourisme, situ\u00e9e \u00e0 Beauvais.\" \/>\n<meta name=\"robots\" content=\"index, follow, max-snippet:-1, max-image-preview:large, max-video-preview:-1\" \/>\n<link rel=\"canonical\" href=\"https:\/\/www.creilsudoise-tourisme.fr\/de\/espace-pro\/oise-tourisme\/\" \/>\n<meta property=\"og:locale\" content=\"de_DE\" \/>\n<meta property=\"og:type\" content=\"article\" \/>\n<meta property=\"og:title\" content=\"Oise Tourisme : l\u2019agence de d\u00e9veloppement touristique de l\u2019Oise\" \/>\n<meta property=\"og:description\" content=\"D\u00e9couvrez les missions d\u2019observation, d\u2019accompagnement, de d\u00e9veloppement et de promotion touristique de l\u2019Agence Oise Tourisme, situ\u00e9e \u00e0 Beauvais.\" \/>\n<meta property=\"og:url\" content=\"https:\/\/www.creilsudoise-tourisme.fr\/de\/espace-pro\/oise-tourisme\/\" \/>\n<meta property=\"og:site_name\" content=\"Office de Tourisme Creil Sud Oise\" \/>\n<meta property=\"article:publisher\" content=\"https:\/\/www.facebook.com\/creilsudoisetourisme\/\" \/>\n<meta property=\"article:modified_time\" content=\"2022-01-07T08:53:53+00:00\" \/>\n<meta property=\"og:image\" content=\"https:\/\/www.creilsudoise-tourisme.fr\/wp-content\/uploads\/2021\/04\/Le\u0301quipe-de-Oise-Tourisme-e1617810703132.jpg\" \/>\n\t<meta property=\"og:image:width\" content=\"1516\" \/>\n\t<meta property=\"og:image:height\" content=\"600\" \/>\n\t<meta property=\"og:image:type\" content=\"image\/jpeg\" \/>\n<meta name=\"twitter:card\" content=\"summary_large_image\" \/>\n<meta name=\"twitter:site\" content=\"@CreilSudOiseOT\" \/>\n<meta name=\"twitter:label1\" content=\"Gesch\u00e4tzte Lesezeit\" \/>\n\t<meta name=\"twitter:data1\" content=\"2\u00a0Minuten\" \/>\n<script type=\"application\/ld+json\" class=\"yoast-schema-graph\">{\"@context\":\"https:\/\/schema.org\",\"@graph\":[{\"@type\":\"WebPage\",\"@id\":\"https:\/\/www.creilsudoise-tourisme.fr\/espace-pro\/oise-tourisme\/\",\"url\":\"https:\/\/www.creilsudoise-tourisme.fr\/espace-pro\/oise-tourisme\/\",\"name\":\"Oise Tourisme : l\u2019agence de d\u00e9veloppement touristique de l\u2019Oise\",\"isPartOf\":{\"@id\":\"https:\/\/www.creilsudoise-tourisme.fr\/#website\"},\"datePublished\":\"2021-02-17T09:03:43+00:00\",\"dateModified\":\"2022-01-07T08:53:53+00:00\",\"description\":\"D\u00e9couvrez les missions d\u2019observation, d\u2019accompagnement, de d\u00e9veloppement et de promotion touristique de l\u2019Agence Oise Tourisme, situ\u00e9e \u00e0 Beauvais.\",\"breadcrumb\":{\"@id\":\"https:\/\/www.creilsudoise-tourisme.fr\/espace-pro\/oise-tourisme\/#breadcrumb\"},\"inLanguage\":\"de\",\"potentialAction\":[{\"@type\":\"ReadAction\",\"target\":[\"https:\/\/www.creilsudoise-tourisme.fr\/espace-pro\/oise-tourisme\/\"]}]},{\"@type\":\"BreadcrumbList\",\"@id\":\"https:\/\/www.creilsudoise-tourisme.fr\/espace-pro\/oise-tourisme\/#breadcrumb\",\"itemListElement\":[{\"@type\":\"ListItem\",\"position\":1,\"name\":\"Accueil\",\"item\":\"https:\/\/www.creilsudoise-tourisme.fr\/\"},{\"@type\":\"ListItem\",\"position\":2,\"name\":\"Espace pro\",\"item\":\"https:\/\/www.creilsudoise-tourisme.fr\/espace-pro\/\"},{\"@type\":\"ListItem\",\"position\":3,\"name\":\"Oise Tourisme\"}]},{\"@type\":\"WebSite\",\"@id\":\"https:\/\/www.creilsudoise-tourisme.fr\/#website\",\"url\":\"https:\/\/www.creilsudoise-tourisme.fr\/\",\"name\":\"Office de Tourisme Creil Sud Oise\",\"description\":\"Creil Sud Oise Tourisme, un territoire \u00e0 explorer !\",\"publisher\":{\"@id\":\"https:\/\/www.creilsudoise-tourisme.fr\/#organization\"},\"potentialAction\":[{\"@type\":\"SearchAction\",\"target\":{\"@type\":\"EntryPoint\",\"urlTemplate\":\"https:\/\/www.creilsudoise-tourisme.fr\/?s={search_term_string}\"},\"query-input\":\"required name=search_term_string\"}],\"inLanguage\":\"de\"},{\"@type\":\"Organization\",\"@id\":\"https:\/\/www.creilsudoise-tourisme.fr\/#organization\",\"name\":\"Creil Sud Oise Tourisme\",\"url\":\"https:\/\/www.creilsudoise-tourisme.fr\/\",\"logo\":{\"@type\":\"ImageObject\",\"inLanguage\":\"de\",\"@id\":\"https:\/\/www.creilsudoise-tourisme.fr\/#\/schema\/logo\/image\/\",\"url\":\"https:\/\/www.creilsudoise-tourisme.fr\/wp-content\/uploads\/2021\/05\/logo-svg.png\",\"contentUrl\":\"https:\/\/www.creilsudoise-tourisme.fr\/wp-content\/uploads\/2021\/05\/logo-svg.png\",\"width\":182,\"height\":71,\"caption\":\"Creil Sud Oise Tourisme\"},\"image\":{\"@id\":\"https:\/\/www.creilsudoise-tourisme.fr\/#\/schema\/logo\/image\/\"},\"sameAs\":[\"https:\/\/www.facebook.com\/creilsudoisetourisme\/\",\"https:\/\/twitter.com\/CreilSudOiseOT\",\"https:\/\/www.instagram.com\/creilsudoisetourisme\/\",\"https:\/\/www.youtube.com\/channel\/UC8L_QD2wwyADW14zt9fY8kw\"]}]}<\/script>\n<!-- \/ Yoast SEO plugin. -->","yoast_head_json":{"title":"Oise Tourisme : l\u2019agence de d\u00e9veloppement touristique de l\u2019Oise","description":"D\u00e9couvrez les missions d\u2019observation, d\u2019accompagnement, de d\u00e9veloppement et de promotion touristique de l\u2019Agence Oise Tourisme, situ\u00e9e \u00e0 Beauvais.","robots":{"index":"index","follow":"follow","max-snippet":"max-snippet:-1","max-image-preview":"max-image-preview:large","max-video-preview":"max-video-preview:-1"},"canonical":"https:\/\/www.creilsudoise-tourisme.fr\/de\/espace-pro\/oise-tourisme\/","og_locale":"de_DE","og_type":"article","og_title":"Oise Tourisme : l\u2019agence de d\u00e9veloppement touristique de l\u2019Oise","og_description":"D\u00e9couvrez les missions d\u2019observation, d\u2019accompagnement, de d\u00e9veloppement et de promotion touristique de l\u2019Agence Oise Tourisme, situ\u00e9e \u00e0 Beauvais.","og_url":"https:\/\/www.creilsudoise-tourisme.fr\/de\/espace-pro\/oise-tourisme\/","og_site_name":"Office de Tourisme Creil Sud Oise","article_publisher":"https:\/\/www.facebook.com\/creilsudoisetourisme\/","article_modified_time":"2022-01-07T08:53:53+00:00","og_image":[{"width":1516,"height":600,"url":"https:\/\/www.creilsudoise-tourisme.fr\/wp-content\/uploads\/2021\/04\/Le\u0301quipe-de-Oise-Tourisme-e1617810703132.jpg","type":"image\/jpeg"}],"twitter_card":"summary_large_image","twitter_site":"@CreilSudOiseOT","twitter_misc":{"Gesch\u00e4tzte Lesezeit":"2\u00a0Minuten"},"schema":{"@context":"https:\/\/schema.org","@graph":[{"@type":"WebPage","@id":"https:\/\/www.creilsudoise-tourisme.fr\/espace-pro\/oise-tourisme\/","url":"https:\/\/www.creilsudoise-tourisme.fr\/espace-pro\/oise-tourisme\/","name":"Oise Tourisme : l\u2019agence de d\u00e9veloppement touristique de l\u2019Oise","isPartOf":{"@id":"https:\/\/www.creilsudoise-tourisme.fr\/#website"},"datePublished":"2021-02-17T09:03:43+00:00","dateModified":"2022-01-07T08:53:53+00:00","description":"D\u00e9couvrez les missions d\u2019observation, d\u2019accompagnement, de d\u00e9veloppement et de promotion touristique de l\u2019Agence Oise Tourisme, situ\u00e9e \u00e0 Beauvais.","breadcrumb":{"@id":"https:\/\/www.creilsudoise-tourisme.fr\/espace-pro\/oise-tourisme\/#breadcrumb"},"inLanguage":"de","potentialAction":[{"@type":"ReadAction","target":["https:\/\/www.creilsudoise-tourisme.fr\/espace-pro\/oise-tourisme\/"]}]},{"@type":"BreadcrumbList","@id":"https:\/\/www.creilsudoise-tourisme.fr\/espace-pro\/oise-tourisme\/#breadcrumb","itemListElement":[{"@type":"ListItem","position":1,"name":"Accueil","item":"https:\/\/www.creilsudoise-tourisme.fr\/"},{"@type":"ListItem","position":2,"name":"Espace pro","item":"https:\/\/www.creilsudoise-tourisme.fr\/espace-pro\/"},{"@type":"ListItem","position":3,"name":"Oise Tourisme"}]},{"@type":"WebSite","@id":"https:\/\/www.creilsudoise-tourisme.fr\/#website","url":"https:\/\/www.creilsudoise-tourisme.fr\/","name":"Office de Tourisme Creil Sud Oise","description":"Creil Sud Oise Tourisme, un territoire \u00e0 explorer !","publisher":{"@id":"https:\/\/www.creilsudoise-tourisme.fr\/#organization"},"potentialAction":[{"@type":"SearchAction","target":{"@type":"EntryPoint","urlTemplate":"https:\/\/www.creilsudoise-tourisme.fr\/?s={search_term_string}"},"query-input":"required name=search_term_string"}],"inLanguage":"de"},{"@type":"Organization","@id":"https:\/\/www.creilsudoise-tourisme.fr\/#organization","name":"Creil Sud Oise Tourisme","url":"https:\/\/www.creilsudoise-tourisme.fr\/","logo":{"@type":"ImageObject","inLanguage":"de","@id":"https:\/\/www.creilsudoise-tourisme.fr\/#\/schema\/logo\/image\/","url":"https:\/\/www.creilsudoise-tourisme.fr\/wp-content\/uploads\/2021\/05\/logo-svg.png","contentUrl":"https:\/\/www.creilsudoise-tourisme.fr\/wp-content\/uploads\/2021\/05\/logo-svg.png","width":182,"height":71,"caption":"Creil Sud Oise Tourisme"},"image":{"@id":"https:\/\/www.creilsudoise-tourisme.fr\/#\/schema\/logo\/image\/"},"sameAs":["https:\/\/www.facebook.com\/creilsudoisetourisme\/","https:\/\/twitter.com\/CreilSudOiseOT","https:\/\/www.instagram.com\/creilsudoisetourisme\/","https:\/\/www.youtube.com\/channel\/UC8L_QD2wwyADW14zt9fY8kw"]}]}},"_links":{"self":[{"href":"https:\/\/www.creilsudoise-tourisme.fr\/de\/wp-json\/wp\/v2\/pages\/215"}],"collection":[{"href":"https:\/\/www.creilsudoise-tourisme.fr\/de\/wp-json\/wp\/v2\/pages"}],"about":[{"href":"https:\/\/www.creilsudoise-tourisme.fr\/de\/wp-json\/wp\/v2\/types\/page"}],"author":[{"embeddable":true,"href":"https:\/\/www.creilsudoise-tourisme.fr\/de\/wp-json\/wp\/v2\/users\/1"}],"replies":[{"embeddable":true,"href":"https:\/\/www.creilsudoise-tourisme.fr\/de\/wp-json\/wp\/v2\/comments?post=215"}],"version-history":[{"count":11,"href":"https:\/\/www.creilsudoise-tourisme.fr\/de\/wp-json\/wp\/v2\/pages\/215\/revisions"}],"predecessor-version":[{"id":39334,"href":"https:\/\/www.creilsudoise-tourisme.fr\/de\/wp-json\/wp\/v2\/pages\/215\/revisions\/39334"}],"up":[{"embeddable":true,"href":"https:\/\/www.creilsudoise-tourisme.fr\/de\/wp-json\/wp\/v2\/pages\/209"}],"wp:featuredmedia":[{"embeddable":true,"href":"https:\/\/www.creilsudoise-tourisme.fr\/de\/wp-json\/wp\/v2\/media\/33191"}],"wp:attachment":[{"href":"https:\/\/www.creilsudoise-tourisme.fr\/de\/wp-json\/wp\/v2\/media?parent=215"}],"curies":[{"name":"wp","href":"https:\/\/api.w.org\/{rel}","templated":true}]}}