{"id":207,"date":"2021-02-17T10:03:36","date_gmt":"2021-02-17T09:03:36","guid":{"rendered":"https:\/\/www.creilsudoise-tourisme.fr\/la-boutique\/"},"modified":"2026-04-03T12:30:26","modified_gmt":"2026-04-03T10:30:26","slug":"boutique","status":"publish","type":"page","link":"https:\/\/www.creilsudoise-tourisme.fr\/de\/praxis\/office-de-tourisme\/shop\/","title":{"rendered":"Der Shop"},"content":{"rendered":"<p class=\"is-style-excerpt\">Sie suchen <strong>ein Souvenir aus Creil Sud Oise<\/strong> ? <\/p>\n\n\n\n<div class=\"wp-block-strate-full alignfull\">\n\n    <div class=\"wp-block-strate-full-thumbnail\">\n        <img data-src=\"https:\/\/www.creilsudoise-tourisme.fr\/wp-content\/uploads\/2023\/11\/Boutique-de-lOffice-de-Tourisme-Creil-Sud-Oise-4.jpg\" alt=\"Shop des Fremdenverkehrsamtes Creil Sud Oise\">\n    <\/div>\n\n\t\n        <div class=\"wp-block-strate-full-content wp-block-strate-full-content-left\">\n\t\t\t                <h3 class=\"wp-block-strate-full-content-title\"> Lokale Produzenten und Handwerker <\/h3>\n\t\t\t\t\t\t                <p class=\"wp-block-strate-full-content-excerpt\"> Dem Office de Tourisme Creil Sud Oise liegt es am Herzen, Ihnen die <strong>S\u00fc\u00dfigkeiten und Talente von hier <\/strong>: Wir w\u00e4hlen das Beste f\u00fcr Sie aus! <\/p>\n\t\t\t        <\/div>\n\n\t\n<\/div>\n\n\n\n<h2>Feinkost und Souvenirs<\/h2>\n\n\n\n<p>Das Office de Tourisme Creil Sud Oise befindet sich in Creil, 30 Minuten mit dem Zug von Paris (Gare du Nord) und nur wenige Minuten von Chantilly und Senlis entfernt. In seinem Laden bietet Ihnen das Office de Tourisme Creil Sud Oise zahlreiche lokale Produkte an. Sie finden dort l<strong>Es gibt einen Lebensmittelladen, eine Buchhandlung, Schreibwaren, Dekorationsartikel, Souvenirs und Schmuck.<\/strong>Alle diese Produkte werden von Frauen hergestellt oder konfektioniert.<strong> Handwerker aus dem Departement Oise und der Umgebung.<\/strong><\/p>\n\n\n\n<h2>Verschenken Sie eine lokale 100%-Box!<\/h2>\n\n\n\n<p>Sie suchen eine <strong>Geschenkidee zu Weihnachten, zum Geburtstag, zur Pensionierung, als Jahresendgeschenk f\u00fcr die Lehrerin oder einfach nur, um Freude zu bereiten?<\/strong> Das Fremdenverkehrsamt bietet Ihnen die M\u00f6glichkeit, sich zusammenzustellen <strong>Ihre Box \"Surprises d'ici\" (\u00dcberraschungen von hier)<\/strong>In der Oise oder Umgebung hergestellte Produkte!<\/p>\n\n\n\n<figure class=\"wp-block-image size-large\"><img decoding=\"async\" loading=\"lazy\" width=\"1200\" height=\"1200\" data-src=\"https:\/\/www.creilsudoise-tourisme.fr\/wp-content\/uploads\/2023\/11\/Boutique-de-lOffice-de-Tourisme-Creil-Sud-Oise-8-1200x1200.jpg\" alt=\"\" class=\"wp-image-50765\" data-srcset=\"https:\/\/www.creilsudoise-tourisme.fr\/wp-content\/uploads\/2023\/11\/Boutique-de-lOffice-de-Tourisme-Creil-Sud-Oise-8-1200x1200.jpg 1200w, https:\/\/www.creilsudoise-tourisme.fr\/wp-content\/uploads\/2023\/11\/Boutique-de-lOffice-de-Tourisme-Creil-Sud-Oise-8-600x600.jpg 600w, https:\/\/www.creilsudoise-tourisme.fr\/wp-content\/uploads\/2023\/11\/Boutique-de-lOffice-de-Tourisme-Creil-Sud-Oise-8-300x300.jpg 300w, https:\/\/www.creilsudoise-tourisme.fr\/wp-content\/uploads\/2023\/11\/Boutique-de-lOffice-de-Tourisme-Creil-Sud-Oise-8-900x900.jpg 900w, https:\/\/www.creilsudoise-tourisme.fr\/wp-content\/uploads\/2023\/11\/Boutique-de-lOffice-de-Tourisme-Creil-Sud-Oise-8-1536x1536.jpg 1536w, https:\/\/www.creilsudoise-tourisme.fr\/wp-content\/uploads\/2023\/11\/Boutique-de-lOffice-de-Tourisme-Creil-Sud-Oise-8-12x12.jpg 12w, https:\/\/www.creilsudoise-tourisme.fr\/wp-content\/uploads\/2023\/11\/Boutique-de-lOffice-de-Tourisme-Creil-Sud-Oise-8-200x200.jpg 200w, https:\/\/www.creilsudoise-tourisme.fr\/wp-content\/uploads\/2023\/11\/Boutique-de-lOffice-de-Tourisme-Creil-Sud-Oise-8-650x650.jpg 650w, https:\/\/www.creilsudoise-tourisme.fr\/wp-content\/uploads\/2023\/11\/Boutique-de-lOffice-de-Tourisme-Creil-Sud-Oise-8-387x387.jpg 387w, https:\/\/www.creilsudoise-tourisme.fr\/wp-content\/uploads\/2023\/11\/Boutique-de-lOffice-de-Tourisme-Creil-Sud-Oise-8.jpg 1920w\" sizes=\"(max-width: 1200px) 100vw, 1200px\" \/><\/figure>\n\n\n\n<figure class=\"is-layout-flex wp-block-gallery-1 wp-block-gallery has-nested-images columns-default is-cropped\">\n<figure class=\"wp-block-image size-large\"><img decoding=\"async\" loading=\"lazy\" width=\"1200\" height=\"1200\" data-id=\"50764\"  data-src=\"https:\/\/www.creilsudoise-tourisme.fr\/wp-content\/uploads\/2023\/11\/Boutique-de-lOffice-de-Tourisme-Creil-Sud-Oise-7-1200x1200.jpg\" alt=\"\" class=\"wp-image-50764\" data-srcset=\"https:\/\/www.creilsudoise-tourisme.fr\/wp-content\/uploads\/2023\/11\/Boutique-de-lOffice-de-Tourisme-Creil-Sud-Oise-7-1200x1200.jpg 1200w, https:\/\/www.creilsudoise-tourisme.fr\/wp-content\/uploads\/2023\/11\/Boutique-de-lOffice-de-Tourisme-Creil-Sud-Oise-7-600x600.jpg 600w, https:\/\/www.creilsudoise-tourisme.fr\/wp-content\/uploads\/2023\/11\/Boutique-de-lOffice-de-Tourisme-Creil-Sud-Oise-7-300x300.jpg 300w, https:\/\/www.creilsudoise-tourisme.fr\/wp-content\/uploads\/2023\/11\/Boutique-de-lOffice-de-Tourisme-Creil-Sud-Oise-7-900x900.jpg 900w, https:\/\/www.creilsudoise-tourisme.fr\/wp-content\/uploads\/2023\/11\/Boutique-de-lOffice-de-Tourisme-Creil-Sud-Oise-7-1536x1536.jpg 1536w, https:\/\/www.creilsudoise-tourisme.fr\/wp-content\/uploads\/2023\/11\/Boutique-de-lOffice-de-Tourisme-Creil-Sud-Oise-7-12x12.jpg 12w, https:\/\/www.creilsudoise-tourisme.fr\/wp-content\/uploads\/2023\/11\/Boutique-de-lOffice-de-Tourisme-Creil-Sud-Oise-7-200x200.jpg 200w, https:\/\/www.creilsudoise-tourisme.fr\/wp-content\/uploads\/2023\/11\/Boutique-de-lOffice-de-Tourisme-Creil-Sud-Oise-7-650x650.jpg 650w, https:\/\/www.creilsudoise-tourisme.fr\/wp-content\/uploads\/2023\/11\/Boutique-de-lOffice-de-Tourisme-Creil-Sud-Oise-7-387x387.jpg 387w, https:\/\/www.creilsudoise-tourisme.fr\/wp-content\/uploads\/2023\/11\/Boutique-de-lOffice-de-Tourisme-Creil-Sud-Oise-7.jpg 1920w\" sizes=\"(max-width: 1200px) 100vw, 1200px\" \/><\/figure>\n\n\n\n<figure class=\"wp-block-image size-large\"><img decoding=\"async\" loading=\"lazy\" width=\"1200\" height=\"1200\" data-id=\"50763\"  data-src=\"https:\/\/www.creilsudoise-tourisme.fr\/wp-content\/uploads\/2023\/11\/Boutique-de-lOffice-de-Tourisme-Creil-Sud-Oise-6-1200x1200.jpg\" alt=\"\" class=\"wp-image-50763\" data-srcset=\"https:\/\/www.creilsudoise-tourisme.fr\/wp-content\/uploads\/2023\/11\/Boutique-de-lOffice-de-Tourisme-Creil-Sud-Oise-6-1200x1200.jpg 1200w, https:\/\/www.creilsudoise-tourisme.fr\/wp-content\/uploads\/2023\/11\/Boutique-de-lOffice-de-Tourisme-Creil-Sud-Oise-6-600x600.jpg 600w, https:\/\/www.creilsudoise-tourisme.fr\/wp-content\/uploads\/2023\/11\/Boutique-de-lOffice-de-Tourisme-Creil-Sud-Oise-6-300x300.jpg 300w, https:\/\/www.creilsudoise-tourisme.fr\/wp-content\/uploads\/2023\/11\/Boutique-de-lOffice-de-Tourisme-Creil-Sud-Oise-6-900x900.jpg 900w, https:\/\/www.creilsudoise-tourisme.fr\/wp-content\/uploads\/2023\/11\/Boutique-de-lOffice-de-Tourisme-Creil-Sud-Oise-6-1536x1536.jpg 1536w, https:\/\/www.creilsudoise-tourisme.fr\/wp-content\/uploads\/2023\/11\/Boutique-de-lOffice-de-Tourisme-Creil-Sud-Oise-6-12x12.jpg 12w, https:\/\/www.creilsudoise-tourisme.fr\/wp-content\/uploads\/2023\/11\/Boutique-de-lOffice-de-Tourisme-Creil-Sud-Oise-6-200x200.jpg 200w, https:\/\/www.creilsudoise-tourisme.fr\/wp-content\/uploads\/2023\/11\/Boutique-de-lOffice-de-Tourisme-Creil-Sud-Oise-6-650x650.jpg 650w, https:\/\/www.creilsudoise-tourisme.fr\/wp-content\/uploads\/2023\/11\/Boutique-de-lOffice-de-Tourisme-Creil-Sud-Oise-6-387x387.jpg 387w, https:\/\/www.creilsudoise-tourisme.fr\/wp-content\/uploads\/2023\/11\/Boutique-de-lOffice-de-Tourisme-Creil-Sud-Oise-6.jpg 1920w\" sizes=\"(max-width: 1200px) 100vw, 1200px\" \/><\/figure>\n<\/figure>\n\n\n\n<p>Sie k\u00f6nnen auch Ihren<strong> Feinschmeckerkorb<\/strong> (der Weidenkorb kostet 2\u20ac)<\/p>\n\n\n\n<div class=\"wp-block-strate-full alignfull\">\n\n    <div class=\"wp-block-strate-full-thumbnail\">\n        <img data-src=\"https:\/\/www.creilsudoise-tourisme.fr\/wp-content\/uploads\/2023\/11\/Boutique-de-lOffice-de-Tourisme-Creil-Sud-Oise-1.jpg\" alt=\"Shop des Fremdenverkehrsamtes Creil Sud Oise\">\n    <\/div>\n\n\t\n        <div class=\"wp-block-strate-full-content wp-block-strate-full-content-left\">\n\t\t\t                <h3 class=\"wp-block-strate-full-content-title\"> Produkte, die derzeit zum Verkauf stehen <\/h3>\n\t\t\t\t\t\t                <p class=\"wp-block-strate-full-content-excerpt\"> Entdecken Sie unten <strong>unsere Produkte derzeit im Laden! <\/strong>Das Angebot \u00e4ndert sich regelm\u00e4\u00dfig! <\/p>\n\t\t\t        <\/div>\n\n\t\n<\/div>\n\n\n\n<h2>Der Feinkostladen<\/h2>\n\n\n\n<h3>Salzig<\/h3>\n\n\n\n<div class=\"is-layout-flex wp-container-6 wp-block-columns\">\n<div class=\"is-layout-flow wp-block-column\">\n<figure class=\"wp-block-image size-full\"><img decoding=\"async\" loading=\"lazy\" width=\"1000\" height=\"1000\" data-src=\"https:\/\/www.creilsudoise-tourisme.fr\/wp-content\/uploads\/2023\/11\/Rillettes-Pur-Canard-Ginette-Boutique-de-Creil-Sud-Oise-Tourisme.jpg\" alt=\"boutique Creil Sud Oise Tourisme Office local Handwerk Geschenk Idee Weihnachten Geburtstag handgemacht Produzent Hauts-de-France Oise Picardie terrine p\u00e2t\u00e9 rillettes\" class=\"wp-image-50715\" data-srcset=\"https:\/\/www.creilsudoise-tourisme.fr\/wp-content\/uploads\/2023\/11\/Rillettes-Pur-Canard-Ginette-Boutique-de-Creil-Sud-Oise-Tourisme.jpg 1000w, https:\/\/www.creilsudoise-tourisme.fr\/wp-content\/uploads\/2023\/11\/Rillettes-Pur-Canard-Ginette-Boutique-de-Creil-Sud-Oise-Tourisme-600x600.jpg 600w, https:\/\/www.creilsudoise-tourisme.fr\/wp-content\/uploads\/2023\/11\/Rillettes-Pur-Canard-Ginette-Boutique-de-Creil-Sud-Oise-Tourisme-300x300.jpg 300w, https:\/\/www.creilsudoise-tourisme.fr\/wp-content\/uploads\/2023\/11\/Rillettes-Pur-Canard-Ginette-Boutique-de-Creil-Sud-Oise-Tourisme-900x900.jpg 900w, https:\/\/www.creilsudoise-tourisme.fr\/wp-content\/uploads\/2023\/11\/Rillettes-Pur-Canard-Ginette-Boutique-de-Creil-Sud-Oise-Tourisme-12x12.jpg 12w, https:\/\/www.creilsudoise-tourisme.fr\/wp-content\/uploads\/2023\/11\/Rillettes-Pur-Canard-Ginette-Boutique-de-Creil-Sud-Oise-Tourisme-200x200.jpg 200w, https:\/\/www.creilsudoise-tourisme.fr\/wp-content\/uploads\/2023\/11\/Rillettes-Pur-Canard-Ginette-Boutique-de-Creil-Sud-Oise-Tourisme-650x650.jpg 650w, https:\/\/www.creilsudoise-tourisme.fr\/wp-content\/uploads\/2023\/11\/Rillettes-Pur-Canard-Ginette-Boutique-de-Creil-Sud-Oise-Tourisme-387x387.jpg 387w\" sizes=\"(max-width: 1000px) 100vw, 1000px\" \/><\/figure>\n\n\n\n<p><strong>Enten-Rillettes<\/strong> | <strong>6,90\u20ac<\/strong> | 180g | <em>Ginettes Rezepte <\/em>| <em>Hauts-de-France<\/em> <\/p>\n<\/div>\n\n\n\n<div class=\"is-layout-flow wp-block-column\">\n<figure class=\"wp-block-image size-large\"><img decoding=\"async\" loading=\"lazy\" width=\"1200\" height=\"1200\" data-src=\"https:\/\/www.creilsudoise-tourisme.fr\/wp-content\/uploads\/2024\/11\/Rillettes-pur-porc-1200x1200.jpg\" alt=\"\" class=\"wp-image-58750\" data-srcset=\"https:\/\/www.creilsudoise-tourisme.fr\/wp-content\/uploads\/2024\/11\/Rillettes-pur-porc-1200x1200.jpg 1200w, https:\/\/www.creilsudoise-tourisme.fr\/wp-content\/uploads\/2024\/11\/Rillettes-pur-porc-600x600.jpg 600w, https:\/\/www.creilsudoise-tourisme.fr\/wp-content\/uploads\/2024\/11\/Rillettes-pur-porc-300x300.jpg 300w, https:\/\/www.creilsudoise-tourisme.fr\/wp-content\/uploads\/2024\/11\/Rillettes-pur-porc-900x900.jpg 900w, https:\/\/www.creilsudoise-tourisme.fr\/wp-content\/uploads\/2024\/11\/Rillettes-pur-porc-1536x1536.jpg 1536w, https:\/\/www.creilsudoise-tourisme.fr\/wp-content\/uploads\/2024\/11\/Rillettes-pur-porc-12x12.jpg 12w, https:\/\/www.creilsudoise-tourisme.fr\/wp-content\/uploads\/2024\/11\/Rillettes-pur-porc-200x200.jpg 200w, https:\/\/www.creilsudoise-tourisme.fr\/wp-content\/uploads\/2024\/11\/Rillettes-pur-porc-650x650.jpg 650w, https:\/\/www.creilsudoise-tourisme.fr\/wp-content\/uploads\/2024\/11\/Rillettes-pur-porc-387x387.jpg 387w, https:\/\/www.creilsudoise-tourisme.fr\/wp-content\/uploads\/2024\/11\/Rillettes-pur-porc.jpg 1920w\" sizes=\"(max-width: 1200px) 100vw, 1200px\" \/><\/figure>\n\n\n\n<p><strong>Rillettes Pur Porc<\/strong> | <strong>5,50\u20ac<\/strong> | 180g | <em>Ginettes Rezepte <\/em>| <em>Hauts-de-France<\/em><\/p>\n<\/div>\n\n\n\n<div class=\"is-layout-flow wp-block-column\">\n<figure class=\"wp-block-image size-full\"><img decoding=\"async\" loading=\"lazy\" width=\"1000\" height=\"1000\" data-src=\"https:\/\/www.creilsudoise-tourisme.fr\/wp-content\/uploads\/2023\/11\/Pate-de-Campagne-Ginette-Boutique-de-Creil-Sud-Oise-Tourisme.jpg\" alt=\"boutique Creil Sud Oise Tourisme Office local Handwerk Geschenk Idee Weihnachten Geburtstag handgemacht Produzent Hauts-de-France Oise Picardie terrine p\u00e2t\u00e9 rillettes\" class=\"wp-image-50710\" data-srcset=\"https:\/\/www.creilsudoise-tourisme.fr\/wp-content\/uploads\/2023\/11\/Pate-de-Campagne-Ginette-Boutique-de-Creil-Sud-Oise-Tourisme.jpg 1000w, https:\/\/www.creilsudoise-tourisme.fr\/wp-content\/uploads\/2023\/11\/Pate-de-Campagne-Ginette-Boutique-de-Creil-Sud-Oise-Tourisme-600x600.jpg 600w, https:\/\/www.creilsudoise-tourisme.fr\/wp-content\/uploads\/2023\/11\/Pate-de-Campagne-Ginette-Boutique-de-Creil-Sud-Oise-Tourisme-300x300.jpg 300w, https:\/\/www.creilsudoise-tourisme.fr\/wp-content\/uploads\/2023\/11\/Pate-de-Campagne-Ginette-Boutique-de-Creil-Sud-Oise-Tourisme-900x900.jpg 900w, https:\/\/www.creilsudoise-tourisme.fr\/wp-content\/uploads\/2023\/11\/Pate-de-Campagne-Ginette-Boutique-de-Creil-Sud-Oise-Tourisme-12x12.jpg 12w, https:\/\/www.creilsudoise-tourisme.fr\/wp-content\/uploads\/2023\/11\/Pate-de-Campagne-Ginette-Boutique-de-Creil-Sud-Oise-Tourisme-200x200.jpg 200w, https:\/\/www.creilsudoise-tourisme.fr\/wp-content\/uploads\/2023\/11\/Pate-de-Campagne-Ginette-Boutique-de-Creil-Sud-Oise-Tourisme-650x650.jpg 650w, https:\/\/www.creilsudoise-tourisme.fr\/wp-content\/uploads\/2023\/11\/Pate-de-Campagne-Ginette-Boutique-de-Creil-Sud-Oise-Tourisme-387x387.jpg 387w\" sizes=\"(max-width: 1000px) 100vw, 1000px\" \/><\/figure>\n\n\n\n<p><strong>Landpastete<\/strong> | <strong>4,20\u20ac<\/strong> | 180g | <em>Ginettes Rezepte <\/em>| <em>Hauts-de-France<\/em> <\/p>\n<\/div>\n<\/div>\n\n\n\n<div class=\"is-layout-flex wp-container-10 wp-block-columns\">\n<div class=\"is-layout-flow wp-block-column\">\n<figure class=\"wp-block-image size-full\"><img decoding=\"async\" loading=\"lazy\" width=\"1000\" height=\"1000\" data-src=\"https:\/\/www.creilsudoise-tourisme.fr\/wp-content\/uploads\/2023\/11\/Terrine-de-Truite-fumee-de-la-Conserverie-Saint-Christophe-Boutique-de-Creil-Sud-Oise-Tourisme.jpg\" alt=\"boutique Creil Sud Oise Tourisme Office local Handwerk Geschenk Idee Weihnachten Geburtstag handgemacht Produzent Hauts-de-France Oise Picardie terrine p\u00e2t\u00e9\" class=\"wp-image-50720\" data-srcset=\"https:\/\/www.creilsudoise-tourisme.fr\/wp-content\/uploads\/2023\/11\/Terrine-de-Truite-fumee-de-la-Conserverie-Saint-Christophe-Boutique-de-Creil-Sud-Oise-Tourisme.jpg 1000w, https:\/\/www.creilsudoise-tourisme.fr\/wp-content\/uploads\/2023\/11\/Terrine-de-Truite-fumee-de-la-Conserverie-Saint-Christophe-Boutique-de-Creil-Sud-Oise-Tourisme-600x600.jpg 600w, https:\/\/www.creilsudoise-tourisme.fr\/wp-content\/uploads\/2023\/11\/Terrine-de-Truite-fumee-de-la-Conserverie-Saint-Christophe-Boutique-de-Creil-Sud-Oise-Tourisme-300x300.jpg 300w, https:\/\/www.creilsudoise-tourisme.fr\/wp-content\/uploads\/2023\/11\/Terrine-de-Truite-fumee-de-la-Conserverie-Saint-Christophe-Boutique-de-Creil-Sud-Oise-Tourisme-900x900.jpg 900w, https:\/\/www.creilsudoise-tourisme.fr\/wp-content\/uploads\/2023\/11\/Terrine-de-Truite-fumee-de-la-Conserverie-Saint-Christophe-Boutique-de-Creil-Sud-Oise-Tourisme-12x12.jpg 12w, https:\/\/www.creilsudoise-tourisme.fr\/wp-content\/uploads\/2023\/11\/Terrine-de-Truite-fumee-de-la-Conserverie-Saint-Christophe-Boutique-de-Creil-Sud-Oise-Tourisme-200x200.jpg 200w, https:\/\/www.creilsudoise-tourisme.fr\/wp-content\/uploads\/2023\/11\/Terrine-de-Truite-fumee-de-la-Conserverie-Saint-Christophe-Boutique-de-Creil-Sud-Oise-Tourisme-650x650.jpg 650w, https:\/\/www.creilsudoise-tourisme.fr\/wp-content\/uploads\/2023\/11\/Terrine-de-Truite-fumee-de-la-Conserverie-Saint-Christophe-Boutique-de-Creil-Sud-Oise-Tourisme-387x387.jpg 387w\" sizes=\"(max-width: 1000px) 100vw, 1000px\" \/><\/figure>\n\n\n\n<p><strong>Terrine von ger\u00e4ucherter Forelle<\/strong> | <strong>12,50\u20ac<\/strong> | 270g | <em>Konservenfabrik St. Christophe <\/em>|<em> Hauts-de-France<\/em><\/p>\n<\/div>\n\n\n\n<div class=\"is-layout-flow wp-block-column\">\n<figure class=\"wp-block-image size-large\"><img decoding=\"async\" loading=\"lazy\" width=\"1200\" height=\"1200\" data-src=\"https:\/\/www.creilsudoise-tourisme.fr\/wp-content\/uploads\/2024\/01\/Salicorne-Boutique-de-Creil-Sud-Oise-Tourisme-1200x1200.jpg\" alt=\"boutique Creil Sud Oise Tourisme Office Tourisme local Handwerk Geschenk Idee Weihnachten\" class=\"wp-image-51214\" data-srcset=\"https:\/\/www.creilsudoise-tourisme.fr\/wp-content\/uploads\/2024\/01\/Salicorne-Boutique-de-Creil-Sud-Oise-Tourisme-1200x1200.jpg 1200w, https:\/\/www.creilsudoise-tourisme.fr\/wp-content\/uploads\/2024\/01\/Salicorne-Boutique-de-Creil-Sud-Oise-Tourisme-600x600.jpg 600w, https:\/\/www.creilsudoise-tourisme.fr\/wp-content\/uploads\/2024\/01\/Salicorne-Boutique-de-Creil-Sud-Oise-Tourisme-300x300.jpg 300w, https:\/\/www.creilsudoise-tourisme.fr\/wp-content\/uploads\/2024\/01\/Salicorne-Boutique-de-Creil-Sud-Oise-Tourisme-900x900.jpg 900w, https:\/\/www.creilsudoise-tourisme.fr\/wp-content\/uploads\/2024\/01\/Salicorne-Boutique-de-Creil-Sud-Oise-Tourisme-1536x1536.jpg 1536w, https:\/\/www.creilsudoise-tourisme.fr\/wp-content\/uploads\/2024\/01\/Salicorne-Boutique-de-Creil-Sud-Oise-Tourisme-12x12.jpg 12w, https:\/\/www.creilsudoise-tourisme.fr\/wp-content\/uploads\/2024\/01\/Salicorne-Boutique-de-Creil-Sud-Oise-Tourisme-200x200.jpg 200w, https:\/\/www.creilsudoise-tourisme.fr\/wp-content\/uploads\/2024\/01\/Salicorne-Boutique-de-Creil-Sud-Oise-Tourisme-650x650.jpg 650w, https:\/\/www.creilsudoise-tourisme.fr\/wp-content\/uploads\/2024\/01\/Salicorne-Boutique-de-Creil-Sud-Oise-Tourisme-387x387.jpg 387w, https:\/\/www.creilsudoise-tourisme.fr\/wp-content\/uploads\/2024\/01\/Salicorne-Boutique-de-Creil-Sud-Oise-Tourisme.jpg 1920w\" sizes=\"(max-width: 1200px) 100vw, 1200px\" \/><\/figure>\n\n\n\n<p><strong>Salzlecken in der Somme-Bucht <\/strong>| <strong>7\u20ac<\/strong> | 200g | <em>Konservenfabrik St. Christophe <\/em>| <em>Hauts-de-France<\/em><\/p>\n<\/div>\n\n\n\n<div class=\"is-layout-flow wp-block-column\">\n<figure class=\"wp-block-image size-full\"><img decoding=\"async\" loading=\"lazy\" width=\"1000\" height=\"1000\" data-src=\"https:\/\/www.creilsudoise-tourisme.fr\/wp-content\/uploads\/2023\/11\/Aperico-de-Soissons-Boutique-de-Creil-Sud-Oise-Tourisme.jpg\" alt=\"boutique Creil Sud Oise Tourisme Office local Handwerk Geschenk Idee Weihnachten Geburtstag handgemacht Produzent Hauts-de-France Oise Picardie Aperitif\" class=\"wp-image-50678\" data-srcset=\"https:\/\/www.creilsudoise-tourisme.fr\/wp-content\/uploads\/2023\/11\/Aperico-de-Soissons-Boutique-de-Creil-Sud-Oise-Tourisme.jpg 1000w, https:\/\/www.creilsudoise-tourisme.fr\/wp-content\/uploads\/2023\/11\/Aperico-de-Soissons-Boutique-de-Creil-Sud-Oise-Tourisme-600x600.jpg 600w, https:\/\/www.creilsudoise-tourisme.fr\/wp-content\/uploads\/2023\/11\/Aperico-de-Soissons-Boutique-de-Creil-Sud-Oise-Tourisme-300x300.jpg 300w, https:\/\/www.creilsudoise-tourisme.fr\/wp-content\/uploads\/2023\/11\/Aperico-de-Soissons-Boutique-de-Creil-Sud-Oise-Tourisme-900x900.jpg 900w, https:\/\/www.creilsudoise-tourisme.fr\/wp-content\/uploads\/2023\/11\/Aperico-de-Soissons-Boutique-de-Creil-Sud-Oise-Tourisme-12x12.jpg 12w, https:\/\/www.creilsudoise-tourisme.fr\/wp-content\/uploads\/2023\/11\/Aperico-de-Soissons-Boutique-de-Creil-Sud-Oise-Tourisme-200x200.jpg 200w, https:\/\/www.creilsudoise-tourisme.fr\/wp-content\/uploads\/2023\/11\/Aperico-de-Soissons-Boutique-de-Creil-Sud-Oise-Tourisme-650x650.jpg 650w, https:\/\/www.creilsudoise-tourisme.fr\/wp-content\/uploads\/2023\/11\/Aperico-de-Soissons-Boutique-de-Creil-Sud-Oise-Tourisme-387x387.jpg 387w\" sizes=\"(max-width: 1000px) 100vw, 1000px\" \/><\/figure>\n\n\n\n<p><strong>Ap\u00e9rico von Soissons<\/strong> proven\u00e7ale, pip\u00e9rade ou m\u00e9ridional | <strong>5,50\u20ac<\/strong> | 120g | <em>Kultur von hier <\/em>|<em> Hauts-de-France<\/em><\/p>\n<\/div>\n<\/div>\n\n\n\n<div class=\"is-layout-flex wp-container-14 wp-block-columns\">\n<div class=\"is-layout-flow wp-block-column\">\n<figure class=\"wp-block-image size-large\"><img decoding=\"async\" loading=\"lazy\" width=\"1200\" height=\"1200\" data-src=\"https:\/\/www.creilsudoise-tourisme.fr\/wp-content\/uploads\/2026\/02\/terrine-porc-maroilles_les-recettes-ginette_creil-sud-oise-tourisme-4-1200x1200.jpg\" alt=\"\" class=\"wp-image-68038\" data-srcset=\"https:\/\/www.creilsudoise-tourisme.fr\/wp-content\/uploads\/2026\/02\/terrine-porc-maroilles_les-recettes-ginette_creil-sud-oise-tourisme-4-1200x1200.jpg 1200w, https:\/\/www.creilsudoise-tourisme.fr\/wp-content\/uploads\/2026\/02\/terrine-porc-maroilles_les-recettes-ginette_creil-sud-oise-tourisme-4-600x600.jpg 600w, https:\/\/www.creilsudoise-tourisme.fr\/wp-content\/uploads\/2026\/02\/terrine-porc-maroilles_les-recettes-ginette_creil-sud-oise-tourisme-4-300x300.jpg 300w, https:\/\/www.creilsudoise-tourisme.fr\/wp-content\/uploads\/2026\/02\/terrine-porc-maroilles_les-recettes-ginette_creil-sud-oise-tourisme-4-900x900.jpg 900w, https:\/\/www.creilsudoise-tourisme.fr\/wp-content\/uploads\/2026\/02\/terrine-porc-maroilles_les-recettes-ginette_creil-sud-oise-tourisme-4-1536x1536.jpg 1536w, https:\/\/www.creilsudoise-tourisme.fr\/wp-content\/uploads\/2026\/02\/terrine-porc-maroilles_les-recettes-ginette_creil-sud-oise-tourisme-4-12x12.jpg 12w, https:\/\/www.creilsudoise-tourisme.fr\/wp-content\/uploads\/2026\/02\/terrine-porc-maroilles_les-recettes-ginette_creil-sud-oise-tourisme-4-200x200.jpg 200w, https:\/\/www.creilsudoise-tourisme.fr\/wp-content\/uploads\/2026\/02\/terrine-porc-maroilles_les-recettes-ginette_creil-sud-oise-tourisme-4-650x650.jpg 650w, https:\/\/www.creilsudoise-tourisme.fr\/wp-content\/uploads\/2026\/02\/terrine-porc-maroilles_les-recettes-ginette_creil-sud-oise-tourisme-4-387x387.jpg 387w, https:\/\/www.creilsudoise-tourisme.fr\/wp-content\/uploads\/2026\/02\/terrine-porc-maroilles_les-recettes-ginette_creil-sud-oise-tourisme-4.jpg 1920w\" sizes=\"(max-width: 1200px) 100vw, 1200px\" \/><\/figure>\n<\/div>\n\n\n\n<div class=\"is-layout-flow wp-block-column\"><\/div>\n\n\n\n<div class=\"is-layout-flow wp-block-column\"><\/div>\n<\/div>\n\n\n\n<div class=\"is-layout-flex wp-container-18 wp-block-columns\">\n<div class=\"is-layout-flow wp-block-column\">\n<p><strong>Terrine de porc aux maroilles<\/strong> | <strong>4,80\u20ac<\/strong> | 180g | <em>Ginettes Rezepte<\/em> | <em>Hauts-de-France<\/em><\/p>\n<\/div>\n\n\n\n<div class=\"is-layout-flow wp-block-column\"><\/div>\n\n\n\n<div class=\"is-layout-flow wp-block-column\"><\/div>\n<\/div>\n\n\n\n<h3>Ges\u00fc\u00dft<\/h3>\n\n\n\n<div class=\"is-layout-flex wp-container-22 wp-block-columns\">\n<div class=\"is-layout-flow wp-block-column\">\n<figure class=\"wp-block-image size-full\"><img decoding=\"async\" loading=\"lazy\" width=\"1000\" height=\"1000\" data-src=\"https:\/\/www.creilsudoise-tourisme.fr\/wp-content\/uploads\/2023\/11\/Confiture-de-lArbre-a-Poule-a-Villers-Saint-Paul-Boutique-de-Creil-Sud-Oise-Tourisme.jpg\" alt=\"boutique Creil Sud Oise Tourisme Office local Handwerk Geschenk Idee Weihnachten Geburtstag handgemacht Produzent Hauts-de-France Oise Picardie Marmelade\" class=\"wp-image-50683\" data-srcset=\"https:\/\/www.creilsudoise-tourisme.fr\/wp-content\/uploads\/2023\/11\/Confiture-de-lArbre-a-Poule-a-Villers-Saint-Paul-Boutique-de-Creil-Sud-Oise-Tourisme.jpg 1000w, https:\/\/www.creilsudoise-tourisme.fr\/wp-content\/uploads\/2023\/11\/Confiture-de-lArbre-a-Poule-a-Villers-Saint-Paul-Boutique-de-Creil-Sud-Oise-Tourisme-600x600.jpg 600w, https:\/\/www.creilsudoise-tourisme.fr\/wp-content\/uploads\/2023\/11\/Confiture-de-lArbre-a-Poule-a-Villers-Saint-Paul-Boutique-de-Creil-Sud-Oise-Tourisme-300x300.jpg 300w, https:\/\/www.creilsudoise-tourisme.fr\/wp-content\/uploads\/2023\/11\/Confiture-de-lArbre-a-Poule-a-Villers-Saint-Paul-Boutique-de-Creil-Sud-Oise-Tourisme-900x900.jpg 900w, https:\/\/www.creilsudoise-tourisme.fr\/wp-content\/uploads\/2023\/11\/Confiture-de-lArbre-a-Poule-a-Villers-Saint-Paul-Boutique-de-Creil-Sud-Oise-Tourisme-12x12.jpg 12w, https:\/\/www.creilsudoise-tourisme.fr\/wp-content\/uploads\/2023\/11\/Confiture-de-lArbre-a-Poule-a-Villers-Saint-Paul-Boutique-de-Creil-Sud-Oise-Tourisme-200x200.jpg 200w, https:\/\/www.creilsudoise-tourisme.fr\/wp-content\/uploads\/2023\/11\/Confiture-de-lArbre-a-Poule-a-Villers-Saint-Paul-Boutique-de-Creil-Sud-Oise-Tourisme-650x650.jpg 650w, https:\/\/www.creilsudoise-tourisme.fr\/wp-content\/uploads\/2023\/11\/Confiture-de-lArbre-a-Poule-a-Villers-Saint-Paul-Boutique-de-Creil-Sud-Oise-Tourisme-387x387.jpg 387w\" sizes=\"(max-width: 1000px) 100vw, 1000px\" \/><\/figure>\n\n\n\n<p><strong>Konfit\u00fcre oder Gelee<\/strong> | <strong>6\u20ac<\/strong> pro Einheit | 350g | <em><a href=\"https:\/\/www.youtube.com\/watch?v=q-Jrxbr_oGE\" target=\"_blank\" rel=\"noreferrer noopener\">Der H\u00fchnerbaum<\/a> <\/em>|<em> Villers-Saint-Paul<\/em><\/p>\n<\/div>\n\n\n\n<div class=\"is-layout-flow wp-block-column\">\n<figure class=\"wp-block-image size-full\"><img decoding=\"async\" loading=\"lazy\" width=\"1000\" height=\"1000\" data-src=\"https:\/\/www.creilsudoise-tourisme.fr\/wp-content\/uploads\/2023\/11\/Miel-de-Creil-Oise-Boutique-de-Creil-Sud-Oise-Tourisme.jpg\" alt=\"boutique Creil Sud Oise Tourisme Office local Handwerk Geschenk Idee Weihnachten Geburtstag handgemacht Produzent Hauts-de-France Oise Picardie Honig\" class=\"wp-image-50709\" data-srcset=\"https:\/\/www.creilsudoise-tourisme.fr\/wp-content\/uploads\/2023\/11\/Miel-de-Creil-Oise-Boutique-de-Creil-Sud-Oise-Tourisme.jpg 1000w, https:\/\/www.creilsudoise-tourisme.fr\/wp-content\/uploads\/2023\/11\/Miel-de-Creil-Oise-Boutique-de-Creil-Sud-Oise-Tourisme-600x600.jpg 600w, https:\/\/www.creilsudoise-tourisme.fr\/wp-content\/uploads\/2023\/11\/Miel-de-Creil-Oise-Boutique-de-Creil-Sud-Oise-Tourisme-300x300.jpg 300w, https:\/\/www.creilsudoise-tourisme.fr\/wp-content\/uploads\/2023\/11\/Miel-de-Creil-Oise-Boutique-de-Creil-Sud-Oise-Tourisme-900x900.jpg 900w, https:\/\/www.creilsudoise-tourisme.fr\/wp-content\/uploads\/2023\/11\/Miel-de-Creil-Oise-Boutique-de-Creil-Sud-Oise-Tourisme-12x12.jpg 12w, https:\/\/www.creilsudoise-tourisme.fr\/wp-content\/uploads\/2023\/11\/Miel-de-Creil-Oise-Boutique-de-Creil-Sud-Oise-Tourisme-200x200.jpg 200w, https:\/\/www.creilsudoise-tourisme.fr\/wp-content\/uploads\/2023\/11\/Miel-de-Creil-Oise-Boutique-de-Creil-Sud-Oise-Tourisme-650x650.jpg 650w, https:\/\/www.creilsudoise-tourisme.fr\/wp-content\/uploads\/2023\/11\/Miel-de-Creil-Oise-Boutique-de-Creil-Sud-Oise-Tourisme-387x387.jpg 387w\" sizes=\"(max-width: 1000px) 100vw, 1000px\" \/><\/figure>\n\n\n\n<p><strong>Honig aus der Oise<\/strong><em> <\/em>| <strong>3,60\u20ac<\/strong> | 250g oder <strong>7,20\u20ac<\/strong> | 500g | <em>Die Bienenst\u00f6cke von Montilles <\/em>|<em> Creil<\/em><\/p>\n\n\n\n<p><\/p>\n<\/div>\n\n\n\n<div class=\"is-layout-flow wp-block-column\">\n<figure class=\"wp-block-image size-large\"><img decoding=\"async\" loading=\"lazy\" width=\"1200\" height=\"1200\" data-src=\"https:\/\/www.creilsudoise-tourisme.fr\/wp-content\/uploads\/2026\/02\/miel_les-ateliers-de-l-abeille_creil-sud-oise-tourisme-4-1200x1200.jpg\" alt=\"\" class=\"wp-image-68039\" data-srcset=\"https:\/\/www.creilsudoise-tourisme.fr\/wp-content\/uploads\/2026\/02\/miel_les-ateliers-de-l-abeille_creil-sud-oise-tourisme-4-1200x1200.jpg 1200w, https:\/\/www.creilsudoise-tourisme.fr\/wp-content\/uploads\/2026\/02\/miel_les-ateliers-de-l-abeille_creil-sud-oise-tourisme-4-600x600.jpg 600w, https:\/\/www.creilsudoise-tourisme.fr\/wp-content\/uploads\/2026\/02\/miel_les-ateliers-de-l-abeille_creil-sud-oise-tourisme-4-300x300.jpg 300w, https:\/\/www.creilsudoise-tourisme.fr\/wp-content\/uploads\/2026\/02\/miel_les-ateliers-de-l-abeille_creil-sud-oise-tourisme-4-900x900.jpg 900w, https:\/\/www.creilsudoise-tourisme.fr\/wp-content\/uploads\/2026\/02\/miel_les-ateliers-de-l-abeille_creil-sud-oise-tourisme-4-1536x1536.jpg 1536w, https:\/\/www.creilsudoise-tourisme.fr\/wp-content\/uploads\/2026\/02\/miel_les-ateliers-de-l-abeille_creil-sud-oise-tourisme-4-12x12.jpg 12w, https:\/\/www.creilsudoise-tourisme.fr\/wp-content\/uploads\/2026\/02\/miel_les-ateliers-de-l-abeille_creil-sud-oise-tourisme-4-200x200.jpg 200w, https:\/\/www.creilsudoise-tourisme.fr\/wp-content\/uploads\/2026\/02\/miel_les-ateliers-de-l-abeille_creil-sud-oise-tourisme-4-650x650.jpg 650w, https:\/\/www.creilsudoise-tourisme.fr\/wp-content\/uploads\/2026\/02\/miel_les-ateliers-de-l-abeille_creil-sud-oise-tourisme-4-387x387.jpg 387w, https:\/\/www.creilsudoise-tourisme.fr\/wp-content\/uploads\/2026\/02\/miel_les-ateliers-de-l-abeille_creil-sud-oise-tourisme-4.jpg 1920w\" sizes=\"(max-width: 1200px) 100vw, 1200px\" \/><\/figure>\n\n\n\n<p><strong>Miel de tilleul<\/strong> | <strong>4,65\u20ac<\/strong> | 250 g | <em>Les Ateliers de l&rsquo;Abeille<\/em> | <em>Aisne<\/em><\/p>\n<\/div>\n<\/div>\n\n\n\n<div class=\"is-layout-flex wp-container-26 wp-block-columns\">\n<div class=\"is-layout-flow wp-block-column\">\n<figure class=\"wp-block-image size-large\"><img decoding=\"async\" loading=\"lazy\" width=\"1200\" height=\"1200\" data-src=\"https:\/\/www.creilsudoise-tourisme.fr\/wp-content\/uploads\/2026\/02\/sables-chocolat_coeur-picardie_creil-sud-oise-tourisme-7-1200x1200.jpg\" alt=\"\" class=\"wp-image-68040\" data-srcset=\"https:\/\/www.creilsudoise-tourisme.fr\/wp-content\/uploads\/2026\/02\/sables-chocolat_coeur-picardie_creil-sud-oise-tourisme-7-1200x1200.jpg 1200w, https:\/\/www.creilsudoise-tourisme.fr\/wp-content\/uploads\/2026\/02\/sables-chocolat_coeur-picardie_creil-sud-oise-tourisme-7-600x600.jpg 600w, https:\/\/www.creilsudoise-tourisme.fr\/wp-content\/uploads\/2026\/02\/sables-chocolat_coeur-picardie_creil-sud-oise-tourisme-7-300x300.jpg 300w, https:\/\/www.creilsudoise-tourisme.fr\/wp-content\/uploads\/2026\/02\/sables-chocolat_coeur-picardie_creil-sud-oise-tourisme-7-900x900.jpg 900w, https:\/\/www.creilsudoise-tourisme.fr\/wp-content\/uploads\/2026\/02\/sables-chocolat_coeur-picardie_creil-sud-oise-tourisme-7-1536x1536.jpg 1536w, https:\/\/www.creilsudoise-tourisme.fr\/wp-content\/uploads\/2026\/02\/sables-chocolat_coeur-picardie_creil-sud-oise-tourisme-7-12x12.jpg 12w, https:\/\/www.creilsudoise-tourisme.fr\/wp-content\/uploads\/2026\/02\/sables-chocolat_coeur-picardie_creil-sud-oise-tourisme-7-200x200.jpg 200w, https:\/\/www.creilsudoise-tourisme.fr\/wp-content\/uploads\/2026\/02\/sables-chocolat_coeur-picardie_creil-sud-oise-tourisme-7-650x650.jpg 650w, https:\/\/www.creilsudoise-tourisme.fr\/wp-content\/uploads\/2026\/02\/sables-chocolat_coeur-picardie_creil-sud-oise-tourisme-7-387x387.jpg 387w, https:\/\/www.creilsudoise-tourisme.fr\/wp-content\/uploads\/2026\/02\/sables-chocolat_coeur-picardie_creil-sud-oise-tourisme-7.jpg 1920w\" sizes=\"(max-width: 1200px) 100vw, 1200px\" \/><\/figure>\n<\/div>\n\n\n\n<div class=\"is-layout-flow wp-block-column\"><\/div>\n\n\n\n<div class=\"is-layout-flow wp-block-column\"><\/div>\n<\/div>\n\n\n\n<div class=\"is-layout-flex wp-container-30 wp-block-columns\">\n<div class=\"is-layout-flow wp-block-column\">\n<p><strong>Sabl\u00e9s <\/strong><br> <strong>3,90\u20ac<\/strong> | Chocolat ou vanille |120 g | <em>C\u0153ur de Picardie<\/em> | <em>Cr\u00e8vecoeur-le-grand<\/em><\/p>\n<\/div>\n\n\n\n<div class=\"is-layout-flow wp-block-column\"><\/div>\n\n\n\n<div class=\"is-layout-flow wp-block-column\"><\/div>\n<\/div>\n\n\n\n<h3>Getr\u00e4nk<\/h3>\n\n\n\n<div class=\"is-layout-flex wp-container-34 wp-block-columns\">\n<div class=\"is-layout-flow wp-block-column\">\n<figure class=\"wp-block-image size-large\"><img decoding=\"async\" loading=\"lazy\" width=\"649\" height=\"1200\" data-src=\"https:\/\/www.creilsudoise-tourisme.fr\/wp-content\/uploads\/2023\/11\/Jus-pomme-cassis-de-la-Garenne-Boutique-de-Creil-Sud-Oise-Tourisme-649x1200.jpg\" alt=\"boutique Creil Sud Oise Tourisme Office local Handwerk Geschenk Idee Weihnachten Geburtstag handgefertigt Produzent Hauts-de-France Oise Picardie Saft\" class=\"wp-image-50701\" data-srcset=\"https:\/\/www.creilsudoise-tourisme.fr\/wp-content\/uploads\/2023\/11\/Jus-pomme-cassis-de-la-Garenne-Boutique-de-Creil-Sud-Oise-Tourisme-649x1200.jpg 649w, https:\/\/www.creilsudoise-tourisme.fr\/wp-content\/uploads\/2023\/11\/Jus-pomme-cassis-de-la-Garenne-Boutique-de-Creil-Sud-Oise-Tourisme-324x600.jpg 324w, https:\/\/www.creilsudoise-tourisme.fr\/wp-content\/uploads\/2023\/11\/Jus-pomme-cassis-de-la-Garenne-Boutique-de-Creil-Sud-Oise-Tourisme-486x900.jpg 486w, https:\/\/www.creilsudoise-tourisme.fr\/wp-content\/uploads\/2023\/11\/Jus-pomme-cassis-de-la-Garenne-Boutique-de-Creil-Sud-Oise-Tourisme-830x1536.jpg 830w, https:\/\/www.creilsudoise-tourisme.fr\/wp-content\/uploads\/2023\/11\/Jus-pomme-cassis-de-la-Garenne-Boutique-de-Creil-Sud-Oise-Tourisme-6x12.jpg 6w, https:\/\/www.creilsudoise-tourisme.fr\/wp-content\/uploads\/2023\/11\/Jus-pomme-cassis-de-la-Garenne-Boutique-de-Creil-Sud-Oise-Tourisme-200x370.jpg 200w, https:\/\/www.creilsudoise-tourisme.fr\/wp-content\/uploads\/2023\/11\/Jus-pomme-cassis-de-la-Garenne-Boutique-de-Creil-Sud-Oise-Tourisme-650x1203.jpg 650w, https:\/\/www.creilsudoise-tourisme.fr\/wp-content\/uploads\/2023\/11\/Jus-pomme-cassis-de-la-Garenne-Boutique-de-Creil-Sud-Oise-Tourisme-387x716.jpg 387w, https:\/\/www.creilsudoise-tourisme.fr\/wp-content\/uploads\/2023\/11\/Jus-pomme-cassis-de-la-Garenne-Boutique-de-Creil-Sud-Oise-Tourisme.jpg 1000w\" sizes=\"(max-width: 649px) 100vw, 649px\" \/><\/figure>\n\n\n\n<p><strong>Saft Pom'Cassis<\/strong> | <strong>5,80\u20ac<\/strong> | 1L | <em>La Garenne <\/em>| <em>Hauts-de-France<\/em> <\/p>\n<\/div>\n\n\n\n<div class=\"is-layout-flow wp-block-column\">\n<figure class=\"wp-block-image size-large\"><img decoding=\"async\" loading=\"lazy\" width=\"648\" height=\"1200\" data-src=\"https:\/\/www.creilsudoise-tourisme.fr\/wp-content\/uploads\/2023\/11\/Jus-de-pomme-de-lArbre-a-poule-a-Villers-Saint-Paul-Boutique-de-Creil-Sud-Oise-Tourisme-648x1200.jpg\" alt=\"boutique Creil Sud Oise Tourisme Office local Handwerk Geschenk Idee Weihnachten Geburtstag handgefertigt Produzent Hauts-de-France Oise Picardie Saft\" class=\"wp-image-50700\" data-srcset=\"https:\/\/www.creilsudoise-tourisme.fr\/wp-content\/uploads\/2023\/11\/Jus-de-pomme-de-lArbre-a-poule-a-Villers-Saint-Paul-Boutique-de-Creil-Sud-Oise-Tourisme-648x1200.jpg 648w, https:\/\/www.creilsudoise-tourisme.fr\/wp-content\/uploads\/2023\/11\/Jus-de-pomme-de-lArbre-a-poule-a-Villers-Saint-Paul-Boutique-de-Creil-Sud-Oise-Tourisme-324x600.jpg 324w, https:\/\/www.creilsudoise-tourisme.fr\/wp-content\/uploads\/2023\/11\/Jus-de-pomme-de-lArbre-a-poule-a-Villers-Saint-Paul-Boutique-de-Creil-Sud-Oise-Tourisme-486x900.jpg 486w, https:\/\/www.creilsudoise-tourisme.fr\/wp-content\/uploads\/2023\/11\/Jus-de-pomme-de-lArbre-a-poule-a-Villers-Saint-Paul-Boutique-de-Creil-Sud-Oise-Tourisme-829x1536.jpg 829w, https:\/\/www.creilsudoise-tourisme.fr\/wp-content\/uploads\/2023\/11\/Jus-de-pomme-de-lArbre-a-poule-a-Villers-Saint-Paul-Boutique-de-Creil-Sud-Oise-Tourisme-6x12.jpg 6w, https:\/\/www.creilsudoise-tourisme.fr\/wp-content\/uploads\/2023\/11\/Jus-de-pomme-de-lArbre-a-poule-a-Villers-Saint-Paul-Boutique-de-Creil-Sud-Oise-Tourisme-200x371.jpg 200w, https:\/\/www.creilsudoise-tourisme.fr\/wp-content\/uploads\/2023\/11\/Jus-de-pomme-de-lArbre-a-poule-a-Villers-Saint-Paul-Boutique-de-Creil-Sud-Oise-Tourisme-650x1204.jpg 650w, https:\/\/www.creilsudoise-tourisme.fr\/wp-content\/uploads\/2023\/11\/Jus-de-pomme-de-lArbre-a-poule-a-Villers-Saint-Paul-Boutique-de-Creil-Sud-Oise-Tourisme-387x717.jpg 387w, https:\/\/www.creilsudoise-tourisme.fr\/wp-content\/uploads\/2023\/11\/Jus-de-pomme-de-lArbre-a-poule-a-Villers-Saint-Paul-Boutique-de-Creil-Sud-Oise-Tourisme.jpg 1000w\" sizes=\"(max-width: 648px) 100vw, 648px\" \/><\/figure>\n\n\n\n<p><strong>Apfelsaft<\/strong> | <strong>4,5\u20ac<\/strong> | 1L | <a href=\"https:\/\/www.youtube.com\/watch?v=q-Jrxbr_oGE\" target=\"_blank\" rel=\"noreferrer noopener\"><em>Der H\u00fchnerbaum<\/em><\/a><em> <\/em>|<em> Villers-Saint-Paul<\/em><\/p>\n<\/div>\n\n\n\n<div class=\"is-layout-flow wp-block-column\">\n<figure class=\"wp-block-image size-large is-resized\"><img decoding=\"async\" loading=\"lazy\" data-src=\"https:\/\/www.creilsudoise-tourisme.fr\/wp-content\/uploads\/2023\/11\/Jus-pomme-poire-du-Domaine-de-Moismont-Boutique-de-Creil-Sud-Oise-Tourisme-e1700740158789-603x1200.jpg\" alt=\"boutique Creil Sud Oise Tourisme Office local Handwerk Geschenk Idee Weihnachten Geburtstag handgefertigt Produzent Hauts-de-France Oise Picardie Saft\" class=\"wp-image-50702\" width=\"226\" height=\"449\" data-srcset=\"https:\/\/www.creilsudoise-tourisme.fr\/wp-content\/uploads\/2023\/11\/Jus-pomme-poire-du-Domaine-de-Moismont-Boutique-de-Creil-Sud-Oise-Tourisme-e1700740158789-603x1200.jpg 603w, https:\/\/www.creilsudoise-tourisme.fr\/wp-content\/uploads\/2023\/11\/Jus-pomme-poire-du-Domaine-de-Moismont-Boutique-de-Creil-Sud-Oise-Tourisme-e1700740158789-301x600.jpg 301w, https:\/\/www.creilsudoise-tourisme.fr\/wp-content\/uploads\/2023\/11\/Jus-pomme-poire-du-Domaine-de-Moismont-Boutique-de-Creil-Sud-Oise-Tourisme-e1700740158789-452x900.jpg 452w, https:\/\/www.creilsudoise-tourisme.fr\/wp-content\/uploads\/2023\/11\/Jus-pomme-poire-du-Domaine-de-Moismont-Boutique-de-Creil-Sud-Oise-Tourisme-e1700740158789-771x1536.jpg 771w, https:\/\/www.creilsudoise-tourisme.fr\/wp-content\/uploads\/2023\/11\/Jus-pomme-poire-du-Domaine-de-Moismont-Boutique-de-Creil-Sud-Oise-Tourisme-e1700740158789-6x12.jpg 6w, https:\/\/www.creilsudoise-tourisme.fr\/wp-content\/uploads\/2023\/11\/Jus-pomme-poire-du-Domaine-de-Moismont-Boutique-de-Creil-Sud-Oise-Tourisme-e1700740158789-200x398.jpg 200w, https:\/\/www.creilsudoise-tourisme.fr\/wp-content\/uploads\/2023\/11\/Jus-pomme-poire-du-Domaine-de-Moismont-Boutique-de-Creil-Sud-Oise-Tourisme-e1700740158789-650x1295.jpg 650w, https:\/\/www.creilsudoise-tourisme.fr\/wp-content\/uploads\/2023\/11\/Jus-pomme-poire-du-Domaine-de-Moismont-Boutique-de-Creil-Sud-Oise-Tourisme-e1700740158789-387x771.jpg 387w, https:\/\/www.creilsudoise-tourisme.fr\/wp-content\/uploads\/2023\/11\/Jus-pomme-poire-du-Domaine-de-Moismont-Boutique-de-Creil-Sud-Oise-Tourisme-e1700740158789.jpg 964w\" sizes=\"(max-width: 226px) 100vw, 226px\" \/><\/figure>\n\n\n\n<p><strong>Apfel- und Birnensaft<\/strong>| <strong>5\u20ac<\/strong> | 1L | <em>Dom\u00e4ne von Moismont <\/em>| <em>Hauts-de-France<\/em> <\/p>\n<\/div>\n<\/div>\n\n\n\n<div class=\"is-layout-flex wp-container-38 wp-block-columns\">\n<div class=\"is-layout-flow wp-block-column\">\n<figure class=\"wp-block-image size-large\"><img decoding=\"async\" loading=\"lazy\" width=\"613\" height=\"1200\" data-src=\"https:\/\/www.creilsudoise-tourisme.fr\/wp-content\/uploads\/2024\/01\/Jus-pomme-fraise-du-Domaine-de-Moismont-Boutique-de-Creil-Sud-Oise-Tourisme-613x1200.jpg\" alt=\"boutique Creil Sud Oise Tourisme Office Tourisme local Handwerk Geschenk Idee Weihnachten\" class=\"wp-image-51215\" data-srcset=\"https:\/\/www.creilsudoise-tourisme.fr\/wp-content\/uploads\/2024\/01\/Jus-pomme-fraise-du-Domaine-de-Moismont-Boutique-de-Creil-Sud-Oise-Tourisme-613x1200.jpg 613w, https:\/\/www.creilsudoise-tourisme.fr\/wp-content\/uploads\/2024\/01\/Jus-pomme-fraise-du-Domaine-de-Moismont-Boutique-de-Creil-Sud-Oise-Tourisme-306x600.jpg 306w, https:\/\/www.creilsudoise-tourisme.fr\/wp-content\/uploads\/2024\/01\/Jus-pomme-fraise-du-Domaine-de-Moismont-Boutique-de-Creil-Sud-Oise-Tourisme-459x900.jpg 459w, https:\/\/www.creilsudoise-tourisme.fr\/wp-content\/uploads\/2024\/01\/Jus-pomme-fraise-du-Domaine-de-Moismont-Boutique-de-Creil-Sud-Oise-Tourisme-784x1536.jpg 784w, https:\/\/www.creilsudoise-tourisme.fr\/wp-content\/uploads\/2024\/01\/Jus-pomme-fraise-du-Domaine-de-Moismont-Boutique-de-Creil-Sud-Oise-Tourisme-6x12.jpg 6w, https:\/\/www.creilsudoise-tourisme.fr\/wp-content\/uploads\/2024\/01\/Jus-pomme-fraise-du-Domaine-de-Moismont-Boutique-de-Creil-Sud-Oise-Tourisme-200x392.jpg 200w, https:\/\/www.creilsudoise-tourisme.fr\/wp-content\/uploads\/2024\/01\/Jus-pomme-fraise-du-Domaine-de-Moismont-Boutique-de-Creil-Sud-Oise-Tourisme-650x1273.jpg 650w, https:\/\/www.creilsudoise-tourisme.fr\/wp-content\/uploads\/2024\/01\/Jus-pomme-fraise-du-Domaine-de-Moismont-Boutique-de-Creil-Sud-Oise-Tourisme-387x758.jpg 387w, https:\/\/www.creilsudoise-tourisme.fr\/wp-content\/uploads\/2024\/01\/Jus-pomme-fraise-du-Domaine-de-Moismont-Boutique-de-Creil-Sud-Oise-Tourisme.jpg 980w\" sizes=\"(max-width: 613px) 100vw, 613px\" \/><\/figure>\n\n\n\n<p><strong>Apfel- und Erdbeersaft<\/strong> | <strong>6,50\u20ac<\/strong> | 1L | <em>Dom\u00e4ne von Moismont <\/em>| <em>Hauts-de-France<\/em><\/p>\n<\/div>\n\n\n\n<div class=\"is-layout-flow wp-block-column\">\n<figure class=\"wp-block-image size-large is-resized\"><img decoding=\"async\" loading=\"lazy\" data-src=\"https:\/\/www.creilsudoise-tourisme.fr\/wp-content\/uploads\/2023\/11\/Petillant-de-rhubarbe-des-Jardins-de-Milly-Boutique-de-Creil-Sud-Oise-Tourisme-675x1200.jpg\" alt=\"boutique Creil Sud Oise Tourisme Office local Handwerk Geschenk Idee Weihnachten Geburtstag handgefertigt Produzent Hauts-de-France Oise Picardie Saft\" class=\"wp-image-50711\" width=\"266\" height=\"473\" data-srcset=\"https:\/\/www.creilsudoise-tourisme.fr\/wp-content\/uploads\/2023\/11\/Petillant-de-rhubarbe-des-Jardins-de-Milly-Boutique-de-Creil-Sud-Oise-Tourisme-675x1200.jpg 675w, https:\/\/www.creilsudoise-tourisme.fr\/wp-content\/uploads\/2023\/11\/Petillant-de-rhubarbe-des-Jardins-de-Milly-Boutique-de-Creil-Sud-Oise-Tourisme-338x600.jpg 338w, https:\/\/www.creilsudoise-tourisme.fr\/wp-content\/uploads\/2023\/11\/Petillant-de-rhubarbe-des-Jardins-de-Milly-Boutique-de-Creil-Sud-Oise-Tourisme-506x900.jpg 506w, https:\/\/www.creilsudoise-tourisme.fr\/wp-content\/uploads\/2023\/11\/Petillant-de-rhubarbe-des-Jardins-de-Milly-Boutique-de-Creil-Sud-Oise-Tourisme-864x1536.jpg 864w, https:\/\/www.creilsudoise-tourisme.fr\/wp-content\/uploads\/2023\/11\/Petillant-de-rhubarbe-des-Jardins-de-Milly-Boutique-de-Creil-Sud-Oise-Tourisme-7x12.jpg 7w, https:\/\/www.creilsudoise-tourisme.fr\/wp-content\/uploads\/2023\/11\/Petillant-de-rhubarbe-des-Jardins-de-Milly-Boutique-de-Creil-Sud-Oise-Tourisme-200x355.jpg 200w, https:\/\/www.creilsudoise-tourisme.fr\/wp-content\/uploads\/2023\/11\/Petillant-de-rhubarbe-des-Jardins-de-Milly-Boutique-de-Creil-Sud-Oise-Tourisme-650x1155.jpg 650w, https:\/\/www.creilsudoise-tourisme.fr\/wp-content\/uploads\/2023\/11\/Petillant-de-rhubarbe-des-Jardins-de-Milly-Boutique-de-Creil-Sud-Oise-Tourisme-387x688.jpg 387w, https:\/\/www.creilsudoise-tourisme.fr\/wp-content\/uploads\/2023\/11\/Petillant-de-rhubarbe-des-Jardins-de-Milly-Boutique-de-Creil-Sud-Oise-Tourisme.jpg 1000w\" sizes=\"(max-width: 266px) 100vw, 266px\" \/><\/figure>\n\n\n\n<p><strong>Rhabarber-Peperoni<\/strong> | <strong>6,50\u20ac<\/strong> | 75cl | <em>Die Obstg\u00e4rten von Milly | Oise<\/em><\/p>\n<\/div>\n\n\n\n<div class=\"is-layout-flow wp-block-column\">\n<p><\/p>\n<\/div>\n<\/div>\n\n\n\n<h2>Erinnerungen<\/h2>\n\n\n\n<div class=\"is-layout-flex wp-container-42 wp-block-columns\">\n<div class=\"is-layout-flow wp-block-column\">\n<figure class=\"wp-block-image size-full\"><img decoding=\"async\" loading=\"lazy\" width=\"1000\" height=\"1000\" data-src=\"https:\/\/www.creilsudoise-tourisme.fr\/wp-content\/uploads\/2023\/11\/Carte-postale-Boutique-de-Creil-Sud-Oise-Tourisme.jpg\" alt=\"Boutique Creil Sud Oise Tourismusb\u00fcro lokales Handwerk Geschenk Idee Weihnachten Geburtstag handgemacht Produzent Hauts-de-France Oise Picardie Postkarte\" class=\"wp-image-50681\" data-srcset=\"https:\/\/www.creilsudoise-tourisme.fr\/wp-content\/uploads\/2023\/11\/Carte-postale-Boutique-de-Creil-Sud-Oise-Tourisme.jpg 1000w, https:\/\/www.creilsudoise-tourisme.fr\/wp-content\/uploads\/2023\/11\/Carte-postale-Boutique-de-Creil-Sud-Oise-Tourisme-600x600.jpg 600w, https:\/\/www.creilsudoise-tourisme.fr\/wp-content\/uploads\/2023\/11\/Carte-postale-Boutique-de-Creil-Sud-Oise-Tourisme-300x300.jpg 300w, https:\/\/www.creilsudoise-tourisme.fr\/wp-content\/uploads\/2023\/11\/Carte-postale-Boutique-de-Creil-Sud-Oise-Tourisme-900x900.jpg 900w, https:\/\/www.creilsudoise-tourisme.fr\/wp-content\/uploads\/2023\/11\/Carte-postale-Boutique-de-Creil-Sud-Oise-Tourisme-12x12.jpg 12w, https:\/\/www.creilsudoise-tourisme.fr\/wp-content\/uploads\/2023\/11\/Carte-postale-Boutique-de-Creil-Sud-Oise-Tourisme-200x200.jpg 200w, https:\/\/www.creilsudoise-tourisme.fr\/wp-content\/uploads\/2023\/11\/Carte-postale-Boutique-de-Creil-Sud-Oise-Tourisme-650x650.jpg 650w, https:\/\/www.creilsudoise-tourisme.fr\/wp-content\/uploads\/2023\/11\/Carte-postale-Boutique-de-Creil-Sud-Oise-Tourisme-387x387.jpg 387w\" sizes=\"(max-width: 1000px) 100vw, 1000px\" \/><\/figure>\n\n\n\n<p><strong>Postkarte Creil Sud Oise <\/strong>| <strong>1\u20ac<\/strong> die Einheit oder <strong>4,50\u20ac<\/strong> die 5er-Packung oder <strong>8,50\u20ac<\/strong> der 10er-Pack<\/p>\n<\/div>\n\n\n\n<div class=\"is-layout-flow wp-block-column\">\n<figure class=\"wp-block-image size-full\"><img decoding=\"async\" loading=\"lazy\" width=\"1000\" height=\"1000\" data-src=\"https:\/\/www.creilsudoise-tourisme.fr\/wp-content\/uploads\/2023\/11\/Savon-artisanal-de-lOise-Boutique-de-Creil-Sud-Oise-Tourisme.jpg\" alt=\"boutique Creil Sud Oise Tourisme Office local Handwerk Geschenk Idee Weihnachten Geburtstag handgemacht Produzent Hauts-de-France Oise Picardie Seife\" class=\"wp-image-50717\" data-srcset=\"https:\/\/www.creilsudoise-tourisme.fr\/wp-content\/uploads\/2023\/11\/Savon-artisanal-de-lOise-Boutique-de-Creil-Sud-Oise-Tourisme.jpg 1000w, https:\/\/www.creilsudoise-tourisme.fr\/wp-content\/uploads\/2023\/11\/Savon-artisanal-de-lOise-Boutique-de-Creil-Sud-Oise-Tourisme-600x600.jpg 600w, https:\/\/www.creilsudoise-tourisme.fr\/wp-content\/uploads\/2023\/11\/Savon-artisanal-de-lOise-Boutique-de-Creil-Sud-Oise-Tourisme-300x300.jpg 300w, https:\/\/www.creilsudoise-tourisme.fr\/wp-content\/uploads\/2023\/11\/Savon-artisanal-de-lOise-Boutique-de-Creil-Sud-Oise-Tourisme-900x900.jpg 900w, https:\/\/www.creilsudoise-tourisme.fr\/wp-content\/uploads\/2023\/11\/Savon-artisanal-de-lOise-Boutique-de-Creil-Sud-Oise-Tourisme-12x12.jpg 12w, https:\/\/www.creilsudoise-tourisme.fr\/wp-content\/uploads\/2023\/11\/Savon-artisanal-de-lOise-Boutique-de-Creil-Sud-Oise-Tourisme-200x200.jpg 200w, https:\/\/www.creilsudoise-tourisme.fr\/wp-content\/uploads\/2023\/11\/Savon-artisanal-de-lOise-Boutique-de-Creil-Sud-Oise-Tourisme-650x650.jpg 650w, https:\/\/www.creilsudoise-tourisme.fr\/wp-content\/uploads\/2023\/11\/Savon-artisanal-de-lOise-Boutique-de-Creil-Sud-Oise-Tourisme-387x387.jpg 387w\" sizes=\"(max-width: 1000px) 100vw, 1000px\" \/><\/figure>\n\n\n\n<p><strong>Handgemachte Seife<\/strong> | <strong>7,50\u20ac<\/strong> die Einheit || <em><a href=\"https:\/\/www.savonnerie-sao.fr\/\" target=\"_blank\" rel=\"noreferrer noopener\">Artisanale Seifenfabrik von Oise<\/a> <\/em>| <em>Saint-Vaast-l\u00e8s-Mello<\/em><\/p>\n<\/div>\n\n\n\n<div class=\"is-layout-flow wp-block-column\">\n<figure class=\"wp-block-image size-large\"><img decoding=\"async\" loading=\"lazy\" width=\"1200\" height=\"1198\" data-src=\"https:\/\/www.creilsudoise-tourisme.fr\/wp-content\/uploads\/2024\/01\/Porte-monnaie-en-cuir-et-nacre-Boutique-de-Creil-Sud-Oise-Tourisme-1200x1198.jpg\" alt=\"boutique Creil Sud Oise Tourisme Office Tourisme local Handwerk Geschenk Idee Weihnachten\" class=\"wp-image-51216\" data-srcset=\"https:\/\/www.creilsudoise-tourisme.fr\/wp-content\/uploads\/2024\/01\/Porte-monnaie-en-cuir-et-nacre-Boutique-de-Creil-Sud-Oise-Tourisme-1200x1198.jpg 1200w, https:\/\/www.creilsudoise-tourisme.fr\/wp-content\/uploads\/2024\/01\/Porte-monnaie-en-cuir-et-nacre-Boutique-de-Creil-Sud-Oise-Tourisme-600x600.jpg 600w, https:\/\/www.creilsudoise-tourisme.fr\/wp-content\/uploads\/2024\/01\/Porte-monnaie-en-cuir-et-nacre-Boutique-de-Creil-Sud-Oise-Tourisme-300x300.jpg 300w, https:\/\/www.creilsudoise-tourisme.fr\/wp-content\/uploads\/2024\/01\/Porte-monnaie-en-cuir-et-nacre-Boutique-de-Creil-Sud-Oise-Tourisme-900x898.jpg 900w, https:\/\/www.creilsudoise-tourisme.fr\/wp-content\/uploads\/2024\/01\/Porte-monnaie-en-cuir-et-nacre-Boutique-de-Creil-Sud-Oise-Tourisme-1536x1533.jpg 1536w, https:\/\/www.creilsudoise-tourisme.fr\/wp-content\/uploads\/2024\/01\/Porte-monnaie-en-cuir-et-nacre-Boutique-de-Creil-Sud-Oise-Tourisme-12x12.jpg 12w, https:\/\/www.creilsudoise-tourisme.fr\/wp-content\/uploads\/2024\/01\/Porte-monnaie-en-cuir-et-nacre-Boutique-de-Creil-Sud-Oise-Tourisme-200x200.jpg 200w, https:\/\/www.creilsudoise-tourisme.fr\/wp-content\/uploads\/2024\/01\/Porte-monnaie-en-cuir-et-nacre-Boutique-de-Creil-Sud-Oise-Tourisme-650x649.jpg 650w, https:\/\/www.creilsudoise-tourisme.fr\/wp-content\/uploads\/2024\/01\/Porte-monnaie-en-cuir-et-nacre-Boutique-de-Creil-Sud-Oise-Tourisme-387x386.jpg 387w, https:\/\/www.creilsudoise-tourisme.fr\/wp-content\/uploads\/2024\/01\/Porte-monnaie-en-cuir-et-nacre-Boutique-de-Creil-Sud-Oise-Tourisme.jpg 1920w\" sizes=\"(max-width: 1200px) 100vw, 1200px\" \/><\/figure>\n\n\n\n<p><strong>Geldb\u00f6rse aus Leder und Perlmutt<\/strong> | <strong>34\u20ac<\/strong> | <em><a href=\"https:\/\/musee-nacre.fr\/\" target=\"_blank\" rel=\"noreferrer noopener\">Museum f\u00fcr Perlmutt und Tischlerei<\/a> <\/em>| <em>Meru<\/em><\/p>\n\n\n\n<p><sup>In Nachschub<\/sup><\/p>\n<\/div>\n<\/div>\n\n\n\n<div class=\"is-layout-flex wp-container-46 wp-block-columns\">\n<div class=\"is-layout-flow wp-block-column\">\n<figure class=\"wp-block-image size-full\"><img decoding=\"async\" loading=\"lazy\" width=\"1000\" height=\"1000\" data-src=\"https:\/\/www.creilsudoise-tourisme.fr\/wp-content\/uploads\/2023\/11\/Kit-de-sculpture-de-pierre-Boutique-de-Creil-Sud-Oise-Tourisme.jpg\" alt=\"Boutique Creil Sud Oise Tourisme Office local Handwerk Geschenk Idee Weihnachten Geburtstag handgefertigt Produzent Hauts-de-France Oise Picardie Stein\" class=\"wp-image-50703\" data-srcset=\"https:\/\/www.creilsudoise-tourisme.fr\/wp-content\/uploads\/2023\/11\/Kit-de-sculpture-de-pierre-Boutique-de-Creil-Sud-Oise-Tourisme.jpg 1000w, https:\/\/www.creilsudoise-tourisme.fr\/wp-content\/uploads\/2023\/11\/Kit-de-sculpture-de-pierre-Boutique-de-Creil-Sud-Oise-Tourisme-600x600.jpg 600w, https:\/\/www.creilsudoise-tourisme.fr\/wp-content\/uploads\/2023\/11\/Kit-de-sculpture-de-pierre-Boutique-de-Creil-Sud-Oise-Tourisme-300x300.jpg 300w, https:\/\/www.creilsudoise-tourisme.fr\/wp-content\/uploads\/2023\/11\/Kit-de-sculpture-de-pierre-Boutique-de-Creil-Sud-Oise-Tourisme-900x900.jpg 900w, https:\/\/www.creilsudoise-tourisme.fr\/wp-content\/uploads\/2023\/11\/Kit-de-sculpture-de-pierre-Boutique-de-Creil-Sud-Oise-Tourisme-12x12.jpg 12w, https:\/\/www.creilsudoise-tourisme.fr\/wp-content\/uploads\/2023\/11\/Kit-de-sculpture-de-pierre-Boutique-de-Creil-Sud-Oise-Tourisme-200x200.jpg 200w, https:\/\/www.creilsudoise-tourisme.fr\/wp-content\/uploads\/2023\/11\/Kit-de-sculpture-de-pierre-Boutique-de-Creil-Sud-Oise-Tourisme-650x650.jpg 650w, https:\/\/www.creilsudoise-tourisme.fr\/wp-content\/uploads\/2023\/11\/Kit-de-sculpture-de-pierre-Boutique-de-Creil-Sud-Oise-Tourisme-387x387.jpg 387w\" sizes=\"(max-width: 1000px) 100vw, 1000px\" \/><\/figure>\n\n\n\n<p><strong>Steinbildhauerei-Set <\/strong>| <strong>12\u20ac<\/strong> | <em><a href=\"https:\/\/www.creilsudoise-tourisme.fr\/de\/jexplore\/unumganglich\/steinhaus\/\" target=\"_blank\" rel=\"noreferrer noopener\">Steinhaus<\/a> <\/em>| <em>Saint-Maximin<\/em><\/p>\n<\/div>\n\n\n\n<div class=\"is-layout-flow wp-block-column\">\n<figure class=\"wp-block-image size-full\"><img decoding=\"async\" loading=\"lazy\" width=\"1000\" height=\"1000\" data-src=\"https:\/\/www.creilsudoise-tourisme.fr\/wp-content\/uploads\/2023\/11\/Pierres-semi-precieuses-Boutique-de-Creil-Sud-Oise-Tourisme.jpg\" alt=\"Boutique Creil Sud Oise Tourisme Office local Handwerk Geschenk Idee Weihnachten Geburtstag handgefertigt Produzent Hauts-de-France Oise Picardie Stein\" class=\"wp-image-50712\" data-srcset=\"https:\/\/www.creilsudoise-tourisme.fr\/wp-content\/uploads\/2023\/11\/Pierres-semi-precieuses-Boutique-de-Creil-Sud-Oise-Tourisme.jpg 1000w, https:\/\/www.creilsudoise-tourisme.fr\/wp-content\/uploads\/2023\/11\/Pierres-semi-precieuses-Boutique-de-Creil-Sud-Oise-Tourisme-600x600.jpg 600w, https:\/\/www.creilsudoise-tourisme.fr\/wp-content\/uploads\/2023\/11\/Pierres-semi-precieuses-Boutique-de-Creil-Sud-Oise-Tourisme-300x300.jpg 300w, https:\/\/www.creilsudoise-tourisme.fr\/wp-content\/uploads\/2023\/11\/Pierres-semi-precieuses-Boutique-de-Creil-Sud-Oise-Tourisme-900x900.jpg 900w, https:\/\/www.creilsudoise-tourisme.fr\/wp-content\/uploads\/2023\/11\/Pierres-semi-precieuses-Boutique-de-Creil-Sud-Oise-Tourisme-12x12.jpg 12w, https:\/\/www.creilsudoise-tourisme.fr\/wp-content\/uploads\/2023\/11\/Pierres-semi-precieuses-Boutique-de-Creil-Sud-Oise-Tourisme-200x200.jpg 200w, https:\/\/www.creilsudoise-tourisme.fr\/wp-content\/uploads\/2023\/11\/Pierres-semi-precieuses-Boutique-de-Creil-Sud-Oise-Tourisme-650x650.jpg 650w, https:\/\/www.creilsudoise-tourisme.fr\/wp-content\/uploads\/2023\/11\/Pierres-semi-precieuses-Boutique-de-Creil-Sud-Oise-Tourisme-387x387.jpg 387w\" sizes=\"(max-width: 1000px) 100vw, 1000px\" \/><\/figure>\n\n\n\n<p><strong>Mineralienkoffer <\/strong>| <strong>9\u20ac<\/strong> | <em><a href=\"https:\/\/www.creilsudoise-tourisme.fr\/de\/jexplore\/unumganglich\/steinhaus\/\" target=\"_blank\" rel=\"noreferrer noopener\">Steinhaus<\/a> <\/em>| <em>Saint-Maximin<\/em><\/p>\n<\/div>\n\n\n\n<div class=\"is-layout-flow wp-block-column\">\n<figure class=\"wp-block-image size-full\"><img decoding=\"async\" loading=\"lazy\" width=\"1000\" height=\"1000\" data-src=\"https:\/\/www.creilsudoise-tourisme.fr\/wp-content\/uploads\/2023\/11\/Pochette-de-pierres-semi-precieuses-Boutique-de-Creil-Sud-Oise-Tourisme.jpg\" alt=\"Boutique Creil Sud Oise Tourisme Office local Handwerk Geschenk Idee Weihnachten Geburtstag handgefertigt Produzent Hauts-de-France Oise Picardie Stein\" class=\"wp-image-50714\" data-srcset=\"https:\/\/www.creilsudoise-tourisme.fr\/wp-content\/uploads\/2023\/11\/Pochette-de-pierres-semi-precieuses-Boutique-de-Creil-Sud-Oise-Tourisme.jpg 1000w, https:\/\/www.creilsudoise-tourisme.fr\/wp-content\/uploads\/2023\/11\/Pochette-de-pierres-semi-precieuses-Boutique-de-Creil-Sud-Oise-Tourisme-600x600.jpg 600w, https:\/\/www.creilsudoise-tourisme.fr\/wp-content\/uploads\/2023\/11\/Pochette-de-pierres-semi-precieuses-Boutique-de-Creil-Sud-Oise-Tourisme-300x300.jpg 300w, https:\/\/www.creilsudoise-tourisme.fr\/wp-content\/uploads\/2023\/11\/Pochette-de-pierres-semi-precieuses-Boutique-de-Creil-Sud-Oise-Tourisme-900x900.jpg 900w, https:\/\/www.creilsudoise-tourisme.fr\/wp-content\/uploads\/2023\/11\/Pochette-de-pierres-semi-precieuses-Boutique-de-Creil-Sud-Oise-Tourisme-12x12.jpg 12w, https:\/\/www.creilsudoise-tourisme.fr\/wp-content\/uploads\/2023\/11\/Pochette-de-pierres-semi-precieuses-Boutique-de-Creil-Sud-Oise-Tourisme-200x200.jpg 200w, https:\/\/www.creilsudoise-tourisme.fr\/wp-content\/uploads\/2023\/11\/Pochette-de-pierres-semi-precieuses-Boutique-de-Creil-Sud-Oise-Tourisme-650x650.jpg 650w, https:\/\/www.creilsudoise-tourisme.fr\/wp-content\/uploads\/2023\/11\/Pochette-de-pierres-semi-precieuses-Boutique-de-Creil-Sud-Oise-Tourisme-387x387.jpg 387w\" sizes=\"(max-width: 1000px) 100vw, 1000px\" \/><\/figure>\n\n\n\n<p><strong>Mineralienmappe<\/strong> | <strong>4,50\u20ac<\/strong> die Einheit || <em><a href=\"https:\/\/www.creilsudoise-tourisme.fr\/de\/jexplore\/unumganglich\/steinhaus\/\" target=\"_blank\" rel=\"noreferrer noopener\">Steinhaus<\/a> <\/em>| <em>Saint-Maximin<\/em><\/p>\n<\/div>\n<\/div>\n\n\n\n<div class=\"is-layout-flex wp-container-50 wp-block-columns\">\n<div class=\"is-layout-flow wp-block-column\">\n<figure class=\"wp-block-image size-full\"><img decoding=\"async\" loading=\"lazy\" width=\"1000\" height=\"1000\" data-src=\"https:\/\/www.creilsudoise-tourisme.fr\/wp-content\/uploads\/2023\/11\/Figurine-animal-en-ste-Boutique-de-Creil-Sud-Oise-Tourisme.jpg\" alt=\"boutique Creil Sud Oise Tourisme Office local Handwerk Geschenk Idee Weihnachten Geburtstag handgemacht Produzent Hauts-de-France Oise Picardie Speckstein Dekoration Tier\" class=\"wp-image-50694\" data-srcset=\"https:\/\/www.creilsudoise-tourisme.fr\/wp-content\/uploads\/2023\/11\/Figurine-animal-en-ste-Boutique-de-Creil-Sud-Oise-Tourisme.jpg 1000w, https:\/\/www.creilsudoise-tourisme.fr\/wp-content\/uploads\/2023\/11\/Figurine-animal-en-ste-Boutique-de-Creil-Sud-Oise-Tourisme-600x600.jpg 600w, https:\/\/www.creilsudoise-tourisme.fr\/wp-content\/uploads\/2023\/11\/Figurine-animal-en-ste-Boutique-de-Creil-Sud-Oise-Tourisme-300x300.jpg 300w, https:\/\/www.creilsudoise-tourisme.fr\/wp-content\/uploads\/2023\/11\/Figurine-animal-en-ste-Boutique-de-Creil-Sud-Oise-Tourisme-900x900.jpg 900w, https:\/\/www.creilsudoise-tourisme.fr\/wp-content\/uploads\/2023\/11\/Figurine-animal-en-ste-Boutique-de-Creil-Sud-Oise-Tourisme-12x12.jpg 12w, https:\/\/www.creilsudoise-tourisme.fr\/wp-content\/uploads\/2023\/11\/Figurine-animal-en-ste-Boutique-de-Creil-Sud-Oise-Tourisme-200x200.jpg 200w, https:\/\/www.creilsudoise-tourisme.fr\/wp-content\/uploads\/2023\/11\/Figurine-animal-en-ste-Boutique-de-Creil-Sud-Oise-Tourisme-650x650.jpg 650w, https:\/\/www.creilsudoise-tourisme.fr\/wp-content\/uploads\/2023\/11\/Figurine-animal-en-ste-Boutique-de-Creil-Sud-Oise-Tourisme-387x387.jpg 387w\" sizes=\"(max-width: 1000px) 100vw, 1000px\" \/><\/figure>\n\n\n\n<p><strong>Tiere aus Speckstein <\/strong>| <strong>3,50\u20ac<\/strong> die Einheit || <em><a href=\"https:\/\/www.creilsudoise-tourisme.fr\/de\/jexplore\/unumganglich\/steinhaus\/\" target=\"_blank\" rel=\"noreferrer noopener\">Steinhaus<\/a> <\/em>| <em>Saint-Maximin<\/em><\/p>\n<\/div>\n\n\n\n<div class=\"is-layout-flow wp-block-column\">\n<figure class=\"wp-block-image size-large\"><img decoding=\"async\" loading=\"lazy\" width=\"1200\" height=\"1200\" data-src=\"https:\/\/www.creilsudoise-tourisme.fr\/wp-content\/uploads\/2024\/01\/Sachet-de-pointes-melangees-Clouterie-Rivierre-Boutique-de-Creil-Sud-Oise-Tourisme-1200x1200.jpg\" alt=\"boutique Creil Sud Oise Tourisme Office Tourisme local Handwerk Geschenk Idee Weihnachten\" class=\"wp-image-51187\" data-srcset=\"https:\/\/www.creilsudoise-tourisme.fr\/wp-content\/uploads\/2024\/01\/Sachet-de-pointes-melangees-Clouterie-Rivierre-Boutique-de-Creil-Sud-Oise-Tourisme-1200x1200.jpg 1200w, https:\/\/www.creilsudoise-tourisme.fr\/wp-content\/uploads\/2024\/01\/Sachet-de-pointes-melangees-Clouterie-Rivierre-Boutique-de-Creil-Sud-Oise-Tourisme-600x600.jpg 600w, https:\/\/www.creilsudoise-tourisme.fr\/wp-content\/uploads\/2024\/01\/Sachet-de-pointes-melangees-Clouterie-Rivierre-Boutique-de-Creil-Sud-Oise-Tourisme-300x300.jpg 300w, https:\/\/www.creilsudoise-tourisme.fr\/wp-content\/uploads\/2024\/01\/Sachet-de-pointes-melangees-Clouterie-Rivierre-Boutique-de-Creil-Sud-Oise-Tourisme-900x900.jpg 900w, https:\/\/www.creilsudoise-tourisme.fr\/wp-content\/uploads\/2024\/01\/Sachet-de-pointes-melangees-Clouterie-Rivierre-Boutique-de-Creil-Sud-Oise-Tourisme-1536x1536.jpg 1536w, https:\/\/www.creilsudoise-tourisme.fr\/wp-content\/uploads\/2024\/01\/Sachet-de-pointes-melangees-Clouterie-Rivierre-Boutique-de-Creil-Sud-Oise-Tourisme-12x12.jpg 12w, https:\/\/www.creilsudoise-tourisme.fr\/wp-content\/uploads\/2024\/01\/Sachet-de-pointes-melangees-Clouterie-Rivierre-Boutique-de-Creil-Sud-Oise-Tourisme-200x200.jpg 200w, https:\/\/www.creilsudoise-tourisme.fr\/wp-content\/uploads\/2024\/01\/Sachet-de-pointes-melangees-Clouterie-Rivierre-Boutique-de-Creil-Sud-Oise-Tourisme-650x650.jpg 650w, https:\/\/www.creilsudoise-tourisme.fr\/wp-content\/uploads\/2024\/01\/Sachet-de-pointes-melangees-Clouterie-Rivierre-Boutique-de-Creil-Sud-Oise-Tourisme-387x387.jpg 387w, https:\/\/www.creilsudoise-tourisme.fr\/wp-content\/uploads\/2024\/01\/Sachet-de-pointes-melangees-Clouterie-Rivierre-Boutique-de-Creil-Sud-Oise-Tourisme.jpg 1920w\" sizes=\"(max-width: 1200px) 100vw, 1200px\" \/><\/figure>\n\n\n\n<p><strong>Beutel mit N\u00e4geln <\/strong>| <strong>1\u20ac<\/strong> | <\/p>\n\n\n\n<p><em><a href=\"https:\/\/www.creilsudoise-tourisme.fr\/de\/jexplore\/unumganglich\/clouterie-rivierre-3\/\" target=\"_blank\" rel=\"noreferrer noopener\">Nagelschmiede Rivierre<\/a> <\/em>| <em>Creil<\/em><\/p>\n\n\n\n<p><sup>In Nachschub<\/sup><\/p>\n<\/div>\n\n\n\n<div class=\"is-layout-flow wp-block-column\">\n<figure class=\"wp-block-image size-full\"><img decoding=\"async\" loading=\"lazy\" width=\"1000\" height=\"1000\" data-src=\"https:\/\/www.creilsudoise-tourisme.fr\/wp-content\/uploads\/2023\/11\/Magnet-fait-main-de-lAbbatiale-a-Saint-Leu-dEsserent-Boutique-de-Creil-Sud-Oise-Tourisme.jpg\" alt=\"boutique Creil Sud Oise Tourisme Office local Handwerk Geschenk Idee Weihnachten Geburtstag handgemacht Produzent Hauts-de-France Oise Picardie abbatiale\" class=\"wp-image-50707\" data-srcset=\"https:\/\/www.creilsudoise-tourisme.fr\/wp-content\/uploads\/2023\/11\/Magnet-fait-main-de-lAbbatiale-a-Saint-Leu-dEsserent-Boutique-de-Creil-Sud-Oise-Tourisme.jpg 1000w, https:\/\/www.creilsudoise-tourisme.fr\/wp-content\/uploads\/2023\/11\/Magnet-fait-main-de-lAbbatiale-a-Saint-Leu-dEsserent-Boutique-de-Creil-Sud-Oise-Tourisme-600x600.jpg 600w, https:\/\/www.creilsudoise-tourisme.fr\/wp-content\/uploads\/2023\/11\/Magnet-fait-main-de-lAbbatiale-a-Saint-Leu-dEsserent-Boutique-de-Creil-Sud-Oise-Tourisme-300x300.jpg 300w, https:\/\/www.creilsudoise-tourisme.fr\/wp-content\/uploads\/2023\/11\/Magnet-fait-main-de-lAbbatiale-a-Saint-Leu-dEsserent-Boutique-de-Creil-Sud-Oise-Tourisme-900x900.jpg 900w, https:\/\/www.creilsudoise-tourisme.fr\/wp-content\/uploads\/2023\/11\/Magnet-fait-main-de-lAbbatiale-a-Saint-Leu-dEsserent-Boutique-de-Creil-Sud-Oise-Tourisme-12x12.jpg 12w, https:\/\/www.creilsudoise-tourisme.fr\/wp-content\/uploads\/2023\/11\/Magnet-fait-main-de-lAbbatiale-a-Saint-Leu-dEsserent-Boutique-de-Creil-Sud-Oise-Tourisme-200x200.jpg 200w, https:\/\/www.creilsudoise-tourisme.fr\/wp-content\/uploads\/2023\/11\/Magnet-fait-main-de-lAbbatiale-a-Saint-Leu-dEsserent-Boutique-de-Creil-Sud-Oise-Tourisme-650x650.jpg 650w, https:\/\/www.creilsudoise-tourisme.fr\/wp-content\/uploads\/2023\/11\/Magnet-fait-main-de-lAbbatiale-a-Saint-Leu-dEsserent-Boutique-de-Creil-Sud-Oise-Tourisme-387x387.jpg 387w\" sizes=\"(max-width: 1000px) 100vw, 1000px\" \/><\/figure>\n\n\n\n<p><strong>Porzellanmagnet Abteikirche Saint-Leu-d'Esserent<\/strong> | <strong>18\u20ac<\/strong> die Einheit || <em>Porzellan von Acanthe<\/em><\/p>\n<\/div>\n<\/div>\n\n\n\n<div class=\"is-layout-flex wp-container-54 wp-block-columns\">\n<div class=\"is-layout-flow wp-block-column\">\n<figure class=\"wp-block-image size-full\"><img decoding=\"async\" loading=\"lazy\" width=\"1000\" height=\"1000\" data-src=\"https:\/\/www.creilsudoise-tourisme.fr\/wp-content\/uploads\/2023\/11\/Gravure-du-Sarcus-a-Nogent-sur-Oise-Boutique-de-Creil-Sud-Oise-Tourisme.jpg\" alt=\"boutique Creil Sud Oise Tourisme Office local Handwerk Geschenk Idee Weihnachten Geburtstag handgemacht Produzent Hauts-de-France Oise Picardie Dekoration\" class=\"wp-image-50698\" data-srcset=\"https:\/\/www.creilsudoise-tourisme.fr\/wp-content\/uploads\/2023\/11\/Gravure-du-Sarcus-a-Nogent-sur-Oise-Boutique-de-Creil-Sud-Oise-Tourisme.jpg 1000w, https:\/\/www.creilsudoise-tourisme.fr\/wp-content\/uploads\/2023\/11\/Gravure-du-Sarcus-a-Nogent-sur-Oise-Boutique-de-Creil-Sud-Oise-Tourisme-600x600.jpg 600w, https:\/\/www.creilsudoise-tourisme.fr\/wp-content\/uploads\/2023\/11\/Gravure-du-Sarcus-a-Nogent-sur-Oise-Boutique-de-Creil-Sud-Oise-Tourisme-300x300.jpg 300w, https:\/\/www.creilsudoise-tourisme.fr\/wp-content\/uploads\/2023\/11\/Gravure-du-Sarcus-a-Nogent-sur-Oise-Boutique-de-Creil-Sud-Oise-Tourisme-900x900.jpg 900w, https:\/\/www.creilsudoise-tourisme.fr\/wp-content\/uploads\/2023\/11\/Gravure-du-Sarcus-a-Nogent-sur-Oise-Boutique-de-Creil-Sud-Oise-Tourisme-12x12.jpg 12w, https:\/\/www.creilsudoise-tourisme.fr\/wp-content\/uploads\/2023\/11\/Gravure-du-Sarcus-a-Nogent-sur-Oise-Boutique-de-Creil-Sud-Oise-Tourisme-200x200.jpg 200w, https:\/\/www.creilsudoise-tourisme.fr\/wp-content\/uploads\/2023\/11\/Gravure-du-Sarcus-a-Nogent-sur-Oise-Boutique-de-Creil-Sud-Oise-Tourisme-650x650.jpg 650w, https:\/\/www.creilsudoise-tourisme.fr\/wp-content\/uploads\/2023\/11\/Gravure-du-Sarcus-a-Nogent-sur-Oise-Boutique-de-Creil-Sud-Oise-Tourisme-387x387.jpg 387w\" sizes=\"(max-width: 1000px) 100vw, 1000px\" \/><\/figure>\n\n\n\n<p><strong>Skizze von Nogent-sur-Oise <\/strong>| <strong>2\u20ac<\/strong> allein oder <strong>12\u20ac <\/strong>gerahmt<\/p>\n<\/div>\n\n\n\n<div class=\"is-layout-flow wp-block-column\">\n<figure class=\"wp-block-image size-full\"><img decoding=\"async\" loading=\"lazy\" width=\"1000\" height=\"1000\" data-src=\"https:\/\/www.creilsudoise-tourisme.fr\/wp-content\/uploads\/2023\/11\/Gravure-de-leglise-de-Nogent-sur-Oise-Boutique-de-Creil-Sud-Oise-Tourisme.jpg\" alt=\"boutique Creil Sud Oise Tourisme Office local Handwerk Geschenk Idee Weihnachten Geburtstag handgemacht Produzent Hauts-de-France Oise Picardie Dekoration\" class=\"wp-image-50696\" data-srcset=\"https:\/\/www.creilsudoise-tourisme.fr\/wp-content\/uploads\/2023\/11\/Gravure-de-leglise-de-Nogent-sur-Oise-Boutique-de-Creil-Sud-Oise-Tourisme.jpg 1000w, https:\/\/www.creilsudoise-tourisme.fr\/wp-content\/uploads\/2023\/11\/Gravure-de-leglise-de-Nogent-sur-Oise-Boutique-de-Creil-Sud-Oise-Tourisme-600x600.jpg 600w, https:\/\/www.creilsudoise-tourisme.fr\/wp-content\/uploads\/2023\/11\/Gravure-de-leglise-de-Nogent-sur-Oise-Boutique-de-Creil-Sud-Oise-Tourisme-300x300.jpg 300w, https:\/\/www.creilsudoise-tourisme.fr\/wp-content\/uploads\/2023\/11\/Gravure-de-leglise-de-Nogent-sur-Oise-Boutique-de-Creil-Sud-Oise-Tourisme-900x900.jpg 900w, https:\/\/www.creilsudoise-tourisme.fr\/wp-content\/uploads\/2023\/11\/Gravure-de-leglise-de-Nogent-sur-Oise-Boutique-de-Creil-Sud-Oise-Tourisme-12x12.jpg 12w, https:\/\/www.creilsudoise-tourisme.fr\/wp-content\/uploads\/2023\/11\/Gravure-de-leglise-de-Nogent-sur-Oise-Boutique-de-Creil-Sud-Oise-Tourisme-200x200.jpg 200w, https:\/\/www.creilsudoise-tourisme.fr\/wp-content\/uploads\/2023\/11\/Gravure-de-leglise-de-Nogent-sur-Oise-Boutique-de-Creil-Sud-Oise-Tourisme-650x650.jpg 650w, https:\/\/www.creilsudoise-tourisme.fr\/wp-content\/uploads\/2023\/11\/Gravure-de-leglise-de-Nogent-sur-Oise-Boutique-de-Creil-Sud-Oise-Tourisme-387x387.jpg 387w\" sizes=\"(max-width: 1000px) 100vw, 1000px\" \/><\/figure>\n\n\n\n<p><strong>Skizze von Nogent-sur-Oise <\/strong>| <strong>2\u20ac<\/strong> allein oder <strong>12\u20ac <\/strong>gerahmt<\/p>\n<\/div>\n\n\n\n<div class=\"is-layout-flow wp-block-column\">\n<figure class=\"wp-block-image size-full\"><img decoding=\"async\" loading=\"lazy\" width=\"1000\" height=\"1000\" data-src=\"https:\/\/www.creilsudoise-tourisme.fr\/wp-content\/uploads\/2023\/11\/Gravure-du-parc-Hebert-a-Nogent-sur-Oise-Boutique-de-Creil-Sud-Oise-Tourisme.jpg\" alt=\"boutique Creil Sud Oise Tourisme Office local Handwerk Geschenk Idee Weihnachten Geburtstag handgemacht Produzent Hauts-de-France Oise Picardie Dekoration\" class=\"wp-image-50697\" data-srcset=\"https:\/\/www.creilsudoise-tourisme.fr\/wp-content\/uploads\/2023\/11\/Gravure-du-parc-Hebert-a-Nogent-sur-Oise-Boutique-de-Creil-Sud-Oise-Tourisme.jpg 1000w, https:\/\/www.creilsudoise-tourisme.fr\/wp-content\/uploads\/2023\/11\/Gravure-du-parc-Hebert-a-Nogent-sur-Oise-Boutique-de-Creil-Sud-Oise-Tourisme-600x600.jpg 600w, https:\/\/www.creilsudoise-tourisme.fr\/wp-content\/uploads\/2023\/11\/Gravure-du-parc-Hebert-a-Nogent-sur-Oise-Boutique-de-Creil-Sud-Oise-Tourisme-300x300.jpg 300w, https:\/\/www.creilsudoise-tourisme.fr\/wp-content\/uploads\/2023\/11\/Gravure-du-parc-Hebert-a-Nogent-sur-Oise-Boutique-de-Creil-Sud-Oise-Tourisme-900x900.jpg 900w, https:\/\/www.creilsudoise-tourisme.fr\/wp-content\/uploads\/2023\/11\/Gravure-du-parc-Hebert-a-Nogent-sur-Oise-Boutique-de-Creil-Sud-Oise-Tourisme-12x12.jpg 12w, https:\/\/www.creilsudoise-tourisme.fr\/wp-content\/uploads\/2023\/11\/Gravure-du-parc-Hebert-a-Nogent-sur-Oise-Boutique-de-Creil-Sud-Oise-Tourisme-200x200.jpg 200w, https:\/\/www.creilsudoise-tourisme.fr\/wp-content\/uploads\/2023\/11\/Gravure-du-parc-Hebert-a-Nogent-sur-Oise-Boutique-de-Creil-Sud-Oise-Tourisme-650x650.jpg 650w, https:\/\/www.creilsudoise-tourisme.fr\/wp-content\/uploads\/2023\/11\/Gravure-du-parc-Hebert-a-Nogent-sur-Oise-Boutique-de-Creil-Sud-Oise-Tourisme-387x387.jpg 387w\" sizes=\"(max-width: 1000px) 100vw, 1000px\" \/><\/figure>\n\n\n\n<p><strong>Skizze von Nogent-sur-Oise <\/strong>| <strong>2\u20ac<\/strong> allein oder <strong>12\u20ac <\/strong>gerahmt<\/p>\n<\/div>\n<\/div>\n\n\n\n<div class=\"is-layout-flex wp-container-58 wp-block-columns\">\n<div class=\"is-layout-flow wp-block-column\">\n<figure class=\"wp-block-image size-full\"><img decoding=\"async\" loading=\"lazy\" width=\"1000\" height=\"1000\" data-src=\"https:\/\/www.creilsudoise-tourisme.fr\/wp-content\/uploads\/2023\/11\/Bague-en-nacre-Boutique-de-Creil-Sud-Oise-Tourisme.jpg\" alt=\"boutique Creil Sud Oise Tourisme Office local Handwerk Geschenk Idee Weihnachten Geburtstag handgefertigt Produzent Hauts-de-France Oise Picardie Ring Schmuck Perlmutt\" class=\"wp-image-50680\" data-srcset=\"https:\/\/www.creilsudoise-tourisme.fr\/wp-content\/uploads\/2023\/11\/Bague-en-nacre-Boutique-de-Creil-Sud-Oise-Tourisme.jpg 1000w, https:\/\/www.creilsudoise-tourisme.fr\/wp-content\/uploads\/2023\/11\/Bague-en-nacre-Boutique-de-Creil-Sud-Oise-Tourisme-600x600.jpg 600w, https:\/\/www.creilsudoise-tourisme.fr\/wp-content\/uploads\/2023\/11\/Bague-en-nacre-Boutique-de-Creil-Sud-Oise-Tourisme-300x300.jpg 300w, https:\/\/www.creilsudoise-tourisme.fr\/wp-content\/uploads\/2023\/11\/Bague-en-nacre-Boutique-de-Creil-Sud-Oise-Tourisme-900x900.jpg 900w, https:\/\/www.creilsudoise-tourisme.fr\/wp-content\/uploads\/2023\/11\/Bague-en-nacre-Boutique-de-Creil-Sud-Oise-Tourisme-12x12.jpg 12w, https:\/\/www.creilsudoise-tourisme.fr\/wp-content\/uploads\/2023\/11\/Bague-en-nacre-Boutique-de-Creil-Sud-Oise-Tourisme-200x200.jpg 200w, https:\/\/www.creilsudoise-tourisme.fr\/wp-content\/uploads\/2023\/11\/Bague-en-nacre-Boutique-de-Creil-Sud-Oise-Tourisme-650x650.jpg 650w, https:\/\/www.creilsudoise-tourisme.fr\/wp-content\/uploads\/2023\/11\/Bague-en-nacre-Boutique-de-Creil-Sud-Oise-Tourisme-387x387.jpg 387w\" sizes=\"(max-width: 1000px) 100vw, 1000px\" \/><\/figure>\n\n\n\n<p><strong>Ring aus Perlmutt <\/strong>| Ab <strong>11,90\u20ac<\/strong> | <em><a href=\"https:\/\/musee-nacre.fr\/\" target=\"_blank\" rel=\"noreferrer noopener\">Museum f\u00fcr Perlmutt und Tischlerei<\/a> <\/em>| <em>Meru<\/em> <\/p>\n<\/div>\n\n\n\n<div class=\"is-layout-flow wp-block-column\">\n<figure class=\"wp-block-image size-full\"><img decoding=\"async\" loading=\"lazy\" width=\"1000\" height=\"1000\" data-src=\"https:\/\/www.creilsudoise-tourisme.fr\/wp-content\/uploads\/2023\/11\/Boucle-doreilles-en-nacre-et-bois-Boutique-de-Creil-Sud-Oise-Tourisme.jpg\" alt=\"boutique Creil Sud Oise Tourisme Office local Handwerk Geschenk Idee Weihnachten Geburtstag handgemacht Produzent Hauts-de-France Oise Picardie Perlmutt Schmuck\" class=\"wp-image-50723\" data-srcset=\"https:\/\/www.creilsudoise-tourisme.fr\/wp-content\/uploads\/2023\/11\/Boucle-doreilles-en-nacre-et-bois-Boutique-de-Creil-Sud-Oise-Tourisme.jpg 1000w, https:\/\/www.creilsudoise-tourisme.fr\/wp-content\/uploads\/2023\/11\/Boucle-doreilles-en-nacre-et-bois-Boutique-de-Creil-Sud-Oise-Tourisme-600x600.jpg 600w, https:\/\/www.creilsudoise-tourisme.fr\/wp-content\/uploads\/2023\/11\/Boucle-doreilles-en-nacre-et-bois-Boutique-de-Creil-Sud-Oise-Tourisme-300x300.jpg 300w, https:\/\/www.creilsudoise-tourisme.fr\/wp-content\/uploads\/2023\/11\/Boucle-doreilles-en-nacre-et-bois-Boutique-de-Creil-Sud-Oise-Tourisme-900x900.jpg 900w, https:\/\/www.creilsudoise-tourisme.fr\/wp-content\/uploads\/2023\/11\/Boucle-doreilles-en-nacre-et-bois-Boutique-de-Creil-Sud-Oise-Tourisme-12x12.jpg 12w, https:\/\/www.creilsudoise-tourisme.fr\/wp-content\/uploads\/2023\/11\/Boucle-doreilles-en-nacre-et-bois-Boutique-de-Creil-Sud-Oise-Tourisme-200x200.jpg 200w, https:\/\/www.creilsudoise-tourisme.fr\/wp-content\/uploads\/2023\/11\/Boucle-doreilles-en-nacre-et-bois-Boutique-de-Creil-Sud-Oise-Tourisme-650x650.jpg 650w, https:\/\/www.creilsudoise-tourisme.fr\/wp-content\/uploads\/2023\/11\/Boucle-doreilles-en-nacre-et-bois-Boutique-de-Creil-Sud-Oise-Tourisme-387x387.jpg 387w\" sizes=\"(max-width: 1000px) 100vw, 1000px\" \/><\/figure>\n\n\n\n<p><strong>Ohrringe aus Perlmutt und Holz<\/strong> | <strong>59,50\u20ac<\/strong> | <em><a href=\"https:\/\/musee-nacre.fr\/\" target=\"_blank\" rel=\"noreferrer noopener\">Museum f\u00fcr Perlmutt und Tischlerei<\/a> <\/em>| <em>Meru<\/em><\/p>\n<\/div>\n\n\n\n<div class=\"is-layout-flow wp-block-column\">\n<figure class=\"wp-block-image size-full\"><img decoding=\"async\" loading=\"lazy\" width=\"1000\" height=\"1000\" data-src=\"https:\/\/www.creilsudoise-tourisme.fr\/wp-content\/uploads\/2023\/11\/Des-en-nacre-et-en-ebene-Boutique-de-Creil-Sud-Oise-Tourisme.jpg\" alt=\"boutique Creil Sud Oise Tourisme Office local Handwerk Geschenk Idee Weihnachten Geburtstag handgefertigt Produzent Hauts-de-France Oise Picardie Perlmutt Ebenholz\" class=\"wp-image-50725\" data-srcset=\"https:\/\/www.creilsudoise-tourisme.fr\/wp-content\/uploads\/2023\/11\/Des-en-nacre-et-en-ebene-Boutique-de-Creil-Sud-Oise-Tourisme.jpg 1000w, https:\/\/www.creilsudoise-tourisme.fr\/wp-content\/uploads\/2023\/11\/Des-en-nacre-et-en-ebene-Boutique-de-Creil-Sud-Oise-Tourisme-600x600.jpg 600w, https:\/\/www.creilsudoise-tourisme.fr\/wp-content\/uploads\/2023\/11\/Des-en-nacre-et-en-ebene-Boutique-de-Creil-Sud-Oise-Tourisme-300x300.jpg 300w, https:\/\/www.creilsudoise-tourisme.fr\/wp-content\/uploads\/2023\/11\/Des-en-nacre-et-en-ebene-Boutique-de-Creil-Sud-Oise-Tourisme-900x900.jpg 900w, https:\/\/www.creilsudoise-tourisme.fr\/wp-content\/uploads\/2023\/11\/Des-en-nacre-et-en-ebene-Boutique-de-Creil-Sud-Oise-Tourisme-12x12.jpg 12w, https:\/\/www.creilsudoise-tourisme.fr\/wp-content\/uploads\/2023\/11\/Des-en-nacre-et-en-ebene-Boutique-de-Creil-Sud-Oise-Tourisme-200x200.jpg 200w, https:\/\/www.creilsudoise-tourisme.fr\/wp-content\/uploads\/2023\/11\/Des-en-nacre-et-en-ebene-Boutique-de-Creil-Sud-Oise-Tourisme-650x650.jpg 650w, https:\/\/www.creilsudoise-tourisme.fr\/wp-content\/uploads\/2023\/11\/Des-en-nacre-et-en-ebene-Boutique-de-Creil-Sud-Oise-Tourisme-387x387.jpg 387w\" sizes=\"(max-width: 1000px) 100vw, 1000px\" \/><\/figure>\n\n\n\n<p><strong>W\u00fcrfel aus Perlmutt und Ebenholz <\/strong>| <strong>32,50\u20ac pro Einheit<\/strong> | <em><a href=\"https:\/\/musee-nacre.fr\/\" target=\"_blank\" rel=\"noreferrer noopener\">Museum f\u00fcr Perlmutt und Tischlerei<\/a> <\/em>| <em>Meru<\/em><\/p>\n<\/div>\n<\/div>\n\n\n\n<div class=\"is-layout-flex wp-container-62 wp-block-columns\">\n<div class=\"is-layout-flow wp-block-column\">\n<figure class=\"wp-block-image size-large is-resized\"><img decoding=\"async\" loading=\"lazy\" data-src=\"https:\/\/www.creilsudoise-tourisme.fr\/wp-content\/uploads\/2025\/08\/Magnets-aimants_boutique_creil-sud-oise-tourisme-28-1200x1109.jpg\" alt=\"\" class=\"wp-image-64585\" width=\"268\" height=\"247\" data-srcset=\"https:\/\/www.creilsudoise-tourisme.fr\/wp-content\/uploads\/2025\/08\/Magnets-aimants_boutique_creil-sud-oise-tourisme-28-1200x1109.jpg 1200w, https:\/\/www.creilsudoise-tourisme.fr\/wp-content\/uploads\/2025\/08\/Magnets-aimants_boutique_creil-sud-oise-tourisme-28-600x554.jpg 600w, https:\/\/www.creilsudoise-tourisme.fr\/wp-content\/uploads\/2025\/08\/Magnets-aimants_boutique_creil-sud-oise-tourisme-28-900x832.jpg 900w, https:\/\/www.creilsudoise-tourisme.fr\/wp-content\/uploads\/2025\/08\/Magnets-aimants_boutique_creil-sud-oise-tourisme-28-1536x1419.jpg 1536w, https:\/\/www.creilsudoise-tourisme.fr\/wp-content\/uploads\/2025\/08\/Magnets-aimants_boutique_creil-sud-oise-tourisme-28-13x12.jpg 13w, https:\/\/www.creilsudoise-tourisme.fr\/wp-content\/uploads\/2025\/08\/Magnets-aimants_boutique_creil-sud-oise-tourisme-28-200x185.jpg 200w, https:\/\/www.creilsudoise-tourisme.fr\/wp-content\/uploads\/2025\/08\/Magnets-aimants_boutique_creil-sud-oise-tourisme-28-650x601.jpg 650w, https:\/\/www.creilsudoise-tourisme.fr\/wp-content\/uploads\/2025\/08\/Magnets-aimants_boutique_creil-sud-oise-tourisme-28-387x358.jpg 387w, https:\/\/www.creilsudoise-tourisme.fr\/wp-content\/uploads\/2025\/08\/Magnets-aimants_boutique_creil-sud-oise-tourisme-28.jpg 1920w\" sizes=\"(max-width: 268px) 100vw, 268px\" \/><\/figure>\n\n\n\n<p class=\"has-text-align-center\"><strong>Magnet<\/strong> | <strong>3\u20ac<\/strong> die Einheit<\/p>\n<\/div>\n\n\n\n<div class=\"is-layout-flow wp-block-column\">\n<figure class=\"wp-block-image size-large\"><img decoding=\"async\" loading=\"lazy\" width=\"1200\" height=\"1200\" data-src=\"https:\/\/www.creilsudoise-tourisme.fr\/wp-content\/uploads\/2024\/01\/Bracelet-en-pierre-semi-precieuse-Boutique-de-Creil-Sud-Oise-Tourisme-1200x1200.jpg\" alt=\"boutique Creil Sud Oise Tourisme Office Tourisme local Handwerk Geschenk Idee Weihnachten\" class=\"wp-image-51189\" data-srcset=\"https:\/\/www.creilsudoise-tourisme.fr\/wp-content\/uploads\/2024\/01\/Bracelet-en-pierre-semi-precieuse-Boutique-de-Creil-Sud-Oise-Tourisme-1200x1200.jpg 1200w, https:\/\/www.creilsudoise-tourisme.fr\/wp-content\/uploads\/2024\/01\/Bracelet-en-pierre-semi-precieuse-Boutique-de-Creil-Sud-Oise-Tourisme-600x600.jpg 600w, https:\/\/www.creilsudoise-tourisme.fr\/wp-content\/uploads\/2024\/01\/Bracelet-en-pierre-semi-precieuse-Boutique-de-Creil-Sud-Oise-Tourisme-300x300.jpg 300w, https:\/\/www.creilsudoise-tourisme.fr\/wp-content\/uploads\/2024\/01\/Bracelet-en-pierre-semi-precieuse-Boutique-de-Creil-Sud-Oise-Tourisme-900x900.jpg 900w, https:\/\/www.creilsudoise-tourisme.fr\/wp-content\/uploads\/2024\/01\/Bracelet-en-pierre-semi-precieuse-Boutique-de-Creil-Sud-Oise-Tourisme-1536x1536.jpg 1536w, https:\/\/www.creilsudoise-tourisme.fr\/wp-content\/uploads\/2024\/01\/Bracelet-en-pierre-semi-precieuse-Boutique-de-Creil-Sud-Oise-Tourisme-12x12.jpg 12w, https:\/\/www.creilsudoise-tourisme.fr\/wp-content\/uploads\/2024\/01\/Bracelet-en-pierre-semi-precieuse-Boutique-de-Creil-Sud-Oise-Tourisme-200x200.jpg 200w, https:\/\/www.creilsudoise-tourisme.fr\/wp-content\/uploads\/2024\/01\/Bracelet-en-pierre-semi-precieuse-Boutique-de-Creil-Sud-Oise-Tourisme-650x650.jpg 650w, https:\/\/www.creilsudoise-tourisme.fr\/wp-content\/uploads\/2024\/01\/Bracelet-en-pierre-semi-precieuse-Boutique-de-Creil-Sud-Oise-Tourisme-387x387.jpg 387w, https:\/\/www.creilsudoise-tourisme.fr\/wp-content\/uploads\/2024\/01\/Bracelet-en-pierre-semi-precieuse-Boutique-de-Creil-Sud-Oise-Tourisme.jpg 1920w\" sizes=\"(max-width: 1200px) 100vw, 1200px\" \/><\/figure>\n\n\n\n<p><strong>Armband aus Halbedelsteinen <\/strong>| <strong>9\u20ac pro Einheit<\/strong> | Verschiedene Modelle<\/p>\n<\/div>\n\n\n\n<div class=\"is-layout-flow wp-block-column\">\n<figure class=\"wp-block-image size-large\"><img decoding=\"async\" loading=\"lazy\" width=\"1200\" height=\"1200\" data-src=\"https:\/\/www.creilsudoise-tourisme.fr\/wp-content\/uploads\/2024\/01\/Pendentif-en-pierre-semi-precieuse-Boutique-de-Creil-Sud-Oise-Tourisme-1200x1200.jpg\" alt=\"boutique Creil Sud Oise Tourisme Office Tourisme local Handwerk Geschenk Idee Weihnachten\" class=\"wp-image-51188\" data-srcset=\"https:\/\/www.creilsudoise-tourisme.fr\/wp-content\/uploads\/2024\/01\/Pendentif-en-pierre-semi-precieuse-Boutique-de-Creil-Sud-Oise-Tourisme-1200x1200.jpg 1200w, https:\/\/www.creilsudoise-tourisme.fr\/wp-content\/uploads\/2024\/01\/Pendentif-en-pierre-semi-precieuse-Boutique-de-Creil-Sud-Oise-Tourisme-600x600.jpg 600w, https:\/\/www.creilsudoise-tourisme.fr\/wp-content\/uploads\/2024\/01\/Pendentif-en-pierre-semi-precieuse-Boutique-de-Creil-Sud-Oise-Tourisme-300x300.jpg 300w, https:\/\/www.creilsudoise-tourisme.fr\/wp-content\/uploads\/2024\/01\/Pendentif-en-pierre-semi-precieuse-Boutique-de-Creil-Sud-Oise-Tourisme-900x900.jpg 900w, https:\/\/www.creilsudoise-tourisme.fr\/wp-content\/uploads\/2024\/01\/Pendentif-en-pierre-semi-precieuse-Boutique-de-Creil-Sud-Oise-Tourisme-1536x1536.jpg 1536w, https:\/\/www.creilsudoise-tourisme.fr\/wp-content\/uploads\/2024\/01\/Pendentif-en-pierre-semi-precieuse-Boutique-de-Creil-Sud-Oise-Tourisme-12x12.jpg 12w, https:\/\/www.creilsudoise-tourisme.fr\/wp-content\/uploads\/2024\/01\/Pendentif-en-pierre-semi-precieuse-Boutique-de-Creil-Sud-Oise-Tourisme-200x200.jpg 200w, https:\/\/www.creilsudoise-tourisme.fr\/wp-content\/uploads\/2024\/01\/Pendentif-en-pierre-semi-precieuse-Boutique-de-Creil-Sud-Oise-Tourisme-650x650.jpg 650w, https:\/\/www.creilsudoise-tourisme.fr\/wp-content\/uploads\/2024\/01\/Pendentif-en-pierre-semi-precieuse-Boutique-de-Creil-Sud-Oise-Tourisme-387x387.jpg 387w, https:\/\/www.creilsudoise-tourisme.fr\/wp-content\/uploads\/2024\/01\/Pendentif-en-pierre-semi-precieuse-Boutique-de-Creil-Sud-Oise-Tourisme.jpg 1920w\" sizes=\"(max-width: 1200px) 100vw, 1200px\" \/><\/figure>\n\n\n\n<p><strong>Anh\u00e4nger aus Halbedelstein <\/strong>| <strong>7\u20ac pro Einheit<\/strong><\/p>\n<\/div>\n<\/div>\n\n\n\n<div class=\"is-layout-flex wp-container-66 wp-block-columns\">\n<div class=\"is-layout-flow wp-block-column\">\n<figure class=\"wp-block-image size-large\"><img decoding=\"async\" loading=\"lazy\" width=\"1200\" height=\"1193\" data-src=\"https:\/\/www.creilsudoise-tourisme.fr\/wp-content\/uploads\/2024\/11\/Aimant-Clouterie-1200x1193.jpg\" alt=\"\" class=\"wp-image-58749\" data-srcset=\"https:\/\/www.creilsudoise-tourisme.fr\/wp-content\/uploads\/2024\/11\/Aimant-Clouterie-1200x1193.jpg 1200w, https:\/\/www.creilsudoise-tourisme.fr\/wp-content\/uploads\/2024\/11\/Aimant-Clouterie-600x597.jpg 600w, https:\/\/www.creilsudoise-tourisme.fr\/wp-content\/uploads\/2024\/11\/Aimant-Clouterie-900x895.jpg 900w, https:\/\/www.creilsudoise-tourisme.fr\/wp-content\/uploads\/2024\/11\/Aimant-Clouterie-1536x1527.jpg 1536w, https:\/\/www.creilsudoise-tourisme.fr\/wp-content\/uploads\/2024\/11\/Aimant-Clouterie-12x12.jpg 12w, https:\/\/www.creilsudoise-tourisme.fr\/wp-content\/uploads\/2024\/11\/Aimant-Clouterie-200x199.jpg 200w, https:\/\/www.creilsudoise-tourisme.fr\/wp-content\/uploads\/2024\/11\/Aimant-Clouterie-650x646.jpg 650w, https:\/\/www.creilsudoise-tourisme.fr\/wp-content\/uploads\/2024\/11\/Aimant-Clouterie-387x385.jpg 387w, https:\/\/www.creilsudoise-tourisme.fr\/wp-content\/uploads\/2024\/11\/Aimant-Clouterie.jpg 1920w\" sizes=\"(max-width: 1200px) 100vw, 1200px\" \/><\/figure>\n\n\n\n<p><strong>Magnet Clouterie Rivierre <\/strong>| <strong>1\u20ac<\/strong> |<em><a href=\"https:\/\/www.creilsudoise-tourisme.fr\/de\/jexplore\/unumganglich\/clouterie-rivierre-3\/\" target=\"_blank\" rel=\"noreferrer noopener\"> Nagelschmiede Rivierre<\/a> <\/em>| <em>Creil<\/em><\/p>\n<\/div>\n\n\n\n<div class=\"is-layout-flow wp-block-column\">\n<figure class=\"wp-block-image size-large\"><img decoding=\"async\" loading=\"lazy\" width=\"1200\" height=\"1200\" data-src=\"https:\/\/www.creilsudoise-tourisme.fr\/wp-content\/uploads\/2025\/05\/koko-bijoux-dentelle_creil-sud-oise-tourisme-7-1200x1200.jpg\" alt=\"\" class=\"wp-image-62264\" data-srcset=\"https:\/\/www.creilsudoise-tourisme.fr\/wp-content\/uploads\/2025\/05\/koko-bijoux-dentelle_creil-sud-oise-tourisme-7-1200x1200.jpg 1200w, https:\/\/www.creilsudoise-tourisme.fr\/wp-content\/uploads\/2025\/05\/koko-bijoux-dentelle_creil-sud-oise-tourisme-7-600x600.jpg 600w, https:\/\/www.creilsudoise-tourisme.fr\/wp-content\/uploads\/2025\/05\/koko-bijoux-dentelle_creil-sud-oise-tourisme-7-300x300.jpg 300w, https:\/\/www.creilsudoise-tourisme.fr\/wp-content\/uploads\/2025\/05\/koko-bijoux-dentelle_creil-sud-oise-tourisme-7-900x900.jpg 900w, https:\/\/www.creilsudoise-tourisme.fr\/wp-content\/uploads\/2025\/05\/koko-bijoux-dentelle_creil-sud-oise-tourisme-7-1536x1536.jpg 1536w, https:\/\/www.creilsudoise-tourisme.fr\/wp-content\/uploads\/2025\/05\/koko-bijoux-dentelle_creil-sud-oise-tourisme-7-12x12.jpg 12w, https:\/\/www.creilsudoise-tourisme.fr\/wp-content\/uploads\/2025\/05\/koko-bijoux-dentelle_creil-sud-oise-tourisme-7-200x200.jpg 200w, https:\/\/www.creilsudoise-tourisme.fr\/wp-content\/uploads\/2025\/05\/koko-bijoux-dentelle_creil-sud-oise-tourisme-7-650x650.jpg 650w, https:\/\/www.creilsudoise-tourisme.fr\/wp-content\/uploads\/2025\/05\/koko-bijoux-dentelle_creil-sud-oise-tourisme-7-387x387.jpg 387w, https:\/\/www.creilsudoise-tourisme.fr\/wp-content\/uploads\/2025\/05\/koko-bijoux-dentelle_creil-sud-oise-tourisme-7.jpg 1920w\" sizes=\"(max-width: 1200px) 100vw, 1200px\" \/><\/figure>\n\n\n\n<p><strong>Kreolische Pastillen<\/strong> | <strong>42\u20ac<\/strong> | <a href=\"https:\/\/www.kokobijouxdentelle.fr\/\" target=\"_blank\" rel=\"noreferrer noopener\">Koko Spitzenschmuck<\/a> | <em>Creil<\/em><\/p>\n<\/div>\n\n\n\n<div class=\"is-layout-flow wp-block-column\">\n<figure class=\"wp-block-image size-large\"><img decoding=\"async\" loading=\"lazy\" width=\"1200\" height=\"1200\" data-src=\"https:\/\/www.creilsudoise-tourisme.fr\/wp-content\/uploads\/2025\/05\/koko-bijoux-dentelle_creil-sud-oise-tourisme-6-1200x1200.jpg\" alt=\"\" class=\"wp-image-62263\" data-srcset=\"https:\/\/www.creilsudoise-tourisme.fr\/wp-content\/uploads\/2025\/05\/koko-bijoux-dentelle_creil-sud-oise-tourisme-6-1200x1200.jpg 1200w, https:\/\/www.creilsudoise-tourisme.fr\/wp-content\/uploads\/2025\/05\/koko-bijoux-dentelle_creil-sud-oise-tourisme-6-600x600.jpg 600w, https:\/\/www.creilsudoise-tourisme.fr\/wp-content\/uploads\/2025\/05\/koko-bijoux-dentelle_creil-sud-oise-tourisme-6-300x300.jpg 300w, https:\/\/www.creilsudoise-tourisme.fr\/wp-content\/uploads\/2025\/05\/koko-bijoux-dentelle_creil-sud-oise-tourisme-6-900x900.jpg 900w, https:\/\/www.creilsudoise-tourisme.fr\/wp-content\/uploads\/2025\/05\/koko-bijoux-dentelle_creil-sud-oise-tourisme-6-1536x1536.jpg 1536w, https:\/\/www.creilsudoise-tourisme.fr\/wp-content\/uploads\/2025\/05\/koko-bijoux-dentelle_creil-sud-oise-tourisme-6-12x12.jpg 12w, https:\/\/www.creilsudoise-tourisme.fr\/wp-content\/uploads\/2025\/05\/koko-bijoux-dentelle_creil-sud-oise-tourisme-6-200x200.jpg 200w, https:\/\/www.creilsudoise-tourisme.fr\/wp-content\/uploads\/2025\/05\/koko-bijoux-dentelle_creil-sud-oise-tourisme-6-650x650.jpg 650w, https:\/\/www.creilsudoise-tourisme.fr\/wp-content\/uploads\/2025\/05\/koko-bijoux-dentelle_creil-sud-oise-tourisme-6-387x387.jpg 387w, https:\/\/www.creilsudoise-tourisme.fr\/wp-content\/uploads\/2025\/05\/koko-bijoux-dentelle_creil-sud-oise-tourisme-6.jpg 1920w\" sizes=\"(max-width: 1200px) 100vw, 1200px\" \/><\/figure>\n\n\n\n<p><strong>Ring Bandeau blau oder schwarz<\/strong> | <strong>45\u20ac<\/strong> | <a href=\"https:\/\/www.kokobijouxdentelle.fr\/\" target=\"_blank\" rel=\"noreferrer noopener\">Koko Spitzenschmuck<\/a> | <em>Creil<\/em><\/p>\n<\/div>\n<\/div>\n\n\n\n<div class=\"is-layout-flex wp-container-70 wp-block-columns\">\n<div class=\"is-layout-flow wp-block-column\">\n<figure class=\"wp-block-image size-large\"><img decoding=\"async\" loading=\"lazy\" width=\"1200\" height=\"1200\" data-src=\"https:\/\/www.creilsudoise-tourisme.fr\/wp-content\/uploads\/2025\/05\/koko-bijoux-dentelle_creil-sud-oise-tourisme-4-1200x1200.jpg\" alt=\"\" class=\"wp-image-62262\" data-srcset=\"https:\/\/www.creilsudoise-tourisme.fr\/wp-content\/uploads\/2025\/05\/koko-bijoux-dentelle_creil-sud-oise-tourisme-4-1200x1200.jpg 1200w, https:\/\/www.creilsudoise-tourisme.fr\/wp-content\/uploads\/2025\/05\/koko-bijoux-dentelle_creil-sud-oise-tourisme-4-600x600.jpg 600w, https:\/\/www.creilsudoise-tourisme.fr\/wp-content\/uploads\/2025\/05\/koko-bijoux-dentelle_creil-sud-oise-tourisme-4-300x300.jpg 300w, https:\/\/www.creilsudoise-tourisme.fr\/wp-content\/uploads\/2025\/05\/koko-bijoux-dentelle_creil-sud-oise-tourisme-4-900x900.jpg 900w, https:\/\/www.creilsudoise-tourisme.fr\/wp-content\/uploads\/2025\/05\/koko-bijoux-dentelle_creil-sud-oise-tourisme-4-1536x1536.jpg 1536w, https:\/\/www.creilsudoise-tourisme.fr\/wp-content\/uploads\/2025\/05\/koko-bijoux-dentelle_creil-sud-oise-tourisme-4-12x12.jpg 12w, https:\/\/www.creilsudoise-tourisme.fr\/wp-content\/uploads\/2025\/05\/koko-bijoux-dentelle_creil-sud-oise-tourisme-4-200x200.jpg 200w, https:\/\/www.creilsudoise-tourisme.fr\/wp-content\/uploads\/2025\/05\/koko-bijoux-dentelle_creil-sud-oise-tourisme-4-650x650.jpg 650w, https:\/\/www.creilsudoise-tourisme.fr\/wp-content\/uploads\/2025\/05\/koko-bijoux-dentelle_creil-sud-oise-tourisme-4-387x387.jpg 387w, https:\/\/www.creilsudoise-tourisme.fr\/wp-content\/uploads\/2025\/05\/koko-bijoux-dentelle_creil-sud-oise-tourisme-4.jpg 1920w\" sizes=\"(max-width: 1200px) 100vw, 1200px\" \/><\/figure>\n\n\n\n<p><strong><strong>Ohrringe Pastillen<\/strong><\/strong> | <strong><strong>42\u20ac<\/strong><\/strong> | <a href=\"https:\/\/www.kokobijouxdentelle.fr\/\" target=\"_blank\" rel=\"noreferrer noopener\">Koko Spitzenschmuck<\/a> | <em>Creil<\/em><\/p>\n<\/div>\n\n\n\n<div class=\"is-layout-flow wp-block-column\">\n<figure class=\"wp-block-image size-large\"><img decoding=\"async\" loading=\"lazy\" width=\"1200\" height=\"1200\" data-src=\"https:\/\/www.creilsudoise-tourisme.fr\/wp-content\/uploads\/2025\/05\/koko-bijoux-dentelle_creil-sud-oise-tourisme-2-1200x1200.jpg\" alt=\"\" class=\"wp-image-62261\" data-srcset=\"https:\/\/www.creilsudoise-tourisme.fr\/wp-content\/uploads\/2025\/05\/koko-bijoux-dentelle_creil-sud-oise-tourisme-2-1200x1200.jpg 1200w, https:\/\/www.creilsudoise-tourisme.fr\/wp-content\/uploads\/2025\/05\/koko-bijoux-dentelle_creil-sud-oise-tourisme-2-600x600.jpg 600w, https:\/\/www.creilsudoise-tourisme.fr\/wp-content\/uploads\/2025\/05\/koko-bijoux-dentelle_creil-sud-oise-tourisme-2-300x300.jpg 300w, https:\/\/www.creilsudoise-tourisme.fr\/wp-content\/uploads\/2025\/05\/koko-bijoux-dentelle_creil-sud-oise-tourisme-2-900x900.jpg 900w, https:\/\/www.creilsudoise-tourisme.fr\/wp-content\/uploads\/2025\/05\/koko-bijoux-dentelle_creil-sud-oise-tourisme-2-1536x1536.jpg 1536w, https:\/\/www.creilsudoise-tourisme.fr\/wp-content\/uploads\/2025\/05\/koko-bijoux-dentelle_creil-sud-oise-tourisme-2-12x12.jpg 12w, https:\/\/www.creilsudoise-tourisme.fr\/wp-content\/uploads\/2025\/05\/koko-bijoux-dentelle_creil-sud-oise-tourisme-2-200x200.jpg 200w, https:\/\/www.creilsudoise-tourisme.fr\/wp-content\/uploads\/2025\/05\/koko-bijoux-dentelle_creil-sud-oise-tourisme-2-650x650.jpg 650w, https:\/\/www.creilsudoise-tourisme.fr\/wp-content\/uploads\/2025\/05\/koko-bijoux-dentelle_creil-sud-oise-tourisme-2-387x387.jpg 387w, https:\/\/www.creilsudoise-tourisme.fr\/wp-content\/uploads\/2025\/05\/koko-bijoux-dentelle_creil-sud-oise-tourisme-2.jpg 1920w\" sizes=\"(max-width: 1200px) 100vw, 1200px\" \/><\/figure>\n\n\n\n<p><strong>Halskette Spitze<\/strong>| <strong>55\u20ac<\/strong> | <a href=\"https:\/\/www.kokobijouxdentelle.fr\/\" target=\"_blank\" rel=\"noreferrer noopener\">Koko Spitzenschmuck<\/a> | <em>Creil<\/em><\/p>\n<\/div>\n\n\n\n<div class=\"is-layout-flow wp-block-column\">\n<figure class=\"wp-block-image size-large\"><img decoding=\"async\" loading=\"lazy\" width=\"1200\" height=\"1200\" data-src=\"https:\/\/www.creilsudoise-tourisme.fr\/wp-content\/uploads\/2025\/05\/Bougies_Boudoir-A-Cire_\u00a9Creil-Sud-Oise-Tourisme-59-1200x1200.jpg\" alt=\"\" class=\"wp-image-62260\" data-srcset=\"https:\/\/www.creilsudoise-tourisme.fr\/wp-content\/uploads\/2025\/05\/Bougies_Boudoir-A-Cire_\u00a9Creil-Sud-Oise-Tourisme-59-1200x1200.jpg 1200w, https:\/\/www.creilsudoise-tourisme.fr\/wp-content\/uploads\/2025\/05\/Bougies_Boudoir-A-Cire_\u00a9Creil-Sud-Oise-Tourisme-59-600x600.jpg 600w, https:\/\/www.creilsudoise-tourisme.fr\/wp-content\/uploads\/2025\/05\/Bougies_Boudoir-A-Cire_\u00a9Creil-Sud-Oise-Tourisme-59-300x300.jpg 300w, https:\/\/www.creilsudoise-tourisme.fr\/wp-content\/uploads\/2025\/05\/Bougies_Boudoir-A-Cire_\u00a9Creil-Sud-Oise-Tourisme-59-900x900.jpg 900w, https:\/\/www.creilsudoise-tourisme.fr\/wp-content\/uploads\/2025\/05\/Bougies_Boudoir-A-Cire_\u00a9Creil-Sud-Oise-Tourisme-59-1536x1536.jpg 1536w, https:\/\/www.creilsudoise-tourisme.fr\/wp-content\/uploads\/2025\/05\/Bougies_Boudoir-A-Cire_\u00a9Creil-Sud-Oise-Tourisme-59-12x12.jpg 12w, https:\/\/www.creilsudoise-tourisme.fr\/wp-content\/uploads\/2025\/05\/Bougies_Boudoir-A-Cire_\u00a9Creil-Sud-Oise-Tourisme-59-200x200.jpg 200w, https:\/\/www.creilsudoise-tourisme.fr\/wp-content\/uploads\/2025\/05\/Bougies_Boudoir-A-Cire_\u00a9Creil-Sud-Oise-Tourisme-59-650x650.jpg 650w, https:\/\/www.creilsudoise-tourisme.fr\/wp-content\/uploads\/2025\/05\/Bougies_Boudoir-A-Cire_\u00a9Creil-Sud-Oise-Tourisme-59-387x387.jpg 387w, https:\/\/www.creilsudoise-tourisme.fr\/wp-content\/uploads\/2025\/05\/Bougies_Boudoir-A-Cire_\u00a9Creil-Sud-Oise-Tourisme-59.jpg 1920w\" sizes=\"(max-width: 1200px) 100vw, 1200px\" \/><\/figure>\n\n\n\n<p><strong>Dekorative, duftende H\u00e4ngeleuchte<\/strong> | <strong>16\u20ac<\/strong> | <a href=\"https:\/\/monboudoiracire.com\/\" target=\"_blank\" rel=\"noreferrer noopener\">Mein Wachsboudoir<\/a> | <em>Saint-Maximin<\/em><\/p>\n<\/div>\n<\/div>\n\n\n\n<div class=\"is-layout-flex wp-container-74 wp-block-columns\">\n<div class=\"is-layout-flow wp-block-column\">\n<figure class=\"wp-block-image size-large\"><img decoding=\"async\" loading=\"lazy\" width=\"1200\" height=\"1200\" data-src=\"https:\/\/www.creilsudoise-tourisme.fr\/wp-content\/uploads\/2025\/05\/Bougies_Boudoir-A-Cire_\u00a9Creil-Sud-Oise-Tourisme-57-1200x1200.jpg\" alt=\"\" class=\"wp-image-62259\" data-srcset=\"https:\/\/www.creilsudoise-tourisme.fr\/wp-content\/uploads\/2025\/05\/Bougies_Boudoir-A-Cire_\u00a9Creil-Sud-Oise-Tourisme-57-1200x1200.jpg 1200w, https:\/\/www.creilsudoise-tourisme.fr\/wp-content\/uploads\/2025\/05\/Bougies_Boudoir-A-Cire_\u00a9Creil-Sud-Oise-Tourisme-57-600x600.jpg 600w, https:\/\/www.creilsudoise-tourisme.fr\/wp-content\/uploads\/2025\/05\/Bougies_Boudoir-A-Cire_\u00a9Creil-Sud-Oise-Tourisme-57-300x300.jpg 300w, https:\/\/www.creilsudoise-tourisme.fr\/wp-content\/uploads\/2025\/05\/Bougies_Boudoir-A-Cire_\u00a9Creil-Sud-Oise-Tourisme-57-900x900.jpg 900w, https:\/\/www.creilsudoise-tourisme.fr\/wp-content\/uploads\/2025\/05\/Bougies_Boudoir-A-Cire_\u00a9Creil-Sud-Oise-Tourisme-57-1536x1536.jpg 1536w, https:\/\/www.creilsudoise-tourisme.fr\/wp-content\/uploads\/2025\/05\/Bougies_Boudoir-A-Cire_\u00a9Creil-Sud-Oise-Tourisme-57-12x12.jpg 12w, https:\/\/www.creilsudoise-tourisme.fr\/wp-content\/uploads\/2025\/05\/Bougies_Boudoir-A-Cire_\u00a9Creil-Sud-Oise-Tourisme-57-200x200.jpg 200w, https:\/\/www.creilsudoise-tourisme.fr\/wp-content\/uploads\/2025\/05\/Bougies_Boudoir-A-Cire_\u00a9Creil-Sud-Oise-Tourisme-57-650x650.jpg 650w, https:\/\/www.creilsudoise-tourisme.fr\/wp-content\/uploads\/2025\/05\/Bougies_Boudoir-A-Cire_\u00a9Creil-Sud-Oise-Tourisme-57-387x387.jpg 387w, https:\/\/www.creilsudoise-tourisme.fr\/wp-content\/uploads\/2025\/05\/Bougies_Boudoir-A-Cire_\u00a9Creil-Sud-Oise-Tourisme-57.jpg 1920w\" sizes=\"(max-width: 1200px) 100vw, 1200px\" \/><\/figure>\n\n\n\n<p><strong>Dekorative, duftende H\u00e4ngeleuchte<\/strong> | <strong>16\u20ac<\/strong> | <a href=\"https:\/\/monboudoiracire.com\/\" target=\"_blank\" rel=\"noreferrer noopener\">Mein Wachsboudoir<\/a> | <em>Saint-Maximin<\/em><\/p>\n<\/div>\n\n\n\n<div class=\"is-layout-flow wp-block-column\">\n<figure class=\"wp-block-image size-large\"><img decoding=\"async\" loading=\"lazy\" width=\"1200\" height=\"1200\" data-src=\"https:\/\/www.creilsudoise-tourisme.fr\/wp-content\/uploads\/2025\/05\/Bougies_Boudoir-A-Cire_\u00a9Creil-Sud-Oise-Tourisme-53-1200x1200.jpg\" alt=\"\" class=\"wp-image-62258\" data-srcset=\"https:\/\/www.creilsudoise-tourisme.fr\/wp-content\/uploads\/2025\/05\/Bougies_Boudoir-A-Cire_\u00a9Creil-Sud-Oise-Tourisme-53-1200x1200.jpg 1200w, https:\/\/www.creilsudoise-tourisme.fr\/wp-content\/uploads\/2025\/05\/Bougies_Boudoir-A-Cire_\u00a9Creil-Sud-Oise-Tourisme-53-600x600.jpg 600w, https:\/\/www.creilsudoise-tourisme.fr\/wp-content\/uploads\/2025\/05\/Bougies_Boudoir-A-Cire_\u00a9Creil-Sud-Oise-Tourisme-53-300x300.jpg 300w, https:\/\/www.creilsudoise-tourisme.fr\/wp-content\/uploads\/2025\/05\/Bougies_Boudoir-A-Cire_\u00a9Creil-Sud-Oise-Tourisme-53-900x900.jpg 900w, https:\/\/www.creilsudoise-tourisme.fr\/wp-content\/uploads\/2025\/05\/Bougies_Boudoir-A-Cire_\u00a9Creil-Sud-Oise-Tourisme-53-1536x1536.jpg 1536w, https:\/\/www.creilsudoise-tourisme.fr\/wp-content\/uploads\/2025\/05\/Bougies_Boudoir-A-Cire_\u00a9Creil-Sud-Oise-Tourisme-53-12x12.jpg 12w, https:\/\/www.creilsudoise-tourisme.fr\/wp-content\/uploads\/2025\/05\/Bougies_Boudoir-A-Cire_\u00a9Creil-Sud-Oise-Tourisme-53-200x200.jpg 200w, https:\/\/www.creilsudoise-tourisme.fr\/wp-content\/uploads\/2025\/05\/Bougies_Boudoir-A-Cire_\u00a9Creil-Sud-Oise-Tourisme-53-650x650.jpg 650w, https:\/\/www.creilsudoise-tourisme.fr\/wp-content\/uploads\/2025\/05\/Bougies_Boudoir-A-Cire_\u00a9Creil-Sud-Oise-Tourisme-53-387x387.jpg 387w, https:\/\/www.creilsudoise-tourisme.fr\/wp-content\/uploads\/2025\/05\/Bougies_Boudoir-A-Cire_\u00a9Creil-Sud-Oise-Tourisme-53.jpg 1920w\" sizes=\"(max-width: 1200px) 100vw, 1200px\" \/><\/figure>\n\n\n\n<p><strong>Dekorative, duftende H\u00e4ngeleuchte<\/strong> | <strong>16\u20ac<\/strong> | <a href=\"https:\/\/monboudoiracire.com\/\" target=\"_blank\" rel=\"noreferrer noopener\">Mein Wachsboudoir<\/a> | <em>Saint-Maximin<\/em><\/p>\n<\/div>\n\n\n\n<div class=\"is-layout-flow wp-block-column\">\n<figure class=\"wp-block-image size-large\"><img decoding=\"async\" loading=\"lazy\" width=\"1200\" height=\"1200\" data-src=\"https:\/\/www.creilsudoise-tourisme.fr\/wp-content\/uploads\/2025\/05\/Bougies_Boudoir-A-Cire_\u00a9Creil-Sud-Oise-Tourisme-27-1200x1200.jpg\" alt=\"\" class=\"wp-image-62254\" data-srcset=\"https:\/\/www.creilsudoise-tourisme.fr\/wp-content\/uploads\/2025\/05\/Bougies_Boudoir-A-Cire_\u00a9Creil-Sud-Oise-Tourisme-27-1200x1200.jpg 1200w, https:\/\/www.creilsudoise-tourisme.fr\/wp-content\/uploads\/2025\/05\/Bougies_Boudoir-A-Cire_\u00a9Creil-Sud-Oise-Tourisme-27-600x600.jpg 600w, https:\/\/www.creilsudoise-tourisme.fr\/wp-content\/uploads\/2025\/05\/Bougies_Boudoir-A-Cire_\u00a9Creil-Sud-Oise-Tourisme-27-300x300.jpg 300w, https:\/\/www.creilsudoise-tourisme.fr\/wp-content\/uploads\/2025\/05\/Bougies_Boudoir-A-Cire_\u00a9Creil-Sud-Oise-Tourisme-27-900x900.jpg 900w, https:\/\/www.creilsudoise-tourisme.fr\/wp-content\/uploads\/2025\/05\/Bougies_Boudoir-A-Cire_\u00a9Creil-Sud-Oise-Tourisme-27-1536x1536.jpg 1536w, https:\/\/www.creilsudoise-tourisme.fr\/wp-content\/uploads\/2025\/05\/Bougies_Boudoir-A-Cire_\u00a9Creil-Sud-Oise-Tourisme-27-12x12.jpg 12w, https:\/\/www.creilsudoise-tourisme.fr\/wp-content\/uploads\/2025\/05\/Bougies_Boudoir-A-Cire_\u00a9Creil-Sud-Oise-Tourisme-27-200x200.jpg 200w, https:\/\/www.creilsudoise-tourisme.fr\/wp-content\/uploads\/2025\/05\/Bougies_Boudoir-A-Cire_\u00a9Creil-Sud-Oise-Tourisme-27-650x650.jpg 650w, https:\/\/www.creilsudoise-tourisme.fr\/wp-content\/uploads\/2025\/05\/Bougies_Boudoir-A-Cire_\u00a9Creil-Sud-Oise-Tourisme-27-387x387.jpg 387w, https:\/\/www.creilsudoise-tourisme.fr\/wp-content\/uploads\/2025\/05\/Bougies_Boudoir-A-Cire_\u00a9Creil-Sud-Oise-Tourisme-27.jpg 1920w\" sizes=\"(max-width: 1200px) 100vw, 1200px\" \/><\/figure>\n\n\n\n<p><strong>Diamant-Kerze<\/strong> | <strong>13,50\u20ac<\/strong> | <a href=\"https:\/\/monboudoiracire.com\/\" target=\"_blank\" rel=\"noreferrer noopener\">Mein Wachsboudoir<\/a> | <em>Saint-Maximin<\/em><br><sup>In Nachschub<\/sup><\/p>\n<\/div>\n<\/div>\n\n\n\n<div class=\"is-layout-flex wp-container-78 wp-block-columns\">\n<div class=\"is-layout-flow wp-block-column\">\n<figure class=\"wp-block-image size-large\"><img decoding=\"async\" loading=\"lazy\" width=\"1200\" height=\"1200\" data-src=\"https:\/\/www.creilsudoise-tourisme.fr\/wp-content\/uploads\/2025\/05\/Bougies_Boudoir-A-Cire_\u00a9Creil-Sud-Oise-Tourisme-24-1200x1200.jpg\" alt=\"\" class=\"wp-image-62253\" data-srcset=\"https:\/\/www.creilsudoise-tourisme.fr\/wp-content\/uploads\/2025\/05\/Bougies_Boudoir-A-Cire_\u00a9Creil-Sud-Oise-Tourisme-24-1200x1200.jpg 1200w, https:\/\/www.creilsudoise-tourisme.fr\/wp-content\/uploads\/2025\/05\/Bougies_Boudoir-A-Cire_\u00a9Creil-Sud-Oise-Tourisme-24-600x600.jpg 600w, https:\/\/www.creilsudoise-tourisme.fr\/wp-content\/uploads\/2025\/05\/Bougies_Boudoir-A-Cire_\u00a9Creil-Sud-Oise-Tourisme-24-300x300.jpg 300w, https:\/\/www.creilsudoise-tourisme.fr\/wp-content\/uploads\/2025\/05\/Bougies_Boudoir-A-Cire_\u00a9Creil-Sud-Oise-Tourisme-24-900x900.jpg 900w, https:\/\/www.creilsudoise-tourisme.fr\/wp-content\/uploads\/2025\/05\/Bougies_Boudoir-A-Cire_\u00a9Creil-Sud-Oise-Tourisme-24-1536x1536.jpg 1536w, https:\/\/www.creilsudoise-tourisme.fr\/wp-content\/uploads\/2025\/05\/Bougies_Boudoir-A-Cire_\u00a9Creil-Sud-Oise-Tourisme-24-12x12.jpg 12w, https:\/\/www.creilsudoise-tourisme.fr\/wp-content\/uploads\/2025\/05\/Bougies_Boudoir-A-Cire_\u00a9Creil-Sud-Oise-Tourisme-24-200x200.jpg 200w, https:\/\/www.creilsudoise-tourisme.fr\/wp-content\/uploads\/2025\/05\/Bougies_Boudoir-A-Cire_\u00a9Creil-Sud-Oise-Tourisme-24-650x650.jpg 650w, https:\/\/www.creilsudoise-tourisme.fr\/wp-content\/uploads\/2025\/05\/Bougies_Boudoir-A-Cire_\u00a9Creil-Sud-Oise-Tourisme-24-387x387.jpg 387w, https:\/\/www.creilsudoise-tourisme.fr\/wp-content\/uploads\/2025\/05\/Bougies_Boudoir-A-Cire_\u00a9Creil-Sud-Oise-Tourisme-24.jpg 1920w\" sizes=\"(max-width: 1200px) 100vw, 1200px\" \/><\/figure>\n\n\n\n<p><strong>Kerzenhalter<\/strong> | <strong>20,50\u20ac<\/strong> | <a href=\"https:\/\/monboudoiracire.com\/\" target=\"_blank\" rel=\"noreferrer noopener\">Mein Wachsboudoir<\/a> | <em>Saint-Maximin<\/em><\/p>\n<\/div>\n\n\n\n<div class=\"is-layout-flow wp-block-column\">\n<figure class=\"wp-block-image size-large\"><img decoding=\"async\" loading=\"lazy\" width=\"1200\" height=\"1200\" data-src=\"https:\/\/www.creilsudoise-tourisme.fr\/wp-content\/uploads\/2025\/05\/Bougies_Boudoir-A-Cire_\u00a9Creil-Sud-Oise-Tourisme-37-1200x1200.jpg\" alt=\"\" class=\"wp-image-62256\" data-srcset=\"https:\/\/www.creilsudoise-tourisme.fr\/wp-content\/uploads\/2025\/05\/Bougies_Boudoir-A-Cire_\u00a9Creil-Sud-Oise-Tourisme-37-1200x1200.jpg 1200w, https:\/\/www.creilsudoise-tourisme.fr\/wp-content\/uploads\/2025\/05\/Bougies_Boudoir-A-Cire_\u00a9Creil-Sud-Oise-Tourisme-37-600x600.jpg 600w, https:\/\/www.creilsudoise-tourisme.fr\/wp-content\/uploads\/2025\/05\/Bougies_Boudoir-A-Cire_\u00a9Creil-Sud-Oise-Tourisme-37-300x300.jpg 300w, https:\/\/www.creilsudoise-tourisme.fr\/wp-content\/uploads\/2025\/05\/Bougies_Boudoir-A-Cire_\u00a9Creil-Sud-Oise-Tourisme-37-900x900.jpg 900w, https:\/\/www.creilsudoise-tourisme.fr\/wp-content\/uploads\/2025\/05\/Bougies_Boudoir-A-Cire_\u00a9Creil-Sud-Oise-Tourisme-37-1536x1536.jpg 1536w, https:\/\/www.creilsudoise-tourisme.fr\/wp-content\/uploads\/2025\/05\/Bougies_Boudoir-A-Cire_\u00a9Creil-Sud-Oise-Tourisme-37-12x12.jpg 12w, https:\/\/www.creilsudoise-tourisme.fr\/wp-content\/uploads\/2025\/05\/Bougies_Boudoir-A-Cire_\u00a9Creil-Sud-Oise-Tourisme-37-200x200.jpg 200w, https:\/\/www.creilsudoise-tourisme.fr\/wp-content\/uploads\/2025\/05\/Bougies_Boudoir-A-Cire_\u00a9Creil-Sud-Oise-Tourisme-37-650x650.jpg 650w, https:\/\/www.creilsudoise-tourisme.fr\/wp-content\/uploads\/2025\/05\/Bougies_Boudoir-A-Cire_\u00a9Creil-Sud-Oise-Tourisme-37-387x387.jpg 387w, https:\/\/www.creilsudoise-tourisme.fr\/wp-content\/uploads\/2025\/05\/Bougies_Boudoir-A-Cire_\u00a9Creil-Sud-Oise-Tourisme-37.jpg 1920w\" sizes=\"(max-width: 1200px) 100vw, 1200px\" \/><\/figure>\n\n\n\n<p><strong>Kerze Pfingstrose <\/strong>| <strong>16.20\u20ac<\/strong> | <a href=\"https:\/\/monboudoiracire.com\/\" target=\"_blank\" rel=\"noreferrer noopener\">Mein Wachsboudoir<\/a> | <em>Saint-Maximin<\/em><\/p>\n<\/div>\n\n\n\n<div class=\"is-layout-flow wp-block-column\">\n<figure class=\"wp-block-image size-large\"><img decoding=\"async\" loading=\"lazy\" width=\"1200\" height=\"1200\" data-src=\"https:\/\/www.creilsudoise-tourisme.fr\/wp-content\/uploads\/2025\/05\/Bougies_Boudoir-A-Cire_\u00a9Creil-Sud-Oise-Tourisme-34-1200x1200.jpg\" alt=\"\" class=\"wp-image-62255\" data-srcset=\"https:\/\/www.creilsudoise-tourisme.fr\/wp-content\/uploads\/2025\/05\/Bougies_Boudoir-A-Cire_\u00a9Creil-Sud-Oise-Tourisme-34-1200x1200.jpg 1200w, https:\/\/www.creilsudoise-tourisme.fr\/wp-content\/uploads\/2025\/05\/Bougies_Boudoir-A-Cire_\u00a9Creil-Sud-Oise-Tourisme-34-600x600.jpg 600w, https:\/\/www.creilsudoise-tourisme.fr\/wp-content\/uploads\/2025\/05\/Bougies_Boudoir-A-Cire_\u00a9Creil-Sud-Oise-Tourisme-34-300x300.jpg 300w, https:\/\/www.creilsudoise-tourisme.fr\/wp-content\/uploads\/2025\/05\/Bougies_Boudoir-A-Cire_\u00a9Creil-Sud-Oise-Tourisme-34-900x900.jpg 900w, https:\/\/www.creilsudoise-tourisme.fr\/wp-content\/uploads\/2025\/05\/Bougies_Boudoir-A-Cire_\u00a9Creil-Sud-Oise-Tourisme-34-1536x1536.jpg 1536w, https:\/\/www.creilsudoise-tourisme.fr\/wp-content\/uploads\/2025\/05\/Bougies_Boudoir-A-Cire_\u00a9Creil-Sud-Oise-Tourisme-34-12x12.jpg 12w, https:\/\/www.creilsudoise-tourisme.fr\/wp-content\/uploads\/2025\/05\/Bougies_Boudoir-A-Cire_\u00a9Creil-Sud-Oise-Tourisme-34-200x200.jpg 200w, https:\/\/www.creilsudoise-tourisme.fr\/wp-content\/uploads\/2025\/05\/Bougies_Boudoir-A-Cire_\u00a9Creil-Sud-Oise-Tourisme-34-650x650.jpg 650w, https:\/\/www.creilsudoise-tourisme.fr\/wp-content\/uploads\/2025\/05\/Bougies_Boudoir-A-Cire_\u00a9Creil-Sud-Oise-Tourisme-34-387x387.jpg 387w, https:\/\/www.creilsudoise-tourisme.fr\/wp-content\/uploads\/2025\/05\/Bougies_Boudoir-A-Cire_\u00a9Creil-Sud-Oise-Tourisme-34.jpg 1920w\" sizes=\"(max-width: 1200px) 100vw, 1200px\" \/><\/figure>\n\n\n\n<p><strong>Hortensien-Kerze<\/strong> | <strong>16.20\u20ac<\/strong> | <a href=\"https:\/\/monboudoiracire.com\/\" target=\"_blank\" rel=\"noreferrer noopener\">Mein Wachsboudoir<\/a> | <em>Saint-Maximin<\/em><br><sup>In Nachschub<\/sup><\/p>\n<\/div>\n<\/div>\n\n\n\n<div class=\"is-layout-flex wp-container-82 wp-block-columns\">\n<div class=\"is-layout-flow wp-block-column\">\n<figure class=\"wp-block-image size-large is-resized\"><img decoding=\"async\" loading=\"lazy\" data-src=\"https:\/\/www.creilsudoise-tourisme.fr\/wp-content\/uploads\/2026\/04\/sao-chantilly-karite_creil-sud-oise-tourisme-11-987x1200.jpg\" alt=\"\" class=\"wp-image-68590\" width=\"241\" height=\"293\" data-srcset=\"https:\/\/www.creilsudoise-tourisme.fr\/wp-content\/uploads\/2026\/04\/sao-chantilly-karite_creil-sud-oise-tourisme-11-987x1200.jpg 987w, https:\/\/www.creilsudoise-tourisme.fr\/wp-content\/uploads\/2026\/04\/sao-chantilly-karite_creil-sud-oise-tourisme-11-493x600.jpg 493w, https:\/\/www.creilsudoise-tourisme.fr\/wp-content\/uploads\/2026\/04\/sao-chantilly-karite_creil-sud-oise-tourisme-11-740x900.jpg 740w, https:\/\/www.creilsudoise-tourisme.fr\/wp-content\/uploads\/2026\/04\/sao-chantilly-karite_creil-sud-oise-tourisme-11-1263x1536.jpg 1263w, https:\/\/www.creilsudoise-tourisme.fr\/wp-content\/uploads\/2026\/04\/sao-chantilly-karite_creil-sud-oise-tourisme-11-10x12.jpg 10w, https:\/\/www.creilsudoise-tourisme.fr\/wp-content\/uploads\/2026\/04\/sao-chantilly-karite_creil-sud-oise-tourisme-11-200x243.jpg 200w, https:\/\/www.creilsudoise-tourisme.fr\/wp-content\/uploads\/2026\/04\/sao-chantilly-karite_creil-sud-oise-tourisme-11-650x790.jpg 650w, https:\/\/www.creilsudoise-tourisme.fr\/wp-content\/uploads\/2026\/04\/sao-chantilly-karite_creil-sud-oise-tourisme-11-387x471.jpg 387w, https:\/\/www.creilsudoise-tourisme.fr\/wp-content\/uploads\/2026\/04\/sao-chantilly-karite_creil-sud-oise-tourisme-11.jpg 1579w\" sizes=\"(max-width: 241px) 100vw, 241px\" \/><\/figure>\n<\/div>\n\n\n\n<div class=\"is-layout-flow wp-block-column\">\n<figure class=\"wp-block-image\"><img alt=\"\"\/><\/figure>\n<\/div>\n\n\n\n<div class=\"is-layout-flow wp-block-column\"><\/div>\n<\/div>\n\n\n\n<div class=\"is-layout-flex wp-container-86 wp-block-columns\">\n<div class=\"is-layout-flow wp-block-column\">\n<p><strong>Chantilly de karit\u00e9<\/strong> | <strong>22\u20ac<\/strong> l&rsquo;unit\u00e9 | Amande douce ou coco &amp; noisette | <em><a href=\"https:\/\/www.savonnerie-sao.fr\/\" target=\"_blank\" rel=\"noreferrer noopener\">Artisanale Seifenfabrik von Oise<\/a> <\/em>| <em>Saint-Vaast-l\u00e8s-Mello<\/em><\/p>\n<\/div>\n\n\n\n<div class=\"is-layout-flow wp-block-column\"><\/div>\n\n\n\n<div class=\"is-layout-flow wp-block-column\"><\/div>\n<\/div>\n\n\n\n<h2>B\u00fccher<\/h2>\n\n\n\n<div class=\"is-layout-flex wp-container-90 wp-block-columns\">\n<div class=\"is-layout-flow wp-block-column\">\n<figure class=\"wp-block-image size-full\"><img decoding=\"async\" loading=\"lazy\" width=\"1000\" height=\"1000\" data-src=\"https:\/\/www.creilsudoise-tourisme.fr\/wp-content\/uploads\/2023\/11\/Maurice-Galle-Boutique-de-Creil-Sud-Oise-Tourisme.jpg\" alt=\"boutique Creil Sud Oise Tourisme Office local Handwerk Geschenk Idee Weihnachten Geburtstag handgemacht Produzent Hauts-de-France Oise Picardie Buch\" class=\"wp-image-50708\" data-srcset=\"https:\/\/www.creilsudoise-tourisme.fr\/wp-content\/uploads\/2023\/11\/Maurice-Galle-Boutique-de-Creil-Sud-Oise-Tourisme.jpg 1000w, https:\/\/www.creilsudoise-tourisme.fr\/wp-content\/uploads\/2023\/11\/Maurice-Galle-Boutique-de-Creil-Sud-Oise-Tourisme-600x600.jpg 600w, https:\/\/www.creilsudoise-tourisme.fr\/wp-content\/uploads\/2023\/11\/Maurice-Galle-Boutique-de-Creil-Sud-Oise-Tourisme-300x300.jpg 300w, https:\/\/www.creilsudoise-tourisme.fr\/wp-content\/uploads\/2023\/11\/Maurice-Galle-Boutique-de-Creil-Sud-Oise-Tourisme-900x900.jpg 900w, https:\/\/www.creilsudoise-tourisme.fr\/wp-content\/uploads\/2023\/11\/Maurice-Galle-Boutique-de-Creil-Sud-Oise-Tourisme-12x12.jpg 12w, https:\/\/www.creilsudoise-tourisme.fr\/wp-content\/uploads\/2023\/11\/Maurice-Galle-Boutique-de-Creil-Sud-Oise-Tourisme-200x200.jpg 200w, https:\/\/www.creilsudoise-tourisme.fr\/wp-content\/uploads\/2023\/11\/Maurice-Galle-Boutique-de-Creil-Sud-Oise-Tourisme-650x650.jpg 650w, https:\/\/www.creilsudoise-tourisme.fr\/wp-content\/uploads\/2023\/11\/Maurice-Galle-Boutique-de-Creil-Sud-Oise-Tourisme-387x387.jpg 387w\" sizes=\"(max-width: 1000px) 100vw, 1000px\" \/><\/figure>\n\n\n\n<p><em>Maurice Gall\u00e9 <\/em>von S. Audoin-Rouseau und N. Garreau-Demilly || <strong>15\u20ac<\/strong> <\/p>\n<\/div>\n\n\n\n<div class=\"is-layout-flow wp-block-column\">\n<figure class=\"wp-block-image size-full\"><img decoding=\"async\" loading=\"lazy\" width=\"1000\" height=\"1000\" data-src=\"https:\/\/www.creilsudoise-tourisme.fr\/wp-content\/uploads\/2023\/11\/La-Faience-fine-de-Creil-Boutique-de-Creil-Sud-Oise-Tourisme.jpg\" alt=\"boutique Creil Sud Oise Tourisme Office local Handwerk Geschenk Idee Weihnachten Geburtstag handgemacht Produzent Hauts-de-France Oise Picardie Buch\" class=\"wp-image-50704\" data-srcset=\"https:\/\/www.creilsudoise-tourisme.fr\/wp-content\/uploads\/2023\/11\/La-Faience-fine-de-Creil-Boutique-de-Creil-Sud-Oise-Tourisme.jpg 1000w, https:\/\/www.creilsudoise-tourisme.fr\/wp-content\/uploads\/2023\/11\/La-Faience-fine-de-Creil-Boutique-de-Creil-Sud-Oise-Tourisme-600x600.jpg 600w, https:\/\/www.creilsudoise-tourisme.fr\/wp-content\/uploads\/2023\/11\/La-Faience-fine-de-Creil-Boutique-de-Creil-Sud-Oise-Tourisme-300x300.jpg 300w, https:\/\/www.creilsudoise-tourisme.fr\/wp-content\/uploads\/2023\/11\/La-Faience-fine-de-Creil-Boutique-de-Creil-Sud-Oise-Tourisme-900x900.jpg 900w, https:\/\/www.creilsudoise-tourisme.fr\/wp-content\/uploads\/2023\/11\/La-Faience-fine-de-Creil-Boutique-de-Creil-Sud-Oise-Tourisme-12x12.jpg 12w, https:\/\/www.creilsudoise-tourisme.fr\/wp-content\/uploads\/2023\/11\/La-Faience-fine-de-Creil-Boutique-de-Creil-Sud-Oise-Tourisme-200x200.jpg 200w, https:\/\/www.creilsudoise-tourisme.fr\/wp-content\/uploads\/2023\/11\/La-Faience-fine-de-Creil-Boutique-de-Creil-Sud-Oise-Tourisme-650x650.jpg 650w, https:\/\/www.creilsudoise-tourisme.fr\/wp-content\/uploads\/2023\/11\/La-Faience-fine-de-Creil-Boutique-de-Creil-Sud-Oise-Tourisme-387x387.jpg 387w\" sizes=\"(max-width: 1000px) 100vw, 1000px\" \/><\/figure>\n\n\n\n<p><em>Die feine Fayence von Creil<\/em> | <strong>10\u20ac<\/strong><\/p>\n<\/div>\n\n\n\n<div class=\"is-layout-flow wp-block-column\">\n<figure class=\"wp-block-image size-full\"><img decoding=\"async\" loading=\"lazy\" width=\"1000\" height=\"1000\" data-src=\"https:\/\/www.creilsudoise-tourisme.fr\/wp-content\/uploads\/2023\/11\/English-Influences-on-Creil-Ceramic-Boutique-de-Creil-Sud-Oise-Tourisme.jpg\" alt=\"boutique Creil Sud Oise Tourisme Office local Handwerk Geschenk Idee Weihnachten Geburtstag handgemacht Produzent Hauts-de-France Oise Picardie Buch english englisch\" class=\"wp-image-50693\" data-srcset=\"https:\/\/www.creilsudoise-tourisme.fr\/wp-content\/uploads\/2023\/11\/English-Influences-on-Creil-Ceramic-Boutique-de-Creil-Sud-Oise-Tourisme.jpg 1000w, https:\/\/www.creilsudoise-tourisme.fr\/wp-content\/uploads\/2023\/11\/English-Influences-on-Creil-Ceramic-Boutique-de-Creil-Sud-Oise-Tourisme-600x600.jpg 600w, https:\/\/www.creilsudoise-tourisme.fr\/wp-content\/uploads\/2023\/11\/English-Influences-on-Creil-Ceramic-Boutique-de-Creil-Sud-Oise-Tourisme-300x300.jpg 300w, https:\/\/www.creilsudoise-tourisme.fr\/wp-content\/uploads\/2023\/11\/English-Influences-on-Creil-Ceramic-Boutique-de-Creil-Sud-Oise-Tourisme-900x900.jpg 900w, https:\/\/www.creilsudoise-tourisme.fr\/wp-content\/uploads\/2023\/11\/English-Influences-on-Creil-Ceramic-Boutique-de-Creil-Sud-Oise-Tourisme-12x12.jpg 12w, https:\/\/www.creilsudoise-tourisme.fr\/wp-content\/uploads\/2023\/11\/English-Influences-on-Creil-Ceramic-Boutique-de-Creil-Sud-Oise-Tourisme-200x200.jpg 200w, https:\/\/www.creilsudoise-tourisme.fr\/wp-content\/uploads\/2023\/11\/English-Influences-on-Creil-Ceramic-Boutique-de-Creil-Sud-Oise-Tourisme-650x650.jpg 650w, https:\/\/www.creilsudoise-tourisme.fr\/wp-content\/uploads\/2023\/11\/English-Influences-on-Creil-Ceramic-Boutique-de-Creil-Sud-Oise-Tourisme-387x387.jpg 387w\" sizes=\"(max-width: 1000px) 100vw, 1000px\" \/><\/figure>\n\n\n\n<p><em>English Influences on Creil Ceramic<\/em> | <strong>5\u20ac<\/strong><\/p>\n<\/div>\n<\/div>\n\n\n\n<div class=\"is-layout-flex wp-container-94 wp-block-columns\">\n<div class=\"is-layout-flow wp-block-column\">\n<figure class=\"wp-block-image size-full\"><img decoding=\"async\" loading=\"lazy\" width=\"1000\" height=\"1000\" data-src=\"https:\/\/www.creilsudoise-tourisme.fr\/wp-content\/uploads\/2023\/11\/Une-pierre-dans-mon-jardin-Boutique-de-Creil-Sud-Oise-Tourisme.jpg\" alt=\"boutique Creil Sud Oise Tourisme Office local Handwerk Geschenk Idee Weihnachten Geburtstag handgemacht Produzent Hauts-de-France Oise Picardie Buch\" class=\"wp-image-50721\" data-srcset=\"https:\/\/www.creilsudoise-tourisme.fr\/wp-content\/uploads\/2023\/11\/Une-pierre-dans-mon-jardin-Boutique-de-Creil-Sud-Oise-Tourisme.jpg 1000w, https:\/\/www.creilsudoise-tourisme.fr\/wp-content\/uploads\/2023\/11\/Une-pierre-dans-mon-jardin-Boutique-de-Creil-Sud-Oise-Tourisme-600x600.jpg 600w, https:\/\/www.creilsudoise-tourisme.fr\/wp-content\/uploads\/2023\/11\/Une-pierre-dans-mon-jardin-Boutique-de-Creil-Sud-Oise-Tourisme-300x300.jpg 300w, https:\/\/www.creilsudoise-tourisme.fr\/wp-content\/uploads\/2023\/11\/Une-pierre-dans-mon-jardin-Boutique-de-Creil-Sud-Oise-Tourisme-900x900.jpg 900w, https:\/\/www.creilsudoise-tourisme.fr\/wp-content\/uploads\/2023\/11\/Une-pierre-dans-mon-jardin-Boutique-de-Creil-Sud-Oise-Tourisme-12x12.jpg 12w, https:\/\/www.creilsudoise-tourisme.fr\/wp-content\/uploads\/2023\/11\/Une-pierre-dans-mon-jardin-Boutique-de-Creil-Sud-Oise-Tourisme-200x200.jpg 200w, https:\/\/www.creilsudoise-tourisme.fr\/wp-content\/uploads\/2023\/11\/Une-pierre-dans-mon-jardin-Boutique-de-Creil-Sud-Oise-Tourisme-650x650.jpg 650w, https:\/\/www.creilsudoise-tourisme.fr\/wp-content\/uploads\/2023\/11\/Une-pierre-dans-mon-jardin-Boutique-de-Creil-Sud-Oise-Tourisme-387x387.jpg 387w\" sizes=\"(max-width: 1000px) 100vw, 1000px\" \/><\/figure>\n\n\n\n<p><em>Ein Stein in meinem Garten, den der Wald verbirgt! <\/em>von Georges Sebbag || <strong>15\u20ac<\/strong> <\/p>\n<\/div>\n\n\n\n<div class=\"is-layout-flow wp-block-column\">\n<figure class=\"wp-block-image size-full\"><img decoding=\"async\" loading=\"lazy\" width=\"1000\" height=\"1000\" data-src=\"https:\/\/www.creilsudoise-tourisme.fr\/wp-content\/uploads\/2023\/11\/Georges-le-gamin-qui-revait-dans-les-pierres-Boutique-de-Creil-Sud-Oise-Tourisme.jpg\" alt=\"boutique Creil Sud Oise Tourisme Office local Handwerk Geschenk Idee Weihnachten Geburtstag handgemacht Produzent Hauts-de-France Oise Picardie Buch\" class=\"wp-image-50695\" data-srcset=\"https:\/\/www.creilsudoise-tourisme.fr\/wp-content\/uploads\/2023\/11\/Georges-le-gamin-qui-revait-dans-les-pierres-Boutique-de-Creil-Sud-Oise-Tourisme.jpg 1000w, https:\/\/www.creilsudoise-tourisme.fr\/wp-content\/uploads\/2023\/11\/Georges-le-gamin-qui-revait-dans-les-pierres-Boutique-de-Creil-Sud-Oise-Tourisme-600x600.jpg 600w, https:\/\/www.creilsudoise-tourisme.fr\/wp-content\/uploads\/2023\/11\/Georges-le-gamin-qui-revait-dans-les-pierres-Boutique-de-Creil-Sud-Oise-Tourisme-300x300.jpg 300w, https:\/\/www.creilsudoise-tourisme.fr\/wp-content\/uploads\/2023\/11\/Georges-le-gamin-qui-revait-dans-les-pierres-Boutique-de-Creil-Sud-Oise-Tourisme-900x900.jpg 900w, https:\/\/www.creilsudoise-tourisme.fr\/wp-content\/uploads\/2023\/11\/Georges-le-gamin-qui-revait-dans-les-pierres-Boutique-de-Creil-Sud-Oise-Tourisme-12x12.jpg 12w, https:\/\/www.creilsudoise-tourisme.fr\/wp-content\/uploads\/2023\/11\/Georges-le-gamin-qui-revait-dans-les-pierres-Boutique-de-Creil-Sud-Oise-Tourisme-200x200.jpg 200w, https:\/\/www.creilsudoise-tourisme.fr\/wp-content\/uploads\/2023\/11\/Georges-le-gamin-qui-revait-dans-les-pierres-Boutique-de-Creil-Sud-Oise-Tourisme-650x650.jpg 650w, https:\/\/www.creilsudoise-tourisme.fr\/wp-content\/uploads\/2023\/11\/Georges-le-gamin-qui-revait-dans-les-pierres-Boutique-de-Creil-Sud-Oise-Tourisme-387x387.jpg 387w\" sizes=\"(max-width: 1000px) 100vw, 1000px\" \/><\/figure>\n\n\n\n<p><em>Georges ein Kind, das in den Steinen tr\u00e4umte <\/em>von N. D\u00e9sir\u00e9e-Frisque und R. Wallet | | <strong>18\u20ac<\/strong><\/p>\n<\/div>\n\n\n\n<div class=\"is-layout-flow wp-block-column\">\n<figure class=\"wp-block-image size-full\"><img decoding=\"async\" loading=\"lazy\" width=\"1000\" height=\"1000\" data-src=\"https:\/\/www.creilsudoise-tourisme.fr\/wp-content\/uploads\/2023\/11\/Site-V1-en-Picardie-Boutique-de-Creil-Sud-Oise-Tourisme.jpg\" alt=\"boutique Creil Sud Oise Tourisme Office local Handwerk Geschenk Idee Weihnachten Geburtstag handgemacht Produzent Hauts-de-France Oise Picardie Buch\" class=\"wp-image-50718\" data-srcset=\"https:\/\/www.creilsudoise-tourisme.fr\/wp-content\/uploads\/2023\/11\/Site-V1-en-Picardie-Boutique-de-Creil-Sud-Oise-Tourisme.jpg 1000w, https:\/\/www.creilsudoise-tourisme.fr\/wp-content\/uploads\/2023\/11\/Site-V1-en-Picardie-Boutique-de-Creil-Sud-Oise-Tourisme-600x600.jpg 600w, https:\/\/www.creilsudoise-tourisme.fr\/wp-content\/uploads\/2023\/11\/Site-V1-en-Picardie-Boutique-de-Creil-Sud-Oise-Tourisme-300x300.jpg 300w, https:\/\/www.creilsudoise-tourisme.fr\/wp-content\/uploads\/2023\/11\/Site-V1-en-Picardie-Boutique-de-Creil-Sud-Oise-Tourisme-900x900.jpg 900w, https:\/\/www.creilsudoise-tourisme.fr\/wp-content\/uploads\/2023\/11\/Site-V1-en-Picardie-Boutique-de-Creil-Sud-Oise-Tourisme-12x12.jpg 12w, https:\/\/www.creilsudoise-tourisme.fr\/wp-content\/uploads\/2023\/11\/Site-V1-en-Picardie-Boutique-de-Creil-Sud-Oise-Tourisme-200x200.jpg 200w, https:\/\/www.creilsudoise-tourisme.fr\/wp-content\/uploads\/2023\/11\/Site-V1-en-Picardie-Boutique-de-Creil-Sud-Oise-Tourisme-650x650.jpg 650w, https:\/\/www.creilsudoise-tourisme.fr\/wp-content\/uploads\/2023\/11\/Site-V1-en-Picardie-Boutique-de-Creil-Sud-Oise-Tourisme-387x387.jpg 387w\" sizes=\"(max-width: 1000px) 100vw, 1000px\" \/><\/figure>\n\n\n\n<p><em>V1-Standorte in der Picardie<\/em> von Laurent Bailleul || <strong>30\u20ac<\/strong><\/p>\n<\/div>\n<\/div>\n\n\n\n<div class=\"is-layout-flex wp-container-98 wp-block-columns\">\n<div class=\"is-layout-flow wp-block-column\">\n<figure class=\"wp-block-image size-full\"><img decoding=\"async\" loading=\"lazy\" width=\"1000\" height=\"1000\" data-src=\"https:\/\/www.creilsudoise-tourisme.fr\/wp-content\/uploads\/2023\/11\/Histoire-dun-vieux-chateau-de-France-a-Montataire-Boutique-de-Creil-Sud-Oise-Tourisme.jpg\" alt=\"boutique Creil Sud Oise Tourisme Office local Handwerk Geschenk Idee Weihnachten Geburtstag handgemacht Produzent Hauts-de-France Oise Picardie Buch\" class=\"wp-image-50699\" data-srcset=\"https:\/\/www.creilsudoise-tourisme.fr\/wp-content\/uploads\/2023\/11\/Histoire-dun-vieux-chateau-de-France-a-Montataire-Boutique-de-Creil-Sud-Oise-Tourisme.jpg 1000w, https:\/\/www.creilsudoise-tourisme.fr\/wp-content\/uploads\/2023\/11\/Histoire-dun-vieux-chateau-de-France-a-Montataire-Boutique-de-Creil-Sud-Oise-Tourisme-600x600.jpg 600w, https:\/\/www.creilsudoise-tourisme.fr\/wp-content\/uploads\/2023\/11\/Histoire-dun-vieux-chateau-de-France-a-Montataire-Boutique-de-Creil-Sud-Oise-Tourisme-300x300.jpg 300w, https:\/\/www.creilsudoise-tourisme.fr\/wp-content\/uploads\/2023\/11\/Histoire-dun-vieux-chateau-de-France-a-Montataire-Boutique-de-Creil-Sud-Oise-Tourisme-900x900.jpg 900w, https:\/\/www.creilsudoise-tourisme.fr\/wp-content\/uploads\/2023\/11\/Histoire-dun-vieux-chateau-de-France-a-Montataire-Boutique-de-Creil-Sud-Oise-Tourisme-12x12.jpg 12w, https:\/\/www.creilsudoise-tourisme.fr\/wp-content\/uploads\/2023\/11\/Histoire-dun-vieux-chateau-de-France-a-Montataire-Boutique-de-Creil-Sud-Oise-Tourisme-200x200.jpg 200w, https:\/\/www.creilsudoise-tourisme.fr\/wp-content\/uploads\/2023\/11\/Histoire-dun-vieux-chateau-de-France-a-Montataire-Boutique-de-Creil-Sud-Oise-Tourisme-650x650.jpg 650w, https:\/\/www.creilsudoise-tourisme.fr\/wp-content\/uploads\/2023\/11\/Histoire-dun-vieux-chateau-de-France-a-Montataire-Boutique-de-Creil-Sud-Oise-Tourisme-387x387.jpg 387w\" sizes=\"(max-width: 1000px) 100vw, 1000px\" \/><\/figure>\n\n\n\n<p><em>Geschichte eines alten Schlosses in Frankreich <\/em>durch den Baron de Cond\u00e9 || <strong>16\u20ac<\/strong> <\/p>\n<\/div>\n\n\n\n<div class=\"is-layout-flow wp-block-column\">\n<figure class=\"wp-block-image size-full\"><img decoding=\"async\" loading=\"lazy\" width=\"1000\" height=\"1000\" data-src=\"https:\/\/www.creilsudoise-tourisme.fr\/wp-content\/uploads\/2023\/11\/Au-fil-de-lOise-Boutique-de-Creil-Sud-Oise-Tourisme.jpg\" alt=\"boutique Creil Sud Oise Tourisme Office local Handwerk Geschenk Idee Weihnachten Geburtstag handgemacht Produzent Hauts-de-France Oise Picardie Buch\" class=\"wp-image-50679\" data-srcset=\"https:\/\/www.creilsudoise-tourisme.fr\/wp-content\/uploads\/2023\/11\/Au-fil-de-lOise-Boutique-de-Creil-Sud-Oise-Tourisme.jpg 1000w, https:\/\/www.creilsudoise-tourisme.fr\/wp-content\/uploads\/2023\/11\/Au-fil-de-lOise-Boutique-de-Creil-Sud-Oise-Tourisme-600x600.jpg 600w, https:\/\/www.creilsudoise-tourisme.fr\/wp-content\/uploads\/2023\/11\/Au-fil-de-lOise-Boutique-de-Creil-Sud-Oise-Tourisme-300x300.jpg 300w, https:\/\/www.creilsudoise-tourisme.fr\/wp-content\/uploads\/2023\/11\/Au-fil-de-lOise-Boutique-de-Creil-Sud-Oise-Tourisme-900x900.jpg 900w, https:\/\/www.creilsudoise-tourisme.fr\/wp-content\/uploads\/2023\/11\/Au-fil-de-lOise-Boutique-de-Creil-Sud-Oise-Tourisme-12x12.jpg 12w, https:\/\/www.creilsudoise-tourisme.fr\/wp-content\/uploads\/2023\/11\/Au-fil-de-lOise-Boutique-de-Creil-Sud-Oise-Tourisme-200x200.jpg 200w, https:\/\/www.creilsudoise-tourisme.fr\/wp-content\/uploads\/2023\/11\/Au-fil-de-lOise-Boutique-de-Creil-Sud-Oise-Tourisme-650x650.jpg 650w, https:\/\/www.creilsudoise-tourisme.fr\/wp-content\/uploads\/2023\/11\/Au-fil-de-lOise-Boutique-de-Creil-Sud-Oise-Tourisme-387x387.jpg 387w\" sizes=\"(max-width: 1000px) 100vw, 1000px\" \/><\/figure>\n\n\n\n<p><em>Am Flusslauf der Oise<\/em> von Jean Lahousse || <strong>38\u20ac<\/strong><\/p>\n<\/div>\n\n\n\n<div class=\"is-layout-flow wp-block-column\">\n<figure class=\"wp-block-image size-full\"><img decoding=\"async\" loading=\"lazy\" width=\"1000\" height=\"1000\" data-src=\"https:\/\/www.creilsudoise-tourisme.fr\/wp-content\/uploads\/2023\/11\/Sites-clunisiens-en-Europe-Boutique-de-Creil-Sud-Oise-Tourisme.jpg\" alt=\"boutique Creil Sud Oise Tourisme Office local Handwerk Geschenk Idee Weihnachten Geburtstag handgemacht Produzent Hauts-de-France Oise Picardie Buch\" class=\"wp-image-50719\" data-srcset=\"https:\/\/www.creilsudoise-tourisme.fr\/wp-content\/uploads\/2023\/11\/Sites-clunisiens-en-Europe-Boutique-de-Creil-Sud-Oise-Tourisme.jpg 1000w, https:\/\/www.creilsudoise-tourisme.fr\/wp-content\/uploads\/2023\/11\/Sites-clunisiens-en-Europe-Boutique-de-Creil-Sud-Oise-Tourisme-600x600.jpg 600w, https:\/\/www.creilsudoise-tourisme.fr\/wp-content\/uploads\/2023\/11\/Sites-clunisiens-en-Europe-Boutique-de-Creil-Sud-Oise-Tourisme-300x300.jpg 300w, https:\/\/www.creilsudoise-tourisme.fr\/wp-content\/uploads\/2023\/11\/Sites-clunisiens-en-Europe-Boutique-de-Creil-Sud-Oise-Tourisme-900x900.jpg 900w, https:\/\/www.creilsudoise-tourisme.fr\/wp-content\/uploads\/2023\/11\/Sites-clunisiens-en-Europe-Boutique-de-Creil-Sud-Oise-Tourisme-12x12.jpg 12w, https:\/\/www.creilsudoise-tourisme.fr\/wp-content\/uploads\/2023\/11\/Sites-clunisiens-en-Europe-Boutique-de-Creil-Sud-Oise-Tourisme-200x200.jpg 200w, https:\/\/www.creilsudoise-tourisme.fr\/wp-content\/uploads\/2023\/11\/Sites-clunisiens-en-Europe-Boutique-de-Creil-Sud-Oise-Tourisme-650x650.jpg 650w, https:\/\/www.creilsudoise-tourisme.fr\/wp-content\/uploads\/2023\/11\/Sites-clunisiens-en-Europe-Boutique-de-Creil-Sud-Oise-Tourisme-387x387.jpg 387w\" sizes=\"(max-width: 1000px) 100vw, 1000px\" \/><\/figure>\n\n\n\n<p><em>Cluniazensische St\u00e4tten in Europa <\/em>| <strong>18\u20ac<\/strong><\/p>\n<\/div>\n<\/div>\n\n\n\n<div class=\"is-layout-flex wp-container-102 wp-block-columns\">\n<div class=\"is-layout-flow wp-block-column\">\n<figure class=\"wp-block-image size-full\"><img decoding=\"async\" loading=\"lazy\" width=\"1000\" height=\"1000\" data-src=\"https:\/\/www.creilsudoise-tourisme.fr\/wp-content\/uploads\/2023\/11\/La-Prieurale-de-Saint-Leu-dEsserent-Boutique-de-Creil-Sud-Oise-Tourisme.jpg\" alt=\"boutique Creil Sud Oise Tourisme Office local Handwerk Geschenk Idee Weihnachten Geburtstag handgemacht Produzent Hauts-de-France Oise Picardie Buch\" class=\"wp-image-50726\" data-srcset=\"https:\/\/www.creilsudoise-tourisme.fr\/wp-content\/uploads\/2023\/11\/La-Prieurale-de-Saint-Leu-dEsserent-Boutique-de-Creil-Sud-Oise-Tourisme.jpg 1000w, https:\/\/www.creilsudoise-tourisme.fr\/wp-content\/uploads\/2023\/11\/La-Prieurale-de-Saint-Leu-dEsserent-Boutique-de-Creil-Sud-Oise-Tourisme-600x600.jpg 600w, https:\/\/www.creilsudoise-tourisme.fr\/wp-content\/uploads\/2023\/11\/La-Prieurale-de-Saint-Leu-dEsserent-Boutique-de-Creil-Sud-Oise-Tourisme-300x300.jpg 300w, https:\/\/www.creilsudoise-tourisme.fr\/wp-content\/uploads\/2023\/11\/La-Prieurale-de-Saint-Leu-dEsserent-Boutique-de-Creil-Sud-Oise-Tourisme-900x900.jpg 900w, https:\/\/www.creilsudoise-tourisme.fr\/wp-content\/uploads\/2023\/11\/La-Prieurale-de-Saint-Leu-dEsserent-Boutique-de-Creil-Sud-Oise-Tourisme-12x12.jpg 12w, https:\/\/www.creilsudoise-tourisme.fr\/wp-content\/uploads\/2023\/11\/La-Prieurale-de-Saint-Leu-dEsserent-Boutique-de-Creil-Sud-Oise-Tourisme-200x200.jpg 200w, https:\/\/www.creilsudoise-tourisme.fr\/wp-content\/uploads\/2023\/11\/La-Prieurale-de-Saint-Leu-dEsserent-Boutique-de-Creil-Sud-Oise-Tourisme-650x650.jpg 650w, https:\/\/www.creilsudoise-tourisme.fr\/wp-content\/uploads\/2023\/11\/La-Prieurale-de-Saint-Leu-dEsserent-Boutique-de-Creil-Sud-Oise-Tourisme-387x387.jpg 387w\" sizes=\"(max-width: 1000px) 100vw, 1000px\" \/><\/figure>\n\n\n\n<p><em>Die Prioratskirche von Saint-Leu-d'Esserent<\/em> | <strong>2,60\u20ac<\/strong><\/p>\n<\/div>\n\n\n\n<div class=\"is-layout-flow wp-block-column\">\n<figure class=\"wp-block-image size-full\"><img decoding=\"async\" loading=\"lazy\" width=\"1000\" height=\"1000\" data-src=\"https:\/\/www.creilsudoise-tourisme.fr\/wp-content\/uploads\/2023\/11\/LAbbatiale-de-Saint-Leu-dEsserent-Boutique-de-Creil-Sud-Oise-Tourisme.jpg\" alt=\"boutique Creil Sud Oise Tourisme Office local Handwerk Geschenk Idee Weihnachten Geburtstag handgemacht Produzent Hauts-de-France Oise Picardie Buch\" class=\"wp-image-50727\" data-srcset=\"https:\/\/www.creilsudoise-tourisme.fr\/wp-content\/uploads\/2023\/11\/LAbbatiale-de-Saint-Leu-dEsserent-Boutique-de-Creil-Sud-Oise-Tourisme.jpg 1000w, https:\/\/www.creilsudoise-tourisme.fr\/wp-content\/uploads\/2023\/11\/LAbbatiale-de-Saint-Leu-dEsserent-Boutique-de-Creil-Sud-Oise-Tourisme-600x600.jpg 600w, https:\/\/www.creilsudoise-tourisme.fr\/wp-content\/uploads\/2023\/11\/LAbbatiale-de-Saint-Leu-dEsserent-Boutique-de-Creil-Sud-Oise-Tourisme-300x300.jpg 300w, https:\/\/www.creilsudoise-tourisme.fr\/wp-content\/uploads\/2023\/11\/LAbbatiale-de-Saint-Leu-dEsserent-Boutique-de-Creil-Sud-Oise-Tourisme-900x900.jpg 900w, https:\/\/www.creilsudoise-tourisme.fr\/wp-content\/uploads\/2023\/11\/LAbbatiale-de-Saint-Leu-dEsserent-Boutique-de-Creil-Sud-Oise-Tourisme-12x12.jpg 12w, https:\/\/www.creilsudoise-tourisme.fr\/wp-content\/uploads\/2023\/11\/LAbbatiale-de-Saint-Leu-dEsserent-Boutique-de-Creil-Sud-Oise-Tourisme-200x200.jpg 200w, https:\/\/www.creilsudoise-tourisme.fr\/wp-content\/uploads\/2023\/11\/LAbbatiale-de-Saint-Leu-dEsserent-Boutique-de-Creil-Sud-Oise-Tourisme-650x650.jpg 650w, https:\/\/www.creilsudoise-tourisme.fr\/wp-content\/uploads\/2023\/11\/LAbbatiale-de-Saint-Leu-dEsserent-Boutique-de-Creil-Sud-Oise-Tourisme-387x387.jpg 387w\" sizes=\"(max-width: 1000px) 100vw, 1000px\" \/><\/figure>\n\n\n\n<p><em>Audioguide der Abteikirche von Saint-Leu-d'Esserent<\/em> | <strong>2,60\u20ac<\/strong><\/p>\n<\/div>\n\n\n\n<div class=\"is-layout-flow wp-block-column\">\n<figure class=\"wp-block-image size-full\"><img decoding=\"async\" loading=\"lazy\" width=\"1000\" height=\"1000\" data-src=\"https:\/\/www.creilsudoise-tourisme.fr\/wp-content\/uploads\/2023\/11\/Le-Grand-Creillois-Industriel-Boutique-de-Creil-Sud-Oise-Tourisme.jpg\" alt=\"boutique Creil Sud Oise Tourisme Office local Handwerk Geschenk Idee Weihnachten Geburtstag handgemacht Produzent Hauts-de-France Oise Picardie Buch\" class=\"wp-image-50705\" data-srcset=\"https:\/\/www.creilsudoise-tourisme.fr\/wp-content\/uploads\/2023\/11\/Le-Grand-Creillois-Industriel-Boutique-de-Creil-Sud-Oise-Tourisme.jpg 1000w, https:\/\/www.creilsudoise-tourisme.fr\/wp-content\/uploads\/2023\/11\/Le-Grand-Creillois-Industriel-Boutique-de-Creil-Sud-Oise-Tourisme-600x600.jpg 600w, https:\/\/www.creilsudoise-tourisme.fr\/wp-content\/uploads\/2023\/11\/Le-Grand-Creillois-Industriel-Boutique-de-Creil-Sud-Oise-Tourisme-300x300.jpg 300w, https:\/\/www.creilsudoise-tourisme.fr\/wp-content\/uploads\/2023\/11\/Le-Grand-Creillois-Industriel-Boutique-de-Creil-Sud-Oise-Tourisme-900x900.jpg 900w, https:\/\/www.creilsudoise-tourisme.fr\/wp-content\/uploads\/2023\/11\/Le-Grand-Creillois-Industriel-Boutique-de-Creil-Sud-Oise-Tourisme-12x12.jpg 12w, https:\/\/www.creilsudoise-tourisme.fr\/wp-content\/uploads\/2023\/11\/Le-Grand-Creillois-Industriel-Boutique-de-Creil-Sud-Oise-Tourisme-200x200.jpg 200w, https:\/\/www.creilsudoise-tourisme.fr\/wp-content\/uploads\/2023\/11\/Le-Grand-Creillois-Industriel-Boutique-de-Creil-Sud-Oise-Tourisme-650x650.jpg 650w, https:\/\/www.creilsudoise-tourisme.fr\/wp-content\/uploads\/2023\/11\/Le-Grand-Creillois-Industriel-Boutique-de-Creil-Sud-Oise-Tourisme-387x387.jpg 387w\" sizes=\"(max-width: 1000px) 100vw, 1000px\" \/><\/figure>\n\n\n\n<p><em>Der industrielle Gro\u00dfraum Creillois <\/em>von Clarisse Lorieux || <strong>25\u20ac<\/strong><\/p>\n<\/div>\n<\/div>\n\n\n\n<div class=\"is-layout-flex wp-container-106 wp-block-columns\">\n<div class=\"is-layout-flow wp-block-column\">\n<figure class=\"wp-block-image size-full\"><img decoding=\"async\" loading=\"lazy\" width=\"1000\" height=\"1000\" data-src=\"https:\/\/www.creilsudoise-tourisme.fr\/wp-content\/uploads\/2023\/11\/Les-Cahiers-de-lAMOI.jpg\" alt=\"boutique Creil Sud Oise Tourisme Office local Handwerk Geschenk Idee Weihnachten Geburtstag handgemacht Produzent Hauts-de-France Oise Picardie Buch\" class=\"wp-image-50706\" data-srcset=\"https:\/\/www.creilsudoise-tourisme.fr\/wp-content\/uploads\/2023\/11\/Les-Cahiers-de-lAMOI.jpg 1000w, https:\/\/www.creilsudoise-tourisme.fr\/wp-content\/uploads\/2023\/11\/Les-Cahiers-de-lAMOI-600x600.jpg 600w, https:\/\/www.creilsudoise-tourisme.fr\/wp-content\/uploads\/2023\/11\/Les-Cahiers-de-lAMOI-300x300.jpg 300w, https:\/\/www.creilsudoise-tourisme.fr\/wp-content\/uploads\/2023\/11\/Les-Cahiers-de-lAMOI-900x900.jpg 900w, https:\/\/www.creilsudoise-tourisme.fr\/wp-content\/uploads\/2023\/11\/Les-Cahiers-de-lAMOI-12x12.jpg 12w, https:\/\/www.creilsudoise-tourisme.fr\/wp-content\/uploads\/2023\/11\/Les-Cahiers-de-lAMOI-200x200.jpg 200w, https:\/\/www.creilsudoise-tourisme.fr\/wp-content\/uploads\/2023\/11\/Les-Cahiers-de-lAMOI-650x650.jpg 650w, https:\/\/www.creilsudoise-tourisme.fr\/wp-content\/uploads\/2023\/11\/Les-Cahiers-de-lAMOI-387x387.jpg 387w\" sizes=\"(max-width: 1000px) 100vw, 1000px\" \/><\/figure>\n\n\n\n<p><em>Die AMOI-Hefte<\/em> | <strong>6\u20ac<\/strong> nach Themen<\/p>\n<\/div>\n\n\n\n<div class=\"is-layout-flow wp-block-column\">\n<figure class=\"wp-block-image size-full\"><img decoding=\"async\" loading=\"lazy\" width=\"1000\" height=\"1000\" data-src=\"https:\/\/www.creilsudoise-tourisme.fr\/wp-content\/uploads\/2023\/11\/Routard-Picardie-14-18-Boutique-de-Creil-Sud-Oise-Tourisme.jpg\" alt=\"boutique Creil Sud Oise Tourisme Office local Handwerk Geschenk Idee Weihnachten Geburtstag handgemacht Produzent Hauts-de-France Oise Picardie Buch\" class=\"wp-image-50716\" data-srcset=\"https:\/\/www.creilsudoise-tourisme.fr\/wp-content\/uploads\/2023\/11\/Routard-Picardie-14-18-Boutique-de-Creil-Sud-Oise-Tourisme.jpg 1000w, https:\/\/www.creilsudoise-tourisme.fr\/wp-content\/uploads\/2023\/11\/Routard-Picardie-14-18-Boutique-de-Creil-Sud-Oise-Tourisme-600x600.jpg 600w, https:\/\/www.creilsudoise-tourisme.fr\/wp-content\/uploads\/2023\/11\/Routard-Picardie-14-18-Boutique-de-Creil-Sud-Oise-Tourisme-300x300.jpg 300w, https:\/\/www.creilsudoise-tourisme.fr\/wp-content\/uploads\/2023\/11\/Routard-Picardie-14-18-Boutique-de-Creil-Sud-Oise-Tourisme-900x900.jpg 900w, https:\/\/www.creilsudoise-tourisme.fr\/wp-content\/uploads\/2023\/11\/Routard-Picardie-14-18-Boutique-de-Creil-Sud-Oise-Tourisme-12x12.jpg 12w, https:\/\/www.creilsudoise-tourisme.fr\/wp-content\/uploads\/2023\/11\/Routard-Picardie-14-18-Boutique-de-Creil-Sud-Oise-Tourisme-200x200.jpg 200w, https:\/\/www.creilsudoise-tourisme.fr\/wp-content\/uploads\/2023\/11\/Routard-Picardie-14-18-Boutique-de-Creil-Sud-Oise-Tourisme-650x650.jpg 650w, https:\/\/www.creilsudoise-tourisme.fr\/wp-content\/uploads\/2023\/11\/Routard-Picardie-14-18-Boutique-de-Creil-Sud-Oise-Tourisme-387x387.jpg 387w\" sizes=\"(max-width: 1000px) 100vw, 1000px\" \/><\/figure>\n\n\n\n<p><em>Le Routard Picardie 14-18<\/em> | <strong>14,95\u20ac<\/strong><\/p>\n<\/div>\n\n\n\n<div class=\"is-layout-flow wp-block-column\">\n<figure class=\"wp-block-image size-large is-resized\"><img decoding=\"async\" loading=\"lazy\" data-src=\"https:\/\/www.creilsudoise-tourisme.fr\/wp-content\/uploads\/2026\/02\/dictionnaire-creil-1104x1200.jpg\" alt=\"\" class=\"wp-image-67539\" width=\"239\" height=\"260\" data-srcset=\"https:\/\/www.creilsudoise-tourisme.fr\/wp-content\/uploads\/2026\/02\/dictionnaire-creil-1104x1200.jpg 1104w, https:\/\/www.creilsudoise-tourisme.fr\/wp-content\/uploads\/2026\/02\/dictionnaire-creil-552x600.jpg 552w, https:\/\/www.creilsudoise-tourisme.fr\/wp-content\/uploads\/2026\/02\/dictionnaire-creil-828x900.jpg 828w, https:\/\/www.creilsudoise-tourisme.fr\/wp-content\/uploads\/2026\/02\/dictionnaire-creil-1413x1536.jpg 1413w, https:\/\/www.creilsudoise-tourisme.fr\/wp-content\/uploads\/2026\/02\/dictionnaire-creil-1883x2048.jpg 1883w, https:\/\/www.creilsudoise-tourisme.fr\/wp-content\/uploads\/2026\/02\/dictionnaire-creil-11x12.jpg 11w, https:\/\/www.creilsudoise-tourisme.fr\/wp-content\/uploads\/2026\/02\/dictionnaire-creil-200x217.jpg 200w, https:\/\/www.creilsudoise-tourisme.fr\/wp-content\/uploads\/2026\/02\/dictionnaire-creil-650x707.jpg 650w, https:\/\/www.creilsudoise-tourisme.fr\/wp-content\/uploads\/2026\/02\/dictionnaire-creil-387x421.jpg 387w\" sizes=\"(max-width: 239px) 100vw, 239px\" \/><\/figure>\n\n\n\n<p><em>Le petit dictionnaire de l&rsquo;Histoire de Creil<\/em> de Emmanuel Perrin | <strong>29\u20ac<\/strong><\/p>\n<\/div>\n<\/div>\n\n\n\n<div class=\"is-layout-flex wp-container-110 wp-block-columns\">\n<div class=\"is-layout-flow wp-block-column\">\n<figure class=\"wp-block-image size-large\"><img decoding=\"async\" loading=\"lazy\" width=\"965\" height=\"1200\" data-src=\"https:\/\/www.creilsudoise-tourisme.fr\/wp-content\/uploads\/2026\/04\/livre-faience-fine-creil_kalt_creil-sud-oise-tourisme-10-965x1200.jpg\" alt=\"\" class=\"wp-image-68591\" data-srcset=\"https:\/\/www.creilsudoise-tourisme.fr\/wp-content\/uploads\/2026\/04\/livre-faience-fine-creil_kalt_creil-sud-oise-tourisme-10-965x1200.jpg 965w, https:\/\/www.creilsudoise-tourisme.fr\/wp-content\/uploads\/2026\/04\/livre-faience-fine-creil_kalt_creil-sud-oise-tourisme-10-483x600.jpg 483w, https:\/\/www.creilsudoise-tourisme.fr\/wp-content\/uploads\/2026\/04\/livre-faience-fine-creil_kalt_creil-sud-oise-tourisme-10-724x900.jpg 724w, https:\/\/www.creilsudoise-tourisme.fr\/wp-content\/uploads\/2026\/04\/livre-faience-fine-creil_kalt_creil-sud-oise-tourisme-10-1235x1536.jpg 1235w, https:\/\/www.creilsudoise-tourisme.fr\/wp-content\/uploads\/2026\/04\/livre-faience-fine-creil_kalt_creil-sud-oise-tourisme-10-10x12.jpg 10w, https:\/\/www.creilsudoise-tourisme.fr\/wp-content\/uploads\/2026\/04\/livre-faience-fine-creil_kalt_creil-sud-oise-tourisme-10-200x249.jpg 200w, https:\/\/www.creilsudoise-tourisme.fr\/wp-content\/uploads\/2026\/04\/livre-faience-fine-creil_kalt_creil-sud-oise-tourisme-10-650x808.jpg 650w, https:\/\/www.creilsudoise-tourisme.fr\/wp-content\/uploads\/2026\/04\/livre-faience-fine-creil_kalt_creil-sud-oise-tourisme-10-387x481.jpg 387w, https:\/\/www.creilsudoise-tourisme.fr\/wp-content\/uploads\/2026\/04\/livre-faience-fine-creil_kalt_creil-sud-oise-tourisme-10.jpg 1544w\" sizes=\"(max-width: 965px) 100vw, 965px\" \/><\/figure>\n<\/div>\n\n\n\n<div class=\"is-layout-flow wp-block-column\"><\/div>\n\n\n\n<div class=\"is-layout-flow wp-block-column\"><\/div>\n<\/div>\n\n\n\n<div class=\"is-layout-flex wp-container-114 wp-block-columns\">\n<div class=\"is-layout-flow wp-block-column\">\n<p><em>Die feine Fayence von Creil <\/em>de Marion Kalt | <strong>14,95\u20ac<\/strong><\/p>\n<\/div>\n\n\n\n<div class=\"is-layout-flow wp-block-column\"><\/div>\n\n\n\n<div class=\"is-layout-flow wp-block-column\"><\/div>\n<\/div>\n\n\n\n<p><em>Liste ist nicht exhumierbar. Nur solange der Vorrat reicht.<\/em><\/p>\n\n\n\n<hr class=\"wp-block-separator has-alpha-channel-opacity\"\/>\n\n\n<div class=\"wp-block wp-block-highlight\">\n            <h3 class=\"wp-block-highlight-item wp-block-highlight-title\">Besuchen Sie uns im Laden!<\/h3>\n                <p class=\"wp-block-highlight-item wp-block-highlight-excerpt\">Die Boutique des Fremdenverkehrsamts ist <strong>zu den \u00d6ffnungszeiten des Empfangs ge\u00f6ffnet<\/strong> (siehe unten).<br><strong>Eine Frage? <\/strong>Wir h\u00f6ren zu: <a href=\"telto:03 75 19 01 70\" target=\"_blank\" rel=\"noreferrer noopener\">03 75 19 01 70<\/a><\/p>\n    <\/div>","protected":false},"excerpt":{"rendered":"<p>Suchen Sie ein Souvenir aus Creil Sud Oise? Feinkost und Souvenirs In Creil gelegen, 30 Minuten mit dem Zug von Paris (Gare du Nord) und nur wenige Minuten von Chantilly und Senlis entfernt, bietet Ihnen das Fremdenverkehrsamt Creil Sud Oise in seinem Laden zahlreiche lokale Produkte an. Sie finden dort Lebensmittel, eine [...].<\/p>","protected":false},"author":1,"featured_media":50758,"parent":203,"menu_order":1,"comment_status":"closed","ping_status":"closed","template":"","meta":{"_relevanssi_hide_post":"","_relevanssi_hide_content":"","_relevanssi_pin_for_all":"","_relevanssi_pin_keywords":"","_relevanssi_unpin_keywords":"","_relevanssi_related_keywords":"","_relevanssi_related_include_ids":"","_relevanssi_related_exclude_ids":"","_relevanssi_related_no_append":"","_relevanssi_related_not_related":"","_relevanssi_related_posts":"273,267,275,271","_relevanssi_noindex_reason":""},"yoast_head":"<!-- This site is optimized with the Yoast SEO plugin v20.2.1 - https:\/\/yoast.com\/wordpress\/plugins\/seo\/ -->\n<title>La boutique de produits locaux de l\u2019Office de Tourisme<\/title>\n<meta name=\"description\" content=\"Offrez un souvenir et faites d\u00e9couvrir les sp\u00e9cialit\u00e9s locales gr\u00e2ce \u00e0 la boutique de l\u2019Office de Tourisme Creil Sud Oise !\" \/>\n<meta name=\"robots\" content=\"index, follow, max-snippet:-1, max-image-preview:large, max-video-preview:-1\" \/>\n<link rel=\"canonical\" href=\"https:\/\/www.creilsudoise-tourisme.fr\/de\/praxis\/office-de-tourisme\/shop\/\" \/>\n<meta property=\"og:locale\" content=\"de_DE\" \/>\n<meta property=\"og:type\" content=\"article\" \/>\n<meta property=\"og:title\" content=\"La boutique de produits locaux de l\u2019Office de Tourisme\" \/>\n<meta property=\"og:description\" content=\"Offrez un souvenir et faites d\u00e9couvrir les sp\u00e9cialit\u00e9s locales gr\u00e2ce \u00e0 la boutique de l\u2019Office de Tourisme Creil Sud Oise !\" \/>\n<meta property=\"og:url\" content=\"https:\/\/www.creilsudoise-tourisme.fr\/de\/praxis\/office-de-tourisme\/shop\/\" \/>\n<meta property=\"og:site_name\" content=\"Office de Tourisme Creil Sud Oise\" \/>\n<meta property=\"article:publisher\" content=\"https:\/\/www.facebook.com\/creilsudoisetourisme\/\" \/>\n<meta property=\"article:modified_time\" content=\"2026-04-03T10:30:26+00:00\" \/>\n<meta property=\"og:image\" content=\"https:\/\/www.creilsudoise-tourisme.fr\/wp-content\/uploads\/2023\/11\/Boutique-de-lOffice-de-Tourisme-Creil-Sud-Oise-1.jpg\" \/>\n\t<meta property=\"og:image:width\" content=\"1480\" \/>\n\t<meta property=\"og:image:height\" content=\"833\" \/>\n\t<meta property=\"og:image:type\" content=\"image\/jpeg\" \/>\n<meta name=\"twitter:card\" content=\"summary_large_image\" \/>\n<meta name=\"twitter:site\" content=\"@CreilSudOiseOT\" \/>\n<meta name=\"twitter:label1\" content=\"Gesch\u00e4tzte Lesezeit\" \/>\n\t<meta name=\"twitter:data1\" content=\"3\u00a0Minuten\" \/>\n<script type=\"application\/ld+json\" class=\"yoast-schema-graph\">{\"@context\":\"https:\/\/schema.org\",\"@graph\":[{\"@type\":\"WebPage\",\"@id\":\"https:\/\/www.creilsudoise-tourisme.fr\/pratique\/office-de-tourisme\/boutique\/\",\"url\":\"https:\/\/www.creilsudoise-tourisme.fr\/pratique\/office-de-tourisme\/boutique\/\",\"name\":\"La boutique de produits locaux de l\u2019Office de Tourisme\",\"isPartOf\":{\"@id\":\"https:\/\/www.creilsudoise-tourisme.fr\/#website\"},\"datePublished\":\"2021-02-17T09:03:36+00:00\",\"dateModified\":\"2026-04-03T10:30:26+00:00\",\"description\":\"Offrez un souvenir et faites d\u00e9couvrir les sp\u00e9cialit\u00e9s locales gr\u00e2ce \u00e0 la boutique de l\u2019Office de Tourisme Creil Sud Oise !\",\"breadcrumb\":{\"@id\":\"https:\/\/www.creilsudoise-tourisme.fr\/pratique\/office-de-tourisme\/boutique\/#breadcrumb\"},\"inLanguage\":\"de\",\"potentialAction\":[{\"@type\":\"ReadAction\",\"target\":[\"https:\/\/www.creilsudoise-tourisme.fr\/pratique\/office-de-tourisme\/boutique\/\"]}]},{\"@type\":\"BreadcrumbList\",\"@id\":\"https:\/\/www.creilsudoise-tourisme.fr\/pratique\/office-de-tourisme\/boutique\/#breadcrumb\",\"itemListElement\":[{\"@type\":\"ListItem\",\"position\":1,\"name\":\"Accueil\",\"item\":\"https:\/\/www.creilsudoise-tourisme.fr\/\"},{\"@type\":\"ListItem\",\"position\":2,\"name\":\"Pratique\",\"item\":\"https:\/\/www.creilsudoise-tourisme.fr\/pratique\/\"},{\"@type\":\"ListItem\",\"position\":3,\"name\":\"L&rsquo;Office de Tourisme\",\"item\":\"https:\/\/www.creilsudoise-tourisme.fr\/pratique\/office-de-tourisme\/\"},{\"@type\":\"ListItem\",\"position\":4,\"name\":\"La boutique\"}]},{\"@type\":\"WebSite\",\"@id\":\"https:\/\/www.creilsudoise-tourisme.fr\/#website\",\"url\":\"https:\/\/www.creilsudoise-tourisme.fr\/\",\"name\":\"Office de Tourisme Creil Sud Oise\",\"description\":\"Creil Sud Oise Tourisme, un territoire \u00e0 explorer !\",\"publisher\":{\"@id\":\"https:\/\/www.creilsudoise-tourisme.fr\/#organization\"},\"potentialAction\":[{\"@type\":\"SearchAction\",\"target\":{\"@type\":\"EntryPoint\",\"urlTemplate\":\"https:\/\/www.creilsudoise-tourisme.fr\/?s={search_term_string}\"},\"query-input\":\"required name=search_term_string\"}],\"inLanguage\":\"de\"},{\"@type\":\"Organization\",\"@id\":\"https:\/\/www.creilsudoise-tourisme.fr\/#organization\",\"name\":\"Creil Sud Oise Tourisme\",\"url\":\"https:\/\/www.creilsudoise-tourisme.fr\/\",\"logo\":{\"@type\":\"ImageObject\",\"inLanguage\":\"de\",\"@id\":\"https:\/\/www.creilsudoise-tourisme.fr\/#\/schema\/logo\/image\/\",\"url\":\"https:\/\/www.creilsudoise-tourisme.fr\/wp-content\/uploads\/2021\/05\/logo-svg.png\",\"contentUrl\":\"https:\/\/www.creilsudoise-tourisme.fr\/wp-content\/uploads\/2021\/05\/logo-svg.png\",\"width\":182,\"height\":71,\"caption\":\"Creil Sud Oise Tourisme\"},\"image\":{\"@id\":\"https:\/\/www.creilsudoise-tourisme.fr\/#\/schema\/logo\/image\/\"},\"sameAs\":[\"https:\/\/www.facebook.com\/creilsudoisetourisme\/\",\"https:\/\/twitter.com\/CreilSudOiseOT\",\"https:\/\/www.instagram.com\/creilsudoisetourisme\/\",\"https:\/\/www.youtube.com\/channel\/UC8L_QD2wwyADW14zt9fY8kw\"]}]}<\/script>\n<!-- \/ Yoast SEO plugin. -->","yoast_head_json":{"title":"La boutique de produits locaux de l\u2019Office de Tourisme","description":"Offrez un souvenir et faites d\u00e9couvrir les sp\u00e9cialit\u00e9s locales gr\u00e2ce \u00e0 la boutique de l\u2019Office de Tourisme Creil Sud Oise !","robots":{"index":"index","follow":"follow","max-snippet":"max-snippet:-1","max-image-preview":"max-image-preview:large","max-video-preview":"max-video-preview:-1"},"canonical":"https:\/\/www.creilsudoise-tourisme.fr\/de\/praxis\/office-de-tourisme\/shop\/","og_locale":"de_DE","og_type":"article","og_title":"La boutique de produits locaux de l\u2019Office de Tourisme","og_description":"Offrez un souvenir et faites d\u00e9couvrir les sp\u00e9cialit\u00e9s locales gr\u00e2ce \u00e0 la boutique de l\u2019Office de Tourisme Creil Sud Oise !","og_url":"https:\/\/www.creilsudoise-tourisme.fr\/de\/praxis\/office-de-tourisme\/shop\/","og_site_name":"Office de Tourisme Creil Sud Oise","article_publisher":"https:\/\/www.facebook.com\/creilsudoisetourisme\/","article_modified_time":"2026-04-03T10:30:26+00:00","og_image":[{"width":1480,"height":833,"url":"https:\/\/www.creilsudoise-tourisme.fr\/wp-content\/uploads\/2023\/11\/Boutique-de-lOffice-de-Tourisme-Creil-Sud-Oise-1.jpg","type":"image\/jpeg"}],"twitter_card":"summary_large_image","twitter_site":"@CreilSudOiseOT","twitter_misc":{"Gesch\u00e4tzte Lesezeit":"3\u00a0Minuten"},"schema":{"@context":"https:\/\/schema.org","@graph":[{"@type":"WebPage","@id":"https:\/\/www.creilsudoise-tourisme.fr\/pratique\/office-de-tourisme\/boutique\/","url":"https:\/\/www.creilsudoise-tourisme.fr\/pratique\/office-de-tourisme\/boutique\/","name":"La boutique de produits locaux de l\u2019Office de Tourisme","isPartOf":{"@id":"https:\/\/www.creilsudoise-tourisme.fr\/#website"},"datePublished":"2021-02-17T09:03:36+00:00","dateModified":"2026-04-03T10:30:26+00:00","description":"Offrez un souvenir et faites d\u00e9couvrir les sp\u00e9cialit\u00e9s locales gr\u00e2ce \u00e0 la boutique de l\u2019Office de Tourisme Creil Sud Oise !","breadcrumb":{"@id":"https:\/\/www.creilsudoise-tourisme.fr\/pratique\/office-de-tourisme\/boutique\/#breadcrumb"},"inLanguage":"de","potentialAction":[{"@type":"ReadAction","target":["https:\/\/www.creilsudoise-tourisme.fr\/pratique\/office-de-tourisme\/boutique\/"]}]},{"@type":"BreadcrumbList","@id":"https:\/\/www.creilsudoise-tourisme.fr\/pratique\/office-de-tourisme\/boutique\/#breadcrumb","itemListElement":[{"@type":"ListItem","position":1,"name":"Accueil","item":"https:\/\/www.creilsudoise-tourisme.fr\/"},{"@type":"ListItem","position":2,"name":"Pratique","item":"https:\/\/www.creilsudoise-tourisme.fr\/pratique\/"},{"@type":"ListItem","position":3,"name":"L&rsquo;Office de Tourisme","item":"https:\/\/www.creilsudoise-tourisme.fr\/pratique\/office-de-tourisme\/"},{"@type":"ListItem","position":4,"name":"La boutique"}]},{"@type":"WebSite","@id":"https:\/\/www.creilsudoise-tourisme.fr\/#website","url":"https:\/\/www.creilsudoise-tourisme.fr\/","name":"Office de Tourisme Creil Sud Oise","description":"Creil Sud Oise Tourisme, un territoire \u00e0 explorer !","publisher":{"@id":"https:\/\/www.creilsudoise-tourisme.fr\/#organization"},"potentialAction":[{"@type":"SearchAction","target":{"@type":"EntryPoint","urlTemplate":"https:\/\/www.creilsudoise-tourisme.fr\/?s={search_term_string}"},"query-input":"required name=search_term_string"}],"inLanguage":"de"},{"@type":"Organization","@id":"https:\/\/www.creilsudoise-tourisme.fr\/#organization","name":"Creil Sud Oise Tourisme","url":"https:\/\/www.creilsudoise-tourisme.fr\/","logo":{"@type":"ImageObject","inLanguage":"de","@id":"https:\/\/www.creilsudoise-tourisme.fr\/#\/schema\/logo\/image\/","url":"https:\/\/www.creilsudoise-tourisme.fr\/wp-content\/uploads\/2021\/05\/logo-svg.png","contentUrl":"https:\/\/www.creilsudoise-tourisme.fr\/wp-content\/uploads\/2021\/05\/logo-svg.png","width":182,"height":71,"caption":"Creil Sud Oise Tourisme"},"image":{"@id":"https:\/\/www.creilsudoise-tourisme.fr\/#\/schema\/logo\/image\/"},"sameAs":["https:\/\/www.facebook.com\/creilsudoisetourisme\/","https:\/\/twitter.com\/CreilSudOiseOT","https:\/\/www.instagram.com\/creilsudoisetourisme\/","https:\/\/www.youtube.com\/channel\/UC8L_QD2wwyADW14zt9fY8kw"]}]}},"_links":{"self":[{"href":"https:\/\/www.creilsudoise-tourisme.fr\/de\/wp-json\/wp\/v2\/pages\/207"}],"collection":[{"href":"https:\/\/www.creilsudoise-tourisme.fr\/de\/wp-json\/wp\/v2\/pages"}],"about":[{"href":"https:\/\/www.creilsudoise-tourisme.fr\/de\/wp-json\/wp\/v2\/types\/page"}],"author":[{"embeddable":true,"href":"https:\/\/www.creilsudoise-tourisme.fr\/de\/wp-json\/wp\/v2\/users\/1"}],"replies":[{"embeddable":true,"href":"https:\/\/www.creilsudoise-tourisme.fr\/de\/wp-json\/wp\/v2\/comments?post=207"}],"version-history":[{"count":50,"href":"https:\/\/www.creilsudoise-tourisme.fr\/de\/wp-json\/wp\/v2\/pages\/207\/revisions"}],"predecessor-version":[{"id":68596,"href":"https:\/\/www.creilsudoise-tourisme.fr\/de\/wp-json\/wp\/v2\/pages\/207\/revisions\/68596"}],"up":[{"embeddable":true,"href":"https:\/\/www.creilsudoise-tourisme.fr\/de\/wp-json\/wp\/v2\/pages\/203"}],"wp:featuredmedia":[{"embeddable":true,"href":"https:\/\/www.creilsudoise-tourisme.fr\/de\/wp-json\/wp\/v2\/media\/50758"}],"wp:attachment":[{"href":"https:\/\/www.creilsudoise-tourisme.fr\/de\/wp-json\/wp\/v2\/media?parent=207"}],"curies":[{"name":"wp","href":"https:\/\/api.w.org\/{rel}","templated":true}]}}