{"id":203,"date":"2021-02-17T10:03:33","date_gmt":"2021-02-17T09:03:33","guid":{"rendered":"https:\/\/www.creilsudoise-tourisme.fr\/loffice-de-tourisme\/"},"modified":"2024-04-19T09:56:59","modified_gmt":"2024-04-19T07:56:59","slug":"office-de-tourisme","status":"publish","type":"page","link":"https:\/\/www.creilsudoise-tourisme.fr\/de\/praxis\/office-de-tourisme\/","title":{"rendered":"Das Fremdenverkehrsamt"},"content":{"rendered":"<p class=\"is-style-excerpt\"><strong>Das Office de Tourisme de Creil Sud Oise empf\u00e4ngt Sie in Creil<\/strong>In der Einkaufsstra\u00dfe gegen\u00fcber dem SNCF-Bahnhof und in der N\u00e4he des Place Carnot, wo Sie problemlos parken k\u00f6nnen (denken Sie an die Parkscheibe!), befindet sich die 6 avenue Jules Uhry.<\/p>\n\n\n<div class=\"wp-block wp-block-child-post alignwide\">\n    <div class=\"entityList clear\">\n        \n<div class=\"entityItem\" data-trigger=\"wpiris-click\" data-id=\"wpiris-entity-slider-item\">\n    <p class=\"entityItemThumbnail\">\n        <a href=\"https:\/\/www.creilsudoise-tourisme.fr\/de\/praxis\/office-de-tourisme\/team\/\" nofancybox>\n            <img data-src=\"https:\/\/www.creilsudoise-tourisme.fr\/wp-content\/uploads\/2024\/10\/Equipe-de-Creil-Sud-Oise-Tourisme-275x350.jpg\" alt=\"Das Team\">\n        <\/a>\n    <\/p>\n    <div class=\"entityItemContent\">\n        <h2 class=\"entityItemContentTitle\">\n            <a href=\"https:\/\/www.creilsudoise-tourisme.fr\/de\/praxis\/office-de-tourisme\/team\/\">Das Team<\/a>\n        <\/h2>\n            <\/div>\n    <a href=\"https:\/\/www.creilsudoise-tourisme.fr\/de\/praxis\/office-de-tourisme\/team\/\" class=\"seeMore\"><span class=\"sr-only\">Mehr sehen<\/span><\/a>\n<\/div>\n        \n<div class=\"entityItem\" data-trigger=\"wpiris-click\" data-id=\"wpiris-entity-slider-item\">\n    <p class=\"entityItemThumbnail\">\n        <a href=\"https:\/\/www.creilsudoise-tourisme.fr\/de\/praxis\/office-de-tourisme\/shop\/\" nofancybox>\n            <img data-src=\"https:\/\/www.creilsudoise-tourisme.fr\/wp-content\/uploads\/2023\/11\/Boutique-de-lOffice-de-Tourisme-Creil-Sud-Oise-1-275x350.jpg\" alt=\"Der Shop\">\n        <\/a>\n    <\/p>\n    <div class=\"entityItemContent\">\n        <h2 class=\"entityItemContentTitle\">\n            <a href=\"https:\/\/www.creilsudoise-tourisme.fr\/de\/praxis\/office-de-tourisme\/shop\/\">Der Shop<\/a>\n        <\/h2>\n            <\/div>\n    <a href=\"https:\/\/www.creilsudoise-tourisme.fr\/de\/praxis\/office-de-tourisme\/shop\/\" class=\"seeMore\"><span class=\"sr-only\">Mehr sehen<\/span><\/a>\n<\/div>\n        \n<div class=\"entityItem\" data-trigger=\"wpiris-click\" data-id=\"wpiris-entity-slider-item\">\n    <p class=\"entityItemThumbnail\">\n        <a href=\"https:\/\/www.creilsudoise-tourisme.fr\/de\/praxis\/office-de-tourisme\/rekrutierung\/\" nofancybox>\n            <img data-src=\"https:\/\/www.creilsudoise-tourisme.fr\/wp-content\/uploads\/2022\/02\/Creil-Sud-Oise-recrute-275x350.jpg\" alt=\"Rekrutierung\">\n        <\/a>\n    <\/p>\n    <div class=\"entityItemContent\">\n        <h2 class=\"entityItemContentTitle\">\n            <a href=\"https:\/\/www.creilsudoise-tourisme.fr\/de\/praxis\/office-de-tourisme\/rekrutierung\/\">Rekrutierung<\/a>\n        <\/h2>\n            <\/div>\n    <a href=\"https:\/\/www.creilsudoise-tourisme.fr\/de\/praxis\/office-de-tourisme\/rekrutierung\/\" class=\"seeMore\"><span class=\"sr-only\">Mehr sehen<\/span><\/a>\n<\/div>\n            <\/div>\n<\/div>\n\n\n<h2>Vorstellung des Fremdenverkehrsamtes<\/h2>\n\n\n\n<p>Das Office de Tourisme Creil Sud Oise, eine \u00f6ffentliche Einrichtung von industriellem und kommerziellem Interesse (EPIC) wurde&nbsp;<strong>gegr\u00fcndet im Januar 2018,<\/strong> nach der Fusion von zwei Gemeindeverb\u00e4nden und ihren Fremdenverkehrs\u00e4mtern: der Communaut\u00e9 d'Agglom\u00e9ration Creilloise (CAC) und der Communaut\u00e9 de communes Pierre Sud Oise (PSO).&nbsp;<\/p>\n\n\n\n<p><strong>Im Oktober 2019<\/strong>die touristische Ausstattung der&nbsp;<strong><a href=\"https:\/\/www.creilsudoise-tourisme.fr\/de\/jexplore\/les-incontournables\/maison-de-la-pierre\/\" target=\"_blank\" rel=\"noreferrer noopener\">Maison de la Pierre du Sud de l'Oise (Steinhaus im S\u00fcden der Oise)<\/a><\/strong>Die in Saint-Maximin gelegene Schule wird in das EPIC integriert.  <\/p>\n\n\n\n<p>Das Office de Tourisme Creil Sud Oise und das Maison de la Pierre du Sud de l'Oise bilden ab sofort <strong>Creil Sud Oise Tourismus<\/strong> (EPIC).<\/p>\n\n\n\n<p>Creil Sud Oise Tourisme wird von einem Vorstand verwaltet, der sich aus zwei Kollegien (dem Kollegium der gew\u00e4hlten Vertreter und dem Kollegium der sozio-professionellen Vertreter) mit einem Vorsitzenden und zwei stellvertretenden Vorsitzenden zusammensetzt. <\/p>\n\n\n\n<p>Das EPIC Creil Sud Oise Tourisme wird von einem Vorstand verwaltet und von einer Gesch\u00e4ftsf\u00fchrerin geleitet. Die Leitung des EPIC Creil Sud Oise Tourisme besteht aus 23 ordentlichen Mitgliedern und 23 stellvertretenden Mitgliedern. Der Vorstand ber\u00e4t \u00fcber alle Fragen, die die Funktionsweise und die T\u00e4tigkeit von Creil Sud Oise Tourisme betreffen.<\/p>\n\n\n\n<p>Der Pr\u00e4sident von Creil Sud Oise Tourisme (EPIC) ist Michel BLARY, 7<sup>\u00e8me<\/sup> Vizepr\u00e4sident der ACSO, B\u00fcrgermeister von Thiverny. Die beiden Vizepr\u00e4sidenten sind Herv\u00e9 LEFEZ, 10<sup>\u00e8me<\/sup> Vizepr\u00e4sident der ACSO, B\u00fcrgermeister von Maysel aus dem Kollegium der gew\u00e4hlten Vertreter und Marion KALT, Leiterin der Abteilung Kulturerbe des Gall\u00e9-Juillet-Museums und des Stadtarchivs aus dem Kollegium der sozio-professionellen Vertreter.<\/p>\n\n\n\n<p>Creil Sud Oise Tourisme wird von einer Direktorin geleitet und hat eine <a href=\"https:\/\/www.creilsudoise-tourisme.fr\/de\/pratique\/loffice-de-tourisme\/equipe\/\" target=\"_blank\" rel=\"noreferrer noopener\">9-k\u00f6pfiges Team<\/a>.<\/p>\n\n\n\n<p><strong>F\u00f6rderung des Reichtums und der Identit\u00e4t des Gebiets der Gemeinschaft von<a href=\"https:\/\/www.creilsudoise-tourisme.fr\/de\/espace-pro\/acso\/\" target=\"_blank\" rel=\"noreferrer noopener\">Agglomeration Creil Sud Oise<\/a><\/strong> (ACSO) und <strong>die Besucherzahlen entwickeln<\/strong> sind die <strong>Ziele von Creil Sud Oise Tourisme<\/strong>. Das Fremdenverkehrsamt arbeitet mit der Direktion f\u00fcr wirtschaftliche Entwicklung, Besch\u00e4ftigung und Ausbildung (DDEEF) zusammen, insbesondere mit der Tourismusabteilung der ACSO. Die Abteilung Tourismus, Kulturerbe und Freizeit setzt in Abstimmung mit Creil Sud Oise Tourisme die Strategie zur Entwicklung des Tourismus in der Region um.<\/p>\n\n\n\n<figure class=\"wp-block-image size-large\"><img decoding=\"async\" loading=\"lazy\" width=\"1200\" height=\"675\" data-src=\"https:\/\/www.creilsudoise-tourisme.fr\/wp-content\/uploads\/2021\/04\/Coin-de\u0301tente-de-l_Office-de-Tourisme-Creil-Sud-Oise-1200x675.jpg\" alt=\"\" class=\"wp-image-33246\" data-srcset=\"https:\/\/www.creilsudoise-tourisme.fr\/wp-content\/uploads\/2021\/04\/Coin-de\u0301tente-de-l_Office-de-Tourisme-Creil-Sud-Oise-1200x675.jpg 1200w, https:\/\/www.creilsudoise-tourisme.fr\/wp-content\/uploads\/2021\/04\/Coin-de\u0301tente-de-l_Office-de-Tourisme-Creil-Sud-Oise-600x338.jpg 600w, https:\/\/www.creilsudoise-tourisme.fr\/wp-content\/uploads\/2021\/04\/Coin-de\u0301tente-de-l_Office-de-Tourisme-Creil-Sud-Oise-900x506.jpg 900w, https:\/\/www.creilsudoise-tourisme.fr\/wp-content\/uploads\/2021\/04\/Coin-de\u0301tente-de-l_Office-de-Tourisme-Creil-Sud-Oise-1536x864.jpg 1536w, https:\/\/www.creilsudoise-tourisme.fr\/wp-content\/uploads\/2021\/04\/Coin-de\u0301tente-de-l_Office-de-Tourisme-Creil-Sud-Oise-200x113.jpg 200w, https:\/\/www.creilsudoise-tourisme.fr\/wp-content\/uploads\/2021\/04\/Coin-de\u0301tente-de-l_Office-de-Tourisme-Creil-Sud-Oise-650x366.jpg 650w, https:\/\/www.creilsudoise-tourisme.fr\/wp-content\/uploads\/2021\/04\/Coin-de\u0301tente-de-l_Office-de-Tourisme-Creil-Sud-Oise-387x218.jpg 387w, https:\/\/www.creilsudoise-tourisme.fr\/wp-content\/uploads\/2021\/04\/Coin-de\u0301tente-de-l_Office-de-Tourisme-Creil-Sud-Oise-275x155.jpg 275w, https:\/\/www.creilsudoise-tourisme.fr\/wp-content\/uploads\/2021\/04\/Coin-de\u0301tente-de-l_Office-de-Tourisme-Creil-Sud-Oise.jpg 1600w\" sizes=\"(max-width: 1200px) 100vw, 1200px\" \/><figcaption class=\"wp-element-caption\">Creil Sud Oise Tourisme<\/figcaption><\/figure>\n\n\n\n<h2><strong>Das Fremdenverkehrsamt als Regisseur des Territoriums<\/strong><\/h2>\n\n\n\n<p><strong>Eingangstor und Schaufenster des Territoriums<\/strong>Das Fremdenverkehrsamt ist ein echtes <strong>Gebietsregisseur<\/strong> inmitten mehrerer Akteure: Besucher, Partneranbieter, Einwohner, gew\u00e4hlte Vertreter und Techniker der Gebietsk\u00f6rperschaft ACSO. &nbsp;<\/p>\n\n\n\n<p>Ihre vielf\u00e4ltigen Aufgaben sind folgende:<\/p>\n\n\n\n<ul>\n<li><strong>Willkommen hei\u00dfen und die St\u00e4rken f\u00f6rdern <\/strong>aus dem Reiseziel Creil Sud Oise<\/li>\n\n\n\n<li><strong>Koordinieren <\/strong>die Interventionen der verschiedenen <strong>Partner der lokalen Tourismusentwicklung<\/strong><\/li>\n\n\n\n<li><strong>Vermarkten<\/strong>neue Tourismusprodukte zu schaffen und die wirtschaftlichen Auswirkungen zu steigern&nbsp;<\/li>\n\n\n\n<li><strong>Das Angebot ausbauen und strukturieren<\/strong> mit Beteiligung an der Ausarbeitung und Umsetzung der lokalen Tourismuspolitik in Verbindung mit der Tourismusabteilung der ACSO<\/li>\n\n\n\n<li><strong>Punktuell Freizeitanimationen anbieten<\/strong> oder die Organisation von Festen oder kulturellen Veranstaltungen, und \/ oder Unterst\u00fctzung bei der Durchf\u00fchrung von Veranstaltungen, die den Bekanntheitsgrad erh\u00f6hen sollen<\/li>\n<\/ul>\n\n\n\n<p>Das Fremdenverkehrsamt verf\u00fcgt \u00fcber eine <strong>Zusatzauftrag mit dem Betrieb einer Tourismusst\u00e4tte die <a href=\"http:\/\/www.maisondelapierre-oise.fr\" target=\"_blank\" rel=\"noreferrer noopener\">Maison de la Pierre du Sud de l'Oise (Steinhaus im S\u00fcden der Oise)<\/a>.<\/strong> Diese touristische Einrichtung f\u00f6rdert und erschlie\u00dft zu touristischen, wirtschaftlichen, kulturellen und bildungspolitischen Zwecken,<strong> das Erbe von Stein und Steinbr\u00fcchen in all seinen Formen<\/strong>. <\/p>\n\n\n\n<h2>Ein neues Amt in Creil<\/h2>\n\n\n\n<p>Im September 2020 bezog das Team des Fremdenverkehrsamts Creil Sud Oise seine<strong> neue R\u00e4umlichkeiten<\/strong> ! Nach 1-j\u00e4hriger Umbauphase begr\u00fc\u00dfen wir Sie in einem Raum, der so konzipiert und gestaltet ist, dass er das <strong>Spiegelbild des Territoriums<\/strong> und ein<strong> angenehmer und funktionaler Ort<\/strong>.<\/p>\n\n\n\n<p>Entdecken Sie diesen brandneuen Empfangsbereich, der so konzipiert und gestaltet wurde, dass Sie schon an der T\u00fcrschwelle mit Ihren Sinnen auf Reisen gehen k\u00f6nnen:<\/p>\n\n\n\n<figure class=\"wp-block-embed is-type-video is-provider-youtube wp-block-embed-youtube wp-embed-aspect-16-9 wp-has-aspect-ratio\"><div class=\"wp-block-embed__wrapper\">\n<iframe loading=\"lazy\" title=\"Entdecken Sie das Wandgem\u00e4lde von&#039;XKUZ in den neuen R\u00e4umlichkeiten des Tourismusb\u00fcros Creil Sud Oise\" width=\"500\" height=\"281\" data-src=\"https:\/\/www.youtube.com\/embed\/JU3AEXzfUnk?feature=oembed\" frameborder=\"0\" allow=\"accelerometer; autoplay; clipboard-write; encrypted-media; gyroscope; picture-in-picture\" allowfullscreen><\/iframe>\n<\/div><\/figure>\n\n\n\n<p>Dank eines <strong>graff durchgef\u00fchrt von <a href=\"http:\/\/xkuz.net\/\" target=\"_blank\" rel=\"noreferrer noopener\">XKUZ<\/a><\/strong> und die Reicht\u00fcmer von Creil Sud Oise vorstellt, sehen Sie das Leben in <strong>blau <\/strong>und Ihr Geist segelt auf unseren <strong>Fl\u00fcsse<\/strong>Sie werden das Leben in <strong>gr\u00fcn <\/strong>und dein Geist wandert durch unsere sch\u00f6nen <strong>W\u00e4lder<\/strong>.<\/p>\n\n\n\n<p>Dank der <strong>magnetische touristische Wandkarte<\/strong> mit einer L\u00e4nge von fast 2 m, die mithilfe von Magneten, die nach Belieben positioniert werden k\u00f6nnen, immer aktuell ist, werden Sie \u00fcber unser Gebiet Bescheid wissen!<\/p>\n\n\n\n<p>Dank des<strong> p\u00e4dagogische Steinmauer<\/strong>, durchgef\u00fchrt von der<strong>'<\/strong><a href=\"https:\/\/hautsdefrance.apprentis-auteuil.org\/editorial\/nos-formations\/atelier-pierre-dangle\/\" target=\"_blank\" rel=\"noreferrer noopener\"><strong>Winkelstein-Atelier<\/strong><\/a>In einem Ausbildungszentrum f\u00fcr Steinmetze in Saint-Maximin werden Sie Folgendes erleben <strong>der Stein von Saint-Maximin, die wahre DNA von Creil Sud Oise <\/strong>und lernen viel \u00fcber dieses edle Material. Eine sch\u00f6ne Entdeckung als Erg\u00e4nzung zur <a href=\"http:\/\/maisondelapierre-oise.fr\/\">Steinhaus <\/a>!<\/p>\n\n\n\n<figure class=\"wp-block-image size-large\"><img decoding=\"async\" loading=\"lazy\" width=\"1200\" height=\"675\" data-src=\"https:\/\/www.creilsudoise-tourisme.fr\/wp-content\/uploads\/2021\/04\/Fre\u0301de\u0301ric-de-l_Atelier-de-la-Pierre-d_Angle-1200x675.jpg\" alt=\"\" class=\"wp-image-33244\" data-srcset=\"https:\/\/www.creilsudoise-tourisme.fr\/wp-content\/uploads\/2021\/04\/Fre\u0301de\u0301ric-de-l_Atelier-de-la-Pierre-d_Angle-1200x675.jpg 1200w, https:\/\/www.creilsudoise-tourisme.fr\/wp-content\/uploads\/2021\/04\/Fre\u0301de\u0301ric-de-l_Atelier-de-la-Pierre-d_Angle-600x338.jpg 600w, https:\/\/www.creilsudoise-tourisme.fr\/wp-content\/uploads\/2021\/04\/Fre\u0301de\u0301ric-de-l_Atelier-de-la-Pierre-d_Angle-900x506.jpg 900w, https:\/\/www.creilsudoise-tourisme.fr\/wp-content\/uploads\/2021\/04\/Fre\u0301de\u0301ric-de-l_Atelier-de-la-Pierre-d_Angle-1536x864.jpg 1536w, https:\/\/www.creilsudoise-tourisme.fr\/wp-content\/uploads\/2021\/04\/Fre\u0301de\u0301ric-de-l_Atelier-de-la-Pierre-d_Angle-200x113.jpg 200w, https:\/\/www.creilsudoise-tourisme.fr\/wp-content\/uploads\/2021\/04\/Fre\u0301de\u0301ric-de-l_Atelier-de-la-Pierre-d_Angle-650x366.jpg 650w, https:\/\/www.creilsudoise-tourisme.fr\/wp-content\/uploads\/2021\/04\/Fre\u0301de\u0301ric-de-l_Atelier-de-la-Pierre-d_Angle-387x218.jpg 387w, https:\/\/www.creilsudoise-tourisme.fr\/wp-content\/uploads\/2021\/04\/Fre\u0301de\u0301ric-de-l_Atelier-de-la-Pierre-d_Angle-275x155.jpg 275w, https:\/\/www.creilsudoise-tourisme.fr\/wp-content\/uploads\/2021\/04\/Fre\u0301de\u0301ric-de-l_Atelier-de-la-Pierre-d_Angle.jpg 1600w\" sizes=\"(max-width: 1200px) 100vw, 1200px\" \/><figcaption class=\"wp-element-caption\">Creil Sud Oise Tourisme<\/figcaption><\/figure>\n\n\n\n<p>Dank der <strong>Sitzm\u00f6bel im Medaillonstil Louis XVI<\/strong>Sie k\u00f6nnen die N\u00e4gel der Tapezierer ber\u00fchren, die an die N\u00e4gel der <a href=\"https:\/\/www.creilsudoise-tourisme.fr\/de\/jexplore\/les-incontournables\/clouterie-rivierre\/\" target=\"_blank\" rel=\"noreferrer noopener\">Nagelschmiede Rivierre<\/a>Die in Frankreich einzigartige und in Creil angesiedelte Schule ist die einzige ihrer Art in Frankreich.<\/p>\n\n\n\n<p>Dank eines <strong>HDTV-Bildschirm und zu <\/strong><a href=\"https:\/\/www.creilsudoise-tourisme.fr\/de\/jexplore\/videos\/\"><strong>Videos<\/strong> <\/a>pr\u00e4sentieren Sie die Reicht\u00fcmer unserer Region und h\u00f6ren die neuesten Tourismusnachrichten.<\/p>\n\n\n\n<p>Dank der <strong><a href=\"https:\/\/www.creilsudoise-tourisme.fr\/de\/praxis\/office-de-tourisme\/shop\/\">Shop<\/a><\/strong>In den Restaurants werden Sie mit lokalen Produkten verw\u00f6hnt.<\/p>\n\n\n\n<figure class=\"wp-block-image size-large\"><img decoding=\"async\" loading=\"lazy\" width=\"1200\" height=\"675\" data-src=\"https:\/\/www.creilsudoise-tourisme.fr\/wp-content\/uploads\/2021\/04\/Mur-pierre-de-l_Office-de-Tourisme-Creil-Sud-Oise-1200x675.jpg\" alt=\"\" class=\"wp-image-33247\" data-srcset=\"https:\/\/www.creilsudoise-tourisme.fr\/wp-content\/uploads\/2021\/04\/Mur-pierre-de-l_Office-de-Tourisme-Creil-Sud-Oise-1200x675.jpg 1200w, https:\/\/www.creilsudoise-tourisme.fr\/wp-content\/uploads\/2021\/04\/Mur-pierre-de-l_Office-de-Tourisme-Creil-Sud-Oise-600x338.jpg 600w, https:\/\/www.creilsudoise-tourisme.fr\/wp-content\/uploads\/2021\/04\/Mur-pierre-de-l_Office-de-Tourisme-Creil-Sud-Oise-900x506.jpg 900w, https:\/\/www.creilsudoise-tourisme.fr\/wp-content\/uploads\/2021\/04\/Mur-pierre-de-l_Office-de-Tourisme-Creil-Sud-Oise-1536x864.jpg 1536w, https:\/\/www.creilsudoise-tourisme.fr\/wp-content\/uploads\/2021\/04\/Mur-pierre-de-l_Office-de-Tourisme-Creil-Sud-Oise-200x113.jpg 200w, https:\/\/www.creilsudoise-tourisme.fr\/wp-content\/uploads\/2021\/04\/Mur-pierre-de-l_Office-de-Tourisme-Creil-Sud-Oise-650x366.jpg 650w, https:\/\/www.creilsudoise-tourisme.fr\/wp-content\/uploads\/2021\/04\/Mur-pierre-de-l_Office-de-Tourisme-Creil-Sud-Oise-387x218.jpg 387w, https:\/\/www.creilsudoise-tourisme.fr\/wp-content\/uploads\/2021\/04\/Mur-pierre-de-l_Office-de-Tourisme-Creil-Sud-Oise-275x155.jpg 275w, https:\/\/www.creilsudoise-tourisme.fr\/wp-content\/uploads\/2021\/04\/Mur-pierre-de-l_Office-de-Tourisme-Creil-Sud-Oise.jpg 1600w\" sizes=\"(max-width: 1200px) 100vw, 1200px\" \/><figcaption class=\"wp-element-caption\">Creil Sud Oise Tourisme<\/figcaption><\/figure>\n\n\n\n<p class=\"has-text-align-center is-style-blockquote\"><strong>Das Fremdenverkehrsamt ist eine Einladung, die Destination Creil Sud Oise zu entdecken!<\/strong><\/p>","protected":false},"excerpt":{"rendered":"<p>Das Office de Tourisme de Creil Sud Oise empf\u00e4ngt Sie in Creil, 6 avenue Jules Uhry, in der Einkaufsstra\u00dfe gegen\u00fcber dem SNCF-Bahnhof und in der N\u00e4he des Place Carnot, wo Sie problemlos parken k\u00f6nnen (denken Sie an die Parkscheibe!). Vorstellung des Office de Tourisme Das Office de Tourisme Creil Sud Oise, eine Einrichtung [...].<\/p>","protected":false},"author":1,"featured_media":33245,"parent":191,"menu_order":4,"comment_status":"closed","ping_status":"closed","template":"","meta":{"_relevanssi_hide_post":"","_relevanssi_hide_content":"","_relevanssi_pin_for_all":"","_relevanssi_pin_keywords":"","_relevanssi_unpin_keywords":"","_relevanssi_related_keywords":"","_relevanssi_related_include_ids":"","_relevanssi_related_exclude_ids":"","_relevanssi_related_no_append":"","_relevanssi_related_not_related":"","_relevanssi_related_posts":"275,273,271,267","_relevanssi_noindex_reason":""},"yoast_head":"<!-- This site is optimized with the Yoast SEO plugin v20.2.1 - https:\/\/yoast.com\/wordpress\/plugins\/seo\/ -->\n<title>D\u00e9couvrez l\u2019Office de Tourisme - Creil Sud Oise<\/title>\n<meta name=\"description\" content=\"L\u2019Office de Tourisme Creil Sud Oise vous accueille dans ses nouveaux locaux situ\u00e9s \u00e0 Creil dans un espace chaleureux et fonctionnel !\" \/>\n<meta name=\"robots\" content=\"index, follow, max-snippet:-1, max-image-preview:large, max-video-preview:-1\" \/>\n<link rel=\"canonical\" href=\"https:\/\/www.creilsudoise-tourisme.fr\/de\/praxis\/office-de-tourisme\/\" \/>\n<meta property=\"og:locale\" content=\"de_DE\" \/>\n<meta property=\"og:type\" content=\"article\" \/>\n<meta property=\"og:title\" content=\"D\u00e9couvrez l\u2019Office de Tourisme - Creil Sud Oise\" \/>\n<meta property=\"og:description\" content=\"L\u2019Office de Tourisme Creil Sud Oise vous accueille dans ses nouveaux locaux situ\u00e9s \u00e0 Creil dans un espace chaleureux et fonctionnel !\" \/>\n<meta property=\"og:url\" content=\"https:\/\/www.creilsudoise-tourisme.fr\/de\/praxis\/office-de-tourisme\/\" \/>\n<meta property=\"og:site_name\" content=\"Office de Tourisme Creil Sud Oise\" \/>\n<meta property=\"article:publisher\" content=\"https:\/\/www.facebook.com\/creilsudoisetourisme\/\" \/>\n<meta property=\"article:modified_time\" content=\"2024-04-19T07:56:59+00:00\" \/>\n<meta property=\"og:image\" content=\"https:\/\/www.creilsudoise-tourisme.fr\/wp-content\/uploads\/2021\/04\/Boutique-et-graff-de-l_Office-de-Tourisme-Creil-Sud-Oise.jpg\" \/>\n\t<meta property=\"og:image:width\" content=\"1600\" \/>\n\t<meta property=\"og:image:height\" content=\"900\" \/>\n\t<meta property=\"og:image:type\" content=\"image\/jpeg\" \/>\n<meta name=\"twitter:card\" content=\"summary_large_image\" \/>\n<meta name=\"twitter:site\" content=\"@CreilSudOiseOT\" \/>\n<meta name=\"twitter:label1\" content=\"Gesch\u00e4tzte Lesezeit\" \/>\n\t<meta name=\"twitter:data1\" content=\"5\u00a0Minuten\" \/>\n<script type=\"application\/ld+json\" class=\"yoast-schema-graph\">{\"@context\":\"https:\/\/schema.org\",\"@graph\":[{\"@type\":\"WebPage\",\"@id\":\"https:\/\/www.creilsudoise-tourisme.fr\/pratique\/office-de-tourisme\/\",\"url\":\"https:\/\/www.creilsudoise-tourisme.fr\/pratique\/office-de-tourisme\/\",\"name\":\"D\u00e9couvrez l\u2019Office de Tourisme - Creil Sud Oise\",\"isPartOf\":{\"@id\":\"https:\/\/www.creilsudoise-tourisme.fr\/#website\"},\"datePublished\":\"2021-02-17T09:03:33+00:00\",\"dateModified\":\"2024-04-19T07:56:59+00:00\",\"description\":\"L\u2019Office de Tourisme Creil Sud Oise vous accueille dans ses nouveaux locaux situ\u00e9s \u00e0 Creil dans un espace chaleureux et fonctionnel !\",\"breadcrumb\":{\"@id\":\"https:\/\/www.creilsudoise-tourisme.fr\/pratique\/office-de-tourisme\/#breadcrumb\"},\"inLanguage\":\"de\",\"potentialAction\":[{\"@type\":\"ReadAction\",\"target\":[\"https:\/\/www.creilsudoise-tourisme.fr\/pratique\/office-de-tourisme\/\"]}]},{\"@type\":\"BreadcrumbList\",\"@id\":\"https:\/\/www.creilsudoise-tourisme.fr\/pratique\/office-de-tourisme\/#breadcrumb\",\"itemListElement\":[{\"@type\":\"ListItem\",\"position\":1,\"name\":\"Accueil\",\"item\":\"https:\/\/www.creilsudoise-tourisme.fr\/\"},{\"@type\":\"ListItem\",\"position\":2,\"name\":\"Pratique\",\"item\":\"https:\/\/www.creilsudoise-tourisme.fr\/pratique\/\"},{\"@type\":\"ListItem\",\"position\":3,\"name\":\"L&rsquo;Office de Tourisme\"}]},{\"@type\":\"WebSite\",\"@id\":\"https:\/\/www.creilsudoise-tourisme.fr\/#website\",\"url\":\"https:\/\/www.creilsudoise-tourisme.fr\/\",\"name\":\"Office de Tourisme Creil Sud Oise\",\"description\":\"Creil Sud Oise Tourisme, un territoire \u00e0 explorer !\",\"publisher\":{\"@id\":\"https:\/\/www.creilsudoise-tourisme.fr\/#organization\"},\"potentialAction\":[{\"@type\":\"SearchAction\",\"target\":{\"@type\":\"EntryPoint\",\"urlTemplate\":\"https:\/\/www.creilsudoise-tourisme.fr\/?s={search_term_string}\"},\"query-input\":\"required name=search_term_string\"}],\"inLanguage\":\"de\"},{\"@type\":\"Organization\",\"@id\":\"https:\/\/www.creilsudoise-tourisme.fr\/#organization\",\"name\":\"Creil Sud Oise Tourisme\",\"url\":\"https:\/\/www.creilsudoise-tourisme.fr\/\",\"logo\":{\"@type\":\"ImageObject\",\"inLanguage\":\"de\",\"@id\":\"https:\/\/www.creilsudoise-tourisme.fr\/#\/schema\/logo\/image\/\",\"url\":\"https:\/\/www.creilsudoise-tourisme.fr\/wp-content\/uploads\/2021\/05\/logo-svg.png\",\"contentUrl\":\"https:\/\/www.creilsudoise-tourisme.fr\/wp-content\/uploads\/2021\/05\/logo-svg.png\",\"width\":182,\"height\":71,\"caption\":\"Creil Sud Oise Tourisme\"},\"image\":{\"@id\":\"https:\/\/www.creilsudoise-tourisme.fr\/#\/schema\/logo\/image\/\"},\"sameAs\":[\"https:\/\/www.facebook.com\/creilsudoisetourisme\/\",\"https:\/\/twitter.com\/CreilSudOiseOT\",\"https:\/\/www.instagram.com\/creilsudoisetourisme\/\",\"https:\/\/www.youtube.com\/channel\/UC8L_QD2wwyADW14zt9fY8kw\"]}]}<\/script>\n<!-- \/ Yoast SEO plugin. -->","yoast_head_json":{"title":"D\u00e9couvrez l\u2019Office de Tourisme - Creil Sud Oise","description":"L\u2019Office de Tourisme Creil Sud Oise vous accueille dans ses nouveaux locaux situ\u00e9s \u00e0 Creil dans un espace chaleureux et fonctionnel !","robots":{"index":"index","follow":"follow","max-snippet":"max-snippet:-1","max-image-preview":"max-image-preview:large","max-video-preview":"max-video-preview:-1"},"canonical":"https:\/\/www.creilsudoise-tourisme.fr\/de\/praxis\/office-de-tourisme\/","og_locale":"de_DE","og_type":"article","og_title":"D\u00e9couvrez l\u2019Office de Tourisme - Creil Sud Oise","og_description":"L\u2019Office de Tourisme Creil Sud Oise vous accueille dans ses nouveaux locaux situ\u00e9s \u00e0 Creil dans un espace chaleureux et fonctionnel !","og_url":"https:\/\/www.creilsudoise-tourisme.fr\/de\/praxis\/office-de-tourisme\/","og_site_name":"Office de Tourisme Creil Sud Oise","article_publisher":"https:\/\/www.facebook.com\/creilsudoisetourisme\/","article_modified_time":"2024-04-19T07:56:59+00:00","og_image":[{"width":1600,"height":900,"url":"https:\/\/www.creilsudoise-tourisme.fr\/wp-content\/uploads\/2021\/04\/Boutique-et-graff-de-l_Office-de-Tourisme-Creil-Sud-Oise.jpg","type":"image\/jpeg"}],"twitter_card":"summary_large_image","twitter_site":"@CreilSudOiseOT","twitter_misc":{"Gesch\u00e4tzte Lesezeit":"5\u00a0Minuten"},"schema":{"@context":"https:\/\/schema.org","@graph":[{"@type":"WebPage","@id":"https:\/\/www.creilsudoise-tourisme.fr\/pratique\/office-de-tourisme\/","url":"https:\/\/www.creilsudoise-tourisme.fr\/pratique\/office-de-tourisme\/","name":"D\u00e9couvrez l\u2019Office de Tourisme - Creil Sud Oise","isPartOf":{"@id":"https:\/\/www.creilsudoise-tourisme.fr\/#website"},"datePublished":"2021-02-17T09:03:33+00:00","dateModified":"2024-04-19T07:56:59+00:00","description":"L\u2019Office de Tourisme Creil Sud Oise vous accueille dans ses nouveaux locaux situ\u00e9s \u00e0 Creil dans un espace chaleureux et fonctionnel !","breadcrumb":{"@id":"https:\/\/www.creilsudoise-tourisme.fr\/pratique\/office-de-tourisme\/#breadcrumb"},"inLanguage":"de","potentialAction":[{"@type":"ReadAction","target":["https:\/\/www.creilsudoise-tourisme.fr\/pratique\/office-de-tourisme\/"]}]},{"@type":"BreadcrumbList","@id":"https:\/\/www.creilsudoise-tourisme.fr\/pratique\/office-de-tourisme\/#breadcrumb","itemListElement":[{"@type":"ListItem","position":1,"name":"Accueil","item":"https:\/\/www.creilsudoise-tourisme.fr\/"},{"@type":"ListItem","position":2,"name":"Pratique","item":"https:\/\/www.creilsudoise-tourisme.fr\/pratique\/"},{"@type":"ListItem","position":3,"name":"L&rsquo;Office de Tourisme"}]},{"@type":"WebSite","@id":"https:\/\/www.creilsudoise-tourisme.fr\/#website","url":"https:\/\/www.creilsudoise-tourisme.fr\/","name":"Office de Tourisme Creil Sud Oise","description":"Creil Sud Oise Tourisme, un territoire \u00e0 explorer !","publisher":{"@id":"https:\/\/www.creilsudoise-tourisme.fr\/#organization"},"potentialAction":[{"@type":"SearchAction","target":{"@type":"EntryPoint","urlTemplate":"https:\/\/www.creilsudoise-tourisme.fr\/?s={search_term_string}"},"query-input":"required name=search_term_string"}],"inLanguage":"de"},{"@type":"Organization","@id":"https:\/\/www.creilsudoise-tourisme.fr\/#organization","name":"Creil Sud Oise Tourisme","url":"https:\/\/www.creilsudoise-tourisme.fr\/","logo":{"@type":"ImageObject","inLanguage":"de","@id":"https:\/\/www.creilsudoise-tourisme.fr\/#\/schema\/logo\/image\/","url":"https:\/\/www.creilsudoise-tourisme.fr\/wp-content\/uploads\/2021\/05\/logo-svg.png","contentUrl":"https:\/\/www.creilsudoise-tourisme.fr\/wp-content\/uploads\/2021\/05\/logo-svg.png","width":182,"height":71,"caption":"Creil Sud Oise Tourisme"},"image":{"@id":"https:\/\/www.creilsudoise-tourisme.fr\/#\/schema\/logo\/image\/"},"sameAs":["https:\/\/www.facebook.com\/creilsudoisetourisme\/","https:\/\/twitter.com\/CreilSudOiseOT","https:\/\/www.instagram.com\/creilsudoisetourisme\/","https:\/\/www.youtube.com\/channel\/UC8L_QD2wwyADW14zt9fY8kw"]}]}},"_links":{"self":[{"href":"https:\/\/www.creilsudoise-tourisme.fr\/de\/wp-json\/wp\/v2\/pages\/203"}],"collection":[{"href":"https:\/\/www.creilsudoise-tourisme.fr\/de\/wp-json\/wp\/v2\/pages"}],"about":[{"href":"https:\/\/www.creilsudoise-tourisme.fr\/de\/wp-json\/wp\/v2\/types\/page"}],"author":[{"embeddable":true,"href":"https:\/\/www.creilsudoise-tourisme.fr\/de\/wp-json\/wp\/v2\/users\/1"}],"replies":[{"embeddable":true,"href":"https:\/\/www.creilsudoise-tourisme.fr\/de\/wp-json\/wp\/v2\/comments?post=203"}],"version-history":[{"count":16,"href":"https:\/\/www.creilsudoise-tourisme.fr\/de\/wp-json\/wp\/v2\/pages\/203\/revisions"}],"predecessor-version":[{"id":53446,"href":"https:\/\/www.creilsudoise-tourisme.fr\/de\/wp-json\/wp\/v2\/pages\/203\/revisions\/53446"}],"up":[{"embeddable":true,"href":"https:\/\/www.creilsudoise-tourisme.fr\/de\/wp-json\/wp\/v2\/pages\/191"}],"wp:featuredmedia":[{"embeddable":true,"href":"https:\/\/www.creilsudoise-tourisme.fr\/de\/wp-json\/wp\/v2\/media\/33245"}],"wp:attachment":[{"href":"https:\/\/www.creilsudoise-tourisme.fr\/de\/wp-json\/wp\/v2\/media?parent=203"}],"curies":[{"name":"wp","href":"https:\/\/api.w.org\/{rel}","templated":true}]}}