{"id":201,"date":"2021-02-17T10:03:31","date_gmt":"2021-02-17T09:03:31","guid":{"rendered":"https:\/\/www.creilsudoise-tourisme.fr\/comment-venir\/"},"modified":"2025-05-12T15:39:45","modified_gmt":"2025-05-12T13:39:45","slug":"comment-venir","status":"publish","type":"page","link":"https:\/\/www.creilsudoise-tourisme.fr\/de\/praxis\/wie-werden\/","title":{"rendered":"Wie kann ich kommen?"},"content":{"rendered":"<p class=\"is-style-excerpt\">Sie liegt in der Region Hauts-de-France, im Departement Oise, 30 Minuten von Paris, 1h15 von Amiens, 40 Minuten von Compi\u00e8gne oder Pierrefonds, 40 Minuten von Beauvais und 15 Minuten von Chantilly oder Senlis entfernt, <strong>die Destination Creil Sud Oise ist mit dem Auto, dem Bus und den \u00f6ffentlichen Verkehrsmitteln leicht zu erreichen.<\/strong><\/p>\n\n\n\n<div class=\"is-layout-flex wp-container-11 wp-block-columns\">\n<div class=\"is-layout-flow wp-block-column\">\n<div class=\"is-horizontal is-content-justification-right is-layout-flex wp-container-1 wp-block-buttons\">\n<div class=\"wp-block-button\"><a class=\"wp-block-button__link wp-element-button\" href=\"#train\">mit dem Zug<\/a><\/div>\n<\/div>\n\n\n\n<div class=\"is-horizontal is-content-justification-right is-layout-flex wp-container-2 wp-block-buttons\">\n<div class=\"wp-block-button\"><a class=\"wp-block-button__link wp-element-button\" href=\"#covoiturage\">in Fahrgemeinschaften<\/a><\/div>\n<\/div>\n<\/div>\n\n\n\n<div class=\"is-layout-flow wp-block-column\">\n<div class=\"is-horizontal is-content-justification-center is-layout-flex wp-container-4 wp-block-buttons\">\n<div class=\"wp-block-button\"><a class=\"wp-block-button__link wp-element-button\" href=\"#bus\">mit dem Bus<\/a><\/div>\n<\/div>\n\n\n\n<div class=\"is-horizontal is-content-justification-center is-layout-flex wp-container-5 wp-block-buttons\">\n<div class=\"wp-block-button\"><a class=\"wp-block-button__link wp-element-button\" href=\"#pied\">zu Fu\u00df Mit dem Fahrrad<\/a><\/div>\n<\/div>\n\n\n\n<div class=\"is-horizontal is-content-justification-center is-layout-flex wp-container-6 wp-block-buttons\">\n<div class=\"wp-block-button\"><a class=\"wp-block-button__link wp-element-button\" href=\"#bateau\">mit dem Boot<\/a><\/div>\n<\/div>\n<\/div>\n\n\n\n<div class=\"is-layout-flow wp-block-column\">\n<div class=\"is-layout-flex wp-block-buttons\">\n<div class=\"wp-block-button\"><a class=\"wp-block-button__link wp-element-button\" href=\"#voiture\">mit dem Auto<\/a><\/div>\n<\/div>\n\n\n\n<div class=\"is-layout-flex wp-block-buttons\">\n<div class=\"wp-block-button\"><a class=\"wp-block-button__link wp-element-button\" href=\"#avion\">mit dem Flugzeug<\/a><\/div>\n<\/div>\n<\/div>\n<\/div>\n\n\n\n<h2>Mit dem Zug<\/h2>\n\n\n\n<p><strong>Creil verf\u00fcgt \u00fcber einen Bahnhof<\/strong> die von vielen gro\u00dfen St\u00e4dten in Nordfrankreich aus leicht zu erreichen ist, einschlie\u00dflich Paris, das nur 25 Minuten entfernt ist (50 Fahrten pro Tag)!<\/p>\n\n\n\n<p>Der Bahnhof Creil wird regelm\u00e4\u00dfig von TER-Z\u00fcgen aus Paris-Gare du Nord, Chantilly, Amiens, Abbeville, Boulogne-sur-Mer, Calais, Beauvais (bis Abancourt), Compi\u00e8gne, Noyon und Saint-Quentin bedient. Au\u00dferdem wird die Stadt von den RER-Z\u00fcgen aus Pontoise und Corbeil-Essonnes sowie vom Transilien H aus Pontoise und vom RER D aus Melun und Corbeil-Essonnes bedient.<\/p>\n\n\n\n<p>Einmal dort angekommen, wird die <strong>Bahnhof Montataire<\/strong> ist mit dem Zug in 4 Minuten vom Bahnhof Creil aus in Richtung Beauvais (TER) zu erreichen. Die <strong>Bahnhof Villers-Saint-Paul<\/strong> ist mit dem Zug in 3 Minuten vom Bahnhof Creil aus in Richtung Compi\u00e8gne (TER) zu erreichen. Die <strong>Bahnhof Saint-Leu-d'Esserent<\/strong> ist mit dem Zug in 6 Minuten vom Bahnhof Creil aus in Richtung Pontoise (RER) zu erreichen.<\/p>\n\n\n<div class=\"wp-block wp-block-highlight\">\n                <p class=\"wp-block-highlight-item wp-block-highlight-excerpt\">Sie k\u00f6nnen Ihre Eintrittskarten auf der <a href=\"https:\/\/www.sncf.com\/fr\" target=\"_blank\" rel=\"noreferrer noopener\">SNCF<\/a> oder des <a href=\"https:\/\/www.transilien.com\/\" target=\"_blank\" rel=\"noreferrer noopener\">Transilien<\/a><\/p>\n    <\/div>\n\n\n<h3 id=\"bus\">Mit dem Bus<\/h3>\n\n\n\n<p><strong>Creil verf\u00fcgt \u00fcber einen zentralen Busbahnhof<\/strong> sehr gut mit den Linien des regionalen Verkehrsnetzes (Amiens, Saint-Quentin, Beauvais und Roissy \u00fcber Senlis) sowie den Linien des interurbanen Netzes des Departements Oise (Chantilly, Clermont, Pont-Sainte-Maxence) verbunden. Alle Angebote des \u00f6ffentlichen Nahverkehrs sind abrufbar auf der Website von <a href=\"https:\/\/www.oise-mobilite.fr\/fr\/plan-interactif-des-lignes\/5\/LinesMap\/FilterByLocality?KeywordsLocality=60100+CREIL&amp;LocalityId=60175\" target=\"_blank\" rel=\"noreferrer noopener\">Oise Mobility<\/a>.<\/p>\n\n\n\n<p>Einmal dort angekommen, wird die <strong>Destination Creil Sud Oise profitiert von einem <\/strong><a href=\"https:\/\/www.creilsudoise.fr\/services-aux-habitants\/mobilites#alerte\" target=\"_blank\" rel=\"noreferrer noopener\"><strong>Busnetz<\/strong> <\/a>der dank eines umfassenden Netzes alle St\u00e4dte und D\u00f6rfer bedient. Die Buslinien und Fahrpl\u00e4ne finden Sie auf dem <a href=\"https:\/\/www.oise-mobilite.fr\/fr\/part8\/a-propos-de-nous\/154\">AXO-Website<\/a>.<\/p>\n\n\n\n<h3 id=\"voiture\">Mit dem Auto<\/h3>\n\n\n\n<p><strong>In der N\u00e4he von Hauptverkehrsstra\u00dfen<\/strong> wie die Autobahn A1 (Ausfahrt Nr. 8 in Senlis, 25 Min. von Creil entfernt), die Autobahn A16 (Ausfahrt Nr. 14 in Beauvais, 45 Min. von Creil entfernt), die Anreise mit dem Auto wird dann durch Hauptverkehrsstra\u00dfen wie die Departements D1016 und D200 erleichtert.<\/p>\n\n\n\n<p>Einmal vor Ort, ist es zwar einfach, in den D\u00f6rfern (Cramoisy, Maysel, Rousseloy, Saint-Vaast-l\u00e8s-Mello) und einigen St\u00e4dten (Saint-Leu-d'Esserent, Saint-Maximin, Thiverny oder Villers-Saint-Paul) zu parken, die mehrere kostenlose Parkpl\u00e4tze anbieten, aber es ist zu beachten, dass Creil, Montataire und Nogent-sur-Oise zeitlich begrenzte Parkm\u00f6glichkeiten anbieten (1,5 Stunden in der blauen Zone): Halten Sie eine Parkscheibe bereit.<\/p>\n\n\n\n<h3 id=\"covoiturage\">In Fahrgemeinschaften<\/h3>\n\n\n\n<p class=\"is-style-blockquote\">Reisen Sie mit mehreren Personen und sparen Sie Geld!<\/p>\n\n\n\n<p>Besuchen Sie auf <a href=\"https:\/\/www.covoiturage-oise.fr\/\" target=\"_blank\" rel=\"noreferrer noopener\">Mitfahrgelegenheit'Oise <\/a>oder <a href=\"https:\/\/www.blablacar.fr\/\" target=\"_blank\" rel=\"noreferrer noopener\">Blablacar <\/a>um Ihren Besuch in <strong>Mitfahrgelegenheiten<\/strong>.<\/p>\n\n\n\n<p>Wenn Sie einmal da sind, nutzen Sie den Service <a href=\"https:\/\/www.rezopouce.fr\/territoire\/Creil_Sud_Oise\" target=\"_blank\" rel=\"noreferrer noopener\">Rezo Daumen<\/a> um das Reiseziel Creil Sud Oise zu entdecken, indem Sie von<strong> das Trampen!<\/strong><\/p>\n\n\n\n<h3 id=\"pied\">Zu Fu\u00df oder mit dem Fahrrad<\/h3>\n\n\n\n<p><strong>Die Destination Creil Sud Oise wird vom GR11 durchquert.<\/strong><\/p>\n\n\n\n<p>Einmal dort angekommen, wird ein Netzwerk von <a href=\"https:\/\/www.creilsudoise-tourisme.fr\/de\/ich-suche\/wandern\/\" target=\"_blank\" rel=\"noreferrer noopener\">Wanderwege<\/a> erm\u00f6glicht die Vernetzung der D\u00f6rfer Saint-Maximin, Saint-Leu-d'Esserent, Thiverny, Cramoisy, Maysel, Saint-Vaast-l\u00e8s-Mello und Rousseloy.<\/p>\n\n\n\n<p>Gr\u00fcne Wege, die f\u00fcr die <a href=\"https:\/\/www.creilsudoise-tourisme.fr\/de\/jexplore\/les-incontournables\/balades-parcs\/\" target=\"_blank\" rel=\"noreferrer noopener\">sanfter Verkehr<\/a> verbinden Thiverny und Saint-Leu-d'Esserent, Maysel \u00fcber Saint-Vaast-l\u00e8s-Mello und Cramoisy mit Creil sowie ein Weg, der Saint-Maximin \u00fcber die Ufer der Oise in der Umgebung von Saint-Leu-d'Esserent mit Creil verbindet.<\/p>\n\n\n\n<h3 id=\"avion\">Mit dem Flugzeug<\/h3>\n\n\n\n<p><strong>Ideal gelegen in der N\u00e4he der internationalen Flugh\u00e4fen von <a href=\"https:\/\/www.parisaeroport.fr\/\" target=\"_blank\" rel=\"noreferrer noopener\">Paris-Charles de Gaulle<\/a> in Roissy und <a href=\"https:\/\/www.aeroportparisbeauvais.com\/passagers\/\" target=\"_blank\" rel=\"noreferrer noopener\">Paris-Beauvais<\/a> in Till\u00e9,<\/strong> das Reiseziel Creil Sud Oise von der ganzen Welt aus erreichbar ist!<\/p>\n\n\n\n<p>Vom Flughafen Charles-de-Gaulle aus bietet die Linie Picardie-Roissy regelm\u00e4\u00dfige Pendelfahrten von ca. 50 min zwischen Roissy-P\u00f4le Gare Routi\u00e8re (dann direkter Zugang zu den Terminals) und dem SNCF-Bahnhof Creil.<\/p>\n\n\n\n<p>Mit dem Auto ist der Flughafen Charles-de-Gaulle nur 40 km von Creil Sud Oise entfernt, was einer Reisezeit von 35 Minuten entspricht.<\/p>\n\n\n<div class=\"wp-block wp-block-highlight\">\n                <p class=\"wp-block-highlight-item wp-block-highlight-excerpt\"><strong>Zu beachten: <\/strong>die Bushaltestelle befindet sich in der Rue Georges Stephenson, in der N\u00e4he des Parkhauses Eiffia.<\/p>\n    <\/div>\n\n\n<p>Vom Flughafen Paris-Beauvais aus <a href=\"https:\/\/www.oise-mobilite.fr\/fr\/itineraires\/4\/JourneyPlanner\/result?Date=16%2F02%2F2021&amp;TypeDate=68&amp;Hour=16&amp;Minute=35&amp;Algorithm=Fastest&amp;TypeTrip=PlanTrip&amp;ListModes=Bus%7CCoach%7CTrain%7CTod%7CTer%7CBus_Access%7CMetro%7CTram%7CTgv&amp;ListPartners=14%7C6%7C9%7C8%7C7%7C10%7C3%7C18%7C17%7C4%7C12%7C11%7C5%7C2%7C50%7C44%7C52%7C51%7C48%7C43%7C49%7C41%7C45%7C47%7C55%7C54%7C53%7C22%7C39%7C38%7C29%7C20%7C42%7C40%7C46%7C30%7C21%7C23%7C19&amp;CarDistance=20&amp;CarLeave=0&amp;BikeDistance=10&amp;BikeLeave=0&amp;BikeSpeed=15&amp;WalkDistance=2000&amp;WalkSpeed=4&amp;DurationVia=30&amp;PointDep=425_4&amp;LatDep=49.4597918384&amp;LngDep=2.11283865656&amp;PointArr=64_4&amp;LatArr=49.4266630852625&amp;LngArr=2.0878110762125\" target=\"_blank\" rel=\"noreferrer noopener\">Corolis-Netzwerk<\/a> bringt Sie zum SNCF-Bahnhof in Beauvais, wo Sie einen Zug zum SNCF-Bahnhof in Creil oder einen Bus zum Busbahnhof in Creil nehmen k\u00f6nnen.<\/p>\n\n\n\n<p>Mit dem Auto ist der Flughafen Paris-Beauvais nur 50 km von Creil Sud Oise entfernt, was einer Reisezeit von 50 Minuten entspricht.<\/p>\n\n\n\n<h3>Tictactrip<\/h3>\n\n\n\n<p>Entdecken Sie den besten Weg, um das Reiseziel Creil Sud Oise zu besuchen! Mit <strong>Tictactrip<\/strong>Mit einem Klick k\u00f6nnen Sie Ihre intermodale Reise buchen: Zug, Bus, Flugzeug...<\/p>\n\n\n\n<a href=\"https:\/\/www.tictactrip.eu\" data-iframe-src=\"https:\/\/widgetsearch.tictactrip.eu\" data-iframe-width=\"100%\" id=\"ttt-widget\" data-iframe-lang=\"fr\" data-iframe-cstmbg=\"http:\/\/www.tictactrip.eu\/blog\/wp-content\/uploads\/widget_backgrounds\/IMG-Creil.jpg\" data-iframe-blackfilter=\"0,9\" data-iframe-header=\"true\" data-iframe-headerlogo=\"false\" data-iframe-title=\"Rendez-nous visite\" data-iframe-customtitle=\"true\" data-iframe-headercolor=\"black\" data-iframe-presetorigin=\"\" data-iframe-presetdestination=\"Creil\" data-iframe-lockorigin=\"false\" data-iframe-lockdestination=\"false\" data-iframe-oneway=\"false\" data-iframe-customcolor=\"22E4AA\" data-iframe-bottomlogo=\"true\" data-iframe-newpartnerid=\"FR-OT-CREIL\"> . <\/a>\n<script async=\"\" type=\"text\/javascript\" src=\"https:\/\/widgetsearch.tictactrip.eu\/embed.js\"><\/script>\n\n\n\n<h3 id=\"bateau\">Mit dem Boot<\/h3>\n\n\n\n<p>Die <strong>Destination Creil Sud Oise wird vom Fluss Oise durchquert<\/strong> an dessen Ufer Ihnen mehrere Wassersportstationen zur Verf\u00fcgung stehen:<\/p>\n\n\n\n<ul>\n<li>Eine Wassersportstation in Creil, in unmittelbarer N\u00e4he des Stadtzentrums (zu Fu\u00df erreichbar).<\/li>\n\n\n\n<li>Eine Wassersporthaltestelle in Saint-Leu-d'Esserent, ebenfalls in unmittelbarer N\u00e4he des Stadtzentrums (zu Fu\u00df erreichbar).<\/li>\n<\/ul>\n\n\n<div class=\"wp-block wp-block-highlight\">\n                <p class=\"wp-block-highlight-item wp-block-highlight-excerpt\">F\u00fcr weitere Informationen k\u00f6nnen Sie sich an die Rath\u00e4user von <a href=\"https:\/\/www.creil.fr\/\" target=\"_blank\" rel=\"noreferrer noopener\">Creil <\/a>: <a href=\"tel:0344295000\">03 44 29 50 00<\/a> und von <a href=\"https:\/\/www.saintleudesserent.fr\/ville-d-eau_fr.html\" target=\"_blank\" rel=\"noreferrer noopener\">Saint-Leu-d'Esserent<\/a> : <a href=\"tel:0344568700\">03 44 56 87 00<\/a><\/p>\n    <\/div>","protected":false},"excerpt":{"rendered":"<p>Die Destination Creil Sud Oise liegt in der Region Hauts-de-France im Departement Oise, 30 Minuten von Paris, 1h15 von Amiens, 40 Minuten von Compi\u00e8gne oder Pierrefonds, 40 Minuten von Beauvais und 15 Minuten von Chantilly oder Senlis entfernt und ist mit dem Auto, dem Bus und den \u00f6ffentlichen Verkehrsmitteln leicht zu erreichen. Mit dem Zug Creil verf\u00fcgt \u00fcber eine [...].<\/p>","protected":false},"author":1,"featured_media":32264,"parent":191,"menu_order":2,"comment_status":"closed","ping_status":"closed","template":"","meta":{"_relevanssi_hide_post":"","_relevanssi_hide_content":"","_relevanssi_pin_for_all":"","_relevanssi_pin_keywords":"","_relevanssi_unpin_keywords":"","_relevanssi_related_keywords":"","_relevanssi_related_include_ids":"","_relevanssi_related_exclude_ids":"","_relevanssi_related_no_append":"","_relevanssi_related_not_related":"","_relevanssi_related_posts":"267,275,271,273","_relevanssi_noindex_reason":""},"yoast_head":"<!-- This site is optimized with the Yoast SEO plugin v20.2.1 - https:\/\/yoast.com\/wordpress\/plugins\/seo\/ -->\n<title>Destination Creil Sud Oise : y venir et s\u2019y d\u00e9placer<\/title>\n<meta name=\"description\" content=\"La destination Creil Sud Oise est accessible gr\u00e2ce aux nombreux transports en commun qui la desservent et \u00e0 sa proximit\u00e9 avec de grands axes routiers.\" \/>\n<meta name=\"robots\" content=\"index, follow, max-snippet:-1, max-image-preview:large, max-video-preview:-1\" \/>\n<link rel=\"canonical\" href=\"https:\/\/www.creilsudoise-tourisme.fr\/de\/praxis\/wie-werden\/\" \/>\n<meta property=\"og:locale\" content=\"de_DE\" \/>\n<meta property=\"og:type\" content=\"article\" \/>\n<meta property=\"og:title\" content=\"Destination Creil Sud Oise : y venir et s\u2019y d\u00e9placer\" \/>\n<meta property=\"og:description\" content=\"La destination Creil Sud Oise est accessible gr\u00e2ce aux nombreux transports en commun qui la desservent et \u00e0 sa proximit\u00e9 avec de grands axes routiers.\" \/>\n<meta property=\"og:url\" content=\"https:\/\/www.creilsudoise-tourisme.fr\/de\/praxis\/wie-werden\/\" \/>\n<meta property=\"og:site_name\" content=\"Office de Tourisme Creil Sud Oise\" \/>\n<meta property=\"article:publisher\" content=\"https:\/\/www.facebook.com\/creilsudoisetourisme\/\" \/>\n<meta property=\"article:modified_time\" content=\"2025-05-12T13:39:45+00:00\" \/>\n<meta property=\"og:image\" content=\"https:\/\/www.creilsudoise-tourisme.fr\/wp-content\/uploads\/2021\/03\/transports-en-commun-de-la-destination-creil-sud-oise.jpg\" \/>\n\t<meta property=\"og:image:width\" content=\"1884\" \/>\n\t<meta property=\"og:image:height\" content=\"1060\" \/>\n\t<meta property=\"og:image:type\" content=\"image\/jpeg\" \/>\n<meta name=\"twitter:card\" content=\"summary_large_image\" \/>\n<meta name=\"twitter:site\" content=\"@CreilSudOiseOT\" \/>\n<meta name=\"twitter:label1\" content=\"Gesch\u00e4tzte Lesezeit\" \/>\n\t<meta name=\"twitter:data1\" content=\"4\u00a0Minuten\" \/>\n<script type=\"application\/ld+json\" class=\"yoast-schema-graph\">{\"@context\":\"https:\/\/schema.org\",\"@graph\":[{\"@type\":\"WebPage\",\"@id\":\"https:\/\/www.creilsudoise-tourisme.fr\/pratique\/comment-venir\/\",\"url\":\"https:\/\/www.creilsudoise-tourisme.fr\/pratique\/comment-venir\/\",\"name\":\"Destination Creil Sud Oise : y venir et s\u2019y d\u00e9placer\",\"isPartOf\":{\"@id\":\"https:\/\/www.creilsudoise-tourisme.fr\/#website\"},\"datePublished\":\"2021-02-17T09:03:31+00:00\",\"dateModified\":\"2025-05-12T13:39:45+00:00\",\"description\":\"La destination Creil Sud Oise est accessible gr\u00e2ce aux nombreux transports en commun qui la desservent et \u00e0 sa proximit\u00e9 avec de grands axes routiers.\",\"breadcrumb\":{\"@id\":\"https:\/\/www.creilsudoise-tourisme.fr\/pratique\/comment-venir\/#breadcrumb\"},\"inLanguage\":\"de\",\"potentialAction\":[{\"@type\":\"ReadAction\",\"target\":[\"https:\/\/www.creilsudoise-tourisme.fr\/pratique\/comment-venir\/\"]}]},{\"@type\":\"BreadcrumbList\",\"@id\":\"https:\/\/www.creilsudoise-tourisme.fr\/pratique\/comment-venir\/#breadcrumb\",\"itemListElement\":[{\"@type\":\"ListItem\",\"position\":1,\"name\":\"Accueil\",\"item\":\"https:\/\/www.creilsudoise-tourisme.fr\/\"},{\"@type\":\"ListItem\",\"position\":2,\"name\":\"Pratique\",\"item\":\"https:\/\/www.creilsudoise-tourisme.fr\/pratique\/\"},{\"@type\":\"ListItem\",\"position\":3,\"name\":\"Comment venir ?\"}]},{\"@type\":\"WebSite\",\"@id\":\"https:\/\/www.creilsudoise-tourisme.fr\/#website\",\"url\":\"https:\/\/www.creilsudoise-tourisme.fr\/\",\"name\":\"Office de Tourisme Creil Sud Oise\",\"description\":\"Creil Sud Oise Tourisme, un territoire \u00e0 explorer !\",\"publisher\":{\"@id\":\"https:\/\/www.creilsudoise-tourisme.fr\/#organization\"},\"potentialAction\":[{\"@type\":\"SearchAction\",\"target\":{\"@type\":\"EntryPoint\",\"urlTemplate\":\"https:\/\/www.creilsudoise-tourisme.fr\/?s={search_term_string}\"},\"query-input\":\"required name=search_term_string\"}],\"inLanguage\":\"de\"},{\"@type\":\"Organization\",\"@id\":\"https:\/\/www.creilsudoise-tourisme.fr\/#organization\",\"name\":\"Creil Sud Oise Tourisme\",\"url\":\"https:\/\/www.creilsudoise-tourisme.fr\/\",\"logo\":{\"@type\":\"ImageObject\",\"inLanguage\":\"de\",\"@id\":\"https:\/\/www.creilsudoise-tourisme.fr\/#\/schema\/logo\/image\/\",\"url\":\"https:\/\/www.creilsudoise-tourisme.fr\/wp-content\/uploads\/2021\/05\/logo-svg.png\",\"contentUrl\":\"https:\/\/www.creilsudoise-tourisme.fr\/wp-content\/uploads\/2021\/05\/logo-svg.png\",\"width\":182,\"height\":71,\"caption\":\"Creil Sud Oise Tourisme\"},\"image\":{\"@id\":\"https:\/\/www.creilsudoise-tourisme.fr\/#\/schema\/logo\/image\/\"},\"sameAs\":[\"https:\/\/www.facebook.com\/creilsudoisetourisme\/\",\"https:\/\/twitter.com\/CreilSudOiseOT\",\"https:\/\/www.instagram.com\/creilsudoisetourisme\/\",\"https:\/\/www.youtube.com\/channel\/UC8L_QD2wwyADW14zt9fY8kw\"]}]}<\/script>\n<!-- \/ Yoast SEO plugin. -->","yoast_head_json":{"title":"Destination Creil Sud Oise : y venir et s\u2019y d\u00e9placer","description":"La destination Creil Sud Oise est accessible gr\u00e2ce aux nombreux transports en commun qui la desservent et \u00e0 sa proximit\u00e9 avec de grands axes routiers.","robots":{"index":"index","follow":"follow","max-snippet":"max-snippet:-1","max-image-preview":"max-image-preview:large","max-video-preview":"max-video-preview:-1"},"canonical":"https:\/\/www.creilsudoise-tourisme.fr\/de\/praxis\/wie-werden\/","og_locale":"de_DE","og_type":"article","og_title":"Destination Creil Sud Oise : y venir et s\u2019y d\u00e9placer","og_description":"La destination Creil Sud Oise est accessible gr\u00e2ce aux nombreux transports en commun qui la desservent et \u00e0 sa proximit\u00e9 avec de grands axes routiers.","og_url":"https:\/\/www.creilsudoise-tourisme.fr\/de\/praxis\/wie-werden\/","og_site_name":"Office de Tourisme Creil Sud Oise","article_publisher":"https:\/\/www.facebook.com\/creilsudoisetourisme\/","article_modified_time":"2025-05-12T13:39:45+00:00","og_image":[{"width":1884,"height":1060,"url":"https:\/\/www.creilsudoise-tourisme.fr\/wp-content\/uploads\/2021\/03\/transports-en-commun-de-la-destination-creil-sud-oise.jpg","type":"image\/jpeg"}],"twitter_card":"summary_large_image","twitter_site":"@CreilSudOiseOT","twitter_misc":{"Gesch\u00e4tzte Lesezeit":"4\u00a0Minuten"},"schema":{"@context":"https:\/\/schema.org","@graph":[{"@type":"WebPage","@id":"https:\/\/www.creilsudoise-tourisme.fr\/pratique\/comment-venir\/","url":"https:\/\/www.creilsudoise-tourisme.fr\/pratique\/comment-venir\/","name":"Destination Creil Sud Oise : y venir et s\u2019y d\u00e9placer","isPartOf":{"@id":"https:\/\/www.creilsudoise-tourisme.fr\/#website"},"datePublished":"2021-02-17T09:03:31+00:00","dateModified":"2025-05-12T13:39:45+00:00","description":"La destination Creil Sud Oise est accessible gr\u00e2ce aux nombreux transports en commun qui la desservent et \u00e0 sa proximit\u00e9 avec de grands axes routiers.","breadcrumb":{"@id":"https:\/\/www.creilsudoise-tourisme.fr\/pratique\/comment-venir\/#breadcrumb"},"inLanguage":"de","potentialAction":[{"@type":"ReadAction","target":["https:\/\/www.creilsudoise-tourisme.fr\/pratique\/comment-venir\/"]}]},{"@type":"BreadcrumbList","@id":"https:\/\/www.creilsudoise-tourisme.fr\/pratique\/comment-venir\/#breadcrumb","itemListElement":[{"@type":"ListItem","position":1,"name":"Accueil","item":"https:\/\/www.creilsudoise-tourisme.fr\/"},{"@type":"ListItem","position":2,"name":"Pratique","item":"https:\/\/www.creilsudoise-tourisme.fr\/pratique\/"},{"@type":"ListItem","position":3,"name":"Comment venir ?"}]},{"@type":"WebSite","@id":"https:\/\/www.creilsudoise-tourisme.fr\/#website","url":"https:\/\/www.creilsudoise-tourisme.fr\/","name":"Office de Tourisme Creil Sud Oise","description":"Creil Sud Oise Tourisme, un territoire \u00e0 explorer !","publisher":{"@id":"https:\/\/www.creilsudoise-tourisme.fr\/#organization"},"potentialAction":[{"@type":"SearchAction","target":{"@type":"EntryPoint","urlTemplate":"https:\/\/www.creilsudoise-tourisme.fr\/?s={search_term_string}"},"query-input":"required name=search_term_string"}],"inLanguage":"de"},{"@type":"Organization","@id":"https:\/\/www.creilsudoise-tourisme.fr\/#organization","name":"Creil Sud Oise Tourisme","url":"https:\/\/www.creilsudoise-tourisme.fr\/","logo":{"@type":"ImageObject","inLanguage":"de","@id":"https:\/\/www.creilsudoise-tourisme.fr\/#\/schema\/logo\/image\/","url":"https:\/\/www.creilsudoise-tourisme.fr\/wp-content\/uploads\/2021\/05\/logo-svg.png","contentUrl":"https:\/\/www.creilsudoise-tourisme.fr\/wp-content\/uploads\/2021\/05\/logo-svg.png","width":182,"height":71,"caption":"Creil Sud Oise Tourisme"},"image":{"@id":"https:\/\/www.creilsudoise-tourisme.fr\/#\/schema\/logo\/image\/"},"sameAs":["https:\/\/www.facebook.com\/creilsudoisetourisme\/","https:\/\/twitter.com\/CreilSudOiseOT","https:\/\/www.instagram.com\/creilsudoisetourisme\/","https:\/\/www.youtube.com\/channel\/UC8L_QD2wwyADW14zt9fY8kw"]}]}},"_links":{"self":[{"href":"https:\/\/www.creilsudoise-tourisme.fr\/de\/wp-json\/wp\/v2\/pages\/201"}],"collection":[{"href":"https:\/\/www.creilsudoise-tourisme.fr\/de\/wp-json\/wp\/v2\/pages"}],"about":[{"href":"https:\/\/www.creilsudoise-tourisme.fr\/de\/wp-json\/wp\/v2\/types\/page"}],"author":[{"embeddable":true,"href":"https:\/\/www.creilsudoise-tourisme.fr\/de\/wp-json\/wp\/v2\/users\/1"}],"replies":[{"embeddable":true,"href":"https:\/\/www.creilsudoise-tourisme.fr\/de\/wp-json\/wp\/v2\/comments?post=201"}],"version-history":[{"count":29,"href":"https:\/\/www.creilsudoise-tourisme.fr\/de\/wp-json\/wp\/v2\/pages\/201\/revisions"}],"predecessor-version":[{"id":62098,"href":"https:\/\/www.creilsudoise-tourisme.fr\/de\/wp-json\/wp\/v2\/pages\/201\/revisions\/62098"}],"up":[{"embeddable":true,"href":"https:\/\/www.creilsudoise-tourisme.fr\/de\/wp-json\/wp\/v2\/pages\/191"}],"wp:featuredmedia":[{"embeddable":true,"href":"https:\/\/www.creilsudoise-tourisme.fr\/de\/wp-json\/wp\/v2\/media\/32264"}],"wp:attachment":[{"href":"https:\/\/www.creilsudoise-tourisme.fr\/de\/wp-json\/wp\/v2\/media?parent=201"}],"curies":[{"name":"wp","href":"https:\/\/api.w.org\/{rel}","templated":true}]}}