{"id":195,"date":"2021-02-17T10:03:25","date_gmt":"2021-02-17T09:03:25","guid":{"rendered":"https:\/\/www.creilsudoise-tourisme.fr\/accessibilite\/"},"modified":"2025-09-29T10:14:51","modified_gmt":"2025-09-29T08:14:51","slug":"accessibilite","status":"publish","type":"page","link":"https:\/\/www.creilsudoise-tourisme.fr\/de\/praxis\/zuganglichkeit\/","title":{"rendered":"Zug\u00e4nglichkeit"},"content":{"rendered":"<h2>Erkl\u00e4rung zur Barrierefreiheit<\/h2>\n\n\n\n<p>Erstellt am 29. September 2025.<\/p>\n\n\n\n<p>Unsere Organisation verpflichtet sich, ihren Dienst gem\u00e4\u00df Artikel 47 des Gesetzes Nr. 2005-102 vom 11. Februar 2005 zug\u00e4nglich zu machen.<\/p>\n\n\n\n<p>Diese Erkl\u00e4rung zur Barrierefreiheit gilt f\u00fcr&nbsp;<strong>Creil Sud Oise Tourismus<\/strong>&nbsp;(https:\/\/www.creilsudoise-tourisme.fr\/).<\/p>\n\n\n\n<h3>Stand der Einhaltung<\/h3>\n\n\n\n<p><strong>Creil Sud Oise Tourismus<\/strong>&nbsp;ist&nbsp;<strong>teilweise konform<\/strong>&nbsp;mit dem RGAA.<\/p>\n\n\n\n<h3>Nicht zug\u00e4ngliche Inhalte<\/h3>\n\n\n\n<p>Die unten aufgelisteten Inhalte sind aus den folgenden Gr\u00fcnden nicht zug\u00e4nglich.<\/p>\n\n\n\n<h4>Nicht-Einhaltung<\/h4>\n\n\n\n<p>Trotz unserer Bem\u00fchungen sind einige Inhalte nicht zug\u00e4nglich. Im Folgenden finden Sie eine Liste bekannter Einschr\u00e4nkungen und m\u00f6glicher L\u00f6sungen :<\/p>\n\n\n\n<ol id=\"statement-limitations\">\n<li><strong>Semantische Struktur \/ Markierung<\/strong> : Einschr\u00e4nkung: Einige Navigationselemente oder \"Mehr anzeigen\"-Men\u00fcs, die nicht eindeutig markiert sind. Der Screenreader k\u00fcndigt Dropdown-Men\u00fcs oder Untermen\u00fcs m\u00f6glicherweise nicht richtig an, was die Navigation f\u00fcr einen blinden Nutzer verwirrend macht. Was das Team dagegen unternimmt: F\u00fcgen Sie Rollen f\u00fcr Dropdown-Men\u00fcs hinzu; achten Sie darauf, dass die Elemente korrekte HTML-Tags haben. Bitte verwenden Sie das <a href=\"https:\/\/www.creilsudoise-tourisme.fr\/de\/praxis\/kontakt\/\" target=\"_blank\" rel=\"noreferrer noopener\">Kontaktformular<\/a> wenn Sie auf ein Problem sto\u00dfen.<\/li>\n\n\n\n<li><strong>Semantische Struktur \/ Markierung<\/strong> : Einschr\u00e4nkung: Das \"Men\u00fc\" oben zeigt noch keine expliziten Beschriftungen der einzelnen Links an. Personen, die einen Screenreader verwenden, k\u00f6nnen \"Mehr sehen\" h\u00f6ren, ohne zu wissen, worum es sich dabei handelt, was die Erfahrung verschlechtert. Was das Team dagegen unternimmt: Ersetzen Sie die generischen \"Mehr sehen\" durch \"Mehr sehen - Aktivit\u00e4t \/ Abschnitt X\" (beschreibenderer Text). Bitte verwenden Sie das <a href=\"https:\/\/www.creilsudoise-tourisme.fr\/de\/praxis\/kontakt\/\" target=\"_blank\" rel=\"noreferrer noopener\">Kontaktformular<\/a> wenn Sie auf ein Problem sto\u00dfen.<\/li>\n\n\n\n<li><strong>Bilder und Medien<\/strong> : Einschr\u00e4nkung: Dekorative oder illustrative Bilder ohne Alt-Attribut oder ein leeres Attribut, wenn das Bild keine n\u00fctzliche Information zu vermitteln hat. Screenreader k\u00f6nnen entweder \"Bild\" ohne Kontext lesen oder n\u00fctzliche Bilder \u00fcberspringen. Dies verschlechtert das visuelle Verst\u00e4ndnis. Was das Team dagegen unternimmt: F\u00fcr jedes Bild ein passendes alt-Attribut (Alternativtext) festlegen: Wenn das Bild informativ ist, eine Beschreibung angeben; wenn es rein dekorativ ist, alt= \" \" setzen, damit der Leser es \u00fcberspringt. Bitte verwenden Sie den <a href=\"https:\/\/www.creilsudoise-tourisme.fr\/de\/praxis\/kontakt\/\" target=\"_blank\" rel=\"noreferrer noopener\">Kontaktformular<\/a> wenn Sie auf ein Problem sto\u00dfen.<\/li>\n\n\n\n<li><strong>Bilder und Medien<\/strong> : Einschr\u00e4nkung: Video\/Medien (\"Das Ziel auf Video\"): Keine klaren Befehle f\u00fcr Untertitel, Transkription oder Steuerung (Pause, Stopp). Eine h\u00f6rgesch\u00e4digte Person kann ohne Untertitel oder Transkription nicht auf Audio-\/Videoinhalte zugreifen. Was das Team dagegen unternimmt: Stellen Sie eine Transkription oder synchronisierte Untertitel zur Verf\u00fcgung. Barrierefreie Steuerelemente (Play\/Pause, Stop) hinzuf\u00fcgen und in HTML angeben, dass das Medium untertitelt ist. Bitte verwenden Sie das <a href=\"https:\/\/www.creilsudoise-tourisme.fr\/de\/praxis\/kontakt\/\" target=\"_blank\" rel=\"noreferrer noopener\">Kontaktformular<\/a> wenn Sie auf ein Problem sto\u00dfen.<\/li>\n\n\n\n<li><strong>Farbkontrast \/ Lesbarkeit<\/strong> : Einschr\u00e4nkung: Manche Texte, insbesondere in Men\u00fcs oder auf Hintergrundbildern, k\u00f6nnen einen unzureichenden Kontrast zu ihrem Hintergrund haben (wei\u00df auf Bild, heller Text auf hellem Hintergrund). F\u00fcr Menschen mit Sehbehinderung, insbesondere mit Kontrastschw\u00e4che, macht dies manche Texte schwer lesbar oder unlesbar. Was das Team dagegen tut: Einheitliche Hintergr\u00fcnde oder Overlays anwenden, um den Kontrast zu gew\u00e4hrleisten. Bitte verwenden Sie das <a href=\"https:\/\/www.creilsudoise-tourisme.fr\/de\/praxis\/kontakt\/\" target=\"_blank\" rel=\"noreferrer noopener\">Kontaktformular<\/a> wenn Sie auf ein Problem sto\u00dfen.<\/li>\n\n\n\n<li><strong>Farbkontrast \/ Lesbarkeit<\/strong> : Einschr\u00e4nkung: In Bilder eingebetteter Text (Banner, Titel auf Bildern) ohne Textalternative. Screenreader k\u00f6nnen den \"grafisch eingebetteten\" Text nicht lesen: Die Information geht f\u00fcr Blinde verloren. Was das Team dagegen unternimmt: Vermeiden Sie es, wichtigen Text in Bilder einzuf\u00fcgen. Wenn es n\u00f6tig ist, wiederholen Sie diesen Text in HTML auf dem Bild, wenn es n\u00f6tig ist, oder in einem eigenen Element. Bitte verwenden Sie den <a href=\"https:\/\/www.creilsudoise-tourisme.fr\/de\/praxis\/kontakt\/\" target=\"_blank\" rel=\"noreferrer noopener\">Kontaktformular<\/a> wenn Sie auf ein Problem sto\u00dfen.<\/li>\n\n\n\n<li><strong>Navigation \/ Tastatur \/ Fokus<\/strong> : Einschr\u00e4nkung: Kein \"skip to content\" (Link, mit dem man direkt vom Men\u00fc zum Hauptinhalt springen kann). Dadurch verl\u00e4ngert sich die Navigation f\u00fcr Nutzer mit Tastatur oder Screenreader, da sie alle Navigationslinks durchlaufen m\u00fcssen, bevor sie zum Inhalt gelangen. Was das Team dagegen unternimmt: F\u00fcgen Sie einen \"Zum Inhalt springen\"-Link hinzu, der im Fokus sichtbar ist... Bitte verwenden Sie den <a href=\"https:\/\/www.creilsudoise-tourisme.fr\/de\/praxis\/kontakt\/\" target=\"_blank\" rel=\"noreferrer noopener\">Kontaktformular<\/a> wenn Sie auf ein Problem sto\u00dfen.<\/li>\n\n\n\n<li><strong>Formulare \/ Suche \/ Felder<\/strong> : Einschr\u00e4nkung: Keine (oder nur wenige) zug\u00e4ngliche Fehlermeldungen oder Hilfestellungen (z. B. bei Kontaktformularen). Bei Eingabefehlern versteht eine Person mit Seh- oder kognitiver Beeintr\u00e4chtigung m\u00f6glicherweise nicht, was sie falsch gemacht hat oder wie sie korrigiert werden kann. Was das Team dagegen tut: F\u00fcgen Sie klare Fehlermeldungen hinzu, die mit den Feldern verkn\u00fcpft sind. Stellen Sie sicher, dass sie von Screenreadern angesagt werden. Bitte verwenden Sie den <a href=\"https:\/\/www.creilsudoise-tourisme.fr\/de\/praxis\/kontakt\/\" target=\"_blank\" rel=\"noreferrer noopener\">Kontaktformular<\/a> wenn Sie auf ein Problem sto\u00dfen.<\/li>\n\n\n\n<li><strong>Inhalt \/ Klarheit \/ kognitive \u00dcberforderung<\/strong> : Einschr\u00e4nkung: Keine Option f\u00fcr eine anpassbare Schriftgr\u00f6\u00dfe oder einen \"Hochkontrastmodus\". Wenn die Website es dem Nutzer nicht erlaubt, die Schriftgr\u00f6\u00dfe anzupassen oder einen Modus mit hohem Kontrast zu aktivieren, sind Menschen mit schlechter Sehkraft eingeschr\u00e4nkt. Was das Team dagegen unternimmt: Bieten Sie eine Benutzerkontrolle an (Schaltfl\u00e4chen \"+ \/ -\" f\u00fcr die Gr\u00f6\u00dfe, Hochkontrastmodus), oder stellen Sie sicher, dass der Browser-Zoom (bis zu 200 %) das Layout nicht ver\u00e4ndert (responsive). Bitte verwenden Sie den <a href=\"https:\/\/www.creilsudoise-tourisme.fr\/de\/praxis\/kontakt\/\" target=\"_blank\" rel=\"noreferrer noopener\">Kontaktformular<\/a> wenn Sie auf ein Problem sto\u00dfen.<\/li>\n<\/ol>\n\n\n\n<h3>Verbesserung und Kontakt<\/h3>\n\n\n\n<p>Wenn Sie auf einen Inhalt oder eine Dienstleistung nicht zugreifen k\u00f6nnen, k\u00f6nnen Sie den Verantwortlichen von Creil Sud Oise Tourisme kontaktieren, um auf eine zug\u00e4ngliche Alternative verwiesen zu werden oder den Inhalt in einer anderen Form zu erhalten.<\/p>\n\n\n\n<ul>\n<li>Telefon: 03 75 19 01 70<\/li>\n\n\n\n<li>E-Mail:&nbsp;<a href=\"mailto:b&#105;&#101;n&#118;enue&#64;cr&#101;&#105;&#108;sudoi&#115;&#101;&#45;&#116;o&#117;&#114;&#105;&#115;&#109;e&#46;fr\">b&#105;en&#118;e&#110;&#117;e&#64;&#99;&#114;&#101;ils&#117;do&#105;s&#101;-tou&#114;&#105;s&#109;e&#46;fr<\/a><\/li>\n\n\n\n<li>Kontaktformular :&nbsp;<a href=\"https:\/\/www.creilsudoise-tourisme.fr\/de\/praxis\/kontakt\/\">Kontaktieren Sie uns<\/a><\/li>\n\n\n\n<li>Adresse: 6 avenue Jules Urhy 60100 Creil<\/li>\n<\/ul>\n\n\n\n<p>Wir versuchen, innerhalb von zwei Arbeitstagen zu antworten.<\/p>\n\n\n\n<h3>Beschwerdeweg<\/h3>\n\n\n\n<p>Dieses Verfahren ist in folgendem Fall anzuwenden: Sie haben dem Verantwortlichen der Website einen Zug\u00e4nglichkeitsmangel gemeldet, der Sie daran hindert, auf einen Inhalt oder einen der Dienste des Portals zuzugreifen, und Sie haben keine zufriedenstellende Antwort erhalten.<\/p>\n\n\n\n<p>Sie k\u00f6nnen :<\/p>\n\n\n\n<ul>\n<li>Schreibe eine Nachricht an&nbsp;<a href=\"https:\/\/formulaire.defenseurdesdroits.fr\/\">Rechtsverteidiger<\/a><\/li>\n\n\n\n<li>Kontaktieren Sie&nbsp;<a href=\"https:\/\/www.defenseurdesdroits.fr\/saisir\/delegues\">den Delegierten des Rechtsverteidigers in Ihrer Region<\/a><\/li>\n\n\n\n<li>Einen Brief per Post versenden (kostenlos, keine Briefmarke verwenden) :<br>Rechtsverteidiger<br>Freie Antwort 71120 75342 Paris CEDEX 07<\/li>\n<\/ul>\n\n\n\n<hr class=\"wp-block-separator has-alpha-channel-opacity\"\/>\n\n\n\n<p>Diese Erkl\u00e4rung zur Barrierefreiheit wurde am 29. September 2025 dank des&nbsp;<a href=\"https:\/\/betagouv.github.io\/a11y-generateur-declaration\/#create\">Generator f\u00fcr Barrierefreiheitserkl\u00e4rungen<\/a>.<\/p>\n\n\n\n<hr class=\"wp-block-separator has-css-opacity\"\/>\n\n\n\n<h2>Tourismus f\u00fcr alle<\/h2>\n\n\n\n<h3>Label \"Tourisme et Handicap<\/h3>\n\n\n\n<p><strong>Das Office de Tourisme Creil Sud Oise ist mit dem Label Tourisme et Handicap ausgezeichnet.<\/strong>. <\/p>\n\n\n\n<p>Der Empfang wurde so gestaltet, dass alle Besucherinnen und Besucher entsprechend ihren Bed\u00fcrfnissen empfangen werden k\u00f6nnen. So wurde die Raumgestaltung <strong>durchdacht und angepasst an Menschen mit eingeschr\u00e4nkter Mobilit\u00e4t<\/strong> : tragbare Au\u00dfenrampe, <strong>Empfangsterminal, das f\u00fcr die Aufnahme eines Rollstuhls entworfen wurde<\/strong>Sie m\u00fcssen \u00fcber einen ausreichenden Bewegungsraum verf\u00fcgen, <strong>zug\u00e4ngliche Dokumentation und Shop<\/strong>.<strong> Beschilderungen und Preisangaben im Gesch\u00e4ft sind in kontrastreicher Schrift gedruckt.<\/strong> und ein Begr\u00fc\u00dfungsheft (siehe unten) ist <strong>durchsuchbar in Brail<\/strong>. Eine <strong>Magnetschleife<\/strong> steht Ihnen zur Verf\u00fcgung. Endlich, <strong>Das Team des Fremdenverkehrsamts wurde f\u00fcr den Empfang und die Bed\u00fcrfnisse der verschiedenen Behinderungen sensibilisiert und geschult.<\/strong><\/p>\n\n\n\n<figure class=\"wp-block-image size-large\"><img decoding=\"async\" loading=\"lazy\" width=\"1179\" height=\"830\" data-src=\"https:\/\/www.creilsudoise-tourisme.fr\/wp-content\/uploads\/2022\/11\/Label_Tourisme-handicap.jpg\" alt=\"Label f\u00fcr Tourismus und Behinderung\" class=\"wp-image-43599\" data-srcset=\"https:\/\/www.creilsudoise-tourisme.fr\/wp-content\/uploads\/2022\/11\/Label_Tourisme-handicap.jpg 1179w, https:\/\/www.creilsudoise-tourisme.fr\/wp-content\/uploads\/2022\/11\/Label_Tourisme-handicap-600x422.jpg 600w, https:\/\/www.creilsudoise-tourisme.fr\/wp-content\/uploads\/2022\/11\/Label_Tourisme-handicap-900x634.jpg 900w, https:\/\/www.creilsudoise-tourisme.fr\/wp-content\/uploads\/2022\/11\/Label_Tourisme-handicap-200x141.jpg 200w, https:\/\/www.creilsudoise-tourisme.fr\/wp-content\/uploads\/2022\/11\/Label_Tourisme-handicap-650x458.jpg 650w, https:\/\/www.creilsudoise-tourisme.fr\/wp-content\/uploads\/2022\/11\/Label_Tourisme-handicap-387x272.jpg 387w\" sizes=\"(max-width: 1179px) 100vw, 1179px\" \/><\/figure>\n\n\n\n<p>Weitere Informationen \u00fcber das Label und den Verband Tourisme &amp; Handicaps finden Sie auf dem <a href=\"https:\/\/tourisme-handicaps.org\/\" target=\"_blank\" rel=\"noreferrer noopener\">Internetseite <\/a>!<\/p>\n\n\n\n<h3>Unterhaltung, Unterkunft und Verpflegung<\/h3>\n\n\n\n<p>Finden Sie alle<strong> barrierefreie Aktivit\u00e4ten, Sehensw\u00fcrdigkeiten, Restaurants und Unterk\u00fcnfte <\/strong>in der Destination Creil Sud Oise in unserem<strong> Begr\u00fc\u00dfungsheft <\/strong>(auch an der Rezeption des Office de Tourisme Creil Sud Oise einsehbar)<\/p>\n\n\n\n<p>Dort finden Sie auch die <strong>Notfallnummern<\/strong>In der N\u00e4he des Fremdenverkehrsamtes und der Schulen gibt es eine Reihe von Dienstleistungen, die Sie in Anspruch nehmen k\u00f6nnen. <strong>pflegebezogene Informationen<\/strong>. <\/p>\n\n\n\n<div class=\"is-horizontal is-content-justification-center is-layout-flex wp-container-1 wp-block-buttons\">\n<div class=\"wp-block-button\"><a class=\"wp-block-button__link wp-element-button\" href=\"https:\/\/www.creilsudoise-tourisme.fr\/wp-content\/uploads\/2025\/06\/Livret-daccueil-2025.pdf\" target=\"_blank\" rel=\"noreferrer noopener\">Begr\u00fc\u00dfungsheft<\/a><\/div>\n<\/div>\n\n\n\n<p><strong>Dieses Heft ist in Brail <\/strong>am Empfang des Office de Tourisme Creil Sud Oise.<\/p>\n\n\n\n<h3>Sich bewegen<\/h3>\n\n\n\n<h4><strong>Mit dem Zug<\/strong><\/h4>\n\n\n\n<p>Mehrere Bahnh\u00f6fe bieten nach vorheriger Anmeldung kostenlose Hilfsdienste an.<\/p>\n\n\n\n<p>Der SNCF-Bahnhof Creil bietet den Service \"ACCES TER\" und \"Acc\u00e8s Plus\".&nbsp;<\/p>\n\n\n\n<p>Der Bahnhof Montataire auf der Strecke Beauvais-Creil bietet den Service \"ACCES TER\".&nbsp;<\/p>\n\n\n\n<p>Der Bahnhof Saint-Leu d'Esserent auf der Strecke des Transilien H Pontoise-Creil bietet den Service \"Acc\u00e8s Plus\" an.<\/p>\n\n\n\n<p>Finden Sie weitere Informationen und Buchungslinks auf dem <a href=\"https:\/\/www.accessibilite.sncf.com\/services-aux-voyageurs\/services-adaptes\/nos-services-d-assistance\/acces-plus\" target=\"_blank\" rel=\"noreferrer noopener\">Internetseite<\/a>.<\/p>\n\n\n\n<h4>Mit dem Bus<\/h4>\n\n\n\n<p><strong>Regionalbus :<\/strong> die Linie Picardie-Roissy, die von der SNCF betrieben wird, stellt die Verbindung zwischen dem Flughafen Roissy-Charles de Gaulle und Creil her.<\/p>\n\n\n\n<p>B<strong>us departemental<\/strong>&nbsp;: Der Generalrat richtet Busse zwischen Creil und mehreren St\u00e4dten des Departements ein. F\u00fcr Informationen \u00fcber die Buslinie oder Fahrpl\u00e4ne besuchen Sie den <a href=\"http:\/\/www.oise-mobilite.fr\" target=\"_blank\" rel=\"noreferrer noopener\">Internetseite<\/a>.<\/p>\n\n\n\n<p><strong>Um in der Agglomeration Creil Sud Oise zu fahren<\/strong>Die Busse und mehr als 100 Bushaltestellen sind f\u00fcr Menschen mit eingeschr\u00e4nkter Mobilit\u00e4t zug\u00e4nglich. <strong>sind mit akustischen und podotaktilen Vorrichtungen f\u00fcr blinde Menschen ausgestattet<\/strong>. Die Liste der zug\u00e4nglichen Haltestellen finden Sie auf dem <a href=\"https:\/\/www.creilsudoise.fr\/mon-quotidien\/deplacements\/transports-urbains-axo\/accessibilite\/\" target=\"_blank\" rel=\"noreferrer noopener\">site der Agglomeration Creil Sud Oise<\/a>.<\/p>\n\n\n\n<hr class=\"wp-block-separator has-css-opacity\"\/>","protected":false},"excerpt":{"rendered":"<p>D\u00e9claration d\u2019accessibilit\u00e9 \u00c9tablie le&nbsp;29 septembre 2025. Notre organisation&nbsp;s\u2019engage \u00e0 rendre son service accessible, conform\u00e9ment \u00e0 l\u2019article 47 de la loi n\u00b0 2005-102 du 11 f\u00e9vrier 2005. Cette d\u00e9claration d\u2019accessibilit\u00e9 s\u2019applique \u00e0&nbsp;Creil Sud Oise Tourisme&nbsp;(https:\/\/www.creilsudoise-tourisme.fr\/). \u00c9tat de conformit\u00e9 Creil Sud Oise Tourisme&nbsp;est&nbsp;partiellement conforme&nbsp;avec le&nbsp;RGAA. Contenus non accessibles Les contenus list\u00e9s ci-dessous ne sont pas accessibles pour [&hellip;]<\/p>","protected":false},"author":1,"featured_media":35253,"parent":191,"menu_order":3,"comment_status":"closed","ping_status":"closed","template":"","meta":{"_relevanssi_hide_post":"","_relevanssi_hide_content":"","_relevanssi_pin_for_all":"","_relevanssi_pin_keywords":"","_relevanssi_unpin_keywords":"","_relevanssi_related_keywords":"","_relevanssi_related_include_ids":"","_relevanssi_related_exclude_ids":"","_relevanssi_related_no_append":"","_relevanssi_related_not_related":"","_relevanssi_related_posts":"271,275,267,273,32820","_relevanssi_noindex_reason":""},"yoast_head":"<!-- This site is optimized with the Yoast SEO plugin v20.2.1 - https:\/\/yoast.com\/wordpress\/plugins\/seo\/ -->\n<title>Accessibilit\u00e9 - Office de Tourisme Creil Sud Oise<\/title>\n<meta name=\"description\" content=\"D\u00e9claration d\u2019accessibilit\u00e9 \u00c9tablie le&nbsp;29 septembre 2025. Notre organisation&nbsp;s\u2019engage \u00e0 rendre son service accessible, conform\u00e9ment \u00e0 l\u2019article\" \/>\n<meta name=\"robots\" content=\"index, follow, max-snippet:-1, max-image-preview:large, max-video-preview:-1\" \/>\n<link rel=\"canonical\" href=\"https:\/\/www.creilsudoise-tourisme.fr\/de\/praxis\/zuganglichkeit\/\" \/>\n<meta property=\"og:locale\" content=\"de_DE\" \/>\n<meta property=\"og:type\" content=\"article\" \/>\n<meta property=\"og:title\" content=\"Accessibilit\u00e9 - Office de Tourisme Creil Sud Oise\" \/>\n<meta property=\"og:description\" content=\"D\u00e9claration d\u2019accessibilit\u00e9 \u00c9tablie le&nbsp;29 septembre 2025. Notre organisation&nbsp;s\u2019engage \u00e0 rendre son service accessible, conform\u00e9ment \u00e0 l\u2019article\" \/>\n<meta property=\"og:url\" content=\"https:\/\/www.creilsudoise-tourisme.fr\/de\/praxis\/zuganglichkeit\/\" \/>\n<meta property=\"og:site_name\" content=\"Office de Tourisme Creil Sud Oise\" \/>\n<meta property=\"article:publisher\" content=\"https:\/\/www.facebook.com\/creilsudoisetourisme\/\" \/>\n<meta property=\"article:modified_time\" content=\"2025-09-29T08:14:51+00:00\" \/>\n<meta property=\"og:image\" content=\"https:\/\/www.creilsudoise-tourisme.fr\/wp-content\/uploads\/2021\/05\/Logo_TourismeHandicap.jpg\" \/>\n\t<meta property=\"og:image:width\" content=\"512\" \/>\n\t<meta property=\"og:image:height\" content=\"293\" \/>\n\t<meta property=\"og:image:type\" content=\"image\/jpeg\" \/>\n<meta name=\"twitter:card\" content=\"summary_large_image\" \/>\n<meta name=\"twitter:site\" content=\"@CreilSudOiseOT\" \/>\n<meta name=\"twitter:label1\" content=\"Gesch\u00e4tzte Lesezeit\" \/>\n\t<meta name=\"twitter:data1\" content=\"3\u00a0Minuten\" \/>\n<script type=\"application\/ld+json\" class=\"yoast-schema-graph\">{\"@context\":\"https:\/\/schema.org\",\"@graph\":[{\"@type\":\"WebPage\",\"@id\":\"https:\/\/www.creilsudoise-tourisme.fr\/pratique\/accessibilite\/\",\"url\":\"https:\/\/www.creilsudoise-tourisme.fr\/pratique\/accessibilite\/\",\"name\":\"Accessibilit\u00e9 - Office de Tourisme Creil Sud Oise\",\"isPartOf\":{\"@id\":\"https:\/\/www.creilsudoise-tourisme.fr\/#website\"},\"datePublished\":\"2021-02-17T09:03:25+00:00\",\"dateModified\":\"2025-09-29T08:14:51+00:00\",\"description\":\"D\u00e9claration d\u2019accessibilit\u00e9 \u00c9tablie le&nbsp;29 septembre 2025. Notre organisation&nbsp;s\u2019engage \u00e0 rendre son service accessible, conform\u00e9ment \u00e0 l\u2019article\",\"breadcrumb\":{\"@id\":\"https:\/\/www.creilsudoise-tourisme.fr\/pratique\/accessibilite\/#breadcrumb\"},\"inLanguage\":\"de\",\"potentialAction\":[{\"@type\":\"ReadAction\",\"target\":[\"https:\/\/www.creilsudoise-tourisme.fr\/pratique\/accessibilite\/\"]}]},{\"@type\":\"BreadcrumbList\",\"@id\":\"https:\/\/www.creilsudoise-tourisme.fr\/pratique\/accessibilite\/#breadcrumb\",\"itemListElement\":[{\"@type\":\"ListItem\",\"position\":1,\"name\":\"Accueil\",\"item\":\"https:\/\/www.creilsudoise-tourisme.fr\/\"},{\"@type\":\"ListItem\",\"position\":2,\"name\":\"Pratique\",\"item\":\"https:\/\/www.creilsudoise-tourisme.fr\/pratique\/\"},{\"@type\":\"ListItem\",\"position\":3,\"name\":\"Accessibilit\u00e9\"}]},{\"@type\":\"WebSite\",\"@id\":\"https:\/\/www.creilsudoise-tourisme.fr\/#website\",\"url\":\"https:\/\/www.creilsudoise-tourisme.fr\/\",\"name\":\"Office de Tourisme Creil Sud Oise\",\"description\":\"Creil Sud Oise Tourisme, un territoire \u00e0 explorer !\",\"publisher\":{\"@id\":\"https:\/\/www.creilsudoise-tourisme.fr\/#organization\"},\"potentialAction\":[{\"@type\":\"SearchAction\",\"target\":{\"@type\":\"EntryPoint\",\"urlTemplate\":\"https:\/\/www.creilsudoise-tourisme.fr\/?s={search_term_string}\"},\"query-input\":\"required name=search_term_string\"}],\"inLanguage\":\"de\"},{\"@type\":\"Organization\",\"@id\":\"https:\/\/www.creilsudoise-tourisme.fr\/#organization\",\"name\":\"Creil Sud Oise Tourisme\",\"url\":\"https:\/\/www.creilsudoise-tourisme.fr\/\",\"logo\":{\"@type\":\"ImageObject\",\"inLanguage\":\"de\",\"@id\":\"https:\/\/www.creilsudoise-tourisme.fr\/#\/schema\/logo\/image\/\",\"url\":\"https:\/\/www.creilsudoise-tourisme.fr\/wp-content\/uploads\/2021\/05\/logo-svg.png\",\"contentUrl\":\"https:\/\/www.creilsudoise-tourisme.fr\/wp-content\/uploads\/2021\/05\/logo-svg.png\",\"width\":182,\"height\":71,\"caption\":\"Creil Sud Oise Tourisme\"},\"image\":{\"@id\":\"https:\/\/www.creilsudoise-tourisme.fr\/#\/schema\/logo\/image\/\"},\"sameAs\":[\"https:\/\/www.facebook.com\/creilsudoisetourisme\/\",\"https:\/\/twitter.com\/CreilSudOiseOT\",\"https:\/\/www.instagram.com\/creilsudoisetourisme\/\",\"https:\/\/www.youtube.com\/channel\/UC8L_QD2wwyADW14zt9fY8kw\"]}]}<\/script>\n<!-- \/ Yoast SEO plugin. -->","yoast_head_json":{"title":"Accessibilit\u00e9 - Office de Tourisme Creil Sud Oise","description":"D\u00e9claration d\u2019accessibilit\u00e9 \u00c9tablie le&nbsp;29 septembre 2025. Notre organisation&nbsp;s\u2019engage \u00e0 rendre son service accessible, conform\u00e9ment \u00e0 l\u2019article","robots":{"index":"index","follow":"follow","max-snippet":"max-snippet:-1","max-image-preview":"max-image-preview:large","max-video-preview":"max-video-preview:-1"},"canonical":"https:\/\/www.creilsudoise-tourisme.fr\/de\/praxis\/zuganglichkeit\/","og_locale":"de_DE","og_type":"article","og_title":"Accessibilit\u00e9 - Office de Tourisme Creil Sud Oise","og_description":"D\u00e9claration d\u2019accessibilit\u00e9 \u00c9tablie le&nbsp;29 septembre 2025. Notre organisation&nbsp;s\u2019engage \u00e0 rendre son service accessible, conform\u00e9ment \u00e0 l\u2019article","og_url":"https:\/\/www.creilsudoise-tourisme.fr\/de\/praxis\/zuganglichkeit\/","og_site_name":"Office de Tourisme Creil Sud Oise","article_publisher":"https:\/\/www.facebook.com\/creilsudoisetourisme\/","article_modified_time":"2025-09-29T08:14:51+00:00","og_image":[{"width":512,"height":293,"url":"https:\/\/www.creilsudoise-tourisme.fr\/wp-content\/uploads\/2021\/05\/Logo_TourismeHandicap.jpg","type":"image\/jpeg"}],"twitter_card":"summary_large_image","twitter_site":"@CreilSudOiseOT","twitter_misc":{"Gesch\u00e4tzte Lesezeit":"3\u00a0Minuten"},"schema":{"@context":"https:\/\/schema.org","@graph":[{"@type":"WebPage","@id":"https:\/\/www.creilsudoise-tourisme.fr\/pratique\/accessibilite\/","url":"https:\/\/www.creilsudoise-tourisme.fr\/pratique\/accessibilite\/","name":"Accessibilit\u00e9 - Office de Tourisme Creil Sud Oise","isPartOf":{"@id":"https:\/\/www.creilsudoise-tourisme.fr\/#website"},"datePublished":"2021-02-17T09:03:25+00:00","dateModified":"2025-09-29T08:14:51+00:00","description":"D\u00e9claration d\u2019accessibilit\u00e9 \u00c9tablie le&nbsp;29 septembre 2025. Notre organisation&nbsp;s\u2019engage \u00e0 rendre son service accessible, conform\u00e9ment \u00e0 l\u2019article","breadcrumb":{"@id":"https:\/\/www.creilsudoise-tourisme.fr\/pratique\/accessibilite\/#breadcrumb"},"inLanguage":"de","potentialAction":[{"@type":"ReadAction","target":["https:\/\/www.creilsudoise-tourisme.fr\/pratique\/accessibilite\/"]}]},{"@type":"BreadcrumbList","@id":"https:\/\/www.creilsudoise-tourisme.fr\/pratique\/accessibilite\/#breadcrumb","itemListElement":[{"@type":"ListItem","position":1,"name":"Accueil","item":"https:\/\/www.creilsudoise-tourisme.fr\/"},{"@type":"ListItem","position":2,"name":"Pratique","item":"https:\/\/www.creilsudoise-tourisme.fr\/pratique\/"},{"@type":"ListItem","position":3,"name":"Accessibilit\u00e9"}]},{"@type":"WebSite","@id":"https:\/\/www.creilsudoise-tourisme.fr\/#website","url":"https:\/\/www.creilsudoise-tourisme.fr\/","name":"Office de Tourisme Creil Sud Oise","description":"Creil Sud Oise Tourisme, un territoire \u00e0 explorer !","publisher":{"@id":"https:\/\/www.creilsudoise-tourisme.fr\/#organization"},"potentialAction":[{"@type":"SearchAction","target":{"@type":"EntryPoint","urlTemplate":"https:\/\/www.creilsudoise-tourisme.fr\/?s={search_term_string}"},"query-input":"required name=search_term_string"}],"inLanguage":"de"},{"@type":"Organization","@id":"https:\/\/www.creilsudoise-tourisme.fr\/#organization","name":"Creil Sud Oise Tourisme","url":"https:\/\/www.creilsudoise-tourisme.fr\/","logo":{"@type":"ImageObject","inLanguage":"de","@id":"https:\/\/www.creilsudoise-tourisme.fr\/#\/schema\/logo\/image\/","url":"https:\/\/www.creilsudoise-tourisme.fr\/wp-content\/uploads\/2021\/05\/logo-svg.png","contentUrl":"https:\/\/www.creilsudoise-tourisme.fr\/wp-content\/uploads\/2021\/05\/logo-svg.png","width":182,"height":71,"caption":"Creil Sud Oise Tourisme"},"image":{"@id":"https:\/\/www.creilsudoise-tourisme.fr\/#\/schema\/logo\/image\/"},"sameAs":["https:\/\/www.facebook.com\/creilsudoisetourisme\/","https:\/\/twitter.com\/CreilSudOiseOT","https:\/\/www.instagram.com\/creilsudoisetourisme\/","https:\/\/www.youtube.com\/channel\/UC8L_QD2wwyADW14zt9fY8kw"]}]}},"_links":{"self":[{"href":"https:\/\/www.creilsudoise-tourisme.fr\/de\/wp-json\/wp\/v2\/pages\/195"}],"collection":[{"href":"https:\/\/www.creilsudoise-tourisme.fr\/de\/wp-json\/wp\/v2\/pages"}],"about":[{"href":"https:\/\/www.creilsudoise-tourisme.fr\/de\/wp-json\/wp\/v2\/types\/page"}],"author":[{"embeddable":true,"href":"https:\/\/www.creilsudoise-tourisme.fr\/de\/wp-json\/wp\/v2\/users\/1"}],"replies":[{"embeddable":true,"href":"https:\/\/www.creilsudoise-tourisme.fr\/de\/wp-json\/wp\/v2\/comments?post=195"}],"version-history":[{"count":33,"href":"https:\/\/www.creilsudoise-tourisme.fr\/de\/wp-json\/wp\/v2\/pages\/195\/revisions"}],"predecessor-version":[{"id":65412,"href":"https:\/\/www.creilsudoise-tourisme.fr\/de\/wp-json\/wp\/v2\/pages\/195\/revisions\/65412"}],"up":[{"embeddable":true,"href":"https:\/\/www.creilsudoise-tourisme.fr\/de\/wp-json\/wp\/v2\/pages\/191"}],"wp:featuredmedia":[{"embeddable":true,"href":"https:\/\/www.creilsudoise-tourisme.fr\/de\/wp-json\/wp\/v2\/media\/35253"}],"wp:attachment":[{"href":"https:\/\/www.creilsudoise-tourisme.fr\/de\/wp-json\/wp\/v2\/media?parent=195"}],"curies":[{"name":"wp","href":"https:\/\/api.w.org\/{rel}","templated":true}]}}