{"id":159,"date":"2021-02-17T10:02:50","date_gmt":"2021-02-17T09:02:50","guid":{"rendered":"https:\/\/www.creilsudoise-tourisme.fr\/le-musee-de-la-guesdiere\/"},"modified":"2026-02-10T17:01:53","modified_gmt":"2026-02-10T16:01:53","slug":"musee-guesdiere","status":"publish","type":"page","link":"https:\/\/www.creilsudoise-tourisme.fr\/de\/jexplore\/unumganglich\/musee-guesdiere\/","title":{"rendered":"Das Museum von La Guesdi\u00e8re"},"content":{"rendered":"<p class=\"is-style-excerpt\"><strong>Das Mus\u00e9e de la Guesdi\u00e8re befindet sich im historischen Stadtkern von Saint-Leu-d'Esserent.<\/strong>In der N\u00e4he von Chantilly und Senlis. Es besteht aus vier Zimmern, die sich in den \u00e4ltesten Teilen des ehemaligen Schlosses von Saint-Leu-d'Esserent befinden, das ihm auch seinen Namen gab: Ch\u00e2teau de la Guesdi\u00e8re.<\/p>\n\n\n\n<h2>Ein Museum \u00fcber die lokale Geschichte<\/h2>\n\n\n\n<p class=\"has-text-align-center\"><strong>Das Mus\u00e9e de la Guesdi\u00e8re ist derzeit geschlossen, um sich zu versch\u00f6nern! [Update Februar 2026]<\/strong><\/p>\n\n\n\n<p>Wenn man in den Hof des Museums kommt, steht man bewundernd vor <strong>die Sch\u00f6nheit des architektonischen Ensembles aus Kalkstein, das typisch f\u00fcr den S\u00fcden des Departements Oise ist<\/strong> die das warme Licht der Sonne reflektiert. Dies ist die perfekte Kulisse f\u00fcr eine<strong> Erinnerungsfoto<\/strong> ! Im Sommer sieht man oft Brautpaare, die f\u00fcr ihre Hochzeitsfotos durch den Park spazieren.<\/p>\n\n\n\n<figure class=\"wp-block-image alignwide size-large\"><img decoding=\"async\" loading=\"lazy\" width=\"1200\" height=\"675\" data-src=\"https:\/\/www.creilsudoise-tourisme.fr\/wp-content\/uploads\/2021\/03\/Exte\u0301rieurs-du-Muse\u0301e-de-la-Guesdie\u0300re-1200x675.jpg\" alt=\"\" class=\"wp-image-32741\" data-srcset=\"https:\/\/www.creilsudoise-tourisme.fr\/wp-content\/uploads\/2021\/03\/Exte\u0301rieurs-du-Muse\u0301e-de-la-Guesdie\u0300re-1200x675.jpg 1200w, https:\/\/www.creilsudoise-tourisme.fr\/wp-content\/uploads\/2021\/03\/Exte\u0301rieurs-du-Muse\u0301e-de-la-Guesdie\u0300re-600x338.jpg 600w, https:\/\/www.creilsudoise-tourisme.fr\/wp-content\/uploads\/2021\/03\/Exte\u0301rieurs-du-Muse\u0301e-de-la-Guesdie\u0300re-900x506.jpg 900w, https:\/\/www.creilsudoise-tourisme.fr\/wp-content\/uploads\/2021\/03\/Exte\u0301rieurs-du-Muse\u0301e-de-la-Guesdie\u0300re-1536x864.jpg 1536w, https:\/\/www.creilsudoise-tourisme.fr\/wp-content\/uploads\/2021\/03\/Exte\u0301rieurs-du-Muse\u0301e-de-la-Guesdie\u0300re-200x113.jpg 200w, https:\/\/www.creilsudoise-tourisme.fr\/wp-content\/uploads\/2021\/03\/Exte\u0301rieurs-du-Muse\u0301e-de-la-Guesdie\u0300re-650x366.jpg 650w, https:\/\/www.creilsudoise-tourisme.fr\/wp-content\/uploads\/2021\/03\/Exte\u0301rieurs-du-Muse\u0301e-de-la-Guesdie\u0300re-387x218.jpg 387w, https:\/\/www.creilsudoise-tourisme.fr\/wp-content\/uploads\/2021\/03\/Exte\u0301rieurs-du-Muse\u0301e-de-la-Guesdie\u0300re.jpg 1600w\" sizes=\"(max-width: 1200px) 100vw, 1200px\" \/><figcaption class=\"wp-element-caption\">Das Mus\u00e9e de la Guesdi\u00e8re befindet sich in den ehemaligen Stallungen des Schlosses, dem heutigen Rathaus der Stadt.<\/figcaption><\/figure>\n\n\n\n<p>Der ganze Charme dieses Museums liegt in der Seele dieses Ortes, der die Jahrhunderte \u00fcberdauert hat: Der Hauptraum, durch den man eintritt, ist tats\u00e4chlich <strong>der ehemalige Stall des mittelalterlichen Schlosses<\/strong> gekennzeichnet durch gro\u00dfe Tore und eine sehr hohe Decke. Das Halbdunkel, das hier herrscht, versetzt uns in einen Kokon au\u00dferhalb der Zeit, der zur Kontemplation einl\u00e4dt. In diesem ersten Raum entdecken wir <strong>eine Ausstellung \u00fcber die wichtigsten Ereignisse und ber\u00fchmten Pers\u00f6nlichkeiten von Saint-Leu-d'Esserent wie Marie F\u00e9licie Orsini<\/strong> (Nichte von Maria de Medici)<strong> und ihr Ehemann, Henri II de Montmorency<\/strong> (Urenkel des Conn\u00e9table Anne de Montmorency).<\/p>\n\n\n\n<figure class=\"wp-block-image size-large\"><img decoding=\"async\" loading=\"lazy\" width=\"800\" height=\"1195\" data-src=\"https:\/\/www.creilsudoise-tourisme.fr\/wp-content\/uploads\/2021\/03\/Le-Muse\u0301e-de-la-Guesdie\u0300re-a\u0300-Saint-Leu-dEsserent.jpg\" alt=\"\" class=\"wp-image-32747\" data-srcset=\"https:\/\/www.creilsudoise-tourisme.fr\/wp-content\/uploads\/2021\/03\/Le-Muse\u0301e-de-la-Guesdie\u0300re-a\u0300-Saint-Leu-dEsserent.jpg 800w, https:\/\/www.creilsudoise-tourisme.fr\/wp-content\/uploads\/2021\/03\/Le-Muse\u0301e-de-la-Guesdie\u0300re-a\u0300-Saint-Leu-dEsserent-402x600.jpg 402w, https:\/\/www.creilsudoise-tourisme.fr\/wp-content\/uploads\/2021\/03\/Le-Muse\u0301e-de-la-Guesdie\u0300re-a\u0300-Saint-Leu-dEsserent-603x900.jpg 603w, https:\/\/www.creilsudoise-tourisme.fr\/wp-content\/uploads\/2021\/03\/Le-Muse\u0301e-de-la-Guesdie\u0300re-a\u0300-Saint-Leu-dEsserent-200x299.jpg 200w, https:\/\/www.creilsudoise-tourisme.fr\/wp-content\/uploads\/2021\/03\/Le-Muse\u0301e-de-la-Guesdie\u0300re-a\u0300-Saint-Leu-dEsserent-650x971.jpg 650w, https:\/\/www.creilsudoise-tourisme.fr\/wp-content\/uploads\/2021\/03\/Le-Muse\u0301e-de-la-Guesdie\u0300re-a\u0300-Saint-Leu-dEsserent-387x578.jpg 387w\" sizes=\"(max-width: 800px) 100vw, 800px\" \/><\/figure>\n\n\n\n<h2>Auf Entdeckungsreise zu den Baumeistern<\/h2>\n\n\n\n<p>Eine <strong>Sammlung von Steinskulpturen aus der Abteikirche<\/strong>in der N\u00e4he des Museums versetzt uns in die Zeit der Baumeister zur\u00fcck. Im n\u00e4chsten Raum kann man die gesamte<strong> Sch\u00f6nheit dieser Abteikirche dank eines wunderbaren Steinmodells<\/strong>. Die Frische und die besondere Atmosph\u00e4re, die in <strong>dieser direkt in den Felsen gegrabene Raum<\/strong> lassen uns in die Welt der ehemaligen Steinbrucharbeiter eintauchen, deren Werkzeuge wir entdecken. Man kann sich vorstellen, wie hart diese Menschen gearbeitet haben. <a href=\"https:\/\/www.creilsudoise-tourisme.fr\/de\/jexplore\/les-incontournables\/maison-de-la-pierre\/\" target=\"_blank\" rel=\"noreferrer noopener\">Arbeiter, die den Stein abgebaut haben<\/a> Jahrhunderte lang f\u00fcr den Bau unserer sch\u00f6nsten Monumente wie<strong> das Schloss Versailles, der Arc de Triomphe oder die Op\u00e9ra Garnier<\/strong>. Im n\u00e4chsten Raum wird die reiche mittelalterliche Vergangenheit der Stadt anhand der Geschichte der M\u00f6nche des Cluniazenser-Priorats thematisiert.<\/p>\n\n\n\n<h2>Die j\u00fcngere Geschichte von Saint-Leu-d'Esserent<\/h2>\n\n\n\n<p>Endlich, <strong>alte Postkarten und bewegende Berichte von Einwohnern<\/strong> lassen uns auf ergreifende Weise erleben <strong>die deutsche Besatzung und die alliierten Bombenangriffe von 1944<\/strong>. Man kann sich die schweren Zeiten vorstellen, die sie damals durchlebten, wenn man in den unterirdischen Schotterweg hinabsteigt, der jenen \u00e4hnelt, in denen sie Schutz gesucht haben.<\/p>\n\n\n\n<figure class=\"wp-block-image size-large\"><img decoding=\"async\" loading=\"lazy\" width=\"800\" height=\"712\" data-src=\"https:\/\/www.creilsudoise-tourisme.fr\/wp-content\/uploads\/2021\/03\/Souterrain-du-Muse\u0301e-de-la-Guesdie\u0300re.jpg\" alt=\"\" class=\"wp-image-32755\" data-srcset=\"https:\/\/www.creilsudoise-tourisme.fr\/wp-content\/uploads\/2021\/03\/Souterrain-du-Muse\u0301e-de-la-Guesdie\u0300re.jpg 800w, https:\/\/www.creilsudoise-tourisme.fr\/wp-content\/uploads\/2021\/03\/Souterrain-du-Muse\u0301e-de-la-Guesdie\u0300re-600x534.jpg 600w, https:\/\/www.creilsudoise-tourisme.fr\/wp-content\/uploads\/2021\/03\/Souterrain-du-Muse\u0301e-de-la-Guesdie\u0300re-200x178.jpg 200w, https:\/\/www.creilsudoise-tourisme.fr\/wp-content\/uploads\/2021\/03\/Souterrain-du-Muse\u0301e-de-la-Guesdie\u0300re-650x579.jpg 650w, https:\/\/www.creilsudoise-tourisme.fr\/wp-content\/uploads\/2021\/03\/Souterrain-du-Muse\u0301e-de-la-Guesdie\u0300re-387x344.jpg 387w\" sizes=\"(max-width: 800px) 100vw, 800px\" \/><figcaption class=\"wp-element-caption\">Das Museum pr\u00e4sentiert einen Teil unterirdisch<\/figcaption><\/figure>\n\n\n\n<p>Sei es, um bei Regen Zuflucht zu suchen oder sich dank der unterirdischen R\u00e4ume abzuk\u00fchlen, <strong>dieses Museum ist perfekt, um die lokale Geschichte zu entdecken<\/strong>. Nach der Besichtigung k\u00f6nnen wir den Spa\u00df an der Entdeckung durch eine<strong> Spaziergang durch die kleinen Fu\u00dfg\u00e4ngergassen, die bis nach <a href=\"https:\/\/www.creilsudoise-tourisme.fr\/de\/patrimoine\/abbatiale-de-saint-leu-desserent\/\" target=\"_blank\" rel=\"noreferrer noopener\">die Abteikirche<\/a><\/strong> und die<strong>ehemaliges Priorat<\/strong> die \u00fcber der Stadt thronen und einen Panoramablick \u00fcber das Tal bieten, vorbei an der<strong> Weinkellerei Bavin<\/strong>Das ehemalige Lagerhaus, das von den Cluniazenserm\u00f6nchen genutzt wurde.<\/p>\n\n\n\n<figure class=\"wp-block-image alignwide size-large\"><img decoding=\"async\" loading=\"lazy\" width=\"1200\" height=\"675\" data-src=\"https:\/\/www.creilsudoise-tourisme.fr\/wp-content\/uploads\/2021\/03\/Histoire-locale-de-Saint-Leu-d_Esserent-au-Muse\u0301e-de-la-Guesdie\u0300re-1200x675.jpg\" alt=\"\" class=\"wp-image-32759\" data-srcset=\"https:\/\/www.creilsudoise-tourisme.fr\/wp-content\/uploads\/2021\/03\/Histoire-locale-de-Saint-Leu-d_Esserent-au-Muse\u0301e-de-la-Guesdie\u0300re-1200x675.jpg 1200w, https:\/\/www.creilsudoise-tourisme.fr\/wp-content\/uploads\/2021\/03\/Histoire-locale-de-Saint-Leu-d_Esserent-au-Muse\u0301e-de-la-Guesdie\u0300re-600x338.jpg 600w, https:\/\/www.creilsudoise-tourisme.fr\/wp-content\/uploads\/2021\/03\/Histoire-locale-de-Saint-Leu-d_Esserent-au-Muse\u0301e-de-la-Guesdie\u0300re-900x506.jpg 900w, https:\/\/www.creilsudoise-tourisme.fr\/wp-content\/uploads\/2021\/03\/Histoire-locale-de-Saint-Leu-d_Esserent-au-Muse\u0301e-de-la-Guesdie\u0300re-1536x864.jpg 1536w, https:\/\/www.creilsudoise-tourisme.fr\/wp-content\/uploads\/2021\/03\/Histoire-locale-de-Saint-Leu-d_Esserent-au-Muse\u0301e-de-la-Guesdie\u0300re-200x113.jpg 200w, https:\/\/www.creilsudoise-tourisme.fr\/wp-content\/uploads\/2021\/03\/Histoire-locale-de-Saint-Leu-d_Esserent-au-Muse\u0301e-de-la-Guesdie\u0300re-1600x900.jpg 1600w, https:\/\/www.creilsudoise-tourisme.fr\/wp-content\/uploads\/2021\/03\/Histoire-locale-de-Saint-Leu-d_Esserent-au-Muse\u0301e-de-la-Guesdie\u0300re-650x366.jpg 650w, https:\/\/www.creilsudoise-tourisme.fr\/wp-content\/uploads\/2021\/03\/Histoire-locale-de-Saint-Leu-d_Esserent-au-Muse\u0301e-de-la-Guesdie\u0300re-387x218.jpg 387w, https:\/\/www.creilsudoise-tourisme.fr\/wp-content\/uploads\/2021\/03\/Histoire-locale-de-Saint-Leu-d_Esserent-au-Muse\u0301e-de-la-Guesdie\u0300re.jpg 1920w\" sizes=\"(max-width: 1200px) 100vw, 1200px\" \/><figcaption class=\"wp-element-caption\">Die Stadt Saint-Leu-d'Esserent wurde 1944 von den alliierten Bombenangriffen schwer getroffen.<\/figcaption><\/figure>\n\n\n\n\n\n\n<div class=\"wp-block wp-block-related-post alignfull\">\n    <div class=\"container\">\n                    <h2 class=\"wp-block-related-post-title\">Den Entdeckern gefiel auch...<\/h2>\n                <div id=\"wpiris-related-post-34182559124934186428530541\" data-id=\"wpiris-entity-slider\">\n            <div class=\"wp-block-related-post-list wp-block-related-post-list--7\" data-id=\"wpiris-entity-slider-wrapper\">\n\n                \n<div class=\"entityItem\" data-trigger=\"wpiris-click\" data-id=\"wpiris-entity-slider-item\">\n    <p class=\"entityItemThumbnail\">\n        <a href=\"https:\/\/www.creilsudoise-tourisme.fr\/de\/espace-naturel\/jardin-de-labbatiale\/\" nofancybox>\n            <img data-src=\"https:\/\/www.creilsudoise-tourisme.fr\/wp-content\/uploads\/wpetourisme\/SAINT-LEU-D-ESSERENT-Jardin-Abbatilale-Creil-Sud-Oise-Tourisme---2--275x350.jpg\" alt=\"Garten der Abteikirche\">\n        <\/a>\n    <\/p>\n    <div class=\"entityItemContent\">\n        <h2 class=\"entityItemContentTitle\">\n            <a href=\"https:\/\/www.creilsudoise-tourisme.fr\/de\/espace-naturel\/jardin-de-labbatiale\/\">Garten der Abteikirche<\/a>\n        <\/h2>\n                    <p class=\"entityItemContentType\">Nat\u00fcrliches Erbe<\/p>\n            <\/div>\n    <a href=\"https:\/\/www.creilsudoise-tourisme.fr\/de\/espace-naturel\/jardin-de-labbatiale\/\" class=\"seeMore\"><span class=\"sr-only\">Mehr sehen<\/span><\/a>\n<\/div>\n\n<div class=\"entityItem\" data-trigger=\"wpiris-click\" data-id=\"wpiris-entity-slider-item\">\n    <p class=\"entityItemThumbnail\">\n        <a href=\"https:\/\/www.creilsudoise-tourisme.fr\/de\/patrimoine\/abbatiale-de-saint-leu-desserent\/\" nofancybox>\n            <img data-src=\"https:\/\/www.creilsudoise-tourisme.fr\/wp-content\/uploads\/wpetourisme\/Abbatiale-Saint-Nicolas-a-Saint-Leu-d-Esserent--1--275x350.jpg\" alt=\"Abteikirche Saint-Nicolas\">\n        <\/a>\n    <\/p>\n    <div class=\"entityItemContent\">\n        <h2 class=\"entityItemContentTitle\">\n            <a href=\"https:\/\/www.creilsudoise-tourisme.fr\/de\/patrimoine\/abbatiale-de-saint-leu-desserent\/\">Abteikirche Saint-Nicolas<\/a>\n        <\/h2>\n                    <p class=\"entityItemContentType\">Kulturelles Erbe<\/p>\n            <\/div>\n    <a href=\"https:\/\/www.creilsudoise-tourisme.fr\/de\/patrimoine\/abbatiale-de-saint-leu-desserent\/\" class=\"seeMore\"><span class=\"sr-only\">Mehr sehen<\/span><\/a>\n<\/div>\n\n<div class=\"entityItem\" data-trigger=\"wpiris-click\" data-id=\"wpiris-entity-slider-item\">\n    <p class=\"entityItemThumbnail\">\n        <a href=\"https:\/\/www.creilsudoise-tourisme.fr\/de\/restaurant\/hotel-de-loise-2\/\" nofancybox>\n            <img data-src=\"https:\/\/www.creilsudoise-tourisme.fr\/wp-content\/uploads\/2021\/02\/defaut-275x350.jpg\" alt=\"H\u00f4tel de l&#039;Oise\">\n        <\/a>\n    <\/p>\n    <div class=\"entityItemContent\">\n        <h2 class=\"entityItemContentTitle\">\n            <a href=\"https:\/\/www.creilsudoise-tourisme.fr\/de\/restaurant\/hotel-de-loise-2\/\">H\u00f4tel de l'Oise<\/a>\n        <\/h2>\n                    <p class=\"entityItemContentType\">Verpflegung<\/p>\n            <\/div>\n    <a href=\"https:\/\/www.creilsudoise-tourisme.fr\/de\/restaurant\/hotel-de-loise-2\/\" class=\"seeMore\"><span class=\"sr-only\">Mehr sehen<\/span><\/a>\n<\/div>\n\n<div class=\"entityItem\" data-trigger=\"wpiris-click\" data-id=\"wpiris-entity-slider-item\">\n    <p class=\"entityItemThumbnail\">\n        <a href=\"https:\/\/www.creilsudoise-tourisme.fr\/de\/espace-naturel\/jardin-de-la-mairie\/\" nofancybox>\n            <img data-src=\"https:\/\/www.creilsudoise-tourisme.fr\/wp-content\/uploads\/wpetourisme\/Saint-Leu-d-Esserent-Rencontre-explorateurs-2024-visite-medievale-Creil-Sud-Oise-Tourisme--83--275x350.jpg\" alt=\"Garten des Rathauses\">\n        <\/a>\n    <\/p>\n    <div class=\"entityItemContent\">\n        <h2 class=\"entityItemContentTitle\">\n            <a href=\"https:\/\/www.creilsudoise-tourisme.fr\/de\/espace-naturel\/jardin-de-la-mairie\/\">Garten des Rathauses<\/a>\n        <\/h2>\n                    <p class=\"entityItemContentType\">Nat\u00fcrliches Erbe<\/p>\n            <\/div>\n    <a href=\"https:\/\/www.creilsudoise-tourisme.fr\/de\/espace-naturel\/jardin-de-la-mairie\/\" class=\"seeMore\"><span class=\"sr-only\">Mehr sehen<\/span><\/a>\n<\/div>\n\n<div class=\"entityItem\" data-trigger=\"wpiris-click\" data-id=\"wpiris-entity-slider-item\">\n    <p class=\"entityItemThumbnail\">\n        <a href=\"https:\/\/www.creilsudoise-tourisme.fr\/de\/loisirs\/picknickplatz-von-saint-leu-desserent\/\" nofancybox>\n            <img data-src=\"https:\/\/www.creilsudoise-tourisme.fr\/wp-content\/uploads\/wpetourisme\/IMG20190901131144-275x350.jpg\" alt=\"Picknickplatz in Saint-Leu-d&#039;Esserent\">\n        <\/a>\n    <\/p>\n    <div class=\"entityItemContent\">\n        <h2 class=\"entityItemContentTitle\">\n            <a href=\"https:\/\/www.creilsudoise-tourisme.fr\/de\/loisirs\/picknickplatz-von-saint-leu-desserent\/\">Picknickplatz in Saint-Leu-d'Esserent<\/a>\n        <\/h2>\n                    <p class=\"entityItemContentType\">Sportliche und kulturelle Aktivit\u00e4ten und Wanderformeln<\/p>\n            <\/div>\n    <a href=\"https:\/\/www.creilsudoise-tourisme.fr\/de\/loisirs\/picknickplatz-von-saint-leu-desserent\/\" class=\"seeMore\"><span class=\"sr-only\">Mehr sehen<\/span><\/a>\n<\/div>\n\n<div class=\"entityItem\" data-trigger=\"wpiris-click\" data-id=\"wpiris-entity-slider-item\">\n    <p class=\"entityItemThumbnail\">\n        <a href=\"https:\/\/www.creilsudoise-tourisme.fr\/de\/patrimoine\/chateau-de-montataire-2\/\" nofancybox>\n            <img data-src=\"https:\/\/www.creilsudoise-tourisme.fr\/wp-content\/uploads\/wpetourisme\/Chateau-de-Montataire---Creil-Sud-Oise-Tourisme--3--275x350.jpg\" alt=\"Schloss von Montataire\">\n        <\/a>\n    <\/p>\n    <div class=\"entityItemContent\">\n        <h2 class=\"entityItemContentTitle\">\n            <a href=\"https:\/\/www.creilsudoise-tourisme.fr\/de\/patrimoine\/chateau-de-montataire-2\/\">Schloss von Montataire<\/a>\n        <\/h2>\n                    <p class=\"entityItemContentType\">Kulturelles Erbe<\/p>\n            <\/div>\n    <a href=\"https:\/\/www.creilsudoise-tourisme.fr\/de\/patrimoine\/chateau-de-montataire-2\/\" class=\"seeMore\"><span class=\"sr-only\">Mehr sehen<\/span><\/a>\n<\/div>\n            <\/div>\n\n            \n<div class=\"sliderNav\">\n    <div class=\"sliderNavWrapper\">\n        <p class=\"swiperArrow swiperArrow--next\" data-trigger=\"swiper-next\">\n            <span class=\"sr-only\">Weiter zu<\/span>\n        <\/p>\n        <p class=\"swiperArrow swiperArrow--prev\" data-trigger=\"swiper-prev\">\n            <span class=\"sr-only\">Vorherige<\/span>\n        <\/p>\n    <\/div>\n<\/div>\n        <\/div>\n    <\/div>\n<\/div>","protected":false},"excerpt":{"rendered":"<p>Das Mus\u00e9e de la Guesdi\u00e8re befindet sich im historischen Stadtkern von Saint-Leu-d'Esserent, in der N\u00e4he von Chantilly und Senlis. Es besteht aus vier R\u00e4umen, die sich in den \u00e4ltesten Teilen des ehemaligen Schlosses von Saint-Leu-d'Esserent befinden, das ihm auch seinen Namen gab: Ch\u00e2teau de la Guesdi\u00e8re. Ein Museum \u00fcber die lokale Geschichte Das [...].<\/p>","protected":false},"author":1,"featured_media":32740,"parent":131,"menu_order":8,"comment_status":"closed","ping_status":"closed","template":"","meta":{"_relevanssi_hide_post":"","_relevanssi_hide_content":"","_relevanssi_pin_for_all":"","_relevanssi_pin_keywords":"","_relevanssi_unpin_keywords":"","_relevanssi_related_keywords":"","_relevanssi_related_include_ids":"","_relevanssi_related_exclude_ids":"","_relevanssi_related_no_append":"","_relevanssi_related_not_related":"","_relevanssi_related_posts":"267,273,275,271","_relevanssi_noindex_reason":""},"yoast_head":"<!-- This site is optimized with the Yoast SEO plugin v20.2.1 - https:\/\/yoast.com\/wordpress\/plugins\/seo\/ -->\n<title>Histoire locale de Saint-Leu-d\u2019Esserent au Mus\u00e9e de la Guesdi\u00e8re<\/title>\n<meta name=\"description\" content=\"Situ\u00e9 en face de la Mairie de Saint-Leu-d\u2019Esserent, le Mus\u00e9e de la Guesdi\u00e8re (gratuit) retrace l\u2019histoire m\u00e9di\u00e9vale et plus r\u00e9cente de la ville.\" \/>\n<meta name=\"robots\" content=\"index, follow, max-snippet:-1, max-image-preview:large, max-video-preview:-1\" \/>\n<link rel=\"canonical\" href=\"https:\/\/www.creilsudoise-tourisme.fr\/de\/jexplore\/unumganglich\/musee-guesdiere\/\" \/>\n<meta property=\"og:locale\" content=\"de_DE\" \/>\n<meta property=\"og:type\" content=\"article\" \/>\n<meta property=\"og:title\" content=\"Histoire locale de Saint-Leu-d\u2019Esserent au Mus\u00e9e de la Guesdi\u00e8re\" \/>\n<meta property=\"og:description\" content=\"Situ\u00e9 en face de la Mairie de Saint-Leu-d\u2019Esserent, le Mus\u00e9e de la Guesdi\u00e8re (gratuit) retrace l\u2019histoire m\u00e9di\u00e9vale et plus r\u00e9cente de la ville.\" \/>\n<meta property=\"og:url\" content=\"https:\/\/www.creilsudoise-tourisme.fr\/de\/jexplore\/unumganglich\/musee-guesdiere\/\" \/>\n<meta property=\"og:site_name\" content=\"Office de Tourisme Creil Sud Oise\" \/>\n<meta property=\"article:publisher\" content=\"https:\/\/www.facebook.com\/creilsudoisetourisme\/\" \/>\n<meta property=\"article:modified_time\" content=\"2026-02-10T16:01:53+00:00\" \/>\n<meta property=\"og:image\" content=\"https:\/\/www.creilsudoise-tourisme.fr\/wp-content\/uploads\/2021\/03\/Bateau-de-transport-des-pierres-au-Muse\u0301e-de-la-Guesdie\u0300re-1.jpg\" \/>\n\t<meta property=\"og:image:width\" content=\"1600\" \/>\n\t<meta property=\"og:image:height\" content=\"900\" \/>\n\t<meta property=\"og:image:type\" content=\"image\/jpeg\" \/>\n<meta name=\"twitter:card\" content=\"summary_large_image\" \/>\n<meta name=\"twitter:site\" content=\"@CreilSudOiseOT\" \/>\n<meta name=\"twitter:label1\" content=\"Gesch\u00e4tzte Lesezeit\" \/>\n\t<meta name=\"twitter:data1\" content=\"4\u00a0Minuten\" \/>\n<script type=\"application\/ld+json\" class=\"yoast-schema-graph\">{\"@context\":\"https:\/\/schema.org\",\"@graph\":[{\"@type\":\"WebPage\",\"@id\":\"https:\/\/www.creilsudoise-tourisme.fr\/jexplore\/incontournables\/musee-guesdiere\/\",\"url\":\"https:\/\/www.creilsudoise-tourisme.fr\/jexplore\/incontournables\/musee-guesdiere\/\",\"name\":\"Histoire locale de Saint-Leu-d\u2019Esserent au Mus\u00e9e de la Guesdi\u00e8re\",\"isPartOf\":{\"@id\":\"https:\/\/www.creilsudoise-tourisme.fr\/#website\"},\"datePublished\":\"2021-02-17T09:02:50+00:00\",\"dateModified\":\"2026-02-10T16:01:53+00:00\",\"description\":\"Situ\u00e9 en face de la Mairie de Saint-Leu-d\u2019Esserent, le Mus\u00e9e de la Guesdi\u00e8re (gratuit) retrace l\u2019histoire m\u00e9di\u00e9vale et plus r\u00e9cente de la ville.\",\"breadcrumb\":{\"@id\":\"https:\/\/www.creilsudoise-tourisme.fr\/jexplore\/incontournables\/musee-guesdiere\/#breadcrumb\"},\"inLanguage\":\"de\",\"potentialAction\":[{\"@type\":\"ReadAction\",\"target\":[\"https:\/\/www.creilsudoise-tourisme.fr\/jexplore\/incontournables\/musee-guesdiere\/\"]}]},{\"@type\":\"BreadcrumbList\",\"@id\":\"https:\/\/www.creilsudoise-tourisme.fr\/jexplore\/incontournables\/musee-guesdiere\/#breadcrumb\",\"itemListElement\":[{\"@type\":\"ListItem\",\"position\":1,\"name\":\"Accueil\",\"item\":\"https:\/\/www.creilsudoise-tourisme.fr\/\"},{\"@type\":\"ListItem\",\"position\":2,\"name\":\"J&rsquo;explore\",\"item\":\"https:\/\/www.creilsudoise-tourisme.fr\/jexplore\/\"},{\"@type\":\"ListItem\",\"position\":3,\"name\":\"Les incontournables\",\"item\":\"https:\/\/www.creilsudoise-tourisme.fr\/jexplore\/incontournables\/\"},{\"@type\":\"ListItem\",\"position\":4,\"name\":\"Le Mus\u00e9e de la Guesdi\u00e8re\"}]},{\"@type\":\"WebSite\",\"@id\":\"https:\/\/www.creilsudoise-tourisme.fr\/#website\",\"url\":\"https:\/\/www.creilsudoise-tourisme.fr\/\",\"name\":\"Office de Tourisme Creil Sud Oise\",\"description\":\"Creil Sud Oise Tourisme, un territoire \u00e0 explorer !\",\"publisher\":{\"@id\":\"https:\/\/www.creilsudoise-tourisme.fr\/#organization\"},\"potentialAction\":[{\"@type\":\"SearchAction\",\"target\":{\"@type\":\"EntryPoint\",\"urlTemplate\":\"https:\/\/www.creilsudoise-tourisme.fr\/?s={search_term_string}\"},\"query-input\":\"required name=search_term_string\"}],\"inLanguage\":\"de\"},{\"@type\":\"Organization\",\"@id\":\"https:\/\/www.creilsudoise-tourisme.fr\/#organization\",\"name\":\"Creil Sud Oise Tourisme\",\"url\":\"https:\/\/www.creilsudoise-tourisme.fr\/\",\"logo\":{\"@type\":\"ImageObject\",\"inLanguage\":\"de\",\"@id\":\"https:\/\/www.creilsudoise-tourisme.fr\/#\/schema\/logo\/image\/\",\"url\":\"https:\/\/www.creilsudoise-tourisme.fr\/wp-content\/uploads\/2021\/05\/logo-svg.png\",\"contentUrl\":\"https:\/\/www.creilsudoise-tourisme.fr\/wp-content\/uploads\/2021\/05\/logo-svg.png\",\"width\":182,\"height\":71,\"caption\":\"Creil Sud Oise Tourisme\"},\"image\":{\"@id\":\"https:\/\/www.creilsudoise-tourisme.fr\/#\/schema\/logo\/image\/\"},\"sameAs\":[\"https:\/\/www.facebook.com\/creilsudoisetourisme\/\",\"https:\/\/twitter.com\/CreilSudOiseOT\",\"https:\/\/www.instagram.com\/creilsudoisetourisme\/\",\"https:\/\/www.youtube.com\/channel\/UC8L_QD2wwyADW14zt9fY8kw\"]}]}<\/script>\n<!-- \/ Yoast SEO plugin. -->","yoast_head_json":{"title":"Histoire locale de Saint-Leu-d\u2019Esserent au Mus\u00e9e de la Guesdi\u00e8re","description":"Situ\u00e9 en face de la Mairie de Saint-Leu-d\u2019Esserent, le Mus\u00e9e de la Guesdi\u00e8re (gratuit) retrace l\u2019histoire m\u00e9di\u00e9vale et plus r\u00e9cente de la ville.","robots":{"index":"index","follow":"follow","max-snippet":"max-snippet:-1","max-image-preview":"max-image-preview:large","max-video-preview":"max-video-preview:-1"},"canonical":"https:\/\/www.creilsudoise-tourisme.fr\/de\/jexplore\/unumganglich\/musee-guesdiere\/","og_locale":"de_DE","og_type":"article","og_title":"Histoire locale de Saint-Leu-d\u2019Esserent au Mus\u00e9e de la Guesdi\u00e8re","og_description":"Situ\u00e9 en face de la Mairie de Saint-Leu-d\u2019Esserent, le Mus\u00e9e de la Guesdi\u00e8re (gratuit) retrace l\u2019histoire m\u00e9di\u00e9vale et plus r\u00e9cente de la ville.","og_url":"https:\/\/www.creilsudoise-tourisme.fr\/de\/jexplore\/unumganglich\/musee-guesdiere\/","og_site_name":"Office de Tourisme Creil Sud Oise","article_publisher":"https:\/\/www.facebook.com\/creilsudoisetourisme\/","article_modified_time":"2026-02-10T16:01:53+00:00","og_image":[{"width":1600,"height":900,"url":"https:\/\/www.creilsudoise-tourisme.fr\/wp-content\/uploads\/2021\/03\/Bateau-de-transport-des-pierres-au-Muse\u0301e-de-la-Guesdie\u0300re-1.jpg","type":"image\/jpeg"}],"twitter_card":"summary_large_image","twitter_site":"@CreilSudOiseOT","twitter_misc":{"Gesch\u00e4tzte Lesezeit":"4\u00a0Minuten"},"schema":{"@context":"https:\/\/schema.org","@graph":[{"@type":"WebPage","@id":"https:\/\/www.creilsudoise-tourisme.fr\/jexplore\/incontournables\/musee-guesdiere\/","url":"https:\/\/www.creilsudoise-tourisme.fr\/jexplore\/incontournables\/musee-guesdiere\/","name":"Histoire locale de Saint-Leu-d\u2019Esserent au Mus\u00e9e de la Guesdi\u00e8re","isPartOf":{"@id":"https:\/\/www.creilsudoise-tourisme.fr\/#website"},"datePublished":"2021-02-17T09:02:50+00:00","dateModified":"2026-02-10T16:01:53+00:00","description":"Situ\u00e9 en face de la Mairie de Saint-Leu-d\u2019Esserent, le Mus\u00e9e de la Guesdi\u00e8re (gratuit) retrace l\u2019histoire m\u00e9di\u00e9vale et plus r\u00e9cente de la ville.","breadcrumb":{"@id":"https:\/\/www.creilsudoise-tourisme.fr\/jexplore\/incontournables\/musee-guesdiere\/#breadcrumb"},"inLanguage":"de","potentialAction":[{"@type":"ReadAction","target":["https:\/\/www.creilsudoise-tourisme.fr\/jexplore\/incontournables\/musee-guesdiere\/"]}]},{"@type":"BreadcrumbList","@id":"https:\/\/www.creilsudoise-tourisme.fr\/jexplore\/incontournables\/musee-guesdiere\/#breadcrumb","itemListElement":[{"@type":"ListItem","position":1,"name":"Accueil","item":"https:\/\/www.creilsudoise-tourisme.fr\/"},{"@type":"ListItem","position":2,"name":"J&rsquo;explore","item":"https:\/\/www.creilsudoise-tourisme.fr\/jexplore\/"},{"@type":"ListItem","position":3,"name":"Les incontournables","item":"https:\/\/www.creilsudoise-tourisme.fr\/jexplore\/incontournables\/"},{"@type":"ListItem","position":4,"name":"Le Mus\u00e9e de la Guesdi\u00e8re"}]},{"@type":"WebSite","@id":"https:\/\/www.creilsudoise-tourisme.fr\/#website","url":"https:\/\/www.creilsudoise-tourisme.fr\/","name":"Office de Tourisme Creil Sud Oise","description":"Creil Sud Oise Tourisme, un territoire \u00e0 explorer !","publisher":{"@id":"https:\/\/www.creilsudoise-tourisme.fr\/#organization"},"potentialAction":[{"@type":"SearchAction","target":{"@type":"EntryPoint","urlTemplate":"https:\/\/www.creilsudoise-tourisme.fr\/?s={search_term_string}"},"query-input":"required name=search_term_string"}],"inLanguage":"de"},{"@type":"Organization","@id":"https:\/\/www.creilsudoise-tourisme.fr\/#organization","name":"Creil Sud Oise Tourisme","url":"https:\/\/www.creilsudoise-tourisme.fr\/","logo":{"@type":"ImageObject","inLanguage":"de","@id":"https:\/\/www.creilsudoise-tourisme.fr\/#\/schema\/logo\/image\/","url":"https:\/\/www.creilsudoise-tourisme.fr\/wp-content\/uploads\/2021\/05\/logo-svg.png","contentUrl":"https:\/\/www.creilsudoise-tourisme.fr\/wp-content\/uploads\/2021\/05\/logo-svg.png","width":182,"height":71,"caption":"Creil Sud Oise Tourisme"},"image":{"@id":"https:\/\/www.creilsudoise-tourisme.fr\/#\/schema\/logo\/image\/"},"sameAs":["https:\/\/www.facebook.com\/creilsudoisetourisme\/","https:\/\/twitter.com\/CreilSudOiseOT","https:\/\/www.instagram.com\/creilsudoisetourisme\/","https:\/\/www.youtube.com\/channel\/UC8L_QD2wwyADW14zt9fY8kw"]}]}},"_links":{"self":[{"href":"https:\/\/www.creilsudoise-tourisme.fr\/de\/wp-json\/wp\/v2\/pages\/159"}],"collection":[{"href":"https:\/\/www.creilsudoise-tourisme.fr\/de\/wp-json\/wp\/v2\/pages"}],"about":[{"href":"https:\/\/www.creilsudoise-tourisme.fr\/de\/wp-json\/wp\/v2\/types\/page"}],"author":[{"embeddable":true,"href":"https:\/\/www.creilsudoise-tourisme.fr\/de\/wp-json\/wp\/v2\/users\/1"}],"replies":[{"embeddable":true,"href":"https:\/\/www.creilsudoise-tourisme.fr\/de\/wp-json\/wp\/v2\/comments?post=159"}],"version-history":[{"count":23,"href":"https:\/\/www.creilsudoise-tourisme.fr\/de\/wp-json\/wp\/v2\/pages\/159\/revisions"}],"predecessor-version":[{"id":67687,"href":"https:\/\/www.creilsudoise-tourisme.fr\/de\/wp-json\/wp\/v2\/pages\/159\/revisions\/67687"}],"up":[{"embeddable":true,"href":"https:\/\/www.creilsudoise-tourisme.fr\/de\/wp-json\/wp\/v2\/pages\/131"}],"wp:featuredmedia":[{"embeddable":true,"href":"https:\/\/www.creilsudoise-tourisme.fr\/de\/wp-json\/wp\/v2\/media\/32740"}],"wp:attachment":[{"href":"https:\/\/www.creilsudoise-tourisme.fr\/de\/wp-json\/wp\/v2\/media?parent=159"}],"curies":[{"name":"wp","href":"https:\/\/api.w.org\/{rel}","templated":true}]}}