{"id":157,"date":"2021-02-17T10:02:48","date_gmt":"2021-02-17T09:02:48","guid":{"rendered":"https:\/\/www.creilsudoise-tourisme.fr\/les-sites-descalade\/"},"modified":"2025-09-15T10:05:17","modified_gmt":"2025-09-15T08:05:17","slug":"glachoirs","status":"publish","type":"page","link":"https:\/\/www.creilsudoise-tourisme.fr\/de\/jexplore\/unumganglich\/glacier\/","title":{"rendered":"Die Eisdielen"},"content":{"rendered":"<p class=\"is-style-excerpt\">F\u00fcr Kletterbegeisterte m\u00fcssen Sie nicht mehr bis nach Fontainebleau fahren! <strong>Die Eisdielen<\/strong>In der N\u00e4he von Saint-Vaast-l\u00e8s-Mello und Montataire befindet sich ein au\u00dfergew\u00f6hnliches Naturgebiet,<strong> bieten Kletter- und Wanderrouten an<\/strong>In der N\u00e4he der W\u00e4lder von Chantilly und Compi\u00e8gne, nur wenige Kilometer von Paris entfernt.<\/p>\n\n\n\n<figure class=\"wp-block-embed is-type-video is-provider-youtube wp-block-embed-youtube wp-embed-aspect-16-9 wp-has-aspect-ratio\"><div class=\"wp-block-embed__wrapper\">\n<iframe loading=\"lazy\" title=\"Entdecken Sie die Website von Les Glachoirs\" width=\"500\" height=\"281\" data-src=\"https:\/\/www.youtube.com\/embed\/QCSswhFxGYo?feature=oembed\" frameborder=\"0\" allow=\"accelerometer; autoplay; clipboard-write; encrypted-media; gyroscope; picture-in-picture\" allowfullscreen><\/iframe>\n<\/div><\/figure>\n\n\n\n<h3>Les Glachoirs, ein au\u00dfergew\u00f6hnlicher Ort zum Spazierengehen und Wandern<\/h3>\n\n\n\n<p>Wenn Sie zum ersten Mal die Pfade durch die Glachoirs betreten, ist es wahrscheinlich, dass es Ihnen einen Stich versetzt. <strong>Wow-Effekt<\/strong> !&nbsp;<\/p>\n\n\n\n<p>Unsere Sinne werden in diesem<strong> ehemaliger Steinbruch zur Steingewinnung im Tagebau<\/strong> : Man bekommt viel zu sehen, umgeben von diesen gigantischen <strong>Steinbl\u00f6cke, die in den Himmel ragen<\/strong>. Der Geruch ist der des S\u00fcdens und seiner Kiefern, die erstaunlicherweise an diesem Ort wachsen ... Unsere Ohren nehmen das Klirren der Karabinerhaken der Kletterer wahr, die sich an den W\u00e4nden festschnallen. Mit den Fingerspitzen streichen wir \u00fcber die Rillen, die die Steinmetze Ende des 19. Jahrhunderts im Stein hinterlassen haben. Und was den Geschmack angeht ... wir lassen Sie Ihr Picknick an diesem magischen Ort genie\u00dfen!<\/p>\n\n\n\n<figure class=\"is-layout-flex wp-block-gallery-1 wp-block-gallery alignfull has-nested-images columns-default is-cropped\">\n<figure class=\"wp-block-image size-large\"><a href=\"https:\/\/www.creilsudoise-tourisme.fr\/wp-content\/uploads\/2021\/03\/Une-balade-aux-Glachoirs-a\u0300-Saint-Vaast-le\u0300s-Mello.jpg\"><img decoding=\"async\" loading=\"lazy\" width=\"1200\" height=\"675\" data-id=\"32787\"  data-src=\"https:\/\/www.creilsudoise-tourisme.fr\/wp-content\/uploads\/2021\/03\/Une-balade-aux-Glachoirs-a\u0300-Saint-Vaast-le\u0300s-Mello-1200x675.jpg\" alt=\"\" class=\"wp-image-32787\" data-srcset=\"https:\/\/www.creilsudoise-tourisme.fr\/wp-content\/uploads\/2021\/03\/Une-balade-aux-Glachoirs-a\u0300-Saint-Vaast-le\u0300s-Mello-1200x675.jpg 1200w, https:\/\/www.creilsudoise-tourisme.fr\/wp-content\/uploads\/2021\/03\/Une-balade-aux-Glachoirs-a\u0300-Saint-Vaast-le\u0300s-Mello-600x338.jpg 600w, https:\/\/www.creilsudoise-tourisme.fr\/wp-content\/uploads\/2021\/03\/Une-balade-aux-Glachoirs-a\u0300-Saint-Vaast-le\u0300s-Mello-900x506.jpg 900w, https:\/\/www.creilsudoise-tourisme.fr\/wp-content\/uploads\/2021\/03\/Une-balade-aux-Glachoirs-a\u0300-Saint-Vaast-le\u0300s-Mello-1536x864.jpg 1536w, https:\/\/www.creilsudoise-tourisme.fr\/wp-content\/uploads\/2021\/03\/Une-balade-aux-Glachoirs-a\u0300-Saint-Vaast-le\u0300s-Mello-200x113.jpg 200w, https:\/\/www.creilsudoise-tourisme.fr\/wp-content\/uploads\/2021\/03\/Une-balade-aux-Glachoirs-a\u0300-Saint-Vaast-le\u0300s-Mello-650x366.jpg 650w, https:\/\/www.creilsudoise-tourisme.fr\/wp-content\/uploads\/2021\/03\/Une-balade-aux-Glachoirs-a\u0300-Saint-Vaast-le\u0300s-Mello-387x218.jpg 387w, https:\/\/www.creilsudoise-tourisme.fr\/wp-content\/uploads\/2021\/03\/Une-balade-aux-Glachoirs-a\u0300-Saint-Vaast-le\u0300s-Mello.jpg 1600w\" sizes=\"(max-width: 1200px) 100vw, 1200px\" \/><\/a><figcaption class=\"wp-element-caption\">Les Glachoirs bieten ein au\u00dfergew\u00f6hnliches Panorama auf eine ehemalige Steinbruchanlage<\/figcaption><\/figure>\n\n\n\n<figure class=\"wp-block-image size-large\"><a href=\"https:\/\/www.creilsudoise-tourisme.fr\/wp-content\/uploads\/2021\/03\/Balade-aux-Glachoirs-a\u0300-Saint-Vaast-le\u0300s-Mello.jpg\"><img decoding=\"async\" loading=\"lazy\" width=\"1200\" height=\"675\" data-id=\"32790\"  data-src=\"https:\/\/www.creilsudoise-tourisme.fr\/wp-content\/uploads\/2021\/03\/Balade-aux-Glachoirs-a\u0300-Saint-Vaast-le\u0300s-Mello-1200x675.jpg\" alt=\"\" class=\"wp-image-32790\" data-srcset=\"https:\/\/www.creilsudoise-tourisme.fr\/wp-content\/uploads\/2021\/03\/Balade-aux-Glachoirs-a\u0300-Saint-Vaast-le\u0300s-Mello-1200x675.jpg 1200w, https:\/\/www.creilsudoise-tourisme.fr\/wp-content\/uploads\/2021\/03\/Balade-aux-Glachoirs-a\u0300-Saint-Vaast-le\u0300s-Mello-600x338.jpg 600w, https:\/\/www.creilsudoise-tourisme.fr\/wp-content\/uploads\/2021\/03\/Balade-aux-Glachoirs-a\u0300-Saint-Vaast-le\u0300s-Mello-900x506.jpg 900w, https:\/\/www.creilsudoise-tourisme.fr\/wp-content\/uploads\/2021\/03\/Balade-aux-Glachoirs-a\u0300-Saint-Vaast-le\u0300s-Mello-1536x864.jpg 1536w, https:\/\/www.creilsudoise-tourisme.fr\/wp-content\/uploads\/2021\/03\/Balade-aux-Glachoirs-a\u0300-Saint-Vaast-le\u0300s-Mello-200x113.jpg 200w, https:\/\/www.creilsudoise-tourisme.fr\/wp-content\/uploads\/2021\/03\/Balade-aux-Glachoirs-a\u0300-Saint-Vaast-le\u0300s-Mello-650x366.jpg 650w, https:\/\/www.creilsudoise-tourisme.fr\/wp-content\/uploads\/2021\/03\/Balade-aux-Glachoirs-a\u0300-Saint-Vaast-le\u0300s-Mello-387x218.jpg 387w, https:\/\/www.creilsudoise-tourisme.fr\/wp-content\/uploads\/2021\/03\/Balade-aux-Glachoirs-a\u0300-Saint-Vaast-le\u0300s-Mello.jpg 1600w\" sizes=\"(max-width: 1200px) 100vw, 1200px\" \/><\/a><figcaption class=\"wp-element-caption\">Genie\u00dfen Sie einen Spaziergang durch gigantische Steinbl\u00f6cke, die im 19. Jahrhundert behauen wurden.<\/figcaption><\/figure>\n\n\n\n<figure class=\"wp-block-image size-large\"><a href=\"https:\/\/www.creilsudoise-tourisme.fr\/wp-content\/uploads\/2022\/12\/311738475_542283851237787_23585244554581322_n.jpg\"><img decoding=\"async\" loading=\"lazy\" width=\"1200\" height=\"675\" data-id=\"43757\"  data-src=\"https:\/\/www.creilsudoise-tourisme.fr\/wp-content\/uploads\/2022\/12\/311738475_542283851237787_23585244554581322_n-1200x675.jpg\" alt=\"Die Glachoirs aus der Luft gesehen\" class=\"wp-image-43757\" data-srcset=\"https:\/\/www.creilsudoise-tourisme.fr\/wp-content\/uploads\/2022\/12\/311738475_542283851237787_23585244554581322_n-1200x675.jpg 1200w, https:\/\/www.creilsudoise-tourisme.fr\/wp-content\/uploads\/2022\/12\/311738475_542283851237787_23585244554581322_n-600x338.jpg 600w, https:\/\/www.creilsudoise-tourisme.fr\/wp-content\/uploads\/2022\/12\/311738475_542283851237787_23585244554581322_n-900x507.jpg 900w, https:\/\/www.creilsudoise-tourisme.fr\/wp-content\/uploads\/2022\/12\/311738475_542283851237787_23585244554581322_n-200x113.jpg 200w, https:\/\/www.creilsudoise-tourisme.fr\/wp-content\/uploads\/2022\/12\/311738475_542283851237787_23585244554581322_n-650x366.jpg 650w, https:\/\/www.creilsudoise-tourisme.fr\/wp-content\/uploads\/2022\/12\/311738475_542283851237787_23585244554581322_n-387x218.jpg 387w, https:\/\/www.creilsudoise-tourisme.fr\/wp-content\/uploads\/2022\/12\/311738475_542283851237787_23585244554581322_n.jpg 1400w\" sizes=\"(max-width: 1200px) 100vw, 1200px\" \/><\/a><figcaption class=\"wp-element-caption\">Die Glachoirs aus der Luft gesehen<\/figcaption><\/figure>\n\n\n\n<figure class=\"wp-block-image size-large\"><a href=\"https:\/\/www.creilsudoise-tourisme.fr\/wp-content\/uploads\/2021\/03\/Les-Glachoirs-un-site-dexception-a\u0300-Saint-Vaast-le\u0300s-Mello.jpg\"><img decoding=\"async\" loading=\"lazy\" width=\"1200\" height=\"675\" data-id=\"32789\"  data-src=\"https:\/\/www.creilsudoise-tourisme.fr\/wp-content\/uploads\/2021\/03\/Les-Glachoirs-un-site-dexception-a\u0300-Saint-Vaast-le\u0300s-Mello-1200x675.jpg\" alt=\"\" class=\"wp-image-32789\" data-srcset=\"https:\/\/www.creilsudoise-tourisme.fr\/wp-content\/uploads\/2021\/03\/Les-Glachoirs-un-site-dexception-a\u0300-Saint-Vaast-le\u0300s-Mello-1200x675.jpg 1200w, https:\/\/www.creilsudoise-tourisme.fr\/wp-content\/uploads\/2021\/03\/Les-Glachoirs-un-site-dexception-a\u0300-Saint-Vaast-le\u0300s-Mello-600x338.jpg 600w, https:\/\/www.creilsudoise-tourisme.fr\/wp-content\/uploads\/2021\/03\/Les-Glachoirs-un-site-dexception-a\u0300-Saint-Vaast-le\u0300s-Mello-900x506.jpg 900w, https:\/\/www.creilsudoise-tourisme.fr\/wp-content\/uploads\/2021\/03\/Les-Glachoirs-un-site-dexception-a\u0300-Saint-Vaast-le\u0300s-Mello-1536x864.jpg 1536w, https:\/\/www.creilsudoise-tourisme.fr\/wp-content\/uploads\/2021\/03\/Les-Glachoirs-un-site-dexception-a\u0300-Saint-Vaast-le\u0300s-Mello-200x113.jpg 200w, https:\/\/www.creilsudoise-tourisme.fr\/wp-content\/uploads\/2021\/03\/Les-Glachoirs-un-site-dexception-a\u0300-Saint-Vaast-le\u0300s-Mello-650x366.jpg 650w, https:\/\/www.creilsudoise-tourisme.fr\/wp-content\/uploads\/2021\/03\/Les-Glachoirs-un-site-dexception-a\u0300-Saint-Vaast-le\u0300s-Mello-387x218.jpg 387w, https:\/\/www.creilsudoise-tourisme.fr\/wp-content\/uploads\/2021\/03\/Les-Glachoirs-un-site-dexception-a\u0300-Saint-Vaast-le\u0300s-Mello.jpg 1600w\" sizes=\"(max-width: 1200px) 100vw, 1200px\" \/><\/a><figcaption class=\"wp-element-caption\">Wanderungen und Entdeckungen durch die Gletscherschmelzen<\/figcaption><\/figure>\n<\/figure>\n\n\n\n<h3>Les Glachoirs, ein gesch\u00fctztes Naturgebiet<\/h3>\n\n\n\n<p>Les Glachoirs steht auch und vor allem f\u00fcr eine einzigartige Biodiversit\u00e4t, die uns eine Umgebung bietet, die nur wenig mit den traditionellen lokalen Landschaften zu tun hat. L'<strong>Raum ist als Zone Naturelle d'Int\u00e9r\u00eat \u00c9cologique, Faunistique et Floristique (Naturgebiet von \u00f6kologischem, faunistischem und floristischem Interesse) eingestuft.<\/strong> (Achten Sie darauf, dass Sie bei Ihren Wanderungen oder Picknicks alle Ihre Sachen oder Abf\u00e4lle wieder mitnehmen und vor allem niemals Blumen oder Pflanzen pfl\u00fccken).<\/p>\n\n\n\n<p>Um Ihren Spaziergang zu vervollst\u00e4ndigen, sollten Sie nicht vers\u00e4umen, unterhalb des Dorfes die<a href=\"https:\/\/www.creilsudoise-tourisme.fr\/de\/espace-naturel\/chantraine-sumpf\/\" target=\"_blank\" rel=\"noreferrer noopener\"><strong>Teich von Saint-Vaast<\/strong> (oder Marais de Chantraine)<\/a>Es ist ein Naturschutzgebiet, das wegen seiner einzigartigen Flora und Fauna gesch\u00fctzt ist.<\/p>\n\n\n\n<h3>Les Glachoirs, ein einzigartiges Klettergebiet<\/h3>\n\n\n\n<p>Seit 2019 wird dank einer Partnerschaft zwischen dem<a href=\"https:\/\/www.creilsudoise.fr\/\" target=\"_blank\" rel=\"noreferrer noopener\">Agglomeration Creil Sud Oise<\/a>, die St\u00e4dte von <a href=\"https:\/\/saintvaastlesmello.neopse-site.fr\/fr\/\" target=\"_blank\" rel=\"noreferrer noopener\">Saint-Vaast-l\u00e8s-Mello<\/a> und <a href=\"http:\/\/www.mairie-montataire.fr\/\" target=\"_blank\" rel=\"noreferrer noopener\">Montataire<\/a>die Gesellschaft <a href=\"http:\/\/www.bpelecieux.com\/\" target=\"_blank\" rel=\"noreferrer noopener\">B.P.E Lecieux<\/a> (Eigent\u00fcmer des Ortes), am <a href=\"https:\/\/cdffme60.wixsite.com\/ctffme60\/\" target=\"_blank\" rel=\"noreferrer noopener\">Territorialkomitee des franz\u00f6sischen Berg- und Kletterverbands des Departements Oise<\/a> und der <a href=\"http:\/\/www.cen-hautsdefrance.org\/\" target=\"_blank\" rel=\"noreferrer noopener\">Konservatorium f\u00fcr Naturr\u00e4ume der Picardie<\/a>Die <strong>Glachoirs haben sich zu einem beliebten Ort f\u00fcr Kletterer und einem der sch\u00f6nsten Spots <a href=\"https:\/\/www.creilsudoise-tourisme.fr\/de\/ich-suche\/aktivitat-klettern\/\" target=\"_blank\" rel=\"noreferrer noopener\">Klettern <\/a>aus Hauts-de-France<\/strong>. Der franz\u00f6sische Berg- und Kletterverband F\u00e9d\u00e9ration Fran\u00e7aise de la Montagne et de l'Escalade de l'Oise unterh\u00e4lt regelm\u00e4\u00dfig die etwa 200 offenen Routen, von denen einige bis zu 12 Meter hoch sind!<\/p>\n\n\n\n<figure class=\"is-layout-flex wp-block-gallery-3 wp-block-gallery alignfull has-nested-images columns-2 is-cropped\">\n<figure class=\"wp-block-image size-large\"><a href=\"https:\/\/www.creilsudoise-tourisme.fr\/wp-content\/uploads\/2021\/03\/Escalade-aux-Glachoirs-a\u0300-Saint-Vaast-le\u0300s-Mello.jpg\"><img decoding=\"async\" loading=\"lazy\" width=\"1200\" height=\"675\" data-id=\"32794\"  data-src=\"https:\/\/www.creilsudoise-tourisme.fr\/wp-content\/uploads\/2021\/03\/Escalade-aux-Glachoirs-a\u0300-Saint-Vaast-le\u0300s-Mello-1200x675.jpg\" alt=\"\" class=\"wp-image-32794\" data-srcset=\"https:\/\/www.creilsudoise-tourisme.fr\/wp-content\/uploads\/2021\/03\/Escalade-aux-Glachoirs-a\u0300-Saint-Vaast-le\u0300s-Mello-1200x675.jpg 1200w, https:\/\/www.creilsudoise-tourisme.fr\/wp-content\/uploads\/2021\/03\/Escalade-aux-Glachoirs-a\u0300-Saint-Vaast-le\u0300s-Mello-600x338.jpg 600w, https:\/\/www.creilsudoise-tourisme.fr\/wp-content\/uploads\/2021\/03\/Escalade-aux-Glachoirs-a\u0300-Saint-Vaast-le\u0300s-Mello-900x506.jpg 900w, https:\/\/www.creilsudoise-tourisme.fr\/wp-content\/uploads\/2021\/03\/Escalade-aux-Glachoirs-a\u0300-Saint-Vaast-le\u0300s-Mello-1536x864.jpg 1536w, https:\/\/www.creilsudoise-tourisme.fr\/wp-content\/uploads\/2021\/03\/Escalade-aux-Glachoirs-a\u0300-Saint-Vaast-le\u0300s-Mello-200x113.jpg 200w, https:\/\/www.creilsudoise-tourisme.fr\/wp-content\/uploads\/2021\/03\/Escalade-aux-Glachoirs-a\u0300-Saint-Vaast-le\u0300s-Mello-650x366.jpg 650w, https:\/\/www.creilsudoise-tourisme.fr\/wp-content\/uploads\/2021\/03\/Escalade-aux-Glachoirs-a\u0300-Saint-Vaast-le\u0300s-Mello-387x218.jpg 387w, https:\/\/www.creilsudoise-tourisme.fr\/wp-content\/uploads\/2021\/03\/Escalade-aux-Glachoirs-a\u0300-Saint-Vaast-le\u0300s-Mello.jpg 1600w\" sizes=\"(max-width: 1200px) 100vw, 1200px\" \/><\/a><\/figure>\n\n\n\n<figure class=\"wp-block-image size-large\"><a href=\"https:\/\/www.creilsudoise-tourisme.fr\/wp-content\/uploads\/2021\/03\/Escalade-a\u0300-Saint-Vaast-le\u0300s-Mello.jpg\"><img decoding=\"async\" loading=\"lazy\" width=\"1200\" height=\"542\" data-id=\"32795\"  data-src=\"https:\/\/www.creilsudoise-tourisme.fr\/wp-content\/uploads\/2021\/03\/Escalade-a\u0300-Saint-Vaast-le\u0300s-Mello-1200x542.jpg\" alt=\"\" class=\"wp-image-32795\" data-srcset=\"https:\/\/www.creilsudoise-tourisme.fr\/wp-content\/uploads\/2021\/03\/Escalade-a\u0300-Saint-Vaast-le\u0300s-Mello-1200x542.jpg 1200w, https:\/\/www.creilsudoise-tourisme.fr\/wp-content\/uploads\/2021\/03\/Escalade-a\u0300-Saint-Vaast-le\u0300s-Mello-600x271.jpg 600w, https:\/\/www.creilsudoise-tourisme.fr\/wp-content\/uploads\/2021\/03\/Escalade-a\u0300-Saint-Vaast-le\u0300s-Mello-900x406.jpg 900w, https:\/\/www.creilsudoise-tourisme.fr\/wp-content\/uploads\/2021\/03\/Escalade-a\u0300-Saint-Vaast-le\u0300s-Mello-1536x693.jpg 1536w, https:\/\/www.creilsudoise-tourisme.fr\/wp-content\/uploads\/2021\/03\/Escalade-a\u0300-Saint-Vaast-le\u0300s-Mello-200x90.jpg 200w, https:\/\/www.creilsudoise-tourisme.fr\/wp-content\/uploads\/2021\/03\/Escalade-a\u0300-Saint-Vaast-le\u0300s-Mello-650x293.jpg 650w, https:\/\/www.creilsudoise-tourisme.fr\/wp-content\/uploads\/2021\/03\/Escalade-a\u0300-Saint-Vaast-le\u0300s-Mello-387x175.jpg 387w, https:\/\/www.creilsudoise-tourisme.fr\/wp-content\/uploads\/2021\/03\/Escalade-a\u0300-Saint-Vaast-le\u0300s-Mello.jpg 1600w\" sizes=\"(max-width: 1200px) 100vw, 1200px\" \/><\/a><\/figure>\n\n\n\n<figure class=\"wp-block-image size-large\"><a href=\"https:\/\/www.creilsudoise-tourisme.fr\/wp-content\/uploads\/2021\/03\/Escalade-sur-le-fronton-des-Glachoirs-a\u0300-Saint-Vaast-le\u0300s-Mello.jpg\"><img decoding=\"async\" loading=\"lazy\" width=\"1200\" height=\"675\" data-id=\"32796\"  data-src=\"https:\/\/www.creilsudoise-tourisme.fr\/wp-content\/uploads\/2021\/03\/Escalade-sur-le-fronton-des-Glachoirs-a\u0300-Saint-Vaast-le\u0300s-Mello-1200x675.jpg\" alt=\"\" class=\"wp-image-32796\" data-srcset=\"https:\/\/www.creilsudoise-tourisme.fr\/wp-content\/uploads\/2021\/03\/Escalade-sur-le-fronton-des-Glachoirs-a\u0300-Saint-Vaast-le\u0300s-Mello-1200x675.jpg 1200w, https:\/\/www.creilsudoise-tourisme.fr\/wp-content\/uploads\/2021\/03\/Escalade-sur-le-fronton-des-Glachoirs-a\u0300-Saint-Vaast-le\u0300s-Mello-600x338.jpg 600w, https:\/\/www.creilsudoise-tourisme.fr\/wp-content\/uploads\/2021\/03\/Escalade-sur-le-fronton-des-Glachoirs-a\u0300-Saint-Vaast-le\u0300s-Mello-900x506.jpg 900w, https:\/\/www.creilsudoise-tourisme.fr\/wp-content\/uploads\/2021\/03\/Escalade-sur-le-fronton-des-Glachoirs-a\u0300-Saint-Vaast-le\u0300s-Mello-1536x864.jpg 1536w, https:\/\/www.creilsudoise-tourisme.fr\/wp-content\/uploads\/2021\/03\/Escalade-sur-le-fronton-des-Glachoirs-a\u0300-Saint-Vaast-le\u0300s-Mello-200x113.jpg 200w, https:\/\/www.creilsudoise-tourisme.fr\/wp-content\/uploads\/2021\/03\/Escalade-sur-le-fronton-des-Glachoirs-a\u0300-Saint-Vaast-le\u0300s-Mello-650x366.jpg 650w, https:\/\/www.creilsudoise-tourisme.fr\/wp-content\/uploads\/2021\/03\/Escalade-sur-le-fronton-des-Glachoirs-a\u0300-Saint-Vaast-le\u0300s-Mello-387x218.jpg 387w, https:\/\/www.creilsudoise-tourisme.fr\/wp-content\/uploads\/2021\/03\/Escalade-sur-le-fronton-des-Glachoirs-a\u0300-Saint-Vaast-le\u0300s-Mello.jpg 1600w\" sizes=\"(max-width: 1200px) 100vw, 1200px\" \/><\/a><figcaption class=\"wp-element-caption\">Denken Sie daran, sich gut auszur\u00fcsten, um die Glachoirs zu erklimmen!<\/figcaption><\/figure>\n<\/figure>\n\n\n\n<div class=\"wp-block wp-block-single-sit wp-block-single-sit-coordonnees\" >\n\n            <h2>Zugang<\/h2>\n    \n    <div class=\"wp-block-media-text is-stacked-on-mobile\">\n\n        <div class=\"wp-block-media-text__media wpet-map-detail\" style=\"width:100%; height: 100%;\">\n            <div class=\"wp-block-media-text__media__content\" id=\"wpetSingleSitMap\" data-wpet-type-map=\"leaflet\" ><\/div>\n        <\/div>\n\n        <div class=\"wp-block-media-text__content\">\n\n                            <p class=\"wp-block-coordonnees__status wp-block-coordonnees__status--close\">\n                    Geschlossen                <\/p>\n            \n            <p class=\"wp-block-media-text__content__address\">\n                                    <strong>Die Eisdielen<\/strong><br \/>\n                \n                                    Rue des Carrieres<br \/>\n                \n                                    <span>60660<\/span>\n                    <span>SAINT-VAAST-LES-MELLO<\/span><br \/>\n                            <\/p>\n\n                                                <p class=\"wp-block-media-text__content__phone\"><a data-type=\"TEL\" href=\"tel: 33 3 75 19 01 70\">+33 3 75 19 01 70<\/a><\/p>\n                            \n            <a href=\"https:\/\/www.google.fr\/maps?saddr&#038;daddr=49.2678676,2.40030460\" target=\"_blank\" class=\"button GtmButtonCalculItinerairePrestataire\" rel=\"noopener noreferrer\">Meine Route berechnen<\/a>\n        <\/div>\n    <\/div>\n<\/div>\n\n\n<div class=\"wp-block wp-block-related-post alignfull\">\n    <div class=\"container\">\n                    <h2 class=\"wp-block-related-post-title\">Den Entdeckern gefiel auch...<\/h2>\n                <div id=\"wpiris-related-post-108034020340254304471166519428\" data-id=\"wpiris-entity-slider\">\n            <div class=\"wp-block-related-post-list wp-block-related-post-list--8\" data-id=\"wpiris-entity-slider-wrapper\">\n\n                \n<div class=\"entityItem\" data-trigger=\"wpiris-click\" data-id=\"wpiris-entity-slider-item\">\n    <p class=\"entityItemThumbnail\">\n        <a href=\"https:\/\/www.creilsudoise-tourisme.fr\/de\/espace-naturel\/chantraine-sumpf\/\" nofancybox>\n            <img data-src=\"https:\/\/www.creilsudoise-tourisme.fr\/wp-content\/uploads\/wpetourisme\/SAINT-VAAST-LES-MELLO-Etang-Ardoise--1--275x350.jpg\" alt=\"Chantraine-Sumpf\">\n        <\/a>\n    <\/p>\n    <div class=\"entityItemContent\">\n        <h2 class=\"entityItemContentTitle\">\n            <a href=\"https:\/\/www.creilsudoise-tourisme.fr\/de\/espace-naturel\/chantraine-sumpf\/\">Chantraine-Sumpf<\/a>\n        <\/h2>\n                    <p class=\"entityItemContentType\">Nat\u00fcrliches Erbe<\/p>\n            <\/div>\n    <a href=\"https:\/\/www.creilsudoise-tourisme.fr\/de\/espace-naturel\/chantraine-sumpf\/\" class=\"seeMore\"><span class=\"sr-only\">Mehr sehen<\/span><\/a>\n<\/div>\n\n<div class=\"entityItem\" data-trigger=\"wpiris-click\" data-id=\"wpiris-entity-slider-item\">\n    <p class=\"entityItemThumbnail\">\n        <a href=\"https:\/\/www.creilsudoise-tourisme.fr\/de\/loisirs\/wasserbasis-von-saint-leu-desserent\/\" nofancybox>\n            <img data-src=\"https:\/\/www.creilsudoise-tourisme.fr\/wp-content\/uploads\/wpetourisme\/Base-nautique-CreilSudOiseTourisme--20--275x350.jpg\" alt=\"Segelclub von Saint-Leu-d&#039;Esserent\">\n        <\/a>\n    <\/p>\n    <div class=\"entityItemContent\">\n        <h2 class=\"entityItemContentTitle\">\n            <a href=\"https:\/\/www.creilsudoise-tourisme.fr\/de\/loisirs\/wasserbasis-von-saint-leu-desserent\/\">Segelclub von Saint-Leu-d'Esserent<\/a>\n        <\/h2>\n                    <p class=\"entityItemContentType\">Sportliche und kulturelle Aktivit\u00e4ten und Wanderformeln<\/p>\n            <\/div>\n    <a href=\"https:\/\/www.creilsudoise-tourisme.fr\/de\/loisirs\/wasserbasis-von-saint-leu-desserent\/\" class=\"seeMore\"><span class=\"sr-only\">Mehr sehen<\/span><\/a>\n<\/div>\n\n<div class=\"entityItem\" data-trigger=\"wpiris-click\" data-id=\"wpiris-entity-slider-item\">\n    <p class=\"entityItemThumbnail\">\n        <a href=\"https:\/\/www.creilsudoise-tourisme.fr\/de\/loisirs\/rad-verleih-axo\/\" nofancybox>\n            <img data-src=\"https:\/\/www.creilsudoise-tourisme.fr\/wp-content\/uploads\/wpetourisme\/Location-velo-AXO-1-275x350.jpg\" alt=\"Fahrradverleih und -reparatur_ AXO Fahrradstaffel\">\n        <\/a>\n    <\/p>\n    <div class=\"entityItemContent\">\n        <h2 class=\"entityItemContentTitle\">\n            <a href=\"https:\/\/www.creilsudoise-tourisme.fr\/de\/loisirs\/rad-verleih-axo\/\">Fahrradverleih und -reparatur_ AXO Fahrradstaffel<\/a>\n        <\/h2>\n                    <p class=\"entityItemContentType\">Sportliche und kulturelle Aktivit\u00e4ten und Wanderformeln<\/p>\n            <\/div>\n    <a href=\"https:\/\/www.creilsudoise-tourisme.fr\/de\/loisirs\/rad-verleih-axo\/\" class=\"seeMore\"><span class=\"sr-only\">Mehr sehen<\/span><\/a>\n<\/div>\n\n<div class=\"entityItem\" data-trigger=\"wpiris-click\" data-id=\"wpiris-entity-slider-item\">\n    <p class=\"entityItemThumbnail\">\n        <a href=\"https:\/\/www.creilsudoise-tourisme.fr\/de\/loisirs\/base-de-loisirs-saint-leu-desserent\/\" nofancybox>\n            <img data-src=\"https:\/\/www.creilsudoise-tourisme.fr\/wp-content\/uploads\/wpetourisme\/Base-de-Loisirs-de-Saint-Leu-d-Esserent-275x350.jpg\" alt=\"Freizeitzentrum von Saint-Leu-d&#039;Esserent\">\n        <\/a>\n    <\/p>\n    <div class=\"entityItemContent\">\n        <h2 class=\"entityItemContentTitle\">\n            <a href=\"https:\/\/www.creilsudoise-tourisme.fr\/de\/loisirs\/base-de-loisirs-saint-leu-desserent\/\">Freizeitzentrum von Saint-Leu-d'Esserent<\/a>\n        <\/h2>\n                    <p class=\"entityItemContentType\">Sportliche und kulturelle Aktivit\u00e4ten und Wanderformeln<\/p>\n            <\/div>\n    <a href=\"https:\/\/www.creilsudoise-tourisme.fr\/de\/loisirs\/base-de-loisirs-saint-leu-desserent\/\" class=\"seeMore\"><span class=\"sr-only\">Mehr sehen<\/span><\/a>\n<\/div>\n\n<div class=\"entityItem\" data-trigger=\"wpiris-click\" data-id=\"wpiris-entity-slider-item\">\n    <p class=\"entityItemThumbnail\">\n        <a href=\"https:\/\/www.creilsudoise-tourisme.fr\/de\/balade-randonnee\/la-randonnee-des-carrieres\/\" nofancybox>\n            <img data-src=\"https:\/\/www.creilsudoise-tourisme.fr\/wp-content\/uploads\/wpetourisme\/Saint-vaast-les-mello-2020-randonnee-glachoirs-CreilSudOiseTourisme-2-275x350.jpg\" alt=\"Die Steinbruchwanderung\">\n        <\/a>\n    <\/p>\n    <div class=\"entityItemContent\">\n        <h2 class=\"entityItemContentTitle\">\n            <a href=\"https:\/\/www.creilsudoise-tourisme.fr\/de\/balade-randonnee\/la-randonnee-des-carrieres\/\">Die Steinbruchwanderung<\/a>\n        <\/h2>\n                    <p class=\"entityItemContentType\">Wanderungen<\/p>\n            <\/div>\n    <a href=\"https:\/\/www.creilsudoise-tourisme.fr\/de\/balade-randonnee\/la-randonnee-des-carrieres\/\" class=\"seeMore\"><span class=\"sr-only\">Mehr sehen<\/span><\/a>\n<\/div>\n\n<div class=\"entityItem\" data-trigger=\"wpiris-click\" data-id=\"wpiris-entity-slider-item\">\n    <p class=\"entityItemThumbnail\">\n        <a href=\"https:\/\/www.creilsudoise-tourisme.fr\/de\/loisirs\/picknickplatz-von-saint-leu-desserent\/\" nofancybox>\n            <img data-src=\"https:\/\/www.creilsudoise-tourisme.fr\/wp-content\/uploads\/wpetourisme\/IMG20190901131144-275x350.jpg\" alt=\"Picknickplatz in Saint-Leu-d&#039;Esserent\">\n        <\/a>\n    <\/p>\n    <div class=\"entityItemContent\">\n        <h2 class=\"entityItemContentTitle\">\n            <a href=\"https:\/\/www.creilsudoise-tourisme.fr\/de\/loisirs\/picknickplatz-von-saint-leu-desserent\/\">Picknickplatz in Saint-Leu-d'Esserent<\/a>\n        <\/h2>\n                    <p class=\"entityItemContentType\">Sportliche und kulturelle Aktivit\u00e4ten und Wanderformeln<\/p>\n            <\/div>\n    <a href=\"https:\/\/www.creilsudoise-tourisme.fr\/de\/loisirs\/picknickplatz-von-saint-leu-desserent\/\" class=\"seeMore\"><span class=\"sr-only\">Mehr sehen<\/span><\/a>\n<\/div>\n            <\/div>\n\n            \n<div class=\"sliderNav\">\n    <div class=\"sliderNavWrapper\">\n        <p class=\"swiperArrow swiperArrow--next\" data-trigger=\"swiper-next\">\n            <span class=\"sr-only\">Weiter zu<\/span>\n        <\/p>\n        <p class=\"swiperArrow swiperArrow--prev\" data-trigger=\"swiper-prev\">\n            <span class=\"sr-only\">Vorherige<\/span>\n        <\/p>\n    <\/div>\n<\/div>\n        <\/div>\n    <\/div>\n<\/div>","protected":false},"excerpt":{"rendered":"<p>F\u00fcr Kletterbegeisterte m\u00fcssen Sie nicht mehr bis nach Fontainebleau fahren! Les Glachoirs, ein au\u00dfergew\u00f6hnliches Naturgebiet in Saint-Vaast-l\u00e8s-Mello und Montataire, bietet Kletter- und Wanderwege, nur wenige Kilometer von Paris entfernt, ganz in der N\u00e4he des Waldes von Chantilly und des Waldes von Compi\u00e8gne. Les Glachoirs, ein au\u00dfergew\u00f6hnlicher Ort zum Spazierengehen und Wandern [...].<\/p>","protected":false},"author":1,"featured_media":32267,"parent":131,"menu_order":11,"comment_status":"closed","ping_status":"closed","template":"","meta":{"_relevanssi_hide_post":"","_relevanssi_hide_content":"","_relevanssi_pin_for_all":"","_relevanssi_pin_keywords":"","_relevanssi_unpin_keywords":"","_relevanssi_related_keywords":"","_relevanssi_related_include_ids":"","_relevanssi_related_exclude_ids":"","_relevanssi_related_no_append":"","_relevanssi_related_not_related":"","_relevanssi_related_posts":"267,273,275,271","_relevanssi_noindex_reason":""},"yoast_head":"<!-- This site is optimized with the Yoast SEO plugin v20.2.1 - https:\/\/yoast.com\/wordpress\/plugins\/seo\/ -->\n<title>Les Glachoirs, un site unique de randonn\u00e9es et d\u2019escalade<\/title>\n<meta name=\"description\" content=\"Parcourez les Glachoirs et ses gigantesques blocs de pierre couverts de pins dans le Sud de l\u2019Oise, pr\u00e8s de Chantilly\" \/>\n<meta name=\"robots\" content=\"index, follow, max-snippet:-1, max-image-preview:large, max-video-preview:-1\" \/>\n<link rel=\"canonical\" href=\"https:\/\/www.creilsudoise-tourisme.fr\/de\/jexplore\/unumganglich\/glacier\/\" \/>\n<meta property=\"og:locale\" content=\"de_DE\" \/>\n<meta property=\"og:type\" content=\"article\" \/>\n<meta property=\"og:title\" content=\"Les Glachoirs, un site unique de randonn\u00e9es et d\u2019escalade\" \/>\n<meta property=\"og:description\" content=\"Parcourez les Glachoirs et ses gigantesques blocs de pierre couverts de pins dans le Sud de l\u2019Oise, pr\u00e8s de Chantilly\" \/>\n<meta property=\"og:url\" content=\"https:\/\/www.creilsudoise-tourisme.fr\/de\/jexplore\/unumganglich\/glacier\/\" \/>\n<meta property=\"og:site_name\" content=\"Office de Tourisme Creil Sud Oise\" \/>\n<meta property=\"article:publisher\" content=\"https:\/\/www.facebook.com\/creilsudoisetourisme\/\" \/>\n<meta property=\"article:modified_time\" content=\"2025-09-15T08:05:17+00:00\" \/>\n<meta property=\"og:image\" content=\"https:\/\/www.creilsudoise-tourisme.fr\/wp-content\/uploads\/2021\/03\/escalade-sur-le-fronton-des-glachoirs-a-saint-vaast-les-mello.jpg\" \/>\n\t<meta property=\"og:image:width\" content=\"1600\" \/>\n\t<meta property=\"og:image:height\" content=\"900\" \/>\n\t<meta property=\"og:image:type\" content=\"image\/jpeg\" \/>\n<meta name=\"twitter:card\" content=\"summary_large_image\" \/>\n<meta name=\"twitter:site\" content=\"@CreilSudOiseOT\" \/>\n<meta name=\"twitter:label1\" content=\"Gesch\u00e4tzte Lesezeit\" \/>\n\t<meta name=\"twitter:data1\" content=\"4\u00a0Minuten\" \/>\n<script type=\"application\/ld+json\" class=\"yoast-schema-graph\">{\"@context\":\"https:\/\/schema.org\",\"@graph\":[{\"@type\":\"WebPage\",\"@id\":\"https:\/\/www.creilsudoise-tourisme.fr\/jexplore\/incontournables\/glachoirs\/\",\"url\":\"https:\/\/www.creilsudoise-tourisme.fr\/jexplore\/incontournables\/glachoirs\/\",\"name\":\"Les Glachoirs, un site unique de randonn\u00e9es et d\u2019escalade\",\"isPartOf\":{\"@id\":\"https:\/\/www.creilsudoise-tourisme.fr\/#website\"},\"datePublished\":\"2021-02-17T09:02:48+00:00\",\"dateModified\":\"2025-09-15T08:05:17+00:00\",\"description\":\"Parcourez les Glachoirs et ses gigantesques blocs de pierre couverts de pins dans le Sud de l\u2019Oise, pr\u00e8s de Chantilly\",\"breadcrumb\":{\"@id\":\"https:\/\/www.creilsudoise-tourisme.fr\/jexplore\/incontournables\/glachoirs\/#breadcrumb\"},\"inLanguage\":\"de\",\"potentialAction\":[{\"@type\":\"ReadAction\",\"target\":[\"https:\/\/www.creilsudoise-tourisme.fr\/jexplore\/incontournables\/glachoirs\/\"]}]},{\"@type\":\"BreadcrumbList\",\"@id\":\"https:\/\/www.creilsudoise-tourisme.fr\/jexplore\/incontournables\/glachoirs\/#breadcrumb\",\"itemListElement\":[{\"@type\":\"ListItem\",\"position\":1,\"name\":\"Accueil\",\"item\":\"https:\/\/www.creilsudoise-tourisme.fr\/\"},{\"@type\":\"ListItem\",\"position\":2,\"name\":\"J&rsquo;explore\",\"item\":\"https:\/\/www.creilsudoise-tourisme.fr\/jexplore\/\"},{\"@type\":\"ListItem\",\"position\":3,\"name\":\"Les incontournables\",\"item\":\"https:\/\/www.creilsudoise-tourisme.fr\/jexplore\/incontournables\/\"},{\"@type\":\"ListItem\",\"position\":4,\"name\":\"Les Glachoirs\"}]},{\"@type\":\"WebSite\",\"@id\":\"https:\/\/www.creilsudoise-tourisme.fr\/#website\",\"url\":\"https:\/\/www.creilsudoise-tourisme.fr\/\",\"name\":\"Office de Tourisme Creil Sud Oise\",\"description\":\"Creil Sud Oise Tourisme, un territoire \u00e0 explorer !\",\"publisher\":{\"@id\":\"https:\/\/www.creilsudoise-tourisme.fr\/#organization\"},\"potentialAction\":[{\"@type\":\"SearchAction\",\"target\":{\"@type\":\"EntryPoint\",\"urlTemplate\":\"https:\/\/www.creilsudoise-tourisme.fr\/?s={search_term_string}\"},\"query-input\":\"required name=search_term_string\"}],\"inLanguage\":\"de\"},{\"@type\":\"Organization\",\"@id\":\"https:\/\/www.creilsudoise-tourisme.fr\/#organization\",\"name\":\"Creil Sud Oise Tourisme\",\"url\":\"https:\/\/www.creilsudoise-tourisme.fr\/\",\"logo\":{\"@type\":\"ImageObject\",\"inLanguage\":\"de\",\"@id\":\"https:\/\/www.creilsudoise-tourisme.fr\/#\/schema\/logo\/image\/\",\"url\":\"https:\/\/www.creilsudoise-tourisme.fr\/wp-content\/uploads\/2021\/05\/logo-svg.png\",\"contentUrl\":\"https:\/\/www.creilsudoise-tourisme.fr\/wp-content\/uploads\/2021\/05\/logo-svg.png\",\"width\":182,\"height\":71,\"caption\":\"Creil Sud Oise Tourisme\"},\"image\":{\"@id\":\"https:\/\/www.creilsudoise-tourisme.fr\/#\/schema\/logo\/image\/\"},\"sameAs\":[\"https:\/\/www.facebook.com\/creilsudoisetourisme\/\",\"https:\/\/twitter.com\/CreilSudOiseOT\",\"https:\/\/www.instagram.com\/creilsudoisetourisme\/\",\"https:\/\/www.youtube.com\/channel\/UC8L_QD2wwyADW14zt9fY8kw\"]}]}<\/script>\n<!-- \/ Yoast SEO plugin. -->","yoast_head_json":{"title":"Les Glachoirs, un site unique de randonn\u00e9es et d\u2019escalade","description":"Parcourez les Glachoirs et ses gigantesques blocs de pierre couverts de pins dans le Sud de l\u2019Oise, pr\u00e8s de Chantilly","robots":{"index":"index","follow":"follow","max-snippet":"max-snippet:-1","max-image-preview":"max-image-preview:large","max-video-preview":"max-video-preview:-1"},"canonical":"https:\/\/www.creilsudoise-tourisme.fr\/de\/jexplore\/unumganglich\/glacier\/","og_locale":"de_DE","og_type":"article","og_title":"Les Glachoirs, un site unique de randonn\u00e9es et d\u2019escalade","og_description":"Parcourez les Glachoirs et ses gigantesques blocs de pierre couverts de pins dans le Sud de l\u2019Oise, pr\u00e8s de Chantilly","og_url":"https:\/\/www.creilsudoise-tourisme.fr\/de\/jexplore\/unumganglich\/glacier\/","og_site_name":"Office de Tourisme Creil Sud Oise","article_publisher":"https:\/\/www.facebook.com\/creilsudoisetourisme\/","article_modified_time":"2025-09-15T08:05:17+00:00","og_image":[{"width":1600,"height":900,"url":"https:\/\/www.creilsudoise-tourisme.fr\/wp-content\/uploads\/2021\/03\/escalade-sur-le-fronton-des-glachoirs-a-saint-vaast-les-mello.jpg","type":"image\/jpeg"}],"twitter_card":"summary_large_image","twitter_site":"@CreilSudOiseOT","twitter_misc":{"Gesch\u00e4tzte Lesezeit":"4\u00a0Minuten"},"schema":{"@context":"https:\/\/schema.org","@graph":[{"@type":"WebPage","@id":"https:\/\/www.creilsudoise-tourisme.fr\/jexplore\/incontournables\/glachoirs\/","url":"https:\/\/www.creilsudoise-tourisme.fr\/jexplore\/incontournables\/glachoirs\/","name":"Les Glachoirs, un site unique de randonn\u00e9es et d\u2019escalade","isPartOf":{"@id":"https:\/\/www.creilsudoise-tourisme.fr\/#website"},"datePublished":"2021-02-17T09:02:48+00:00","dateModified":"2025-09-15T08:05:17+00:00","description":"Parcourez les Glachoirs et ses gigantesques blocs de pierre couverts de pins dans le Sud de l\u2019Oise, pr\u00e8s de Chantilly","breadcrumb":{"@id":"https:\/\/www.creilsudoise-tourisme.fr\/jexplore\/incontournables\/glachoirs\/#breadcrumb"},"inLanguage":"de","potentialAction":[{"@type":"ReadAction","target":["https:\/\/www.creilsudoise-tourisme.fr\/jexplore\/incontournables\/glachoirs\/"]}]},{"@type":"BreadcrumbList","@id":"https:\/\/www.creilsudoise-tourisme.fr\/jexplore\/incontournables\/glachoirs\/#breadcrumb","itemListElement":[{"@type":"ListItem","position":1,"name":"Accueil","item":"https:\/\/www.creilsudoise-tourisme.fr\/"},{"@type":"ListItem","position":2,"name":"J&rsquo;explore","item":"https:\/\/www.creilsudoise-tourisme.fr\/jexplore\/"},{"@type":"ListItem","position":3,"name":"Les incontournables","item":"https:\/\/www.creilsudoise-tourisme.fr\/jexplore\/incontournables\/"},{"@type":"ListItem","position":4,"name":"Les Glachoirs"}]},{"@type":"WebSite","@id":"https:\/\/www.creilsudoise-tourisme.fr\/#website","url":"https:\/\/www.creilsudoise-tourisme.fr\/","name":"Office de Tourisme Creil Sud Oise","description":"Creil Sud Oise Tourisme, un territoire \u00e0 explorer !","publisher":{"@id":"https:\/\/www.creilsudoise-tourisme.fr\/#organization"},"potentialAction":[{"@type":"SearchAction","target":{"@type":"EntryPoint","urlTemplate":"https:\/\/www.creilsudoise-tourisme.fr\/?s={search_term_string}"},"query-input":"required name=search_term_string"}],"inLanguage":"de"},{"@type":"Organization","@id":"https:\/\/www.creilsudoise-tourisme.fr\/#organization","name":"Creil Sud Oise Tourisme","url":"https:\/\/www.creilsudoise-tourisme.fr\/","logo":{"@type":"ImageObject","inLanguage":"de","@id":"https:\/\/www.creilsudoise-tourisme.fr\/#\/schema\/logo\/image\/","url":"https:\/\/www.creilsudoise-tourisme.fr\/wp-content\/uploads\/2021\/05\/logo-svg.png","contentUrl":"https:\/\/www.creilsudoise-tourisme.fr\/wp-content\/uploads\/2021\/05\/logo-svg.png","width":182,"height":71,"caption":"Creil Sud Oise Tourisme"},"image":{"@id":"https:\/\/www.creilsudoise-tourisme.fr\/#\/schema\/logo\/image\/"},"sameAs":["https:\/\/www.facebook.com\/creilsudoisetourisme\/","https:\/\/twitter.com\/CreilSudOiseOT","https:\/\/www.instagram.com\/creilsudoisetourisme\/","https:\/\/www.youtube.com\/channel\/UC8L_QD2wwyADW14zt9fY8kw"]}]}},"_links":{"self":[{"href":"https:\/\/www.creilsudoise-tourisme.fr\/de\/wp-json\/wp\/v2\/pages\/157"}],"collection":[{"href":"https:\/\/www.creilsudoise-tourisme.fr\/de\/wp-json\/wp\/v2\/pages"}],"about":[{"href":"https:\/\/www.creilsudoise-tourisme.fr\/de\/wp-json\/wp\/v2\/types\/page"}],"author":[{"embeddable":true,"href":"https:\/\/www.creilsudoise-tourisme.fr\/de\/wp-json\/wp\/v2\/users\/1"}],"replies":[{"embeddable":true,"href":"https:\/\/www.creilsudoise-tourisme.fr\/de\/wp-json\/wp\/v2\/comments?post=157"}],"version-history":[{"count":26,"href":"https:\/\/www.creilsudoise-tourisme.fr\/de\/wp-json\/wp\/v2\/pages\/157\/revisions"}],"predecessor-version":[{"id":65148,"href":"https:\/\/www.creilsudoise-tourisme.fr\/de\/wp-json\/wp\/v2\/pages\/157\/revisions\/65148"}],"up":[{"embeddable":true,"href":"https:\/\/www.creilsudoise-tourisme.fr\/de\/wp-json\/wp\/v2\/pages\/131"}],"wp:featuredmedia":[{"embeddable":true,"href":"https:\/\/www.creilsudoise-tourisme.fr\/de\/wp-json\/wp\/v2\/media\/32267"}],"wp:attachment":[{"href":"https:\/\/www.creilsudoise-tourisme.fr\/de\/wp-json\/wp\/v2\/media?parent=157"}],"curies":[{"name":"wp","href":"https:\/\/api.w.org\/{rel}","templated":true}]}}