{"id":149,"date":"2021-02-17T10:02:42","date_gmt":"2021-02-17T09:02:42","guid":{"rendered":"https:\/\/www.creilsudoise-tourisme.fr\/le-musee-des-bombardements\/"},"modified":"2023-10-26T09:58:29","modified_gmt":"2023-10-26T07:58:29","slug":"musee-bombardements","status":"publish","type":"page","link":"https:\/\/www.creilsudoise-tourisme.fr\/de\/jexplore\/unumganglich\/museum-bombardements\/","title":{"rendered":"Das Museum der Bombardierungen"},"content":{"rendered":"<p class=\"is-style-excerpt\">Wenn Ihnen das Cean Memorial oder das Denkmal auf der Waffenstillstandslichtung in Compi\u00e8gne gefallen haben, ist es an der Zeit, die T\u00fcr des <strong>Mus\u00e9e des Bombardements in Saint-Maximin und entdecken Sie seine unglaubliche Sammlung rund um das Thema des Zweiten Weltkriegs.<\/strong><\/p>\n\n\n\n<figure class=\"wp-block-embed is-type-video is-provider-youtube wp-block-embed-youtube wp-embed-aspect-16-9 wp-has-aspect-ratio\"><div class=\"wp-block-embed__wrapper\">\n<iframe loading=\"lazy\" title=\"[TREFFEN] mit Daniel vom Mus\u00e9e des Bombardements in Saint-Maximin | Creil Sud Oise Tourisme\" width=\"500\" height=\"281\" data-src=\"https:\/\/www.youtube.com\/embed\/Q6jsNZMV93s?feature=oembed\" frameborder=\"0\" allow=\"accelerometer; autoplay; clipboard-write; encrypted-media; gyroscope; picture-in-picture; web-share\" allowfullscreen><\/iframe>\n<\/div><\/figure>\n\n\n\n<div class=\"wp-block-strate-full alignfull\">\n\n    <div class=\"wp-block-strate-full-thumbnail\">\n        <img data-src=\"https:\/\/www.creilsudoise-tourisme.fr\/wp-content\/uploads\/2023\/10\/Musee-des-bombardements-a-Saint-Maximin-\u00a9-Creil-Sud-Oise-Tourisme-7.jpg\" alt=\"F\u00fchrung durch das Museum der Bombardements in Saint-Maximin im Departement Oise\">\n    <\/div>\n\n\t\n        <div class=\"wp-block-strate-full-content wp-block-strate-full-content-left\">\n\t\t\t\t\t\t                <p class=\"wp-block-strate-full-content-excerpt\"> Bei der Entdeckung des <strong>Museum der Bombardierungen<\/strong>In der Stadt Saint-Maximin tauchen Sie in die Vergangenheit von Saint-Maximin ein, das bei den Bombenangriffen der Alliierten 95% dem Erdboden gleichgemacht wurde. <\/p>\n\t\t\t        <\/div>\n\n\t\n<\/div>\n\n\n\n<h2>Die Geschichte eines Lebens<\/h2>\n\n\n\n<div class=\"is-layout-flex wp-container-3 wp-block-columns are-vertically-aligned-center\">\n<div class=\"is-layout-flow wp-block-column is-vertically-aligned-center\" style=\"flex-basis:33.33%\">\n<figure class=\"wp-block-image size-large\"><img decoding=\"async\" loading=\"lazy\" width=\"900\" height=\"1200\" data-src=\"https:\/\/www.creilsudoise-tourisme.fr\/wp-content\/uploads\/2021\/04\/Monsieur-Lequien-a\u0300-l_origine-de-la-collection-du-Muse\u0301e-des-Bombardements-a\u0300-Saint-Maximin-900x1200.jpg\" alt=\"Museum Bombardierungen V\u00f6gel Krieg Zweiter Weltkrieg Gro\u00dfer Krieg Erinnerung Erinnerung Gedenken F\u00fchrung Saint-Maximin\" class=\"wp-image-33228\" data-srcset=\"https:\/\/www.creilsudoise-tourisme.fr\/wp-content\/uploads\/2021\/04\/Monsieur-Lequien-a\u0300-l_origine-de-la-collection-du-Muse\u0301e-des-Bombardements-a\u0300-Saint-Maximin-900x1200.jpg 900w, https:\/\/www.creilsudoise-tourisme.fr\/wp-content\/uploads\/2021\/04\/Monsieur-Lequien-a\u0300-l_origine-de-la-collection-du-Muse\u0301e-des-Bombardements-a\u0300-Saint-Maximin-450x600.jpg 450w, https:\/\/www.creilsudoise-tourisme.fr\/wp-content\/uploads\/2021\/04\/Monsieur-Lequien-a\u0300-l_origine-de-la-collection-du-Muse\u0301e-des-Bombardements-a\u0300-Saint-Maximin-675x900.jpg 675w, https:\/\/www.creilsudoise-tourisme.fr\/wp-content\/uploads\/2021\/04\/Monsieur-Lequien-a\u0300-l_origine-de-la-collection-du-Muse\u0301e-des-Bombardements-a\u0300-Saint-Maximin-1152x1536.jpg 1152w, https:\/\/www.creilsudoise-tourisme.fr\/wp-content\/uploads\/2021\/04\/Monsieur-Lequien-a\u0300-l_origine-de-la-collection-du-Muse\u0301e-des-Bombardements-a\u0300-Saint-Maximin-200x267.jpg 200w, https:\/\/www.creilsudoise-tourisme.fr\/wp-content\/uploads\/2021\/04\/Monsieur-Lequien-a\u0300-l_origine-de-la-collection-du-Muse\u0301e-des-Bombardements-a\u0300-Saint-Maximin-650x867.jpg 650w, https:\/\/www.creilsudoise-tourisme.fr\/wp-content\/uploads\/2021\/04\/Monsieur-Lequien-a\u0300-l_origine-de-la-collection-du-Muse\u0301e-des-Bombardements-a\u0300-Saint-Maximin-387x516.jpg 387w, https:\/\/www.creilsudoise-tourisme.fr\/wp-content\/uploads\/2021\/04\/Monsieur-Lequien-a\u0300-l_origine-de-la-collection-du-Muse\u0301e-des-Bombardements-a\u0300-Saint-Maximin-275x367.jpg 275w, https:\/\/www.creilsudoise-tourisme.fr\/wp-content\/uploads\/2021\/04\/Monsieur-Lequien-a\u0300-l_origine-de-la-collection-du-Muse\u0301e-des-Bombardements-a\u0300-Saint-Maximin.jpg 1200w\" sizes=\"(max-width: 900px) 100vw, 900px\" \/><figcaption class=\"wp-element-caption\">Creil Sud Oise Tourisme<\/figcaption><\/figure>\n<\/div>\n\n\n\n<div class=\"is-layout-flow wp-block-column is-vertically-aligned-center\" style=\"flex-basis:66.66%\">\n<p>1943 war G\u00e9rard Lequien 13 Jahre alt, als er den Absturz eines Flugzeugs beobachtete, das von den Deutschen mitten im Flug abgeschossen wurde. Fasziniert von diesem Ereignis, das seine Leidenschaft pr\u00e4gen wird, <strong>M. Lequien beginnt Jahre sp\u00e4ter mit Recherchen und Ausgrabungen an den angeblichen Absturzstellen und trifft sich mit ehemaligen Soldaten oder deren Familien. <\/strong>So entwickelt er eine echte <strong>Sammlung von Karten, Dokumenten, Flugzeugwracks oder manchmal ungew\u00f6hnlichen Gegenst\u00e4nden<\/strong> : Verpassen Sie nicht die <strong>Kanus, die aus dem Tank eines Bombers hergestellt wurden<\/strong> und deutsche J\u00e4ger der Luftwaffe.<\/p>\n<\/div>\n<\/div>\n\n\n\n<h2>Eine F\u00fchrung durch leidenschaftliche Menschen<\/h2>\n\n\n\n<p>Zeit f\u00fcr eine<strong> Rundgang<\/strong>Dank der Sammlung von Herrn Lequien (vielleicht haben Sie das Gl\u00fcck, wie ich, die F\u00fchrung an seiner Seite zu verfolgen) tauchen wir ein in<strong> den Alltag der Einwohner des Departements Oise <\/strong>und des Gebiets der Agglomeration Creil Sud Oise<strong> w\u00e4hrend des Zweiten Weltkriegs<\/strong>.<\/p>\n\n\n\n<p>Diese F\u00fchrung, geleitet von einer <strong>Team von Freiwilligen, die alle genauso leidenschaftlich sind wie Herr Lequien<\/strong>In diesem Buch haben wir das Gef\u00fchl, unserem eigenen Gro\u00dfvater zuzuh\u00f6ren, der uns seine Erinnerungen von fr\u00fcher erz\u00e4hlt.<\/p>\n\n\n\n<figure class=\"wp-block-image size-full\"><img decoding=\"async\" loading=\"lazy\" width=\"932\" height=\"582\" data-src=\"https:\/\/www.creilsudoise-tourisme.fr\/wp-content\/uploads\/2021\/05\/Visite-guide\u0301e-par-des-passionne\u0301s-d_histoire-au-Muse\u0301e-des-Bombardements-a\u0300-Saint-Maximin.jpg\" alt=\"Museum Bombardierungen V\u00f6gel Krieg Zweiter Weltkrieg Gro\u00dfer Krieg Erinnerung Erinnerung Gedenken F\u00fchrung Saint-Maximin\" class=\"wp-image-34700\" data-srcset=\"https:\/\/www.creilsudoise-tourisme.fr\/wp-content\/uploads\/2021\/05\/Visite-guide\u0301e-par-des-passionne\u0301s-d_histoire-au-Muse\u0301e-des-Bombardements-a\u0300-Saint-Maximin.jpg 932w, https:\/\/www.creilsudoise-tourisme.fr\/wp-content\/uploads\/2021\/05\/Visite-guide\u0301e-par-des-passionne\u0301s-d_histoire-au-Muse\u0301e-des-Bombardements-a\u0300-Saint-Maximin-600x375.jpg 600w, https:\/\/www.creilsudoise-tourisme.fr\/wp-content\/uploads\/2021\/05\/Visite-guide\u0301e-par-des-passionne\u0301s-d_histoire-au-Muse\u0301e-des-Bombardements-a\u0300-Saint-Maximin-900x562.jpg 900w, https:\/\/www.creilsudoise-tourisme.fr\/wp-content\/uploads\/2021\/05\/Visite-guide\u0301e-par-des-passionne\u0301s-d_histoire-au-Muse\u0301e-des-Bombardements-a\u0300-Saint-Maximin-200x125.jpg 200w, https:\/\/www.creilsudoise-tourisme.fr\/wp-content\/uploads\/2021\/05\/Visite-guide\u0301e-par-des-passionne\u0301s-d_histoire-au-Muse\u0301e-des-Bombardements-a\u0300-Saint-Maximin-650x406.jpg 650w, https:\/\/www.creilsudoise-tourisme.fr\/wp-content\/uploads\/2021\/05\/Visite-guide\u0301e-par-des-passionne\u0301s-d_histoire-au-Muse\u0301e-des-Bombardements-a\u0300-Saint-Maximin-387x242.jpg 387w\" sizes=\"(max-width: 932px) 100vw, 932px\" \/><figcaption class=\"wp-element-caption\">Creil Sud Oise Tourisme<\/figcaption><\/figure>\n\n\n\n<p>Ein Besuch im Museum der Bombenangriffe ist auch eine Gelegenheit, um<strong> die Geschichte von Saint-Maximin, einem Dorf, das bei 95% durch die alliierten Bombenangriffe dem Erdboden gleichgemacht wurde, zu verstehen<\/strong>. Es ist, mehr \u00fcber die <strong><a href=\"https:\/\/www.creilsudoise-tourisme.fr\/de\/2021\/02\/22\/bomben-v1\/\" target=\"_blank\" rel=\"noreferrer noopener\">V1-Bomben <\/a>und die<a href=\"https:\/\/www.creilsudoise-tourisme.fr\/de\/patrimoine\/steinhaus-3\/\" target=\"_blank\" rel=\"noreferrer noopener\">Besetzung der Steinbr\u00fcche im S\u00fcden der Oise<\/a>\u00fcber den lokalen Widerstand<\/strong> und \u00fcber die Tricks, mit denen sich die Bev\u00f6lkerung vor den Bombenangriffen sch\u00fctzen konnte.<\/p>\n\n\n\n<figure class=\"is-layout-flex wp-block-gallery-4 wp-block-gallery alignfull has-nested-images columns-default is-cropped\">\n<figure class=\"wp-block-image size-large\"><img decoding=\"async\" loading=\"lazy\" width=\"1200\" height=\"900\" data-id=\"34699\"  data-src=\"https:\/\/www.creilsudoise-tourisme.fr\/wp-content\/uploads\/2021\/05\/Insolite-un-canoe\u0308-dans-un-re\u0301servoir-de-bombardier-au-Muse\u0301e-des-Bombardements-a\u0300-Saint-Maximin-1200x900.jpg\" alt=\"Museum Bombardierungen V\u00f6gel Krieg Zweiter Weltkrieg Gro\u00dfer Krieg Erinnerung Erinnerung Gedenken F\u00fchrung Saint-Maximin\" class=\"wp-image-34699\" data-srcset=\"https:\/\/www.creilsudoise-tourisme.fr\/wp-content\/uploads\/2021\/05\/Insolite-un-canoe\u0308-dans-un-re\u0301servoir-de-bombardier-au-Muse\u0301e-des-Bombardements-a\u0300-Saint-Maximin-1200x900.jpg 1200w, https:\/\/www.creilsudoise-tourisme.fr\/wp-content\/uploads\/2021\/05\/Insolite-un-canoe\u0308-dans-un-re\u0301servoir-de-bombardier-au-Muse\u0301e-des-Bombardements-a\u0300-Saint-Maximin-600x450.jpg 600w, https:\/\/www.creilsudoise-tourisme.fr\/wp-content\/uploads\/2021\/05\/Insolite-un-canoe\u0308-dans-un-re\u0301servoir-de-bombardier-au-Muse\u0301e-des-Bombardements-a\u0300-Saint-Maximin-900x675.jpg 900w, https:\/\/www.creilsudoise-tourisme.fr\/wp-content\/uploads\/2021\/05\/Insolite-un-canoe\u0308-dans-un-re\u0301servoir-de-bombardier-au-Muse\u0301e-des-Bombardements-a\u0300-Saint-Maximin-1536x1152.jpg 1536w, https:\/\/www.creilsudoise-tourisme.fr\/wp-content\/uploads\/2021\/05\/Insolite-un-canoe\u0308-dans-un-re\u0301servoir-de-bombardier-au-Muse\u0301e-des-Bombardements-a\u0300-Saint-Maximin-200x150.jpg 200w, https:\/\/www.creilsudoise-tourisme.fr\/wp-content\/uploads\/2021\/05\/Insolite-un-canoe\u0308-dans-un-re\u0301servoir-de-bombardier-au-Muse\u0301e-des-Bombardements-a\u0300-Saint-Maximin-650x488.jpg 650w, https:\/\/www.creilsudoise-tourisme.fr\/wp-content\/uploads\/2021\/05\/Insolite-un-canoe\u0308-dans-un-re\u0301servoir-de-bombardier-au-Muse\u0301e-des-Bombardements-a\u0300-Saint-Maximin-387x290.jpg 387w, https:\/\/www.creilsudoise-tourisme.fr\/wp-content\/uploads\/2021\/05\/Insolite-un-canoe\u0308-dans-un-re\u0301servoir-de-bombardier-au-Muse\u0301e-des-Bombardements-a\u0300-Saint-Maximin.jpg 1600w\" sizes=\"(max-width: 1200px) 100vw, 1200px\" \/><figcaption class=\"wp-element-caption\">Creil Sud Oise Tourisme<\/figcaption><\/figure>\n\n\n\n<figure class=\"wp-block-image size-large\"><img decoding=\"async\" loading=\"lazy\" width=\"1200\" height=\"675\" data-id=\"33227\"  data-src=\"https:\/\/www.creilsudoise-tourisme.fr\/wp-content\/uploads\/2021\/04\/Le-Muse\u0301e-des-Bombardements-a\u0300-Saint-Maximin-1200x675.jpg\" alt=\"Museum Bombardierungen V\u00f6gel Krieg Zweiter Weltkrieg Gro\u00dfer Krieg Erinnerung Erinnerung Gedenken F\u00fchrung Saint-Maximin\" class=\"wp-image-33227\" data-srcset=\"https:\/\/www.creilsudoise-tourisme.fr\/wp-content\/uploads\/2021\/04\/Le-Muse\u0301e-des-Bombardements-a\u0300-Saint-Maximin-1200x675.jpg 1200w, https:\/\/www.creilsudoise-tourisme.fr\/wp-content\/uploads\/2021\/04\/Le-Muse\u0301e-des-Bombardements-a\u0300-Saint-Maximin-600x338.jpg 600w, https:\/\/www.creilsudoise-tourisme.fr\/wp-content\/uploads\/2021\/04\/Le-Muse\u0301e-des-Bombardements-a\u0300-Saint-Maximin-900x506.jpg 900w, https:\/\/www.creilsudoise-tourisme.fr\/wp-content\/uploads\/2021\/04\/Le-Muse\u0301e-des-Bombardements-a\u0300-Saint-Maximin-1536x864.jpg 1536w, https:\/\/www.creilsudoise-tourisme.fr\/wp-content\/uploads\/2021\/04\/Le-Muse\u0301e-des-Bombardements-a\u0300-Saint-Maximin-200x113.jpg 200w, https:\/\/www.creilsudoise-tourisme.fr\/wp-content\/uploads\/2021\/04\/Le-Muse\u0301e-des-Bombardements-a\u0300-Saint-Maximin-650x366.jpg 650w, https:\/\/www.creilsudoise-tourisme.fr\/wp-content\/uploads\/2021\/04\/Le-Muse\u0301e-des-Bombardements-a\u0300-Saint-Maximin-387x218.jpg 387w, https:\/\/www.creilsudoise-tourisme.fr\/wp-content\/uploads\/2021\/04\/Le-Muse\u0301e-des-Bombardements-a\u0300-Saint-Maximin-275x155.jpg 275w, https:\/\/www.creilsudoise-tourisme.fr\/wp-content\/uploads\/2021\/04\/Le-Muse\u0301e-des-Bombardements-a\u0300-Saint-Maximin.jpg 1600w\" sizes=\"(max-width: 1200px) 100vw, 1200px\" \/><figcaption class=\"wp-element-caption\">Creil Sud Oise Tourisme<\/figcaption><\/figure>\n\n\n\n<figure class=\"wp-block-image size-large\"><img decoding=\"async\" loading=\"lazy\" width=\"900\" height=\"1200\" data-id=\"46575\"  data-src=\"https:\/\/www.creilsudoise-tourisme.fr\/wp-content\/uploads\/wpetourisme\/Musee-des-bombardements-Saint-Maximin-PHOTOS-c-OT-CSO--2--900x1200.jpg\" alt=\"\" class=\"wp-image-46575\" data-srcset=\"https:\/\/www.creilsudoise-tourisme.fr\/wp-content\/uploads\/wpetourisme\/Musee-des-bombardements-Saint-Maximin-PHOTOS-c-OT-CSO--2--900x1200.jpg 900w, https:\/\/www.creilsudoise-tourisme.fr\/wp-content\/uploads\/wpetourisme\/Musee-des-bombardements-Saint-Maximin-PHOTOS-c-OT-CSO--2--450x600.jpg 450w, https:\/\/www.creilsudoise-tourisme.fr\/wp-content\/uploads\/wpetourisme\/Musee-des-bombardements-Saint-Maximin-PHOTOS-c-OT-CSO--2--675x900.jpg 675w, https:\/\/www.creilsudoise-tourisme.fr\/wp-content\/uploads\/wpetourisme\/Musee-des-bombardements-Saint-Maximin-PHOTOS-c-OT-CSO--2--1152x1536.jpg 1152w, https:\/\/www.creilsudoise-tourisme.fr\/wp-content\/uploads\/wpetourisme\/Musee-des-bombardements-Saint-Maximin-PHOTOS-c-OT-CSO--2--1536x2048.jpg 1536w, https:\/\/www.creilsudoise-tourisme.fr\/wp-content\/uploads\/wpetourisme\/Musee-des-bombardements-Saint-Maximin-PHOTOS-c-OT-CSO--2--9x12.jpg 9w, https:\/\/www.creilsudoise-tourisme.fr\/wp-content\/uploads\/wpetourisme\/Musee-des-bombardements-Saint-Maximin-PHOTOS-c-OT-CSO--2--200x267.jpg 200w, https:\/\/www.creilsudoise-tourisme.fr\/wp-content\/uploads\/wpetourisme\/Musee-des-bombardements-Saint-Maximin-PHOTOS-c-OT-CSO--2--650x867.jpg 650w, https:\/\/www.creilsudoise-tourisme.fr\/wp-content\/uploads\/wpetourisme\/Musee-des-bombardements-Saint-Maximin-PHOTOS-c-OT-CSO--2--387x516.jpg 387w, https:\/\/www.creilsudoise-tourisme.fr\/wp-content\/uploads\/wpetourisme\/Musee-des-bombardements-Saint-Maximin-PHOTOS-c-OT-CSO--2--scaled.jpg 1920w\" sizes=\"(max-width: 900px) 100vw, 900px\" \/><figcaption class=\"wp-element-caption\">Creil Sud Oise Tourisme<\/figcaption><\/figure>\n<\/figure>\n\n\n\n<h2>Programmierung<\/h2>\n\n\n\n<p>Die Freiwilligen des Museums organisieren <strong>Konferenzen<\/strong> und<strong> Themenf\u00fchrungen<\/strong>Die meisten Sch\u00fclerinnen und Sch\u00fcler sind in der Lage, sich in der Schule zu engagieren, insbesondere in Zeiten, die die Geschichte gepr\u00e4gt haben: Befreiung, Waffenstillstand, Bombenangriffe... <\/p>\n\n\n\n<p>Konsultieren Sie die<strong><a href=\"https:\/\/www.creilsudoise-tourisme.fr\/de\/agenda\/\" target=\"_blank\" rel=\"noreferrer noopener\">Online-Agenda<\/a><\/strong> um den n\u00e4chsten Termin zu erfahren!<\/p>\n\n\n\n\n\n<div class=\"wp-block-strate-full alignfull\">\n\n    <div class=\"wp-block-strate-full-thumbnail\">\n        <img data-src=\"https:\/\/www.creilsudoise-tourisme.fr\/wp-content\/uploads\/2023\/10\/Musee-des-bombardements-a-Saint-Maximin-\u00a9-Creil-Sud-Oise-Tourisme-5.jpg\" alt=\"F\u00fchrung durch das Museum der Bombardements in Saint-Maximin im Departement Oise\">\n    <\/div>\n\n\t\n        <div class=\"wp-block-strate-full-content wp-block-strate-full-content-left\">\n\t\t\t                <h3 class=\"wp-block-strate-full-content-title\"> Besuchen Sie das Bombardement Museum in einer Gruppe <\/h3>\n\t\t\t\t\t\t                <p class=\"wp-block-strate-full-content-excerpt\"> Die<strong> Museum of Bombardements empf\u00e4ngt Gruppen das ganze Jahr \u00fcber<\/strong>, nach vorheriger Anmeldung. Treffpunkt in der <strong><a href=\"https:\/\/www.creilsudoise-tourisme.fr\/de\/erforschen-gruppen\/\" target=\"_blank\" rel=\"noreferrer noopener\">Rubrik Gruppe<\/a><\/strong> um mehr zu erfahren! <\/p>\n\t\t\t        <\/div>\n\n\t\n<\/div>\n\n\n\n<h2>Gute Angebote und Rabatte<\/h2>\n\n\n\n<div class=\"is-layout-flex wp-container-8 wp-block-columns\">\n<div class=\"is-layout-flow wp-block-column\" style=\"flex-basis:33.33%\"><div class=\"wp-block-image\">\n<figure class=\"aligncenter size-full is-resized\"><img decoding=\"async\" loading=\"lazy\" data-src=\"https:\/\/www.creilsudoise-tourisme.fr\/wp-content\/uploads\/2021\/03\/Logo-pass-agglo.jpg\" alt=\"G\u00fcnstige Tarife mit dem Pass&#039;Agglo\" class=\"wp-image-32742\" width=\"166\" height=\"165\" data-srcset=\"https:\/\/www.creilsudoise-tourisme.fr\/wp-content\/uploads\/2021\/03\/Logo-pass-agglo.jpg 800w, https:\/\/www.creilsudoise-tourisme.fr\/wp-content\/uploads\/2021\/03\/Logo-pass-agglo-600x598.jpg 600w, https:\/\/www.creilsudoise-tourisme.fr\/wp-content\/uploads\/2021\/03\/Logo-pass-agglo-300x300.jpg 300w, https:\/\/www.creilsudoise-tourisme.fr\/wp-content\/uploads\/2021\/03\/Logo-pass-agglo-200x199.jpg 200w, https:\/\/www.creilsudoise-tourisme.fr\/wp-content\/uploads\/2021\/03\/Logo-pass-agglo-650x648.jpg 650w, https:\/\/www.creilsudoise-tourisme.fr\/wp-content\/uploads\/2021\/03\/Logo-pass-agglo-387x386.jpg 387w\" sizes=\"(max-width: 166px) 100vw, 166px\" \/><\/figure><\/div><\/div>\n\n\n\n<div class=\"is-layout-flow wp-block-column\" style=\"flex-basis:66.66%\">\n<h3>Agglo-Pass<\/h3>\n\n\n\n<h3><\/h3>\n\n\n\n<p>Nur f\u00fcr Einwohner der Agglomeration Creil Sud Oise (<em>Cramoisy, Creil, Maysel, Montataire, Nogent-sur-Oise, Rousseloy, Saint-Leu-d'Esserent, Saint-Maximin, Saint-Vaast-l\u00e8s-Mello, Thiverny und Villers-Saint-Paul<\/em>), der<strong>&nbsp;<a href=\"https:\/\/www.creilsudoise.fr\/mon-passagglo\/?section=mon-passagglo\" target=\"_blank\" rel=\"noreferrer noopener\">Agglo-Pass<\/a>&nbsp;erm\u00f6glicht es Ihnen, von g\u00fcnstigen Tarifen zu profitieren&nbsp;<\/strong>f\u00fcr zahlreiche Aktivit\u00e4ten: Sport, Kultur, Tourismus...<\/p>\n<\/div>\n<\/div>\n\n\n\n<div class=\"wp-block wp-block-single-sit wp-block-single-sit-coordonnees\" >\n\n            <h2>Zugang<\/h2>\n    \n    <div class=\"wp-block-media-text is-stacked-on-mobile\">\n\n        <div class=\"wp-block-media-text__media wpet-map-detail\" style=\"width:100%; height: 100%;\">\n            <div class=\"wp-block-media-text__media__content\" id=\"wpetSingleSitMap\" data-wpet-type-map=\"leaflet\" ><\/div>\n        <\/div>\n\n        <div class=\"wp-block-media-text__content\">\n\n                            <p class=\"wp-block-coordonnees__status wp-block-coordonnees__status--close\">\n                    Geschlossen                <\/p>\n            \n            <p class=\"wp-block-media-text__content__address\">\n                                    <strong>Museum der Bombardierungen<\/strong><br \/>\n                \n                                    Quartier de l'Economat<br \/>\n                \n                                    <span>60740<\/span>\n                    <span>SAINT-MAXIMIN<\/span><br \/>\n                            <\/p>\n\n                                                <p class=\"wp-block-media-text__content__phone\"><a data-type=\"TEL\" href=\"tel: 33 3 44 61 18 40\">+33 3 44 61 18 40<\/a><\/p>\n                            \n            <a href=\"https:\/\/www.google.fr\/maps?saddr&#038;daddr=49.2177984,2.4527266\" target=\"_blank\" class=\"button GtmButtonCalculItinerairePrestataire\" rel=\"noopener noreferrer\">Meine Route berechnen<\/a>\n        <\/div>\n    <\/div>\n<\/div>\n\n\n    <div class=\"wp-block wp-block-single-sit wp-block-single-sit-ouvertures\" id=\"opening\">\n\n                    <h2>\u00d6ffnungszeiten<\/h2>\n        \n        \t<div class=\"wpetTableList\" >\n                <div data-id=\"wpet-table-slider-wrapper\">\n\t\t    \t\t\t\t\t\t<div class=\"wpetTableContainer\" >\n\t\t\t\t<table class=\"wpetTable wpTable--opening\">\n\t\t\t\t\t<thead class=\"wpetTableHeader\">\n\t\t\t\t\t<tr>\n\t\t\t\t\t\t<td colspan=\"2\">\n\t\t\t\t\t\t\t\t\t\t\t\t\t\t\tVom 01 Januar bis 31 Dezember\t\t\t\t\t\t\t\t\t\t\t\t\t<\/td>\n\t\t\t\t\t<\/tr>\n\t\t\t\t\t<\/thead>\n\t\t\t\t\t\t\t\t\t\t\t\t\t\t\t\t\t\t<tr class=\"wpetTableLine\">\n\t\t\t\t\t\t\t\t<td class=\"wpetTableCell\">Montag<\/td>\n\t\t\t\t\t\t\t\t<td class=\"wpetTableCell\">Geschlossen<\/td>\n\t\t\t\t\t\t\t<\/tr>\n\t\t\t\t\t\t\t\t\t\t\t\t\t\t\t\t\t\t\t\t\t\t\t\t<tr class=\"wpetTableLine\">\n\t\t\t\t\t\t\t\t<td class=\"wpetTableCell\">Dienstag<\/td>\n\t\t\t\t\t\t\t\t<td class=\"wpetTableCell\">Geschlossen<\/td>\n\t\t\t\t\t\t\t<\/tr>\n\t\t\t\t\t\t\t\t\t\t\t\t\t\t\t\t\t\t\t\t\t\t\t\t<tr class=\"wpetTableLine\">\n\t\t\t\t\t\t\t\t<td class=\"wpetTableCell\">Mittwoch<\/td>\n\t\t\t\t\t\t\t\t<td class=\"wpetTableCell\">Ge\u00f6ffnet von 14h bis 18h<\/td>\n\t\t\t\t\t\t\t<\/tr>\n\t\t\t\t\t\t\t\t\t\t\t\t\t\t\t\t\t\t\t\t\t\t\t\t<tr class=\"wpetTableLine\">\n\t\t\t\t\t\t\t\t<td class=\"wpetTableCell\">Donnerstag<\/td>\n\t\t\t\t\t\t\t\t<td class=\"wpetTableCell\">Geschlossen<\/td>\n\t\t\t\t\t\t\t<\/tr>\n\t\t\t\t\t\t\t\t\t\t\t\t\t\t\t\t\t\t\t\t\t\t\t\t<tr class=\"wpetTableLine\">\n\t\t\t\t\t\t\t\t<td class=\"wpetTableCell\">Freitag<\/td>\n\t\t\t\t\t\t\t\t<td class=\"wpetTableCell\">Geschlossen<\/td>\n\t\t\t\t\t\t\t<\/tr>\n\t\t\t\t\t\t\t\t\t\t\t\t\t\t\t\t\t\t\t\t\t\t\t\t<tr class=\"wpetTableLine\">\n\t\t\t\t\t\t\t\t<td class=\"wpetTableCell\">Samstag<\/td>\n\t\t\t\t\t\t\t\t<td class=\"wpetTableCell\">Ge\u00f6ffnet von 14h bis 18h<\/td>\n\t\t\t\t\t\t\t<\/tr>\n\t\t\t\t\t\t\t\t\t\t\t\t\t\t\t\t\t\t\t\t\t\t\t\t<tr class=\"wpetTableLine\">\n\t\t\t\t\t\t\t\t<td class=\"wpetTableCell\">Sonntag<\/td>\n\t\t\t\t\t\t\t\t<td class=\"wpetTableCell\">Ge\u00f6ffnet von 14h bis 18h<\/td>\n\t\t\t\t\t\t\t<\/tr>\n\t\t\t\t\t\t\t\t\t\t\t\t\t\t\t<\/table>\n\t\t\t<\/div>\n\t\t        <\/div>\n\t<\/div>\n\n    <\/div>\n\n\n\n    <div class=\"wp-block wp-block-single-sit wp-block-single-sit-tarifs\">\n\n                    <h2>Tarife<\/h2>\n        \n        \n    <table class=\"wpetTable\">\n                    <tr class=\"wpetTableLine\">\n                <td class=\"wpetTableCell\">\n                    Erwachsenentarif                                    <\/td>\n                <td class=\"wpetTableCell\">4 \u20ac<\/td>\n            <\/tr>\n                    <tr class=\"wpetTableLine\">\n                <td class=\"wpetTableCell\">\n                    Erm\u00e4\u00dfigter Tarif Erwachsene                                            <span class=\"wpetTableCell--complement entryMeta\">Agglo-Pass und Gruppen<\/span>\n                                    <\/td>\n                <td class=\"wpetTableCell\">3,50 \u20ac<\/td>\n            <\/tr>\n                    <tr class=\"wpetTableLine\">\n                <td class=\"wpetTableCell\">\n                    Erm\u00e4\u00dfigter Tarif Kind                                            <span class=\"wpetTableCell--complement entryMeta\">Agglo-Pass und Gruppen<\/span>\n                                    <\/td>\n                <td class=\"wpetTableCell\">2 \u20ac<\/td>\n            <\/tr>\n                    <tr class=\"wpetTableLine\">\n                <td class=\"wpetTableCell\">\n                    Kindertarif                                    <\/td>\n                <td class=\"wpetTableCell\">2,50 \u20ac<\/td>\n            <\/tr>\n            <\/table>\n\n\n    \n    \n    \n    \n    <\/div>\n\n\n\n<div class=\"wp-block wp-block-related-post alignfull\">\n    <div class=\"container\">\n                    <h2 class=\"wp-block-related-post-title\">Den Entdeckern gefiel auch...<\/h2>\n                <div id=\"wpiris-related-post-1226337235315474475294271210\" data-id=\"wpiris-entity-slider\">\n            <div class=\"wp-block-related-post-list wp-block-related-post-list--8\" data-id=\"wpiris-entity-slider-wrapper\">\n\n                \n<div class=\"entityItem\" data-trigger=\"wpiris-click\" data-id=\"wpiris-entity-slider-item\">\n    <p class=\"entityItemThumbnail\">\n        <a href=\"https:\/\/www.creilsudoise-tourisme.fr\/de\/restaurant\/la-buvette\/\" nofancybox>\n            <img data-src=\"https:\/\/www.creilsudoise-tourisme.fr\/wp-content\/uploads\/wpetourisme\/photo-Anne-Sophie-FLAMENT-La-Buvette--bistrot-de-pays--Saint-Maximin--Arnaud-Martle-3114-275x350.jpg\" alt=\"Die Buvette\">\n        <\/a>\n    <\/p>\n    <div class=\"entityItemContent\">\n        <h2 class=\"entityItemContentTitle\">\n            <a href=\"https:\/\/www.creilsudoise-tourisme.fr\/de\/restaurant\/la-buvette\/\">Die Buvette<\/a>\n        <\/h2>\n                    <p class=\"entityItemContentType\">Verpflegung<\/p>\n            <\/div>\n    <a href=\"https:\/\/www.creilsudoise-tourisme.fr\/de\/restaurant\/la-buvette\/\" class=\"seeMore\"><span class=\"sr-only\">Mehr sehen<\/span><\/a>\n<\/div>\n\n<div class=\"entityItem\" data-trigger=\"wpiris-click\" data-id=\"wpiris-entity-slider-item\">\n    <p class=\"entityItemThumbnail\">\n        <a href=\"https:\/\/www.creilsudoise-tourisme.fr\/de\/espace-naturel\/berges-de-loise-a-saint-maximin\/\" nofancybox>\n            <img data-src=\"https:\/\/www.creilsudoise-tourisme.fr\/wp-content\/uploads\/wpetourisme\/BergesSaintMaximin-Hiver2023-CreilSudOiseTourisme--1--275x350.jpg\" alt=\"Ufer der Oise in Saint-Maximin\">\n        <\/a>\n    <\/p>\n    <div class=\"entityItemContent\">\n        <h2 class=\"entityItemContentTitle\">\n            <a href=\"https:\/\/www.creilsudoise-tourisme.fr\/de\/espace-naturel\/berges-de-loise-a-saint-maximin\/\">Ufer der Oise in Saint-Maximin<\/a>\n        <\/h2>\n                    <p class=\"entityItemContentType\">Nat\u00fcrliches Erbe<\/p>\n            <\/div>\n    <a href=\"https:\/\/www.creilsudoise-tourisme.fr\/de\/espace-naturel\/berges-de-loise-a-saint-maximin\/\" class=\"seeMore\"><span class=\"sr-only\">Mehr sehen<\/span><\/a>\n<\/div>\n\n<div class=\"entityItem\" data-trigger=\"wpiris-click\" data-id=\"wpiris-entity-slider-item\">\n    <p class=\"entityItemThumbnail\">\n        <a href=\"https:\/\/www.creilsudoise-tourisme.fr\/de\/patrimoine\/steinhaus-3\/\" nofancybox>\n            <img data-src=\"https:\/\/www.creilsudoise-tourisme.fr\/wp-content\/uploads\/wpetourisme\/-comdesimages-b.teissedre-ADRTOise-maison-de-la-pierre-COM0666-275x350.jpg\" alt=\"Steinhaus\">\n        <\/a>\n    <\/p>\n    <div class=\"entityItemContent\">\n        <h2 class=\"entityItemContentTitle\">\n            <a href=\"https:\/\/www.creilsudoise-tourisme.fr\/de\/patrimoine\/steinhaus-3\/\">Steinhaus<\/a>\n        <\/h2>\n                    <p class=\"entityItemContentType\">Kulturelles Erbe<\/p>\n            <\/div>\n    <a href=\"https:\/\/www.creilsudoise-tourisme.fr\/de\/patrimoine\/steinhaus-3\/\" class=\"seeMore\"><span class=\"sr-only\">Mehr sehen<\/span><\/a>\n<\/div>\n\n<div class=\"entityItem\" data-trigger=\"wpiris-click\" data-id=\"wpiris-entity-slider-item\">\n    <p class=\"entityItemThumbnail\">\n        <a href=\"https:\/\/www.creilsudoise-tourisme.fr\/de\/patrimoine\/musee-galle-juli-2\/\" nofancybox>\n            <img data-src=\"https:\/\/www.creilsudoise-tourisme.fr\/wp-content\/uploads\/wpetourisme\/1--Anne-Sophie-FLAMENT--ville-de-creil--MGJ--visite-cuisine-2-275x350.jpg\" alt=\"Gall\u00e9-Juillet-Museum\">\n        <\/a>\n    <\/p>\n    <div class=\"entityItemContent\">\n        <h2 class=\"entityItemContentTitle\">\n            <a href=\"https:\/\/www.creilsudoise-tourisme.fr\/de\/patrimoine\/musee-galle-juli-2\/\">Gall\u00e9-Juillet-Museum<\/a>\n        <\/h2>\n                    <p class=\"entityItemContentType\">Kulturelles Erbe<\/p>\n            <\/div>\n    <a href=\"https:\/\/www.creilsudoise-tourisme.fr\/de\/patrimoine\/musee-galle-juli-2\/\" class=\"seeMore\"><span class=\"sr-only\">Mehr sehen<\/span><\/a>\n<\/div>\n\n<div class=\"entityItem\" data-trigger=\"wpiris-click\" data-id=\"wpiris-entity-slider-item\">\n    <p class=\"entityItemThumbnail\">\n        <a href=\"https:\/\/www.creilsudoise-tourisme.fr\/de\/loisirs\/base-de-loisirs-saint-leu-desserent\/\" nofancybox>\n            <img data-src=\"https:\/\/www.creilsudoise-tourisme.fr\/wp-content\/uploads\/wpetourisme\/Base-de-Loisirs-de-Saint-Leu-d-Esserent-275x350.jpg\" alt=\"Freizeitzentrum von Saint-Leu-d&#039;Esserent\">\n        <\/a>\n    <\/p>\n    <div class=\"entityItemContent\">\n        <h2 class=\"entityItemContentTitle\">\n            <a href=\"https:\/\/www.creilsudoise-tourisme.fr\/de\/loisirs\/base-de-loisirs-saint-leu-desserent\/\">Freizeitzentrum von Saint-Leu-d'Esserent<\/a>\n        <\/h2>\n                    <p class=\"entityItemContentType\">Sportliche und kulturelle Aktivit\u00e4ten und Wanderformeln<\/p>\n            <\/div>\n    <a href=\"https:\/\/www.creilsudoise-tourisme.fr\/de\/loisirs\/base-de-loisirs-saint-leu-desserent\/\" class=\"seeMore\"><span class=\"sr-only\">Mehr sehen<\/span><\/a>\n<\/div>\n\n<div class=\"entityItem\" data-trigger=\"wpiris-click\" data-id=\"wpiris-entity-slider-item\">\n    <p class=\"entityItemThumbnail\">\n        <a href=\"https:\/\/www.creilsudoise-tourisme.fr\/de\/loisirs\/picknickplatz-von-saint-maximin\/\" nofancybox>\n            <img data-src=\"https:\/\/www.creilsudoise-tourisme.fr\/wp-content\/uploads\/wpetourisme\/BergesSaintMaximin-Hiver2023-CreilSudOiseTourisme--1--2-275x350.jpg\" alt=\"Picknickplatz an den Ufern der Oise\">\n        <\/a>\n    <\/p>\n    <div class=\"entityItemContent\">\n        <h2 class=\"entityItemContentTitle\">\n            <a href=\"https:\/\/www.creilsudoise-tourisme.fr\/de\/loisirs\/picknickplatz-von-saint-maximin\/\">Picknickplatz an den Ufern der Oise<\/a>\n        <\/h2>\n                    <p class=\"entityItemContentType\">Sportliche und kulturelle Aktivit\u00e4ten und Wanderformeln<\/p>\n            <\/div>\n    <a href=\"https:\/\/www.creilsudoise-tourisme.fr\/de\/loisirs\/picknickplatz-von-saint-maximin\/\" class=\"seeMore\"><span class=\"sr-only\">Mehr sehen<\/span><\/a>\n<\/div>\n\n<div class=\"entityItem\" data-trigger=\"wpiris-click\" data-id=\"wpiris-entity-slider-item\">\n    <p class=\"entityItemThumbnail\">\n        <a href=\"https:\/\/www.creilsudoise-tourisme.fr\/de\/restaurant\/le-comptoir-du-malt\/\" nofancybox>\n            <img data-src=\"https:\/\/www.creilsudoise-tourisme.fr\/wp-content\/uploads\/wpetourisme\/Comptoir-du-Malt-2-2-275x350.jpg\" alt=\"Le Comptoir du Malt\">\n        <\/a>\n    <\/p>\n    <div class=\"entityItemContent\">\n        <h2 class=\"entityItemContentTitle\">\n            <a href=\"https:\/\/www.creilsudoise-tourisme.fr\/de\/restaurant\/le-comptoir-du-malt\/\">Le Comptoir du Malt<\/a>\n        <\/h2>\n                    <p class=\"entityItemContentType\">Verpflegung<\/p>\n            <\/div>\n    <a href=\"https:\/\/www.creilsudoise-tourisme.fr\/de\/restaurant\/le-comptoir-du-malt\/\" class=\"seeMore\"><span class=\"sr-only\">Mehr sehen<\/span><\/a>\n<\/div>\n            <\/div>\n\n            \n<div class=\"sliderNav\">\n    <div class=\"sliderNavWrapper\">\n        <p class=\"swiperArrow swiperArrow--next\" data-trigger=\"swiper-next\">\n            <span class=\"sr-only\">Weiter zu<\/span>\n        <\/p>\n        <p class=\"swiperArrow swiperArrow--prev\" data-trigger=\"swiper-prev\">\n            <span class=\"sr-only\">Vorherige<\/span>\n        <\/p>\n    <\/div>\n<\/div>\n        <\/div>\n    <\/div>\n<\/div>","protected":false},"excerpt":{"rendered":"<p>Wenn Ihnen das M\u00e9morial de Cean oder das M\u00e9morial de la clairi\u00e8re de l'armistice de Compi\u00e8gne gefallen haben, ist es an der Zeit, die T\u00fcr des Mus\u00e9e des Bom Bombardements in Saint-Maximin aufzusto\u00dfen und seine unglaubliche Sammlung rund um das Thema des Zweiten Weltkriegs zu entdecken. Die Geschichte eines Lebens 1943 ist G\u00e9rard Lequien 13 Jahre alt [...].<\/p>","protected":false},"author":1,"featured_media":42928,"parent":131,"menu_order":10,"comment_status":"closed","ping_status":"closed","template":"","meta":{"_relevanssi_hide_post":"","_relevanssi_hide_content":"","_relevanssi_pin_for_all":"","_relevanssi_pin_keywords":"","_relevanssi_unpin_keywords":"","_relevanssi_related_keywords":"","_relevanssi_related_include_ids":"","_relevanssi_related_exclude_ids":"","_relevanssi_related_no_append":"","_relevanssi_related_not_related":"","_relevanssi_related_posts":"271,275,273,267","_relevanssi_noindex_reason":""},"yoast_head":"<!-- This site is optimized with the Yoast SEO plugin v20.2.1 - https:\/\/yoast.com\/wordpress\/plugins\/seo\/ -->\n<title>Le Mus\u00e9e des Bombardements pour les passionn\u00e9s d&#039;histoire<\/title>\n<meta name=\"description\" content=\"D\u00e9couvrez le Mus\u00e9e des Bombardements \u00e0 Saint-Maximin et son impressionnante collection d\u2019objets illustrant les attaques a\u00e9riennes dans l\u2019Oise\" \/>\n<meta name=\"robots\" content=\"index, follow, max-snippet:-1, max-image-preview:large, max-video-preview:-1\" \/>\n<link rel=\"canonical\" href=\"https:\/\/www.creilsudoise-tourisme.fr\/de\/jexplore\/unumganglich\/museum-bombardements\/\" \/>\n<meta property=\"og:locale\" content=\"de_DE\" \/>\n<meta property=\"og:type\" content=\"article\" \/>\n<meta property=\"og:title\" content=\"Le Mus\u00e9e des Bombardements pour les passionn\u00e9s d&#039;histoire\" \/>\n<meta property=\"og:description\" content=\"D\u00e9couvrez le Mus\u00e9e des Bombardements \u00e0 Saint-Maximin et son impressionnante collection d\u2019objets illustrant les attaques a\u00e9riennes dans l\u2019Oise\" \/>\n<meta property=\"og:url\" content=\"https:\/\/www.creilsudoise-tourisme.fr\/de\/jexplore\/unumganglich\/museum-bombardements\/\" \/>\n<meta property=\"og:site_name\" content=\"Office de Tourisme Creil Sud Oise\" \/>\n<meta property=\"article:publisher\" content=\"https:\/\/www.facebook.com\/creilsudoisetourisme\/\" \/>\n<meta property=\"article:modified_time\" content=\"2023-10-26T07:58:29+00:00\" \/>\n<meta property=\"og:image\" content=\"https:\/\/www.creilsudoise-tourisme.fr\/wp-content\/uploads\/wpetourisme\/Musee-des-bombardements---CreilSudOise-Tourisme--3--scaled.jpg\" \/>\n\t<meta property=\"og:image:width\" content=\"2560\" \/>\n\t<meta property=\"og:image:height\" content=\"1920\" \/>\n\t<meta property=\"og:image:type\" content=\"image\/jpeg\" \/>\n<meta name=\"twitter:card\" content=\"summary_large_image\" \/>\n<meta name=\"twitter:site\" content=\"@CreilSudOiseOT\" \/>\n<meta name=\"twitter:label1\" content=\"Gesch\u00e4tzte Lesezeit\" \/>\n\t<meta name=\"twitter:data1\" content=\"3\u00a0Minuten\" \/>\n<script type=\"application\/ld+json\" class=\"yoast-schema-graph\">{\"@context\":\"https:\/\/schema.org\",\"@graph\":[{\"@type\":\"WebPage\",\"@id\":\"https:\/\/www.creilsudoise-tourisme.fr\/jexplore\/incontournables\/musee-bombardements\/\",\"url\":\"https:\/\/www.creilsudoise-tourisme.fr\/jexplore\/incontournables\/musee-bombardements\/\",\"name\":\"Le Mus\u00e9e des Bombardements pour les passionn\u00e9s d'histoire\",\"isPartOf\":{\"@id\":\"https:\/\/www.creilsudoise-tourisme.fr\/#website\"},\"datePublished\":\"2021-02-17T09:02:42+00:00\",\"dateModified\":\"2023-10-26T07:58:29+00:00\",\"description\":\"D\u00e9couvrez le Mus\u00e9e des Bombardements \u00e0 Saint-Maximin et son impressionnante collection d\u2019objets illustrant les attaques a\u00e9riennes dans l\u2019Oise\",\"breadcrumb\":{\"@id\":\"https:\/\/www.creilsudoise-tourisme.fr\/jexplore\/incontournables\/musee-bombardements\/#breadcrumb\"},\"inLanguage\":\"de\",\"potentialAction\":[{\"@type\":\"ReadAction\",\"target\":[\"https:\/\/www.creilsudoise-tourisme.fr\/jexplore\/incontournables\/musee-bombardements\/\"]}]},{\"@type\":\"BreadcrumbList\",\"@id\":\"https:\/\/www.creilsudoise-tourisme.fr\/jexplore\/incontournables\/musee-bombardements\/#breadcrumb\",\"itemListElement\":[{\"@type\":\"ListItem\",\"position\":1,\"name\":\"Accueil\",\"item\":\"https:\/\/www.creilsudoise-tourisme.fr\/\"},{\"@type\":\"ListItem\",\"position\":2,\"name\":\"J&rsquo;explore\",\"item\":\"https:\/\/www.creilsudoise-tourisme.fr\/jexplore\/\"},{\"@type\":\"ListItem\",\"position\":3,\"name\":\"Les incontournables\",\"item\":\"https:\/\/www.creilsudoise-tourisme.fr\/jexplore\/incontournables\/\"},{\"@type\":\"ListItem\",\"position\":4,\"name\":\"Le Mus\u00e9e des Bombardements\"}]},{\"@type\":\"WebSite\",\"@id\":\"https:\/\/www.creilsudoise-tourisme.fr\/#website\",\"url\":\"https:\/\/www.creilsudoise-tourisme.fr\/\",\"name\":\"Office de Tourisme Creil Sud Oise\",\"description\":\"Creil Sud Oise Tourisme, un territoire \u00e0 explorer !\",\"publisher\":{\"@id\":\"https:\/\/www.creilsudoise-tourisme.fr\/#organization\"},\"potentialAction\":[{\"@type\":\"SearchAction\",\"target\":{\"@type\":\"EntryPoint\",\"urlTemplate\":\"https:\/\/www.creilsudoise-tourisme.fr\/?s={search_term_string}\"},\"query-input\":\"required name=search_term_string\"}],\"inLanguage\":\"de\"},{\"@type\":\"Organization\",\"@id\":\"https:\/\/www.creilsudoise-tourisme.fr\/#organization\",\"name\":\"Creil Sud Oise Tourisme\",\"url\":\"https:\/\/www.creilsudoise-tourisme.fr\/\",\"logo\":{\"@type\":\"ImageObject\",\"inLanguage\":\"de\",\"@id\":\"https:\/\/www.creilsudoise-tourisme.fr\/#\/schema\/logo\/image\/\",\"url\":\"https:\/\/www.creilsudoise-tourisme.fr\/wp-content\/uploads\/2021\/05\/logo-svg.png\",\"contentUrl\":\"https:\/\/www.creilsudoise-tourisme.fr\/wp-content\/uploads\/2021\/05\/logo-svg.png\",\"width\":182,\"height\":71,\"caption\":\"Creil Sud Oise Tourisme\"},\"image\":{\"@id\":\"https:\/\/www.creilsudoise-tourisme.fr\/#\/schema\/logo\/image\/\"},\"sameAs\":[\"https:\/\/www.facebook.com\/creilsudoisetourisme\/\",\"https:\/\/twitter.com\/CreilSudOiseOT\",\"https:\/\/www.instagram.com\/creilsudoisetourisme\/\",\"https:\/\/www.youtube.com\/channel\/UC8L_QD2wwyADW14zt9fY8kw\"]}]}<\/script>\n<!-- \/ Yoast SEO plugin. -->","yoast_head_json":{"title":"Le Mus\u00e9e des Bombardements pour les passionn\u00e9s d'histoire","description":"D\u00e9couvrez le Mus\u00e9e des Bombardements \u00e0 Saint-Maximin et son impressionnante collection d\u2019objets illustrant les attaques a\u00e9riennes dans l\u2019Oise","robots":{"index":"index","follow":"follow","max-snippet":"max-snippet:-1","max-image-preview":"max-image-preview:large","max-video-preview":"max-video-preview:-1"},"canonical":"https:\/\/www.creilsudoise-tourisme.fr\/de\/jexplore\/unumganglich\/museum-bombardements\/","og_locale":"de_DE","og_type":"article","og_title":"Le Mus\u00e9e des Bombardements pour les passionn\u00e9s d'histoire","og_description":"D\u00e9couvrez le Mus\u00e9e des Bombardements \u00e0 Saint-Maximin et son impressionnante collection d\u2019objets illustrant les attaques a\u00e9riennes dans l\u2019Oise","og_url":"https:\/\/www.creilsudoise-tourisme.fr\/de\/jexplore\/unumganglich\/museum-bombardements\/","og_site_name":"Office de Tourisme Creil Sud Oise","article_publisher":"https:\/\/www.facebook.com\/creilsudoisetourisme\/","article_modified_time":"2023-10-26T07:58:29+00:00","og_image":[{"width":2560,"height":1920,"url":"https:\/\/www.creilsudoise-tourisme.fr\/wp-content\/uploads\/wpetourisme\/Musee-des-bombardements---CreilSudOise-Tourisme--3--scaled.jpg","type":"image\/jpeg"}],"twitter_card":"summary_large_image","twitter_site":"@CreilSudOiseOT","twitter_misc":{"Gesch\u00e4tzte Lesezeit":"3\u00a0Minuten"},"schema":{"@context":"https:\/\/schema.org","@graph":[{"@type":"WebPage","@id":"https:\/\/www.creilsudoise-tourisme.fr\/jexplore\/incontournables\/musee-bombardements\/","url":"https:\/\/www.creilsudoise-tourisme.fr\/jexplore\/incontournables\/musee-bombardements\/","name":"Le Mus\u00e9e des Bombardements pour les passionn\u00e9s d'histoire","isPartOf":{"@id":"https:\/\/www.creilsudoise-tourisme.fr\/#website"},"datePublished":"2021-02-17T09:02:42+00:00","dateModified":"2023-10-26T07:58:29+00:00","description":"D\u00e9couvrez le Mus\u00e9e des Bombardements \u00e0 Saint-Maximin et son impressionnante collection d\u2019objets illustrant les attaques a\u00e9riennes dans l\u2019Oise","breadcrumb":{"@id":"https:\/\/www.creilsudoise-tourisme.fr\/jexplore\/incontournables\/musee-bombardements\/#breadcrumb"},"inLanguage":"de","potentialAction":[{"@type":"ReadAction","target":["https:\/\/www.creilsudoise-tourisme.fr\/jexplore\/incontournables\/musee-bombardements\/"]}]},{"@type":"BreadcrumbList","@id":"https:\/\/www.creilsudoise-tourisme.fr\/jexplore\/incontournables\/musee-bombardements\/#breadcrumb","itemListElement":[{"@type":"ListItem","position":1,"name":"Accueil","item":"https:\/\/www.creilsudoise-tourisme.fr\/"},{"@type":"ListItem","position":2,"name":"J&rsquo;explore","item":"https:\/\/www.creilsudoise-tourisme.fr\/jexplore\/"},{"@type":"ListItem","position":3,"name":"Les incontournables","item":"https:\/\/www.creilsudoise-tourisme.fr\/jexplore\/incontournables\/"},{"@type":"ListItem","position":4,"name":"Le Mus\u00e9e des Bombardements"}]},{"@type":"WebSite","@id":"https:\/\/www.creilsudoise-tourisme.fr\/#website","url":"https:\/\/www.creilsudoise-tourisme.fr\/","name":"Office de Tourisme Creil Sud Oise","description":"Creil Sud Oise Tourisme, un territoire \u00e0 explorer !","publisher":{"@id":"https:\/\/www.creilsudoise-tourisme.fr\/#organization"},"potentialAction":[{"@type":"SearchAction","target":{"@type":"EntryPoint","urlTemplate":"https:\/\/www.creilsudoise-tourisme.fr\/?s={search_term_string}"},"query-input":"required name=search_term_string"}],"inLanguage":"de"},{"@type":"Organization","@id":"https:\/\/www.creilsudoise-tourisme.fr\/#organization","name":"Creil Sud Oise Tourisme","url":"https:\/\/www.creilsudoise-tourisme.fr\/","logo":{"@type":"ImageObject","inLanguage":"de","@id":"https:\/\/www.creilsudoise-tourisme.fr\/#\/schema\/logo\/image\/","url":"https:\/\/www.creilsudoise-tourisme.fr\/wp-content\/uploads\/2021\/05\/logo-svg.png","contentUrl":"https:\/\/www.creilsudoise-tourisme.fr\/wp-content\/uploads\/2021\/05\/logo-svg.png","width":182,"height":71,"caption":"Creil Sud Oise Tourisme"},"image":{"@id":"https:\/\/www.creilsudoise-tourisme.fr\/#\/schema\/logo\/image\/"},"sameAs":["https:\/\/www.facebook.com\/creilsudoisetourisme\/","https:\/\/twitter.com\/CreilSudOiseOT","https:\/\/www.instagram.com\/creilsudoisetourisme\/","https:\/\/www.youtube.com\/channel\/UC8L_QD2wwyADW14zt9fY8kw"]}]}},"_links":{"self":[{"href":"https:\/\/www.creilsudoise-tourisme.fr\/de\/wp-json\/wp\/v2\/pages\/149"}],"collection":[{"href":"https:\/\/www.creilsudoise-tourisme.fr\/de\/wp-json\/wp\/v2\/pages"}],"about":[{"href":"https:\/\/www.creilsudoise-tourisme.fr\/de\/wp-json\/wp\/v2\/types\/page"}],"author":[{"embeddable":true,"href":"https:\/\/www.creilsudoise-tourisme.fr\/de\/wp-json\/wp\/v2\/users\/1"}],"replies":[{"embeddable":true,"href":"https:\/\/www.creilsudoise-tourisme.fr\/de\/wp-json\/wp\/v2\/comments?post=149"}],"version-history":[{"count":34,"href":"https:\/\/www.creilsudoise-tourisme.fr\/de\/wp-json\/wp\/v2\/pages\/149\/revisions"}],"predecessor-version":[{"id":50246,"href":"https:\/\/www.creilsudoise-tourisme.fr\/de\/wp-json\/wp\/v2\/pages\/149\/revisions\/50246"}],"up":[{"embeddable":true,"href":"https:\/\/www.creilsudoise-tourisme.fr\/de\/wp-json\/wp\/v2\/pages\/131"}],"wp:featuredmedia":[{"embeddable":true,"href":"https:\/\/www.creilsudoise-tourisme.fr\/de\/wp-json\/wp\/v2\/media\/42928"}],"wp:attachment":[{"href":"https:\/\/www.creilsudoise-tourisme.fr\/de\/wp-json\/wp\/v2\/media?parent=149"}],"curies":[{"name":"wp","href":"https:\/\/api.w.org\/{rel}","templated":true}]}}