{"id":145,"date":"2021-02-17T10:02:38","date_gmt":"2021-02-17T09:02:38","guid":{"rendered":"https:\/\/www.creilsudoise-tourisme.fr\/le-musee-galle-juillet-et-la-maison-de-la-faience\/"},"modified":"2026-03-09T15:58:40","modified_gmt":"2026-03-09T14:58:40","slug":"musee-galle-juillet","status":"publish","type":"page","link":"https:\/\/www.creilsudoise-tourisme.fr\/de\/jexplore\/unumganglich\/musee-galle-juli\/","title":{"rendered":"Das Gall\u00e9-Juillet-Museum"},"content":{"rendered":"<p class=\"is-style-excerpt\">Nur wenige Kilometer von Chantilly und Senlis entfernt, in Creil, befindet sich das <strong>Gall\u00e9-Juillet-Museum <\/strong>bietet einen atemberaubenden Einblick in das <strong>Vergangenheit der Stadt<\/strong>Durch das bewegende Zeugnis einer<strong> Familie, die dort Anfang des letzten Jahrhunderts lebte<\/strong> und der Ausstellung von <strong>mehrere hundert Fayencen<\/strong>, einige mit Stempel<strong> Creil-Montereau<\/strong>. <strong>Aber nicht nur das<\/strong><\/p>\n\n\n\n<div class=\"wp-block-strate-full alignfull\">\n\n    <div class=\"wp-block-strate-full-thumbnail\">\n        <img data-src=\"https:\/\/www.creilsudoise-tourisme.fr\/wp-content\/uploads\/wpetourisme\/4--Anne-Sophie-FLAMENT--ville-de-creil--MGJ--chambre-1600x900.jpg\" alt=\"Besuch des Gall\u00e9-Juillet-Museums in Creil\">\n    <\/div>\n\n\t\n        <div class=\"wp-block-strate-full-content wp-block-strate-full-content-right\">\n\t\t\t                <h3 class=\"wp-block-strate-full-content-title\"> Eine Reise durch die Zeit... <\/h3>\n\t\t\t\t\t\t                <p class=\"wp-block-strate-full-content-excerpt\"> Wir behalten in Erinnerung <strong>der Blick dieser Bewohner <\/strong>deren epochale Portr\u00e4ts wir an den W\u00e4nden ihres Hauses begegnen. <\/p>\n\t\t\t        <\/div>\n\n\t\n<\/div>\n\n\n\n<h2>Ein immersives Museum<\/h2>\n\n\n\n<p><strong>Zu Beginn des letzten Jahrhunderts<\/strong>Die Familie Gall\u00e9-Juillet, <a href=\"https:\/\/www.creilsudoise-tourisme.fr\/de\/2021\/11\/30\/emile-galle-2\/\" target=\"_blank\" rel=\"noreferrer noopener\">verwandt durch Monsieur mit dem ber\u00fchmten Maler Ernest Gall\u00e9<\/a>bewohnte ein sch\u00f6nes Haus am Ufer der Oise. Ihr Sohn Maurice wuchs dort beh\u00fctet und umgeben von Spielzeug, Gem\u00e4lden und Sammlerst\u00fccken auf... Aber<strong> die Geschichte holt diese sch\u00f6ne Familie ein<\/strong> und m\u00e4ht 1916 in den Schlachten an der Somme diesen einzigen Sohn in der Bl\u00fcte seines Lebens nieder. <\/p>\n\n\n\n<p>Viele Jahre sp\u00e4ter vermacht Madame Gall\u00e9-Juillet ihr Haus an<strong> die Stadt Creil, die daraus ein Museum machen wird.<\/strong><\/p>\n\n\n\n<figure class=\"wp-block-image size-large\"><img decoding=\"async\" loading=\"lazy\" width=\"937\" height=\"848\" data-src=\"https:\/\/www.creilsudoise-tourisme.fr\/wp-content\/uploads\/2023\/01\/Berthe-et-Maurice.jpg\" alt=\"Foto von Berthe und ihrem Sohn Maurice Gall\u00e9-Juillet\" class=\"wp-image-44225\" data-srcset=\"https:\/\/www.creilsudoise-tourisme.fr\/wp-content\/uploads\/2023\/01\/Berthe-et-Maurice.jpg 937w, https:\/\/www.creilsudoise-tourisme.fr\/wp-content\/uploads\/2023\/01\/Berthe-et-Maurice-600x543.jpg 600w, https:\/\/www.creilsudoise-tourisme.fr\/wp-content\/uploads\/2023\/01\/Berthe-et-Maurice-900x815.jpg 900w, https:\/\/www.creilsudoise-tourisme.fr\/wp-content\/uploads\/2023\/01\/Berthe-et-Maurice-200x181.jpg 200w, https:\/\/www.creilsudoise-tourisme.fr\/wp-content\/uploads\/2023\/01\/Berthe-et-Maurice-650x588.jpg 650w, https:\/\/www.creilsudoise-tourisme.fr\/wp-content\/uploads\/2023\/01\/Berthe-et-Maurice-387x350.jpg 387w\" sizes=\"(max-width: 937px) 100vw, 937px\" \/><figcaption class=\"wp-element-caption\">Archiv - Stadt Creil<\/figcaption><\/figure>\n\n\n\n<h3>Der Tisch ist gedeckt, die Betten sind gemacht<\/h3>\n\n\n\n<p>So ist es heute, <strong>Sie k\u00f6nnen in der Zeit reisen<\/strong>, zur\u00fcck nach<strong> die Zeit unserer Vorv\u00e4ter<\/strong>und entdecken Sie in einer <strong>Rundgang<\/strong> ihren Alltag und ihre Geschichte. Der Tisch ist mit Sonntagsgeschirr gedeckt, die Betten sind gemacht, die Spielsachen liegen im Zimmer, als warteten sie darauf, dass endlich ein Kind kommt und sie von ihrem<strong> Zeitkapsel.<\/strong><\/p>\n\n\n<div class=\"wp-block-image\">\n<figure class=\"aligncenter size-large\"><img decoding=\"async\" loading=\"lazy\" width=\"1600\" height=\"901\" data-src=\"https:\/\/www.creilsudoise-tourisme.fr\/wp-content\/uploads\/2023\/01\/3-Anne-Sophie-FLAMENT-ville-de-creil-MGJ-peintures-et-dessins-edited.jpg\" alt=\"Besuch des Gall\u00e9-Juillet-Museums in Creil\" class=\"wp-image-44228\" data-srcset=\"https:\/\/www.creilsudoise-tourisme.fr\/wp-content\/uploads\/2023\/01\/3-Anne-Sophie-FLAMENT-ville-de-creil-MGJ-peintures-et-dessins-edited.jpg 1600w, https:\/\/www.creilsudoise-tourisme.fr\/wp-content\/uploads\/2023\/01\/3-Anne-Sophie-FLAMENT-ville-de-creil-MGJ-peintures-et-dessins-edited-600x338.jpg 600w, https:\/\/www.creilsudoise-tourisme.fr\/wp-content\/uploads\/2023\/01\/3-Anne-Sophie-FLAMENT-ville-de-creil-MGJ-peintures-et-dessins-edited-1200x676.jpg 1200w, https:\/\/www.creilsudoise-tourisme.fr\/wp-content\/uploads\/2023\/01\/3-Anne-Sophie-FLAMENT-ville-de-creil-MGJ-peintures-et-dessins-edited-900x507.jpg 900w, https:\/\/www.creilsudoise-tourisme.fr\/wp-content\/uploads\/2023\/01\/3-Anne-Sophie-FLAMENT-ville-de-creil-MGJ-peintures-et-dessins-edited-1536x865.jpg 1536w, https:\/\/www.creilsudoise-tourisme.fr\/wp-content\/uploads\/2023\/01\/3-Anne-Sophie-FLAMENT-ville-de-creil-MGJ-peintures-et-dessins-edited-200x113.jpg 200w, https:\/\/www.creilsudoise-tourisme.fr\/wp-content\/uploads\/2023\/01\/3-Anne-Sophie-FLAMENT-ville-de-creil-MGJ-peintures-et-dessins-edited-650x366.jpg 650w, https:\/\/www.creilsudoise-tourisme.fr\/wp-content\/uploads\/2023\/01\/3-Anne-Sophie-FLAMENT-ville-de-creil-MGJ-peintures-et-dessins-edited-387x218.jpg 387w\" sizes=\"(max-width: 1600px) 100vw, 1600px\" \/><figcaption class=\"wp-element-caption\">Anne-Sophie Flament - Stadt Creil<\/figcaption><\/figure><\/div>\n\n<div class=\"wp-block-image\">\n<figure class=\"aligncenter size-large\"><img decoding=\"async\" loading=\"lazy\" width=\"1600\" height=\"901\" data-src=\"https:\/\/www.creilsudoise-tourisme.fr\/wp-content\/uploads\/2023\/01\/2-Anne-Sophie-FLAMENT-ville-de-creil-musee-galle-juillet-edited.jpg\" alt=\"Besuch des Gall\u00e9-Juillet-Museums in Creil\" class=\"wp-image-44227\" data-srcset=\"https:\/\/www.creilsudoise-tourisme.fr\/wp-content\/uploads\/2023\/01\/2-Anne-Sophie-FLAMENT-ville-de-creil-musee-galle-juillet-edited.jpg 1600w, https:\/\/www.creilsudoise-tourisme.fr\/wp-content\/uploads\/2023\/01\/2-Anne-Sophie-FLAMENT-ville-de-creil-musee-galle-juillet-edited-600x338.jpg 600w, https:\/\/www.creilsudoise-tourisme.fr\/wp-content\/uploads\/2023\/01\/2-Anne-Sophie-FLAMENT-ville-de-creil-musee-galle-juillet-edited-1200x676.jpg 1200w, https:\/\/www.creilsudoise-tourisme.fr\/wp-content\/uploads\/2023\/01\/2-Anne-Sophie-FLAMENT-ville-de-creil-musee-galle-juillet-edited-900x507.jpg 900w, https:\/\/www.creilsudoise-tourisme.fr\/wp-content\/uploads\/2023\/01\/2-Anne-Sophie-FLAMENT-ville-de-creil-musee-galle-juillet-edited-1536x865.jpg 1536w, https:\/\/www.creilsudoise-tourisme.fr\/wp-content\/uploads\/2023\/01\/2-Anne-Sophie-FLAMENT-ville-de-creil-musee-galle-juillet-edited-200x113.jpg 200w, https:\/\/www.creilsudoise-tourisme.fr\/wp-content\/uploads\/2023\/01\/2-Anne-Sophie-FLAMENT-ville-de-creil-musee-galle-juillet-edited-650x366.jpg 650w, https:\/\/www.creilsudoise-tourisme.fr\/wp-content\/uploads\/2023\/01\/2-Anne-Sophie-FLAMENT-ville-de-creil-musee-galle-juillet-edited-387x218.jpg 387w\" sizes=\"(max-width: 1600px) 100vw, 1600px\" \/><figcaption class=\"wp-element-caption\">Anne-Sophie Flament - Stadt Creil<\/figcaption><\/figure><\/div>\n\n\n<h3>Ein Escape Game<\/h3>\n\n\n\n<p><strong>Bereits sehr eindringlich<\/strong>Das Museum bietet zus\u00e4tzlich zu den F\u00fchrungen auch die M\u00f6glichkeit, an einer F\u00fchrung teilzunehmen,<strong> noch mehr in den Alltag einzutauchen<\/strong> seiner Bewohner durch einen <strong><a href=\"https:\/\/www.youtube.com\/watch?v=sBZW3Dy-0y8\" target=\"_blank\" rel=\"noreferrer noopener\">Spannendes Escape Game<\/a><\/strong> in der Maurice und seine Vergangenheit im Mittelpunkt stehen. <\/p>\n\n\n\n<figure class=\"is-layout-flex wp-block-gallery-1 wp-block-gallery has-nested-images columns-default is-cropped\">\n<figure class=\"wp-block-image size-large\"><img decoding=\"async\" data-id=\"43981\"  data-src=\"https:\/\/www.creilsudoise-tourisme.fr\/wp-content\/uploads\/wpetourisme\/ESCAPE-GAME---AS-FLAMENT-01-1200x800.jpg\" alt=\"\" class=\"wp-image-43981\"\/><figcaption class=\"wp-element-caption\">Anne-Sophie Flament - Stadt Creil<\/figcaption><\/figure>\n\n\n\n<figure class=\"wp-block-image size-large\"><img decoding=\"async\" data-id=\"44018\"  data-src=\"https:\/\/www.creilsudoise-tourisme.fr\/wp-content\/uploads\/wpetourisme\/Musee-Galle-Juillet---Anne-Sophie-Flament---Ville-de-Creil--106--1200x800.jpg\" alt=\"Escape Game im Gall\u00e9-Museum-Juillet\" class=\"wp-image-44018\"\/><figcaption class=\"wp-element-caption\">Anne-Sophie Flament - Stadt Creil<\/figcaption><\/figure>\n<figcaption class=\"blocks-gallery-caption wp-element-caption\">L\u00f6sen Sie das Geheimnis, das Maurice umgibt!<\/figcaption><\/figure>\n\n\n\n<div class=\"is-layout-flex wp-block-buttons\">\n<div class=\"wp-block-button\"><a class=\"wp-block-button__link wp-element-button\" href=\"#programmation\">Programmierung<\/a><\/div>\n<\/div>\n\n\n\n<div class=\"wp-block-strate-full alignfull\">\n\n    <div class=\"wp-block-strate-full-thumbnail\">\n        <img data-src=\"https:\/\/www.creilsudoise-tourisme.fr\/wp-content\/uploads\/2023\/02\/Cour-interieure-du-Chateau-de-Creil-1600x900.jpg\" alt=\"Innenhof des Chateau de Creil\">\n    <\/div>\n\n\t\n        <div class=\"wp-block-strate-full-content wp-block-strate-full-content-left\">\n\t\t\t\t\t\t                <p class=\"wp-block-strate-full-content-excerpt\"> Man ahnt nicht, dass ein <strong>Schloss, das mit dem von Pierrfonds vergleichbar ist, stand am Ufer der Oise!<\/strong> <\/p>\n\t\t\t        <\/div>\n\n\t\n<\/div>\n\n\n\n<h2>Ein Haus, das auf majest\u00e4tischen Ruinen errichtet wurde<\/h2>\n\n\n\n<figure class=\"wp-block-embed is-type-video is-provider-youtube wp-block-embed-youtube wp-embed-aspect-16-9 wp-has-aspect-ratio\"><div class=\"wp-block-embed__wrapper\">\n<iframe loading=\"lazy\" title=\"[TREFFEN] mit Nicolas Billot, Arch\u00e4ologe | Creil Sud Oise Tourisme\" width=\"500\" height=\"281\" data-src=\"https:\/\/www.youtube.com\/embed\/_cg5aDCH3Os?feature=oembed\" frameborder=\"0\" allow=\"accelerometer; autoplay; clipboard-write; encrypted-media; gyroscope; picture-in-picture; web-share\" referrerpolicy=\"strict-origin-when-cross-origin\" allowfullscreen><\/iframe>\n<\/div><\/figure>\n\n\n\n<p>Wussten Sie, dass<strong>war in Creil ein Schloss gebaut worden, das in seiner Gr\u00f6\u00dfe mit dem Schloss von Pierrefonds vergleichbar war.<\/strong>&nbsp;? Auf seinen Ruinen ruht das Haus der Familie Gall\u00e9-Juillet. Lange Zeit vergessen <strong>das Schloss steht heute im Mittelpunkt der Aufmerksamkeit<\/strong>Die meisten von ihnen haben sich in den letzten Jahren durch arch\u00e4ologische Ausgrabungen einen Namen gemacht. <\/p>\n\n\n\n<p>Sie k\u00f6nnen <strong>sich an der Restaurierung des Schlosses von Creil beteiligen<\/strong> indem Sie einen <a href=\"https:\/\/www.youtube.com\/watch?v=rKIXNU1dX6Y\" target=\"_blank\" rel=\"noreferrer noopener\">Spende bei der Fondation du Patrimoine<\/a>.<\/p>\n\n\n\n<figure class=\"wp-block-image size-large\"><img decoding=\"async\" loading=\"lazy\" width=\"1200\" height=\"675\" data-src=\"https:\/\/www.creilsudoise-tourisme.fr\/wp-content\/uploads\/2024\/04\/Chateau_Creil-4-1200x675.jpg\" alt=\"Tour Geschichte Creil Schloss Nicolas Bilot Arch\u00e4ologie\" class=\"wp-image-53622\" data-srcset=\"https:\/\/www.creilsudoise-tourisme.fr\/wp-content\/uploads\/2024\/04\/Chateau_Creil-4-1200x675.jpg 1200w, https:\/\/www.creilsudoise-tourisme.fr\/wp-content\/uploads\/2024\/04\/Chateau_Creil-4-600x338.jpg 600w, https:\/\/www.creilsudoise-tourisme.fr\/wp-content\/uploads\/2024\/04\/Chateau_Creil-4-900x506.jpg 900w, https:\/\/www.creilsudoise-tourisme.fr\/wp-content\/uploads\/2024\/04\/Chateau_Creil-4-1536x864.jpg 1536w, https:\/\/www.creilsudoise-tourisme.fr\/wp-content\/uploads\/2024\/04\/Chateau_Creil-4-18x10.jpg 18w, https:\/\/www.creilsudoise-tourisme.fr\/wp-content\/uploads\/2024\/04\/Chateau_Creil-4-200x113.jpg 200w, https:\/\/www.creilsudoise-tourisme.fr\/wp-content\/uploads\/2024\/04\/Chateau_Creil-4-1600x900.jpg 1600w, https:\/\/www.creilsudoise-tourisme.fr\/wp-content\/uploads\/2024\/04\/Chateau_Creil-4-650x366.jpg 650w, https:\/\/www.creilsudoise-tourisme.fr\/wp-content\/uploads\/2024\/04\/Chateau_Creil-4-387x218.jpg 387w, https:\/\/www.creilsudoise-tourisme.fr\/wp-content\/uploads\/2024\/04\/Chateau_Creil-4.jpg 1920w\" sizes=\"(max-width: 1200px) 100vw, 1200px\" \/><figcaption class=\"wp-element-caption\">Stadt Creil<\/figcaption><\/figure>\n\n\n\n<h3>Eine gef\u00fchrte Tour und ein Explor'Games\u00ae.<\/h3>\n\n\n\n<p><strong>Jeden Sonntag<\/strong> (ohne 1<sup>e<\/sup> Sonntag im Monat), erm\u00f6glicht Ihnen die F\u00fchrung durch den noch sichtbaren Raum des Schlosses, insbesondere dank einer<strong> 3D-Visualisierung auf einem Tablet<\/strong>, <strong>sich die Gr\u00f6\u00dfe und Bedeutung dieses Geb\u00e4udes vorzustellen<\/strong>. <\/p>\n\n\n\n<p>F\u00fcr die <strong>Abenteuerlustige<\/strong>ein <strong>Explor'Games\u00ae<\/strong> mit einer Mischung aus Geschichte mit einem gro\u00dfen H und zu l\u00f6senden Geheimnissen erm\u00f6glicht es, die mittelalterliche Vergangenheit der Stadt Creil zu entdecken. <\/p>\n\n\n\n<p><\/p>\n\n\n\n<div class=\"is-layout-flex wp-block-buttons\">\n<div class=\"wp-block-button\"><a class=\"wp-block-button__link wp-element-button\" href=\"#programmation\">Programmierung<\/a><\/div>\n<\/div>\n\n\n\n<figure class=\"wp-block-image alignwide size-large\"><img decoding=\"async\" loading=\"lazy\" width=\"1200\" height=\"800\" data-src=\"https:\/\/www.creilsudoise-tourisme.fr\/wp-content\/uploads\/2025\/07\/Musee_Galle_Juillet-Creil-Escape_Game-Anne_Sophie_Flament_Ville_Creil-120-1200x800.jpg\" alt=\"\" class=\"wp-image-64169\" data-srcset=\"https:\/\/www.creilsudoise-tourisme.fr\/wp-content\/uploads\/2025\/07\/Musee_Galle_Juillet-Creil-Escape_Game-Anne_Sophie_Flament_Ville_Creil-120-1200x800.jpg 1200w, https:\/\/www.creilsudoise-tourisme.fr\/wp-content\/uploads\/2025\/07\/Musee_Galle_Juillet-Creil-Escape_Game-Anne_Sophie_Flament_Ville_Creil-120-600x400.jpg 600w, https:\/\/www.creilsudoise-tourisme.fr\/wp-content\/uploads\/2025\/07\/Musee_Galle_Juillet-Creil-Escape_Game-Anne_Sophie_Flament_Ville_Creil-120-900x600.jpg 900w, https:\/\/www.creilsudoise-tourisme.fr\/wp-content\/uploads\/2025\/07\/Musee_Galle_Juillet-Creil-Escape_Game-Anne_Sophie_Flament_Ville_Creil-120-1536x1024.jpg 1536w, https:\/\/www.creilsudoise-tourisme.fr\/wp-content\/uploads\/2025\/07\/Musee_Galle_Juillet-Creil-Escape_Game-Anne_Sophie_Flament_Ville_Creil-120-18x12.jpg 18w, https:\/\/www.creilsudoise-tourisme.fr\/wp-content\/uploads\/2025\/07\/Musee_Galle_Juillet-Creil-Escape_Game-Anne_Sophie_Flament_Ville_Creil-120-200x133.jpg 200w, https:\/\/www.creilsudoise-tourisme.fr\/wp-content\/uploads\/2025\/07\/Musee_Galle_Juillet-Creil-Escape_Game-Anne_Sophie_Flament_Ville_Creil-120-650x433.jpg 650w, https:\/\/www.creilsudoise-tourisme.fr\/wp-content\/uploads\/2025\/07\/Musee_Galle_Juillet-Creil-Escape_Game-Anne_Sophie_Flament_Ville_Creil-120-387x258.jpg 387w, https:\/\/www.creilsudoise-tourisme.fr\/wp-content\/uploads\/2025\/07\/Musee_Galle_Juillet-Creil-Escape_Game-Anne_Sophie_Flament_Ville_Creil-120.jpg 1920w\" sizes=\"(max-width: 1200px) 100vw, 1200px\" \/><figcaption class=\"wp-element-caption\">Anne-Sophie Flament - Stadt Creil<\/figcaption><\/figure>\n\n\n\n<p class=\"is-style-blockquote\">Sehr sch\u00f6nes Museum, das man mit der F\u00fchrerin besuchen sollte, die einem das Leben der Familie Gall\u00e9-Juillet erz\u00e4hlt. Tolle Sammlungen, u. a. von Geschirr (die Japan-Sammlung ist wundersch\u00f6n).<\/p>\n\n\n\n<p><em>Beatrice G. K. - Facebook-Seite des <a href=\"https:\/\/www.facebook.com\/museegallejuillet\/?ref=page_internal\" target=\"_blank\" rel=\"noreferrer noopener\">Gall\u00e9-Juillet-Museum<\/a><\/em><\/p>\n\n\n\n<div class=\"wp-block-strate-full alignfull\">\n\n    <div class=\"wp-block-strate-full-thumbnail\">\n        <img data-src=\"https:\/\/www.creilsudoise-tourisme.fr\/wp-content\/uploads\/wpetourisme\/5--Anne-Sophie-FLAMENT--ville-de-creil--maison-de-la-faience--visite-guidee-individuels-et-groupes-1268-1600x900.jpg\" alt=\"Besuch des Maison de la Fa\u00efence (Haus der Fayence)\">\n    <\/div>\n\n\t\n        <div class=\"wp-block-strate-full-content wp-block-strate-full-content-left\">\n\t\t\t\t\t\t                <p class=\"wp-block-strate-full-content-excerpt\"> Ein echter Zeuge der industriellen Vergangenheit der Stadt Creil, eine <strong>pr\u00e4chtige Sammlung von Fayencen<\/strong> ist im Gall\u00e9-Juillet-Museum ausgestellt. <\/p>\n\t\t\t        <\/div>\n\n\t\n<\/div>\n\n\n\n<h2>Die Fayencerie oder die glorreiche Vergangenheit von Creil<\/h2>\n\n\n\n<p>Wenn heute in Creil keine \u00dcberreste der Fayencemanufaktur mehr vorhanden sind, so ist die <strong>Fayence-Produktion hat die Stadt enorm gepr\u00e4gt<\/strong>Die<strong> <a href=\"https:\/\/www.creilsudoise-tourisme.fr\/de\/loisirs\/la-faiencerie-theatre\/\" target=\"_blank\" rel=\"noreferrer noopener\">Fa\u00efencerie-Theater<\/a>Die Schule wurde auf dem Gel\u00e4nde der ehemaligen Fabrik gebaut.<\/strong>oder der<strong> <a href=\"https:\/\/www.creilsudoise-tourisme.fr\/de\/restaurant\/le-flora\/\" target=\"_blank\" rel=\"noreferrer noopener\">Flora<\/a>Ein Restaurant, das nach dem ber\u00fchmten Blumenmuster auf den Fayencen benannt ist.<\/strong>. &nbsp;<\/p>\n\n\n\n<p><strong>Davon zeugt auch die gro\u00dfartige Sammlung von Fayencen, die Sie bewundern k\u00f6nnen<\/strong> bei einem Besuch des Maison de la Fa\u00efence (Haus der Fayence), das sich direkt gegen\u00fcber dem Gall\u00e9-Juillet-Haus befindet. <strong>Mehrere hundert sind ausgestellt<\/strong>Es gibt eine Reihe von Museen, die Kunstgegenst\u00e4nde, Alltagsgegenst\u00e4nde, Verkaufsgegenst\u00e4nde usw. in verschiedenen Modellen entsprechend der Mode ihrer Zeit pr\u00e4sentieren. Andere, <a href=\"https:\/\/www.youtube.com\/watch?v=eay0i32x2JA\" target=\"_blank\" rel=\"noreferrer noopener\">die in den Sammlungen des Museums wertvoll aufbewahrt werden<\/a>Sie werden manchmal bei<strong>Sonderausstellungen<\/strong>. <\/p>\n\n\n\n<div class=\"is-layout-flex wp-block-buttons\">\n<div class=\"wp-block-button\"><a class=\"wp-block-button__link wp-element-button\" href=\"#programmation\">Programmierung<\/a><\/div>\n<\/div>\n\n\n<div class=\"wp-block wp-block-highlight\">\n            <h3 class=\"wp-block-highlight-item wp-block-highlight-title\">Wussten Sie schon?<\/h3>\n                <p class=\"wp-block-highlight-item wp-block-highlight-excerpt\">In Creil blieb das feine Steingut nicht einheitlich wei\u00df: Es erhielt einen <strong>bemaltes oder bedrucktes Dekor <\/strong>und einige von ihnen erlebten einen <strong>gro\u00dfer kommerzieller Erfolg<\/strong> wie der <strong>Dekor Flora<\/strong> (blaue Bl\u00fcten und Bl\u00e4tter von Rittersporn, Maigl\u00f6ckchen, Stechpalme oder Rose), die 1855 auf der Weltausstellung in Paris gezeigt wurde. Oder auch das <strong>Rousseau-Service<\/strong> entstand aus der Zusammenarbeit von Eug\u00e8ne Rousseau, der f\u00fcr seine Rolle bei der Verbreitung des Japonismus bekannt war, und F\u00e9lix Braquemond, einem Maler und Graveur: eine sehr raffinierte Dekoration mit Pflanzen- und Tiermotiven.<\/p>\n    <\/div>\n\n\n<figure class=\"wp-block-image alignwide size-large\"><img decoding=\"async\" loading=\"lazy\" width=\"1200\" height=\"800\" data-src=\"https:\/\/www.creilsudoise-tourisme.fr\/wp-content\/uploads\/2021\/03\/Collection-de-faiences-a-la-Maison-de-la-Faience-1200x800.jpg\" alt=\"\" class=\"wp-image-32371\" data-srcset=\"https:\/\/www.creilsudoise-tourisme.fr\/wp-content\/uploads\/2021\/03\/Collection-de-faiences-a-la-Maison-de-la-Faience-1200x800.jpg 1200w, https:\/\/www.creilsudoise-tourisme.fr\/wp-content\/uploads\/2021\/03\/Collection-de-faiences-a-la-Maison-de-la-Faience-600x400.jpg 600w, https:\/\/www.creilsudoise-tourisme.fr\/wp-content\/uploads\/2021\/03\/Collection-de-faiences-a-la-Maison-de-la-Faience-900x600.jpg 900w, https:\/\/www.creilsudoise-tourisme.fr\/wp-content\/uploads\/2021\/03\/Collection-de-faiences-a-la-Maison-de-la-Faience-1536x1024.jpg 1536w, https:\/\/www.creilsudoise-tourisme.fr\/wp-content\/uploads\/2021\/03\/Collection-de-faiences-a-la-Maison-de-la-Faience-200x133.jpg 200w, https:\/\/www.creilsudoise-tourisme.fr\/wp-content\/uploads\/2021\/03\/Collection-de-faiences-a-la-Maison-de-la-Faience-650x433.jpg 650w, https:\/\/www.creilsudoise-tourisme.fr\/wp-content\/uploads\/2021\/03\/Collection-de-faiences-a-la-Maison-de-la-Faience-387x258.jpg 387w, https:\/\/www.creilsudoise-tourisme.fr\/wp-content\/uploads\/2021\/03\/Collection-de-faiences-a-la-Maison-de-la-Faience.jpg 1800w\" sizes=\"(max-width: 1200px) 100vw, 1200px\" \/><figcaption class=\"wp-element-caption\">Anne-Sophie Flament - Stadt Creil<\/figcaption><\/figure>\n\n\n\n<h3>Der Schatz<\/h3>\n\n\n\n<p>Direkt neben dieser wunderbaren Sammlung mit tausend Farben und Mustern ist ausgestellt <strong>ein Schatz, den man nicht vermutet... <\/strong>In den 70er Jahren <a href=\"https:\/\/www.creilsudoise-tourisme.fr\/de\/2021\/09\/17\/tresor-ecluse\/\" target=\"_blank\" rel=\"noreferrer noopener\">ein Schuljunge macht eine seltsame Entdeckung<\/a>... es folgten Ausgrabungen, die einen gallo-r\u00f6mischen M\u00fcnzschatz zutage f\u00f6rderten, der im Schatzturm des Maison de la Fa\u00efence ausgestellt ist.<strong> Dieser Fund belegt eine gewisse Bedeutung des Gebiets bereits in der gallo-r\u00f6mischen Zeit.<\/strong><\/p>\n\n\n\n<figure class=\"wp-block-image alignwide size-large\"><img decoding=\"async\" data-src=\"https:\/\/www.creilsudoise-tourisme.fr\/wp-content\/uploads\/2021\/03\/Le-muse\u0301e-Galle\u0301-Juillet-a\u0300-Creil-en-groupes-1200x800.jpg\" alt=\"Freie Besichtigung des Maison de la Fa\u00efence (Haus der Fayence) und des Tour du Tr\u00e9sor (Schatzturm)\" class=\"wp-image-32349\"\/><figcaption class=\"wp-element-caption\">Anne-Sophie Flament - Stadt Creil<\/figcaption><\/figure>\n\n\n\n<div class=\"wp-block-strate-full alignfull\">\n\n    <div class=\"wp-block-strate-full-thumbnail\">\n        <img data-src=\"\" alt=\"\">\n    <\/div>\n\n\t\n        <div class=\"wp-block-strate-full-content wp-block-strate-full-content-left\">\n\t\t\t\t\t\t                <p class=\"wp-block-strate-full-content-excerpt\"> Nutzen Sie die <strong>zahlreiche Animationen angeboten<\/strong> w\u00e4hrend der Ferien und am Wochenende, um das Gall\u00e9-Juillet-Museum mit der Familie oder mit Freunden zu entdecken! <\/p>\n\t\t\t        <\/div>\n\n\t\n<\/div>\n\n\n\n<h2 id=\"programmation\">Ein reichhaltiges Programm<\/h2>\n\n\n\n<p>Mehr <strong>gef\u00fchrte Besichtigungen des Gall\u00e9-Juillet-Museums<\/strong>von <strong>zahlreiche Animationen <\/strong>werden regelm\u00e4\u00dfig f\u00fcr Familien, Kinder und Erwachsene angeboten. Von<strong> Sonderausstellungen<\/strong>wie z. B. die Ausstellung rund um das <a href=\"https:\/\/www.youtube.com\/watch?v=b6Mgqsmtf88\" target=\"_blank\" rel=\"noreferrer noopener\">Meisterwerk <em>Die Anbetung der Hirten<\/em>von Laurent de La Hyre, k\u00fcrzlich renoviert<\/a>In den letzten Jahren haben sich die Sammlungen des Museums in den letzten Jahren stark gewandelt und bieten Ihnen die M\u00f6glichkeit, einen Teil der selten ausgestellten Sammlungen zu entdecken. <\/p>\n\n\n\n<p>An mehreren Samstagen im Jahr <strong>Museum l\u00e4dt Sie ein, die Kirche Saint-M\u00e9dard zu entdecken und zu besichtigen<\/strong> in Creil, die durch ihre Geschichte und Architektur verbl\u00fcfft.<\/p>\n\n\n\n<figure class=\"is-layout-flex wp-block-gallery-6 wp-block-gallery aligncenter has-nested-images columns-2 is-cropped\">\n<figure class=\"wp-block-image size-full\"><a href=\"https:\/\/www.creilsudoise-tourisme.fr\/wp-content\/uploads\/2021\/03\/Une-animation-pour-les-enfants-au-Musee-Galle-Juillet-a-Creil.jpg\"><img decoding=\"async\" loading=\"lazy\" width=\"1800\" height=\"1200\" data-id=\"32368\"  data-src=\"https:\/\/www.creilsudoise-tourisme.fr\/wp-content\/uploads\/2021\/03\/Une-animation-pour-les-enfants-au-Musee-Galle-Juillet-a-Creil.jpg\" alt=\"Workshop rund um den Geschmack f\u00fcr Kinder im Gall\u00e9-Juillet-Museum in Creil\" class=\"wp-image-32368\" data-srcset=\"https:\/\/www.creilsudoise-tourisme.fr\/wp-content\/uploads\/2021\/03\/Une-animation-pour-les-enfants-au-Musee-Galle-Juillet-a-Creil.jpg 1800w, https:\/\/www.creilsudoise-tourisme.fr\/wp-content\/uploads\/2021\/03\/Une-animation-pour-les-enfants-au-Musee-Galle-Juillet-a-Creil-600x400.jpg 600w, https:\/\/www.creilsudoise-tourisme.fr\/wp-content\/uploads\/2021\/03\/Une-animation-pour-les-enfants-au-Musee-Galle-Juillet-a-Creil-1200x800.jpg 1200w, https:\/\/www.creilsudoise-tourisme.fr\/wp-content\/uploads\/2021\/03\/Une-animation-pour-les-enfants-au-Musee-Galle-Juillet-a-Creil-900x600.jpg 900w, https:\/\/www.creilsudoise-tourisme.fr\/wp-content\/uploads\/2021\/03\/Une-animation-pour-les-enfants-au-Musee-Galle-Juillet-a-Creil-1536x1024.jpg 1536w, https:\/\/www.creilsudoise-tourisme.fr\/wp-content\/uploads\/2021\/03\/Une-animation-pour-les-enfants-au-Musee-Galle-Juillet-a-Creil-200x133.jpg 200w, https:\/\/www.creilsudoise-tourisme.fr\/wp-content\/uploads\/2021\/03\/Une-animation-pour-les-enfants-au-Musee-Galle-Juillet-a-Creil-650x433.jpg 650w, https:\/\/www.creilsudoise-tourisme.fr\/wp-content\/uploads\/2021\/03\/Une-animation-pour-les-enfants-au-Musee-Galle-Juillet-a-Creil-387x258.jpg 387w\" sizes=\"(max-width: 1800px) 100vw, 1800px\" \/><\/a><figcaption class=\"wp-element-caption\">Anne-Sophie Flament - Stadt Creil<\/figcaption><\/figure>\n\n\n\n<figure class=\"wp-block-image size-full\"><a href=\"https:\/\/www.creilsudoise-tourisme.fr\/wp-content\/uploads\/2021\/03\/Une-animation-enfant-au-Musee-Galle-Juillet.jpg\"><img decoding=\"async\" loading=\"lazy\" width=\"1800\" height=\"1200\" data-id=\"32367\"  data-src=\"https:\/\/www.creilsudoise-tourisme.fr\/wp-content\/uploads\/2021\/03\/Une-animation-enfant-au-Musee-Galle-Juillet.jpg\" alt=\"Workshop f\u00fcr Kinder im Gall\u00e9-Juillet-Museum in Creil\" class=\"wp-image-32367\" data-srcset=\"https:\/\/www.creilsudoise-tourisme.fr\/wp-content\/uploads\/2021\/03\/Une-animation-enfant-au-Musee-Galle-Juillet.jpg 1800w, https:\/\/www.creilsudoise-tourisme.fr\/wp-content\/uploads\/2021\/03\/Une-animation-enfant-au-Musee-Galle-Juillet-600x400.jpg 600w, https:\/\/www.creilsudoise-tourisme.fr\/wp-content\/uploads\/2021\/03\/Une-animation-enfant-au-Musee-Galle-Juillet-1200x800.jpg 1200w, https:\/\/www.creilsudoise-tourisme.fr\/wp-content\/uploads\/2021\/03\/Une-animation-enfant-au-Musee-Galle-Juillet-900x600.jpg 900w, https:\/\/www.creilsudoise-tourisme.fr\/wp-content\/uploads\/2021\/03\/Une-animation-enfant-au-Musee-Galle-Juillet-1536x1024.jpg 1536w, https:\/\/www.creilsudoise-tourisme.fr\/wp-content\/uploads\/2021\/03\/Une-animation-enfant-au-Musee-Galle-Juillet-200x133.jpg 200w, https:\/\/www.creilsudoise-tourisme.fr\/wp-content\/uploads\/2021\/03\/Une-animation-enfant-au-Musee-Galle-Juillet-650x433.jpg 650w, https:\/\/www.creilsudoise-tourisme.fr\/wp-content\/uploads\/2021\/03\/Une-animation-enfant-au-Musee-Galle-Juillet-387x258.jpg 387w\" sizes=\"(max-width: 1800px) 100vw, 1800px\" \/><\/a><figcaption class=\"wp-element-caption\">Anne-Sophie Flament - Stadt Creil<\/figcaption><\/figure>\n\n\n\n<figure class=\"wp-block-image size-full\"><a href=\"https:\/\/www.creilsudoise-tourisme.fr\/wp-content\/uploads\/2021\/03\/Peinture-sur-faience-une-animation-adultes-au-Musee-Galle-Juillet.jpg\"><img decoding=\"async\" loading=\"lazy\" width=\"1800\" height=\"1200\" data-id=\"32370\"  data-src=\"https:\/\/www.creilsudoise-tourisme.fr\/wp-content\/uploads\/2021\/03\/Peinture-sur-faience-une-animation-adultes-au-Musee-Galle-Juillet.jpg\" alt=\"Workshop f\u00fcr Erwachsene im Gall\u00e9-Museum-Juillet\" class=\"wp-image-32370\" data-srcset=\"https:\/\/www.creilsudoise-tourisme.fr\/wp-content\/uploads\/2021\/03\/Peinture-sur-faience-une-animation-adultes-au-Musee-Galle-Juillet.jpg 1800w, https:\/\/www.creilsudoise-tourisme.fr\/wp-content\/uploads\/2021\/03\/Peinture-sur-faience-une-animation-adultes-au-Musee-Galle-Juillet-600x400.jpg 600w, https:\/\/www.creilsudoise-tourisme.fr\/wp-content\/uploads\/2021\/03\/Peinture-sur-faience-une-animation-adultes-au-Musee-Galle-Juillet-1200x800.jpg 1200w, https:\/\/www.creilsudoise-tourisme.fr\/wp-content\/uploads\/2021\/03\/Peinture-sur-faience-une-animation-adultes-au-Musee-Galle-Juillet-900x600.jpg 900w, https:\/\/www.creilsudoise-tourisme.fr\/wp-content\/uploads\/2021\/03\/Peinture-sur-faience-une-animation-adultes-au-Musee-Galle-Juillet-1536x1024.jpg 1536w, https:\/\/www.creilsudoise-tourisme.fr\/wp-content\/uploads\/2021\/03\/Peinture-sur-faience-une-animation-adultes-au-Musee-Galle-Juillet-200x133.jpg 200w, https:\/\/www.creilsudoise-tourisme.fr\/wp-content\/uploads\/2021\/03\/Peinture-sur-faience-une-animation-adultes-au-Musee-Galle-Juillet-650x433.jpg 650w, https:\/\/www.creilsudoise-tourisme.fr\/wp-content\/uploads\/2021\/03\/Peinture-sur-faience-une-animation-adultes-au-Musee-Galle-Juillet-387x258.jpg 387w\" sizes=\"(max-width: 1800px) 100vw, 1800px\" \/><\/a><figcaption class=\"wp-element-caption\">Anne-Sophie Flament - Stadt Creil<\/figcaption><\/figure>\n<figcaption class=\"blocks-gallery-caption wp-element-caption\">Von <strong>Animationen werden f\u00fcr Erwachsene und Kinder angeboten<\/strong>, das ganze Jahr \u00fcber!<\/figcaption><\/figure>\n\n\n<div data-related-sit=\"1\" data-block-type=\"related-sit-gt\" data-block-id=\"wpet-sit-9oxl98jqtj\"><div class=\"wp-block wp-block-related-post wp-block-related-list-sit alignfull\">\n    \n    <div class=\"container\">\n\n                    <h2 class=\"wp-block-related-post-title\">Genie\u00dfen Sie das Programm!<\/h2>\n        \n                    <div id=\"wpiris-related-post-131\" data-id=\"wpiris-entity-slider\">\n                <div class=\"wp-block-related-post-list wp-block-related-post-list--2\" data-id=\"wpiris-entity-slider-wrapper\">\n\n                    \n<div class=\"entityItem\" data-trigger=\"wpiris-click\" data-id=\"wpiris-entity-slider-item\">\n    <p class=\"entityItemThumbnail\">\n        <a href=\"https:\/\/www.creilsudoise-tourisme.fr\/de\/agenda-animations\/nuit-des-musees-bienvenue-chez-les-galle\/\" nofancybox>\n            <img data-src=\"https:\/\/www.creilsudoise-tourisme.fr\/wp-content\/uploads\/wpetourisme\/NDM-MGJ-275x350.jpg\" alt=\"Nuit des mus\u00e9es |  \u00ab\u00a0Bienvenue chez les Gall\u00e9\u00a0\u00bb\">\n        <\/a>\n    <\/p>\n    <div class=\"entityItemContent\">\n        <h2 class=\"entityItemContentTitle\">\n            <a href=\"https:\/\/www.creilsudoise-tourisme.fr\/de\/agenda-animations\/nuit-des-musees-bienvenue-chez-les-galle\/\">Nuit des mus\u00e9es |  \u00ab\u00a0Bienvenue chez les Gall\u00e9\u00a0\u00bb<\/a>\n        <\/h2>\n                    <p class=\"entityItemContentType\">Feste und Veranstaltungen<\/p>\n            <\/div>\n    <a href=\"https:\/\/www.creilsudoise-tourisme.fr\/de\/agenda-animations\/nuit-des-musees-bienvenue-chez-les-galle\/\" class=\"seeMore\"><span class=\"sr-only\">Mehr sehen<\/span><\/a>\n<\/div>\n\n<div class=\"entityItem\" data-trigger=\"wpiris-click\" data-id=\"wpiris-entity-slider-item\">\n    <p class=\"entityItemThumbnail\">\n        <a href=\"https:\/\/www.creilsudoise-tourisme.fr\/de\/agenda-animations\/explor-games-verruckt-mit-der-geschichte-im-schiff-von-creil\/\" nofancybox>\n            <img data-src=\"https:\/\/www.creilsudoise-tourisme.fr\/wp-content\/uploads\/wpetourisme\/Affiche-jeu-2-275x350.jpg\" alt=\"Explor Games\u00ae | Verr\u00fcckte Geschichte im Schloss von Creil\">\n        <\/a>\n    <\/p>\n    <div class=\"entityItemContent\">\n        <h2 class=\"entityItemContentTitle\">\n            <a href=\"https:\/\/www.creilsudoise-tourisme.fr\/de\/agenda-animations\/explor-games-verruckt-mit-der-geschichte-im-schiff-von-creil\/\">Explor Games\u00ae | Verr\u00fcckte Geschichte im Schloss von Creil<\/a>\n        <\/h2>\n                    <p class=\"entityItemContentType\">Feste und Veranstaltungen<\/p>\n            <\/div>\n    <a href=\"https:\/\/www.creilsudoise-tourisme.fr\/de\/agenda-animations\/explor-games-verruckt-mit-der-geschichte-im-schiff-von-creil\/\" class=\"seeMore\"><span class=\"sr-only\">Mehr sehen<\/span><\/a>\n<\/div>\n                <\/div>\n\n                            <\/div>\n            <\/div>\n<\/div><\/div>\n\n\n<div class=\"wp-block-strate-full alignfull\">\n\n    <div class=\"wp-block-strate-full-thumbnail\">\n        <img data-src=\"https:\/\/www.creilsudoise-tourisme.fr\/wp-content\/uploads\/2021\/03\/Muse\u0301e-Galle\u0301-Juillet-a\u0300-Creil-en-groupes-1600x900.jpg\" alt=\"Gall\u00e9-Juillet-Museum in Creil in Gruppen\">\n    <\/div>\n\n\t\n        <div class=\"wp-block-strate-full-content wp-block-strate-full-content-left\">\n\t\t\t                <h3 class=\"wp-block-strate-full-content-title\"> Besuchen Sie das Gall\u00e9-Juillet-Museum in einer Gruppe <\/h3>\n\t\t\t\t\t\t                <p class=\"wp-block-strate-full-content-excerpt\"> <strong>Das Gall\u00e9-Juillet-Museum empf\u00e4ngt auch die\u00a0<a href=\"https:\/\/www.creilsudoise-tourisme.fr\/de\/erforschen-gruppen\/unumganglich-gruppen\/musee-galle-juli-3\/\" target=\"_blank\" rel=\"noreferrer noopener\">Gruppen<\/a>Erwachsene oder junges Publikum<\/strong>\u00a0! F\u00fchrungen, Workshops f\u00fcr Kinder oder Erwachsene, die Aktivit\u00e4ten sind vielf\u00e4ltig! <\/p>\n\t\t\t        <\/div>\n\n\t\n<\/div>\n\n\n\n<hr class=\"wp-block-separator has-css-opacity\"\/>\n\n\n\n<h2>Gute Angebote und Rabatte<\/h2>\n\n\n\n<div class=\"is-layout-flex wp-container-10 wp-block-columns\">\n<div class=\"is-layout-flow wp-block-column\" style=\"flex-basis:33.33%\">\n<figure class=\"wp-block-image size-large is-resized\"><img decoding=\"async\" loading=\"lazy\" data-src=\"https:\/\/www.creilsudoise-tourisme.fr\/wp-content\/uploads\/2021\/03\/Logo_MuseeDeFrance_BN-1200x1200.jpg\" alt=\"\" class=\"wp-image-32374\" width=\"152\" height=\"152\" data-srcset=\"https:\/\/www.creilsudoise-tourisme.fr\/wp-content\/uploads\/2021\/03\/Logo_MuseeDeFrance_BN-1200x1200.jpg 1200w, https:\/\/www.creilsudoise-tourisme.fr\/wp-content\/uploads\/2021\/03\/Logo_MuseeDeFrance_BN-600x600.jpg 600w, https:\/\/www.creilsudoise-tourisme.fr\/wp-content\/uploads\/2021\/03\/Logo_MuseeDeFrance_BN-300x300.jpg 300w, https:\/\/www.creilsudoise-tourisme.fr\/wp-content\/uploads\/2021\/03\/Logo_MuseeDeFrance_BN-900x900.jpg 900w, https:\/\/www.creilsudoise-tourisme.fr\/wp-content\/uploads\/2021\/03\/Logo_MuseeDeFrance_BN-1536x1536.jpg 1536w, https:\/\/www.creilsudoise-tourisme.fr\/wp-content\/uploads\/2021\/03\/Logo_MuseeDeFrance_BN-200x200.jpg 200w, https:\/\/www.creilsudoise-tourisme.fr\/wp-content\/uploads\/2021\/03\/Logo_MuseeDeFrance_BN-650x650.jpg 650w, https:\/\/www.creilsudoise-tourisme.fr\/wp-content\/uploads\/2021\/03\/Logo_MuseeDeFrance_BN-387x387.jpg 387w, https:\/\/www.creilsudoise-tourisme.fr\/wp-content\/uploads\/2021\/03\/Logo_MuseeDeFrance_BN.jpg 1879w\" sizes=\"(max-width: 152px) 100vw, 152px\" \/><\/figure>\n<\/div>\n\n\n\n<div class=\"is-layout-flow wp-block-column\" style=\"flex-basis:66.66%\">\n<h3>Kostenlos die 1<sup>ers<\/sup> Sonntage des Monats<\/h3>\n\n\n\n<p>Das Gall\u00e9-Juillet-Museum ist wie alle Museen in Frankreich <strong>kostenlos alle 1<sup>ers<\/sup> Sonntage des Monats<\/strong>, nutzen Sie es!<\/p>\n<\/div>\n<\/div>\n\n\n\n<div class=\"is-layout-flex wp-container-13 wp-block-columns\">\n<div class=\"is-layout-flow wp-block-column\" style=\"flex-basis:33.33%\">\n<figure class=\"wp-block-image size-large is-resized\"><img decoding=\"async\" loading=\"lazy\" data-src=\"https:\/\/www.creilsudoise-tourisme.fr\/wp-content\/uploads\/2021\/03\/Logo-pass-agglo.jpg\" alt=\"\" class=\"wp-image-32742\" width=\"148\" height=\"147\" data-srcset=\"https:\/\/www.creilsudoise-tourisme.fr\/wp-content\/uploads\/2021\/03\/Logo-pass-agglo.jpg 800w, https:\/\/www.creilsudoise-tourisme.fr\/wp-content\/uploads\/2021\/03\/Logo-pass-agglo-600x598.jpg 600w, https:\/\/www.creilsudoise-tourisme.fr\/wp-content\/uploads\/2021\/03\/Logo-pass-agglo-300x300.jpg 300w, https:\/\/www.creilsudoise-tourisme.fr\/wp-content\/uploads\/2021\/03\/Logo-pass-agglo-200x199.jpg 200w, https:\/\/www.creilsudoise-tourisme.fr\/wp-content\/uploads\/2021\/03\/Logo-pass-agglo-650x648.jpg 650w, https:\/\/www.creilsudoise-tourisme.fr\/wp-content\/uploads\/2021\/03\/Logo-pass-agglo-387x386.jpg 387w\" sizes=\"(max-width: 148px) 100vw, 148px\" \/><\/figure>\n<\/div>\n\n\n\n<div class=\"is-layout-flow wp-block-column\" style=\"flex-basis:66.66%\">\n<h3>Agglo-Pass<\/h3>\n\n\n\n<p>Nur f\u00fcr Einwohner der Agglomeration Creil Sud Oise (<em>Cramoisy, Creil, Maysel, Montataire, Nogent-sur-Oise, Rousseloy, Saint-Leu-d'Esserent, Saint-Maximin, Saint-Vaast-l\u00e8s-Mello, Thiverny und Villers-Saint-Paul<\/em>), der<strong> <a href=\"https:\/\/www.creilsudoise.fr\/pass-agglo\" target=\"_blank\" rel=\"noreferrer noopener\">Agglo-Pass<\/a> erm\u00f6glicht es Ihnen, von g\u00fcnstigen Tarifen zu profitieren <\/strong>f\u00fcr zahlreiche Aktivit\u00e4ten: Sport, Kultur, Tourismus...<\/p>\n<\/div>\n<\/div>\n\n\n\n<div class=\"wp-block wp-block-single-sit wp-block-single-sit-coordonnees\" >\n\n            <h2>Zugang<\/h2>\n    \n    <div class=\"wp-block-media-text is-stacked-on-mobile\">\n\n        <div class=\"wp-block-media-text__media wpet-map-detail\" style=\"width:100%; height: 100%;\">\n            <div class=\"wp-block-media-text__media__content\" id=\"wpetSingleSitMap\" data-wpet-type-map=\"leaflet\" ><\/div>\n        <\/div>\n\n        <div class=\"wp-block-media-text__content\">\n\n                            <p class=\"wp-block-coordonnees__status wp-block-coordonnees__status--close\">\n                    Geschlossen                <\/p>\n            \n            <p class=\"wp-block-media-text__content__address\">\n                                    <strong>Gall\u00e9-Juillet-Museum<\/strong><br \/>\n                \n                                    Platz Fran\u00e7ois Mitterand<br \/>\n                \n                                    <span>60100<\/span>\n                    <span>CREIL<\/span><br \/>\n                            <\/p>\n\n                                                <p class=\"wp-block-media-text__content__phone\"><a data-type=\"TEL\" href=\"tel: 33 3 44 29 51 50\">+33 3 44 29 51 50<\/a><\/p>\n                            \n            <a href=\"https:\/\/www.google.fr\/maps?saddr&#038;daddr=49.2608548,2.47237931\" target=\"_blank\" class=\"button GtmButtonCalculItinerairePrestataire\" rel=\"noopener noreferrer\">Meine Route berechnen<\/a>\n        <\/div>\n    <\/div>\n<\/div>\n\n\n    <div class=\"wp-block wp-block-single-sit wp-block-single-sit-ouvertures\" id=\"opening\">\n\n                    <h2>Er\u00f6ffnung<\/h2>\n        \n        \t<div class=\"wpetTableList\" >\n                <div data-id=\"wpet-table-slider-wrapper\">\n\t\t    \t\t\t\t\t\t<div class=\"wpetTableContainer\" >\n\t\t\t\t<table class=\"wpetTable wpTable--opening\">\n\t\t\t\t\t<thead class=\"wpetTableHeader\">\n\t\t\t\t\t<tr>\n\t\t\t\t\t\t<td colspan=\"2\">\n\t\t\t\t\t\t\t\t\t\t\t\t\t\t\tDu 05 Januar au 31 Dezember\t\t\t\t\t\t\t\t\t\t\t\t\t<\/td>\n\t\t\t\t\t<\/tr>\n\t\t\t\t\t<\/thead>\n\t\t\t\t\t\t\t\t\t\t\t\t\t\t\t\t\t\t<tr class=\"wpetTableLine\">\n\t\t\t\t\t\t\t\t<td class=\"wpetTableCell\">Montag<\/td>\n\t\t\t\t\t\t\t\t<td class=\"wpetTableCell\">Geschlossen<\/td>\n\t\t\t\t\t\t\t<\/tr>\n\t\t\t\t\t\t\t\t\t\t\t\t\t\t\t\t\t\t\t\t\t\t\t\t<tr class=\"wpetTableLine\">\n\t\t\t\t\t\t\t\t<td class=\"wpetTableCell\">Dienstag<\/td>\n\t\t\t\t\t\t\t\t<td class=\"wpetTableCell\">Geschlossen<\/td>\n\t\t\t\t\t\t\t<\/tr>\n\t\t\t\t\t\t\t\t\t\t\t\t\t\t\t\t\t\t\t\t\t\t\t\t<tr class=\"wpetTableLine\">\n\t\t\t\t\t\t\t\t<td class=\"wpetTableCell\">Mittwoch<\/td>\n\t\t\t\t\t\t\t\t<td class=\"wpetTableCell\">Ge\u00f6ffnet von 16 Uhr bis 17.30 Uhr<\/td>\n\t\t\t\t\t\t\t<\/tr>\n\t\t\t\t\t\t\t\t\t\t\t\t\t\t\t\t\t\t\t\t\t\t\t\t<tr class=\"wpetTableLine\">\n\t\t\t\t\t\t\t\t<td class=\"wpetTableCell\">Donnerstag<\/td>\n\t\t\t\t\t\t\t\t<td class=\"wpetTableCell\">Ge\u00f6ffnet von 16 Uhr bis 17.30 Uhr<\/td>\n\t\t\t\t\t\t\t<\/tr>\n\t\t\t\t\t\t\t\t\t\t\t\t\t\t\t\t\t\t\t\t\t\t\t\t<tr class=\"wpetTableLine\">\n\t\t\t\t\t\t\t\t<td class=\"wpetTableCell\">Freitag<\/td>\n\t\t\t\t\t\t\t\t<td class=\"wpetTableCell\">Ge\u00f6ffnet von 16 Uhr bis 17.30 Uhr<\/td>\n\t\t\t\t\t\t\t<\/tr>\n\t\t\t\t\t\t\t\t\t\t\t\t\t\t\t\t\t\t\t\t\t\t\t\t<tr class=\"wpetTableLine\">\n\t\t\t\t\t\t\t\t<td class=\"wpetTableCell\">Samstag<\/td>\n\t\t\t\t\t\t\t\t<td class=\"wpetTableCell\">Ge\u00f6ffnet von 16 Uhr bis 17.30 Uhr<\/td>\n\t\t\t\t\t\t\t<\/tr>\n\t\t\t\t\t\t\t\t\t\t\t\t\t\t\t\t\t\t\t\t\t\t\t\t<tr class=\"wpetTableLine\">\n\t\t\t\t\t\t\t\t<td class=\"wpetTableCell\">Sonntag<\/td>\n\t\t\t\t\t\t\t\t<td class=\"wpetTableCell\">Ge\u00f6ffnet von 16 Uhr bis 17.30 Uhr<\/td>\n\t\t\t\t\t\t\t<\/tr>\n\t\t\t\t\t\t\t\t\t\t\t\t\t\t\t<\/table>\n\t\t\t<\/div>\n\t\t        <\/div>\n\t<\/div>\n\n    <\/div>\n\n\n\n    <div class=\"wp-block wp-block-single-sit wp-block-single-sit-tarifs\">\n\n                    <h2>Tarife<\/h2>\n        \n        \n    <table class=\"wpetTable\">\n                    <tr class=\"wpetTableLine\">\n                <td class=\"wpetTableCell\">\n                    Erwachsenentarif                                            <span class=\"wpetTableCell--complement entryMeta\">gef\u00fchrte Tour durch das Gall\u00e9-Juillet Haus<\/span>\n                                    <\/td>\n                <td class=\"wpetTableCell\">7 \u20ac<\/td>\n            <\/tr>\n                    <tr class=\"wpetTableLine\">\n                <td class=\"wpetTableCell\">\n                    Anderer Tarif                                            <span class=\"wpetTableCell--complement entryMeta\">Erm\u00e4\u00dfigter Tarif: Student, Agglo-Pass (gegen Nachweis)<\/span>\n                                    <\/td>\n                <td class=\"wpetTableCell\">3,75 \u20ac<\/td>\n            <\/tr>\n            <\/table>\n\n\n    \n    \n    <\/div>\n\n\n\n<div class=\"wp-block wp-block-related-post alignfull\">\n    <div class=\"container\">\n                    <h2 class=\"wp-block-related-post-title\">Die Forscher haben sich auch angesehen...<\/h2>\n                <div id=\"wpiris-related-post-5424484341133522521\" data-id=\"wpiris-entity-slider\">\n            <div class=\"wp-block-related-post-list wp-block-related-post-list--6\" data-id=\"wpiris-entity-slider-wrapper\">\n\n                \n<div class=\"entityItem\" data-trigger=\"wpiris-click\" data-id=\"wpiris-entity-slider-item\">\n    <p class=\"entityItemThumbnail\">\n        <a href=\"https:\/\/www.creilsudoise-tourisme.fr\/de\/loisirs\/espace-henri-matisse\/\" nofancybox>\n            <img data-src=\"https:\/\/www.creilsudoise-tourisme.fr\/wp-content\/uploads\/wpetourisme\/326491211-870364547515685-3436332937180056059-n-275x350.jpg\" alt=\"Raum Matisse\">\n        <\/a>\n    <\/p>\n    <div class=\"entityItemContent\">\n        <h2 class=\"entityItemContentTitle\">\n            <a href=\"https:\/\/www.creilsudoise-tourisme.fr\/de\/loisirs\/espace-henri-matisse\/\">Raum Matisse<\/a>\n        <\/h2>\n                    <p class=\"entityItemContentType\">Sportliche und kulturelle Aktivit\u00e4ten und Wanderformeln<\/p>\n            <\/div>\n    <a href=\"https:\/\/www.creilsudoise-tourisme.fr\/de\/loisirs\/espace-henri-matisse\/\" class=\"seeMore\"><span class=\"sr-only\">Mehr sehen<\/span><\/a>\n<\/div>\n\n<div class=\"entityItem\" data-trigger=\"wpiris-click\" data-id=\"wpiris-entity-slider-item\">\n    <p class=\"entityItemThumbnail\">\n        <a href=\"https:\/\/www.creilsudoise-tourisme.fr\/de\/loisirs\/la-faiencerie-theatre\/\" nofancybox>\n            <img data-src=\"https:\/\/www.creilsudoise-tourisme.fr\/wp-content\/uploads\/wpetourisme\/Facade-2023---4--275x350.png\" alt=\"La Fa\u00efencerie - Theater &amp; Kino\">\n        <\/a>\n    <\/p>\n    <div class=\"entityItemContent\">\n        <h2 class=\"entityItemContentTitle\">\n            <a href=\"https:\/\/www.creilsudoise-tourisme.fr\/de\/loisirs\/la-faiencerie-theatre\/\">La Fa\u00efencerie - Theater &amp; Kino<\/a>\n        <\/h2>\n                    <p class=\"entityItemContentType\">Sportliche und kulturelle Aktivit\u00e4ten und Wanderformeln<\/p>\n            <\/div>\n    <a href=\"https:\/\/www.creilsudoise-tourisme.fr\/de\/loisirs\/la-faiencerie-theatre\/\" class=\"seeMore\"><span class=\"sr-only\">Mehr sehen<\/span><\/a>\n<\/div>\n\n<div class=\"entityItem\" data-trigger=\"wpiris-click\" data-id=\"wpiris-entity-slider-item\">\n    <p class=\"entityItemThumbnail\">\n        <a href=\"https:\/\/www.creilsudoise-tourisme.fr\/de\/espace-naturel\/parc-de-la-faiencerie\/\" nofancybox>\n            <img data-src=\"https:\/\/www.creilsudoise-tourisme.fr\/wp-content\/uploads\/wpetourisme\/Allee-a-Cricri-Creil--1--275x350.jpg\" alt=\"Parc de la Fa\u00efencerie\">\n        <\/a>\n    <\/p>\n    <div class=\"entityItemContent\">\n        <h2 class=\"entityItemContentTitle\">\n            <a href=\"https:\/\/www.creilsudoise-tourisme.fr\/de\/espace-naturel\/parc-de-la-faiencerie\/\">Parc de la Fa\u00efencerie<\/a>\n        <\/h2>\n                    <p class=\"entityItemContentType\">Nat\u00fcrliches Erbe<\/p>\n            <\/div>\n    <a href=\"https:\/\/www.creilsudoise-tourisme.fr\/de\/espace-naturel\/parc-de-la-faiencerie\/\" class=\"seeMore\"><span class=\"sr-only\">Mehr sehen<\/span><\/a>\n<\/div>\n\n<div class=\"entityItem\" data-trigger=\"wpiris-click\" data-id=\"wpiris-entity-slider-item\">\n    <p class=\"entityItemThumbnail\">\n        <a href=\"https:\/\/www.creilsudoise-tourisme.fr\/de\/balade-randonnee\/le-massif-des-trois-forets\/\" nofancybox>\n            <img data-src=\"https:\/\/www.creilsudoise-tourisme.fr\/wp-content\/uploads\/wpetourisme\/-DSC1081-275x350.jpg\" alt=\"Das Massiv der drei W\u00e4lder\">\n        <\/a>\n    <\/p>\n    <div class=\"entityItemContent\">\n        <h2 class=\"entityItemContentTitle\">\n            <a href=\"https:\/\/www.creilsudoise-tourisme.fr\/de\/balade-randonnee\/le-massif-des-trois-forets\/\">Das Massiv der drei W\u00e4lder<\/a>\n        <\/h2>\n                    <p class=\"entityItemContentType\">Wanderungen<\/p>\n            <\/div>\n    <a href=\"https:\/\/www.creilsudoise-tourisme.fr\/de\/balade-randonnee\/le-massif-des-trois-forets\/\" class=\"seeMore\"><span class=\"sr-only\">Mehr sehen<\/span><\/a>\n<\/div>\n\n<div class=\"entityItem\" data-trigger=\"wpiris-click\" data-id=\"wpiris-entity-slider-item\">\n    <p class=\"entityItemThumbnail\">\n        <a href=\"https:\/\/www.creilsudoise-tourisme.fr\/de\/balade-randonnee\/de-pierre-et-deau\/\" nofancybox>\n            <img data-src=\"https:\/\/www.creilsudoise-tourisme.fr\/wp-content\/uploads\/wpetourisme\/SAINT-VAAST-LES-MELLO-Etang-Drone-Creil-Sud-Oise-Tourisme--7--275x350.jpg\" alt=\"Aus Stein und Wasser\">\n        <\/a>\n    <\/p>\n    <div class=\"entityItemContent\">\n        <h2 class=\"entityItemContentTitle\">\n            <a href=\"https:\/\/www.creilsudoise-tourisme.fr\/de\/balade-randonnee\/de-pierre-et-deau\/\">Aus Stein und Wasser<\/a>\n        <\/h2>\n                    <p class=\"entityItemContentType\">Wanderungen<\/p>\n            <\/div>\n    <a href=\"https:\/\/www.creilsudoise-tourisme.fr\/de\/balade-randonnee\/de-pierre-et-deau\/\" class=\"seeMore\"><span class=\"sr-only\">Mehr sehen<\/span><\/a>\n<\/div>\n            <\/div>\n\n            \n<div class=\"sliderNav\">\n    <div class=\"sliderNavWrapper\">\n        <p class=\"swiperArrow swiperArrow--next\" data-trigger=\"swiper-next\">\n            <span class=\"sr-only\">Weiter zu<\/span>\n        <\/p>\n        <p class=\"swiperArrow swiperArrow--prev\" data-trigger=\"swiper-prev\">\n            <span class=\"sr-only\">Vorherige<\/span>\n        <\/p>\n    <\/div>\n<\/div>\n        <\/div>\n    <\/div>\n<\/div>\n\n\n<p><\/p>","protected":false},"excerpt":{"rendered":"<p>Das Gall\u00e9-Juillet-Museum in Creil, das nur wenige Kilometer von Chantilly und Senlis entfernt liegt, bietet einen beeindruckenden Einblick in die Vergangenheit der Stadt. Es zeigt das bewegende Zeugnis einer Familie, die Anfang des letzten Jahrhunderts dort lebte, und die Ausstellung von mehreren hundert Fayencen, von denen einige den Stempel Creil-Montereau tragen. Aber nicht nur das... Ein immersives Museum Im [...].<\/p>","protected":false},"author":1,"featured_media":33102,"parent":131,"menu_order":3,"comment_status":"closed","ping_status":"closed","template":"","meta":{"_relevanssi_hide_post":"","_relevanssi_hide_content":"","_relevanssi_pin_for_all":"","_relevanssi_pin_keywords":"","_relevanssi_unpin_keywords":"","_relevanssi_related_keywords":"","_relevanssi_related_include_ids":"","_relevanssi_related_exclude_ids":"","_relevanssi_related_no_append":"","_relevanssi_related_not_related":"","_relevanssi_related_posts":"275,267,273,271","_relevanssi_noindex_reason":""},"yoast_head":"<!-- This site is optimized with the Yoast SEO plugin v20.2.1 - https:\/\/yoast.com\/wordpress\/plugins\/seo\/ -->\n<title>Le Mus\u00e9e Gall\u00e9-Juillet : un voyage immersif dans le pass\u00e9<\/title>\n<meta name=\"description\" content=\"Visitez une maison bourgeoise du 19e si\u00e8cle, admirez une collection de fa\u00efences et d\u00e9couvrez le Ch\u00e2teau de Creil, t\u00e9moin du pass\u00e9 de la ville !\" \/>\n<meta name=\"robots\" content=\"index, follow, max-snippet:-1, max-image-preview:large, max-video-preview:-1\" \/>\n<link rel=\"canonical\" href=\"https:\/\/www.creilsudoise-tourisme.fr\/de\/jexplore\/unumganglich\/musee-galle-juli\/\" \/>\n<meta property=\"og:locale\" content=\"de_DE\" \/>\n<meta property=\"og:type\" content=\"article\" \/>\n<meta property=\"og:title\" content=\"Le Mus\u00e9e Gall\u00e9-Juillet : un voyage immersif dans le pass\u00e9\" \/>\n<meta property=\"og:description\" content=\"Visitez une maison bourgeoise du 19e si\u00e8cle, admirez une collection de fa\u00efences et d\u00e9couvrez le Ch\u00e2teau de Creil, t\u00e9moin du pass\u00e9 de la ville !\" \/>\n<meta property=\"og:url\" content=\"https:\/\/www.creilsudoise-tourisme.fr\/de\/jexplore\/unumganglich\/musee-galle-juli\/\" \/>\n<meta property=\"og:site_name\" content=\"Office de Tourisme Creil Sud Oise\" \/>\n<meta property=\"article:publisher\" content=\"https:\/\/www.facebook.com\/creilsudoisetourisme\/\" \/>\n<meta property=\"article:modified_time\" content=\"2026-03-09T14:58:40+00:00\" \/>\n<meta property=\"og:image\" content=\"https:\/\/www.creilsudoise-tourisme.fr\/wp-content\/uploads\/2021\/04\/Visite-guide\u0301e-des-appartements-prive\u0301s-a\u0300-la-Maison-Galle\u0301-Juillet.jpg\" \/>\n\t<meta property=\"og:image:width\" content=\"1600\" \/>\n\t<meta property=\"og:image:height\" content=\"1067\" \/>\n\t<meta property=\"og:image:type\" content=\"image\/jpeg\" \/>\n<meta name=\"twitter:card\" content=\"summary_large_image\" \/>\n<meta name=\"twitter:site\" content=\"@CreilSudOiseOT\" \/>\n<meta name=\"twitter:label1\" content=\"Gesch\u00e4tzte Lesezeit\" \/>\n\t<meta name=\"twitter:data1\" content=\"7\u00a0Minuten\" \/>\n<script type=\"application\/ld+json\" class=\"yoast-schema-graph\">{\"@context\":\"https:\/\/schema.org\",\"@graph\":[{\"@type\":\"WebPage\",\"@id\":\"https:\/\/www.creilsudoise-tourisme.fr\/jexplore\/incontournables\/musee-galle-juillet\/\",\"url\":\"https:\/\/www.creilsudoise-tourisme.fr\/jexplore\/incontournables\/musee-galle-juillet\/\",\"name\":\"Le Mus\u00e9e Gall\u00e9-Juillet : un voyage immersif dans le pass\u00e9\",\"isPartOf\":{\"@id\":\"https:\/\/www.creilsudoise-tourisme.fr\/#website\"},\"datePublished\":\"2021-02-17T09:02:38+00:00\",\"dateModified\":\"2026-03-09T14:58:40+00:00\",\"description\":\"Visitez une maison bourgeoise du 19e si\u00e8cle, admirez une collection de fa\u00efences et d\u00e9couvrez le Ch\u00e2teau de Creil, t\u00e9moin du pass\u00e9 de la ville !\",\"breadcrumb\":{\"@id\":\"https:\/\/www.creilsudoise-tourisme.fr\/jexplore\/incontournables\/musee-galle-juillet\/#breadcrumb\"},\"inLanguage\":\"de\",\"potentialAction\":[{\"@type\":\"ReadAction\",\"target\":[\"https:\/\/www.creilsudoise-tourisme.fr\/jexplore\/incontournables\/musee-galle-juillet\/\"]}]},{\"@type\":\"BreadcrumbList\",\"@id\":\"https:\/\/www.creilsudoise-tourisme.fr\/jexplore\/incontournables\/musee-galle-juillet\/#breadcrumb\",\"itemListElement\":[{\"@type\":\"ListItem\",\"position\":1,\"name\":\"Accueil\",\"item\":\"https:\/\/www.creilsudoise-tourisme.fr\/\"},{\"@type\":\"ListItem\",\"position\":2,\"name\":\"J&rsquo;explore\",\"item\":\"https:\/\/www.creilsudoise-tourisme.fr\/jexplore\/\"},{\"@type\":\"ListItem\",\"position\":3,\"name\":\"Les incontournables\",\"item\":\"https:\/\/www.creilsudoise-tourisme.fr\/jexplore\/incontournables\/\"},{\"@type\":\"ListItem\",\"position\":4,\"name\":\"Le Mus\u00e9e Gall\u00e9-Juillet\"}]},{\"@type\":\"WebSite\",\"@id\":\"https:\/\/www.creilsudoise-tourisme.fr\/#website\",\"url\":\"https:\/\/www.creilsudoise-tourisme.fr\/\",\"name\":\"Office de Tourisme Creil Sud Oise\",\"description\":\"Creil Sud Oise Tourisme, un territoire \u00e0 explorer !\",\"publisher\":{\"@id\":\"https:\/\/www.creilsudoise-tourisme.fr\/#organization\"},\"potentialAction\":[{\"@type\":\"SearchAction\",\"target\":{\"@type\":\"EntryPoint\",\"urlTemplate\":\"https:\/\/www.creilsudoise-tourisme.fr\/?s={search_term_string}\"},\"query-input\":\"required name=search_term_string\"}],\"inLanguage\":\"de\"},{\"@type\":\"Organization\",\"@id\":\"https:\/\/www.creilsudoise-tourisme.fr\/#organization\",\"name\":\"Creil Sud Oise Tourisme\",\"url\":\"https:\/\/www.creilsudoise-tourisme.fr\/\",\"logo\":{\"@type\":\"ImageObject\",\"inLanguage\":\"de\",\"@id\":\"https:\/\/www.creilsudoise-tourisme.fr\/#\/schema\/logo\/image\/\",\"url\":\"https:\/\/www.creilsudoise-tourisme.fr\/wp-content\/uploads\/2021\/05\/logo-svg.png\",\"contentUrl\":\"https:\/\/www.creilsudoise-tourisme.fr\/wp-content\/uploads\/2021\/05\/logo-svg.png\",\"width\":182,\"height\":71,\"caption\":\"Creil Sud Oise Tourisme\"},\"image\":{\"@id\":\"https:\/\/www.creilsudoise-tourisme.fr\/#\/schema\/logo\/image\/\"},\"sameAs\":[\"https:\/\/www.facebook.com\/creilsudoisetourisme\/\",\"https:\/\/twitter.com\/CreilSudOiseOT\",\"https:\/\/www.instagram.com\/creilsudoisetourisme\/\",\"https:\/\/www.youtube.com\/channel\/UC8L_QD2wwyADW14zt9fY8kw\"]}]}<\/script>\n<!-- \/ Yoast SEO plugin. -->","yoast_head_json":{"title":"Le Mus\u00e9e Gall\u00e9-Juillet : un voyage immersif dans le pass\u00e9","description":"Visitez une maison bourgeoise du 19e si\u00e8cle, admirez une collection de fa\u00efences et d\u00e9couvrez le Ch\u00e2teau de Creil, t\u00e9moin du pass\u00e9 de la ville !","robots":{"index":"index","follow":"follow","max-snippet":"max-snippet:-1","max-image-preview":"max-image-preview:large","max-video-preview":"max-video-preview:-1"},"canonical":"https:\/\/www.creilsudoise-tourisme.fr\/de\/jexplore\/unumganglich\/musee-galle-juli\/","og_locale":"de_DE","og_type":"article","og_title":"Le Mus\u00e9e Gall\u00e9-Juillet : un voyage immersif dans le pass\u00e9","og_description":"Visitez une maison bourgeoise du 19e si\u00e8cle, admirez une collection de fa\u00efences et d\u00e9couvrez le Ch\u00e2teau de Creil, t\u00e9moin du pass\u00e9 de la ville !","og_url":"https:\/\/www.creilsudoise-tourisme.fr\/de\/jexplore\/unumganglich\/musee-galle-juli\/","og_site_name":"Office de Tourisme Creil Sud Oise","article_publisher":"https:\/\/www.facebook.com\/creilsudoisetourisme\/","article_modified_time":"2026-03-09T14:58:40+00:00","og_image":[{"width":1600,"height":1067,"url":"https:\/\/www.creilsudoise-tourisme.fr\/wp-content\/uploads\/2021\/04\/Visite-guide\u0301e-des-appartements-prive\u0301s-a\u0300-la-Maison-Galle\u0301-Juillet.jpg","type":"image\/jpeg"}],"twitter_card":"summary_large_image","twitter_site":"@CreilSudOiseOT","twitter_misc":{"Gesch\u00e4tzte Lesezeit":"7\u00a0Minuten"},"schema":{"@context":"https:\/\/schema.org","@graph":[{"@type":"WebPage","@id":"https:\/\/www.creilsudoise-tourisme.fr\/jexplore\/incontournables\/musee-galle-juillet\/","url":"https:\/\/www.creilsudoise-tourisme.fr\/jexplore\/incontournables\/musee-galle-juillet\/","name":"Le Mus\u00e9e Gall\u00e9-Juillet : un voyage immersif dans le pass\u00e9","isPartOf":{"@id":"https:\/\/www.creilsudoise-tourisme.fr\/#website"},"datePublished":"2021-02-17T09:02:38+00:00","dateModified":"2026-03-09T14:58:40+00:00","description":"Visitez une maison bourgeoise du 19e si\u00e8cle, admirez une collection de fa\u00efences et d\u00e9couvrez le Ch\u00e2teau de Creil, t\u00e9moin du pass\u00e9 de la ville !","breadcrumb":{"@id":"https:\/\/www.creilsudoise-tourisme.fr\/jexplore\/incontournables\/musee-galle-juillet\/#breadcrumb"},"inLanguage":"de","potentialAction":[{"@type":"ReadAction","target":["https:\/\/www.creilsudoise-tourisme.fr\/jexplore\/incontournables\/musee-galle-juillet\/"]}]},{"@type":"BreadcrumbList","@id":"https:\/\/www.creilsudoise-tourisme.fr\/jexplore\/incontournables\/musee-galle-juillet\/#breadcrumb","itemListElement":[{"@type":"ListItem","position":1,"name":"Accueil","item":"https:\/\/www.creilsudoise-tourisme.fr\/"},{"@type":"ListItem","position":2,"name":"J&rsquo;explore","item":"https:\/\/www.creilsudoise-tourisme.fr\/jexplore\/"},{"@type":"ListItem","position":3,"name":"Les incontournables","item":"https:\/\/www.creilsudoise-tourisme.fr\/jexplore\/incontournables\/"},{"@type":"ListItem","position":4,"name":"Le Mus\u00e9e Gall\u00e9-Juillet"}]},{"@type":"WebSite","@id":"https:\/\/www.creilsudoise-tourisme.fr\/#website","url":"https:\/\/www.creilsudoise-tourisme.fr\/","name":"Office de Tourisme Creil Sud Oise","description":"Creil Sud Oise Tourisme, un territoire \u00e0 explorer !","publisher":{"@id":"https:\/\/www.creilsudoise-tourisme.fr\/#organization"},"potentialAction":[{"@type":"SearchAction","target":{"@type":"EntryPoint","urlTemplate":"https:\/\/www.creilsudoise-tourisme.fr\/?s={search_term_string}"},"query-input":"required name=search_term_string"}],"inLanguage":"de"},{"@type":"Organization","@id":"https:\/\/www.creilsudoise-tourisme.fr\/#organization","name":"Creil Sud Oise Tourisme","url":"https:\/\/www.creilsudoise-tourisme.fr\/","logo":{"@type":"ImageObject","inLanguage":"de","@id":"https:\/\/www.creilsudoise-tourisme.fr\/#\/schema\/logo\/image\/","url":"https:\/\/www.creilsudoise-tourisme.fr\/wp-content\/uploads\/2021\/05\/logo-svg.png","contentUrl":"https:\/\/www.creilsudoise-tourisme.fr\/wp-content\/uploads\/2021\/05\/logo-svg.png","width":182,"height":71,"caption":"Creil Sud Oise Tourisme"},"image":{"@id":"https:\/\/www.creilsudoise-tourisme.fr\/#\/schema\/logo\/image\/"},"sameAs":["https:\/\/www.facebook.com\/creilsudoisetourisme\/","https:\/\/twitter.com\/CreilSudOiseOT","https:\/\/www.instagram.com\/creilsudoisetourisme\/","https:\/\/www.youtube.com\/channel\/UC8L_QD2wwyADW14zt9fY8kw"]}]}},"_links":{"self":[{"href":"https:\/\/www.creilsudoise-tourisme.fr\/de\/wp-json\/wp\/v2\/pages\/145"}],"collection":[{"href":"https:\/\/www.creilsudoise-tourisme.fr\/de\/wp-json\/wp\/v2\/pages"}],"about":[{"href":"https:\/\/www.creilsudoise-tourisme.fr\/de\/wp-json\/wp\/v2\/types\/page"}],"author":[{"embeddable":true,"href":"https:\/\/www.creilsudoise-tourisme.fr\/de\/wp-json\/wp\/v2\/users\/1"}],"replies":[{"embeddable":true,"href":"https:\/\/www.creilsudoise-tourisme.fr\/de\/wp-json\/wp\/v2\/comments?post=145"}],"version-history":[{"count":81,"href":"https:\/\/www.creilsudoise-tourisme.fr\/de\/wp-json\/wp\/v2\/pages\/145\/revisions"}],"predecessor-version":[{"id":68210,"href":"https:\/\/www.creilsudoise-tourisme.fr\/de\/wp-json\/wp\/v2\/pages\/145\/revisions\/68210"}],"up":[{"embeddable":true,"href":"https:\/\/www.creilsudoise-tourisme.fr\/de\/wp-json\/wp\/v2\/pages\/131"}],"wp:featuredmedia":[{"embeddable":true,"href":"https:\/\/www.creilsudoise-tourisme.fr\/de\/wp-json\/wp\/v2\/media\/33102"}],"wp:attachment":[{"href":"https:\/\/www.creilsudoise-tourisme.fr\/de\/wp-json\/wp\/v2\/media?parent=145"}],"curies":[{"name":"wp","href":"https:\/\/api.w.org\/{rel}","templated":true}]}}