{"id":141,"date":"2021-02-17T10:02:35","date_gmt":"2021-02-17T09:02:35","guid":{"rendered":"https:\/\/www.creilsudoise-tourisme.fr\/labbatiale-saint-nicolas\/"},"modified":"2025-05-19T12:06:02","modified_gmt":"2025-05-19T10:06:02","slug":"abbatiale","status":"publish","type":"page","link":"https:\/\/www.creilsudoise-tourisme.fr\/de\/jexplore\/unumganglich\/abteikirche\/","title":{"rendered":"Die Abteikirche Saint-Nicolas"},"content":{"rendered":"<p class=\"is-style-excerpt\">Die Abteikirche Saint-Nicolas in Saint-Leu-d'Esserent, nur 10 Minuten vom Schloss Chantilly und 15 Minuten von der Kathedrale von Senlis und der Abtei von Royaumont entfernt, ist eine <strong>ein architektonisches Wunder von beeindruckenden Ausma\u00dfen, ein echtes Zeugnis des \u00dcbergangs von der Romanik zur Gotik<\/strong>.<\/p>\n\n\n\n<figure class=\"wp-block-embed is-type-video is-provider-youtube wp-block-embed-youtube wp-embed-aspect-16-9 wp-has-aspect-ratio\"><div class=\"wp-block-embed__wrapper\">\n<iframe loading=\"lazy\" title=\"[DIE UNBEKANNTEN] L&#039;Abteikirche Saint-Nicolas in Saint-Leu-d&#039;Esserent | Creil Sud Oise Tourisme\" width=\"500\" height=\"281\" data-src=\"https:\/\/www.youtube.com\/embed\/ZvtFctpH7TA?feature=oembed\" frameborder=\"0\" allow=\"accelerometer; autoplay; clipboard-write; encrypted-media; gyroscope; picture-in-picture; web-share\" allowfullscreen><\/iframe>\n<\/div><\/figure>\n\n\n\n<div class=\"wp-block-strate-full alignfull\">\n\n    <div class=\"wp-block-strate-full-thumbnail\">\n        <img data-src=\"https:\/\/www.creilsudoise-tourisme.fr\/wp-content\/uploads\/wpetourisme\/DJI-0801.jpg\" alt=\"Abteikirche von Saint-Leu-d&#039;Esserent\">\n    <\/div>\n\n\t\n        <div class=\"wp-block-strate-full-content wp-block-strate-full-content-left\">\n\t\t\t\t\t\t                <p class=\"wp-block-strate-full-content-excerpt\"> Mit Blick auf das Oise-Tal, <strong>diese Abteikirche, die keine Abteikirche ist, hat etwas von einer Kathedrale.<\/strong> <\/p>\n\t\t\t        <\/div>\n\n\t\n<\/div>\n\n\n\n<h2>Ein cluniazensisches Juwel<\/h2>\n\n\n\n<h3>Eine Abteikirche mit den Ausma\u00dfen einer Kathedrale<\/h3>\n\n\n\n<p>Es ist unm\u00f6glich, sie zu verfehlen. Die Abteikirche Saint-Nicolas in Saint-Leu-d'Esserent thront auf ihrem Vorsprung aus regionalem Quaderstein und \u00fcberblickt das Tal der Oise, das kilometerweit sichtbar ist. Wie w\u00e4re es, wenn wir uns die Zeit nehmen, sie zu besichtigen? <\/p>\n\n\n\n<p>Sobald man die Pflastersteine auf ihrem Vorplatz betritt, erscheint die Abteikirche Saint-Nicolas in ihrer ganzen Gr\u00f6\u00dfe, <strong>seine kolossalen Ausma\u00dfe eher denen einer Kathedrale entsprechen<\/strong>. <\/p>\n\n\n\n<figure class=\"wp-block-image size-large\"><img decoding=\"async\" loading=\"lazy\" width=\"1200\" height=\"797\" data-src=\"https:\/\/www.creilsudoise-tourisme.fr\/wp-content\/uploads\/2021\/04\/Vue-de-l_Abbatiale-Saint-Nicolas-de-Saint-Leu-d_Esserent-1200x797.jpg\" alt=\"Abteikirche Kirche Oise Besuch Kulturerbe Romanik Gotik Cluny\" class=\"wp-image-33157\" data-srcset=\"https:\/\/www.creilsudoise-tourisme.fr\/wp-content\/uploads\/2021\/04\/Vue-de-l_Abbatiale-Saint-Nicolas-de-Saint-Leu-d_Esserent-1200x797.jpg 1200w, https:\/\/www.creilsudoise-tourisme.fr\/wp-content\/uploads\/2021\/04\/Vue-de-l_Abbatiale-Saint-Nicolas-de-Saint-Leu-d_Esserent-600x399.jpg 600w, https:\/\/www.creilsudoise-tourisme.fr\/wp-content\/uploads\/2021\/04\/Vue-de-l_Abbatiale-Saint-Nicolas-de-Saint-Leu-d_Esserent-900x598.jpg 900w, https:\/\/www.creilsudoise-tourisme.fr\/wp-content\/uploads\/2021\/04\/Vue-de-l_Abbatiale-Saint-Nicolas-de-Saint-Leu-d_Esserent-1536x1020.jpg 1536w, https:\/\/www.creilsudoise-tourisme.fr\/wp-content\/uploads\/2021\/04\/Vue-de-l_Abbatiale-Saint-Nicolas-de-Saint-Leu-d_Esserent-200x133.jpg 200w, https:\/\/www.creilsudoise-tourisme.fr\/wp-content\/uploads\/2021\/04\/Vue-de-l_Abbatiale-Saint-Nicolas-de-Saint-Leu-d_Esserent-650x432.jpg 650w, https:\/\/www.creilsudoise-tourisme.fr\/wp-content\/uploads\/2021\/04\/Vue-de-l_Abbatiale-Saint-Nicolas-de-Saint-Leu-d_Esserent-387x257.jpg 387w, https:\/\/www.creilsudoise-tourisme.fr\/wp-content\/uploads\/2021\/04\/Vue-de-l_Abbatiale-Saint-Nicolas-de-Saint-Leu-d_Esserent-275x183.jpg 275w, https:\/\/www.creilsudoise-tourisme.fr\/wp-content\/uploads\/2021\/04\/Vue-de-l_Abbatiale-Saint-Nicolas-de-Saint-Leu-d_Esserent.jpg 1600w\" sizes=\"(max-width: 1200px) 100vw, 1200px\" \/><figcaption class=\"wp-element-caption\">Creil Sud Oise Tourisme<\/figcaption><\/figure>\n\n\n\n<h3>Von der Romanik zur Gotik<\/h3>\n\n\n\n<p>Die Fassade enth\u00fcllt die beginnende Meisterschaft der auf den H\u00f6hen vorhandenen Kreuzrippen und markiert so <strong>der \u00dcbergang von der Romanik zur Gotik<\/strong>. Man l\u00e4sst sich von seinem Narthex \u00fcberraschen, einer Art geschlossener Vorhalle vor dem Portal, die <strong>eine Besonderheit der cluniazensischen Kirchen<\/strong>Hier ist er reich verziert mit erhabenen Skulpturen von <strong>Wasserspeier <\/strong>und anderen fantastischen Kreaturen.<\/p>\n\n\n\n<p>Im Inneren,<strong> seine Dimensionen sind noch beeindruckender<\/strong> und die Architektur l\u00e4sst einen nicht kalt: Auff\u00e4llig ist die Diskrepanz zwischen dem Niveau des Portals und dem der Rosette, die h\u00f6chstwahrscheinlich auf die Anpassung der Baupl\u00e4ne der Abteikirche an die einer \u00e4lteren Pfarrkirche zur\u00fcckzuf\u00fchren ist.<\/p>\n\n\n\n<p>Morgens im Sommer <strong>Sonne \u00fcberflutet das Kirchenschiff mit goldenem Licht<\/strong>und enth\u00fcllt das ganze Genie der <strong>Baumeister <\/strong>die gro\u00dfe \u00d6ffnungen ausgeschnitten haben, und die der <strong>Glasmeister<\/strong> die sie in den Farben der DNA des Territoriums erf\u00fcllten: die <a href=\"https:\/\/www.creilsudoise-tourisme.fr\/de\/jexplore\/unumganglich\/steinhaus\/\" target=\"_blank\" rel=\"noreferrer noopener\">Stein<\/a>.<\/p>\n\n\n\n<figure class=\"is-layout-flex wp-block-gallery-1 wp-block-gallery has-nested-images columns-default is-cropped\">\n<figure class=\"wp-block-image size-large\"><img decoding=\"async\" loading=\"lazy\" width=\"1200\" height=\"792\" data-id=\"33861\"  data-src=\"https:\/\/www.creilsudoise-tourisme.fr\/wp-content\/uploads\/2021\/02\/anecdote-abbatiale-1200x792.jpg\" alt=\"Abteikirche Kirche Oise Besuch Kulturerbe Romanik Gotik Cluny\" class=\"wp-image-33861\" data-srcset=\"https:\/\/www.creilsudoise-tourisme.fr\/wp-content\/uploads\/2021\/02\/anecdote-abbatiale-1200x792.jpg 1200w, https:\/\/www.creilsudoise-tourisme.fr\/wp-content\/uploads\/2021\/02\/anecdote-abbatiale-600x396.jpg 600w, https:\/\/www.creilsudoise-tourisme.fr\/wp-content\/uploads\/2021\/02\/anecdote-abbatiale-900x594.jpg 900w, https:\/\/www.creilsudoise-tourisme.fr\/wp-content\/uploads\/2021\/02\/anecdote-abbatiale-1536x1014.jpg 1536w, https:\/\/www.creilsudoise-tourisme.fr\/wp-content\/uploads\/2021\/02\/anecdote-abbatiale-200x132.jpg 200w, https:\/\/www.creilsudoise-tourisme.fr\/wp-content\/uploads\/2021\/02\/anecdote-abbatiale-650x429.jpg 650w, https:\/\/www.creilsudoise-tourisme.fr\/wp-content\/uploads\/2021\/02\/anecdote-abbatiale-387x255.jpg 387w, https:\/\/www.creilsudoise-tourisme.fr\/wp-content\/uploads\/2021\/02\/anecdote-abbatiale-275x181.jpg 275w, https:\/\/www.creilsudoise-tourisme.fr\/wp-content\/uploads\/2021\/02\/anecdote-abbatiale.jpg 1914w\" sizes=\"(max-width: 1200px) 100vw, 1200px\" \/><figcaption class=\"wp-element-caption\">Creil Sud Oise Tourisme<\/figcaption><\/figure>\n\n\n\n<figure class=\"wp-block-image size-large\"><img decoding=\"async\" loading=\"lazy\" width=\"1200\" height=\"803\" data-id=\"42741\"  data-src=\"https:\/\/www.creilsudoise-tourisme.fr\/wp-content\/uploads\/wpetourisme\/Abbatiale---Creil-Sud-Oise-Tourisme-3-1200x803.jpg\" alt=\"Abteikirche Kirche Oise Besuch Kulturerbe Romanik Gotik Cluny\" class=\"wp-image-42741\" data-srcset=\"https:\/\/www.creilsudoise-tourisme.fr\/wp-content\/uploads\/wpetourisme\/Abbatiale---Creil-Sud-Oise-Tourisme-3-1200x803.jpg 1200w, https:\/\/www.creilsudoise-tourisme.fr\/wp-content\/uploads\/wpetourisme\/Abbatiale---Creil-Sud-Oise-Tourisme-3-600x402.jpg 600w, https:\/\/www.creilsudoise-tourisme.fr\/wp-content\/uploads\/wpetourisme\/Abbatiale---Creil-Sud-Oise-Tourisme-3-900x602.jpg 900w, https:\/\/www.creilsudoise-tourisme.fr\/wp-content\/uploads\/wpetourisme\/Abbatiale---Creil-Sud-Oise-Tourisme-3-1536x1028.jpg 1536w, https:\/\/www.creilsudoise-tourisme.fr\/wp-content\/uploads\/wpetourisme\/Abbatiale---Creil-Sud-Oise-Tourisme-3-200x134.jpg 200w, https:\/\/www.creilsudoise-tourisme.fr\/wp-content\/uploads\/wpetourisme\/Abbatiale---Creil-Sud-Oise-Tourisme-3-650x435.jpg 650w, https:\/\/www.creilsudoise-tourisme.fr\/wp-content\/uploads\/wpetourisme\/Abbatiale---Creil-Sud-Oise-Tourisme-3-387x259.jpg 387w, https:\/\/www.creilsudoise-tourisme.fr\/wp-content\/uploads\/wpetourisme\/Abbatiale---Creil-Sud-Oise-Tourisme-3.jpg 1600w\" sizes=\"(max-width: 1200px) 100vw, 1200px\" \/><figcaption class=\"wp-element-caption\">Creil Sud Oise Tourisme<\/figcaption><\/figure>\n\n\n\n<figure class=\"wp-block-image size-large\"><img decoding=\"async\" loading=\"lazy\" width=\"600\" height=\"900\" data-id=\"32506\"  data-src=\"https:\/\/www.creilsudoise-tourisme.fr\/wp-content\/uploads\/2021\/03\/Abbatiale-Saint-Nicolas-a\u0300-Saint-Leu-d_Esserent-fac\u0327ade-est.jpg\" alt=\"Abteikirche Kirche Oise Besuch Kulturerbe Romanik Gotik Cluny\" class=\"wp-image-32506\" data-srcset=\"https:\/\/www.creilsudoise-tourisme.fr\/wp-content\/uploads\/2021\/03\/Abbatiale-Saint-Nicolas-a\u0300-Saint-Leu-d_Esserent-fac\u0327ade-est.jpg 600w, https:\/\/www.creilsudoise-tourisme.fr\/wp-content\/uploads\/2021\/03\/Abbatiale-Saint-Nicolas-a\u0300-Saint-Leu-d_Esserent-fac\u0327ade-est-400x600.jpg 400w, https:\/\/www.creilsudoise-tourisme.fr\/wp-content\/uploads\/2021\/03\/Abbatiale-Saint-Nicolas-a\u0300-Saint-Leu-d_Esserent-fac\u0327ade-est-200x300.jpg 200w, https:\/\/www.creilsudoise-tourisme.fr\/wp-content\/uploads\/2021\/03\/Abbatiale-Saint-Nicolas-a\u0300-Saint-Leu-d_Esserent-fac\u0327ade-est-282x424.jpg 282w, https:\/\/www.creilsudoise-tourisme.fr\/wp-content\/uploads\/2021\/03\/Abbatiale-Saint-Nicolas-a\u0300-Saint-Leu-d_Esserent-fac\u0327ade-est-387x581.jpg 387w\" sizes=\"(max-width: 600px) 100vw, 600px\" \/><figcaption class=\"wp-element-caption\">Creil Sud Oise Tourisme<\/figcaption><\/figure>\n<\/figure>\n\n\n\n<h3>Eine Abteikirche, die keine ist!<\/h3>\n\n\n\n<p>Wussten Sie, dass in Wirklichkeit <strong>l'<a href=\"https:\/\/www.creilsudoise-tourisme.fr\/de\/2021\/09\/17\/priorat\/\" target=\"_blank\" rel=\"noreferrer noopener\">Abbatiale de Saint-Leu-d'Esserent keine ist?<\/a> <\/strong><\/p>\n\n\n\n<figure class=\"wp-block-embed is-type-video is-provider-youtube wp-block-embed-youtube wp-embed-aspect-4-3 wp-has-aspect-ratio\"><div class=\"wp-block-embed__wrapper\">\n<iframe loading=\"lazy\" title=\"[ANECDOTE] Die Kirche von Saint-Leu-d&#039;Esserent | Creil Sud Oise Tourisme\" width=\"500\" height=\"375\" data-src=\"https:\/\/www.youtube.com\/embed\/G2bp_mCOGR8?list=PLyTXFZvx5-KPf9b1xjI5wEBvtwjrnBgMw\" frameborder=\"0\" allow=\"accelerometer; autoplay; clipboard-write; encrypted-media; gyroscope; picture-in-picture; web-share\" allowfullscreen><\/iframe>\n<\/div><figcaption class=\"wp-element-caption\">Die Abteikirche, die keine war<\/figcaption><\/figure>\n\n\n\n<div class=\"wp-block-strate-full alignfull\">\n\n    <div class=\"wp-block-strate-full-thumbnail\">\n        <img data-src=\"https:\/\/www.creilsudoise-tourisme.fr\/wp-content\/uploads\/2023\/08\/Prieure-2-1480x900.jpg\" alt=\"Priorat von Saint-Leu-d&#039;Esserent\">\n    <\/div>\n\n\t\n        <div class=\"wp-block-strate-full-content wp-block-strate-full-content-left\">\n\t\t\t\t\t\t                <p class=\"wp-block-strate-full-content-excerpt\"> Gassen, Keller, unterirdische G\u00e4nge, mittelalterliche Fassaden... Das Zentrum von <strong>Saint-Leu-d'Esserent ist reich an Sch\u00e4tzen aus dem Mittelalter.<\/strong> <\/p>\n\t\t\t        <\/div>\n\n\t\n<\/div>\n\n\n\n<h2>Das mittelalterliche Viertel<\/h2>\n\n\n\n<p>Auf dem Weg zur Abteikirche Saint-Nicolas tauchen uns die Gassen und Senten in eine <strong>mittelalterliche Atmosph\u00e4re<\/strong> mit den <strong>\u00dcberreste der Cluniazenser-Priorei<\/strong> die die Kirche umgeben, sowie die <strong>Weinkellerei Banvin<\/strong> unterhalb, die fr\u00fcher von den M\u00f6nchen zur Lagerung der Ernte genutzt wurde. <\/p>\n\n\n\n<h3>Das Priorat<\/h3>\n\n\n\n<p>Die <strong>Priorat<\/strong>Die heute in Privatbesitz befindliche Schule enth\u00e4lt <strong>unterirdische G\u00e4nge, die nur w\u00e4hrend der <a href=\"https:\/\/www.creilsudoise-tourisme.fr\/de\/agenda\/\" target=\"_blank\" rel=\"noreferrer noopener\">Europ\u00e4ische Tage des Kulturerbes<\/a><\/strong>. Von der Stra\u00dfe aus kann man ein imposantes befestigtes Tor sehen, das von Zinnen gekr\u00f6nt ist. <\/p>\n\n\n\n<figure class=\"is-layout-flex wp-block-gallery-3 wp-block-gallery alignwide has-nested-images columns-default is-cropped\">\n<figure class=\"wp-block-image size-large\"><img decoding=\"async\" loading=\"lazy\" width=\"1200\" height=\"898\" data-id=\"48689\"  data-src=\"https:\/\/www.creilsudoise-tourisme.fr\/wp-content\/uploads\/2023\/08\/Prieure-3-1200x898.jpg\" alt=\"Abteikirche Kirche Oise Besuch Kulturerbe Romanik Gotik Cluny Priorat\" class=\"wp-image-48689\" data-srcset=\"https:\/\/www.creilsudoise-tourisme.fr\/wp-content\/uploads\/2023\/08\/Prieure-3-1200x898.jpg 1200w, https:\/\/www.creilsudoise-tourisme.fr\/wp-content\/uploads\/2023\/08\/Prieure-3-600x449.jpg 600w, https:\/\/www.creilsudoise-tourisme.fr\/wp-content\/uploads\/2023\/08\/Prieure-3-900x673.jpg 900w, https:\/\/www.creilsudoise-tourisme.fr\/wp-content\/uploads\/2023\/08\/Prieure-3-16x12.jpg 16w, https:\/\/www.creilsudoise-tourisme.fr\/wp-content\/uploads\/2023\/08\/Prieure-3-200x150.jpg 200w, https:\/\/www.creilsudoise-tourisme.fr\/wp-content\/uploads\/2023\/08\/Prieure-3-650x486.jpg 650w, https:\/\/www.creilsudoise-tourisme.fr\/wp-content\/uploads\/2023\/08\/Prieure-3-387x289.jpg 387w, https:\/\/www.creilsudoise-tourisme.fr\/wp-content\/uploads\/2023\/08\/Prieure-3.jpg 1480w\" sizes=\"(max-width: 1200px) 100vw, 1200px\" \/><figcaption class=\"wp-element-caption\">Creil Sud Oise Tourisme<\/figcaption><\/figure>\n\n\n\n<figure class=\"wp-block-image size-large\"><img decoding=\"async\" loading=\"lazy\" width=\"1200\" height=\"898\" data-id=\"48687\"  data-src=\"https:\/\/www.creilsudoise-tourisme.fr\/wp-content\/uploads\/2023\/08\/Prieure-1-1200x898.jpg\" alt=\"Abteikirche Kirche Oise Besuch Kulturerbe Romanik Gotik Cluny Priorat\" class=\"wp-image-48687\" data-srcset=\"https:\/\/www.creilsudoise-tourisme.fr\/wp-content\/uploads\/2023\/08\/Prieure-1-1200x898.jpg 1200w, https:\/\/www.creilsudoise-tourisme.fr\/wp-content\/uploads\/2023\/08\/Prieure-1-600x449.jpg 600w, https:\/\/www.creilsudoise-tourisme.fr\/wp-content\/uploads\/2023\/08\/Prieure-1-900x673.jpg 900w, https:\/\/www.creilsudoise-tourisme.fr\/wp-content\/uploads\/2023\/08\/Prieure-1-16x12.jpg 16w, https:\/\/www.creilsudoise-tourisme.fr\/wp-content\/uploads\/2023\/08\/Prieure-1-200x150.jpg 200w, https:\/\/www.creilsudoise-tourisme.fr\/wp-content\/uploads\/2023\/08\/Prieure-1-650x486.jpg 650w, https:\/\/www.creilsudoise-tourisme.fr\/wp-content\/uploads\/2023\/08\/Prieure-1-387x289.jpg 387w, https:\/\/www.creilsudoise-tourisme.fr\/wp-content\/uploads\/2023\/08\/Prieure-1.jpg 1480w\" sizes=\"(max-width: 1200px) 100vw, 1200px\" \/><figcaption class=\"wp-element-caption\">Creil Sud Oise Tourisme<\/figcaption><\/figure>\n<\/figure>\n\n\n\n<h3>Die Weinkellerei Banvin<\/h3>\n\n\n\n<p>Die<strong> Weinkellerei Banvin<\/strong>Die aus einem Gew\u00f6lbesaal und unterirdischen G\u00e4ngen, die \u00fcber ein paar Stufen erreichbar sind, bestehende Halle ist ebenfalls sehr interessant.<strong> an den Europ\u00e4ischen Tagen des Kulturerbes f\u00fcr die \u00d6ffentlichkeit ge\u00f6ffnet<\/strong>.<\/p>\n\n\n\n<figure class=\"is-layout-flex wp-block-gallery-5 wp-block-gallery alignwide has-nested-images columns-default is-cropped\">\n<figure class=\"wp-block-image size-large\"><img decoding=\"async\" loading=\"lazy\" width=\"600\" height=\"903\" data-id=\"32490\"  data-src=\"https:\/\/www.creilsudoise-tourisme.fr\/wp-content\/uploads\/2021\/03\/Cave-Banvin-a\u0300-Saint-Leu-d_Esserent.jpg\" alt=\"Abteikirche Kirche Oise Besuch Kulturerbe Romanik Gotik Cluny\" class=\"wp-image-32490\" data-srcset=\"https:\/\/www.creilsudoise-tourisme.fr\/wp-content\/uploads\/2021\/03\/Cave-Banvin-a\u0300-Saint-Leu-d_Esserent.jpg 600w, https:\/\/www.creilsudoise-tourisme.fr\/wp-content\/uploads\/2021\/03\/Cave-Banvin-a\u0300-Saint-Leu-d_Esserent-399x600.jpg 399w, https:\/\/www.creilsudoise-tourisme.fr\/wp-content\/uploads\/2021\/03\/Cave-Banvin-a\u0300-Saint-Leu-d_Esserent-598x900.jpg 598w, https:\/\/www.creilsudoise-tourisme.fr\/wp-content\/uploads\/2021\/03\/Cave-Banvin-a\u0300-Saint-Leu-d_Esserent-200x301.jpg 200w, https:\/\/www.creilsudoise-tourisme.fr\/wp-content\/uploads\/2021\/03\/Cave-Banvin-a\u0300-Saint-Leu-d_Esserent-282x424.jpg 282w, https:\/\/www.creilsudoise-tourisme.fr\/wp-content\/uploads\/2021\/03\/Cave-Banvin-a\u0300-Saint-Leu-d_Esserent-387x582.jpg 387w\" sizes=\"(max-width: 600px) 100vw, 600px\" \/><figcaption class=\"wp-element-caption\">J\u00e9r\u00e9my Bourgeois<\/figcaption><\/figure>\n\n\n\n<figure class=\"wp-block-image size-large\"><img decoding=\"async\" loading=\"lazy\" width=\"1200\" height=\"668\" data-id=\"33859\"  data-src=\"https:\/\/www.creilsudoise-tourisme.fr\/wp-content\/uploads\/2021\/02\/Abbatiale-\u00a9-Ardoise-8-1200x668.jpg\" alt=\"Abteikirche Kirche Oise Besuch Kulturerbe Romanik Gotik Cluny\" class=\"wp-image-33859\" data-srcset=\"https:\/\/www.creilsudoise-tourisme.fr\/wp-content\/uploads\/2021\/02\/Abbatiale-\u00a9-Ardoise-8-1200x668.jpg 1200w, https:\/\/www.creilsudoise-tourisme.fr\/wp-content\/uploads\/2021\/02\/Abbatiale-\u00a9-Ardoise-8-600x334.jpg 600w, https:\/\/www.creilsudoise-tourisme.fr\/wp-content\/uploads\/2021\/02\/Abbatiale-\u00a9-Ardoise-8-900x501.jpg 900w, https:\/\/www.creilsudoise-tourisme.fr\/wp-content\/uploads\/2021\/02\/Abbatiale-\u00a9-Ardoise-8-1536x854.jpg 1536w, https:\/\/www.creilsudoise-tourisme.fr\/wp-content\/uploads\/2021\/02\/Abbatiale-\u00a9-Ardoise-8-200x111.jpg 200w, https:\/\/www.creilsudoise-tourisme.fr\/wp-content\/uploads\/2021\/02\/Abbatiale-\u00a9-Ardoise-8-650x362.jpg 650w, https:\/\/www.creilsudoise-tourisme.fr\/wp-content\/uploads\/2021\/02\/Abbatiale-\u00a9-Ardoise-8-387x215.jpg 387w, https:\/\/www.creilsudoise-tourisme.fr\/wp-content\/uploads\/2021\/02\/Abbatiale-\u00a9-Ardoise-8-275x153.jpg 275w, https:\/\/www.creilsudoise-tourisme.fr\/wp-content\/uploads\/2021\/02\/Abbatiale-\u00a9-Ardoise-8.jpg 1600w\" sizes=\"(max-width: 1200px) 100vw, 1200px\" \/><figcaption class=\"wp-element-caption\">Schiefer<\/figcaption><\/figure>\n<\/figure>\n\n\n\n<div class=\"wp-block-strate-full alignfull\">\n\n    <div class=\"wp-block-strate-full-thumbnail\">\n        <img data-src=\"https:\/\/www.creilsudoise-tourisme.fr\/wp-content\/uploads\/wpetourisme\/DSC00139retouche-2.png\" alt=\"Abteikirche von Saint-Leu-d&#039;Esserent\">\n    <\/div>\n\n\t\n        <div class=\"wp-block-strate-full-content wp-block-strate-full-content-left\">\n\t\t\t                <h3 class=\"wp-block-strate-full-content-title\"> Besuchen Sie die Abteikirche in einer Gruppe <\/h3>\n\t\t\t\t\t\t                <p class=\"wp-block-strate-full-content-excerpt\"> In Begleitung eines F\u00fchrers k\u00f6nnen Sie <strong>die Abteikirche mit Ihrer Gruppe bei einer F\u00fchrung entdecken. <\/strong><a href=\"https:\/\/www.creilsudoise-tourisme.fr\/de\/erforschen-gruppen\/broschure-gruppen\/\" target=\"_blank\" rel=\"noreferrer noopener\">Besuchen Sie <strong>unsere Gruppenbrosch\u00fcre!<\/strong><\/a> <\/p>\n\t\t\t        <\/div>\n\n\t\n<\/div>\n\n\n\n<h2>Selten f\u00fcr die \u00d6ffentlichkeit zug\u00e4nglich<\/h2>\n\n\n\n<h3>Gef\u00fchrter Rundgang<\/h3>\n\n\n\n<p>Folgen Sie einem der <strong><a href=\"https:\/\/www.creilsudoise-tourisme.fr\/de\/agenda\/\" target=\"_blank\" rel=\"noreferrer noopener\">gef\u00fchrte Touren, die das Fremdenverkehrsamt organisiert <\/a>regelm\u00e4\u00dfig<\/strong> um unwissend zu werden \u00fcber <strong>Architektur <\/strong>der Abteikirche und <strong>die Geheimnisse des M\u00f6nchslebens<\/strong> die diesen Ort einst nach der strengen Regel des Heiligen Benedikt bewohnten, oder auch die Geschichte der Familie Dammartin, die als Ortsherren den Bau des Priorats veranlassten.<\/p>\n\n\n<div data-related-sit=\"1\" data-block-type=\"related-sit-gt\" data-block-id=\"wpet-sit-pkwrkqofei\"><div class=\"wp-block wp-block-related-post wp-block-related-list-sit alignfull\">\n    \n    <div class=\"container\">\n\n                    <h2 class=\"wp-block-related-post-title\">Die n\u00e4chsten F\u00fchrungen<\/h2>\n        \n                    <div id=\"wpiris-related-post-132\" data-id=\"wpiris-entity-slider\">\n                <div class=\"wp-block-related-post-list wp-block-related-post-list--2\" data-id=\"wpiris-entity-slider-wrapper\">\n\n                    \n<div class=\"entityItem\" data-trigger=\"wpiris-click\" data-id=\"wpiris-entity-slider-item\">\n    <p class=\"entityItemThumbnail\">\n        <a href=\"https:\/\/www.creilsudoise-tourisme.fr\/de\/agenda-animations\/festival-des-clochers-2024\/\" nofancybox>\n            <img data-src=\"https:\/\/www.creilsudoise-tourisme.fr\/wp-content\/uploads\/wpetourisme\/AMEM-Festival-clochers-2026-275x350.jpg\" alt=\"Festival des Clochers 2026\">\n        <\/a>\n    <\/p>\n    <div class=\"entityItemContent\">\n        <h2 class=\"entityItemContentTitle\">\n            <a href=\"https:\/\/www.creilsudoise-tourisme.fr\/de\/agenda-animations\/festival-des-clochers-2024\/\">Festival des Clochers 2026<\/a>\n        <\/h2>\n                    <p class=\"entityItemContentType\">Feste und Veranstaltungen<\/p>\n            <\/div>\n    <a href=\"https:\/\/www.creilsudoise-tourisme.fr\/de\/agenda-animations\/festival-des-clochers-2024\/\" class=\"seeMore\"><span class=\"sr-only\">Mehr sehen<\/span><\/a>\n<\/div>\n\n<div class=\"entityItem\" data-trigger=\"wpiris-click\" data-id=\"wpiris-entity-slider-item\">\n    <p class=\"entityItemThumbnail\">\n        <a href=\"https:\/\/www.creilsudoise-tourisme.fr\/de\/agenda-animations\/festival-des-clochers-2026-concert-a-saint-leu-desserent\/\" nofancybox>\n            <img data-src=\"https:\/\/www.creilsudoise-tourisme.fr\/wp-content\/uploads\/wpetourisme\/AMEM-Fest-stleu-275x350.jpg\" alt=\"Festival des Clochers 2026 | Concert \u00e0 Saint-Leu d&rsquo;Esserent\">\n        <\/a>\n    <\/p>\n    <div class=\"entityItemContent\">\n        <h2 class=\"entityItemContentTitle\">\n            <a href=\"https:\/\/www.creilsudoise-tourisme.fr\/de\/agenda-animations\/festival-des-clochers-2026-concert-a-saint-leu-desserent\/\">Festival des Clochers 2026 | Concert \u00e0 Saint-Leu d&rsquo;Esserent<\/a>\n        <\/h2>\n                    <p class=\"entityItemContentType\">Feste und Veranstaltungen<\/p>\n            <\/div>\n    <a href=\"https:\/\/www.creilsudoise-tourisme.fr\/de\/agenda-animations\/festival-des-clochers-2026-concert-a-saint-leu-desserent\/\" class=\"seeMore\"><span class=\"sr-only\">Mehr sehen<\/span><\/a>\n<\/div>\n                <\/div>\n\n                            <\/div>\n            <\/div>\n<\/div><\/div>\n\n\n<div class=\"wp-block wp-block-testimonial\">\n    <div class=\"wp-block-testimonial-excerpt\">\n        Diese Kirche ist sehr interessant, sie stammt aus dem Mittelalter, ist geschichtstr\u00e4chtig und hat den Krieg \u00fcberlebt. An diesem Ort zu sein, kann man die Augen schlie\u00dfen und sich vorstellen, in dieser Zeit zu sein, in die Vergangenheit versetzt zu werden... Ein sehr sch\u00f6nes Erlebnis, das man nicht verpassen sollte, es lohnt sich wirklich, mit Freunden oder der Familie zu reisen!    <\/div>\n    <div class=\"wp-block-testimonial-details\">\n                <div class=\"wp-block-testimonial-content\">\n            <p class=\"wp-block-testimonial-content-author\">\n                <strong>Angy P<\/strong>\n\n                                <span class=\"wp-block-testimonial-content-job\"> - Google-Berichte<\/span>\n                            <\/p>\n        <\/div>\n    <\/div>\n<\/div>\n\n\n<h3>Besuch in Eigenregie<\/h3>\n\n\n\n<div class=\"wp-block-media-text is-stacked-on-mobile\" style=\"grid-template-columns:32% auto\"><figure class=\"wp-block-media-text__media\"><img decoding=\"async\" loading=\"lazy\" width=\"600\" height=\"900\" data-src=\"https:\/\/www.creilsudoise-tourisme.fr\/wp-content\/uploads\/2021\/03\/Narthex-de-l_Abbatiale-Saint-Nicolas-a\u0300-Saint-Leu-d_Esserent.jpg\" alt=\"\" class=\"wp-image-32516 size-full\" data-srcset=\"https:\/\/www.creilsudoise-tourisme.fr\/wp-content\/uploads\/2021\/03\/Narthex-de-l_Abbatiale-Saint-Nicolas-a\u0300-Saint-Leu-d_Esserent.jpg 600w, https:\/\/www.creilsudoise-tourisme.fr\/wp-content\/uploads\/2021\/03\/Narthex-de-l_Abbatiale-Saint-Nicolas-a\u0300-Saint-Leu-d_Esserent-400x600.jpg 400w, https:\/\/www.creilsudoise-tourisme.fr\/wp-content\/uploads\/2021\/03\/Narthex-de-l_Abbatiale-Saint-Nicolas-a\u0300-Saint-Leu-d_Esserent-200x300.jpg 200w, https:\/\/www.creilsudoise-tourisme.fr\/wp-content\/uploads\/2021\/03\/Narthex-de-l_Abbatiale-Saint-Nicolas-a\u0300-Saint-Leu-d_Esserent-282x424.jpg 282w, https:\/\/www.creilsudoise-tourisme.fr\/wp-content\/uploads\/2021\/03\/Narthex-de-l_Abbatiale-Saint-Nicolas-a\u0300-Saint-Leu-d_Esserent-387x581.jpg 387w\" sizes=\"(max-width: 600px) 100vw, 600px\" \/><\/figure><div class=\"wp-block-media-text__content\">\n<p>Au\u00dferhalb von Besuchen, <strong>die Abteikirche Saint-Nicolas ist von Mai bis Ende September an Sonntagnachmittagen ge\u00f6ffnet<\/strong>So k\u00f6nnen Sie diese selten f\u00fcr die \u00d6ffentlichkeit zug\u00e4ngliche Cluniazenserkirche mit Hilfe von Interpretationsschildern selbstst\u00e4ndig besichtigen. An den \u00fcbrigen Tagen des Jahres und der Woche ist ein <strong>Glasschleuse <\/strong>erm\u00f6glicht es, au\u00dferhalb der Besuchszeiten einen Blick in das Innere der Kirche zu werfen, und der <strong><a href=\"https:\/\/www.creilsudoise-tourisme.fr\/de\/espace-naturel\/jardin-de-labbatiale\/\">Garten der Abteikirche<\/a><\/strong> bietet eine bukolische Pause am Fu\u00dfe des Geb\u00e4udes (8-18 Uhr).<\/p>\n<\/div><\/div>\n\n\n\n<h3>Vervollst\u00e4ndigen Sie Ihren Besuch!<\/h3>\n\n\n\n<p class=\"has-text-align-center\"><strong>Update 2025 : <\/strong><\/p>\n\n\n\n<p class=\"has-text-align-center\"><strong>Das Mus\u00e9e de la Guesdi\u00e8re wird derzeit umgebaut.<\/strong><\/p>\n\n\n\n<p>F\u00fcr<strong> Ihren Besuch vervollst\u00e4ndigen<\/strong>Besuchen Sie uns unter <a href=\"https:\/\/www.creilsudoise-tourisme.fr\/de\/patrimoine\/musee-de-la-guesdiere\/\" target=\"_blank\" rel=\"noreferrer noopener\">Museum de la Guesdi\u00e8re<\/a>Sie befindet sich unterhalb der Abteikirche, gegen\u00fcber dem Rathaus. L'<strong>Stadtgeschichte<\/strong> wird anhand von Objekten, die bei Ausgrabungen gefunden wurden und die den Reichtum von Saint-Leu-d'Esserent belegen, nachvollzogen.<\/p>\n\n\n\n<div class=\"wp-block-strate-full alignfull\">\n\n    <div class=\"wp-block-strate-full-thumbnail\">\n        <img data-src=\"https:\/\/www.creilsudoise-tourisme.fr\/wp-content\/uploads\/2023\/08\/Abbatiale-1.jpg\" alt=\"Gef\u00fchrte Besichtigung der Abteikirche Saint-Nicolas in Saint-Leu-d&#039;Esserent\">\n    <\/div>\n\n\t\n<\/div>\n\n\n\n<h3>Europ\u00e4ische F\u00f6deration der Cluniazensischen St\u00e4tten<\/h3>\n\n\n\n<div class=\"wp-block-media-text is-stacked-on-mobile\" style=\"grid-template-columns:23% auto\"><figure class=\"wp-block-media-text__media\"><img decoding=\"async\" loading=\"lazy\" width=\"517\" height=\"300\" data-src=\"https:\/\/www.creilsudoise-tourisme.fr\/wp-content\/uploads\/2021\/03\/Logo_Fe\u0301de\u0301rationSitesClunisien.png\" alt=\"\" class=\"wp-image-32519 size-full\" data-srcset=\"https:\/\/www.creilsudoise-tourisme.fr\/wp-content\/uploads\/2021\/03\/Logo_Fe\u0301de\u0301rationSitesClunisien.png 517w, https:\/\/www.creilsudoise-tourisme.fr\/wp-content\/uploads\/2021\/03\/Logo_Fe\u0301de\u0301rationSitesClunisien-200x116.png 200w, https:\/\/www.creilsudoise-tourisme.fr\/wp-content\/uploads\/2021\/03\/Logo_Fe\u0301de\u0301rationSitesClunisien-387x225.png 387w\" sizes=\"(max-width: 517px) 100vw, 517px\" \/><\/figure><div class=\"wp-block-media-text__content\">\n<p>L'<strong>Abbatiale Saint-Nicolas wird von der <a href=\"https:\/\/www.sitesclunisiens.org\/\" target=\"_blank\" rel=\"noreferrer noopener\">Europ\u00e4ische F\u00f6deration der Cluniazensischen St\u00e4tten<\/a><\/strong> dessen Ziel es ist, die Orte zu vereinen, die zum Aufstieg des Ordens von Cluny von der Abtei Cluny in Burgund bis zu seiner europ\u00e4ischen Ausstrahlung beigetragen haben.&nbsp;&nbsp;<\/p>\n<\/div><\/div>\n\n\n\n<p>Der Verband f\u00f6rdert diese St\u00e4tten und bietet angereicherte Besichtigungswege an, z. B. mit 3D-Anwendungen.<\/p>\n\n\n\n<div class=\"wp-block wp-block-single-sit wp-block-single-sit-coordonnees\" >\n\n            <h2>Zugang<\/h2>\n    \n    <div class=\"wp-block-media-text is-stacked-on-mobile\">\n\n        <div class=\"wp-block-media-text__media wpet-map-detail\" style=\"width:100%; height: 100%;\">\n            <div class=\"wp-block-media-text__media__content\" id=\"wpetSingleSitMap\" data-wpet-type-map=\"leaflet\" ><\/div>\n        <\/div>\n\n        <div class=\"wp-block-media-text__content\">\n\n                            <p class=\"wp-block-coordonnees__status wp-block-coordonnees__status--close\">\n                    Geschlossen                <\/p>\n            \n            <p class=\"wp-block-media-text__content__address\">\n                                    <strong>Abteikirche Saint-Nicolas<\/strong><br \/>\n                \n                                    Kirchstra\u00dfe<br \/>\n                \n                                    <span>60340<\/span>\n                    <span>SAINT-LEU-D'ESSERENT<\/span><br \/>\n                            <\/p>\n\n                                                <p class=\"wp-block-media-text__content__phone\"><a data-type=\"TEL\" href=\"tel: 33 3 75 19 01 70\">+33 3 75 19 01 70<\/a><\/p>\n                            \n            <a href=\"https:\/\/www.google.fr\/maps?saddr&#038;daddr=49.2184732,2.42118102\" target=\"_blank\" class=\"button GtmButtonCalculItinerairePrestataire\" rel=\"noopener noreferrer\">Meine Route berechnen<\/a>\n        <\/div>\n    <\/div>\n<\/div>\n\n\n    <div class=\"wp-block wp-block-single-sit wp-block-single-sit-ouvertures\" id=\"opening\">\n\n                    <h2>\u00d6ffnungszeiten<\/h2>\n        \n        \t<div class=\"wpetTableList\" >\n                <div data-id=\"wpet-table-slider-wrapper\">\n\t\t    \t\t\t\t\t\t<div class=\"wpetTableContainer\" >\n\t\t\t\t<table class=\"wpetTable wpTable--opening\">\n\t\t\t\t\t<thead class=\"wpetTableHeader\">\n\t\t\t\t\t<tr>\n\t\t\t\t\t\t<td colspan=\"2\">\n\t\t\t\t\t\t\t\t\t\t\t\t\t\t\tDu 01 Juni au 13 September\t\t\t\t\t\t\t\t\t\t\t\t\t<\/td>\n\t\t\t\t\t<\/tr>\n\t\t\t\t\t<\/thead>\n\t\t\t\t\t\t\t\t\t\t\t\t\t\t\t\t\t\t<tr class=\"wpetTableLine\">\n\t\t\t\t\t\t\t\t<td class=\"wpetTableCell\">Montag<\/td>\n\t\t\t\t\t\t\t\t<td class=\"wpetTableCell\">Geschlossen<\/td>\n\t\t\t\t\t\t\t<\/tr>\n\t\t\t\t\t\t\t\t\t\t\t\t\t\t\t\t\t\t\t\t\t\t\t\t<tr class=\"wpetTableLine\">\n\t\t\t\t\t\t\t\t<td class=\"wpetTableCell\">Dienstag<\/td>\n\t\t\t\t\t\t\t\t<td class=\"wpetTableCell\">Geschlossen<\/td>\n\t\t\t\t\t\t\t<\/tr>\n\t\t\t\t\t\t\t\t\t\t\t\t\t\t\t\t\t\t\t\t\t\t\t\t<tr class=\"wpetTableLine\">\n\t\t\t\t\t\t\t\t<td class=\"wpetTableCell\">Mittwoch<\/td>\n\t\t\t\t\t\t\t\t<td class=\"wpetTableCell\">Geschlossen<\/td>\n\t\t\t\t\t\t\t<\/tr>\n\t\t\t\t\t\t\t\t\t\t\t\t\t\t\t\t\t\t\t\t\t\t\t\t<tr class=\"wpetTableLine\">\n\t\t\t\t\t\t\t\t<td class=\"wpetTableCell\">Donnerstag<\/td>\n\t\t\t\t\t\t\t\t<td class=\"wpetTableCell\">Geschlossen<\/td>\n\t\t\t\t\t\t\t<\/tr>\n\t\t\t\t\t\t\t\t\t\t\t\t\t\t\t\t\t\t\t\t\t\t\t\t<tr class=\"wpetTableLine\">\n\t\t\t\t\t\t\t\t<td class=\"wpetTableCell\">Freitag<\/td>\n\t\t\t\t\t\t\t\t<td class=\"wpetTableCell\">Geschlossen<\/td>\n\t\t\t\t\t\t\t<\/tr>\n\t\t\t\t\t\t\t\t\t\t\t\t\t\t\t\t\t\t\t\t\t\t\t\t<tr class=\"wpetTableLine\">\n\t\t\t\t\t\t\t\t<td class=\"wpetTableCell\">Samstag<\/td>\n\t\t\t\t\t\t\t\t<td class=\"wpetTableCell\">Geschlossen<\/td>\n\t\t\t\t\t\t\t<\/tr>\n\t\t\t\t\t\t\t\t\t\t\t\t\t\t\t\t\t\t\t\t\t\t\t\t<tr class=\"wpetTableLine\">\n\t\t\t\t\t\t\t\t<td class=\"wpetTableCell\">Sonntag<\/td>\n\t\t\t\t\t\t\t\t<td class=\"wpetTableCell\">Ge\u00f6ffnet von 14:30 bis 18:00 Uhr<\/td>\n\t\t\t\t\t\t\t<\/tr>\n\t\t\t\t\t\t\t\t\t\t\t\t\t\t\t<\/table>\n\t\t\t<\/div>\n\t\t        <\/div>\n\t<\/div>\n\n    <\/div>\n\n\n\n\n<div class=\"wp-block wp-block-related-post alignfull\">\n    <div class=\"container\">\n                    <h2 class=\"wp-block-related-post-title\">Den Entdeckern gefiel auch...<\/h2>\n                <div id=\"wpiris-related-post-4283418253612495231201530542\" data-id=\"wpiris-entity-slider\">\n            <div class=\"wp-block-related-post-list wp-block-related-post-list--8\" data-id=\"wpiris-entity-slider-wrapper\">\n\n                \n<div class=\"entityItem\" data-trigger=\"wpiris-click\" data-id=\"wpiris-entity-slider-item\">\n    <p class=\"entityItemThumbnail\">\n        <a href=\"https:\/\/www.creilsudoise-tourisme.fr\/de\/loisirs\/picknickplatz-von-saint-leu-desserent\/\" nofancybox>\n            <img data-src=\"https:\/\/www.creilsudoise-tourisme.fr\/wp-content\/uploads\/wpetourisme\/IMG20190901131144-275x350.jpg\" alt=\"Picknickplatz in Saint-Leu-d&#039;Esserent\">\n        <\/a>\n    <\/p>\n    <div class=\"entityItemContent\">\n        <h2 class=\"entityItemContentTitle\">\n            <a href=\"https:\/\/www.creilsudoise-tourisme.fr\/de\/loisirs\/picknickplatz-von-saint-leu-desserent\/\">Picknickplatz in Saint-Leu-d'Esserent<\/a>\n        <\/h2>\n                    <p class=\"entityItemContentType\">Sportliche und kulturelle Aktivit\u00e4ten und Wanderformeln<\/p>\n            <\/div>\n    <a href=\"https:\/\/www.creilsudoise-tourisme.fr\/de\/loisirs\/picknickplatz-von-saint-leu-desserent\/\" class=\"seeMore\"><span class=\"sr-only\">Mehr sehen<\/span><\/a>\n<\/div>\n\n<div class=\"entityItem\" data-trigger=\"wpiris-click\" data-id=\"wpiris-entity-slider-item\">\n    <p class=\"entityItemThumbnail\">\n        <a href=\"https:\/\/www.creilsudoise-tourisme.fr\/de\/espace-naturel\/jardin-de-labbatiale\/\" nofancybox>\n            <img data-src=\"https:\/\/www.creilsudoise-tourisme.fr\/wp-content\/uploads\/wpetourisme\/SAINT-LEU-D-ESSERENT-Jardin-Abbatilale-Creil-Sud-Oise-Tourisme---2--275x350.jpg\" alt=\"Garten der Abteikirche\">\n        <\/a>\n    <\/p>\n    <div class=\"entityItemContent\">\n        <h2 class=\"entityItemContentTitle\">\n            <a href=\"https:\/\/www.creilsudoise-tourisme.fr\/de\/espace-naturel\/jardin-de-labbatiale\/\">Garten der Abteikirche<\/a>\n        <\/h2>\n                    <p class=\"entityItemContentType\">Nat\u00fcrliches Erbe<\/p>\n            <\/div>\n    <a href=\"https:\/\/www.creilsudoise-tourisme.fr\/de\/espace-naturel\/jardin-de-labbatiale\/\" class=\"seeMore\"><span class=\"sr-only\">Mehr sehen<\/span><\/a>\n<\/div>\n\n<div class=\"entityItem\" data-trigger=\"wpiris-click\" data-id=\"wpiris-entity-slider-item\">\n    <p class=\"entityItemThumbnail\">\n        <a href=\"https:\/\/www.creilsudoise-tourisme.fr\/de\/restaurant\/hotel-de-loise-2\/\" nofancybox>\n            <img data-src=\"https:\/\/www.creilsudoise-tourisme.fr\/wp-content\/uploads\/2021\/02\/defaut-275x350.jpg\" alt=\"H\u00f4tel de l&#039;Oise\">\n        <\/a>\n    <\/p>\n    <div class=\"entityItemContent\">\n        <h2 class=\"entityItemContentTitle\">\n            <a href=\"https:\/\/www.creilsudoise-tourisme.fr\/de\/restaurant\/hotel-de-loise-2\/\">H\u00f4tel de l'Oise<\/a>\n        <\/h2>\n                    <p class=\"entityItemContentType\">Verpflegung<\/p>\n            <\/div>\n    <a href=\"https:\/\/www.creilsudoise-tourisme.fr\/de\/restaurant\/hotel-de-loise-2\/\" class=\"seeMore\"><span class=\"sr-only\">Mehr sehen<\/span><\/a>\n<\/div>\n\n<div class=\"entityItem\" data-trigger=\"wpiris-click\" data-id=\"wpiris-entity-slider-item\">\n    <p class=\"entityItemThumbnail\">\n        <a href=\"https:\/\/www.creilsudoise-tourisme.fr\/de\/balade-randonnee\/auf-den-schultern-liegen\/\" nofancybox>\n            <img data-src=\"https:\/\/www.creilsudoise-tourisme.fr\/wp-content\/uploads\/wpetourisme\/Randonnee-a-Saint-Leu-d-Esserent-275x350.jpg\" alt=\"Auf den Spuren der Baumeister\">\n        <\/a>\n    <\/p>\n    <div class=\"entityItemContent\">\n        <h2 class=\"entityItemContentTitle\">\n            <a href=\"https:\/\/www.creilsudoise-tourisme.fr\/de\/balade-randonnee\/auf-den-schultern-liegen\/\">Auf den Spuren der Baumeister<\/a>\n        <\/h2>\n                    <p class=\"entityItemContentType\">Wanderungen<\/p>\n            <\/div>\n    <a href=\"https:\/\/www.creilsudoise-tourisme.fr\/de\/balade-randonnee\/auf-den-schultern-liegen\/\" class=\"seeMore\"><span class=\"sr-only\">Mehr sehen<\/span><\/a>\n<\/div>\n\n<div class=\"entityItem\" data-trigger=\"wpiris-click\" data-id=\"wpiris-entity-slider-item\">\n    <p class=\"entityItemThumbnail\">\n        <a href=\"https:\/\/www.creilsudoise-tourisme.fr\/de\/restaurant\/lhardilliere\/\" nofancybox>\n            <img data-src=\"https:\/\/www.creilsudoise-tourisme.fr\/wp-content\/uploads\/2021\/02\/defaut-275x350.jpg\" alt=\"L&#039;Hardilli\u00e8re\">\n        <\/a>\n    <\/p>\n    <div class=\"entityItemContent\">\n        <h2 class=\"entityItemContentTitle\">\n            <a href=\"https:\/\/www.creilsudoise-tourisme.fr\/de\/restaurant\/lhardilliere\/\">L'Hardilli\u00e8re<\/a>\n        <\/h2>\n                    <p class=\"entityItemContentType\">Verpflegung<\/p>\n            <\/div>\n    <a href=\"https:\/\/www.creilsudoise-tourisme.fr\/de\/restaurant\/lhardilliere\/\" class=\"seeMore\"><span class=\"sr-only\">Mehr sehen<\/span><\/a>\n<\/div>\n            <\/div>\n\n            \n<div class=\"sliderNav\">\n    <div class=\"sliderNavWrapper\">\n        <p class=\"swiperArrow swiperArrow--next\" data-trigger=\"swiper-next\">\n            <span class=\"sr-only\">Weiter zu<\/span>\n        <\/p>\n        <p class=\"swiperArrow swiperArrow--prev\" data-trigger=\"swiper-prev\">\n            <span class=\"sr-only\">Vorherige<\/span>\n        <\/p>\n    <\/div>\n<\/div>\n        <\/div>\n    <\/div>\n<\/div>","protected":false},"excerpt":{"rendered":"<p>Die Abteikirche Saint-Nicolas in Saint-Leu-d'Esserent, nur 10 Minuten vom Schloss Chantilly und 15 Minuten von der Kathedrale von Senlis und der Abtei Royaumont entfernt, ist ein architektonisches Wunderwerk mit beeindruckenden Ausma\u00dfen und ein echtes Zeugnis des \u00dcbergangs von der Romanik zur Gotik. Ein Juwel der Cluniazenser Eine Abteikirche mit den Ausma\u00dfen einer Kathedrale Unm\u00f6glich, sie zu \u00fcbersehen. [...]<\/p>","protected":false},"author":1,"featured_media":32486,"parent":131,"menu_order":6,"comment_status":"closed","ping_status":"closed","template":"","meta":{"_relevanssi_hide_post":"","_relevanssi_hide_content":"","_relevanssi_pin_for_all":"","_relevanssi_pin_keywords":"","_relevanssi_unpin_keywords":"","_relevanssi_related_keywords":"","_relevanssi_related_include_ids":"","_relevanssi_related_exclude_ids":"","_relevanssi_related_no_append":"","_relevanssi_related_not_related":"","_relevanssi_related_posts":"271,275,273,267","_relevanssi_noindex_reason":""},"yoast_head":"<!-- This site is optimized with the Yoast SEO plugin v20.2.1 - https:\/\/yoast.com\/wordpress\/plugins\/seo\/ -->\n<title>L\u2019Abbatiale Saint-Nicolas, transition de l\u2019art roman \u00e0 l\u2019art gothique.<\/title>\n<meta name=\"description\" content=\"Visitez l\u2019Abbatiale Saint-Nicolas \u00e0 Saint-Leu-d\u2019Esserent, une Prieurale appel\u00e9e Abbatiale aux dimensions d\u2019une Cath\u00e9drale.\" \/>\n<meta name=\"robots\" content=\"index, follow, max-snippet:-1, max-image-preview:large, max-video-preview:-1\" \/>\n<link rel=\"canonical\" href=\"https:\/\/www.creilsudoise-tourisme.fr\/de\/jexplore\/unumganglich\/abteikirche\/\" \/>\n<meta property=\"og:locale\" content=\"de_DE\" \/>\n<meta property=\"og:type\" content=\"article\" \/>\n<meta property=\"og:title\" content=\"L\u2019Abbatiale Saint-Nicolas, transition de l\u2019art roman \u00e0 l\u2019art gothique.\" \/>\n<meta property=\"og:description\" content=\"Visitez l\u2019Abbatiale Saint-Nicolas \u00e0 Saint-Leu-d\u2019Esserent, une Prieurale appel\u00e9e Abbatiale aux dimensions d\u2019une Cath\u00e9drale.\" \/>\n<meta property=\"og:url\" content=\"https:\/\/www.creilsudoise-tourisme.fr\/de\/jexplore\/unumganglich\/abteikirche\/\" \/>\n<meta property=\"og:site_name\" content=\"Office de Tourisme Creil Sud Oise\" \/>\n<meta property=\"article:publisher\" content=\"https:\/\/www.facebook.com\/creilsudoisetourisme\/\" \/>\n<meta property=\"article:modified_time\" content=\"2025-05-19T10:06:02+00:00\" \/>\n<meta property=\"og:image\" content=\"https:\/\/www.creilsudoise-tourisme.fr\/wp-content\/uploads\/2021\/03\/Abbatiale-Saint-Nicolas-de-Saint-Leu-dEsserent.jpg\" \/>\n\t<meta property=\"og:image:width\" content=\"1600\" \/>\n\t<meta property=\"og:image:height\" content=\"900\" \/>\n\t<meta property=\"og:image:type\" content=\"image\/jpeg\" \/>\n<meta name=\"twitter:card\" content=\"summary_large_image\" \/>\n<meta name=\"twitter:site\" content=\"@CreilSudOiseOT\" \/>\n<meta name=\"twitter:label1\" content=\"Gesch\u00e4tzte Lesezeit\" \/>\n\t<meta name=\"twitter:data1\" content=\"4\u00a0Minuten\" \/>\n<script type=\"application\/ld+json\" class=\"yoast-schema-graph\">{\"@context\":\"https:\/\/schema.org\",\"@graph\":[{\"@type\":\"WebPage\",\"@id\":\"https:\/\/www.creilsudoise-tourisme.fr\/jexplore\/incontournables\/abbatiale\/\",\"url\":\"https:\/\/www.creilsudoise-tourisme.fr\/jexplore\/incontournables\/abbatiale\/\",\"name\":\"L\u2019Abbatiale Saint-Nicolas, transition de l\u2019art roman \u00e0 l\u2019art gothique.\",\"isPartOf\":{\"@id\":\"https:\/\/www.creilsudoise-tourisme.fr\/#website\"},\"datePublished\":\"2021-02-17T09:02:35+00:00\",\"dateModified\":\"2025-05-19T10:06:02+00:00\",\"description\":\"Visitez l\u2019Abbatiale Saint-Nicolas \u00e0 Saint-Leu-d\u2019Esserent, une Prieurale appel\u00e9e Abbatiale aux dimensions d\u2019une Cath\u00e9drale.\",\"breadcrumb\":{\"@id\":\"https:\/\/www.creilsudoise-tourisme.fr\/jexplore\/incontournables\/abbatiale\/#breadcrumb\"},\"inLanguage\":\"de\",\"potentialAction\":[{\"@type\":\"ReadAction\",\"target\":[\"https:\/\/www.creilsudoise-tourisme.fr\/jexplore\/incontournables\/abbatiale\/\"]}]},{\"@type\":\"BreadcrumbList\",\"@id\":\"https:\/\/www.creilsudoise-tourisme.fr\/jexplore\/incontournables\/abbatiale\/#breadcrumb\",\"itemListElement\":[{\"@type\":\"ListItem\",\"position\":1,\"name\":\"Accueil\",\"item\":\"https:\/\/www.creilsudoise-tourisme.fr\/\"},{\"@type\":\"ListItem\",\"position\":2,\"name\":\"J&rsquo;explore\",\"item\":\"https:\/\/www.creilsudoise-tourisme.fr\/jexplore\/\"},{\"@type\":\"ListItem\",\"position\":3,\"name\":\"Les incontournables\",\"item\":\"https:\/\/www.creilsudoise-tourisme.fr\/jexplore\/incontournables\/\"},{\"@type\":\"ListItem\",\"position\":4,\"name\":\"L&rsquo;Abbatiale Saint-Nicolas\"}]},{\"@type\":\"WebSite\",\"@id\":\"https:\/\/www.creilsudoise-tourisme.fr\/#website\",\"url\":\"https:\/\/www.creilsudoise-tourisme.fr\/\",\"name\":\"Office de Tourisme Creil Sud Oise\",\"description\":\"Creil Sud Oise Tourisme, un territoire \u00e0 explorer !\",\"publisher\":{\"@id\":\"https:\/\/www.creilsudoise-tourisme.fr\/#organization\"},\"potentialAction\":[{\"@type\":\"SearchAction\",\"target\":{\"@type\":\"EntryPoint\",\"urlTemplate\":\"https:\/\/www.creilsudoise-tourisme.fr\/?s={search_term_string}\"},\"query-input\":\"required name=search_term_string\"}],\"inLanguage\":\"de\"},{\"@type\":\"Organization\",\"@id\":\"https:\/\/www.creilsudoise-tourisme.fr\/#organization\",\"name\":\"Creil Sud Oise Tourisme\",\"url\":\"https:\/\/www.creilsudoise-tourisme.fr\/\",\"logo\":{\"@type\":\"ImageObject\",\"inLanguage\":\"de\",\"@id\":\"https:\/\/www.creilsudoise-tourisme.fr\/#\/schema\/logo\/image\/\",\"url\":\"https:\/\/www.creilsudoise-tourisme.fr\/wp-content\/uploads\/2021\/05\/logo-svg.png\",\"contentUrl\":\"https:\/\/www.creilsudoise-tourisme.fr\/wp-content\/uploads\/2021\/05\/logo-svg.png\",\"width\":182,\"height\":71,\"caption\":\"Creil Sud Oise Tourisme\"},\"image\":{\"@id\":\"https:\/\/www.creilsudoise-tourisme.fr\/#\/schema\/logo\/image\/\"},\"sameAs\":[\"https:\/\/www.facebook.com\/creilsudoisetourisme\/\",\"https:\/\/twitter.com\/CreilSudOiseOT\",\"https:\/\/www.instagram.com\/creilsudoisetourisme\/\",\"https:\/\/www.youtube.com\/channel\/UC8L_QD2wwyADW14zt9fY8kw\"]}]}<\/script>\n<!-- \/ Yoast SEO plugin. -->","yoast_head_json":{"title":"L\u2019Abbatiale Saint-Nicolas, transition de l\u2019art roman \u00e0 l\u2019art gothique.","description":"Visitez l\u2019Abbatiale Saint-Nicolas \u00e0 Saint-Leu-d\u2019Esserent, une Prieurale appel\u00e9e Abbatiale aux dimensions d\u2019une Cath\u00e9drale.","robots":{"index":"index","follow":"follow","max-snippet":"max-snippet:-1","max-image-preview":"max-image-preview:large","max-video-preview":"max-video-preview:-1"},"canonical":"https:\/\/www.creilsudoise-tourisme.fr\/de\/jexplore\/unumganglich\/abteikirche\/","og_locale":"de_DE","og_type":"article","og_title":"L\u2019Abbatiale Saint-Nicolas, transition de l\u2019art roman \u00e0 l\u2019art gothique.","og_description":"Visitez l\u2019Abbatiale Saint-Nicolas \u00e0 Saint-Leu-d\u2019Esserent, une Prieurale appel\u00e9e Abbatiale aux dimensions d\u2019une Cath\u00e9drale.","og_url":"https:\/\/www.creilsudoise-tourisme.fr\/de\/jexplore\/unumganglich\/abteikirche\/","og_site_name":"Office de Tourisme Creil Sud Oise","article_publisher":"https:\/\/www.facebook.com\/creilsudoisetourisme\/","article_modified_time":"2025-05-19T10:06:02+00:00","og_image":[{"width":1600,"height":900,"url":"https:\/\/www.creilsudoise-tourisme.fr\/wp-content\/uploads\/2021\/03\/Abbatiale-Saint-Nicolas-de-Saint-Leu-dEsserent.jpg","type":"image\/jpeg"}],"twitter_card":"summary_large_image","twitter_site":"@CreilSudOiseOT","twitter_misc":{"Gesch\u00e4tzte Lesezeit":"4\u00a0Minuten"},"schema":{"@context":"https:\/\/schema.org","@graph":[{"@type":"WebPage","@id":"https:\/\/www.creilsudoise-tourisme.fr\/jexplore\/incontournables\/abbatiale\/","url":"https:\/\/www.creilsudoise-tourisme.fr\/jexplore\/incontournables\/abbatiale\/","name":"L\u2019Abbatiale Saint-Nicolas, transition de l\u2019art roman \u00e0 l\u2019art gothique.","isPartOf":{"@id":"https:\/\/www.creilsudoise-tourisme.fr\/#website"},"datePublished":"2021-02-17T09:02:35+00:00","dateModified":"2025-05-19T10:06:02+00:00","description":"Visitez l\u2019Abbatiale Saint-Nicolas \u00e0 Saint-Leu-d\u2019Esserent, une Prieurale appel\u00e9e Abbatiale aux dimensions d\u2019une Cath\u00e9drale.","breadcrumb":{"@id":"https:\/\/www.creilsudoise-tourisme.fr\/jexplore\/incontournables\/abbatiale\/#breadcrumb"},"inLanguage":"de","potentialAction":[{"@type":"ReadAction","target":["https:\/\/www.creilsudoise-tourisme.fr\/jexplore\/incontournables\/abbatiale\/"]}]},{"@type":"BreadcrumbList","@id":"https:\/\/www.creilsudoise-tourisme.fr\/jexplore\/incontournables\/abbatiale\/#breadcrumb","itemListElement":[{"@type":"ListItem","position":1,"name":"Accueil","item":"https:\/\/www.creilsudoise-tourisme.fr\/"},{"@type":"ListItem","position":2,"name":"J&rsquo;explore","item":"https:\/\/www.creilsudoise-tourisme.fr\/jexplore\/"},{"@type":"ListItem","position":3,"name":"Les incontournables","item":"https:\/\/www.creilsudoise-tourisme.fr\/jexplore\/incontournables\/"},{"@type":"ListItem","position":4,"name":"L&rsquo;Abbatiale Saint-Nicolas"}]},{"@type":"WebSite","@id":"https:\/\/www.creilsudoise-tourisme.fr\/#website","url":"https:\/\/www.creilsudoise-tourisme.fr\/","name":"Office de Tourisme Creil Sud Oise","description":"Creil Sud Oise Tourisme, un territoire \u00e0 explorer !","publisher":{"@id":"https:\/\/www.creilsudoise-tourisme.fr\/#organization"},"potentialAction":[{"@type":"SearchAction","target":{"@type":"EntryPoint","urlTemplate":"https:\/\/www.creilsudoise-tourisme.fr\/?s={search_term_string}"},"query-input":"required name=search_term_string"}],"inLanguage":"de"},{"@type":"Organization","@id":"https:\/\/www.creilsudoise-tourisme.fr\/#organization","name":"Creil Sud Oise Tourisme","url":"https:\/\/www.creilsudoise-tourisme.fr\/","logo":{"@type":"ImageObject","inLanguage":"de","@id":"https:\/\/www.creilsudoise-tourisme.fr\/#\/schema\/logo\/image\/","url":"https:\/\/www.creilsudoise-tourisme.fr\/wp-content\/uploads\/2021\/05\/logo-svg.png","contentUrl":"https:\/\/www.creilsudoise-tourisme.fr\/wp-content\/uploads\/2021\/05\/logo-svg.png","width":182,"height":71,"caption":"Creil Sud Oise Tourisme"},"image":{"@id":"https:\/\/www.creilsudoise-tourisme.fr\/#\/schema\/logo\/image\/"},"sameAs":["https:\/\/www.facebook.com\/creilsudoisetourisme\/","https:\/\/twitter.com\/CreilSudOiseOT","https:\/\/www.instagram.com\/creilsudoisetourisme\/","https:\/\/www.youtube.com\/channel\/UC8L_QD2wwyADW14zt9fY8kw"]}]}},"_links":{"self":[{"href":"https:\/\/www.creilsudoise-tourisme.fr\/de\/wp-json\/wp\/v2\/pages\/141"}],"collection":[{"href":"https:\/\/www.creilsudoise-tourisme.fr\/de\/wp-json\/wp\/v2\/pages"}],"about":[{"href":"https:\/\/www.creilsudoise-tourisme.fr\/de\/wp-json\/wp\/v2\/types\/page"}],"author":[{"embeddable":true,"href":"https:\/\/www.creilsudoise-tourisme.fr\/de\/wp-json\/wp\/v2\/users\/1"}],"replies":[{"embeddable":true,"href":"https:\/\/www.creilsudoise-tourisme.fr\/de\/wp-json\/wp\/v2\/comments?post=141"}],"version-history":[{"count":59,"href":"https:\/\/www.creilsudoise-tourisme.fr\/de\/wp-json\/wp\/v2\/pages\/141\/revisions"}],"predecessor-version":[{"id":62632,"href":"https:\/\/www.creilsudoise-tourisme.fr\/de\/wp-json\/wp\/v2\/pages\/141\/revisions\/62632"}],"up":[{"embeddable":true,"href":"https:\/\/www.creilsudoise-tourisme.fr\/de\/wp-json\/wp\/v2\/pages\/131"}],"wp:featuredmedia":[{"embeddable":true,"href":"https:\/\/www.creilsudoise-tourisme.fr\/de\/wp-json\/wp\/v2\/media\/32486"}],"wp:attachment":[{"href":"https:\/\/www.creilsudoise-tourisme.fr\/de\/wp-json\/wp\/v2\/media?parent=141"}],"curies":[{"name":"wp","href":"https:\/\/api.w.org\/{rel}","templated":true}]}}