{"id":133,"date":"2021-02-17T10:02:29","date_gmt":"2021-02-17T09:02:29","guid":{"rendered":"https:\/\/www.creilsudoise-tourisme.fr\/la-maison-de-la-pierre\/"},"modified":"2025-05-30T15:55:55","modified_gmt":"2025-05-30T13:55:55","slug":"maison-de-la-pierre","status":"publish","type":"page","link":"https:\/\/www.creilsudoise-tourisme.fr\/de\/jexplore\/unumganglich\/steinhaus\/","title":{"rendered":"Das Steinhaus"},"content":{"rendered":"<p class=\"is-style-excerpt\">In der N\u00e4he von Chantilly und Senlis gelegen, <strong>das Maison de la Pierre ist ein Museum, das sich unter der Erde in einem ehemaligen Steinbruch befindet<\/strong> ! Es ist einer der wenigen Orte, die an das Leben der Steinbrucharbeiter in Nordfrankreich erinnern, und ehrt die<strong>Die DNA der Destination Creil Sud Oise: der Stein<\/strong>.<\/p>\n\n\n\n<figure class=\"wp-block-embed is-type-video is-provider-youtube wp-block-embed-youtube wp-embed-aspect-16-9 wp-has-aspect-ratio\"><div class=\"wp-block-embed__wrapper\">\n<iframe loading=\"lazy\" title=\"[LES INCONTOURNABLES] La Maison de la Pierre in Saint-Maximin | Creil Sud Oise Tourisme\" width=\"500\" height=\"281\" data-src=\"https:\/\/www.youtube.com\/embed\/Nx6Uz5neMS8?feature=oembed\" frameborder=\"0\" allow=\"accelerometer; autoplay; clipboard-write; encrypted-media; gyroscope; picture-in-picture; web-share\" referrerpolicy=\"strict-origin-when-cross-origin\" allowfullscreen><\/iframe>\n<\/div><\/figure>\n\n\n\n<div class=\"wp-block-strate-full alignfull\">\n\n    <div class=\"wp-block-strate-full-thumbnail\">\n        <img data-src=\"https:\/\/www.creilsudoise-tourisme.fr\/wp-content\/uploads\/2023\/02\/\u00a9comdesimages-b.teissedre-ADRTOise-maison-de-la-pierre_COM06656-1-1600x870.jpg\" alt=\"Gef\u00fchrte Tour durch den unterirdischen Steinbruch der Maison de la Pierre in Saint-Maximin\">\n    <\/div>\n\n\t\n        <div class=\"wp-block-strate-full-content wp-block-strate-full-content-left\">\n\t\t\t\t\t\t                <p class=\"wp-block-strate-full-content-excerpt\"> <strong>Tauchen Sie in den Untergrund ein<\/strong> des Maison de la Pierre und entdecken Sie einen <strong>ungew\u00f6hnlichen Beruf: den des Steinbrucharbeiters.<\/strong> <\/p>\n\t\t\t        <\/div>\n\n\t\n<\/div>\n\n\n\n<h2>Ein ehemaliger unterirdischer Steinbruch, der besichtigt werden kann<\/h2>\n\n\n\n<p>La Maison de la Pierre ist vor allem eine<strong> ehemaliger unterirdischer Steinbruch, der besichtigt werden kann<\/strong>. Mit einem Bauhelm auf dem Kopf betreten wir einen luftigen Untergrund mit flachem Boden und hoher Decke, begleitet von unserem F\u00fchrer, der uns anhand der verschiedenen Kulissen und einem Spiel mit Licht und Ton die <strong>Geologie <\/strong>von Orten, Formen <strong>des Steinabbaus im Laufe der Zeitalter<\/strong>Die <strong>Besetzungen des Steinbruchs zu verschiedenen Zeiten<\/strong>...<\/p>\n\n\n\n<figure class=\"wp-block-image size-large\"><img decoding=\"async\" loading=\"lazy\" width=\"1200\" height=\"800\" data-src=\"https:\/\/www.creilsudoise-tourisme.fr\/wp-content\/uploads\/2023\/02\/053_Maison-de-la-Pierre\u00a92022_Smellinckx-1200x800.jpg\" alt=\"Dauerausstellung im Maison de la Pierre\" class=\"wp-image-45085\" data-srcset=\"https:\/\/www.creilsudoise-tourisme.fr\/wp-content\/uploads\/2023\/02\/053_Maison-de-la-Pierre\u00a92022_Smellinckx-1200x800.jpg 1200w, https:\/\/www.creilsudoise-tourisme.fr\/wp-content\/uploads\/2023\/02\/053_Maison-de-la-Pierre\u00a92022_Smellinckx-600x400.jpg 600w, https:\/\/www.creilsudoise-tourisme.fr\/wp-content\/uploads\/2023\/02\/053_Maison-de-la-Pierre\u00a92022_Smellinckx-900x600.jpg 900w, https:\/\/www.creilsudoise-tourisme.fr\/wp-content\/uploads\/2023\/02\/053_Maison-de-la-Pierre\u00a92022_Smellinckx-1536x1024.jpg 1536w, https:\/\/www.creilsudoise-tourisme.fr\/wp-content\/uploads\/2023\/02\/053_Maison-de-la-Pierre\u00a92022_Smellinckx-18x12.jpg 18w, https:\/\/www.creilsudoise-tourisme.fr\/wp-content\/uploads\/2023\/02\/053_Maison-de-la-Pierre\u00a92022_Smellinckx-200x133.jpg 200w, https:\/\/www.creilsudoise-tourisme.fr\/wp-content\/uploads\/2023\/02\/053_Maison-de-la-Pierre\u00a92022_Smellinckx-650x433.jpg 650w, https:\/\/www.creilsudoise-tourisme.fr\/wp-content\/uploads\/2023\/02\/053_Maison-de-la-Pierre\u00a92022_Smellinckx-387x258.jpg 387w, https:\/\/www.creilsudoise-tourisme.fr\/wp-content\/uploads\/2023\/02\/053_Maison-de-la-Pierre\u00a92022_Smellinckx.jpg 1920w\" sizes=\"(max-width: 1200px) 100vw, 1200px\" \/><figcaption class=\"wp-element-caption\">Neben einem unterirdischen Steinbruch entdecken Sie auch eine Dauerausstellung mit Werkzeugen der Steinbrecher.<\/figcaption><\/figure>\n\n\n\n<p>Man findet zum Beispiel heraus, dass ein gro\u00dfer Teil der abgebauten Steine f\u00fcr die <strong>Bau und Restaurierung von Paris<\/strong>so dass die <strong>Haussmannsche Geb\u00e4ude<\/strong>am <strong>Palais Bourbon<\/strong>Die <strong>Sainte Chapelle<\/strong>am <strong>Pont Neuf<\/strong> und viele andere mehr. Und auch bei Ausl\u00e4ndern sind sie sehr beliebt: So wurde zum Beispiel die Erweiterung der<strong>Standford University in den USA<\/strong> ist aus dem Stein von Saint-Maximin gefertigt!<\/p>\n\n\n\n<p>Mit Erstaunen stellt man auch fest, dass<strong> Saint-Maximinois lebten hier unter der Erde w\u00e4hrend der Bombenangriffe<\/strong> Alliierten w\u00e4hrend des Zweiten Weltkriegs: Die Stadt wurde zu 95% dem Erdboden gleichgemacht! Wir k\u00f6nnen unsere Entdeckung dieser geschichtstr\u00e4chtigen Zeit \u00fcbrigens verl\u00e4ngern, indem wir das <strong><a href=\"https:\/\/www.creilsudoise-tourisme.fr\/de\/jexplore\/videos\/musee-des-bombardements\/\" target=\"_blank\" rel=\"noreferrer noopener\">Museum der Bombardierungen<\/a><\/strong>Auch in Saint-Maximin.<\/p>\n\n\n\n<figure class=\"is-layout-flex wp-block-gallery-1 wp-block-gallery alignfull has-nested-images columns-default is-cropped\">\n<figure class=\"wp-block-image size-large\"><img decoding=\"async\" loading=\"lazy\" width=\"1200\" height=\"546\" data-id=\"34647\"  data-src=\"https:\/\/www.creilsudoise-tourisme.fr\/wp-content\/uploads\/2021\/05\/La-Seconde-Guerre-mondiale-a-la-Maison-de-la-Pierre-a-Saint-Maximin-e1677149189843-1200x546.jpg\" alt=\"F\u00fchrung durch den unterirdischen Steinbruch im Maison de la Pierre\" class=\"wp-image-34647\" data-srcset=\"https:\/\/www.creilsudoise-tourisme.fr\/wp-content\/uploads\/2021\/05\/La-Seconde-Guerre-mondiale-a-la-Maison-de-la-Pierre-a-Saint-Maximin-e1677149189843-1200x546.jpg 1200w, https:\/\/www.creilsudoise-tourisme.fr\/wp-content\/uploads\/2021\/05\/La-Seconde-Guerre-mondiale-a-la-Maison-de-la-Pierre-a-Saint-Maximin-e1677149189843-600x273.jpg 600w, https:\/\/www.creilsudoise-tourisme.fr\/wp-content\/uploads\/2021\/05\/La-Seconde-Guerre-mondiale-a-la-Maison-de-la-Pierre-a-Saint-Maximin-e1677149189843-900x410.jpg 900w, https:\/\/www.creilsudoise-tourisme.fr\/wp-content\/uploads\/2021\/05\/La-Seconde-Guerre-mondiale-a-la-Maison-de-la-Pierre-a-Saint-Maximin-e1677149189843-1536x699.jpg 1536w, https:\/\/www.creilsudoise-tourisme.fr\/wp-content\/uploads\/2021\/05\/La-Seconde-Guerre-mondiale-a-la-Maison-de-la-Pierre-a-Saint-Maximin-e1677149189843-200x91.jpg 200w, https:\/\/www.creilsudoise-tourisme.fr\/wp-content\/uploads\/2021\/05\/La-Seconde-Guerre-mondiale-a-la-Maison-de-la-Pierre-a-Saint-Maximin-e1677149189843-650x296.jpg 650w, https:\/\/www.creilsudoise-tourisme.fr\/wp-content\/uploads\/2021\/05\/La-Seconde-Guerre-mondiale-a-la-Maison-de-la-Pierre-a-Saint-Maximin-e1677149189843-387x176.jpg 387w, https:\/\/www.creilsudoise-tourisme.fr\/wp-content\/uploads\/2021\/05\/La-Seconde-Guerre-mondiale-a-la-Maison-de-la-Pierre-a-Saint-Maximin-e1677149189843-18x8.jpg 18w, https:\/\/www.creilsudoise-tourisme.fr\/wp-content\/uploads\/2021\/05\/La-Seconde-Guerre-mondiale-a-la-Maison-de-la-Pierre-a-Saint-Maximin-e1677149189843.jpg 1600w\" sizes=\"(max-width: 1200px) 100vw, 1200px\" \/><figcaption class=\"wp-element-caption\">Comdesimages B. Teissedre ADRTOise<\/figcaption><\/figure>\n\n\n\n<figure class=\"wp-block-image size-large\"><img decoding=\"async\" loading=\"lazy\" width=\"1200\" height=\"800\" data-id=\"34648\"  data-src=\"https:\/\/www.creilsudoise-tourisme.fr\/wp-content\/uploads\/2021\/05\/Les-outils-des-carriers-a-la-Maison-de-la-Pierre-a-Saint-Maximin-1200x800.jpg\" alt=\"F\u00fchrung durch den unterirdischen Steinbruch im Maison de la Pierre\" class=\"wp-image-34648\" data-srcset=\"https:\/\/www.creilsudoise-tourisme.fr\/wp-content\/uploads\/2021\/05\/Les-outils-des-carriers-a-la-Maison-de-la-Pierre-a-Saint-Maximin-1200x800.jpg 1200w, https:\/\/www.creilsudoise-tourisme.fr\/wp-content\/uploads\/2021\/05\/Les-outils-des-carriers-a-la-Maison-de-la-Pierre-a-Saint-Maximin-600x400.jpg 600w, https:\/\/www.creilsudoise-tourisme.fr\/wp-content\/uploads\/2021\/05\/Les-outils-des-carriers-a-la-Maison-de-la-Pierre-a-Saint-Maximin-900x600.jpg 900w, https:\/\/www.creilsudoise-tourisme.fr\/wp-content\/uploads\/2021\/05\/Les-outils-des-carriers-a-la-Maison-de-la-Pierre-a-Saint-Maximin-1536x1024.jpg 1536w, https:\/\/www.creilsudoise-tourisme.fr\/wp-content\/uploads\/2021\/05\/Les-outils-des-carriers-a-la-Maison-de-la-Pierre-a-Saint-Maximin-200x133.jpg 200w, https:\/\/www.creilsudoise-tourisme.fr\/wp-content\/uploads\/2021\/05\/Les-outils-des-carriers-a-la-Maison-de-la-Pierre-a-Saint-Maximin-650x433.jpg 650w, https:\/\/www.creilsudoise-tourisme.fr\/wp-content\/uploads\/2021\/05\/Les-outils-des-carriers-a-la-Maison-de-la-Pierre-a-Saint-Maximin-387x258.jpg 387w, https:\/\/www.creilsudoise-tourisme.fr\/wp-content\/uploads\/2021\/05\/Les-outils-des-carriers-a-la-Maison-de-la-Pierre-a-Saint-Maximin.jpg 1600w\" sizes=\"(max-width: 1200px) 100vw, 1200px\" \/><figcaption class=\"wp-element-caption\">Comdesimages B. Teissedre ADRTOise<\/figcaption><\/figure>\n\n\n\n<figure class=\"wp-block-image size-large\"><img decoding=\"async\" loading=\"lazy\" width=\"1200\" height=\"800\" data-id=\"34660\"  data-src=\"https:\/\/www.creilsudoise-tourisme.fr\/wp-content\/uploads\/2021\/05\/Visite-guidee-de-la-Galerie-du-Front-de-Taille-a-la-Maison-de-la-Pierre-a-Saint-Maximin-1200x800.jpg\" alt=\"F\u00fchrung durch die tempor\u00e4re Ausstellung in der Maison de la Pierre in Saint-Maximin\" class=\"wp-image-34660\" data-srcset=\"https:\/\/www.creilsudoise-tourisme.fr\/wp-content\/uploads\/2021\/05\/Visite-guidee-de-la-Galerie-du-Front-de-Taille-a-la-Maison-de-la-Pierre-a-Saint-Maximin-1200x800.jpg 1200w, https:\/\/www.creilsudoise-tourisme.fr\/wp-content\/uploads\/2021\/05\/Visite-guidee-de-la-Galerie-du-Front-de-Taille-a-la-Maison-de-la-Pierre-a-Saint-Maximin-600x400.jpg 600w, https:\/\/www.creilsudoise-tourisme.fr\/wp-content\/uploads\/2021\/05\/Visite-guidee-de-la-Galerie-du-Front-de-Taille-a-la-Maison-de-la-Pierre-a-Saint-Maximin-900x600.jpg 900w, https:\/\/www.creilsudoise-tourisme.fr\/wp-content\/uploads\/2021\/05\/Visite-guidee-de-la-Galerie-du-Front-de-Taille-a-la-Maison-de-la-Pierre-a-Saint-Maximin-1536x1024.jpg 1536w, https:\/\/www.creilsudoise-tourisme.fr\/wp-content\/uploads\/2021\/05\/Visite-guidee-de-la-Galerie-du-Front-de-Taille-a-la-Maison-de-la-Pierre-a-Saint-Maximin-200x133.jpg 200w, https:\/\/www.creilsudoise-tourisme.fr\/wp-content\/uploads\/2021\/05\/Visite-guidee-de-la-Galerie-du-Front-de-Taille-a-la-Maison-de-la-Pierre-a-Saint-Maximin-650x433.jpg 650w, https:\/\/www.creilsudoise-tourisme.fr\/wp-content\/uploads\/2021\/05\/Visite-guidee-de-la-Galerie-du-Front-de-Taille-a-la-Maison-de-la-Pierre-a-Saint-Maximin-387x258.jpg 387w, https:\/\/www.creilsudoise-tourisme.fr\/wp-content\/uploads\/2021\/05\/Visite-guidee-de-la-Galerie-du-Front-de-Taille-a-la-Maison-de-la-Pierre-a-Saint-Maximin.jpg 1600w\" sizes=\"(max-width: 1200px) 100vw, 1200px\" \/><figcaption class=\"wp-element-caption\">Comdesimages B. Teissedre - Oise Tourisme<\/figcaption><\/figure>\n<\/figure>\n\n\n<div class=\"wp-block wp-block-highlight\">\n            <h3 class=\"wp-block-highlight-item wp-block-highlight-title\">Wussten Sie schon? <br>Der Stein, die DNA von Creil Sud Oise<\/h3>\n                <p class=\"wp-block-highlight-item wp-block-highlight-excerpt\">Wussten Sie, dass der gesamte<strong> bassin creillois ist voll von Steinbr\u00fcchen<\/strong> ? \u00dcber hundert unterirdische, offene, ehemalige Abbaufronten und H\u00f6hlenstandorte wurden bereits inventarisiert!<\/p>\n    <\/div>\n\n\n<div class=\"wp-block wp-block-testimonial\">\n    <div class=\"wp-block-testimonial-excerpt\">\n        Super interessanter Besuch, und so erfrischend! Klare und auf jeden zugeschnittene Erkl\u00e4rungen, bereichernder und erheiternder Besuch f\u00fcr einen Ort, an dem die Arbeit so m\u00fchsam war.    <\/div>\n    <div class=\"wp-block-testimonial-details\">\n                <div class=\"wp-block-testimonial-content\">\n            <p class=\"wp-block-testimonial-content-author\">\n                <strong>Marie-H\u00e9l\u00e8ne P. <\/strong>\n\n                                <span class=\"wp-block-testimonial-content-job\"> - Facebook-Seite des Steinhauses<\/span>\n                            <\/p>\n        <\/div>\n    <\/div>\n<\/div>\n\n\n<div class=\"wp-block-strate-full alignfull\">\n\n    <div class=\"wp-block-strate-full-thumbnail\">\n        <img data-src=\"https:\/\/www.creilsudoise-tourisme.fr\/wp-content\/uploads\/2023\/02\/086_Maison-de-la-Pierre\u00a92022_Smellinckx-e1677149073115-1600x900.jpg\" alt=\"Steinbildhauerei-Workshop im Maison de la Pierre (Haus des Steins)\">\n    <\/div>\n\n\t\n        <div class=\"wp-block-strate-full-content wp-block-strate-full-content-left\">\n\t\t\t\t\t\t                <p class=\"wp-block-strate-full-content-excerpt\"> Kommen Sie <strong>uralte K\u00fcnste entdecken<\/strong> in der Maison de la Pierre in Saint-Maximin! <\/p>\n\t\t\t        <\/div>\n\n\t\n<\/div>\n\n\n\n<h2>Die Kunstwerkst\u00e4tten<\/h2>\n\n\n\n<p>Neben der <strong>gef\u00fchrte Tour durch einen unterirdischen Steinbruch<\/strong> von Menschenhand in den Kalksteinboden des s\u00fcdlichen Oise gegraben wurde, bietet das Maison de la Pierre au\u00dferdem Folgendes an <strong>Workshops f\u00fcr Steinbildhauerei und Glasmalerei.<\/strong><\/p>\n\n\n\n<div class=\"is-layout-flex wp-block-buttons\">\n<div class=\"wp-block-button\"><a class=\"wp-block-button__link wp-element-button\" href=\"#programmation\">Programmierung<\/a><\/div>\n<\/div>\n\n\n\n<h3>Steinbildhauerei<\/h3>\n\n\n\n<figure class=\"wp-block-embed is-type-video is-provider-youtube wp-block-embed-youtube wp-embed-aspect-16-9 wp-has-aspect-ratio\"><div class=\"wp-block-embed__wrapper\">\n<iframe loading=\"lazy\" title=\"[BEGEGNUNG] mit Fabrice, Steinbildhauer | Creil Sud Oise Tourisme\" width=\"500\" height=\"281\" data-src=\"https:\/\/www.youtube.com\/embed\/ivRNcQLG4g8?feature=oembed\" frameborder=\"0\" allow=\"accelerometer; autoplay; clipboard-write; encrypted-media; gyroscope; picture-in-picture; web-share\" referrerpolicy=\"strict-origin-when-cross-origin\" allowfullscreen><\/iframe>\n<\/div><figcaption class=\"wp-element-caption\"><strong>F\u00fchren Sie sich in die Steinbildhauerei ein<\/strong> in der Maison de la Pierre in Saint-Maximin!<\/figcaption><\/figure>\n\n\n\n<p>Sie k\u00f6nnen sich<strong> in die Kunst der Steinbildhauerei einf\u00fchren<\/strong> bei den <strong>1,5-st\u00fcndige Workshops<\/strong>Sie k\u00f6nnen sich auch von einem passionierten F\u00fchrer des Maison de la Pierre begleiten lassen oder Ihre Technik perfektionieren, wenn Sie sich in einer der folgenden Situationen befinden <strong>von einem halbt\u00e4gigen Praktikum bis zu drei aufeinanderfolgenden Tagen<\/strong>. Diese Praktika werden geleitet von <strong>professionelle Bildhauer<\/strong>. <\/p>\n\n\n\n<figure class=\"is-layout-flex wp-block-gallery-4 wp-block-gallery has-nested-images columns-default is-cropped\">\n<figure class=\"wp-block-image size-large\"><img decoding=\"async\" loading=\"lazy\" width=\"1200\" height=\"800\" data-id=\"34644\"  data-src=\"https:\/\/www.creilsudoise-tourisme.fr\/wp-content\/uploads\/2021\/05\/Initiation-a-la-sculpture-avec-des-enfants-a-la-Maison-de-la-Pierre-a-Saint-Maximin-1200x800.jpg\" alt=\"Einf\u00fchrung in die Steinbildhauerei mit Kindern in der Maison de la Pierre in Saint-Maximin\" class=\"wp-image-34644\" data-srcset=\"https:\/\/www.creilsudoise-tourisme.fr\/wp-content\/uploads\/2021\/05\/Initiation-a-la-sculpture-avec-des-enfants-a-la-Maison-de-la-Pierre-a-Saint-Maximin-1200x800.jpg 1200w, https:\/\/www.creilsudoise-tourisme.fr\/wp-content\/uploads\/2021\/05\/Initiation-a-la-sculpture-avec-des-enfants-a-la-Maison-de-la-Pierre-a-Saint-Maximin-600x400.jpg 600w, https:\/\/www.creilsudoise-tourisme.fr\/wp-content\/uploads\/2021\/05\/Initiation-a-la-sculpture-avec-des-enfants-a-la-Maison-de-la-Pierre-a-Saint-Maximin-900x600.jpg 900w, https:\/\/www.creilsudoise-tourisme.fr\/wp-content\/uploads\/2021\/05\/Initiation-a-la-sculpture-avec-des-enfants-a-la-Maison-de-la-Pierre-a-Saint-Maximin-1536x1024.jpg 1536w, https:\/\/www.creilsudoise-tourisme.fr\/wp-content\/uploads\/2021\/05\/Initiation-a-la-sculpture-avec-des-enfants-a-la-Maison-de-la-Pierre-a-Saint-Maximin-200x133.jpg 200w, https:\/\/www.creilsudoise-tourisme.fr\/wp-content\/uploads\/2021\/05\/Initiation-a-la-sculpture-avec-des-enfants-a-la-Maison-de-la-Pierre-a-Saint-Maximin-650x433.jpg 650w, https:\/\/www.creilsudoise-tourisme.fr\/wp-content\/uploads\/2021\/05\/Initiation-a-la-sculpture-avec-des-enfants-a-la-Maison-de-la-Pierre-a-Saint-Maximin-387x258.jpg 387w, https:\/\/www.creilsudoise-tourisme.fr\/wp-content\/uploads\/2021\/05\/Initiation-a-la-sculpture-avec-des-enfants-a-la-Maison-de-la-Pierre-a-Saint-Maximin.jpg 1600w\" sizes=\"(max-width: 1200px) 100vw, 1200px\" \/><\/figure>\n\n\n\n<figure class=\"wp-block-image size-large\"><img decoding=\"async\" loading=\"lazy\" width=\"800\" height=\"1200\" data-id=\"45089\"  data-src=\"https:\/\/www.creilsudoise-tourisme.fr\/wp-content\/uploads\/2023\/02\/155_Maison-de-la-Pierre\u00a92022_Smellinckx-800x1200.jpg\" alt=\"Steinbildhauerei-Workshop im Maison de la Pierre (Haus des Steins)\" class=\"wp-image-45089\" data-srcset=\"https:\/\/www.creilsudoise-tourisme.fr\/wp-content\/uploads\/2023\/02\/155_Maison-de-la-Pierre\u00a92022_Smellinckx-800x1200.jpg 800w, https:\/\/www.creilsudoise-tourisme.fr\/wp-content\/uploads\/2023\/02\/155_Maison-de-la-Pierre\u00a92022_Smellinckx-400x600.jpg 400w, https:\/\/www.creilsudoise-tourisme.fr\/wp-content\/uploads\/2023\/02\/155_Maison-de-la-Pierre\u00a92022_Smellinckx-600x900.jpg 600w, https:\/\/www.creilsudoise-tourisme.fr\/wp-content\/uploads\/2023\/02\/155_Maison-de-la-Pierre\u00a92022_Smellinckx-1024x1536.jpg 1024w, https:\/\/www.creilsudoise-tourisme.fr\/wp-content\/uploads\/2023\/02\/155_Maison-de-la-Pierre\u00a92022_Smellinckx-8x12.jpg 8w, https:\/\/www.creilsudoise-tourisme.fr\/wp-content\/uploads\/2023\/02\/155_Maison-de-la-Pierre\u00a92022_Smellinckx-200x300.jpg 200w, https:\/\/www.creilsudoise-tourisme.fr\/wp-content\/uploads\/2023\/02\/155_Maison-de-la-Pierre\u00a92022_Smellinckx-650x975.jpg 650w, https:\/\/www.creilsudoise-tourisme.fr\/wp-content\/uploads\/2023\/02\/155_Maison-de-la-Pierre\u00a92022_Smellinckx-282x424.jpg 282w, https:\/\/www.creilsudoise-tourisme.fr\/wp-content\/uploads\/2023\/02\/155_Maison-de-la-Pierre\u00a92022_Smellinckx-387x581.jpg 387w, https:\/\/www.creilsudoise-tourisme.fr\/wp-content\/uploads\/2023\/02\/155_Maison-de-la-Pierre\u00a92022_Smellinckx.jpg 1280w\" sizes=\"(max-width: 800px) 100vw, 800px\" \/><\/figure>\n\n\n\n<figure class=\"wp-block-image size-large\"><img decoding=\"async\" loading=\"lazy\" width=\"1200\" height=\"725\" data-id=\"34654\"  data-src=\"https:\/\/www.creilsudoise-tourisme.fr\/wp-content\/uploads\/2021\/05\/Stage-de-sculpture-sur-pierre-a-la-Maison-de-la-Pierre-a-Saint-Maximin-1200x725.jpg\" alt=\"Ein Steinbildhauerkurs in der Maison de la Pierre in Saint-Maximin\" class=\"wp-image-34654\" data-srcset=\"https:\/\/www.creilsudoise-tourisme.fr\/wp-content\/uploads\/2021\/05\/Stage-de-sculpture-sur-pierre-a-la-Maison-de-la-Pierre-a-Saint-Maximin-1200x725.jpg 1200w, https:\/\/www.creilsudoise-tourisme.fr\/wp-content\/uploads\/2021\/05\/Stage-de-sculpture-sur-pierre-a-la-Maison-de-la-Pierre-a-Saint-Maximin-600x362.jpg 600w, https:\/\/www.creilsudoise-tourisme.fr\/wp-content\/uploads\/2021\/05\/Stage-de-sculpture-sur-pierre-a-la-Maison-de-la-Pierre-a-Saint-Maximin-900x543.jpg 900w, https:\/\/www.creilsudoise-tourisme.fr\/wp-content\/uploads\/2021\/05\/Stage-de-sculpture-sur-pierre-a-la-Maison-de-la-Pierre-a-Saint-Maximin-1536x927.jpg 1536w, https:\/\/www.creilsudoise-tourisme.fr\/wp-content\/uploads\/2021\/05\/Stage-de-sculpture-sur-pierre-a-la-Maison-de-la-Pierre-a-Saint-Maximin-200x121.jpg 200w, https:\/\/www.creilsudoise-tourisme.fr\/wp-content\/uploads\/2021\/05\/Stage-de-sculpture-sur-pierre-a-la-Maison-de-la-Pierre-a-Saint-Maximin-650x392.jpg 650w, https:\/\/www.creilsudoise-tourisme.fr\/wp-content\/uploads\/2021\/05\/Stage-de-sculpture-sur-pierre-a-la-Maison-de-la-Pierre-a-Saint-Maximin-416x251.jpg 416w, https:\/\/www.creilsudoise-tourisme.fr\/wp-content\/uploads\/2021\/05\/Stage-de-sculpture-sur-pierre-a-la-Maison-de-la-Pierre-a-Saint-Maximin-387x234.jpg 387w, https:\/\/www.creilsudoise-tourisme.fr\/wp-content\/uploads\/2021\/05\/Stage-de-sculpture-sur-pierre-a-la-Maison-de-la-Pierre-a-Saint-Maximin.jpg 1600w\" sizes=\"(max-width: 1200px) 100vw, 1200px\" \/><\/figure>\n\n\n\n<figure class=\"wp-block-image size-large\"><img decoding=\"async\" loading=\"lazy\" width=\"1200\" height=\"675\" data-id=\"34656\"  data-src=\"https:\/\/www.creilsudoise-tourisme.fr\/wp-content\/uploads\/2021\/05\/Un-stage-de-sculpture-sur-pierre-a-la-Maison-de-la-Pierre-a-Saint-Maximin-1200x675.jpg\" alt=\"Ein Steinbildhauerkurs in der Maison de la Pierre in Saint-Maximin\" class=\"wp-image-34656\" data-srcset=\"https:\/\/www.creilsudoise-tourisme.fr\/wp-content\/uploads\/2021\/05\/Un-stage-de-sculpture-sur-pierre-a-la-Maison-de-la-Pierre-a-Saint-Maximin-1200x675.jpg 1200w, https:\/\/www.creilsudoise-tourisme.fr\/wp-content\/uploads\/2021\/05\/Un-stage-de-sculpture-sur-pierre-a-la-Maison-de-la-Pierre-a-Saint-Maximin-600x338.jpg 600w, https:\/\/www.creilsudoise-tourisme.fr\/wp-content\/uploads\/2021\/05\/Un-stage-de-sculpture-sur-pierre-a-la-Maison-de-la-Pierre-a-Saint-Maximin-900x506.jpg 900w, https:\/\/www.creilsudoise-tourisme.fr\/wp-content\/uploads\/2021\/05\/Un-stage-de-sculpture-sur-pierre-a-la-Maison-de-la-Pierre-a-Saint-Maximin-1536x864.jpg 1536w, https:\/\/www.creilsudoise-tourisme.fr\/wp-content\/uploads\/2021\/05\/Un-stage-de-sculpture-sur-pierre-a-la-Maison-de-la-Pierre-a-Saint-Maximin-200x113.jpg 200w, https:\/\/www.creilsudoise-tourisme.fr\/wp-content\/uploads\/2021\/05\/Un-stage-de-sculpture-sur-pierre-a-la-Maison-de-la-Pierre-a-Saint-Maximin-650x366.jpg 650w, https:\/\/www.creilsudoise-tourisme.fr\/wp-content\/uploads\/2021\/05\/Un-stage-de-sculpture-sur-pierre-a-la-Maison-de-la-Pierre-a-Saint-Maximin-387x218.jpg 387w, https:\/\/www.creilsudoise-tourisme.fr\/wp-content\/uploads\/2021\/05\/Un-stage-de-sculpture-sur-pierre-a-la-Maison-de-la-Pierre-a-Saint-Maximin.jpg 1600w\" sizes=\"(max-width: 1200px) 100vw, 1200px\" \/><\/figure>\n<figcaption class=\"blocks-gallery-caption wp-element-caption\">Die Steinbildhauerei-Workshops sind <strong>f\u00fcr Kinder und Erwachsene zug\u00e4nglich<\/strong>Die Sch\u00fclerinnen und Sch\u00fcler k\u00f6nnen sich auf allen Niveaustufen anmelden.<\/figcaption><\/figure>\n\n\n\n<h3>Die Kunst der Glasmalerei<\/h3>\n\n\n\n<p>Das Maison de la Pierre bietet Ihnen au\u00dferdem <strong>die Kunst der Glasmalerei entdecken<\/strong> ! Bei<strong> ein- bis dreit\u00e4gige Praktika<\/strong>Sie werden von einem<strong> professioneller Glasmaler<\/strong>. Punktuell werden auch halbt\u00e4gige Kurse angeboten, z. B. zur Weihnachtszeit, um Baumschmuck zu basteln!<\/p>\n\n\n\n<figure class=\"is-layout-flex wp-block-gallery-6 wp-block-gallery has-nested-images columns-default is-cropped\">\n<figure class=\"wp-block-image size-large\"><img decoding=\"async\" loading=\"lazy\" width=\"1200\" height=\"782\" data-id=\"34655\"  data-src=\"https:\/\/www.creilsudoise-tourisme.fr\/wp-content\/uploads\/2021\/05\/Stage-de-vitrail-a-la-Maison-de-la-Pierre-a-Saint-Maximin.jpg-1200x782.jpg\" alt=\"Ein Glasmalereikurs in der Maison de la Pierre in Saint-Maximin\" class=\"wp-image-34655\" data-srcset=\"https:\/\/www.creilsudoise-tourisme.fr\/wp-content\/uploads\/2021\/05\/Stage-de-vitrail-a-la-Maison-de-la-Pierre-a-Saint-Maximin.jpg-1200x782.jpg 1200w, https:\/\/www.creilsudoise-tourisme.fr\/wp-content\/uploads\/2021\/05\/Stage-de-vitrail-a-la-Maison-de-la-Pierre-a-Saint-Maximin.jpg-600x391.jpg 600w, https:\/\/www.creilsudoise-tourisme.fr\/wp-content\/uploads\/2021\/05\/Stage-de-vitrail-a-la-Maison-de-la-Pierre-a-Saint-Maximin.jpg-900x586.jpg 900w, https:\/\/www.creilsudoise-tourisme.fr\/wp-content\/uploads\/2021\/05\/Stage-de-vitrail-a-la-Maison-de-la-Pierre-a-Saint-Maximin.jpg-1536x1000.jpg 1536w, https:\/\/www.creilsudoise-tourisme.fr\/wp-content\/uploads\/2021\/05\/Stage-de-vitrail-a-la-Maison-de-la-Pierre-a-Saint-Maximin.jpg-200x130.jpg 200w, https:\/\/www.creilsudoise-tourisme.fr\/wp-content\/uploads\/2021\/05\/Stage-de-vitrail-a-la-Maison-de-la-Pierre-a-Saint-Maximin.jpg-650x423.jpg 650w, https:\/\/www.creilsudoise-tourisme.fr\/wp-content\/uploads\/2021\/05\/Stage-de-vitrail-a-la-Maison-de-la-Pierre-a-Saint-Maximin.jpg-387x252.jpg 387w, https:\/\/www.creilsudoise-tourisme.fr\/wp-content\/uploads\/2021\/05\/Stage-de-vitrail-a-la-Maison-de-la-Pierre-a-Saint-Maximin.jpg.jpg 1600w\" sizes=\"(max-width: 1200px) 100vw, 1200px\" \/><figcaption class=\"wp-element-caption\">Creil Sud Oise Tourisme<\/figcaption><\/figure>\n\n\n\n<figure class=\"wp-block-image size-large\"><img decoding=\"async\" loading=\"lazy\" width=\"1200\" height=\"675\" data-id=\"34657\"  data-src=\"https:\/\/www.creilsudoise-tourisme.fr\/wp-content\/uploads\/2021\/05\/Un-stage-de-vitrail-a-la-Maison-de-la-Pierre-a-Saint-Maximin.jpg-1200x675.jpg\" alt=\"Ein Glasmalereikurs in der Maison de la Pierre in Saint-Maximin\" class=\"wp-image-34657\" data-srcset=\"https:\/\/www.creilsudoise-tourisme.fr\/wp-content\/uploads\/2021\/05\/Un-stage-de-vitrail-a-la-Maison-de-la-Pierre-a-Saint-Maximin.jpg-1200x675.jpg 1200w, https:\/\/www.creilsudoise-tourisme.fr\/wp-content\/uploads\/2021\/05\/Un-stage-de-vitrail-a-la-Maison-de-la-Pierre-a-Saint-Maximin.jpg-600x338.jpg 600w, https:\/\/www.creilsudoise-tourisme.fr\/wp-content\/uploads\/2021\/05\/Un-stage-de-vitrail-a-la-Maison-de-la-Pierre-a-Saint-Maximin.jpg-900x506.jpg 900w, https:\/\/www.creilsudoise-tourisme.fr\/wp-content\/uploads\/2021\/05\/Un-stage-de-vitrail-a-la-Maison-de-la-Pierre-a-Saint-Maximin.jpg-1536x864.jpg 1536w, https:\/\/www.creilsudoise-tourisme.fr\/wp-content\/uploads\/2021\/05\/Un-stage-de-vitrail-a-la-Maison-de-la-Pierre-a-Saint-Maximin.jpg-200x113.jpg 200w, https:\/\/www.creilsudoise-tourisme.fr\/wp-content\/uploads\/2021\/05\/Un-stage-de-vitrail-a-la-Maison-de-la-Pierre-a-Saint-Maximin.jpg-650x366.jpg 650w, https:\/\/www.creilsudoise-tourisme.fr\/wp-content\/uploads\/2021\/05\/Un-stage-de-vitrail-a-la-Maison-de-la-Pierre-a-Saint-Maximin.jpg-387x218.jpg 387w, https:\/\/www.creilsudoise-tourisme.fr\/wp-content\/uploads\/2021\/05\/Un-stage-de-vitrail-a-la-Maison-de-la-Pierre-a-Saint-Maximin.jpg.jpg 1600w\" sizes=\"(max-width: 1200px) 100vw, 1200px\" \/><figcaption class=\"wp-element-caption\">Creil Sud Oise Tourisme<\/figcaption><\/figure>\n<\/figure>\n\n\n\n<h2>Workshops rund um das Wohlbefinden<\/h2>\n\n\n\n<h3>Lithotherapie<\/h3>\n\n\n\n<p>F\u00fcr Sie <strong>ressourcen<\/strong> und andere Aspekte des Steins entdecken wollen, bietet das Maison de la Pierre<strong> Einf\u00fchrungen in die Lithotherapie<\/strong>, moderiert von einem <strong>handwerkliche Lithotherapeutin <\/strong>an deren Ende Sie mit nach Hause gehen werden <strong>Ihr Armband, das auf Ihre Bed\u00fcrfnisse zugeschnitten ist.<\/strong><\/p>\n\n\n\n<p><em>Die energetischen Tugenden dienen nur als Hinweis, und die Lithotherapie kann in keinem Fall eine Behandlung oder einen \u00e4rztlichen Rat ersetzen. Beenden Sie niemals eine Behandlung ohne die Zustimmung Ihres Arztes.<\/em><\/p>\n\n\n\n<h3>Die Kraft der Pflanzen<\/h3>\n\n\n\n<p>Der unterirdische Steinbruch im Maison de la Pierre befindet sich direkt neben einer <strong>Tagebau<\/strong>Das hei\u00dft, an der frischen Luft. Hier hat sich die Natur ihre Rechte zur\u00fcckerobert. Die Maison de la Pierre bietet Ihnen die M\u00f6glichkeit, diese Natur mit ihren manchmal ungeahnten Vorteilen zu entdecken.<strong>Workshops rund um die Kraft der Pflanzen<\/strong>. Eine <strong>Phytotherapeut <\/strong>wird Ihnen mehr \u00fcber die <strong>Tugenden der Pflanzen.<\/strong><\/p>\n\n\n\n<div class=\"wp-block-strate-full alignfull\">\n\n    <div class=\"wp-block-strate-full-thumbnail\">\n        <img data-src=\"https:\/\/www.creilsudoise-tourisme.fr\/wp-content\/uploads\/2023\/02\/Demonstration-extraction-1600x839.jpg\" alt=\"Demonstration der Steingewinnung im Maison de la Pierre (Haus des Steins)\">\n    <\/div>\n\n\t\n        <div class=\"wp-block-strate-full-content wp-block-strate-full-content-left\">\n\t\t\t\t\t\t                <p class=\"wp-block-strate-full-content-excerpt\"> Das Maison de la Pierre organisiert regelm\u00e4\u00dfig <strong>Veranstaltungen <\/strong>mit zahlreichen <strong>animationen f\u00fcr kinder und erwachsene!<\/strong> <\/p>\n\t\t\t        <\/div>\n\n\t\n<\/div>\n\n\n\n<h3 id=\"programmation\">Ein reichhaltiges Programm<\/h3>\n\n\n\n<p>Das ganze Jahr \u00fcber<strong> Maison de la Pierre nimmt an zahlreichen nationalen Veranstaltungen teil<\/strong> wie die <a href=\"https:\/\/www.nuitdelachauvesouris.com\/\" target=\"_blank\" rel=\"noreferrer noopener\">Nacht der Fledermaus<\/a>Die <a href=\"https:\/\/nuitdesmusees.culture.gouv.fr\/\" target=\"_blank\" rel=\"noreferrer noopener\">Nacht der Museen<\/a>Die <a href=\"https:\/\/journeesdupatrimoine.culture.gouv.fr\/\" target=\"_blank\" rel=\"noreferrer noopener\">Europ\u00e4ische Tage des Kulturerbes<\/a> oder die <a href=\"https:\/\/www.fetedelascience.fr\/\" target=\"_blank\" rel=\"noreferrer noopener\">Fest der Wissenschaft<\/a>. Bei dieser Gelegenheit k\u00f6nnen Sie <strong>an neuartigen Aktivit\u00e4ten teilnehmen<\/strong> rund um die Geologie, die Flederm\u00e4use, die die Steinbr\u00fcche bev\u00f6lkern, und viele andere \u00dcberraschungen! <\/p>\n\n\n\n<div class=\"is-layout-flex wp-container-10 wp-block-columns\">\n<div class=\"is-layout-flow wp-block-column\">\n<figure class=\"wp-block-image size-large\"><img decoding=\"async\" loading=\"lazy\" width=\"1000\" height=\"635\" data-src=\"https:\/\/www.creilsudoise-tourisme.fr\/wp-content\/uploads\/wpetourisme\/c-Maison-de-la-pierre--6--2.jpg\" alt=\"Erz\u00e4hlter Spaziergang im Maison de la Pierre in Saint-Maximin\" class=\"wp-image-45184\" data-srcset=\"https:\/\/www.creilsudoise-tourisme.fr\/wp-content\/uploads\/wpetourisme\/c-Maison-de-la-pierre--6--2.jpg 1000w, https:\/\/www.creilsudoise-tourisme.fr\/wp-content\/uploads\/wpetourisme\/c-Maison-de-la-pierre--6--2-600x381.jpg 600w, https:\/\/www.creilsudoise-tourisme.fr\/wp-content\/uploads\/wpetourisme\/c-Maison-de-la-pierre--6--2-900x572.jpg 900w, https:\/\/www.creilsudoise-tourisme.fr\/wp-content\/uploads\/wpetourisme\/c-Maison-de-la-pierre--6--2-18x12.jpg 18w, https:\/\/www.creilsudoise-tourisme.fr\/wp-content\/uploads\/wpetourisme\/c-Maison-de-la-pierre--6--2-200x127.jpg 200w, https:\/\/www.creilsudoise-tourisme.fr\/wp-content\/uploads\/wpetourisme\/c-Maison-de-la-pierre--6--2-650x413.jpg 650w, https:\/\/www.creilsudoise-tourisme.fr\/wp-content\/uploads\/wpetourisme\/c-Maison-de-la-pierre--6--2-387x246.jpg 387w\" sizes=\"(max-width: 1000px) 100vw, 1000px\" \/><\/figure>\n<\/div>\n\n\n\n<div class=\"is-layout-flow wp-block-column\">\n<p>Profitieren Sie au\u00dferdem von <strong>M\u00e4rchenspazierg\u00e4nge<\/strong> zu den Themen Ostern, Halloween oder Weihnachten: eine Gelegenheit, den unterirdischen Steinbruch in einer <strong>m\u00e4rchenhafte Stimmung <\/strong>!<\/p>\n<\/div>\n<\/div>\n\n\n\n<p>Jedes Jahr wird eine <strong>tempor\u00e4re Ausstellung<\/strong> k\u00f6nnen Sie z. B. mehr \u00fcber die Arbeit eines Steinbrucharbeiters oder \u00fcber Geologie oder die Verwendung von Stein erfahren. <\/p>\n\n\n\n<figure class=\"wp-block-image size-large\"><img decoding=\"async\" loading=\"lazy\" width=\"1200\" height=\"567\" data-src=\"https:\/\/www.creilsudoise-tourisme.fr\/wp-content\/uploads\/2023\/02\/GallerieDuFrondDeTaille_0621_ExpoCartePostale_Creilsudoisetourisme-21-e1677150559246-1200x567.jpg\" alt=\"Jedes Jahr werden wechselnde Ausstellungen angeboten\" class=\"wp-image-45092\" data-srcset=\"https:\/\/www.creilsudoise-tourisme.fr\/wp-content\/uploads\/2023\/02\/GallerieDuFrondDeTaille_0621_ExpoCartePostale_Creilsudoisetourisme-21-e1677150559246-1200x567.jpg 1200w, https:\/\/www.creilsudoise-tourisme.fr\/wp-content\/uploads\/2023\/02\/GallerieDuFrondDeTaille_0621_ExpoCartePostale_Creilsudoisetourisme-21-e1677150559246-600x283.jpg 600w, https:\/\/www.creilsudoise-tourisme.fr\/wp-content\/uploads\/2023\/02\/GallerieDuFrondDeTaille_0621_ExpoCartePostale_Creilsudoisetourisme-21-e1677150559246-900x425.jpg 900w, https:\/\/www.creilsudoise-tourisme.fr\/wp-content\/uploads\/2023\/02\/GallerieDuFrondDeTaille_0621_ExpoCartePostale_Creilsudoisetourisme-21-e1677150559246-1536x726.jpg 1536w, https:\/\/www.creilsudoise-tourisme.fr\/wp-content\/uploads\/2023\/02\/GallerieDuFrondDeTaille_0621_ExpoCartePostale_Creilsudoisetourisme-21-e1677150559246-18x9.jpg 18w, https:\/\/www.creilsudoise-tourisme.fr\/wp-content\/uploads\/2023\/02\/GallerieDuFrondDeTaille_0621_ExpoCartePostale_Creilsudoisetourisme-21-e1677150559246-200x94.jpg 200w, https:\/\/www.creilsudoise-tourisme.fr\/wp-content\/uploads\/2023\/02\/GallerieDuFrondDeTaille_0621_ExpoCartePostale_Creilsudoisetourisme-21-e1677150559246-650x307.jpg 650w, https:\/\/www.creilsudoise-tourisme.fr\/wp-content\/uploads\/2023\/02\/GallerieDuFrondDeTaille_0621_ExpoCartePostale_Creilsudoisetourisme-21-e1677150559246-387x183.jpg 387w, https:\/\/www.creilsudoise-tourisme.fr\/wp-content\/uploads\/2023\/02\/GallerieDuFrondDeTaille_0621_ExpoCartePostale_Creilsudoisetourisme-21-e1677150559246.jpg 1920w\" sizes=\"(max-width: 1200px) 100vw, 1200px\" \/><figcaption class=\"wp-element-caption\">Creil Sud Oise Tourisme<\/figcaption><\/figure>\n\n\n\n<p>Und um Ihren Besuch abzurunden, entdecken Sie das Programm der Sonderausstellungen und der<a href=\"https:\/\/www.saintmaximin.eu\/\" target=\"_blank\" rel=\"noreferrer noopener\">vom Rathaus von Saint-Maximin organisierte Veranstaltungen<\/a>.<\/p>\n\n\n<div data-related-sit=\"1\" data-block-type=\"related-sit-gt\" data-block-id=\"wpet-sit-1c5ai7pf4e0\"><div class=\"wp-block wp-block-related-post wp-block-related-list-sit alignfull\">\n    \n    <div class=\"container\">\n\n                    <h2 class=\"wp-block-related-post-title\">Genie\u00dfen Sie das Programm!<\/h2>\n        \n                    <div id=\"wpiris-related-post-135\" data-id=\"wpiris-entity-slider\">\n                <div class=\"wp-block-related-post-list wp-block-related-post-list--14\" data-id=\"wpiris-entity-slider-wrapper\">\n\n                    \n<div class=\"entityItem\" data-trigger=\"wpiris-click\" data-id=\"wpiris-entity-slider-item\">\n    <p class=\"entityItemThumbnail\">\n        <a href=\"https:\/\/www.creilsudoise-tourisme.fr\/de\/agenda-animations\/weihnachtsfeierlichkeiten-stage-glasmalerei\/\" nofancybox>\n            <img data-src=\"https:\/\/www.creilsudoise-tourisme.fr\/wp-content\/uploads\/wpetourisme\/Noel---Post-FB-Insta-2-275x350.jpg\" alt=\"Weihnachtsfeierlichkeiten | Praktikum Glasmalerei\">\n        <\/a>\n    <\/p>\n    <div class=\"entityItemContent\">\n        <h2 class=\"entityItemContentTitle\">\n            <a href=\"https:\/\/www.creilsudoise-tourisme.fr\/de\/agenda-animations\/weihnachtsfeierlichkeiten-stage-glasmalerei\/\">Weihnachtsfeierlichkeiten | Praktikum Glasmalerei<\/a>\n        <\/h2>\n                    <p class=\"entityItemContentType\">Feste und Veranstaltungen<\/p>\n            <\/div>\n    <a href=\"https:\/\/www.creilsudoise-tourisme.fr\/de\/agenda-animations\/weihnachtsfeierlichkeiten-stage-glasmalerei\/\" class=\"seeMore\"><span class=\"sr-only\">Mehr sehen<\/span><\/a>\n<\/div>\n\n<div class=\"entityItem\" data-trigger=\"wpiris-click\" data-id=\"wpiris-entity-slider-item\">\n    <p class=\"entityItemThumbnail\">\n        <a href=\"https:\/\/www.creilsudoise-tourisme.fr\/de\/agenda-animations\/les-relais-de-lacso\/\" nofancybox>\n            <img data-src=\"https:\/\/www.creilsudoise-tourisme.fr\/wp-content\/uploads\/wpetourisme\/relais-de-l-ACSO-2026-700x700px-275x350.jpg\" alt=\"Die ACSO-Stafetten\">\n        <\/a>\n    <\/p>\n    <div class=\"entityItemContent\">\n        <h2 class=\"entityItemContentTitle\">\n            <a href=\"https:\/\/www.creilsudoise-tourisme.fr\/de\/agenda-animations\/les-relais-de-lacso\/\">Die ACSO-Stafetten<\/a>\n        <\/h2>\n                    <p class=\"entityItemContentType\">Feste und Veranstaltungen<\/p>\n            <\/div>\n    <a href=\"https:\/\/www.creilsudoise-tourisme.fr\/de\/agenda-animations\/les-relais-de-lacso\/\" class=\"seeMore\"><span class=\"sr-only\">Mehr sehen<\/span><\/a>\n<\/div>\n\n<div class=\"entityItem\" data-trigger=\"wpiris-click\" data-id=\"wpiris-entity-slider-item\">\n    <p class=\"entityItemThumbnail\">\n        <a href=\"https:\/\/www.creilsudoise-tourisme.fr\/de\/agenda-animations\/atelier-lithotherapie\/\" nofancybox>\n            <img data-src=\"https:\/\/www.creilsudoise-tourisme.fr\/wp-content\/uploads\/wpetourisme\/Fabriquez-votre-bijou-275x350.png\" alt=\"Workshop | Lithotherapie\">\n        <\/a>\n    <\/p>\n    <div class=\"entityItemContent\">\n        <h2 class=\"entityItemContentTitle\">\n            <a href=\"https:\/\/www.creilsudoise-tourisme.fr\/de\/agenda-animations\/atelier-lithotherapie\/\">Workshop | Lithotherapie<\/a>\n        <\/h2>\n                    <p class=\"entityItemContentType\">Feste und Veranstaltungen<\/p>\n            <\/div>\n    <a href=\"https:\/\/www.creilsudoise-tourisme.fr\/de\/agenda-animations\/atelier-lithotherapie\/\" class=\"seeMore\"><span class=\"sr-only\">Mehr sehen<\/span><\/a>\n<\/div>\n\n<div class=\"entityItem\" data-trigger=\"wpiris-click\" data-id=\"wpiris-entity-slider-item\">\n    <p class=\"entityItemThumbnail\">\n        <a href=\"https:\/\/www.creilsudoise-tourisme.fr\/de\/agenda-animations\/stage-mosaique-4\/\" nofancybox>\n            <img data-src=\"https:\/\/www.creilsudoise-tourisme.fr\/wp-content\/uploads\/wpetourisme\/1000063457-275x350.jpg\" alt=\"Praktikum | Mosaik\">\n        <\/a>\n    <\/p>\n    <div class=\"entityItemContent\">\n        <h2 class=\"entityItemContentTitle\">\n            <a href=\"https:\/\/www.creilsudoise-tourisme.fr\/de\/agenda-animations\/stage-mosaique-4\/\">Praktikum | Mosaik<\/a>\n        <\/h2>\n                    <p class=\"entityItemContentType\">Feste und Veranstaltungen<\/p>\n            <\/div>\n    <a href=\"https:\/\/www.creilsudoise-tourisme.fr\/de\/agenda-animations\/stage-mosaique-4\/\" class=\"seeMore\"><span class=\"sr-only\">Mehr sehen<\/span><\/a>\n<\/div>\n\n<div class=\"entityItem\" data-trigger=\"wpiris-click\" data-id=\"wpiris-entity-slider-item\">\n    <p class=\"entityItemThumbnail\">\n        <a href=\"https:\/\/www.creilsudoise-tourisme.fr\/de\/agenda-animations\/stage-vitrail-4\/\" nofancybox>\n            <img data-src=\"https:\/\/www.creilsudoise-tourisme.fr\/wp-content\/uploads\/wpetourisme\/Creez-votre-vitrail-275x350.png\" alt=\"Praktikum | Glasmalerei\">\n        <\/a>\n    <\/p>\n    <div class=\"entityItemContent\">\n        <h2 class=\"entityItemContentTitle\">\n            <a href=\"https:\/\/www.creilsudoise-tourisme.fr\/de\/agenda-animations\/stage-vitrail-4\/\">Praktikum | Glasmalerei<\/a>\n        <\/h2>\n                    <p class=\"entityItemContentType\">Feste und Veranstaltungen<\/p>\n            <\/div>\n    <a href=\"https:\/\/www.creilsudoise-tourisme.fr\/de\/agenda-animations\/stage-vitrail-4\/\" class=\"seeMore\"><span class=\"sr-only\">Mehr sehen<\/span><\/a>\n<\/div>\n\n<div class=\"entityItem\" data-trigger=\"wpiris-click\" data-id=\"wpiris-entity-slider-item\">\n    <p class=\"entityItemThumbnail\">\n        <a href=\"https:\/\/www.creilsudoise-tourisme.fr\/de\/agenda-animations\/stage-mosaique-3\/\" nofancybox>\n            <img data-src=\"https:\/\/www.creilsudoise-tourisme.fr\/wp-content\/uploads\/wpetourisme\/1000063457-275x350.jpg\" alt=\"Praktikum | Mosaik\">\n        <\/a>\n    <\/p>\n    <div class=\"entityItemContent\">\n        <h2 class=\"entityItemContentTitle\">\n            <a href=\"https:\/\/www.creilsudoise-tourisme.fr\/de\/agenda-animations\/stage-mosaique-3\/\">Praktikum | Mosaik<\/a>\n        <\/h2>\n                    <p class=\"entityItemContentType\">Feste und Veranstaltungen<\/p>\n            <\/div>\n    <a href=\"https:\/\/www.creilsudoise-tourisme.fr\/de\/agenda-animations\/stage-mosaique-3\/\" class=\"seeMore\"><span class=\"sr-only\">Mehr sehen<\/span><\/a>\n<\/div>\n\n<div class=\"entityItem\" data-trigger=\"wpiris-click\" data-id=\"wpiris-entity-slider-item\">\n    <p class=\"entityItemThumbnail\">\n        <a href=\"https:\/\/www.creilsudoise-tourisme.fr\/de\/agenda-animations\/stage-vitrail-6\/\" nofancybox>\n            <img data-src=\"https:\/\/www.creilsudoise-tourisme.fr\/wp-content\/uploads\/wpetourisme\/Creez-votre-vitrail-275x350.png\" alt=\"Praktikum | Glasmalerei\">\n        <\/a>\n    <\/p>\n    <div class=\"entityItemContent\">\n        <h2 class=\"entityItemContentTitle\">\n            <a href=\"https:\/\/www.creilsudoise-tourisme.fr\/de\/agenda-animations\/stage-vitrail-6\/\">Praktikum | Glasmalerei<\/a>\n        <\/h2>\n                    <p class=\"entityItemContentType\">Feste und Veranstaltungen<\/p>\n            <\/div>\n    <a href=\"https:\/\/www.creilsudoise-tourisme.fr\/de\/agenda-animations\/stage-vitrail-6\/\" class=\"seeMore\"><span class=\"sr-only\">Mehr sehen<\/span><\/a>\n<\/div>\n\n<div class=\"entityItem\" data-trigger=\"wpiris-click\" data-id=\"wpiris-entity-slider-item\">\n    <p class=\"entityItemThumbnail\">\n        <a href=\"https:\/\/www.creilsudoise-tourisme.fr\/de\/agenda-animations\/atelier-initiation-a-lart-de-la-ceramique\/\" nofancybox>\n            <img data-src=\"https:\/\/www.creilsudoise-tourisme.fr\/wp-content\/uploads\/wpetourisme\/Faconnez-votre-ceramique-275x350.png\" alt=\"Praktikum | Keramik\">\n        <\/a>\n    <\/p>\n    <div class=\"entityItemContent\">\n        <h2 class=\"entityItemContentTitle\">\n            <a href=\"https:\/\/www.creilsudoise-tourisme.fr\/de\/agenda-animations\/atelier-initiation-a-lart-de-la-ceramique\/\">Praktikum | Keramik<\/a>\n        <\/h2>\n                    <p class=\"entityItemContentType\">Feste und Veranstaltungen<\/p>\n            <\/div>\n    <a href=\"https:\/\/www.creilsudoise-tourisme.fr\/de\/agenda-animations\/atelier-initiation-a-lart-de-la-ceramique\/\" class=\"seeMore\"><span class=\"sr-only\">Mehr sehen<\/span><\/a>\n<\/div>\n\n<div class=\"entityItem\" data-trigger=\"wpiris-click\" data-id=\"wpiris-entity-slider-item\">\n    <p class=\"entityItemThumbnail\">\n        <a href=\"https:\/\/www.creilsudoise-tourisme.fr\/de\/agenda-animations\/atelier-lithotherapie-2\/\" nofancybox>\n            <img data-src=\"https:\/\/www.creilsudoise-tourisme.fr\/wp-content\/uploads\/wpetourisme\/Fabriquez-votre-bijou-275x350.png\" alt=\"Workshop | Lithotherapie\">\n        <\/a>\n    <\/p>\n    <div class=\"entityItemContent\">\n        <h2 class=\"entityItemContentTitle\">\n            <a href=\"https:\/\/www.creilsudoise-tourisme.fr\/de\/agenda-animations\/atelier-lithotherapie-2\/\">Workshop | Lithotherapie<\/a>\n        <\/h2>\n                    <p class=\"entityItemContentType\">Feste und Veranstaltungen<\/p>\n            <\/div>\n    <a href=\"https:\/\/www.creilsudoise-tourisme.fr\/de\/agenda-animations\/atelier-lithotherapie-2\/\" class=\"seeMore\"><span class=\"sr-only\">Mehr sehen<\/span><\/a>\n<\/div>\n\n<div class=\"entityItem\" data-trigger=\"wpiris-click\" data-id=\"wpiris-entity-slider-item\">\n    <p class=\"entityItemThumbnail\">\n        <a href=\"https:\/\/www.creilsudoise-tourisme.fr\/de\/agenda-animations\/stage-ceramique-2\/\" nofancybox>\n            <img data-src=\"https:\/\/www.creilsudoise-tourisme.fr\/wp-content\/uploads\/wpetourisme\/Faconnez-votre-ceramique-275x350.png\" alt=\"Praktikum | Keramik\">\n        <\/a>\n    <\/p>\n    <div class=\"entityItemContent\">\n        <h2 class=\"entityItemContentTitle\">\n            <a href=\"https:\/\/www.creilsudoise-tourisme.fr\/de\/agenda-animations\/stage-ceramique-2\/\">Praktikum | Keramik<\/a>\n        <\/h2>\n                    <p class=\"entityItemContentType\">Feste und Veranstaltungen<\/p>\n            <\/div>\n    <a href=\"https:\/\/www.creilsudoise-tourisme.fr\/de\/agenda-animations\/stage-ceramique-2\/\" class=\"seeMore\"><span class=\"sr-only\">Mehr sehen<\/span><\/a>\n<\/div>\n\n<div class=\"entityItem\" data-trigger=\"wpiris-click\" data-id=\"wpiris-entity-slider-item\">\n    <p class=\"entityItemThumbnail\">\n        <a href=\"https:\/\/www.creilsudoise-tourisme.fr\/de\/agenda-animations\/stage-mosaique-2\/\" nofancybox>\n            <img data-src=\"https:\/\/www.creilsudoise-tourisme.fr\/wp-content\/uploads\/wpetourisme\/1000063457-275x350.jpg\" alt=\"Praktikum | Mosaik\">\n        <\/a>\n    <\/p>\n    <div class=\"entityItemContent\">\n        <h2 class=\"entityItemContentTitle\">\n            <a href=\"https:\/\/www.creilsudoise-tourisme.fr\/de\/agenda-animations\/stage-mosaique-2\/\">Praktikum | Mosaik<\/a>\n        <\/h2>\n                    <p class=\"entityItemContentType\">Feste und Veranstaltungen<\/p>\n            <\/div>\n    <a href=\"https:\/\/www.creilsudoise-tourisme.fr\/de\/agenda-animations\/stage-mosaique-2\/\" class=\"seeMore\"><span class=\"sr-only\">Mehr sehen<\/span><\/a>\n<\/div>\n\n<div class=\"entityItem\" data-trigger=\"wpiris-click\" data-id=\"wpiris-entity-slider-item\">\n    <p class=\"entityItemThumbnail\">\n        <a href=\"https:\/\/www.creilsudoise-tourisme.fr\/de\/agenda-animations\/stage-vitrail-2\/\" nofancybox>\n            <img data-src=\"https:\/\/www.creilsudoise-tourisme.fr\/wp-content\/uploads\/wpetourisme\/Creez-votre-vitrail-275x350.png\" alt=\"Praktikum | Glasmalerei\">\n        <\/a>\n    <\/p>\n    <div class=\"entityItemContent\">\n        <h2 class=\"entityItemContentTitle\">\n            <a href=\"https:\/\/www.creilsudoise-tourisme.fr\/de\/agenda-animations\/stage-vitrail-2\/\">Praktikum | Glasmalerei<\/a>\n        <\/h2>\n                    <p class=\"entityItemContentType\">Feste und Veranstaltungen<\/p>\n            <\/div>\n    <a href=\"https:\/\/www.creilsudoise-tourisme.fr\/de\/agenda-animations\/stage-vitrail-2\/\" class=\"seeMore\"><span class=\"sr-only\">Mehr sehen<\/span><\/a>\n<\/div>\n\n<div class=\"entityItem\" data-trigger=\"wpiris-click\" data-id=\"wpiris-entity-slider-item\">\n    <p class=\"entityItemThumbnail\">\n        <a href=\"https:\/\/www.creilsudoise-tourisme.fr\/de\/agenda-animations\/stage-vitrail-3\/\" nofancybox>\n            <img data-src=\"https:\/\/www.creilsudoise-tourisme.fr\/wp-content\/uploads\/wpetourisme\/Creez-votre-vitrail-275x350.png\" alt=\"Praktikum | Glasmalerei\">\n        <\/a>\n    <\/p>\n    <div class=\"entityItemContent\">\n        <h2 class=\"entityItemContentTitle\">\n            <a href=\"https:\/\/www.creilsudoise-tourisme.fr\/de\/agenda-animations\/stage-vitrail-3\/\">Praktikum | Glasmalerei<\/a>\n        <\/h2>\n                    <p class=\"entityItemContentType\">Feste und Veranstaltungen<\/p>\n            <\/div>\n    <a href=\"https:\/\/www.creilsudoise-tourisme.fr\/de\/agenda-animations\/stage-vitrail-3\/\" class=\"seeMore\"><span class=\"sr-only\">Mehr sehen<\/span><\/a>\n<\/div>\n\n<div class=\"entityItem\" data-trigger=\"wpiris-click\" data-id=\"wpiris-entity-slider-item\">\n    <p class=\"entityItemThumbnail\">\n        <a href=\"https:\/\/www.creilsudoise-tourisme.fr\/de\/agenda-animations\/stage-vitrail-5\/\" nofancybox>\n            <img data-src=\"https:\/\/www.creilsudoise-tourisme.fr\/wp-content\/uploads\/wpetourisme\/Creez-votre-vitrail-275x350.png\" alt=\"Praktikum | Glasmalerei\">\n        <\/a>\n    <\/p>\n    <div class=\"entityItemContent\">\n        <h2 class=\"entityItemContentTitle\">\n            <a href=\"https:\/\/www.creilsudoise-tourisme.fr\/de\/agenda-animations\/stage-vitrail-5\/\">Praktikum | Glasmalerei<\/a>\n        <\/h2>\n                    <p class=\"entityItemContentType\">Feste und Veranstaltungen<\/p>\n            <\/div>\n    <a href=\"https:\/\/www.creilsudoise-tourisme.fr\/de\/agenda-animations\/stage-vitrail-5\/\" class=\"seeMore\"><span class=\"sr-only\">Mehr sehen<\/span><\/a>\n<\/div>\n                <\/div>\n\n                \n<div class=\"sliderNav\">\n    <div class=\"sliderNavWrapper\">\n        <p class=\"swiperArrow swiperArrow--next\" data-trigger=\"swiper-next\">\n            <span class=\"sr-only\">Weiter zu<\/span>\n        <\/p>\n        <p class=\"swiperArrow swiperArrow--prev\" data-trigger=\"swiper-prev\">\n            <span class=\"sr-only\">Vorherige<\/span>\n        <\/p>\n    <\/div>\n<\/div>\n            <\/div>\n            <\/div>\n<\/div><\/div>\n\n\n<div class=\"wp-block-strate-full alignfull\">\n\n    <div class=\"wp-block-strate-full-thumbnail\">\n        <img data-src=\"https:\/\/www.creilsudoise-tourisme.fr\/wp-content\/uploads\/2023\/02\/Visite-en-groupes-a-la-Maison-de-la-Pierre-1600x812.jpg\" alt=\"Gruppenbesuche im Maison de la Pierre (Haus des Steins)\">\n    <\/div>\n\n\t\n        <div class=\"wp-block-strate-full-content wp-block-strate-full-content-left\">\n\t\t\t                <h3 class=\"wp-block-strate-full-content-title\"> Besuchen Sie das Steinhaus in einer Gruppe <\/h3>\n\t\t\t\t\t\t                <p class=\"wp-block-strate-full-content-excerpt\"> <strong>Das Maison de la Pierre empf\u00e4ngt auch <a href=\"https:\/\/www.creilsudoise-tourisme.fr\/de\/erforschen-gruppen\/unumganglich-gruppen\/steinhaus-2\/\" target=\"_blank\" rel=\"noreferrer noopener\">Gruppen<\/a>Erwachsene oder junges Publikum<\/strong> ! Gef\u00fchrte oder erz\u00e4hlte Besichtigungen, Workshops in Steinbildhauerei oder Glasmalerei - die Aktivit\u00e4ten sind vielf\u00e4ltig! <\/p>\n\t\t\t        <\/div>\n\n\t\n<\/div>\n\n\n\n<h2>Gute Angebote und Rabatte<\/h2>\n\n\n\n<div class=\"is-layout-flex wp-container-13 wp-block-columns\">\n<div class=\"is-layout-flow wp-block-column is-vertically-aligned-center\" style=\"flex-basis:33.33%\"><div class=\"wp-block-image\">\n<figure class=\"aligncenter size-large is-resized\"><img decoding=\"async\" loading=\"lazy\" data-src=\"https:\/\/www.creilsudoise-tourisme.fr\/wp-content\/uploads\/2021\/03\/Logo-pass-agglo.jpg\" alt=\"G\u00fcnstige Tarife mit dem Pass&#039;Agglo\" class=\"wp-image-32742\" width=\"150\" height=\"149\" data-srcset=\"https:\/\/www.creilsudoise-tourisme.fr\/wp-content\/uploads\/2021\/03\/Logo-pass-agglo.jpg 800w, https:\/\/www.creilsudoise-tourisme.fr\/wp-content\/uploads\/2021\/03\/Logo-pass-agglo-600x598.jpg 600w, https:\/\/www.creilsudoise-tourisme.fr\/wp-content\/uploads\/2021\/03\/Logo-pass-agglo-300x300.jpg 300w, https:\/\/www.creilsudoise-tourisme.fr\/wp-content\/uploads\/2021\/03\/Logo-pass-agglo-200x199.jpg 200w, https:\/\/www.creilsudoise-tourisme.fr\/wp-content\/uploads\/2021\/03\/Logo-pass-agglo-650x648.jpg 650w, https:\/\/www.creilsudoise-tourisme.fr\/wp-content\/uploads\/2021\/03\/Logo-pass-agglo-387x386.jpg 387w\" sizes=\"(max-width: 150px) 100vw, 150px\" \/><\/figure><\/div><\/div>\n\n\n\n<div class=\"is-layout-flow wp-block-column\" style=\"flex-basis:66.66%\">\n<h3>Agglo-Pass<\/h3>\n\n\n\n<p>Nur f\u00fcr Einwohner der Agglomeration Creil Sud Oise (<em>Cramoisy, Creil, Maysel, Montataire, Nogent-sur-Oise, Rousseloy, Saint-Leu-d'Esserent, Saint-Maximin, Saint-Vaast-l\u00e8s-Mello, Thiverny und Villers-Saint-Paul<\/em>), der<strong> <a href=\"https:\/\/www.creilsudoise.fr\/mon-passagglo\/?section=mon-passagglo\" target=\"_blank\" rel=\"noreferrer noopener\">Agglo-Pass<\/a> erm\u00f6glicht es Ihnen, von g\u00fcnstigen Tarifen zu profitieren <\/strong>f\u00fcr zahlreiche Aktivit\u00e4ten: Sport, Kultur, Tourismus...<\/p>\n<\/div>\n<\/div>\n\n\n\n<div class=\"is-layout-flex wp-container-16 wp-block-columns\">\n<div class=\"is-layout-flow wp-block-column is-vertically-aligned-center\" style=\"flex-basis:33.33%\"><div class=\"wp-block-image\">\n<figure class=\"aligncenter size-large\"><a href=\"https:\/\/www.pop-plainecommune.com\/\"><img decoding=\"async\" loading=\"lazy\" width=\"1200\" height=\"1200\" data-src=\"https:\/\/www.creilsudoise-tourisme.fr\/wp-content\/uploads\/2025\/05\/pop-pass-decouverte-1200x1200.jpg\" alt=\"\" class=\"wp-image-62852\" data-srcset=\"https:\/\/www.creilsudoise-tourisme.fr\/wp-content\/uploads\/2025\/05\/pop-pass-decouverte-1200x1200.jpg 1200w, https:\/\/www.creilsudoise-tourisme.fr\/wp-content\/uploads\/2025\/05\/pop-pass-decouverte-600x600.jpg 600w, https:\/\/www.creilsudoise-tourisme.fr\/wp-content\/uploads\/2025\/05\/pop-pass-decouverte-300x300.jpg 300w, https:\/\/www.creilsudoise-tourisme.fr\/wp-content\/uploads\/2025\/05\/pop-pass-decouverte-900x900.jpg 900w, https:\/\/www.creilsudoise-tourisme.fr\/wp-content\/uploads\/2025\/05\/pop-pass-decouverte-1536x1536.jpg 1536w, https:\/\/www.creilsudoise-tourisme.fr\/wp-content\/uploads\/2025\/05\/pop-pass-decouverte-12x12.jpg 12w, https:\/\/www.creilsudoise-tourisme.fr\/wp-content\/uploads\/2025\/05\/pop-pass-decouverte-200x200.jpg 200w, https:\/\/www.creilsudoise-tourisme.fr\/wp-content\/uploads\/2025\/05\/pop-pass-decouverte-650x650.jpg 650w, https:\/\/www.creilsudoise-tourisme.fr\/wp-content\/uploads\/2025\/05\/pop-pass-decouverte-387x387.jpg 387w, https:\/\/www.creilsudoise-tourisme.fr\/wp-content\/uploads\/2025\/05\/pop-pass-decouverte.jpg 1920w\" sizes=\"(max-width: 1200px) 100vw, 1200px\" \/><\/a><\/figure><\/div><\/div>\n\n\n\n<div class=\"is-layout-flow wp-block-column\" style=\"flex-basis:66.66%\">\n<h3>Pass'Pop D\u00e9couverte (Entdeckungspass) <\/h3>\n\n\n\n<p>Creil Sud Oise Tourisme hat sich mit der <a href=\"https:\/\/www.pop-plainecommune.com\/\">Plaine Commune \u00f6ffnet seine T\u00fcren f\u00fcr Sie<\/a> um Ihnen <strong>g\u00fcnstige Tarife, um die Umgebung von Saint-Denis zu erkunden<\/strong> ! Genie\u00dfen Sie es!<\/p>\n<\/div>\n<\/div>\n\n\n\n<hr class=\"wp-block-separator has-css-opacity\"\/>\n\n\n\n<div class=\"is-layout-flex wp-container-19 wp-block-columns\">\n<div class=\"is-layout-flow wp-block-column\" style=\"flex-basis:33.33%\"><div class=\"wp-block-image\">\n<figure class=\"aligncenter size-large is-resized\"><img decoding=\"async\" loading=\"lazy\" data-src=\"https:\/\/www.creilsudoise-tourisme.fr\/wp-content\/uploads\/2021\/05\/Logo_qualite-tourisme.jpg\" alt=\"Qualit\u00e4t des Tourismus\" class=\"wp-image-34649\" width=\"165\" height=\"149\" data-srcset=\"https:\/\/www.creilsudoise-tourisme.fr\/wp-content\/uploads\/2021\/05\/Logo_qualite-tourisme.jpg 791w, https:\/\/www.creilsudoise-tourisme.fr\/wp-content\/uploads\/2021\/05\/Logo_qualite-tourisme-600x545.jpg 600w, https:\/\/www.creilsudoise-tourisme.fr\/wp-content\/uploads\/2021\/05\/Logo_qualite-tourisme-200x182.jpg 200w, https:\/\/www.creilsudoise-tourisme.fr\/wp-content\/uploads\/2021\/05\/Logo_qualite-tourisme-650x591.jpg 650w, https:\/\/www.creilsudoise-tourisme.fr\/wp-content\/uploads\/2021\/05\/Logo_qualite-tourisme-387x352.jpg 387w\" sizes=\"(max-width: 165px) 100vw, 165px\" \/><\/figure><\/div><\/div>\n\n\n\n<div class=\"is-layout-flow wp-block-column\" style=\"flex-basis:66.66%\">\n<p>Das Maison de la Pierre erhielt das Label <strong><a href=\"https:\/\/www.qualite-tourisme.gouv.fr\/fr\" target=\"_blank\" rel=\"noreferrer noopener\">Qualit\u00e4t des Tourismus<\/a><\/strong> f\u00fcr sein Engagement f\u00fcr die Besucher, seine Leistungen und seinen hochwertigen Empfang.<\/p>\n<\/div>\n<\/div>\n\n\n\n<div class=\"is-layout-flex wp-container-22 wp-block-columns\">\n<div class=\"is-layout-flow wp-block-column\" style=\"flex-basis:33.33%\"><div class=\"wp-block-image\">\n<figure class=\"aligncenter size-large is-resized\"><img decoding=\"async\" loading=\"lazy\" data-src=\"https:\/\/www.creilsudoise-tourisme.fr\/wp-content\/uploads\/2022\/11\/Label_Tourisme-handicap.jpg\" alt=\"Label f\u00fcr Tourismus und Behinderung\" class=\"wp-image-43599\" width=\"219\" height=\"154\" data-srcset=\"https:\/\/www.creilsudoise-tourisme.fr\/wp-content\/uploads\/2022\/11\/Label_Tourisme-handicap.jpg 1179w, https:\/\/www.creilsudoise-tourisme.fr\/wp-content\/uploads\/2022\/11\/Label_Tourisme-handicap-600x422.jpg 600w, https:\/\/www.creilsudoise-tourisme.fr\/wp-content\/uploads\/2022\/11\/Label_Tourisme-handicap-900x634.jpg 900w, https:\/\/www.creilsudoise-tourisme.fr\/wp-content\/uploads\/2022\/11\/Label_Tourisme-handicap-200x141.jpg 200w, https:\/\/www.creilsudoise-tourisme.fr\/wp-content\/uploads\/2022\/11\/Label_Tourisme-handicap-650x458.jpg 650w, https:\/\/www.creilsudoise-tourisme.fr\/wp-content\/uploads\/2022\/11\/Label_Tourisme-handicap-550x385.jpg 550w, https:\/\/www.creilsudoise-tourisme.fr\/wp-content\/uploads\/2022\/11\/Label_Tourisme-handicap-387x272.jpg 387w\" sizes=\"(max-width: 219px) 100vw, 219px\" \/><\/figure><\/div><\/div>\n\n\n\n<div class=\"is-layout-flow wp-block-column\" style=\"flex-basis:66.66%\">\n<p>Das Maison de la Pierre ist klassifiziert <strong><a href=\"https:\/\/www.tourisme-handicap.gouv.fr\/fr\" target=\"_blank\" rel=\"noreferrer noopener\">Tourismus &amp; Behinderung<\/a> f\u00fcr motorische, auditive, visuelle und geistige Behinderungen<\/strong>. Die Fremdenf\u00fchrer sind im Umgang mit Menschen mit Behinderungen geschult und der Rundgang ist angepasst.<\/p>\n<\/div>\n<\/div>\n\n\n\n<hr class=\"wp-block-separator has-css-opacity\"\/>\n\n\n\n<hr class=\"wp-block-separator has-css-opacity\"\/>\n\n\n\n<div class=\"wp-block wp-block-single-sit wp-block-single-sit-coordonnees\" >\n\n            <h2>Kontaktdaten<\/h2>\n    \n    <div class=\"wp-block-media-text is-stacked-on-mobile\">\n\n        <div class=\"wp-block-media-text__media wpet-map-detail\" style=\"width:100%; height: 100%;\">\n            <div class=\"wp-block-media-text__media__content\" id=\"wpetSingleSitMap\" data-wpet-type-map=\"leaflet\" ><\/div>\n        <\/div>\n\n        <div class=\"wp-block-media-text__content\">\n\n                            <p class=\"wp-block-coordonnees__status wp-block-coordonnees__status--close\">\n                    Geschlossen                <\/p>\n            \n            <p class=\"wp-block-media-text__content__address\">\n                                    <strong>Steinhaus<\/strong><br \/>\n                \n                                    22 rue Jean Jaur\u00e8s<br \/>\n                \n                                    <span>60740<\/span>\n                    <span>SAINT-MAXIMIN<\/span><br \/>\n                            <\/p>\n\n                                                <p class=\"wp-block-media-text__content__phone\"><a data-type=\"TEL\" href=\"tel: 33 3 44 61 18 54\">+33 3 44 61 18 54<\/a><\/p>\n                            \n            <a href=\"https:\/\/www.google.fr\/maps?saddr&#038;daddr=49.2224151,2.4444556\" target=\"_blank\" class=\"button GtmButtonCalculItinerairePrestataire\" rel=\"noopener noreferrer\">Meine Route berechnen<\/a>\n        <\/div>\n    <\/div>\n<\/div>\n\n\n    <div class=\"wp-block wp-block-single-sit wp-block-single-sit-ouvertures\" id=\"opening\">\n\n                    <h2>\u00d6ffnungszeiten<\/h2>\n        \n        \t<div class=\"wpetTableList\" >\n                <div data-id=\"wpet-table-slider-wrapper\">\n\t\t    \t\t\t\t\t\t<div class=\"wpetTableContainer\" >\n\t\t\t\t<table class=\"wpetTable wpTable--opening\">\n\t\t\t\t\t<thead class=\"wpetTableHeader\">\n\t\t\t\t\t<tr>\n\t\t\t\t\t\t<td colspan=\"2\">\n\t\t\t\t\t\t\t\t\t\t\t\t\t\t\tDu 01 Januar au 30 Juni\t\t\t\t\t\t\t\t\t\t\t\t\t<\/td>\n\t\t\t\t\t<\/tr>\n\t\t\t\t\t<\/thead>\n\t\t\t\t\t\t\t\t\t\t\t\t\t\t\t\t\t\t<tr class=\"wpetTableLine\">\n\t\t\t\t\t\t\t\t<td class=\"wpetTableCell\">Montag<\/td>\n\t\t\t\t\t\t\t\t<td class=\"wpetTableCell\">Geschlossen<\/td>\n\t\t\t\t\t\t\t<\/tr>\n\t\t\t\t\t\t\t\t\t\t\t\t\t\t\t\t\t\t\t\t\t\t\t\t<tr class=\"wpetTableLine\">\n\t\t\t\t\t\t\t\t<td class=\"wpetTableCell\">Dienstag<\/td>\n\t\t\t\t\t\t\t\t<td class=\"wpetTableCell\">Geschlossen<\/td>\n\t\t\t\t\t\t\t<\/tr>\n\t\t\t\t\t\t\t\t\t\t\t\t\t\t\t\t\t\t\t\t\t\t\t\t<tr class=\"wpetTableLine\">\n\t\t\t\t\t\t\t\t<td class=\"wpetTableCell\">Mittwoch<\/td>\n\t\t\t\t\t\t\t\t<td class=\"wpetTableCell\">Geschlossen<\/td>\n\t\t\t\t\t\t\t<\/tr>\n\t\t\t\t\t\t\t\t\t\t\t\t\t\t\t\t\t\t\t\t\t\t\t\t<tr class=\"wpetTableLine\">\n\t\t\t\t\t\t\t\t<td class=\"wpetTableCell\">Donnerstag<\/td>\n\t\t\t\t\t\t\t\t<td class=\"wpetTableCell\">Geschlossen<\/td>\n\t\t\t\t\t\t\t<\/tr>\n\t\t\t\t\t\t\t\t\t\t\t\t\t\t\t\t\t\t\t\t\t\t\t\t<tr class=\"wpetTableLine\">\n\t\t\t\t\t\t\t\t<td class=\"wpetTableCell\">Freitag<\/td>\n\t\t\t\t\t\t\t\t<td class=\"wpetTableCell\">Geschlossen<\/td>\n\t\t\t\t\t\t\t<\/tr>\n\t\t\t\t\t\t\t\t\t\t\t\t\t\t\t\t\t\t\t\t\t\t\t\t<tr class=\"wpetTableLine\">\n\t\t\t\t\t\t\t\t<td class=\"wpetTableCell\">Samstag<\/td>\n\t\t\t\t\t\t\t\t<td class=\"wpetTableCell\">Geschlossen<\/td>\n\t\t\t\t\t\t\t<\/tr>\n\t\t\t\t\t\t\t\t\t\t\t\t\t\t\t\t\t\t\t\t\t\t\t\t<tr class=\"wpetTableLine\">\n\t\t\t\t\t\t\t\t<td class=\"wpetTableCell\">Sonntag<\/td>\n\t\t\t\t\t\t\t\t<td class=\"wpetTableCell\">Geschlossen<\/td>\n\t\t\t\t\t\t\t<\/tr>\n\t\t\t\t\t\t\t\t\t\t\t\t\t\t\t<\/table>\n\t\t\t<\/div>\n\t\t        <\/div>\n\t<\/div>\n\n    <\/div>\n\n\n\n    <div class=\"wp-block wp-block-single-sit wp-block-single-sit-tarifs\">\n\n                    <h2>Tarife<\/h2>\n        \n        \n    <table class=\"wpetTable\">\n                    <tr class=\"wpetTableLine\">\n                <td class=\"wpetTableCell\">\n                    Erwachsenentarif                                            <span class=\"wpetTableCell--complement entryMeta\">Gef\u00fchrte Tour durch den unterirdischen Steinbruch<\/span>\n                                    <\/td>\n                <td class=\"wpetTableCell\">7 \u20ac<\/td>\n            <\/tr>\n                    <tr class=\"wpetTableLine\">\n                <td class=\"wpetTableCell\">\n                    Anderer Tarif                                            <span class=\"wpetTableCell--complement entryMeta\">tarif \u00e0 partir de&#8230; pour les stages artistiques<\/span>\n                                    <\/td>\n                <td class=\"wpetTableCell\">31 \u20ac<\/td>\n            <\/tr>\n                    <tr class=\"wpetTableLine\">\n                <td class=\"wpetTableCell\">\n                    Erm\u00e4\u00dfigter Tarif Erwachsene                                            <span class=\"wpetTableCell--complement entryMeta\">Gef\u00fchrte Tour Einwohner ACSO, Arbeitslose, Behinderte<\/span>\n                                    <\/td>\n                <td class=\"wpetTableCell\">5 \u20ac<\/td>\n            <\/tr>\n                    <tr class=\"wpetTableLine\">\n                <td class=\"wpetTableCell\">\n                    Kindertarif                                            <span class=\"wpetTableCell--complement entryMeta\">Gef\u00fchrte Tour durch den unterirdischen Steinbruch 5-17 Jahre<\/span>\n                                    <\/td>\n                <td class=\"wpetTableCell\">5 \u20ac<\/td>\n            <\/tr>\n            <\/table>\n\n\n    \n    \n    \n    \n    <\/div>\n\n\n\n<div class=\"wp-block wp-block-related-post alignfull\">\n    <div class=\"container\">\n                    <h2 class=\"wp-block-related-post-title\">Die Forscher haben sich auch angesehen...<\/h2>\n                <div id=\"wpiris-related-post-427122654034189429529\" data-id=\"wpiris-entity-slider\">\n            <div class=\"wp-block-related-post-list wp-block-related-post-list--6\" data-id=\"wpiris-entity-slider-wrapper\">\n\n                \n<div class=\"entityItem\" data-trigger=\"wpiris-click\" data-id=\"wpiris-entity-slider-item\">\n    <p class=\"entityItemThumbnail\">\n        <a href=\"https:\/\/www.creilsudoise-tourisme.fr\/de\/loisirs\/picknickplatz-von-saint-maximin\/\" nofancybox>\n            <img data-src=\"https:\/\/www.creilsudoise-tourisme.fr\/wp-content\/uploads\/wpetourisme\/BergesSaintMaximin-Hiver2023-CreilSudOiseTourisme--1--2-275x350.jpg\" alt=\"Picknickplatz an den Ufern der Oise\">\n        <\/a>\n    <\/p>\n    <div class=\"entityItemContent\">\n        <h2 class=\"entityItemContentTitle\">\n            <a href=\"https:\/\/www.creilsudoise-tourisme.fr\/de\/loisirs\/picknickplatz-von-saint-maximin\/\">Picknickplatz an den Ufern der Oise<\/a>\n        <\/h2>\n                    <p class=\"entityItemContentType\">Sportliche und kulturelle Aktivit\u00e4ten und Wanderformeln<\/p>\n            <\/div>\n    <a href=\"https:\/\/www.creilsudoise-tourisme.fr\/de\/loisirs\/picknickplatz-von-saint-maximin\/\" class=\"seeMore\"><span class=\"sr-only\">Mehr sehen<\/span><\/a>\n<\/div>\n\n<div class=\"entityItem\" data-trigger=\"wpiris-click\" data-id=\"wpiris-entity-slider-item\">\n    <p class=\"entityItemThumbnail\">\n        <a href=\"https:\/\/www.creilsudoise-tourisme.fr\/de\/restaurant\/la-buvette\/\" nofancybox>\n            <img data-src=\"https:\/\/www.creilsudoise-tourisme.fr\/wp-content\/uploads\/wpetourisme\/photo-Anne-Sophie-FLAMENT-La-Buvette--bistrot-de-pays--Saint-Maximin--Arnaud-Martle-3114-275x350.jpg\" alt=\"Die Buvette\">\n        <\/a>\n    <\/p>\n    <div class=\"entityItemContent\">\n        <h2 class=\"entityItemContentTitle\">\n            <a href=\"https:\/\/www.creilsudoise-tourisme.fr\/de\/restaurant\/la-buvette\/\">Die Buvette<\/a>\n        <\/h2>\n                    <p class=\"entityItemContentType\">Verpflegung<\/p>\n            <\/div>\n    <a href=\"https:\/\/www.creilsudoise-tourisme.fr\/de\/restaurant\/la-buvette\/\" class=\"seeMore\"><span class=\"sr-only\">Mehr sehen<\/span><\/a>\n<\/div>\n\n<div class=\"entityItem\" data-trigger=\"wpiris-click\" data-id=\"wpiris-entity-slider-item\">\n    <p class=\"entityItemThumbnail\">\n        <a href=\"https:\/\/www.creilsudoise-tourisme.fr\/de\/patrimoine\/musee-des-bombardements-2\/\" nofancybox>\n            <img data-src=\"https:\/\/www.creilsudoise-tourisme.fr\/wp-content\/uploads\/wpetourisme\/Musee-des-bombardements-a-Saint-Maximin---Creil-Sud-Oise-Tourisme--8--275x350.jpg\" alt=\"Museum der Bombardierungen\">\n        <\/a>\n    <\/p>\n    <div class=\"entityItemContent\">\n        <h2 class=\"entityItemContentTitle\">\n            <a href=\"https:\/\/www.creilsudoise-tourisme.fr\/de\/patrimoine\/musee-des-bombardements-2\/\">Museum der Bombardierungen<\/a>\n        <\/h2>\n                    <p class=\"entityItemContentType\">Kulturelles Erbe<\/p>\n            <\/div>\n    <a href=\"https:\/\/www.creilsudoise-tourisme.fr\/de\/patrimoine\/musee-des-bombardements-2\/\" class=\"seeMore\"><span class=\"sr-only\">Mehr sehen<\/span><\/a>\n<\/div>\n\n<div class=\"entityItem\" data-trigger=\"wpiris-click\" data-id=\"wpiris-entity-slider-item\">\n    <p class=\"entityItemThumbnail\">\n        <a href=\"https:\/\/www.creilsudoise-tourisme.fr\/de\/espace-naturel\/etang-sainte-barbe\/\" nofancybox>\n            <img data-src=\"https:\/\/www.creilsudoise-tourisme.fr\/wp-content\/uploads\/wpetourisme\/EtangSainteBarbe-Novembre2021-CreilSudOiseTourisme--3--275x350.jpg\" alt=\"Teich Sainte-Barbe\">\n        <\/a>\n    <\/p>\n    <div class=\"entityItemContent\">\n        <h2 class=\"entityItemContentTitle\">\n            <a href=\"https:\/\/www.creilsudoise-tourisme.fr\/de\/espace-naturel\/etang-sainte-barbe\/\">Teich Sainte-Barbe<\/a>\n        <\/h2>\n                    <p class=\"entityItemContentType\">Nat\u00fcrliches Erbe<\/p>\n            <\/div>\n    <a href=\"https:\/\/www.creilsudoise-tourisme.fr\/de\/espace-naturel\/etang-sainte-barbe\/\" class=\"seeMore\"><span class=\"sr-only\">Mehr sehen<\/span><\/a>\n<\/div>\n\n<div class=\"entityItem\" data-trigger=\"wpiris-click\" data-id=\"wpiris-entity-slider-item\">\n    <p class=\"entityItemThumbnail\">\n        <a href=\"https:\/\/www.creilsudoise-tourisme.fr\/de\/loisirs\/les-glachoirs\/\" nofancybox>\n            <img data-src=\"https:\/\/www.creilsudoise-tourisme.fr\/wp-content\/uploads\/wpetourisme\/Glachoirs-Saint-Vaast-les-Mello-Escalade-Creil-Sud-Oise-Tourisme-2-275x350.jpg\" alt=\"Die Eisdielen\">\n        <\/a>\n    <\/p>\n    <div class=\"entityItemContent\">\n        <h2 class=\"entityItemContentTitle\">\n            <a href=\"https:\/\/www.creilsudoise-tourisme.fr\/de\/loisirs\/les-glachoirs\/\">Die Eisdielen<\/a>\n        <\/h2>\n                    <p class=\"entityItemContentType\">Sportliche und kulturelle Aktivit\u00e4ten und Wanderformeln<\/p>\n            <\/div>\n    <a href=\"https:\/\/www.creilsudoise-tourisme.fr\/de\/loisirs\/les-glachoirs\/\" class=\"seeMore\"><span class=\"sr-only\">Mehr sehen<\/span><\/a>\n<\/div>\n            <\/div>\n\n            \n<div class=\"sliderNav\">\n    <div class=\"sliderNavWrapper\">\n        <p class=\"swiperArrow swiperArrow--next\" data-trigger=\"swiper-next\">\n            <span class=\"sr-only\">Weiter zu<\/span>\n        <\/p>\n        <p class=\"swiperArrow swiperArrow--prev\" data-trigger=\"swiper-prev\">\n            <span class=\"sr-only\">Vorherige<\/span>\n        <\/p>\n    <\/div>\n<\/div>\n        <\/div>\n    <\/div>\n<\/div>","protected":false},"excerpt":{"rendered":"<p>Das Maison de la Pierre befindet sich in der N\u00e4he von Chantilly und Senlis und ist ein Museum, das sich unter der Erde in einem ehemaligen Steinbruch befindet! Es ist einer der seltenen Erinnerungsorte an das Leben der Steinbrucharbeiter in Nordfrankreich und w\u00fcrdigt die DNA der Destination Creil Sud Oise: die [...].<\/p>","protected":false},"author":1,"featured_media":45091,"parent":131,"menu_order":9,"comment_status":"closed","ping_status":"closed","template":"","meta":{"_relevanssi_hide_post":"","_relevanssi_hide_content":"","_relevanssi_pin_for_all":"","_relevanssi_pin_keywords":"","_relevanssi_unpin_keywords":"","_relevanssi_related_keywords":"","_relevanssi_related_include_ids":"","_relevanssi_related_exclude_ids":"","_relevanssi_related_no_append":"","_relevanssi_related_not_related":"","_relevanssi_related_posts":"275,273,267,271","_relevanssi_noindex_reason":""},"yoast_head":"<!-- This site is optimized with the Yoast SEO plugin v20.2.1 - https:\/\/yoast.com\/wordpress\/plugins\/seo\/ -->\n<title>Visitez une carri\u00e8re souterraine \u00e0 la Maison de la Pierre \u00e0 Saint-Maximin<\/title>\n<meta name=\"description\" content=\"Situ\u00e9e dans le sud de l&#039;Oise, pr\u00e8s de Chantilly, Senlis ou Compi\u00e8gne, la carri\u00e8re souterraine de la Maison de la Pierre se visite !\" \/>\n<meta name=\"robots\" content=\"index, follow, max-snippet:-1, max-image-preview:large, max-video-preview:-1\" \/>\n<link rel=\"canonical\" href=\"https:\/\/www.creilsudoise-tourisme.fr\/de\/jexplore\/unumganglich\/steinhaus\/\" \/>\n<meta property=\"og:locale\" content=\"de_DE\" \/>\n<meta property=\"og:type\" content=\"article\" \/>\n<meta property=\"og:title\" content=\"Visitez une carri\u00e8re souterraine \u00e0 la Maison de la Pierre \u00e0 Saint-Maximin\" \/>\n<meta property=\"og:description\" content=\"Situ\u00e9e dans le sud de l&#039;Oise, pr\u00e8s de Chantilly, Senlis ou Compi\u00e8gne, la carri\u00e8re souterraine de la Maison de la Pierre se visite !\" \/>\n<meta property=\"og:url\" content=\"https:\/\/www.creilsudoise-tourisme.fr\/de\/jexplore\/unumganglich\/steinhaus\/\" \/>\n<meta property=\"og:site_name\" content=\"Office de Tourisme Creil Sud Oise\" \/>\n<meta property=\"article:publisher\" content=\"https:\/\/www.facebook.com\/creilsudoisetourisme\/\" \/>\n<meta property=\"article:modified_time\" content=\"2025-05-30T13:55:55+00:00\" \/>\n<meta property=\"og:image\" content=\"https:\/\/www.creilsudoise-tourisme.fr\/wp-content\/uploads\/2023\/02\/195_Maison-de-la-Pierre\u00a92022_Smellinckx-1.jpg\" \/>\n\t<meta property=\"og:image:width\" content=\"1920\" \/>\n\t<meta property=\"og:image:height\" content=\"1280\" \/>\n\t<meta property=\"og:image:type\" content=\"image\/jpeg\" \/>\n<meta name=\"twitter:card\" content=\"summary_large_image\" \/>\n<meta name=\"twitter:site\" content=\"@CreilSudOiseOT\" \/>\n<meta name=\"twitter:label1\" content=\"Gesch\u00e4tzte Lesezeit\" \/>\n\t<meta name=\"twitter:data1\" content=\"7\u00a0Minuten\" \/>\n<script type=\"application\/ld+json\" class=\"yoast-schema-graph\">{\"@context\":\"https:\/\/schema.org\",\"@graph\":[{\"@type\":\"WebPage\",\"@id\":\"https:\/\/www.creilsudoise-tourisme.fr\/jexplore\/incontournables\/maison-de-la-pierre\/\",\"url\":\"https:\/\/www.creilsudoise-tourisme.fr\/jexplore\/incontournables\/maison-de-la-pierre\/\",\"name\":\"Visitez une carri\u00e8re souterraine \u00e0 la Maison de la Pierre \u00e0 Saint-Maximin\",\"isPartOf\":{\"@id\":\"https:\/\/www.creilsudoise-tourisme.fr\/#website\"},\"datePublished\":\"2021-02-17T09:02:29+00:00\",\"dateModified\":\"2025-05-30T13:55:55+00:00\",\"description\":\"Situ\u00e9e dans le sud de l'Oise, pr\u00e8s de Chantilly, Senlis ou Compi\u00e8gne, la carri\u00e8re souterraine de la Maison de la Pierre se visite !\",\"breadcrumb\":{\"@id\":\"https:\/\/www.creilsudoise-tourisme.fr\/jexplore\/incontournables\/maison-de-la-pierre\/#breadcrumb\"},\"inLanguage\":\"de\",\"potentialAction\":[{\"@type\":\"ReadAction\",\"target\":[\"https:\/\/www.creilsudoise-tourisme.fr\/jexplore\/incontournables\/maison-de-la-pierre\/\"]}]},{\"@type\":\"BreadcrumbList\",\"@id\":\"https:\/\/www.creilsudoise-tourisme.fr\/jexplore\/incontournables\/maison-de-la-pierre\/#breadcrumb\",\"itemListElement\":[{\"@type\":\"ListItem\",\"position\":1,\"name\":\"Accueil\",\"item\":\"https:\/\/www.creilsudoise-tourisme.fr\/\"},{\"@type\":\"ListItem\",\"position\":2,\"name\":\"J&rsquo;explore\",\"item\":\"https:\/\/www.creilsudoise-tourisme.fr\/jexplore\/\"},{\"@type\":\"ListItem\",\"position\":3,\"name\":\"Les incontournables\",\"item\":\"https:\/\/www.creilsudoise-tourisme.fr\/jexplore\/incontournables\/\"},{\"@type\":\"ListItem\",\"position\":4,\"name\":\"La Maison de la Pierre\"}]},{\"@type\":\"WebSite\",\"@id\":\"https:\/\/www.creilsudoise-tourisme.fr\/#website\",\"url\":\"https:\/\/www.creilsudoise-tourisme.fr\/\",\"name\":\"Office de Tourisme Creil Sud Oise\",\"description\":\"Creil Sud Oise Tourisme, un territoire \u00e0 explorer !\",\"publisher\":{\"@id\":\"https:\/\/www.creilsudoise-tourisme.fr\/#organization\"},\"potentialAction\":[{\"@type\":\"SearchAction\",\"target\":{\"@type\":\"EntryPoint\",\"urlTemplate\":\"https:\/\/www.creilsudoise-tourisme.fr\/?s={search_term_string}\"},\"query-input\":\"required name=search_term_string\"}],\"inLanguage\":\"de\"},{\"@type\":\"Organization\",\"@id\":\"https:\/\/www.creilsudoise-tourisme.fr\/#organization\",\"name\":\"Creil Sud Oise Tourisme\",\"url\":\"https:\/\/www.creilsudoise-tourisme.fr\/\",\"logo\":{\"@type\":\"ImageObject\",\"inLanguage\":\"de\",\"@id\":\"https:\/\/www.creilsudoise-tourisme.fr\/#\/schema\/logo\/image\/\",\"url\":\"https:\/\/www.creilsudoise-tourisme.fr\/wp-content\/uploads\/2021\/05\/logo-svg.png\",\"contentUrl\":\"https:\/\/www.creilsudoise-tourisme.fr\/wp-content\/uploads\/2021\/05\/logo-svg.png\",\"width\":182,\"height\":71,\"caption\":\"Creil Sud Oise Tourisme\"},\"image\":{\"@id\":\"https:\/\/www.creilsudoise-tourisme.fr\/#\/schema\/logo\/image\/\"},\"sameAs\":[\"https:\/\/www.facebook.com\/creilsudoisetourisme\/\",\"https:\/\/twitter.com\/CreilSudOiseOT\",\"https:\/\/www.instagram.com\/creilsudoisetourisme\/\",\"https:\/\/www.youtube.com\/channel\/UC8L_QD2wwyADW14zt9fY8kw\"]}]}<\/script>\n<!-- \/ Yoast SEO plugin. -->","yoast_head_json":{"title":"Visitez une carri\u00e8re souterraine \u00e0 la Maison de la Pierre \u00e0 Saint-Maximin","description":"Situ\u00e9e dans le sud de l'Oise, pr\u00e8s de Chantilly, Senlis ou Compi\u00e8gne, la carri\u00e8re souterraine de la Maison de la Pierre se visite !","robots":{"index":"index","follow":"follow","max-snippet":"max-snippet:-1","max-image-preview":"max-image-preview:large","max-video-preview":"max-video-preview:-1"},"canonical":"https:\/\/www.creilsudoise-tourisme.fr\/de\/jexplore\/unumganglich\/steinhaus\/","og_locale":"de_DE","og_type":"article","og_title":"Visitez une carri\u00e8re souterraine \u00e0 la Maison de la Pierre \u00e0 Saint-Maximin","og_description":"Situ\u00e9e dans le sud de l'Oise, pr\u00e8s de Chantilly, Senlis ou Compi\u00e8gne, la carri\u00e8re souterraine de la Maison de la Pierre se visite !","og_url":"https:\/\/www.creilsudoise-tourisme.fr\/de\/jexplore\/unumganglich\/steinhaus\/","og_site_name":"Office de Tourisme Creil Sud Oise","article_publisher":"https:\/\/www.facebook.com\/creilsudoisetourisme\/","article_modified_time":"2025-05-30T13:55:55+00:00","og_image":[{"width":1920,"height":1280,"url":"https:\/\/www.creilsudoise-tourisme.fr\/wp-content\/uploads\/2023\/02\/195_Maison-de-la-Pierre\u00a92022_Smellinckx-1.jpg","type":"image\/jpeg"}],"twitter_card":"summary_large_image","twitter_site":"@CreilSudOiseOT","twitter_misc":{"Gesch\u00e4tzte Lesezeit":"7\u00a0Minuten"},"schema":{"@context":"https:\/\/schema.org","@graph":[{"@type":"WebPage","@id":"https:\/\/www.creilsudoise-tourisme.fr\/jexplore\/incontournables\/maison-de-la-pierre\/","url":"https:\/\/www.creilsudoise-tourisme.fr\/jexplore\/incontournables\/maison-de-la-pierre\/","name":"Visitez une carri\u00e8re souterraine \u00e0 la Maison de la Pierre \u00e0 Saint-Maximin","isPartOf":{"@id":"https:\/\/www.creilsudoise-tourisme.fr\/#website"},"datePublished":"2021-02-17T09:02:29+00:00","dateModified":"2025-05-30T13:55:55+00:00","description":"Situ\u00e9e dans le sud de l'Oise, pr\u00e8s de Chantilly, Senlis ou Compi\u00e8gne, la carri\u00e8re souterraine de la Maison de la Pierre se visite !","breadcrumb":{"@id":"https:\/\/www.creilsudoise-tourisme.fr\/jexplore\/incontournables\/maison-de-la-pierre\/#breadcrumb"},"inLanguage":"de","potentialAction":[{"@type":"ReadAction","target":["https:\/\/www.creilsudoise-tourisme.fr\/jexplore\/incontournables\/maison-de-la-pierre\/"]}]},{"@type":"BreadcrumbList","@id":"https:\/\/www.creilsudoise-tourisme.fr\/jexplore\/incontournables\/maison-de-la-pierre\/#breadcrumb","itemListElement":[{"@type":"ListItem","position":1,"name":"Accueil","item":"https:\/\/www.creilsudoise-tourisme.fr\/"},{"@type":"ListItem","position":2,"name":"J&rsquo;explore","item":"https:\/\/www.creilsudoise-tourisme.fr\/jexplore\/"},{"@type":"ListItem","position":3,"name":"Les incontournables","item":"https:\/\/www.creilsudoise-tourisme.fr\/jexplore\/incontournables\/"},{"@type":"ListItem","position":4,"name":"La Maison de la Pierre"}]},{"@type":"WebSite","@id":"https:\/\/www.creilsudoise-tourisme.fr\/#website","url":"https:\/\/www.creilsudoise-tourisme.fr\/","name":"Office de Tourisme Creil Sud Oise","description":"Creil Sud Oise Tourisme, un territoire \u00e0 explorer !","publisher":{"@id":"https:\/\/www.creilsudoise-tourisme.fr\/#organization"},"potentialAction":[{"@type":"SearchAction","target":{"@type":"EntryPoint","urlTemplate":"https:\/\/www.creilsudoise-tourisme.fr\/?s={search_term_string}"},"query-input":"required name=search_term_string"}],"inLanguage":"de"},{"@type":"Organization","@id":"https:\/\/www.creilsudoise-tourisme.fr\/#organization","name":"Creil Sud Oise Tourisme","url":"https:\/\/www.creilsudoise-tourisme.fr\/","logo":{"@type":"ImageObject","inLanguage":"de","@id":"https:\/\/www.creilsudoise-tourisme.fr\/#\/schema\/logo\/image\/","url":"https:\/\/www.creilsudoise-tourisme.fr\/wp-content\/uploads\/2021\/05\/logo-svg.png","contentUrl":"https:\/\/www.creilsudoise-tourisme.fr\/wp-content\/uploads\/2021\/05\/logo-svg.png","width":182,"height":71,"caption":"Creil Sud Oise Tourisme"},"image":{"@id":"https:\/\/www.creilsudoise-tourisme.fr\/#\/schema\/logo\/image\/"},"sameAs":["https:\/\/www.facebook.com\/creilsudoisetourisme\/","https:\/\/twitter.com\/CreilSudOiseOT","https:\/\/www.instagram.com\/creilsudoisetourisme\/","https:\/\/www.youtube.com\/channel\/UC8L_QD2wwyADW14zt9fY8kw"]}]}},"_links":{"self":[{"href":"https:\/\/www.creilsudoise-tourisme.fr\/de\/wp-json\/wp\/v2\/pages\/133"}],"collection":[{"href":"https:\/\/www.creilsudoise-tourisme.fr\/de\/wp-json\/wp\/v2\/pages"}],"about":[{"href":"https:\/\/www.creilsudoise-tourisme.fr\/de\/wp-json\/wp\/v2\/types\/page"}],"author":[{"embeddable":true,"href":"https:\/\/www.creilsudoise-tourisme.fr\/de\/wp-json\/wp\/v2\/users\/1"}],"replies":[{"embeddable":true,"href":"https:\/\/www.creilsudoise-tourisme.fr\/de\/wp-json\/wp\/v2\/comments?post=133"}],"version-history":[{"count":37,"href":"https:\/\/www.creilsudoise-tourisme.fr\/de\/wp-json\/wp\/v2\/pages\/133\/revisions"}],"predecessor-version":[{"id":62854,"href":"https:\/\/www.creilsudoise-tourisme.fr\/de\/wp-json\/wp\/v2\/pages\/133\/revisions\/62854"}],"up":[{"embeddable":true,"href":"https:\/\/www.creilsudoise-tourisme.fr\/de\/wp-json\/wp\/v2\/pages\/131"}],"wp:featuredmedia":[{"embeddable":true,"href":"https:\/\/www.creilsudoise-tourisme.fr\/de\/wp-json\/wp\/v2\/media\/45091"}],"wp:attachment":[{"href":"https:\/\/www.creilsudoise-tourisme.fr\/de\/wp-json\/wp\/v2\/media?parent=133"}],"curies":[{"name":"wp","href":"https:\/\/api.w.org\/{rel}","templated":true}]}}