{"id":116,"date":"2021-02-17T10:02:14","date_gmt":"2021-02-17T09:02:14","guid":{"rendered":"https:\/\/www.creilsudoise-tourisme.fr\/le-musee-des-bombardements\/"},"modified":"2025-05-16T11:01:30","modified_gmt":"2025-05-16T09:01:30","slug":"musee-bombardements","status":"publish","type":"page","link":"https:\/\/www.creilsudoise-tourisme.fr\/de\/erforschen-gruppen\/unumganglich-gruppen\/museum-bombardements-2\/","title":{"rendered":"Das Museum der Bombardierungen"},"content":{"rendered":"<p class=\"is-style-excerpt\">Wenn Ihnen und Ihren Gruppenmitgliedern die Geschichte gef\u00e4llt, kommen Sie zum <strong>Mus\u00e9e des Bombardements in Saint-Maximin und seine unglaubliche Sammlung rund um die Thematik des Zweiten Weltkriegs<\/strong>Die Gedenkst\u00e4tte befindet sich nur wenige Kilometer von der Waffenstillstandslichtung in Compi\u00e8gne entfernt.<\/p>\n\n\n\n<figure class=\"wp-block-embed is-type-video is-provider-youtube wp-block-embed-youtube wp-embed-aspect-16-9 wp-has-aspect-ratio\"><div class=\"wp-block-embed__wrapper\">\n<iframe loading=\"lazy\" title=\"Das Museum der Bombardements in Saint-Maximin\" width=\"500\" height=\"281\" data-src=\"https:\/\/www.youtube.com\/embed\/Q6jsNZMV93s?feature=oembed\" frameborder=\"0\" allow=\"accelerometer; autoplay; clipboard-write; encrypted-media; gyroscope; picture-in-picture\" allowfullscreen><\/iframe>\n<\/div><\/figure>\n\n\n\n<p>Nutzen Sie eine F\u00fchrung mit Ihrer Gruppe, um das Museum der Bombenangriffe zu entdecken: Es ist in den Steinkellern eines Geb\u00e4udes untergebracht, das den Saint-Maximinois w\u00e4hrend des Zweiten Weltkriegs als Schutzraum diente, und zeigt zahlreiche <strong>Objekte, Flugzeug\u00fcberreste und Dokumente<\/strong> und von G\u00e9rard gesammelt, der durch den Absturz eines Flugzeugs \u00fcber seiner Gemeinde im Jahr 1943 gepr\u00e4gt wurde.<\/p>\n\n\n\n<p>H\u00f6ren Sie Daniel, dem Museumsf\u00fchrer, zu, wenn er Ihnen erz\u00e4hlt <strong>die Geschichte seiner Stadt f\u00fcr immer gepr\u00e4gt<\/strong>.<\/p>\n\n\n\n<figure class=\"is-layout-flex wp-block-gallery-1 wp-block-gallery alignwide has-nested-images columns-2 is-cropped\">\n<figure class=\"wp-block-image size-large\"><a href=\"https:\/\/www.creilsudoise-tourisme.fr\/wp-content\/uploads\/2021\/05\/Insolite-un-canoe\u0308-dans-un-re\u0301servoir-de-bombardier-au-Muse\u0301e-des-Bombardements-a\u0300-Saint-Maximin.jpg\"><img decoding=\"async\" loading=\"lazy\" width=\"1200\" height=\"900\" data-id=\"34699\"  data-src=\"https:\/\/www.creilsudoise-tourisme.fr\/wp-content\/uploads\/2021\/05\/Insolite-un-canoe\u0308-dans-un-re\u0301servoir-de-bombardier-au-Muse\u0301e-des-Bombardements-a\u0300-Saint-Maximin-1200x900.jpg\" alt=\"\" class=\"wp-image-34699\" data-srcset=\"https:\/\/www.creilsudoise-tourisme.fr\/wp-content\/uploads\/2021\/05\/Insolite-un-canoe\u0308-dans-un-re\u0301servoir-de-bombardier-au-Muse\u0301e-des-Bombardements-a\u0300-Saint-Maximin-1200x900.jpg 1200w, https:\/\/www.creilsudoise-tourisme.fr\/wp-content\/uploads\/2021\/05\/Insolite-un-canoe\u0308-dans-un-re\u0301servoir-de-bombardier-au-Muse\u0301e-des-Bombardements-a\u0300-Saint-Maximin-600x450.jpg 600w, https:\/\/www.creilsudoise-tourisme.fr\/wp-content\/uploads\/2021\/05\/Insolite-un-canoe\u0308-dans-un-re\u0301servoir-de-bombardier-au-Muse\u0301e-des-Bombardements-a\u0300-Saint-Maximin-900x675.jpg 900w, https:\/\/www.creilsudoise-tourisme.fr\/wp-content\/uploads\/2021\/05\/Insolite-un-canoe\u0308-dans-un-re\u0301servoir-de-bombardier-au-Muse\u0301e-des-Bombardements-a\u0300-Saint-Maximin-1536x1152.jpg 1536w, https:\/\/www.creilsudoise-tourisme.fr\/wp-content\/uploads\/2021\/05\/Insolite-un-canoe\u0308-dans-un-re\u0301servoir-de-bombardier-au-Muse\u0301e-des-Bombardements-a\u0300-Saint-Maximin-200x150.jpg 200w, https:\/\/www.creilsudoise-tourisme.fr\/wp-content\/uploads\/2021\/05\/Insolite-un-canoe\u0308-dans-un-re\u0301servoir-de-bombardier-au-Muse\u0301e-des-Bombardements-a\u0300-Saint-Maximin-650x488.jpg 650w, https:\/\/www.creilsudoise-tourisme.fr\/wp-content\/uploads\/2021\/05\/Insolite-un-canoe\u0308-dans-un-re\u0301servoir-de-bombardier-au-Muse\u0301e-des-Bombardements-a\u0300-Saint-Maximin-387x290.jpg 387w, https:\/\/www.creilsudoise-tourisme.fr\/wp-content\/uploads\/2021\/05\/Insolite-un-canoe\u0308-dans-un-re\u0301servoir-de-bombardier-au-Muse\u0301e-des-Bombardements-a\u0300-Saint-Maximin.jpg 1600w\" sizes=\"(max-width: 1200px) 100vw, 1200px\" \/><\/a><figcaption class=\"wp-element-caption\">Sie k\u00f6nnen ein Kanu sehen, das aus dem Tank eines Bombers geschnitzt wurde! Creil Sud Oise Tourisme<\/figcaption><\/figure>\n\n\n\n<figure class=\"wp-block-image size-large\"><a href=\"https:\/\/www.creilsudoise-tourisme.fr\/wp-content\/uploads\/2021\/05\/Visite-guide\u0301e-par-des-passionne\u0301s-d_histoire-au-Muse\u0301e-des-Bombardements-a\u0300-Saint-Maximin.jpg\"><img decoding=\"async\" loading=\"lazy\" width=\"932\" height=\"582\" data-id=\"34700\"  data-src=\"https:\/\/www.creilsudoise-tourisme.fr\/wp-content\/uploads\/2021\/05\/Visite-guide\u0301e-par-des-passionne\u0301s-d_histoire-au-Muse\u0301e-des-Bombardements-a\u0300-Saint-Maximin.jpg\" alt=\"\" class=\"wp-image-34700\" data-srcset=\"https:\/\/www.creilsudoise-tourisme.fr\/wp-content\/uploads\/2021\/05\/Visite-guide\u0301e-par-des-passionne\u0301s-d_histoire-au-Muse\u0301e-des-Bombardements-a\u0300-Saint-Maximin.jpg 932w, https:\/\/www.creilsudoise-tourisme.fr\/wp-content\/uploads\/2021\/05\/Visite-guide\u0301e-par-des-passionne\u0301s-d_histoire-au-Muse\u0301e-des-Bombardements-a\u0300-Saint-Maximin-600x375.jpg 600w, https:\/\/www.creilsudoise-tourisme.fr\/wp-content\/uploads\/2021\/05\/Visite-guide\u0301e-par-des-passionne\u0301s-d_histoire-au-Muse\u0301e-des-Bombardements-a\u0300-Saint-Maximin-900x562.jpg 900w, https:\/\/www.creilsudoise-tourisme.fr\/wp-content\/uploads\/2021\/05\/Visite-guide\u0301e-par-des-passionne\u0301s-d_histoire-au-Muse\u0301e-des-Bombardements-a\u0300-Saint-Maximin-200x125.jpg 200w, https:\/\/www.creilsudoise-tourisme.fr\/wp-content\/uploads\/2021\/05\/Visite-guide\u0301e-par-des-passionne\u0301s-d_histoire-au-Muse\u0301e-des-Bombardements-a\u0300-Saint-Maximin-650x406.jpg 650w, https:\/\/www.creilsudoise-tourisme.fr\/wp-content\/uploads\/2021\/05\/Visite-guide\u0301e-par-des-passionne\u0301s-d_histoire-au-Muse\u0301e-des-Bombardements-a\u0300-Saint-Maximin-387x242.jpg 387w\" sizes=\"(max-width: 932px) 100vw, 932px\" \/><\/a><figcaption class=\"wp-element-caption\">Der Besuch wird von geschichtsbegeisterten Freiwilligen geleitet \u00a9 Creil Sud Oise Tourisme<\/figcaption><\/figure>\n\n\n\n<figure class=\"wp-block-image size-large\"><a href=\"https:\/\/www.creilsudoise-tourisme.fr\/wp-content\/uploads\/2023\/10\/Musee-des-bombardements-a-Saint-Maximin-\u00a9-Creil-Sud-Oise-Tourisme-7.jpg\"><img decoding=\"async\" loading=\"lazy\" width=\"1200\" height=\"403\" data-id=\"50218\"  data-src=\"https:\/\/www.creilsudoise-tourisme.fr\/wp-content\/uploads\/2023\/10\/Musee-des-bombardements-a-Saint-Maximin-\u00a9-Creil-Sud-Oise-Tourisme-7-1200x403.jpg\" alt=\"Museum Bombardierungen V\u00f6gel Krieg Zweiter Weltkrieg Gro\u00dfer Krieg Erinnerung Erinnerung Gedenken F\u00fchrung Saint-Maximin\" class=\"wp-image-50218\" data-srcset=\"https:\/\/www.creilsudoise-tourisme.fr\/wp-content\/uploads\/2023\/10\/Musee-des-bombardements-a-Saint-Maximin-\u00a9-Creil-Sud-Oise-Tourisme-7-1200x403.jpg 1200w, https:\/\/www.creilsudoise-tourisme.fr\/wp-content\/uploads\/2023\/10\/Musee-des-bombardements-a-Saint-Maximin-\u00a9-Creil-Sud-Oise-Tourisme-7-600x201.jpg 600w, https:\/\/www.creilsudoise-tourisme.fr\/wp-content\/uploads\/2023\/10\/Musee-des-bombardements-a-Saint-Maximin-\u00a9-Creil-Sud-Oise-Tourisme-7-900x302.jpg 900w, https:\/\/www.creilsudoise-tourisme.fr\/wp-content\/uploads\/2023\/10\/Musee-des-bombardements-a-Saint-Maximin-\u00a9-Creil-Sud-Oise-Tourisme-7-18x6.jpg 18w, https:\/\/www.creilsudoise-tourisme.fr\/wp-content\/uploads\/2023\/10\/Musee-des-bombardements-a-Saint-Maximin-\u00a9-Creil-Sud-Oise-Tourisme-7-200x67.jpg 200w, https:\/\/www.creilsudoise-tourisme.fr\/wp-content\/uploads\/2023\/10\/Musee-des-bombardements-a-Saint-Maximin-\u00a9-Creil-Sud-Oise-Tourisme-7-650x218.jpg 650w, https:\/\/www.creilsudoise-tourisme.fr\/wp-content\/uploads\/2023\/10\/Musee-des-bombardements-a-Saint-Maximin-\u00a9-Creil-Sud-Oise-Tourisme-7-387x130.jpg 387w, https:\/\/www.creilsudoise-tourisme.fr\/wp-content\/uploads\/2023\/10\/Musee-des-bombardements-a-Saint-Maximin-\u00a9-Creil-Sud-Oise-Tourisme-7.jpg 1480w\" sizes=\"(max-width: 1200px) 100vw, 1200px\" \/><\/a><figcaption class=\"wp-element-caption\">Creil Sud Oise Tourisme<\/figcaption><\/figure>\n<\/figure>\n\n\n\n<h2>G\u00e9rard Lequien, der Mann hinter der Sammlung<\/h2>\n\n\n\n<div class=\"wp-block-media-text is-stacked-on-mobile\" style=\"grid-template-columns:37% auto\"><figure class=\"wp-block-media-text__media\"><img decoding=\"async\" loading=\"lazy\" width=\"900\" height=\"1200\" data-src=\"https:\/\/www.creilsudoise-tourisme.fr\/wp-content\/uploads\/2021\/04\/Monsieur-Lequien-a\u0300-l_origine-de-la-collection-du-Muse\u0301e-des-Bombardements-a\u0300-Saint-Maximin-900x1200.jpg\" alt=\"\" class=\"wp-image-33228 size-full\" data-srcset=\"https:\/\/www.creilsudoise-tourisme.fr\/wp-content\/uploads\/2021\/04\/Monsieur-Lequien-a\u0300-l_origine-de-la-collection-du-Muse\u0301e-des-Bombardements-a\u0300-Saint-Maximin-900x1200.jpg 900w, https:\/\/www.creilsudoise-tourisme.fr\/wp-content\/uploads\/2021\/04\/Monsieur-Lequien-a\u0300-l_origine-de-la-collection-du-Muse\u0301e-des-Bombardements-a\u0300-Saint-Maximin-450x600.jpg 450w, https:\/\/www.creilsudoise-tourisme.fr\/wp-content\/uploads\/2021\/04\/Monsieur-Lequien-a\u0300-l_origine-de-la-collection-du-Muse\u0301e-des-Bombardements-a\u0300-Saint-Maximin-675x900.jpg 675w, https:\/\/www.creilsudoise-tourisme.fr\/wp-content\/uploads\/2021\/04\/Monsieur-Lequien-a\u0300-l_origine-de-la-collection-du-Muse\u0301e-des-Bombardements-a\u0300-Saint-Maximin-1152x1536.jpg 1152w, https:\/\/www.creilsudoise-tourisme.fr\/wp-content\/uploads\/2021\/04\/Monsieur-Lequien-a\u0300-l_origine-de-la-collection-du-Muse\u0301e-des-Bombardements-a\u0300-Saint-Maximin-200x267.jpg 200w, https:\/\/www.creilsudoise-tourisme.fr\/wp-content\/uploads\/2021\/04\/Monsieur-Lequien-a\u0300-l_origine-de-la-collection-du-Muse\u0301e-des-Bombardements-a\u0300-Saint-Maximin-650x867.jpg 650w, https:\/\/www.creilsudoise-tourisme.fr\/wp-content\/uploads\/2021\/04\/Monsieur-Lequien-a\u0300-l_origine-de-la-collection-du-Muse\u0301e-des-Bombardements-a\u0300-Saint-Maximin-387x516.jpg 387w, https:\/\/www.creilsudoise-tourisme.fr\/wp-content\/uploads\/2021\/04\/Monsieur-Lequien-a\u0300-l_origine-de-la-collection-du-Muse\u0301e-des-Bombardements-a\u0300-Saint-Maximin-275x367.jpg 275w, https:\/\/www.creilsudoise-tourisme.fr\/wp-content\/uploads\/2021\/04\/Monsieur-Lequien-a\u0300-l_origine-de-la-collection-du-Muse\u0301e-des-Bombardements-a\u0300-Saint-Maximin.jpg 1200w\" sizes=\"(max-width: 900px) 100vw, 900px\" \/><\/figure><div class=\"wp-block-media-text__content\">\n<p>Vielleicht haben Sie das Gl\u00fcck, bei Ihrem Besuch begleitet zu werden von <strong>M G\u00e9rard Lequien, der Mann hinter der beeindruckenden Sammlung, die im Museum der Bombardierungen ausgestellt ist<\/strong>. Er wird Ihnen seine Geschichte erz\u00e4hlen, die Geschichte eines jungen Mannes, der 1943 den Absturz eines Bombers miterlebt und sein Leben dem Sammeln von Gegenst\u00e4nden und Zeugenaussagen im Zusammenhang mit den Bombenangriffen auf die Oise w\u00e4hrend des Zweiten Weltkriegs widmet.<\/p>\n<\/div><\/div>\n\n\n\n<h2>Vervollst\u00e4ndigen Sie Ihren Tag<\/h2>\n\n\n\n<p>Um Ihren Tag zu vervollst\u00e4ndigen, sehen Sie sich unseren <a href=\"https:\/\/www.creilsudoise-tourisme.fr\/wp-content\/uploads\/2021\/04\/Explorez-Creil-Sud-Oise-en-groupes_2021.pdf\" target=\"_blank\" rel=\"noreferrer noopener\">Gruppenbrosch\u00fcre!<\/a><br>W\u00fcnschen Sie sich einen Tag, an dem eine Entdeckung auf die andere folgt, ohne dass es Ihnen jemals langweilig wird? Setzen Sie Ihren Aufenthalt fort und besuchen Sie das <strong>Pavillon de Manse in Chantilly<\/strong> (RDV S. 11 Von einer Geschichte zur anderen).<\/p>\n\n\n\n<h2>Kontaktieren Sie uns!<\/h2>\n\n\n\n<p>Z\u00f6gern Sie nicht, sich an <strong>Brigitte, Expertin f\u00fcr das Gebiet<\/strong>Sie wird Ihnen gute Ratschl\u00e4ge geben. <strong>tipps <\/strong>nach Ihren W\u00fcnschen und Ihrem Budget f\u00fcr eine <strong>v\u00f6llig individuelles Programm<\/strong>. Eine<strong> einziger Ansprechpartner<\/strong> f\u00fcr ein \"All-Inclusive\"-Angebot<\/p>\n\n\n\n<div class=\"wp-block-media-text is-stacked-on-mobile\"><figure class=\"wp-block-media-text__media\"><img decoding=\"async\" loading=\"lazy\" width=\"1200\" height=\"1200\" data-src=\"https:\/\/www.creilsudoise-tourisme.fr\/wp-content\/uploads\/2025\/05\/Brigitte-P-1200x1200.jpg\" alt=\"\" class=\"wp-image-62291 size-full\" data-srcset=\"https:\/\/www.creilsudoise-tourisme.fr\/wp-content\/uploads\/2025\/05\/Brigitte-P-1200x1200.jpg 1200w, https:\/\/www.creilsudoise-tourisme.fr\/wp-content\/uploads\/2025\/05\/Brigitte-P-600x600.jpg 600w, https:\/\/www.creilsudoise-tourisme.fr\/wp-content\/uploads\/2025\/05\/Brigitte-P-300x300.jpg 300w, https:\/\/www.creilsudoise-tourisme.fr\/wp-content\/uploads\/2025\/05\/Brigitte-P-900x900.jpg 900w, https:\/\/www.creilsudoise-tourisme.fr\/wp-content\/uploads\/2025\/05\/Brigitte-P-1536x1536.jpg 1536w, https:\/\/www.creilsudoise-tourisme.fr\/wp-content\/uploads\/2025\/05\/Brigitte-P-12x12.jpg 12w, https:\/\/www.creilsudoise-tourisme.fr\/wp-content\/uploads\/2025\/05\/Brigitte-P-200x200.jpg 200w, https:\/\/www.creilsudoise-tourisme.fr\/wp-content\/uploads\/2025\/05\/Brigitte-P-650x650.jpg 650w, https:\/\/www.creilsudoise-tourisme.fr\/wp-content\/uploads\/2025\/05\/Brigitte-P-387x387.jpg 387w, https:\/\/www.creilsudoise-tourisme.fr\/wp-content\/uploads\/2025\/05\/Brigitte-P.jpg 1920w\" sizes=\"(max-width: 1200px) 100vw, 1200px\" \/><\/figure><div class=\"wp-block-media-text__content\"><div class=\"wp-block wp-block-highlight\">\n                <p class=\"wp-block-highlight-item wp-block-highlight-excerpt\"><strong>Brigitte Pawly<\/strong>Die Autorin, die ma\u00dfgeschneiderte Gruppenreisen anbietet<br><a href=\"tel:0375190175\">03 75 19 01 75<\/a><\/p>\n    <\/div>\n\n\n<div class=\"is-layout-flex wp-block-buttons\">\n<div class=\"wp-block-button\"><a class=\"wp-block-button__link wp-element-button\" href=\"mailto:g&#114;&#111;&#117;&#112;&#101;s&#64;c&#114;&#101;ilsud&#111;i&#115;e-touri&#115;&#109;&#101;.&#102;r\" target=\"_blank\" rel=\"noreferrer noopener\">Kontaktieren Sie<\/a><\/div>\n<\/div>\n<\/div><\/div>","protected":false},"excerpt":{"rendered":"<p>Wenn Sie und Ihre Gruppenmitglieder Geschichte m\u00f6gen, sollten Sie das Mus\u00e9e des Bom Bombardements in Saint-Maximin mit seiner unglaublichen Sammlung rund um das Thema des Zweiten Weltkriegs besuchen, das nur wenige Kilometer von der Gedenkst\u00e4tte auf der Waffenstillstandslichtung in Compi\u00e8gne entfernt liegt. Nutzen Sie eine gef\u00fchrte Tour mit Ihrer Gruppe, um das Museum [...] zu entdecken.<\/p>","protected":false},"author":1,"featured_media":50242,"parent":102,"menu_order":6,"comment_status":"closed","ping_status":"closed","template":"","meta":{"_relevanssi_hide_post":"","_relevanssi_hide_content":"","_relevanssi_pin_for_all":"","_relevanssi_pin_keywords":"","_relevanssi_unpin_keywords":"","_relevanssi_related_keywords":"","_relevanssi_related_include_ids":"","_relevanssi_related_exclude_ids":"","_relevanssi_related_no_append":"","_relevanssi_related_not_related":"","_relevanssi_related_posts":"271,273,267,275","_relevanssi_noindex_reason":""},"yoast_head":"<!-- This site is optimized with the Yoast SEO plugin v20.2.1 - https:\/\/yoast.com\/wordpress\/plugins\/seo\/ -->\n<title>Visites guid\u00e9es et conf\u00e9rences au Mus\u00e9e des bombardements<\/title>\n<meta name=\"description\" content=\"Visitez avec votre groupe le Mus\u00e9e des Bombardements et son impressionnante collection d\u2019objets de la Seconde Guerre illustrant les attaques a\u00e9riennes dans l\u2019Oise\" \/>\n<meta name=\"robots\" content=\"index, follow, max-snippet:-1, max-image-preview:large, max-video-preview:-1\" \/>\n<link rel=\"canonical\" href=\"https:\/\/www.creilsudoise-tourisme.fr\/de\/erforschen-gruppen\/unumganglich-gruppen\/museum-bombardements-2\/\" \/>\n<meta property=\"og:locale\" content=\"de_DE\" \/>\n<meta property=\"og:type\" content=\"article\" \/>\n<meta property=\"og:title\" content=\"Visites guid\u00e9es et conf\u00e9rences au Mus\u00e9e des bombardements\" \/>\n<meta property=\"og:description\" content=\"Visitez avec votre groupe le Mus\u00e9e des Bombardements et son impressionnante collection d\u2019objets de la Seconde Guerre illustrant les attaques a\u00e9riennes dans l\u2019Oise\" \/>\n<meta property=\"og:url\" content=\"https:\/\/www.creilsudoise-tourisme.fr\/de\/erforschen-gruppen\/unumganglich-gruppen\/museum-bombardements-2\/\" \/>\n<meta property=\"og:site_name\" content=\"Office de Tourisme Creil Sud Oise\" \/>\n<meta property=\"article:publisher\" content=\"https:\/\/www.facebook.com\/creilsudoisetourisme\/\" \/>\n<meta property=\"article:modified_time\" content=\"2025-05-16T09:01:30+00:00\" \/>\n<meta property=\"og:image\" content=\"https:\/\/www.creilsudoise-tourisme.fr\/wp-content\/uploads\/wpetourisme\/Musee-des-bombardements-a-Saint-Maximin---Creil-Sud-Oise-Tourisme--4-.jpg\" \/>\n\t<meta property=\"og:image:width\" content=\"1480\" \/>\n\t<meta property=\"og:image:height\" content=\"833\" \/>\n\t<meta property=\"og:image:type\" content=\"image\/jpeg\" \/>\n<meta name=\"twitter:card\" content=\"summary_large_image\" \/>\n<meta name=\"twitter:site\" content=\"@CreilSudOiseOT\" \/>\n<meta name=\"twitter:label1\" content=\"Gesch\u00e4tzte Lesezeit\" \/>\n\t<meta name=\"twitter:data1\" content=\"3\u00a0Minuten\" \/>\n<script type=\"application\/ld+json\" class=\"yoast-schema-graph\">{\"@context\":\"https:\/\/schema.org\",\"@graph\":[{\"@type\":\"WebPage\",\"@id\":\"https:\/\/www.creilsudoise-tourisme.fr\/explorez-groupes\/incontournables-groupes\/musee-bombardements\/\",\"url\":\"https:\/\/www.creilsudoise-tourisme.fr\/explorez-groupes\/incontournables-groupes\/musee-bombardements\/\",\"name\":\"Visites guid\u00e9es et conf\u00e9rences au Mus\u00e9e des bombardements\",\"isPartOf\":{\"@id\":\"https:\/\/www.creilsudoise-tourisme.fr\/#website\"},\"datePublished\":\"2021-02-17T09:02:14+00:00\",\"dateModified\":\"2025-05-16T09:01:30+00:00\",\"description\":\"Visitez avec votre groupe le Mus\u00e9e des Bombardements et son impressionnante collection d\u2019objets de la Seconde Guerre illustrant les attaques a\u00e9riennes dans l\u2019Oise\",\"breadcrumb\":{\"@id\":\"https:\/\/www.creilsudoise-tourisme.fr\/explorez-groupes\/incontournables-groupes\/musee-bombardements\/#breadcrumb\"},\"inLanguage\":\"de\",\"potentialAction\":[{\"@type\":\"ReadAction\",\"target\":[\"https:\/\/www.creilsudoise-tourisme.fr\/explorez-groupes\/incontournables-groupes\/musee-bombardements\/\"]}]},{\"@type\":\"BreadcrumbList\",\"@id\":\"https:\/\/www.creilsudoise-tourisme.fr\/explorez-groupes\/incontournables-groupes\/musee-bombardements\/#breadcrumb\",\"itemListElement\":[{\"@type\":\"ListItem\",\"position\":1,\"name\":\"Accueil\",\"item\":\"https:\/\/www.creilsudoise-tourisme.fr\/\"},{\"@type\":\"ListItem\",\"position\":2,\"name\":\"En groupe &amp; S\u00e9minaires\",\"item\":\"https:\/\/www.creilsudoise-tourisme.fr\/explorez-groupes\/\"},{\"@type\":\"ListItem\",\"position\":3,\"name\":\"Les incontournables \u00e0 explorer en groupes\",\"item\":\"https:\/\/www.creilsudoise-tourisme.fr\/explorez-groupes\/incontournables-groupes\/\"},{\"@type\":\"ListItem\",\"position\":4,\"name\":\"Le Mus\u00e9e des Bombardements\"}]},{\"@type\":\"WebSite\",\"@id\":\"https:\/\/www.creilsudoise-tourisme.fr\/#website\",\"url\":\"https:\/\/www.creilsudoise-tourisme.fr\/\",\"name\":\"Office de Tourisme Creil Sud Oise\",\"description\":\"Creil Sud Oise Tourisme, un territoire \u00e0 explorer !\",\"publisher\":{\"@id\":\"https:\/\/www.creilsudoise-tourisme.fr\/#organization\"},\"potentialAction\":[{\"@type\":\"SearchAction\",\"target\":{\"@type\":\"EntryPoint\",\"urlTemplate\":\"https:\/\/www.creilsudoise-tourisme.fr\/?s={search_term_string}\"},\"query-input\":\"required name=search_term_string\"}],\"inLanguage\":\"de\"},{\"@type\":\"Organization\",\"@id\":\"https:\/\/www.creilsudoise-tourisme.fr\/#organization\",\"name\":\"Creil Sud Oise Tourisme\",\"url\":\"https:\/\/www.creilsudoise-tourisme.fr\/\",\"logo\":{\"@type\":\"ImageObject\",\"inLanguage\":\"de\",\"@id\":\"https:\/\/www.creilsudoise-tourisme.fr\/#\/schema\/logo\/image\/\",\"url\":\"https:\/\/www.creilsudoise-tourisme.fr\/wp-content\/uploads\/2021\/05\/logo-svg.png\",\"contentUrl\":\"https:\/\/www.creilsudoise-tourisme.fr\/wp-content\/uploads\/2021\/05\/logo-svg.png\",\"width\":182,\"height\":71,\"caption\":\"Creil Sud Oise Tourisme\"},\"image\":{\"@id\":\"https:\/\/www.creilsudoise-tourisme.fr\/#\/schema\/logo\/image\/\"},\"sameAs\":[\"https:\/\/www.facebook.com\/creilsudoisetourisme\/\",\"https:\/\/twitter.com\/CreilSudOiseOT\",\"https:\/\/www.instagram.com\/creilsudoisetourisme\/\",\"https:\/\/www.youtube.com\/channel\/UC8L_QD2wwyADW14zt9fY8kw\"]}]}<\/script>\n<!-- \/ Yoast SEO plugin. -->","yoast_head_json":{"title":"Visites guid\u00e9es et conf\u00e9rences au Mus\u00e9e des bombardements","description":"Visitez avec votre groupe le Mus\u00e9e des Bombardements et son impressionnante collection d\u2019objets de la Seconde Guerre illustrant les attaques a\u00e9riennes dans l\u2019Oise","robots":{"index":"index","follow":"follow","max-snippet":"max-snippet:-1","max-image-preview":"max-image-preview:large","max-video-preview":"max-video-preview:-1"},"canonical":"https:\/\/www.creilsudoise-tourisme.fr\/de\/erforschen-gruppen\/unumganglich-gruppen\/museum-bombardements-2\/","og_locale":"de_DE","og_type":"article","og_title":"Visites guid\u00e9es et conf\u00e9rences au Mus\u00e9e des bombardements","og_description":"Visitez avec votre groupe le Mus\u00e9e des Bombardements et son impressionnante collection d\u2019objets de la Seconde Guerre illustrant les attaques a\u00e9riennes dans l\u2019Oise","og_url":"https:\/\/www.creilsudoise-tourisme.fr\/de\/erforschen-gruppen\/unumganglich-gruppen\/museum-bombardements-2\/","og_site_name":"Office de Tourisme Creil Sud Oise","article_publisher":"https:\/\/www.facebook.com\/creilsudoisetourisme\/","article_modified_time":"2025-05-16T09:01:30+00:00","og_image":[{"width":1480,"height":833,"url":"https:\/\/www.creilsudoise-tourisme.fr\/wp-content\/uploads\/wpetourisme\/Musee-des-bombardements-a-Saint-Maximin---Creil-Sud-Oise-Tourisme--4-.jpg","type":"image\/jpeg"}],"twitter_card":"summary_large_image","twitter_site":"@CreilSudOiseOT","twitter_misc":{"Gesch\u00e4tzte Lesezeit":"3\u00a0Minuten"},"schema":{"@context":"https:\/\/schema.org","@graph":[{"@type":"WebPage","@id":"https:\/\/www.creilsudoise-tourisme.fr\/explorez-groupes\/incontournables-groupes\/musee-bombardements\/","url":"https:\/\/www.creilsudoise-tourisme.fr\/explorez-groupes\/incontournables-groupes\/musee-bombardements\/","name":"Visites guid\u00e9es et conf\u00e9rences au Mus\u00e9e des bombardements","isPartOf":{"@id":"https:\/\/www.creilsudoise-tourisme.fr\/#website"},"datePublished":"2021-02-17T09:02:14+00:00","dateModified":"2025-05-16T09:01:30+00:00","description":"Visitez avec votre groupe le Mus\u00e9e des Bombardements et son impressionnante collection d\u2019objets de la Seconde Guerre illustrant les attaques a\u00e9riennes dans l\u2019Oise","breadcrumb":{"@id":"https:\/\/www.creilsudoise-tourisme.fr\/explorez-groupes\/incontournables-groupes\/musee-bombardements\/#breadcrumb"},"inLanguage":"de","potentialAction":[{"@type":"ReadAction","target":["https:\/\/www.creilsudoise-tourisme.fr\/explorez-groupes\/incontournables-groupes\/musee-bombardements\/"]}]},{"@type":"BreadcrumbList","@id":"https:\/\/www.creilsudoise-tourisme.fr\/explorez-groupes\/incontournables-groupes\/musee-bombardements\/#breadcrumb","itemListElement":[{"@type":"ListItem","position":1,"name":"Accueil","item":"https:\/\/www.creilsudoise-tourisme.fr\/"},{"@type":"ListItem","position":2,"name":"En groupe &amp; S\u00e9minaires","item":"https:\/\/www.creilsudoise-tourisme.fr\/explorez-groupes\/"},{"@type":"ListItem","position":3,"name":"Les incontournables \u00e0 explorer en groupes","item":"https:\/\/www.creilsudoise-tourisme.fr\/explorez-groupes\/incontournables-groupes\/"},{"@type":"ListItem","position":4,"name":"Le Mus\u00e9e des Bombardements"}]},{"@type":"WebSite","@id":"https:\/\/www.creilsudoise-tourisme.fr\/#website","url":"https:\/\/www.creilsudoise-tourisme.fr\/","name":"Office de Tourisme Creil Sud Oise","description":"Creil Sud Oise Tourisme, un territoire \u00e0 explorer !","publisher":{"@id":"https:\/\/www.creilsudoise-tourisme.fr\/#organization"},"potentialAction":[{"@type":"SearchAction","target":{"@type":"EntryPoint","urlTemplate":"https:\/\/www.creilsudoise-tourisme.fr\/?s={search_term_string}"},"query-input":"required name=search_term_string"}],"inLanguage":"de"},{"@type":"Organization","@id":"https:\/\/www.creilsudoise-tourisme.fr\/#organization","name":"Creil Sud Oise Tourisme","url":"https:\/\/www.creilsudoise-tourisme.fr\/","logo":{"@type":"ImageObject","inLanguage":"de","@id":"https:\/\/www.creilsudoise-tourisme.fr\/#\/schema\/logo\/image\/","url":"https:\/\/www.creilsudoise-tourisme.fr\/wp-content\/uploads\/2021\/05\/logo-svg.png","contentUrl":"https:\/\/www.creilsudoise-tourisme.fr\/wp-content\/uploads\/2021\/05\/logo-svg.png","width":182,"height":71,"caption":"Creil Sud Oise Tourisme"},"image":{"@id":"https:\/\/www.creilsudoise-tourisme.fr\/#\/schema\/logo\/image\/"},"sameAs":["https:\/\/www.facebook.com\/creilsudoisetourisme\/","https:\/\/twitter.com\/CreilSudOiseOT","https:\/\/www.instagram.com\/creilsudoisetourisme\/","https:\/\/www.youtube.com\/channel\/UC8L_QD2wwyADW14zt9fY8kw"]}]}},"_links":{"self":[{"href":"https:\/\/www.creilsudoise-tourisme.fr\/de\/wp-json\/wp\/v2\/pages\/116"}],"collection":[{"href":"https:\/\/www.creilsudoise-tourisme.fr\/de\/wp-json\/wp\/v2\/pages"}],"about":[{"href":"https:\/\/www.creilsudoise-tourisme.fr\/de\/wp-json\/wp\/v2\/types\/page"}],"author":[{"embeddable":true,"href":"https:\/\/www.creilsudoise-tourisme.fr\/de\/wp-json\/wp\/v2\/users\/1"}],"replies":[{"embeddable":true,"href":"https:\/\/www.creilsudoise-tourisme.fr\/de\/wp-json\/wp\/v2\/comments?post=116"}],"version-history":[{"count":13,"href":"https:\/\/www.creilsudoise-tourisme.fr\/de\/wp-json\/wp\/v2\/pages\/116\/revisions"}],"predecessor-version":[{"id":62309,"href":"https:\/\/www.creilsudoise-tourisme.fr\/de\/wp-json\/wp\/v2\/pages\/116\/revisions\/62309"}],"up":[{"embeddable":true,"href":"https:\/\/www.creilsudoise-tourisme.fr\/de\/wp-json\/wp\/v2\/pages\/102"}],"wp:featuredmedia":[{"embeddable":true,"href":"https:\/\/www.creilsudoise-tourisme.fr\/de\/wp-json\/wp\/v2\/media\/50242"}],"wp:attachment":[{"href":"https:\/\/www.creilsudoise-tourisme.fr\/de\/wp-json\/wp\/v2\/media?parent=116"}],"curies":[{"name":"wp","href":"https:\/\/api.w.org\/{rel}","templated":true}]}}