{"id":108,"date":"2021-02-17T10:02:08","date_gmt":"2021-02-17T09:02:08","guid":{"rendered":"https:\/\/www.creilsudoise-tourisme.fr\/labbatiale-saint-nicolas\/"},"modified":"2025-05-16T10:59:22","modified_gmt":"2025-05-16T08:59:22","slug":"abbatiale","status":"publish","type":"page","link":"https:\/\/www.creilsudoise-tourisme.fr\/de\/erforschen-gruppen\/unumganglich-gruppen\/abteikirche-2\/","title":{"rendered":"Die Abteikirche Saint-Nicolas"},"content":{"rendered":"<p class=\"is-style-excerpt\">Die Abteikirche Saint-Nicolas in Saint-Leu-d'Esserent, nur 10 Minuten vom Schloss Chantilly und 15 Minuten von der Kathedrale von Senlis und der Abtei von Royaumont entfernt, ist eine <strong>ein architektonisches Wunder von beeindruckenden Ausma\u00dfen, ein echtes Zeugnis des \u00dcbergangs von der Romanik zur Gotik<\/strong>. Sie kann nach vorheriger Anmeldung von Gruppen in Begleitung eines Fremdenf\u00fchrers besichtigt werden und kann durch die Entdeckung des mittelalterlichen Viertels, des Weinkellers Banvin und des <a href=\"https:\/\/www.creilsudoise-tourisme.fr\/de\/jexplore\/les-incontournables\/musee-guesdiere\/\" target=\"_blank\" rel=\"noreferrer noopener\">Museum de la Guesdi\u00e8re<\/a>.<\/p>\n\n\n\n<figure class=\"wp-block-embed is-type-video is-provider-youtube wp-block-embed-youtube wp-embed-aspect-16-9 wp-has-aspect-ratio\"><div class=\"wp-block-embed__wrapper\">\n<iframe loading=\"lazy\" title=\"[DIE UNBEKANNTEN] L&#039;Abteikirche Saint-Nicolas in Saint-Leu-d&#039;Esserent | Creil Sud Oise Tourisme\" width=\"500\" height=\"281\" data-src=\"https:\/\/www.youtube.com\/embed\/ZvtFctpH7TA?feature=oembed\" frameborder=\"0\" allow=\"accelerometer; autoplay; clipboard-write; encrypted-media; gyroscope; picture-in-picture; web-share\" referrerpolicy=\"strict-origin-when-cross-origin\" allowfullscreen><\/iframe>\n<\/div><\/figure>\n\n\n\n<p>Seine imposante Silhouette zieht Ihren Blick schon bei der Ankunft in <strong>Saint-Leu-d'Esserent<\/strong> : Diese Abteikirche, die \u00fcbrigens gar keine ist, ist ein<strong> Kluniazenserst\u00e4tte<\/strong> und ein sch\u00f6nes architektonisches Zeugnis des<strong> \u00dcbergang von der Romanik zur Gotik<\/strong>.&nbsp;<\/p>\n\n\n\n<p>Ihr Reiseleiter erz\u00e4hlt Ihnen alles \u00fcber sie und wenn es die Zeit erlaubt, nehmen sie Sie auch mit zur <strong>Weinkellerei Banvin<\/strong> : sch\u00f6ner Komplex aus dem 12. Jahrhundert, in dem die M\u00f6nche des Cluny-Ordens ihren Wein lagerten und verkauften.<\/p>\n\n\n\n<figure class=\"is-layout-flex wp-block-gallery-1 wp-block-gallery alignwide has-nested-images columns-3 is-cropped\">\n<figure class=\"wp-block-image size-large\"><a href=\"https:\/\/www.creilsudoise-tourisme.fr\/wp-content\/uploads\/2021\/04\/Abbatiale-de-Saint-Leu-d_Esserent.jpg\"><img decoding=\"async\" loading=\"lazy\" width=\"864\" height=\"563\" data-id=\"33158\"  data-src=\"https:\/\/www.creilsudoise-tourisme.fr\/wp-content\/uploads\/2021\/04\/Abbatiale-de-Saint-Leu-d_Esserent.jpg\" alt=\"\" class=\"wp-image-33158\" data-srcset=\"https:\/\/www.creilsudoise-tourisme.fr\/wp-content\/uploads\/2021\/04\/Abbatiale-de-Saint-Leu-d_Esserent.jpg 864w, https:\/\/www.creilsudoise-tourisme.fr\/wp-content\/uploads\/2021\/04\/Abbatiale-de-Saint-Leu-d_Esserent-600x391.jpg 600w, https:\/\/www.creilsudoise-tourisme.fr\/wp-content\/uploads\/2021\/04\/Abbatiale-de-Saint-Leu-d_Esserent-200x130.jpg 200w, https:\/\/www.creilsudoise-tourisme.fr\/wp-content\/uploads\/2021\/04\/Abbatiale-de-Saint-Leu-d_Esserent-650x424.jpg 650w, https:\/\/www.creilsudoise-tourisme.fr\/wp-content\/uploads\/2021\/04\/Abbatiale-de-Saint-Leu-d_Esserent-387x252.jpg 387w, https:\/\/www.creilsudoise-tourisme.fr\/wp-content\/uploads\/2021\/04\/Abbatiale-de-Saint-Leu-d_Esserent-275x179.jpg 275w\" sizes=\"(max-width: 864px) 100vw, 864px\" \/><\/a><figcaption class=\"wp-element-caption\">Creil Sud Oise Tourisme<\/figcaption><\/figure>\n\n\n\n<figure class=\"wp-block-image size-large\"><a href=\"https:\/\/www.creilsudoise-tourisme.fr\/wp-content\/uploads\/2021\/04\/Abbatiale-Saint-Nicolas-a\u0300-Saint-Leu-d_Esserent-absidioles.jpg\"><img decoding=\"async\" loading=\"lazy\" width=\"924\" height=\"608\" data-id=\"33159\"  data-src=\"https:\/\/www.creilsudoise-tourisme.fr\/wp-content\/uploads\/2021\/04\/Abbatiale-Saint-Nicolas-a\u0300-Saint-Leu-d_Esserent-absidioles.jpg\" alt=\"\" class=\"wp-image-33159\" data-srcset=\"https:\/\/www.creilsudoise-tourisme.fr\/wp-content\/uploads\/2021\/04\/Abbatiale-Saint-Nicolas-a\u0300-Saint-Leu-d_Esserent-absidioles.jpg 924w, https:\/\/www.creilsudoise-tourisme.fr\/wp-content\/uploads\/2021\/04\/Abbatiale-Saint-Nicolas-a\u0300-Saint-Leu-d_Esserent-absidioles-600x395.jpg 600w, https:\/\/www.creilsudoise-tourisme.fr\/wp-content\/uploads\/2021\/04\/Abbatiale-Saint-Nicolas-a\u0300-Saint-Leu-d_Esserent-absidioles-900x592.jpg 900w, https:\/\/www.creilsudoise-tourisme.fr\/wp-content\/uploads\/2021\/04\/Abbatiale-Saint-Nicolas-a\u0300-Saint-Leu-d_Esserent-absidioles-200x132.jpg 200w, https:\/\/www.creilsudoise-tourisme.fr\/wp-content\/uploads\/2021\/04\/Abbatiale-Saint-Nicolas-a\u0300-Saint-Leu-d_Esserent-absidioles-650x428.jpg 650w, https:\/\/www.creilsudoise-tourisme.fr\/wp-content\/uploads\/2021\/04\/Abbatiale-Saint-Nicolas-a\u0300-Saint-Leu-d_Esserent-absidioles-387x255.jpg 387w, https:\/\/www.creilsudoise-tourisme.fr\/wp-content\/uploads\/2021\/04\/Abbatiale-Saint-Nicolas-a\u0300-Saint-Leu-d_Esserent-absidioles-275x181.jpg 275w\" sizes=\"(max-width: 924px) 100vw, 924px\" \/><\/a><figcaption class=\"wp-element-caption\">Creil Sud Oise Tourisme<\/figcaption><\/figure>\n\n\n\n<figure class=\"wp-block-image size-large\"><a href=\"https:\/\/www.creilsudoise-tourisme.fr\/wp-content\/uploads\/2021\/04\/Abbatiale-Saint-Nicolas-de-Saint-Leu-d_Esserent.jpg\"><img decoding=\"async\" loading=\"lazy\" width=\"1200\" height=\"675\" data-id=\"33161\"  data-src=\"https:\/\/www.creilsudoise-tourisme.fr\/wp-content\/uploads\/2021\/04\/Abbatiale-Saint-Nicolas-de-Saint-Leu-d_Esserent.jpg\" alt=\"\" class=\"wp-image-33161\" data-srcset=\"https:\/\/www.creilsudoise-tourisme.fr\/wp-content\/uploads\/2021\/04\/Abbatiale-Saint-Nicolas-de-Saint-Leu-d_Esserent.jpg 1200w, https:\/\/www.creilsudoise-tourisme.fr\/wp-content\/uploads\/2021\/04\/Abbatiale-Saint-Nicolas-de-Saint-Leu-d_Esserent-600x338.jpg 600w, https:\/\/www.creilsudoise-tourisme.fr\/wp-content\/uploads\/2021\/04\/Abbatiale-Saint-Nicolas-de-Saint-Leu-d_Esserent-900x506.jpg 900w, https:\/\/www.creilsudoise-tourisme.fr\/wp-content\/uploads\/2021\/04\/Abbatiale-Saint-Nicolas-de-Saint-Leu-d_Esserent-200x113.jpg 200w, https:\/\/www.creilsudoise-tourisme.fr\/wp-content\/uploads\/2021\/04\/Abbatiale-Saint-Nicolas-de-Saint-Leu-d_Esserent-650x366.jpg 650w, https:\/\/www.creilsudoise-tourisme.fr\/wp-content\/uploads\/2021\/04\/Abbatiale-Saint-Nicolas-de-Saint-Leu-d_Esserent-387x218.jpg 387w, https:\/\/www.creilsudoise-tourisme.fr\/wp-content\/uploads\/2021\/04\/Abbatiale-Saint-Nicolas-de-Saint-Leu-d_Esserent-275x155.jpg 275w\" sizes=\"(max-width: 1200px) 100vw, 1200px\" \/><\/a><figcaption class=\"wp-element-caption\">Creil Sud Oise Tourisme<\/figcaption><\/figure>\n\n\n\n<figure class=\"wp-block-image size-large\"><a href=\"https:\/\/www.creilsudoise-tourisme.fr\/wp-content\/uploads\/2021\/04\/Chapelle-a\u0300-l_Abbatiale-Saint-Nicolas-a\u0300-Saint-Leu-d_Esserent.jpg\"><img decoding=\"async\" loading=\"lazy\" width=\"1200\" height=\"676\" data-id=\"33162\"  data-src=\"https:\/\/www.creilsudoise-tourisme.fr\/wp-content\/uploads\/2021\/04\/Chapelle-a\u0300-l_Abbatiale-Saint-Nicolas-a\u0300-Saint-Leu-d_Esserent.jpg\" alt=\"\" class=\"wp-image-33162\" data-srcset=\"https:\/\/www.creilsudoise-tourisme.fr\/wp-content\/uploads\/2021\/04\/Chapelle-a\u0300-l_Abbatiale-Saint-Nicolas-a\u0300-Saint-Leu-d_Esserent.jpg 1200w, https:\/\/www.creilsudoise-tourisme.fr\/wp-content\/uploads\/2021\/04\/Chapelle-a\u0300-l_Abbatiale-Saint-Nicolas-a\u0300-Saint-Leu-d_Esserent-600x338.jpg 600w, https:\/\/www.creilsudoise-tourisme.fr\/wp-content\/uploads\/2021\/04\/Chapelle-a\u0300-l_Abbatiale-Saint-Nicolas-a\u0300-Saint-Leu-d_Esserent-900x507.jpg 900w, https:\/\/www.creilsudoise-tourisme.fr\/wp-content\/uploads\/2021\/04\/Chapelle-a\u0300-l_Abbatiale-Saint-Nicolas-a\u0300-Saint-Leu-d_Esserent-200x113.jpg 200w, https:\/\/www.creilsudoise-tourisme.fr\/wp-content\/uploads\/2021\/04\/Chapelle-a\u0300-l_Abbatiale-Saint-Nicolas-a\u0300-Saint-Leu-d_Esserent-650x366.jpg 650w, https:\/\/www.creilsudoise-tourisme.fr\/wp-content\/uploads\/2021\/04\/Chapelle-a\u0300-l_Abbatiale-Saint-Nicolas-a\u0300-Saint-Leu-d_Esserent-387x218.jpg 387w, https:\/\/www.creilsudoise-tourisme.fr\/wp-content\/uploads\/2021\/04\/Chapelle-a\u0300-l_Abbatiale-Saint-Nicolas-a\u0300-Saint-Leu-d_Esserent-275x155.jpg 275w\" sizes=\"(max-width: 1200px) 100vw, 1200px\" \/><\/a><figcaption class=\"wp-element-caption\">Creil Sud Oise Tourisme<\/figcaption><\/figure>\n\n\n\n<figure class=\"wp-block-image size-large\"><a href=\"https:\/\/www.creilsudoise-tourisme.fr\/wp-content\/uploads\/2021\/04\/Le-Muse\u0301e-de-la-Guesdie\u0300re-a\u0300-Saint-Leu-d_Esserent.jpg\"><img decoding=\"async\" loading=\"lazy\" width=\"1200\" height=\"675\" data-id=\"33163\"  data-src=\"https:\/\/www.creilsudoise-tourisme.fr\/wp-content\/uploads\/2021\/04\/Le-Muse\u0301e-de-la-Guesdie\u0300re-a\u0300-Saint-Leu-d_Esserent-1200x675.jpg\" alt=\"\" class=\"wp-image-33163\" data-srcset=\"https:\/\/www.creilsudoise-tourisme.fr\/wp-content\/uploads\/2021\/04\/Le-Muse\u0301e-de-la-Guesdie\u0300re-a\u0300-Saint-Leu-d_Esserent-1200x675.jpg 1200w, https:\/\/www.creilsudoise-tourisme.fr\/wp-content\/uploads\/2021\/04\/Le-Muse\u0301e-de-la-Guesdie\u0300re-a\u0300-Saint-Leu-d_Esserent-600x338.jpg 600w, https:\/\/www.creilsudoise-tourisme.fr\/wp-content\/uploads\/2021\/04\/Le-Muse\u0301e-de-la-Guesdie\u0300re-a\u0300-Saint-Leu-d_Esserent-900x506.jpg 900w, https:\/\/www.creilsudoise-tourisme.fr\/wp-content\/uploads\/2021\/04\/Le-Muse\u0301e-de-la-Guesdie\u0300re-a\u0300-Saint-Leu-d_Esserent-1536x864.jpg 1536w, https:\/\/www.creilsudoise-tourisme.fr\/wp-content\/uploads\/2021\/04\/Le-Muse\u0301e-de-la-Guesdie\u0300re-a\u0300-Saint-Leu-d_Esserent-200x113.jpg 200w, https:\/\/www.creilsudoise-tourisme.fr\/wp-content\/uploads\/2021\/04\/Le-Muse\u0301e-de-la-Guesdie\u0300re-a\u0300-Saint-Leu-d_Esserent-650x366.jpg 650w, https:\/\/www.creilsudoise-tourisme.fr\/wp-content\/uploads\/2021\/04\/Le-Muse\u0301e-de-la-Guesdie\u0300re-a\u0300-Saint-Leu-d_Esserent-387x218.jpg 387w, https:\/\/www.creilsudoise-tourisme.fr\/wp-content\/uploads\/2021\/04\/Le-Muse\u0301e-de-la-Guesdie\u0300re-a\u0300-Saint-Leu-d_Esserent-275x155.jpg 275w, https:\/\/www.creilsudoise-tourisme.fr\/wp-content\/uploads\/2021\/04\/Le-Muse\u0301e-de-la-Guesdie\u0300re-a\u0300-Saint-Leu-d_Esserent.jpg 1600w\" sizes=\"(max-width: 1200px) 100vw, 1200px\" \/><\/a><figcaption class=\"wp-element-caption\">Creil Sud Oise Tourisme<\/figcaption><\/figure>\n\n\n\n<figure class=\"wp-block-image size-large\"><a href=\"https:\/\/www.creilsudoise-tourisme.fr\/wp-content\/uploads\/2021\/04\/Nef-de-l_Abbatiale-Saint-Nicolas-a\u0300-Saint-Leu-d_Esserent.jpg\"><img decoding=\"async\" loading=\"lazy\" width=\"837\" height=\"600\" data-id=\"33164\"  data-src=\"https:\/\/www.creilsudoise-tourisme.fr\/wp-content\/uploads\/2021\/04\/Nef-de-l_Abbatiale-Saint-Nicolas-a\u0300-Saint-Leu-d_Esserent.jpg\" alt=\"\" class=\"wp-image-33164\" data-srcset=\"https:\/\/www.creilsudoise-tourisme.fr\/wp-content\/uploads\/2021\/04\/Nef-de-l_Abbatiale-Saint-Nicolas-a\u0300-Saint-Leu-d_Esserent.jpg 837w, https:\/\/www.creilsudoise-tourisme.fr\/wp-content\/uploads\/2021\/04\/Nef-de-l_Abbatiale-Saint-Nicolas-a\u0300-Saint-Leu-d_Esserent-600x430.jpg 600w, https:\/\/www.creilsudoise-tourisme.fr\/wp-content\/uploads\/2021\/04\/Nef-de-l_Abbatiale-Saint-Nicolas-a\u0300-Saint-Leu-d_Esserent-200x143.jpg 200w, https:\/\/www.creilsudoise-tourisme.fr\/wp-content\/uploads\/2021\/04\/Nef-de-l_Abbatiale-Saint-Nicolas-a\u0300-Saint-Leu-d_Esserent-650x466.jpg 650w, https:\/\/www.creilsudoise-tourisme.fr\/wp-content\/uploads\/2021\/04\/Nef-de-l_Abbatiale-Saint-Nicolas-a\u0300-Saint-Leu-d_Esserent-780x560.jpg 780w, https:\/\/www.creilsudoise-tourisme.fr\/wp-content\/uploads\/2021\/04\/Nef-de-l_Abbatiale-Saint-Nicolas-a\u0300-Saint-Leu-d_Esserent-387x277.jpg 387w, https:\/\/www.creilsudoise-tourisme.fr\/wp-content\/uploads\/2021\/04\/Nef-de-l_Abbatiale-Saint-Nicolas-a\u0300-Saint-Leu-d_Esserent-275x197.jpg 275w\" sizes=\"(max-width: 837px) 100vw, 837px\" \/><\/a><figcaption class=\"wp-element-caption\">J\u00e9r\u00e9my Bourgeois<\/figcaption><\/figure>\n<\/figure>\n\n\n\n<h2>Vervollst\u00e4ndigen Sie Ihren Tag<\/h2>\n\n\n\n<p>Um Ihren Tag zu vervollst\u00e4ndigen, sehen Sie sich unseren <a href=\"https:\/\/www.creilsudoise-tourisme.fr\/de\/en-groupe-seminaires\/brochure-groupes\/\" target=\"_blank\" rel=\"noreferrer noopener\">Gruppenbrosch\u00fcre<\/a> !&nbsp;<\/p>\n\n\n\n<p>Sie entdecken gerne den <strong>franz\u00f6sisches Kulturerbe <\/strong>? Setzen Sie den Tag fort mit einem Besuch<strong> die Abtei Royaumont in Asni\u00e8res-sur-Oise<\/strong> (RDV S. 8 F\u00fcr Liebhaber alter Steine).<\/p>\n\n\n\n<p>Sie k\u00f6nnen die Abteikirche Saint-Nicolas auch bei einem <strong>Aufenthalt von 2 Tagen und 1 Nacht <\/strong>in einem Hotel der Destination Creil Sud Oise, RDV S. 22 und 23 Zwei Tage, um Creil Sud Oise zu entdecken.<\/p>\n\n\n\n<h2>Kontaktieren Sie uns!<\/h2>\n\n\n\n<div class=\"is-layout-flex wp-container-6 wp-block-columns are-vertically-aligned-center\">\n<div class=\"is-layout-flow wp-block-column is-vertically-aligned-center\" style=\"flex-basis:50%\"><div class=\"wp-block-image\">\n<figure class=\"alignleft size-large\"><img decoding=\"async\" loading=\"lazy\" width=\"1200\" height=\"1200\" data-src=\"https:\/\/www.creilsudoise-tourisme.fr\/wp-content\/uploads\/2025\/05\/Brigitte-P-1200x1200.jpg\" alt=\"\" class=\"wp-image-62291\" data-srcset=\"https:\/\/www.creilsudoise-tourisme.fr\/wp-content\/uploads\/2025\/05\/Brigitte-P-1200x1200.jpg 1200w, https:\/\/www.creilsudoise-tourisme.fr\/wp-content\/uploads\/2025\/05\/Brigitte-P-600x600.jpg 600w, https:\/\/www.creilsudoise-tourisme.fr\/wp-content\/uploads\/2025\/05\/Brigitte-P-300x300.jpg 300w, https:\/\/www.creilsudoise-tourisme.fr\/wp-content\/uploads\/2025\/05\/Brigitte-P-900x900.jpg 900w, https:\/\/www.creilsudoise-tourisme.fr\/wp-content\/uploads\/2025\/05\/Brigitte-P-1536x1536.jpg 1536w, https:\/\/www.creilsudoise-tourisme.fr\/wp-content\/uploads\/2025\/05\/Brigitte-P-12x12.jpg 12w, https:\/\/www.creilsudoise-tourisme.fr\/wp-content\/uploads\/2025\/05\/Brigitte-P-200x200.jpg 200w, https:\/\/www.creilsudoise-tourisme.fr\/wp-content\/uploads\/2025\/05\/Brigitte-P-650x650.jpg 650w, https:\/\/www.creilsudoise-tourisme.fr\/wp-content\/uploads\/2025\/05\/Brigitte-P-387x387.jpg 387w, https:\/\/www.creilsudoise-tourisme.fr\/wp-content\/uploads\/2025\/05\/Brigitte-P.jpg 1920w\" sizes=\"(max-width: 1200px) 100vw, 1200px\" \/><figcaption class=\"wp-element-caption\">Brigitte Pawly<\/figcaption><\/figure><\/div><\/div>\n\n\n\n<div class=\"is-layout-flow wp-block-column is-vertically-aligned-center\" style=\"flex-basis:50%\"><div class=\"wp-block wp-block-highlight\">\n                <p class=\"wp-block-highlight-item wp-block-highlight-excerpt\"><strong>Brigitte Pawly<\/strong>Die Autorin, die ma\u00dfgeschneiderte Gruppenreisen anbietet<br><a href=\"tel:0375190175\">03 75 19 01 75<\/a><\/p>\n    <\/div>\n\n\n<div class=\"is-layout-flex wp-block-buttons\">\n<div class=\"wp-block-button\"><a class=\"wp-block-button__link wp-element-button\" href=\"mailto:&#103;roupes&#64;c&#114;&#101;il&#115;u&#100;o&#105;se-t&#111;&#117;&#114;&#105;&#115;m&#101;.&#102;&#114;\" target=\"_blank\" rel=\"noreferrer noopener\">Kontaktieren Sie<\/a><\/div>\n<\/div>\n<\/div>\n<\/div>\n\n\n\n<p>Z\u00f6gern Sie nicht, sich an <strong>Brigitte<\/strong>,<strong> Gebietsexpertin<\/strong>Sie wird Ihnen gute Ratschl\u00e4ge geben. <strong>tipps <\/strong>nach Ihren W\u00fcnschen und Ihrem Budget f\u00fcr eine <strong>v\u00f6llig individuelles Programm<\/strong>. Eine <strong>einziger Ansprechpartner<\/strong> f\u00fcr ein \"All-Inclusive\"-Angebot<\/p>\n\n\n\n<h2>Europ\u00e4ische F\u00f6deration der Cluniazensischen St\u00e4tten<\/h2>\n\n\n\n<div class=\"is-layout-flex wp-container-9 wp-block-columns are-vertically-aligned-center\">\n<div class=\"is-layout-flow wp-block-column is-vertically-aligned-center\" style=\"flex-basis:20%\">\n<figure class=\"wp-block-image size-large\"><img decoding=\"async\" loading=\"lazy\" width=\"517\" height=\"300\" data-src=\"https:\/\/www.creilsudoise-tourisme.fr\/wp-content\/uploads\/2021\/04\/Logo_Fe\u0301de\u0301rationSitesClunisien-transparent.png\" alt=\"\" class=\"wp-image-33165\" data-srcset=\"https:\/\/www.creilsudoise-tourisme.fr\/wp-content\/uploads\/2021\/04\/Logo_Fe\u0301de\u0301rationSitesClunisien-transparent.png 517w, https:\/\/www.creilsudoise-tourisme.fr\/wp-content\/uploads\/2021\/04\/Logo_Fe\u0301de\u0301rationSitesClunisien-transparent-200x116.png 200w, https:\/\/www.creilsudoise-tourisme.fr\/wp-content\/uploads\/2021\/04\/Logo_Fe\u0301de\u0301rationSitesClunisien-transparent-387x225.png 387w, https:\/\/www.creilsudoise-tourisme.fr\/wp-content\/uploads\/2021\/04\/Logo_Fe\u0301de\u0301rationSitesClunisien-transparent-275x160.png 275w\" sizes=\"(max-width: 517px) 100vw, 517px\" \/><\/figure>\n<\/div>\n\n\n\n<div class=\"is-layout-flow wp-block-column is-vertically-aligned-center\" style=\"flex-basis:80%\">\n<p>L'<strong>Abbatiale Saint-Nicolas wird von der <a href=\"https:\/\/www.sitesclunisiens.org\/\" target=\"_blank\" rel=\"noreferrer noopener\">Europ\u00e4ische F\u00f6deration der Cluniazensischen St\u00e4tten<\/a><\/strong> dessen Ziel es ist, die Orte zu vereinen, die zum Aufstieg des Ordens von Cluny von der Abtei Cluny in Burgund bis zu seiner europ\u00e4ischen Ausstrahlung beigetragen haben.<\/p>\n<\/div>\n<\/div>\n\n\n\n<p>Der Verband f\u00f6rdert diese St\u00e4tten und bietet angereicherte Besuchswege an, z. B. mit 3D-Anwendungen.<\/p>\n\n\n\n<hr class=\"wp-block-separator has-css-opacity\"\/>\n\n\n\n<h2>Erfahrungsbericht<\/h2>\n\n\n\n<div class=\"wp-block wp-block-testimonial\">\n    <div class=\"wp-block-testimonial-excerpt\">\n        Vielen Dank f\u00fcr die Besichtigung der Abteikirche von Saint-Leu und der Umgebung. Wir sind begeistert von unserem Tag mit einem immer l\u00e4chelnden und sehr interessanten F\u00fchrer! Unsere Gruppe hat es genossen, wir werden wiederkommen!    <\/div>\n    <div class=\"wp-block-testimonial-details\">\n                <div class=\"wp-block-testimonial-content\">\n            <p class=\"wp-block-testimonial-content-author\">\n                <strong>Die Clairettes de la Somme<\/strong>\n\n                            <\/p>\n        <\/div>\n    <\/div>\n<\/div>\n\n\n<h2>Gut zu wissen<\/h2>\n\n\n\n<p>Wir bem\u00fchen uns, F\u00fchrungen durch die Abteikirche au\u00dferhalb von religi\u00f6sen Zeremonien zu organisieren. Angesichts der Unvorhersehbarkeit mancher Versammlungen ist der Zugang zum Inneren des Geb\u00e4udes jedoch nur unter Vorbehalt einer religi\u00f6sen Zeremonie m\u00f6glich.<\/p>","protected":false},"excerpt":{"rendered":"<p>Die Abteikirche Saint-Nicolas in Saint-Leu-d'Esserent, nur 10 Minuten vom Schloss Chantilly und 15 Minuten von der Kathedrale von Senlis und der Abtei Royaumont entfernt, ist ein architektonisches Wunderwerk von beeindruckender Gr\u00f6\u00dfe und ein echtes Zeugnis des \u00dcbergangs von der romanischen zur gotischen Kunst. Sie kann nach vorheriger Anmeldung von Gruppen in Begleitung eines Fremdenf\u00fchrers besichtigt werden und kann [...].<\/p>","protected":false},"author":1,"featured_media":32341,"parent":102,"menu_order":2,"comment_status":"closed","ping_status":"closed","template":"","meta":{"_relevanssi_hide_post":"","_relevanssi_hide_content":"","_relevanssi_pin_for_all":"","_relevanssi_pin_keywords":"","_relevanssi_unpin_keywords":"","_relevanssi_related_keywords":"","_relevanssi_related_include_ids":"","_relevanssi_related_exclude_ids":"","_relevanssi_related_no_append":"","_relevanssi_related_not_related":"","_relevanssi_related_posts":"271,275,273,267","_relevanssi_noindex_reason":""},"yoast_head":"<!-- This site is optimized with the Yoast SEO plugin v20.2.1 - https:\/\/yoast.com\/wordpress\/plugins\/seo\/ -->\n<title>L\u2019Abbatiale se visite en groupe avec un guide conf\u00e9rencier - Office de Tourisme Creil Sud Oise<\/title>\n<meta name=\"description\" content=\"Visitez avec votre groupe l\u2019Abbatiale Saint-Nicolas \u00e0 Saint-Leu-d\u2019Esserent, une Prieurale appel\u00e9e Abbatiale aux dimensions d\u2019une Cath\u00e9drale\" \/>\n<meta name=\"robots\" content=\"index, follow, max-snippet:-1, max-image-preview:large, max-video-preview:-1\" \/>\n<link rel=\"canonical\" href=\"https:\/\/www.creilsudoise-tourisme.fr\/de\/erforschen-gruppen\/unumganglich-gruppen\/abteikirche-2\/\" \/>\n<meta property=\"og:locale\" content=\"de_DE\" \/>\n<meta property=\"og:type\" content=\"article\" \/>\n<meta property=\"og:title\" content=\"L\u2019Abbatiale se visite en groupe avec un guide conf\u00e9rencier - Office de Tourisme Creil Sud Oise\" \/>\n<meta property=\"og:description\" content=\"Visitez avec votre groupe l\u2019Abbatiale Saint-Nicolas \u00e0 Saint-Leu-d\u2019Esserent, une Prieurale appel\u00e9e Abbatiale aux dimensions d\u2019une Cath\u00e9drale\" \/>\n<meta property=\"og:url\" content=\"https:\/\/www.creilsudoise-tourisme.fr\/de\/erforschen-gruppen\/unumganglich-gruppen\/abteikirche-2\/\" \/>\n<meta property=\"og:site_name\" content=\"Office de Tourisme Creil Sud Oise\" \/>\n<meta property=\"article:publisher\" content=\"https:\/\/www.facebook.com\/creilsudoisetourisme\/\" \/>\n<meta property=\"article:modified_time\" content=\"2025-05-16T08:59:22+00:00\" \/>\n<meta property=\"og:image\" content=\"https:\/\/www.creilsudoise-tourisme.fr\/wp-content\/uploads\/2021\/03\/L_abbatiale-a\u0300-Saint-Leu-d_Esserent-en-groupes.jpg\" \/>\n\t<meta property=\"og:image:width\" content=\"1078\" \/>\n\t<meta property=\"og:image:height\" content=\"1600\" \/>\n\t<meta property=\"og:image:type\" content=\"image\/jpeg\" \/>\n<meta name=\"twitter:card\" content=\"summary_large_image\" \/>\n<meta name=\"twitter:site\" content=\"@CreilSudOiseOT\" \/>\n<meta name=\"twitter:label1\" content=\"Gesch\u00e4tzte Lesezeit\" \/>\n\t<meta name=\"twitter:data1\" content=\"4\u00a0Minuten\" \/>\n<script type=\"application\/ld+json\" class=\"yoast-schema-graph\">{\"@context\":\"https:\/\/schema.org\",\"@graph\":[{\"@type\":\"WebPage\",\"@id\":\"https:\/\/www.creilsudoise-tourisme.fr\/explorez-groupes\/incontournables-groupes\/abbatiale\/\",\"url\":\"https:\/\/www.creilsudoise-tourisme.fr\/explorez-groupes\/incontournables-groupes\/abbatiale\/\",\"name\":\"L\u2019Abbatiale se visite en groupe avec un guide conf\u00e9rencier - Office de Tourisme Creil Sud Oise\",\"isPartOf\":{\"@id\":\"https:\/\/www.creilsudoise-tourisme.fr\/#website\"},\"datePublished\":\"2021-02-17T09:02:08+00:00\",\"dateModified\":\"2025-05-16T08:59:22+00:00\",\"description\":\"Visitez avec votre groupe l\u2019Abbatiale Saint-Nicolas \u00e0 Saint-Leu-d\u2019Esserent, une Prieurale appel\u00e9e Abbatiale aux dimensions d\u2019une Cath\u00e9drale\",\"breadcrumb\":{\"@id\":\"https:\/\/www.creilsudoise-tourisme.fr\/explorez-groupes\/incontournables-groupes\/abbatiale\/#breadcrumb\"},\"inLanguage\":\"de\",\"potentialAction\":[{\"@type\":\"ReadAction\",\"target\":[\"https:\/\/www.creilsudoise-tourisme.fr\/explorez-groupes\/incontournables-groupes\/abbatiale\/\"]}]},{\"@type\":\"BreadcrumbList\",\"@id\":\"https:\/\/www.creilsudoise-tourisme.fr\/explorez-groupes\/incontournables-groupes\/abbatiale\/#breadcrumb\",\"itemListElement\":[{\"@type\":\"ListItem\",\"position\":1,\"name\":\"Accueil\",\"item\":\"https:\/\/www.creilsudoise-tourisme.fr\/\"},{\"@type\":\"ListItem\",\"position\":2,\"name\":\"En groupe &amp; S\u00e9minaires\",\"item\":\"https:\/\/www.creilsudoise-tourisme.fr\/explorez-groupes\/\"},{\"@type\":\"ListItem\",\"position\":3,\"name\":\"Les incontournables \u00e0 explorer en groupes\",\"item\":\"https:\/\/www.creilsudoise-tourisme.fr\/explorez-groupes\/incontournables-groupes\/\"},{\"@type\":\"ListItem\",\"position\":4,\"name\":\"L&rsquo;Abbatiale Saint-Nicolas\"}]},{\"@type\":\"WebSite\",\"@id\":\"https:\/\/www.creilsudoise-tourisme.fr\/#website\",\"url\":\"https:\/\/www.creilsudoise-tourisme.fr\/\",\"name\":\"Office de Tourisme Creil Sud Oise\",\"description\":\"Creil Sud Oise Tourisme, un territoire \u00e0 explorer !\",\"publisher\":{\"@id\":\"https:\/\/www.creilsudoise-tourisme.fr\/#organization\"},\"potentialAction\":[{\"@type\":\"SearchAction\",\"target\":{\"@type\":\"EntryPoint\",\"urlTemplate\":\"https:\/\/www.creilsudoise-tourisme.fr\/?s={search_term_string}\"},\"query-input\":\"required name=search_term_string\"}],\"inLanguage\":\"de\"},{\"@type\":\"Organization\",\"@id\":\"https:\/\/www.creilsudoise-tourisme.fr\/#organization\",\"name\":\"Creil Sud Oise Tourisme\",\"url\":\"https:\/\/www.creilsudoise-tourisme.fr\/\",\"logo\":{\"@type\":\"ImageObject\",\"inLanguage\":\"de\",\"@id\":\"https:\/\/www.creilsudoise-tourisme.fr\/#\/schema\/logo\/image\/\",\"url\":\"https:\/\/www.creilsudoise-tourisme.fr\/wp-content\/uploads\/2021\/05\/logo-svg.png\",\"contentUrl\":\"https:\/\/www.creilsudoise-tourisme.fr\/wp-content\/uploads\/2021\/05\/logo-svg.png\",\"width\":182,\"height\":71,\"caption\":\"Creil Sud Oise Tourisme\"},\"image\":{\"@id\":\"https:\/\/www.creilsudoise-tourisme.fr\/#\/schema\/logo\/image\/\"},\"sameAs\":[\"https:\/\/www.facebook.com\/creilsudoisetourisme\/\",\"https:\/\/twitter.com\/CreilSudOiseOT\",\"https:\/\/www.instagram.com\/creilsudoisetourisme\/\",\"https:\/\/www.youtube.com\/channel\/UC8L_QD2wwyADW14zt9fY8kw\"]}]}<\/script>\n<!-- \/ Yoast SEO plugin. -->","yoast_head_json":{"title":"L\u2019Abbatiale se visite en groupe avec un guide conf\u00e9rencier - Office de Tourisme Creil Sud Oise","description":"Visitez avec votre groupe l\u2019Abbatiale Saint-Nicolas \u00e0 Saint-Leu-d\u2019Esserent, une Prieurale appel\u00e9e Abbatiale aux dimensions d\u2019une Cath\u00e9drale","robots":{"index":"index","follow":"follow","max-snippet":"max-snippet:-1","max-image-preview":"max-image-preview:large","max-video-preview":"max-video-preview:-1"},"canonical":"https:\/\/www.creilsudoise-tourisme.fr\/de\/erforschen-gruppen\/unumganglich-gruppen\/abteikirche-2\/","og_locale":"de_DE","og_type":"article","og_title":"L\u2019Abbatiale se visite en groupe avec un guide conf\u00e9rencier - Office de Tourisme Creil Sud Oise","og_description":"Visitez avec votre groupe l\u2019Abbatiale Saint-Nicolas \u00e0 Saint-Leu-d\u2019Esserent, une Prieurale appel\u00e9e Abbatiale aux dimensions d\u2019une Cath\u00e9drale","og_url":"https:\/\/www.creilsudoise-tourisme.fr\/de\/erforschen-gruppen\/unumganglich-gruppen\/abteikirche-2\/","og_site_name":"Office de Tourisme Creil Sud Oise","article_publisher":"https:\/\/www.facebook.com\/creilsudoisetourisme\/","article_modified_time":"2025-05-16T08:59:22+00:00","og_image":[{"width":1078,"height":1600,"url":"https:\/\/www.creilsudoise-tourisme.fr\/wp-content\/uploads\/2021\/03\/L_abbatiale-a\u0300-Saint-Leu-d_Esserent-en-groupes.jpg","type":"image\/jpeg"}],"twitter_card":"summary_large_image","twitter_site":"@CreilSudOiseOT","twitter_misc":{"Gesch\u00e4tzte Lesezeit":"4\u00a0Minuten"},"schema":{"@context":"https:\/\/schema.org","@graph":[{"@type":"WebPage","@id":"https:\/\/www.creilsudoise-tourisme.fr\/explorez-groupes\/incontournables-groupes\/abbatiale\/","url":"https:\/\/www.creilsudoise-tourisme.fr\/explorez-groupes\/incontournables-groupes\/abbatiale\/","name":"L\u2019Abbatiale se visite en groupe avec un guide conf\u00e9rencier - Office de Tourisme Creil Sud Oise","isPartOf":{"@id":"https:\/\/www.creilsudoise-tourisme.fr\/#website"},"datePublished":"2021-02-17T09:02:08+00:00","dateModified":"2025-05-16T08:59:22+00:00","description":"Visitez avec votre groupe l\u2019Abbatiale Saint-Nicolas \u00e0 Saint-Leu-d\u2019Esserent, une Prieurale appel\u00e9e Abbatiale aux dimensions d\u2019une Cath\u00e9drale","breadcrumb":{"@id":"https:\/\/www.creilsudoise-tourisme.fr\/explorez-groupes\/incontournables-groupes\/abbatiale\/#breadcrumb"},"inLanguage":"de","potentialAction":[{"@type":"ReadAction","target":["https:\/\/www.creilsudoise-tourisme.fr\/explorez-groupes\/incontournables-groupes\/abbatiale\/"]}]},{"@type":"BreadcrumbList","@id":"https:\/\/www.creilsudoise-tourisme.fr\/explorez-groupes\/incontournables-groupes\/abbatiale\/#breadcrumb","itemListElement":[{"@type":"ListItem","position":1,"name":"Accueil","item":"https:\/\/www.creilsudoise-tourisme.fr\/"},{"@type":"ListItem","position":2,"name":"En groupe &amp; S\u00e9minaires","item":"https:\/\/www.creilsudoise-tourisme.fr\/explorez-groupes\/"},{"@type":"ListItem","position":3,"name":"Les incontournables \u00e0 explorer en groupes","item":"https:\/\/www.creilsudoise-tourisme.fr\/explorez-groupes\/incontournables-groupes\/"},{"@type":"ListItem","position":4,"name":"L&rsquo;Abbatiale Saint-Nicolas"}]},{"@type":"WebSite","@id":"https:\/\/www.creilsudoise-tourisme.fr\/#website","url":"https:\/\/www.creilsudoise-tourisme.fr\/","name":"Office de Tourisme Creil Sud Oise","description":"Creil Sud Oise Tourisme, un territoire \u00e0 explorer !","publisher":{"@id":"https:\/\/www.creilsudoise-tourisme.fr\/#organization"},"potentialAction":[{"@type":"SearchAction","target":{"@type":"EntryPoint","urlTemplate":"https:\/\/www.creilsudoise-tourisme.fr\/?s={search_term_string}"},"query-input":"required name=search_term_string"}],"inLanguage":"de"},{"@type":"Organization","@id":"https:\/\/www.creilsudoise-tourisme.fr\/#organization","name":"Creil Sud Oise Tourisme","url":"https:\/\/www.creilsudoise-tourisme.fr\/","logo":{"@type":"ImageObject","inLanguage":"de","@id":"https:\/\/www.creilsudoise-tourisme.fr\/#\/schema\/logo\/image\/","url":"https:\/\/www.creilsudoise-tourisme.fr\/wp-content\/uploads\/2021\/05\/logo-svg.png","contentUrl":"https:\/\/www.creilsudoise-tourisme.fr\/wp-content\/uploads\/2021\/05\/logo-svg.png","width":182,"height":71,"caption":"Creil Sud Oise Tourisme"},"image":{"@id":"https:\/\/www.creilsudoise-tourisme.fr\/#\/schema\/logo\/image\/"},"sameAs":["https:\/\/www.facebook.com\/creilsudoisetourisme\/","https:\/\/twitter.com\/CreilSudOiseOT","https:\/\/www.instagram.com\/creilsudoisetourisme\/","https:\/\/www.youtube.com\/channel\/UC8L_QD2wwyADW14zt9fY8kw"]}]}},"_links":{"self":[{"href":"https:\/\/www.creilsudoise-tourisme.fr\/de\/wp-json\/wp\/v2\/pages\/108"}],"collection":[{"href":"https:\/\/www.creilsudoise-tourisme.fr\/de\/wp-json\/wp\/v2\/pages"}],"about":[{"href":"https:\/\/www.creilsudoise-tourisme.fr\/de\/wp-json\/wp\/v2\/types\/page"}],"author":[{"embeddable":true,"href":"https:\/\/www.creilsudoise-tourisme.fr\/de\/wp-json\/wp\/v2\/users\/1"}],"replies":[{"embeddable":true,"href":"https:\/\/www.creilsudoise-tourisme.fr\/de\/wp-json\/wp\/v2\/comments?post=108"}],"version-history":[{"count":13,"href":"https:\/\/www.creilsudoise-tourisme.fr\/de\/wp-json\/wp\/v2\/pages\/108\/revisions"}],"predecessor-version":[{"id":62303,"href":"https:\/\/www.creilsudoise-tourisme.fr\/de\/wp-json\/wp\/v2\/pages\/108\/revisions\/62303"}],"up":[{"embeddable":true,"href":"https:\/\/www.creilsudoise-tourisme.fr\/de\/wp-json\/wp\/v2\/pages\/102"}],"wp:featuredmedia":[{"embeddable":true,"href":"https:\/\/www.creilsudoise-tourisme.fr\/de\/wp-json\/wp\/v2\/media\/32341"}],"wp:attachment":[{"href":"https:\/\/www.creilsudoise-tourisme.fr\/de\/wp-json\/wp\/v2\/media?parent=108"}],"curies":[{"name":"wp","href":"https:\/\/api.w.org\/{rel}","templated":true}]}}