{"id":106,"date":"2021-02-17T10:02:06","date_gmt":"2021-02-17T09:02:06","guid":{"rendered":"https:\/\/www.creilsudoise-tourisme.fr\/la-maison-de-la-pierre\/"},"modified":"2025-05-16T10:57:40","modified_gmt":"2025-05-16T08:57:40","slug":"maison-de-la-pierre","status":"publish","type":"page","link":"https:\/\/www.creilsudoise-tourisme.fr\/de\/erforschen-gruppen\/unumganglich-gruppen\/steinhaus-2\/","title":{"rendered":"Das Steinhaus"},"content":{"rendered":"<p class=\"is-style-excerpt\">In der N\u00e4he von Chantilly und Senlis, <strong>das Maison de la Pierre ist ein Museum, das sich unter der Erde in einem ehemaligen Steinbruch befindet<\/strong> ! Es ist einer der wenigen Orte, die an das Leben der Steinbrucharbeiter in Nordfrankreich erinnern, und ehrt die<strong>Die DNA der Destination Creil Sud Oise: der Stein<\/strong>.<\/p>\n\n\n\n<p><strong>Woher kommen all die Steine, aus denen unsere Schl\u00f6sser, Kirchen und Geb\u00e4ude bestehen?<\/strong> Von der Oise zum gr\u00f6\u00dften Teil und von den <strong>Steinbr\u00fcche von Saint-Maximin<\/strong> Jahrhundert f\u00fcr den Bau von gro\u00dfen Monumenten, wie z.B. der \"L'Occitane\", von entscheidender Bedeutung waren.<strong>Op\u00e9ra Garnier, Pont Neuf, die Haussmannschen Geb\u00e4ude oder auch L'H\u00f4tel des Invalides...&nbsp;<\/strong><\/p>\n\n\n\n<figure class=\"is-layout-flex wp-block-gallery-1 wp-block-gallery alignwide has-nested-images columns-2 is-cropped\">\n<figure class=\"wp-block-image size-full\"><a href=\"https:\/\/www.creilsudoise-tourisme.fr\/wp-content\/uploads\/2021\/04\/Fossiles-a\u0300-la-Maison-de-la-Pierre-a\u0300-Saint-Maximin.jpg\"><img decoding=\"async\" loading=\"lazy\" width=\"1600\" height=\"1064\" data-id=\"33119\"  data-src=\"https:\/\/www.creilsudoise-tourisme.fr\/wp-content\/uploads\/2021\/04\/Fossiles-a\u0300-la-Maison-de-la-Pierre-a\u0300-Saint-Maximin.jpg\" alt=\"\" class=\"wp-image-33119\" data-srcset=\"https:\/\/www.creilsudoise-tourisme.fr\/wp-content\/uploads\/2021\/04\/Fossiles-a\u0300-la-Maison-de-la-Pierre-a\u0300-Saint-Maximin.jpg 1600w, https:\/\/www.creilsudoise-tourisme.fr\/wp-content\/uploads\/2021\/04\/Fossiles-a\u0300-la-Maison-de-la-Pierre-a\u0300-Saint-Maximin-600x399.jpg 600w, https:\/\/www.creilsudoise-tourisme.fr\/wp-content\/uploads\/2021\/04\/Fossiles-a\u0300-la-Maison-de-la-Pierre-a\u0300-Saint-Maximin-1200x798.jpg 1200w, https:\/\/www.creilsudoise-tourisme.fr\/wp-content\/uploads\/2021\/04\/Fossiles-a\u0300-la-Maison-de-la-Pierre-a\u0300-Saint-Maximin-900x599.jpg 900w, https:\/\/www.creilsudoise-tourisme.fr\/wp-content\/uploads\/2021\/04\/Fossiles-a\u0300-la-Maison-de-la-Pierre-a\u0300-Saint-Maximin-1536x1021.jpg 1536w, https:\/\/www.creilsudoise-tourisme.fr\/wp-content\/uploads\/2021\/04\/Fossiles-a\u0300-la-Maison-de-la-Pierre-a\u0300-Saint-Maximin-200x133.jpg 200w, https:\/\/www.creilsudoise-tourisme.fr\/wp-content\/uploads\/2021\/04\/Fossiles-a\u0300-la-Maison-de-la-Pierre-a\u0300-Saint-Maximin-650x432.jpg 650w, https:\/\/www.creilsudoise-tourisme.fr\/wp-content\/uploads\/2021\/04\/Fossiles-a\u0300-la-Maison-de-la-Pierre-a\u0300-Saint-Maximin-387x257.jpg 387w, https:\/\/www.creilsudoise-tourisme.fr\/wp-content\/uploads\/2021\/04\/Fossiles-a\u0300-la-Maison-de-la-Pierre-a\u0300-Saint-Maximin-275x183.jpg 275w\" sizes=\"(max-width: 1600px) 100vw, 1600px\" \/><\/a><figcaption class=\"wp-element-caption\">K\u00f6nnen Sie die kleinen Fossilien, die in den Felsen eingebettet sind, erkennen?<br>Schiefer<\/figcaption><\/figure>\n\n\n\n<figure class=\"wp-block-image size-full\"><a href=\"https:\/\/www.creilsudoise-tourisme.fr\/wp-content\/uploads\/2021\/04\/Les-outils-des-carriers-a\u0300-la-Maison-de-la-Pierre-a\u0300-Saint-Maximin.jpg\"><img decoding=\"async\" loading=\"lazy\" width=\"1600\" height=\"1067\" data-id=\"33120\"  data-src=\"https:\/\/www.creilsudoise-tourisme.fr\/wp-content\/uploads\/2021\/04\/Les-outils-des-carriers-a\u0300-la-Maison-de-la-Pierre-a\u0300-Saint-Maximin.jpg\" alt=\"\" class=\"wp-image-33120\" data-srcset=\"https:\/\/www.creilsudoise-tourisme.fr\/wp-content\/uploads\/2021\/04\/Les-outils-des-carriers-a\u0300-la-Maison-de-la-Pierre-a\u0300-Saint-Maximin.jpg 1600w, https:\/\/www.creilsudoise-tourisme.fr\/wp-content\/uploads\/2021\/04\/Les-outils-des-carriers-a\u0300-la-Maison-de-la-Pierre-a\u0300-Saint-Maximin-600x400.jpg 600w, https:\/\/www.creilsudoise-tourisme.fr\/wp-content\/uploads\/2021\/04\/Les-outils-des-carriers-a\u0300-la-Maison-de-la-Pierre-a\u0300-Saint-Maximin-1200x800.jpg 1200w, https:\/\/www.creilsudoise-tourisme.fr\/wp-content\/uploads\/2021\/04\/Les-outils-des-carriers-a\u0300-la-Maison-de-la-Pierre-a\u0300-Saint-Maximin-900x600.jpg 900w, https:\/\/www.creilsudoise-tourisme.fr\/wp-content\/uploads\/2021\/04\/Les-outils-des-carriers-a\u0300-la-Maison-de-la-Pierre-a\u0300-Saint-Maximin-1536x1024.jpg 1536w, https:\/\/www.creilsudoise-tourisme.fr\/wp-content\/uploads\/2021\/04\/Les-outils-des-carriers-a\u0300-la-Maison-de-la-Pierre-a\u0300-Saint-Maximin-200x133.jpg 200w, https:\/\/www.creilsudoise-tourisme.fr\/wp-content\/uploads\/2021\/04\/Les-outils-des-carriers-a\u0300-la-Maison-de-la-Pierre-a\u0300-Saint-Maximin-650x433.jpg 650w, https:\/\/www.creilsudoise-tourisme.fr\/wp-content\/uploads\/2021\/04\/Les-outils-des-carriers-a\u0300-la-Maison-de-la-Pierre-a\u0300-Saint-Maximin-387x258.jpg 387w, https:\/\/www.creilsudoise-tourisme.fr\/wp-content\/uploads\/2021\/04\/Les-outils-des-carriers-a\u0300-la-Maison-de-la-Pierre-a\u0300-Saint-Maximin-275x183.jpg 275w\" sizes=\"(max-width: 1600px) 100vw, 1600px\" \/><\/a><figcaption class=\"wp-element-caption\">Der Beruf des Carriers wird Ihnen vorgestellt<br>Comdesimages B. Teissedre ADRTOise<\/figcaption><\/figure>\n\n\n\n<figure class=\"wp-block-image size-full\"><a href=\"https:\/\/www.creilsudoise-tourisme.fr\/wp-content\/uploads\/2021\/04\/Maison-de-la-Pierre-a\u0300-Saint-Maximin.jpg\"><img decoding=\"async\" loading=\"lazy\" width=\"1600\" height=\"1067\" data-id=\"33121\"  data-src=\"https:\/\/www.creilsudoise-tourisme.fr\/wp-content\/uploads\/2021\/04\/Maison-de-la-Pierre-a\u0300-Saint-Maximin.jpg\" alt=\"\" class=\"wp-image-33121\" data-srcset=\"https:\/\/www.creilsudoise-tourisme.fr\/wp-content\/uploads\/2021\/04\/Maison-de-la-Pierre-a\u0300-Saint-Maximin.jpg 1600w, https:\/\/www.creilsudoise-tourisme.fr\/wp-content\/uploads\/2021\/04\/Maison-de-la-Pierre-a\u0300-Saint-Maximin-600x400.jpg 600w, https:\/\/www.creilsudoise-tourisme.fr\/wp-content\/uploads\/2021\/04\/Maison-de-la-Pierre-a\u0300-Saint-Maximin-1200x800.jpg 1200w, https:\/\/www.creilsudoise-tourisme.fr\/wp-content\/uploads\/2021\/04\/Maison-de-la-Pierre-a\u0300-Saint-Maximin-900x600.jpg 900w, https:\/\/www.creilsudoise-tourisme.fr\/wp-content\/uploads\/2021\/04\/Maison-de-la-Pierre-a\u0300-Saint-Maximin-1536x1024.jpg 1536w, https:\/\/www.creilsudoise-tourisme.fr\/wp-content\/uploads\/2021\/04\/Maison-de-la-Pierre-a\u0300-Saint-Maximin-200x133.jpg 200w, https:\/\/www.creilsudoise-tourisme.fr\/wp-content\/uploads\/2021\/04\/Maison-de-la-Pierre-a\u0300-Saint-Maximin-650x433.jpg 650w, https:\/\/www.creilsudoise-tourisme.fr\/wp-content\/uploads\/2021\/04\/Maison-de-la-Pierre-a\u0300-Saint-Maximin-387x258.jpg 387w, https:\/\/www.creilsudoise-tourisme.fr\/wp-content\/uploads\/2021\/04\/Maison-de-la-Pierre-a\u0300-Saint-Maximin-275x183.jpg 275w\" sizes=\"(max-width: 1600px) 100vw, 1600px\" \/><\/a><\/figure>\n\n\n\n<figure class=\"wp-block-image size-full\"><a href=\"https:\/\/www.creilsudoise-tourisme.fr\/wp-content\/uploads\/2021\/04\/Visite-de-la-Galerie-du-Front-de-Taille-a\u0300-la-Maison-de-la-Pierre-a\u0300-Saint-Maximin.jpg\"><img decoding=\"async\" loading=\"lazy\" width=\"1600\" height=\"1067\" data-id=\"33122\"  data-src=\"https:\/\/www.creilsudoise-tourisme.fr\/wp-content\/uploads\/2021\/04\/Visite-de-la-Galerie-du-Front-de-Taille-a\u0300-la-Maison-de-la-Pierre-a\u0300-Saint-Maximin.jpg\" alt=\"\" class=\"wp-image-33122\" data-srcset=\"https:\/\/www.creilsudoise-tourisme.fr\/wp-content\/uploads\/2021\/04\/Visite-de-la-Galerie-du-Front-de-Taille-a\u0300-la-Maison-de-la-Pierre-a\u0300-Saint-Maximin.jpg 1600w, https:\/\/www.creilsudoise-tourisme.fr\/wp-content\/uploads\/2021\/04\/Visite-de-la-Galerie-du-Front-de-Taille-a\u0300-la-Maison-de-la-Pierre-a\u0300-Saint-Maximin-600x400.jpg 600w, https:\/\/www.creilsudoise-tourisme.fr\/wp-content\/uploads\/2021\/04\/Visite-de-la-Galerie-du-Front-de-Taille-a\u0300-la-Maison-de-la-Pierre-a\u0300-Saint-Maximin-1200x800.jpg 1200w, https:\/\/www.creilsudoise-tourisme.fr\/wp-content\/uploads\/2021\/04\/Visite-de-la-Galerie-du-Front-de-Taille-a\u0300-la-Maison-de-la-Pierre-a\u0300-Saint-Maximin-900x600.jpg 900w, https:\/\/www.creilsudoise-tourisme.fr\/wp-content\/uploads\/2021\/04\/Visite-de-la-Galerie-du-Front-de-Taille-a\u0300-la-Maison-de-la-Pierre-a\u0300-Saint-Maximin-1536x1024.jpg 1536w, https:\/\/www.creilsudoise-tourisme.fr\/wp-content\/uploads\/2021\/04\/Visite-de-la-Galerie-du-Front-de-Taille-a\u0300-la-Maison-de-la-Pierre-a\u0300-Saint-Maximin-200x133.jpg 200w, https:\/\/www.creilsudoise-tourisme.fr\/wp-content\/uploads\/2021\/04\/Visite-de-la-Galerie-du-Front-de-Taille-a\u0300-la-Maison-de-la-Pierre-a\u0300-Saint-Maximin-650x433.jpg 650w, https:\/\/www.creilsudoise-tourisme.fr\/wp-content\/uploads\/2021\/04\/Visite-de-la-Galerie-du-Front-de-Taille-a\u0300-la-Maison-de-la-Pierre-a\u0300-Saint-Maximin-387x258.jpg 387w, https:\/\/www.creilsudoise-tourisme.fr\/wp-content\/uploads\/2021\/04\/Visite-de-la-Galerie-du-Front-de-Taille-a\u0300-la-Maison-de-la-Pierre-a\u0300-Saint-Maximin-275x183.jpg 275w\" sizes=\"(max-width: 1600px) 100vw, 1600px\" \/><\/a><figcaption class=\"wp-element-caption\">Verl\u00e4ngern Sie Ihren Besuch mit der aktuellen Sonderausstellung in der Galerie du Front de Taille.<br>Comdesimages B. Teissedre ADRTOise<\/figcaption><\/figure>\n<\/figure>\n\n\n\n<p>Die Erkundung des Steinhauses im S\u00fcden der Oise kann beginnen! Ihr F\u00fchrer f\u00fchrt Sie in den unterirdischen Steinbruch und erz\u00e4hlt Ihnen die Geschichte der Steinmetze: ihr Leben 15 Meter unter der Erde und die technischen Etappen ihrer harten Arbeit.<\/p>\n\n\n\n<h2>Wussten Sie schon? Der Stein, die DNA von Creil Sud Oise<\/h2>\n\n\n\n<div class=\"is-layout-flex wp-container-5 wp-block-columns\">\n<div class=\"is-layout-flow wp-block-column\" style=\"flex-basis:50%\">\n<figure class=\"wp-block-image size-large\"><img decoding=\"async\" loading=\"lazy\" width=\"1200\" height=\"798\" data-src=\"https:\/\/www.creilsudoise-tourisme.fr\/wp-content\/uploads\/2021\/04\/Visitez-la-Maison-de-la-Pierre-a\u0300-Saint-Maximin-1200x798.jpg\" alt=\"\" class=\"wp-image-33125\" data-srcset=\"https:\/\/www.creilsudoise-tourisme.fr\/wp-content\/uploads\/2021\/04\/Visitez-la-Maison-de-la-Pierre-a\u0300-Saint-Maximin-1200x798.jpg 1200w, https:\/\/www.creilsudoise-tourisme.fr\/wp-content\/uploads\/2021\/04\/Visitez-la-Maison-de-la-Pierre-a\u0300-Saint-Maximin-600x399.jpg 600w, https:\/\/www.creilsudoise-tourisme.fr\/wp-content\/uploads\/2021\/04\/Visitez-la-Maison-de-la-Pierre-a\u0300-Saint-Maximin-900x599.jpg 900w, https:\/\/www.creilsudoise-tourisme.fr\/wp-content\/uploads\/2021\/04\/Visitez-la-Maison-de-la-Pierre-a\u0300-Saint-Maximin-1536x1021.jpg 1536w, https:\/\/www.creilsudoise-tourisme.fr\/wp-content\/uploads\/2021\/04\/Visitez-la-Maison-de-la-Pierre-a\u0300-Saint-Maximin-200x133.jpg 200w, https:\/\/www.creilsudoise-tourisme.fr\/wp-content\/uploads\/2021\/04\/Visitez-la-Maison-de-la-Pierre-a\u0300-Saint-Maximin-650x432.jpg 650w, https:\/\/www.creilsudoise-tourisme.fr\/wp-content\/uploads\/2021\/04\/Visitez-la-Maison-de-la-Pierre-a\u0300-Saint-Maximin-387x257.jpg 387w, https:\/\/www.creilsudoise-tourisme.fr\/wp-content\/uploads\/2021\/04\/Visitez-la-Maison-de-la-Pierre-a\u0300-Saint-Maximin-275x183.jpg 275w, https:\/\/www.creilsudoise-tourisme.fr\/wp-content\/uploads\/2021\/04\/Visitez-la-Maison-de-la-Pierre-a\u0300-Saint-Maximin.jpg 1600w\" sizes=\"(max-width: 1200px) 100vw, 1200px\" \/><figcaption class=\"wp-element-caption\">Verl\u00e4ngern Sie Ihren Besuch mit der aktuellen Sonderausstellung in der Galerie du Front de Taille.<br>Comdesimages B. Teissedre ADRTOise<\/figcaption><\/figure>\n<\/div>\n\n\n\n<div class=\"is-layout-flow wp-block-column is-vertically-aligned-center\" style=\"flex-basis:50%\">\n<p>Wussten Sie, dass der gesamte<strong> bassin creillois ist voll von Steinbr\u00fcchen<\/strong> ? \u00dcber hundert unterirdische, offene, ehemalige Abbaufronten und H\u00f6hlenstandorte wurden bereits inventarisiert!<\/p>\n<\/div>\n<\/div>\n\n\n\n<h3>Die Einf\u00fchrungen in die Steinbildhauerei und die Kunst der Glasmalerei<\/h3>\n\n\n\n<p>Das Team des Maison de la Pierre bietet <strong>Einf\u00fchrungen<\/strong> <strong>der Steinbildhauerei&nbsp; <\/strong>(1,5 Stunden, geleitet von einem F\u00fchrer des Maison de la Pierre oder mehrere Stunden, geleitet von einem professionellen Bildhauer) sowie in die Kunst der Glasmalerei (geleitet von einem professionellen Glasmeister). Die Teilnehmer lernen zun\u00e4chst den Umgang mit den Werkzeugen (Scheren, Schl\u00e4gel...) und stellen dann ihr eigenes Werk zusammen, mit dem sie nach Hause gehen!<\/p>\n\n\n\n<p>Die Werkzeuge werden ausgeliehen und zwischen den Nutzern desinfiziert.<\/p>\n\n\n\n<figure class=\"is-layout-flex wp-block-gallery-6 wp-block-gallery alignwide has-nested-images columns-default is-cropped\">\n<figure class=\"wp-block-image size-full\"><a href=\"https:\/\/www.creilsudoise-tourisme.fr\/wp-content\/uploads\/2021\/04\/Un-stage-de-sculpture-sur-pierre-a\u0300-la-Maison-de-la-Pierre-a\u0300-Saint-Maximin.jpg\"><img decoding=\"async\" loading=\"lazy\" width=\"1600\" height=\"900\" data-id=\"33127\"  data-src=\"https:\/\/www.creilsudoise-tourisme.fr\/wp-content\/uploads\/2021\/04\/Un-stage-de-sculpture-sur-pierre-a\u0300-la-Maison-de-la-Pierre-a\u0300-Saint-Maximin.jpg\" alt=\"\" class=\"wp-image-33127\" data-srcset=\"https:\/\/www.creilsudoise-tourisme.fr\/wp-content\/uploads\/2021\/04\/Un-stage-de-sculpture-sur-pierre-a\u0300-la-Maison-de-la-Pierre-a\u0300-Saint-Maximin.jpg 1600w, https:\/\/www.creilsudoise-tourisme.fr\/wp-content\/uploads\/2021\/04\/Un-stage-de-sculpture-sur-pierre-a\u0300-la-Maison-de-la-Pierre-a\u0300-Saint-Maximin-600x338.jpg 600w, https:\/\/www.creilsudoise-tourisme.fr\/wp-content\/uploads\/2021\/04\/Un-stage-de-sculpture-sur-pierre-a\u0300-la-Maison-de-la-Pierre-a\u0300-Saint-Maximin-1200x675.jpg 1200w, https:\/\/www.creilsudoise-tourisme.fr\/wp-content\/uploads\/2021\/04\/Un-stage-de-sculpture-sur-pierre-a\u0300-la-Maison-de-la-Pierre-a\u0300-Saint-Maximin-900x506.jpg 900w, https:\/\/www.creilsudoise-tourisme.fr\/wp-content\/uploads\/2021\/04\/Un-stage-de-sculpture-sur-pierre-a\u0300-la-Maison-de-la-Pierre-a\u0300-Saint-Maximin-1536x864.jpg 1536w, https:\/\/www.creilsudoise-tourisme.fr\/wp-content\/uploads\/2021\/04\/Un-stage-de-sculpture-sur-pierre-a\u0300-la-Maison-de-la-Pierre-a\u0300-Saint-Maximin-200x113.jpg 200w, https:\/\/www.creilsudoise-tourisme.fr\/wp-content\/uploads\/2021\/04\/Un-stage-de-sculpture-sur-pierre-a\u0300-la-Maison-de-la-Pierre-a\u0300-Saint-Maximin-650x366.jpg 650w, https:\/\/www.creilsudoise-tourisme.fr\/wp-content\/uploads\/2021\/04\/Un-stage-de-sculpture-sur-pierre-a\u0300-la-Maison-de-la-Pierre-a\u0300-Saint-Maximin-387x218.jpg 387w, https:\/\/www.creilsudoise-tourisme.fr\/wp-content\/uploads\/2021\/04\/Un-stage-de-sculpture-sur-pierre-a\u0300-la-Maison-de-la-Pierre-a\u0300-Saint-Maximin-275x155.jpg 275w\" sizes=\"(max-width: 1600px) 100vw, 1600px\" \/><\/a><figcaption class=\"wp-element-caption\">Entdecken Sie die Freude an der Steinbildhauerei bei einem Workshop im Maison de la Pierre!<br>Creil Sud Oise Tourisme<\/figcaption><\/figure>\n\n\n\n<figure class=\"wp-block-image size-full\"><a href=\"https:\/\/www.creilsudoise-tourisme.fr\/wp-content\/uploads\/2021\/04\/Un-stage-de-vitrail-a\u0300-la-Maison-de-la-Pierre-a\u0300-Saint-Maximin.jpg.jpg\"><img decoding=\"async\" loading=\"lazy\" width=\"1600\" height=\"900\" data-id=\"33128\"  data-src=\"https:\/\/www.creilsudoise-tourisme.fr\/wp-content\/uploads\/2021\/04\/Un-stage-de-vitrail-a\u0300-la-Maison-de-la-Pierre-a\u0300-Saint-Maximin.jpg.jpg\" alt=\"\" class=\"wp-image-33128\" data-srcset=\"https:\/\/www.creilsudoise-tourisme.fr\/wp-content\/uploads\/2021\/04\/Un-stage-de-vitrail-a\u0300-la-Maison-de-la-Pierre-a\u0300-Saint-Maximin.jpg.jpg 1600w, https:\/\/www.creilsudoise-tourisme.fr\/wp-content\/uploads\/2021\/04\/Un-stage-de-vitrail-a\u0300-la-Maison-de-la-Pierre-a\u0300-Saint-Maximin.jpg-600x338.jpg 600w, https:\/\/www.creilsudoise-tourisme.fr\/wp-content\/uploads\/2021\/04\/Un-stage-de-vitrail-a\u0300-la-Maison-de-la-Pierre-a\u0300-Saint-Maximin.jpg-1200x675.jpg 1200w, https:\/\/www.creilsudoise-tourisme.fr\/wp-content\/uploads\/2021\/04\/Un-stage-de-vitrail-a\u0300-la-Maison-de-la-Pierre-a\u0300-Saint-Maximin.jpg-900x506.jpg 900w, https:\/\/www.creilsudoise-tourisme.fr\/wp-content\/uploads\/2021\/04\/Un-stage-de-vitrail-a\u0300-la-Maison-de-la-Pierre-a\u0300-Saint-Maximin.jpg-1536x864.jpg 1536w, https:\/\/www.creilsudoise-tourisme.fr\/wp-content\/uploads\/2021\/04\/Un-stage-de-vitrail-a\u0300-la-Maison-de-la-Pierre-a\u0300-Saint-Maximin.jpg-200x113.jpg 200w, https:\/\/www.creilsudoise-tourisme.fr\/wp-content\/uploads\/2021\/04\/Un-stage-de-vitrail-a\u0300-la-Maison-de-la-Pierre-a\u0300-Saint-Maximin.jpg-650x366.jpg 650w, https:\/\/www.creilsudoise-tourisme.fr\/wp-content\/uploads\/2021\/04\/Un-stage-de-vitrail-a\u0300-la-Maison-de-la-Pierre-a\u0300-Saint-Maximin.jpg-387x218.jpg 387w, https:\/\/www.creilsudoise-tourisme.fr\/wp-content\/uploads\/2021\/04\/Un-stage-de-vitrail-a\u0300-la-Maison-de-la-Pierre-a\u0300-Saint-Maximin.jpg-275x155.jpg 275w\" sizes=\"(max-width: 1600px) 100vw, 1600px\" \/><\/a><figcaption class=\"wp-element-caption\">Begleitet von einem professionellen Glasermeister lernen Sie, wie man Glasmalereien herstellt.<br>Creil Sud Oise Tourisme<\/figcaption><\/figure>\n<\/figure>\n\n\n\n<h2>Ein Souvenirladen<\/h2>\n\n\n\n<div class=\"is-layout-flex wp-container-10 wp-block-columns\">\n<div class=\"is-layout-flow wp-block-column\" style=\"flex-basis:50%\">\n<p>F\u00fcr diejenigen, die die Erfahrung fortsetzen m\u00f6chten, besuchen Sie die <strong>boutique de la Maison de la Pierre<\/strong> : Hier findet man ein Skulpturenkit, mit dem jeder Anf\u00e4nger seine eigene Skulptur herstellen kann, und viele originelle Souvenirs (B\u00fccher, Schmuck aus Mineralien, Fossilien ...).<\/p>\n<\/div>\n\n\n\n<div class=\"is-layout-flow wp-block-column\" style=\"flex-basis:50%\">\n<figure class=\"wp-block-image size-large\"><img decoding=\"async\" loading=\"lazy\" width=\"1200\" height=\"675\" data-src=\"https:\/\/www.creilsudoise-tourisme.fr\/wp-content\/uploads\/2021\/04\/Boutique-a\u0300-la-Maison-de-la-Pierre-a\u0300-Saint-Maximin-1200x675.jpg\" alt=\"\" class=\"wp-image-33129\" data-srcset=\"https:\/\/www.creilsudoise-tourisme.fr\/wp-content\/uploads\/2021\/04\/Boutique-a\u0300-la-Maison-de-la-Pierre-a\u0300-Saint-Maximin-1200x675.jpg 1200w, https:\/\/www.creilsudoise-tourisme.fr\/wp-content\/uploads\/2021\/04\/Boutique-a\u0300-la-Maison-de-la-Pierre-a\u0300-Saint-Maximin-600x338.jpg 600w, https:\/\/www.creilsudoise-tourisme.fr\/wp-content\/uploads\/2021\/04\/Boutique-a\u0300-la-Maison-de-la-Pierre-a\u0300-Saint-Maximin-900x506.jpg 900w, https:\/\/www.creilsudoise-tourisme.fr\/wp-content\/uploads\/2021\/04\/Boutique-a\u0300-la-Maison-de-la-Pierre-a\u0300-Saint-Maximin-1536x864.jpg 1536w, https:\/\/www.creilsudoise-tourisme.fr\/wp-content\/uploads\/2021\/04\/Boutique-a\u0300-la-Maison-de-la-Pierre-a\u0300-Saint-Maximin-200x113.jpg 200w, https:\/\/www.creilsudoise-tourisme.fr\/wp-content\/uploads\/2021\/04\/Boutique-a\u0300-la-Maison-de-la-Pierre-a\u0300-Saint-Maximin-650x366.jpg 650w, https:\/\/www.creilsudoise-tourisme.fr\/wp-content\/uploads\/2021\/04\/Boutique-a\u0300-la-Maison-de-la-Pierre-a\u0300-Saint-Maximin-387x218.jpg 387w, https:\/\/www.creilsudoise-tourisme.fr\/wp-content\/uploads\/2021\/04\/Boutique-a\u0300-la-Maison-de-la-Pierre-a\u0300-Saint-Maximin-275x155.jpg 275w, https:\/\/www.creilsudoise-tourisme.fr\/wp-content\/uploads\/2021\/04\/Boutique-a\u0300-la-Maison-de-la-Pierre-a\u0300-Saint-Maximin.jpg 1600w\" sizes=\"(max-width: 1200px) 100vw, 1200px\" \/><figcaption class=\"wp-element-caption\">In der Boutique des Maison de la Pierre k\u00f6nnen Sie einkaufen.<br>Creil Sud Oise Tourisme<\/figcaption><\/figure>\n<\/div>\n<\/div>\n\n\n\n<h2>Vervollst\u00e4ndigen Sie Ihren Tag<\/h2>\n\n\n\n<p>Um Ihren Tag zu vervollst\u00e4ndigen, sehen Sie sich unseren <a href=\"https:\/\/www.creilsudoise-tourisme.fr\/de\/en-groupe-seminaires\/brochure-groupes\/\" target=\"_blank\" rel=\"noreferrer noopener\">Gruppenbrosch\u00fcre<\/a> !&nbsp;<\/p>\n\n\n\n<p>Sie entdecken gerne den <strong>franz\u00f6sisches Kulturerbe <\/strong>? Setzen Sie den Tag fort mit einem Besuch<strong> die Abtei Royaumont in Asni\u00e8res-sur-Oise<\/strong> (RDV S. 8 F\u00fcr Liebhaber alter Steine). Sie k\u00f6nnen das Maison de la Pierre auch bei einem <strong>Aufenthalt von 2 Tagen und 1 Nacht <\/strong>in einem Hotel der Destination Creil Sud Oise, RDV S. 22 und 23 Zwei Tage, um Creil Sud Oise zu entdecken sowie S. 24 und 25 Die unumg\u00e4nglichen Sehensw\u00fcrdigkeiten im S\u00fcden der Oise.<\/p>\n\n\n\n<h2>Kontaktieren Sie uns!<\/h2>\n\n\n\n<div class=\"is-layout-flex wp-container-14 wp-block-columns are-vertically-aligned-center\">\n<div class=\"is-layout-flow wp-block-column is-vertically-aligned-center\" style=\"flex-basis:50%\"><div class=\"wp-block-image\">\n<figure class=\"alignleft size-large\"><img decoding=\"async\" loading=\"lazy\" width=\"1200\" height=\"1200\" data-src=\"https:\/\/www.creilsudoise-tourisme.fr\/wp-content\/uploads\/2025\/05\/Brigitte-P-1200x1200.jpg\" alt=\"\" class=\"wp-image-62291\" data-srcset=\"https:\/\/www.creilsudoise-tourisme.fr\/wp-content\/uploads\/2025\/05\/Brigitte-P-1200x1200.jpg 1200w, https:\/\/www.creilsudoise-tourisme.fr\/wp-content\/uploads\/2025\/05\/Brigitte-P-600x600.jpg 600w, https:\/\/www.creilsudoise-tourisme.fr\/wp-content\/uploads\/2025\/05\/Brigitte-P-300x300.jpg 300w, https:\/\/www.creilsudoise-tourisme.fr\/wp-content\/uploads\/2025\/05\/Brigitte-P-900x900.jpg 900w, https:\/\/www.creilsudoise-tourisme.fr\/wp-content\/uploads\/2025\/05\/Brigitte-P-1536x1536.jpg 1536w, https:\/\/www.creilsudoise-tourisme.fr\/wp-content\/uploads\/2025\/05\/Brigitte-P-12x12.jpg 12w, https:\/\/www.creilsudoise-tourisme.fr\/wp-content\/uploads\/2025\/05\/Brigitte-P-200x200.jpg 200w, https:\/\/www.creilsudoise-tourisme.fr\/wp-content\/uploads\/2025\/05\/Brigitte-P-650x650.jpg 650w, https:\/\/www.creilsudoise-tourisme.fr\/wp-content\/uploads\/2025\/05\/Brigitte-P-387x387.jpg 387w, https:\/\/www.creilsudoise-tourisme.fr\/wp-content\/uploads\/2025\/05\/Brigitte-P.jpg 1920w\" sizes=\"(max-width: 1200px) 100vw, 1200px\" \/><figcaption class=\"wp-element-caption\">Brigitte Pawly<\/figcaption><\/figure><\/div><\/div>\n\n\n\n<div class=\"is-layout-flow wp-block-column is-vertically-aligned-center\" style=\"flex-basis:50%\"><div class=\"wp-block wp-block-highlight\">\n                <p class=\"wp-block-highlight-item wp-block-highlight-excerpt\"><strong>Brigitte Pawly, <\/strong>Sch\u00f6pferin von ma\u00dfgeschneiderten Gruppenaufenthalten<br><a href=\"tel:0375190175\">03 75 19 01 75<\/a><br><\/p>\n    <\/div>\n\n\n<div class=\"is-layout-flex wp-block-buttons\">\n<div class=\"wp-block-button\"><a class=\"wp-block-button__link wp-element-button\" href=\"mailto:&#103;&#114;ou&#112;e&#115;&#64;&#99;r&#101;&#105;l&#115;&#117;&#100;&#111;&#105;&#115;e&#45;&#116;&#111;&#117;&#114;i&#115;m&#101;.fr\" target=\"_blank\" rel=\"noreferrer noopener\">Kontaktieren Sie<\/a><\/div>\n<\/div>\n<\/div>\n<\/div>\n\n\n\n<p>Z\u00f6gern Sie nicht, sich an <strong>Brigitte<\/strong>,<strong> Gebietsexpertin<\/strong>Sie wird Ihnen gute Ratschl\u00e4ge geben. <strong>tipps <\/strong>nach Ihren W\u00fcnschen und Ihrem Budget f\u00fcr eine <strong>v\u00f6llig individuelles Programm<\/strong>. Eine <strong>einziger Ansprechpartner<\/strong> f\u00fcr ein \"All-Inclusive\"-Angebot<\/p>\n\n\n\n<hr class=\"wp-block-separator has-css-opacity\"\/>\n\n\n\n<h2>Erfahrungsbericht<\/h2>\n\n\n\n<div class=\"wp-block wp-block-testimonial\">\n    <div class=\"wp-block-testimonial-excerpt\">\n        Das Maison de la Pierre in Saint-Maximin war eine tolle Entdeckung, die mir w\u00e4rmstens empfohlen worden war! Unsere F\u00fchrerin beherrschte ihr Thema perfekt und war sehr zuvorkommend zu uns, wir bekamen eine Decke, damit wir nicht frieren mussten!    <\/div>\n    <div class=\"wp-block-testimonial-details\">\n                <div class=\"wp-block-testimonial-content\">\n            <p class=\"wp-block-testimonial-content-author\">\n                <strong>Frau Lupins<\/strong>\n\n                                <span class=\"wp-block-testimonial-content-job\"> - Betriebsrat in Val d'Oise<\/span>\n                            <\/p>\n        <\/div>\n    <\/div>\n<\/div>\n\n\n<h2>Eine anerkannte Qualit\u00e4t der Gastfreundschaft<\/h2>\n\n\n\n<p>Das Maison de la Pierre erhielt das Label <strong>Qualit\u00e4t des Tourismus<\/strong> f\u00fcr sein Engagement f\u00fcr die Besucher, seine Leistungen und seinen hochwertigen Empfang.<\/p>\n\n\n\n<p>Das Maison de la Pierre ist klassifiziert <strong>Tourisme &amp; Handicap f\u00fcr motorische, auditive und geistige Behinderungen<\/strong>. Die Fremdenf\u00fchrer sind im Umgang mit Menschen mit Behinderungen geschult und der Rundgang ist angepasst.<\/p>\n\n\n\n<div class=\"is-layout-flex wp-container-19 wp-block-columns\">\n<div class=\"is-layout-flow wp-block-column\" style=\"flex-basis:100%\">\n<div class=\"is-layout-flex wp-container-17 wp-block-columns\">\n<div class=\"is-layout-flow wp-block-column\"><div class=\"wp-block-image\">\n<figure class=\"alignright size-large is-resized\"><img decoding=\"async\" loading=\"lazy\" data-src=\"https:\/\/www.creilsudoise-tourisme.fr\/wp-content\/uploads\/2021\/04\/Logo_qualite\u0301-tourisme-1.jpg\" alt=\"\" class=\"wp-image-33137\" width=\"198\" height=\"180\" data-srcset=\"https:\/\/www.creilsudoise-tourisme.fr\/wp-content\/uploads\/2021\/04\/Logo_qualite\u0301-tourisme-1.jpg 791w, https:\/\/www.creilsudoise-tourisme.fr\/wp-content\/uploads\/2021\/04\/Logo_qualite\u0301-tourisme-1-600x545.jpg 600w, https:\/\/www.creilsudoise-tourisme.fr\/wp-content\/uploads\/2021\/04\/Logo_qualite\u0301-tourisme-1-200x182.jpg 200w, https:\/\/www.creilsudoise-tourisme.fr\/wp-content\/uploads\/2021\/04\/Logo_qualite\u0301-tourisme-1-650x591.jpg 650w, https:\/\/www.creilsudoise-tourisme.fr\/wp-content\/uploads\/2021\/04\/Logo_qualite\u0301-tourisme-1-387x352.jpg 387w, https:\/\/www.creilsudoise-tourisme.fr\/wp-content\/uploads\/2021\/04\/Logo_qualite\u0301-tourisme-1-275x250.jpg 275w\" sizes=\"(max-width: 198px) 100vw, 198px\" \/><\/figure><\/div><\/div>\n\n\n\n<div class=\"is-layout-flow wp-block-column\">\n<figure class=\"wp-block-image size-large is-resized\"><img decoding=\"async\" loading=\"lazy\" data-src=\"https:\/\/www.creilsudoise-tourisme.fr\/wp-content\/uploads\/2021\/04\/Logo_Tourisme_Handicap_mental_moteur_auditif-bleu-1.jpg\" alt=\"\" class=\"wp-image-33139\" width=\"219\" height=\"155\" data-srcset=\"https:\/\/www.creilsudoise-tourisme.fr\/wp-content\/uploads\/2021\/04\/Logo_Tourisme_Handicap_mental_moteur_auditif-bleu-1.jpg 876w, https:\/\/www.creilsudoise-tourisme.fr\/wp-content\/uploads\/2021\/04\/Logo_Tourisme_Handicap_mental_moteur_auditif-bleu-1-600x424.jpg 600w, https:\/\/www.creilsudoise-tourisme.fr\/wp-content\/uploads\/2021\/04\/Logo_Tourisme_Handicap_mental_moteur_auditif-bleu-1-200x141.jpg 200w, https:\/\/www.creilsudoise-tourisme.fr\/wp-content\/uploads\/2021\/04\/Logo_Tourisme_Handicap_mental_moteur_auditif-bleu-1-650x459.jpg 650w, https:\/\/www.creilsudoise-tourisme.fr\/wp-content\/uploads\/2021\/04\/Logo_Tourisme_Handicap_mental_moteur_auditif-bleu-1-387x273.jpg 387w, https:\/\/www.creilsudoise-tourisme.fr\/wp-content\/uploads\/2021\/04\/Logo_Tourisme_Handicap_mental_moteur_auditif-bleu-1-275x194.jpg 275w\" sizes=\"(max-width: 219px) 100vw, 219px\" \/><\/figure>\n<\/div>\n<\/div>\n<\/div>\n<\/div>\n\n\n\n<h2>Gut zu wissen<\/h2>\n\n\n\n<p>Ein Tipp: Sommer wie Winter, <strong>ziehen Sie sich warm an<\/strong>In der unterirdischen Grube herrscht eine konstante Umgebungstemperatur von 11\u00b0C!&nbsp;<\/p>\n\n\n\n<p><strong>Ziehen Sie geschlossene Schuhe an<\/strong> : Auch wenn der Boden eben ist, bleibt er unbefestigt und kleine Kalksteinchen k\u00f6nnen Sie bel\u00e4stigen!<\/p>","protected":false},"excerpt":{"rendered":"<p>In der N\u00e4he von Chantilly und Senlis befindet sich das Maison de la Pierre, ein Museum, das sich unter der Erde in einem ehemaligen Steinbruch befindet! Es ist einer der seltenen Erinnerungsorte an das Leben der Steinbrucharbeiter in Nordfrankreich und w\u00fcrdigt die DNA der Destination Creil Sud Oise: die [...].<\/p>","protected":false},"author":1,"featured_media":32347,"parent":102,"menu_order":1,"comment_status":"closed","ping_status":"closed","template":"","meta":{"_relevanssi_hide_post":"","_relevanssi_hide_content":"","_relevanssi_pin_for_all":"","_relevanssi_pin_keywords":"","_relevanssi_unpin_keywords":"","_relevanssi_related_keywords":"","_relevanssi_related_include_ids":"","_relevanssi_related_exclude_ids":"","_relevanssi_related_no_append":"","_relevanssi_related_not_related":"","_relevanssi_related_posts":"275,267,273,271","_relevanssi_noindex_reason":""},"yoast_head":"<!-- This site is optimized with the Yoast SEO plugin v20.2.1 - https:\/\/yoast.com\/wordpress\/plugins\/seo\/ -->\n<title>La Maison de la Pierre, un mus\u00e9e dans une carri\u00e8re souterraine - Office de Tourisme Creil Sud Oise<\/title>\n<meta name=\"description\" content=\"La Maison de la Pierre organise pour les groupes des visites guid\u00e9es et th\u00e9matiques de la carri\u00e8re souterraine et des initiations \u00e0 la sculpture sur pierre ou vitrail\" \/>\n<meta name=\"robots\" content=\"index, follow, max-snippet:-1, max-image-preview:large, max-video-preview:-1\" \/>\n<link rel=\"canonical\" href=\"https:\/\/www.creilsudoise-tourisme.fr\/de\/erforschen-gruppen\/unumganglich-gruppen\/steinhaus-2\/\" \/>\n<meta property=\"og:locale\" content=\"de_DE\" \/>\n<meta property=\"og:type\" content=\"article\" \/>\n<meta property=\"og:title\" content=\"La Maison de la Pierre, un mus\u00e9e dans une carri\u00e8re souterraine - Office de Tourisme Creil Sud Oise\" \/>\n<meta property=\"og:description\" content=\"La Maison de la Pierre organise pour les groupes des visites guid\u00e9es et th\u00e9matiques de la carri\u00e8re souterraine et des initiations \u00e0 la sculpture sur pierre ou vitrail\" \/>\n<meta property=\"og:url\" content=\"https:\/\/www.creilsudoise-tourisme.fr\/de\/erforschen-gruppen\/unumganglich-gruppen\/steinhaus-2\/\" \/>\n<meta property=\"og:site_name\" content=\"Office de Tourisme Creil Sud Oise\" \/>\n<meta property=\"article:publisher\" content=\"https:\/\/www.facebook.com\/creilsudoisetourisme\/\" \/>\n<meta property=\"article:modified_time\" content=\"2025-05-16T08:57:40+00:00\" \/>\n<meta property=\"og:image\" content=\"https:\/\/www.creilsudoise-tourisme.fr\/wp-content\/uploads\/2021\/03\/Visite-a\u0300-la-Maison-de-la-Pierre-a\u0300-Saint-Maximin.jpg\" \/>\n\t<meta property=\"og:image:width\" content=\"1600\" \/>\n\t<meta property=\"og:image:height\" content=\"1064\" \/>\n\t<meta property=\"og:image:type\" content=\"image\/jpeg\" \/>\n<meta name=\"twitter:card\" content=\"summary_large_image\" \/>\n<meta name=\"twitter:site\" content=\"@CreilSudOiseOT\" \/>\n<meta name=\"twitter:label1\" content=\"Gesch\u00e4tzte Lesezeit\" \/>\n\t<meta name=\"twitter:data1\" content=\"6\u00a0Minuten\" \/>\n<script type=\"application\/ld+json\" class=\"yoast-schema-graph\">{\"@context\":\"https:\/\/schema.org\",\"@graph\":[{\"@type\":\"WebPage\",\"@id\":\"https:\/\/www.creilsudoise-tourisme.fr\/explorez-groupes\/incontournables-groupes\/maison-de-la-pierre\/\",\"url\":\"https:\/\/www.creilsudoise-tourisme.fr\/explorez-groupes\/incontournables-groupes\/maison-de-la-pierre\/\",\"name\":\"La Maison de la Pierre, un mus\u00e9e dans une carri\u00e8re souterraine - Office de Tourisme Creil Sud Oise\",\"isPartOf\":{\"@id\":\"https:\/\/www.creilsudoise-tourisme.fr\/#website\"},\"datePublished\":\"2021-02-17T09:02:06+00:00\",\"dateModified\":\"2025-05-16T08:57:40+00:00\",\"description\":\"La Maison de la Pierre organise pour les groupes des visites guid\u00e9es et th\u00e9matiques de la carri\u00e8re souterraine et des initiations \u00e0 la sculpture sur pierre ou vitrail\",\"breadcrumb\":{\"@id\":\"https:\/\/www.creilsudoise-tourisme.fr\/explorez-groupes\/incontournables-groupes\/maison-de-la-pierre\/#breadcrumb\"},\"inLanguage\":\"de\",\"potentialAction\":[{\"@type\":\"ReadAction\",\"target\":[\"https:\/\/www.creilsudoise-tourisme.fr\/explorez-groupes\/incontournables-groupes\/maison-de-la-pierre\/\"]}]},{\"@type\":\"BreadcrumbList\",\"@id\":\"https:\/\/www.creilsudoise-tourisme.fr\/explorez-groupes\/incontournables-groupes\/maison-de-la-pierre\/#breadcrumb\",\"itemListElement\":[{\"@type\":\"ListItem\",\"position\":1,\"name\":\"Accueil\",\"item\":\"https:\/\/www.creilsudoise-tourisme.fr\/\"},{\"@type\":\"ListItem\",\"position\":2,\"name\":\"En groupe &amp; S\u00e9minaires\",\"item\":\"https:\/\/www.creilsudoise-tourisme.fr\/explorez-groupes\/\"},{\"@type\":\"ListItem\",\"position\":3,\"name\":\"Les incontournables \u00e0 explorer en groupes\",\"item\":\"https:\/\/www.creilsudoise-tourisme.fr\/explorez-groupes\/incontournables-groupes\/\"},{\"@type\":\"ListItem\",\"position\":4,\"name\":\"La Maison de la Pierre\"}]},{\"@type\":\"WebSite\",\"@id\":\"https:\/\/www.creilsudoise-tourisme.fr\/#website\",\"url\":\"https:\/\/www.creilsudoise-tourisme.fr\/\",\"name\":\"Office de Tourisme Creil Sud Oise\",\"description\":\"Creil Sud Oise Tourisme, un territoire \u00e0 explorer !\",\"publisher\":{\"@id\":\"https:\/\/www.creilsudoise-tourisme.fr\/#organization\"},\"potentialAction\":[{\"@type\":\"SearchAction\",\"target\":{\"@type\":\"EntryPoint\",\"urlTemplate\":\"https:\/\/www.creilsudoise-tourisme.fr\/?s={search_term_string}\"},\"query-input\":\"required name=search_term_string\"}],\"inLanguage\":\"de\"},{\"@type\":\"Organization\",\"@id\":\"https:\/\/www.creilsudoise-tourisme.fr\/#organization\",\"name\":\"Creil Sud Oise Tourisme\",\"url\":\"https:\/\/www.creilsudoise-tourisme.fr\/\",\"logo\":{\"@type\":\"ImageObject\",\"inLanguage\":\"de\",\"@id\":\"https:\/\/www.creilsudoise-tourisme.fr\/#\/schema\/logo\/image\/\",\"url\":\"https:\/\/www.creilsudoise-tourisme.fr\/wp-content\/uploads\/2021\/05\/logo-svg.png\",\"contentUrl\":\"https:\/\/www.creilsudoise-tourisme.fr\/wp-content\/uploads\/2021\/05\/logo-svg.png\",\"width\":182,\"height\":71,\"caption\":\"Creil Sud Oise Tourisme\"},\"image\":{\"@id\":\"https:\/\/www.creilsudoise-tourisme.fr\/#\/schema\/logo\/image\/\"},\"sameAs\":[\"https:\/\/www.facebook.com\/creilsudoisetourisme\/\",\"https:\/\/twitter.com\/CreilSudOiseOT\",\"https:\/\/www.instagram.com\/creilsudoisetourisme\/\",\"https:\/\/www.youtube.com\/channel\/UC8L_QD2wwyADW14zt9fY8kw\"]}]}<\/script>\n<!-- \/ Yoast SEO plugin. -->","yoast_head_json":{"title":"La Maison de la Pierre, un mus\u00e9e dans une carri\u00e8re souterraine - Office de Tourisme Creil Sud Oise","description":"La Maison de la Pierre organise pour les groupes des visites guid\u00e9es et th\u00e9matiques de la carri\u00e8re souterraine et des initiations \u00e0 la sculpture sur pierre ou vitrail","robots":{"index":"index","follow":"follow","max-snippet":"max-snippet:-1","max-image-preview":"max-image-preview:large","max-video-preview":"max-video-preview:-1"},"canonical":"https:\/\/www.creilsudoise-tourisme.fr\/de\/erforschen-gruppen\/unumganglich-gruppen\/steinhaus-2\/","og_locale":"de_DE","og_type":"article","og_title":"La Maison de la Pierre, un mus\u00e9e dans une carri\u00e8re souterraine - Office de Tourisme Creil Sud Oise","og_description":"La Maison de la Pierre organise pour les groupes des visites guid\u00e9es et th\u00e9matiques de la carri\u00e8re souterraine et des initiations \u00e0 la sculpture sur pierre ou vitrail","og_url":"https:\/\/www.creilsudoise-tourisme.fr\/de\/erforschen-gruppen\/unumganglich-gruppen\/steinhaus-2\/","og_site_name":"Office de Tourisme Creil Sud Oise","article_publisher":"https:\/\/www.facebook.com\/creilsudoisetourisme\/","article_modified_time":"2025-05-16T08:57:40+00:00","og_image":[{"width":1600,"height":1064,"url":"https:\/\/www.creilsudoise-tourisme.fr\/wp-content\/uploads\/2021\/03\/Visite-a\u0300-la-Maison-de-la-Pierre-a\u0300-Saint-Maximin.jpg","type":"image\/jpeg"}],"twitter_card":"summary_large_image","twitter_site":"@CreilSudOiseOT","twitter_misc":{"Gesch\u00e4tzte Lesezeit":"6\u00a0Minuten"},"schema":{"@context":"https:\/\/schema.org","@graph":[{"@type":"WebPage","@id":"https:\/\/www.creilsudoise-tourisme.fr\/explorez-groupes\/incontournables-groupes\/maison-de-la-pierre\/","url":"https:\/\/www.creilsudoise-tourisme.fr\/explorez-groupes\/incontournables-groupes\/maison-de-la-pierre\/","name":"La Maison de la Pierre, un mus\u00e9e dans une carri\u00e8re souterraine - Office de Tourisme Creil Sud Oise","isPartOf":{"@id":"https:\/\/www.creilsudoise-tourisme.fr\/#website"},"datePublished":"2021-02-17T09:02:06+00:00","dateModified":"2025-05-16T08:57:40+00:00","description":"La Maison de la Pierre organise pour les groupes des visites guid\u00e9es et th\u00e9matiques de la carri\u00e8re souterraine et des initiations \u00e0 la sculpture sur pierre ou vitrail","breadcrumb":{"@id":"https:\/\/www.creilsudoise-tourisme.fr\/explorez-groupes\/incontournables-groupes\/maison-de-la-pierre\/#breadcrumb"},"inLanguage":"de","potentialAction":[{"@type":"ReadAction","target":["https:\/\/www.creilsudoise-tourisme.fr\/explorez-groupes\/incontournables-groupes\/maison-de-la-pierre\/"]}]},{"@type":"BreadcrumbList","@id":"https:\/\/www.creilsudoise-tourisme.fr\/explorez-groupes\/incontournables-groupes\/maison-de-la-pierre\/#breadcrumb","itemListElement":[{"@type":"ListItem","position":1,"name":"Accueil","item":"https:\/\/www.creilsudoise-tourisme.fr\/"},{"@type":"ListItem","position":2,"name":"En groupe &amp; S\u00e9minaires","item":"https:\/\/www.creilsudoise-tourisme.fr\/explorez-groupes\/"},{"@type":"ListItem","position":3,"name":"Les incontournables \u00e0 explorer en groupes","item":"https:\/\/www.creilsudoise-tourisme.fr\/explorez-groupes\/incontournables-groupes\/"},{"@type":"ListItem","position":4,"name":"La Maison de la Pierre"}]},{"@type":"WebSite","@id":"https:\/\/www.creilsudoise-tourisme.fr\/#website","url":"https:\/\/www.creilsudoise-tourisme.fr\/","name":"Office de Tourisme Creil Sud Oise","description":"Creil Sud Oise Tourisme, un territoire \u00e0 explorer !","publisher":{"@id":"https:\/\/www.creilsudoise-tourisme.fr\/#organization"},"potentialAction":[{"@type":"SearchAction","target":{"@type":"EntryPoint","urlTemplate":"https:\/\/www.creilsudoise-tourisme.fr\/?s={search_term_string}"},"query-input":"required name=search_term_string"}],"inLanguage":"de"},{"@type":"Organization","@id":"https:\/\/www.creilsudoise-tourisme.fr\/#organization","name":"Creil Sud Oise Tourisme","url":"https:\/\/www.creilsudoise-tourisme.fr\/","logo":{"@type":"ImageObject","inLanguage":"de","@id":"https:\/\/www.creilsudoise-tourisme.fr\/#\/schema\/logo\/image\/","url":"https:\/\/www.creilsudoise-tourisme.fr\/wp-content\/uploads\/2021\/05\/logo-svg.png","contentUrl":"https:\/\/www.creilsudoise-tourisme.fr\/wp-content\/uploads\/2021\/05\/logo-svg.png","width":182,"height":71,"caption":"Creil Sud Oise Tourisme"},"image":{"@id":"https:\/\/www.creilsudoise-tourisme.fr\/#\/schema\/logo\/image\/"},"sameAs":["https:\/\/www.facebook.com\/creilsudoisetourisme\/","https:\/\/twitter.com\/CreilSudOiseOT","https:\/\/www.instagram.com\/creilsudoisetourisme\/","https:\/\/www.youtube.com\/channel\/UC8L_QD2wwyADW14zt9fY8kw"]}]}},"_links":{"self":[{"href":"https:\/\/www.creilsudoise-tourisme.fr\/de\/wp-json\/wp\/v2\/pages\/106"}],"collection":[{"href":"https:\/\/www.creilsudoise-tourisme.fr\/de\/wp-json\/wp\/v2\/pages"}],"about":[{"href":"https:\/\/www.creilsudoise-tourisme.fr\/de\/wp-json\/wp\/v2\/types\/page"}],"author":[{"embeddable":true,"href":"https:\/\/www.creilsudoise-tourisme.fr\/de\/wp-json\/wp\/v2\/users\/1"}],"replies":[{"embeddable":true,"href":"https:\/\/www.creilsudoise-tourisme.fr\/de\/wp-json\/wp\/v2\/comments?post=106"}],"version-history":[{"count":22,"href":"https:\/\/www.creilsudoise-tourisme.fr\/de\/wp-json\/wp\/v2\/pages\/106\/revisions"}],"predecessor-version":[{"id":62302,"href":"https:\/\/www.creilsudoise-tourisme.fr\/de\/wp-json\/wp\/v2\/pages\/106\/revisions\/62302"}],"up":[{"embeddable":true,"href":"https:\/\/www.creilsudoise-tourisme.fr\/de\/wp-json\/wp\/v2\/pages\/102"}],"wp:featuredmedia":[{"embeddable":true,"href":"https:\/\/www.creilsudoise-tourisme.fr\/de\/wp-json\/wp\/v2\/media\/32347"}],"wp:attachment":[{"href":"https:\/\/www.creilsudoise-tourisme.fr\/de\/wp-json\/wp\/v2\/media?parent=106"}],"curies":[{"name":"wp","href":"https:\/\/api.w.org\/{rel}","templated":true}]}}